{"id":38777,"date":"2020-01-08T13:57:58","date_gmt":"2020-01-08T12:57:58","guid":{"rendered":"https:\/\/sha.de\/carrera-profesional\/sha-como-empleador"},"modified":"2024-08-28T15:02:11","modified_gmt":"2024-08-28T13:02:11","slug":"sha-como-empleador","status":"publish","type":"page","link":"https:\/\/sha-luzern.ch\/es\/carrera-profesional\/sha-como-empleador","title":{"rendered":"SHA como empleador"},"content":{"rendered":"<div id='av_section_1' class='avia-section main_color pt-default pb-default avia-no-border-styling avia-bg-style-scroll  avia-builder-el-0  el_before_av_section  avia-builder-el-first   container_wrap fullsize' style=' '  ><div class='container' ><main  role=\"main\" itemprop=\"mainContentOfPage\"  class='template-page content  av-content-full alpha units'><div class='post-entry post-entry-type-page post-entry-38777'><div class='entry-content-wrapper clearfix'>\n\n\t\t\t<div id=\"av-k55bagx6\" class=\"headline-column flex_column av_one_full flex_column_div first \">\n\t\t\t\t<div class=\"headline-wrap is-outside align-left sub-bottom\">\n\t\t\t\t\t<h1 class=\"headline-content headline-primary\">Lo que le ofrecemos<\/h1>\n\t\t\t\t\t<h3 class=\"headline-content headline-secondary\">SHA como empleador<\/h3>\n\t\t\t\t<\/div>\n\t\t\t<\/div>\n<div class=\"flex_column av_one_third  flex_column_div av-zero-column-padding first bg-default border-bottom connected  img-left   avia-builder-el-2  el_after_pixel_sc_headline  el_before_av_one_third  w-1023-half \"><section  class='av_textblock_section av-k55baqys-574ab31680f910a237e7ede106711d9f '   itemscope=\"itemscope\" itemtype=\"https:\/\/schema.org\/CreativeWork\" ><div class='avia_textblock'  itemprop=\"text\" ><p>No s\u00f3lo somos una empresa familiar, tambi\u00e9n vivimos esta actitud. Y dar a nuestros colegas un viento de cola en todas las situaciones. Al fin y al cabo, una empresa s\u00f3lo es tan buena como sus empleados, que dominan cada d\u00eda las peque\u00f1as y grandes tareas cotidianas. Creamos un entorno en el que puede sentirse c\u00f3modo. El ambiente de trabajo adecuado surge entonces por s\u00ed solo.<\/p>\n<p>SHA permite modelos de tiempo de trabajo muy diferentes en funci\u00f3n de su situaci\u00f3n vital. Ya sean 40 o 26 horas, una semana de 4 d\u00edas o un despacho flexible en casa: juntos encontraremos soluciones para su idea de colaboraci\u00f3n y la nuestra. Y lo mismo ocurre si la guarder\u00eda se pone en huelga o su m\u00e9dico ofrece un horario de consulta limitado.<\/p>\n<\/div><\/section><\/div><div class=\"flex_column av_one_third  flex_column_div av-zero-column-padding  bg-default border-bottom   img-left   avia-builder-el-4  el_after_av_one_third  el_before_av_one_third  w-1023-half \"><section  class='av_textblock_section av-k55baqys-12-19bca22979aa7e5f2089d2cd2d783e2f '   itemscope=\"itemscope\" itemtype=\"https:\/\/schema.org\/CreativeWork\" ><div class='avia_textblock'  itemprop=\"text\" ><p>Si trabaja duro, deber\u00eda obtener algo de ello. Las horas extraordinarias requeridas se pagan equitativamente en el SHA o pueden tomarse como tiempo libre en lugar de trabajo mediante acuerdo. \u00bfC\u00f3mo gestiona sus proyectos? La transferencia interna de conocimientos es muy importante para nosotros.<\/p>\n<p>No damos lecciones, sino que dialogamos unos con otros. Tambi\u00e9n sobre los errores. Y siempre de forma constructiva y con una actitud abierta y justa. Las entrevistas peri\u00f3dicas de evaluaci\u00f3n y feedback ayudan a progresar a cada individuo y a la empresa. Tenemos jerarqu\u00edas planas, responsabilidades claras y ofrecemos buenas oportunidades de carrera.<\/p>\n<\/div><\/section><\/div><div class=\"flex_column av_one_third  flex_column_div av-zero-column-padding  bg-grey   img-left   avia-builder-el-6  el_after_av_one_third  avia-builder-el-last  w-1023-full w-1023-ctm \"><div class=\"factlist-wrap  avia-builder-el-7  avia-builder-el-no-sibling \"><h4><strong>De un vistazo<\/strong><\/h4><ul class=\"factlist\"><li class=\"factlist__entry av-1z1iu7\"><span class=\"\">Empresa familiar en su cuarta generaci\u00f3n<\/span><p class=\"factlist__entry-desc\"><\/p><\/li><li class=\"factlist__entry av-5u7drz\"><span class=\"\">Modelos de horario flexible<\/span><p class=\"factlist__entry-desc\"><\/p><\/li><li class=\"factlist__entry av-dyp2n\"><span class=\"\">Atenci\u00f3n sanitaria ocupacional<\/span><p class=\"factlist__entry-desc\"><\/p><\/li><li class=\"factlist__entry av-2a5opb\"><span class=\"\">Puestos de trabajo modernos en un edificio de oficinas innovador y siempre con el \u00faltimo software de planificaci\u00f3n<\/span><p class=\"factlist__entry-desc\"><\/p><\/li><li class=\"factlist__entry av-2i0lvz\"><span class=\"\">por FOCUS Business como <strong><a href=&quot;https:\/\/sha-luzern.ch\/es\/aktuelles\/distinguida-sha-como-mejor-empleador-para-medianas-empresas-2020&quot;>&quot;Mejor empleador para medianas empresas 2020&quot;<\/a><\/strong> y <strong>2021<\/strong> galardonada<\/span><p class=\"factlist__entry-desc\"><\/p><\/li><li class=\"factlist__entry av-3wkqkv\"><span class=\"\">Galardonado con el <strong><a href=&quot;https:\/\/sha-luzern.ch\/es\/aktuelles\/el-csa-recibe-el-premio-total-e-quality-a-la-igualdad-de-oportunidades&quot;>premio &quot;TOTAL E-QUALITY&quot; a la igualdad de oportunidades&quot;<\/a><\/strong><\/span><p class=\"factlist__entry-desc\"><\/p><\/li><li class=\"factlist__entry av-2wzg1b\"><span class=\"\">Miembro de la red <strong><a href=&quot;https:\/\/sha-luzern.ch\/es\/aktuelles\/sha-es-miembro-de-la-red-success-factor-family&quot;>&quot;Familia de factores de \u00e9xito&quot;<\/a><\/strong><\/span><p class=\"factlist__entry-desc\"><\/p><\/li><\/ul><\/div><\/div><\/div><\/div><\/main><!-- close content main element --><\/div><\/div><div id='av_section_2' class='avia-section main_color pt-default pb-default avia-no-border-styling avia-bg-style-scroll  avia-builder-el-8  el_after_av_section  el_before_av_section   container_wrap fullsize' style=' '  ><div class='container' ><div class='template-page content  av-content-full alpha units'><div class='post-entry post-entry-type-page post-entry-38777'><div class='entry-content-wrapper clearfix'>\n<div class=\"flex_column av_one_third  flex_column_div av-zero-column-padding first bg-default connected fill img-left   avia-builder-el-9  el_before_av_one_third  avia-builder-el-first  w-1023-full \" style=\"background-image: url(https:\/\/sha-luzern.ch\/wp-content\/uploads\/Firmenlauf_2019-4-1030x773.jpg); background-position: center center; background-repeat: no-repeat; background-size: cover; \"><\/div><div class=\"flex_column av_one_third  flex_column_div av-zero-column-padding  bg-default border-bottom connected  img-left   avia-builder-el-10  el_after_av_one_third  el_before_av_one_third  w-1023-half w-1023-ctm w-1023-reset w-1023-ml-off \"><section  class='av_textblock_section av-k55baqys-10-a2ecba450abd69539e4b0bf6b947d6cf '   itemscope=\"itemscope\" itemtype=\"https:\/\/schema.org\/CreativeWork\" ><div class='avia_textblock'  itemprop=\"text\" ><h3>Promoci\u00f3n de la salud en la vida laboral cotidiana<\/h3>\n<p>Por desgracia, a veces se descuida el movimiento en la vida cotidiana de la oficina. Estamos tomando contramedidas y haciendo algo en materia de prevenci\u00f3n: con nuestro propio grupo deportivo de empresa que se re\u00fane semanalmente para correr, coordinarse y entrenarse. Con puestos de trabajo flexibles de bipedestaci\u00f3n y accesorios inform\u00e1ticos ergon\u00f3micos. Participando en las carreras de empresa de Dortmund. Con la opci\u00f3n de alquilar una bicicleta el\u00e9ctrica para el trayecto al trabajo. \u00bfLe hace sudar? No hay problema. Hay duchas disponibles en el Phoenixwerk.<\/p>\n<p>Si hace deporte, necesitar\u00e1 provisiones. Y tambi\u00e9n la persona que trabaja en los planes del proyecto actual. Disponemos de agua y fruta fresca: \u00a1S\u00edrvase usted mismo!<\/p>\n<\/div><\/section><\/div><div class=\"flex_column av_one_third  flex_column_div av-zero-column-padding  bg-default border-bottom   img-left   avia-builder-el-12  el_after_av_one_third  avia-builder-el-last  w-1023-half w-1023-ctm w-1023-reset \"><p>\n<style type=\"text\/css\" data-created_by=\"avia_inline_auto\" id=\"style-css-av-27oy9b-2c68b9c521398cde06b76015e5a63e8f\">\n#top .hr.hr-invisible.av-27oy9b-2c68b9c521398cde06b76015e5a63e8f{\nheight:46px;\n}\n<\/style>\n<div  class='hr av-27oy9b-2c68b9c521398cde06b76015e5a63e8f hr-invisible  avia-builder-el-13  el_before_av_textblock  avia-builder-el-first '><span class='hr-inner '><span class=\"hr-inner-style\"><\/span><\/span><\/div><br \/>\n<section  class='av_textblock_section av-k55baqys-5-b022a28056e9df99715d9f85c6c8159e '   itemscope=\"itemscope\" itemtype=\"https:\/\/schema.org\/CreativeWork\" ><div class='avia_textblock'  itemprop=\"text\" ><p>Esta atenci\u00f3n sanitaria b\u00e1sica es algo natural para nosotros. A m\u00e1s tardar durante la pausa comunal para el almuerzo, cada uno es entonces responsable de s\u00ed mismo: \u00bf\u00bbCurrywurst con todo\u00bb o ensalada? Somos tolerantes&#8230;<\/p>\n<p>Tambi\u00e9n reforzamos el sentido de comunidad con las tradicionales fiestas de Navidad, divertidas fiestas de verano y excursiones especiales para todos los empleados. Y, por supuesto, en las competiciones diarias en el futbol\u00edn.<\/p>\n<p>En resumen: una plantilla satisfecha es importante para SHA.<\/p>\n<\/div><\/section><\/p><\/div>\n<\/p>\n<\/div><\/div><\/div><!-- close content main div --><\/div><\/div><div id='av_section_3' class='avia-section main_color pt-default pb-0 avia-no-border-styling avia-bg-style-scroll  avia-builder-el-15  el_after_av_section  el_before_av_hr   container_wrap fullsize' style=' '  ><div class='container' ><div class='template-page content  av-content-full alpha units'><div class='post-entry post-entry-type-page post-entry-38777'><div class='entry-content-wrapper clearfix'>\n<div class=\"flex_column av_one_fourth  flex_column_div av-zero-column-padding first bg-default   img-left   avia-builder-el-16  el_before_av_one_fourth  avia-builder-el-first  iframe-column \"><\/div><div class=\"flex_column av_one_fourth  flex_column_div av-zero-column-padding  bg-default   img-left   avia-builder-el-18  el_after_av_one_fourth  el_before_av_one_fourth  logo-column \"><div  class='avia-image-container  av-styling- av-hover-grow   avia-builder-el-19  avia-builder-el-no-sibling  avia-align-center'  itemprop=\"image\" itemscope=\"itemscope\" itemtype=\"https:\/\/schema.org\/ImageObject\"  ><div class='avia-image-container-inner'><div class='avia-image-overlay-wrap'><a href='https:\/\/sha-luzern.ch\/es\/aktuelles\/el-csa-recibe-el-premio-total-e-quality-a-la-igualdad-de-oportunidades' class='avia_image'  ><img class='avia_image ' src='https:\/\/sha-luzern.ch\/wp-content\/uploads\/Total-E-Quality-2.jpg' alt='' title='Total E-Quality'  itemprop=\"thumbnailUrl\"  \/><\/a><\/div><\/div><\/div><\/div><div class=\"flex_column av_one_fourth  flex_column_div av-zero-column-padding  bg-default   img-left   avia-builder-el-20  el_after_av_one_fourth  el_before_av_one_fourth  logo-column \"><div  class='avia-image-container  av-styling- av-hover-grow   avia-builder-el-21  avia-builder-el-no-sibling  avia-align-center'  itemprop=\"image\" itemscope=\"itemscope\" itemtype=\"https:\/\/schema.org\/ImageObject\"  ><div class='avia-image-container-inner'><div class='avia-image-overlay-wrap'><a href='https:\/\/sha-luzern.ch\/es\/aktuelles\/sha-familias-empresa-dortmund' class='avia_image'  ><img class='avia_image ' src='https:\/\/sha-luzern.ch\/wp-content\/uploads\/Famundo-2.jpg' alt='' title='Famundo'  itemprop=\"thumbnailUrl\"  \/><\/a><\/div><\/div><\/div><\/div><div class=\"flex_column av_one_fourth  flex_column_div av-zero-column-padding  bg-default   img-left   avia-builder-el-22  el_after_av_one_fourth  avia-builder-el-last  logo-column \"><div  class='avia-image-container  av-styling- av-hover-grow   avia-builder-el-23  avia-builder-el-no-sibling  avia-align-center'  itemprop=\"image\" itemscope=\"itemscope\" itemtype=\"https:\/\/schema.org\/ImageObject\"  ><div class='avia-image-container-inner'><div class='avia-image-overlay-wrap'><a href='https:\/\/sha-luzern.ch\/es\/aktuelles\/sha-es-miembro-de-la-red-success-factor-family' class='avia_image'  ><img class='avia_image ' src='https:\/\/sha-luzern.ch\/wp-content\/uploads\/Erfolgsfaktor-Familie-1.jpg' alt='' title='Erfolgsfaktor Familie'  itemprop=\"thumbnailUrl\"  \/><\/a><\/div><\/div><\/div><\/div>\n<\/div><\/div><\/div><!-- close content main div --><\/div><\/div><div id='after_section_3' class='main_color av_default_container_wrap container_wrap fullsize' style=' '  ><div class='container' ><div class='template-page content  av-content-full alpha units'><div class='post-entry post-entry-type-page post-entry-38777'><div class='entry-content-wrapper clearfix'>\n<div  class='hr av-aqb9b-ef95ded3c80275504857b40f8d8c428f hr-default  avia-builder-el-24  el_after_av_section  el_before_av_section  avia-builder-el-no-sibling '><span class='hr-inner '><span class=\"hr-inner-style\"><\/span><\/span><\/div>\n<\/div><\/div><\/div><!-- close content main div --><\/div><\/div><div id='av_section_4' class='avia-section main_color pt-0 pb-default avia-no-border-styling avia-bg-style-scroll  avia-builder-el-25  el_after_av_hr  avia-builder-el-last   container_wrap fullsize' style=' '  ><div class='container' ><div class='template-page content  av-content-full alpha units'><div class='post-entry post-entry-type-page post-entry-38777'><div class='entry-content-wrapper clearfix'>\n<div class=\"flex_column av_one_third  flex_column_div av-zero-column-padding first bg-default  fill img-left   avia-builder-el-26  el_before_av_two_third  avia-builder-el-first  w-1023-hide \" style=\"background-image: url(https:\/\/sha-luzern.ch\/wp-content\/uploads\/philosophie_langfristigkeit.jpg); background-position: center center; background-repeat: no-repeat; background-size: cover; \"><\/div><div class=\"flex_column av_two_third  flex_column_div av-zero-column-padding  bg-default   img-left   avia-builder-el-27  el_after_av_one_third  avia-builder-el-last  home-column-journal w-1023-full w-1023-ctm \"><section  class='av_textblock_section av-jtzqb1vo-5c1bd172d354b675e4023f23ce55b54c '   itemscope=\"itemscope\" itemtype=\"https:\/\/schema.org\/CreativeWork\" ><div class='avia_textblock h2-h1'  itemprop=\"text\" ><h2>El<br \/>\nDiario SHA<strong>.<\/strong><\/h2>\n<h3>Historias de arquitectura<br \/>\nde nuestro trabajo cotidiano.<\/h3>\n<\/div><\/section><br \/>\n<div class='avia-button-wrap theme-fill avia-button-left  avia-builder-el-29  el_after_av_textblock  avia-builder-el-last  black align-bottom float'><a href='\/wp-content\/uploads\/SHAJournal_N01.pdf'  class='avia-button  color-ci-black hover-yellow  avia-icon_select-no avia-size-medium avia-position-left'   ><span class='avia_iconbox_title' >Ver ahora<\/span><\/a><\/div><\/p><\/div>\n\n","protected":false},"excerpt":{"rendered":"","protected":false},"author":1,"featured_media":0,"parent":30075,"menu_order":0,"comment_status":"closed","ping_status":"closed","template":"","meta":{"_acf_changed":false,"content-type":"","footnotes":""},"class_list":["post-38777","page","type-page","status-publish","hentry"],"acf":[],"yoast_head":"<!-- This site is optimized with the Yoast SEO plugin v26.1.1 - https:\/\/yoast.com\/wordpress\/plugins\/seo\/ -->\n<title>SHA como empleador | SHA Scheffler Helbich Architekten GmbH<\/title>\n<meta name=\"description\" content=\"\u00a1Forme parte de SHA! Benef\u00edciese de modelos de horario de trabajo flexible \u2713 atenci\u00f3n sanitaria ocupacional \u2713 lugares de trabajo modernos e innovadores \u2713\" \/>\n<meta name=\"robots\" content=\"index, follow, max-snippet:-1, max-image-preview:large, max-video-preview:-1\" \/>\n<link rel=\"canonical\" href=\"https:\/\/sha-luzern.ch\/es\/carrera-profesional\/sha-como-empleador\" \/>\n<meta property=\"og:locale\" content=\"es_ES\" \/>\n<meta property=\"og:type\" content=\"article\" \/>\n<meta property=\"og:title\" content=\"SHA como empleador | SHA Scheffler Helbich Architekten GmbH\" \/>\n<meta property=\"og:description\" content=\"\u00a1Forme parte de SHA! Benef\u00edciese de modelos de horario de trabajo flexible \u2713 atenci\u00f3n sanitaria ocupacional \u2713 lugares de trabajo modernos e innovadores \u2713\" \/>\n<meta property=\"og:url\" content=\"https:\/\/sha-luzern.ch\/es\/carrera-profesional\/sha-como-empleador\" \/>\n<meta property=\"og:site_name\" content=\"SHA Scheffler Helbich Architekten GmbH\" \/>\n<meta property=\"article:modified_time\" content=\"2024-08-28T13:02:11+00:00\" \/>\n<meta property=\"og:image\" content=\"https:\/\/widgets.kununu.com\/widget_score_review_count_logo_big\/profiles\/b3ec87d5-a6cc-4da1-9bf0-0a6160bfdfac\" \/>\n<meta name=\"twitter:card\" content=\"summary_large_image\" \/>\n<meta name=\"twitter:label1\" content=\"Tiempo de lectura\" \/>\n\t<meta name=\"twitter:data1\" content=\"17 minutos\" \/>\n<script type=\"application\/ld+json\" class=\"yoast-schema-graph\">{\"@context\":\"https:\/\/schema.org\",\"@graph\":[{\"@type\":\"WebPage\",\"@id\":\"https:\/\/sha-luzern.ch\/es\/carrera-profesional\/sha-como-empleador\",\"url\":\"https:\/\/sha-luzern.ch\/es\/carrera-profesional\/sha-como-empleador\",\"name\":\"SHA como empleador | SHA Scheffler Helbich Architekten GmbH\",\"isPartOf\":{\"@id\":\"https:\/\/sha-luzern.ch\/es#website\"},\"primaryImageOfPage\":{\"@id\":\"https:\/\/sha-luzern.ch\/es\/carrera-profesional\/sha-como-empleador#primaryimage\"},\"image\":{\"@id\":\"https:\/\/sha-luzern.ch\/es\/carrera-profesional\/sha-como-empleador#primaryimage\"},\"thumbnailUrl\":\"https:\/\/widgets.kununu.com\/widget_score_review_count_logo_big\/profiles\/b3ec87d5-a6cc-4da1-9bf0-0a6160bfdfac\",\"datePublished\":\"2020-01-08T12:57:58+00:00\",\"dateModified\":\"2024-08-28T13:02:11+00:00\",\"description\":\"\u00a1Forme parte de SHA! Benef\u00edciese de modelos de horario de trabajo flexible \u2713 atenci\u00f3n sanitaria ocupacional \u2713 lugares de trabajo modernos e innovadores \u2713\",\"breadcrumb\":{\"@id\":\"https:\/\/sha-luzern.ch\/es\/carrera-profesional\/sha-como-empleador#breadcrumb\"},\"inLanguage\":\"es\",\"potentialAction\":[{\"@type\":\"ReadAction\",\"target\":[\"https:\/\/sha-luzern.ch\/es\/carrera-profesional\/sha-como-empleador\"]}]},{\"@type\":\"ImageObject\",\"inLanguage\":\"es\",\"@id\":\"https:\/\/sha-luzern.ch\/es\/carrera-profesional\/sha-como-empleador#primaryimage\",\"url\":\"https:\/\/widgets.kununu.com\/widget_score_review_count_logo_big\/profiles\/b3ec87d5-a6cc-4da1-9bf0-0a6160bfdfac\",\"contentUrl\":\"https:\/\/widgets.kununu.com\/widget_score_review_count_logo_big\/profiles\/b3ec87d5-a6cc-4da1-9bf0-0a6160bfdfac\"},{\"@type\":\"BreadcrumbList\",\"@id\":\"https:\/\/sha-luzern.ch\/es\/carrera-profesional\/sha-como-empleador#breadcrumb\",\"itemListElement\":[{\"@type\":\"ListItem\",\"position\":1,\"name\":\"Startseite\",\"item\":\"https:\/\/sha-luzern.ch\/es\/inicio\"},{\"@type\":\"ListItem\",\"position\":2,\"name\":\"Carrera profesional\",\"item\":\"https:\/\/sha-luzern.ch\/es\/carrera-profesional\"},{\"@type\":\"ListItem\",\"position\":3,\"name\":\"SHA como empleador\"}]},{\"@type\":\"WebSite\",\"@id\":\"https:\/\/sha-luzern.ch\/es#website\",\"url\":\"https:\/\/sha-luzern.ch\/es\",\"name\":\"SHA Scheffler Helbich Architekten GmbH\",\"description\":\"\",\"potentialAction\":[{\"@type\":\"SearchAction\",\"target\":{\"@type\":\"EntryPoint\",\"urlTemplate\":\"https:\/\/sha-luzern.ch\/es?s={search_term_string}\"},\"query-input\":{\"@type\":\"PropertyValueSpecification\",\"valueRequired\":true,\"valueName\":\"search_term_string\"}}],\"inLanguage\":\"es\"}]}<\/script>\n<!-- \/ Yoast SEO plugin. -->","yoast_head_json":{"title":"SHA como empleador | SHA Scheffler Helbich Architekten GmbH","description":"\u00a1Forme parte de SHA! Benef\u00edciese de modelos de horario de trabajo flexible \u2713 atenci\u00f3n sanitaria ocupacional \u2713 lugares de trabajo modernos e innovadores \u2713","robots":{"index":"index","follow":"follow","max-snippet":"max-snippet:-1","max-image-preview":"max-image-preview:large","max-video-preview":"max-video-preview:-1"},"canonical":"https:\/\/sha-luzern.ch\/es\/carrera-profesional\/sha-como-empleador","og_locale":"es_ES","og_type":"article","og_title":"SHA como empleador | SHA Scheffler Helbich Architekten GmbH","og_description":"\u00a1Forme parte de SHA! Benef\u00edciese de modelos de horario de trabajo flexible \u2713 atenci\u00f3n sanitaria ocupacional \u2713 lugares de trabajo modernos e innovadores \u2713","og_url":"https:\/\/sha-luzern.ch\/es\/carrera-profesional\/sha-como-empleador","og_site_name":"SHA Scheffler Helbich Architekten GmbH","article_modified_time":"2024-08-28T13:02:11+00:00","og_image":[{"url":"https:\/\/widgets.kununu.com\/widget_score_review_count_logo_big\/profiles\/b3ec87d5-a6cc-4da1-9bf0-0a6160bfdfac","type":"","width":"","height":""}],"twitter_card":"summary_large_image","twitter_misc":{"Tiempo de lectura":"17 minutos"},"schema":{"@context":"https:\/\/schema.org","@graph":[{"@type":"WebPage","@id":"https:\/\/sha-luzern.ch\/es\/carrera-profesional\/sha-como-empleador","url":"https:\/\/sha-luzern.ch\/es\/carrera-profesional\/sha-como-empleador","name":"SHA como empleador | SHA Scheffler Helbich Architekten GmbH","isPartOf":{"@id":"https:\/\/sha-luzern.ch\/es#website"},"primaryImageOfPage":{"@id":"https:\/\/sha-luzern.ch\/es\/carrera-profesional\/sha-como-empleador#primaryimage"},"image":{"@id":"https:\/\/sha-luzern.ch\/es\/carrera-profesional\/sha-como-empleador#primaryimage"},"thumbnailUrl":"https:\/\/widgets.kununu.com\/widget_score_review_count_logo_big\/profiles\/b3ec87d5-a6cc-4da1-9bf0-0a6160bfdfac","datePublished":"2020-01-08T12:57:58+00:00","dateModified":"2024-08-28T13:02:11+00:00","description":"\u00a1Forme parte de SHA! Benef\u00edciese de modelos de horario de trabajo flexible \u2713 atenci\u00f3n sanitaria ocupacional \u2713 lugares de trabajo modernos e innovadores \u2713","breadcrumb":{"@id":"https:\/\/sha-luzern.ch\/es\/carrera-profesional\/sha-como-empleador#breadcrumb"},"inLanguage":"es","potentialAction":[{"@type":"ReadAction","target":["https:\/\/sha-luzern.ch\/es\/carrera-profesional\/sha-como-empleador"]}]},{"@type":"ImageObject","inLanguage":"es","@id":"https:\/\/sha-luzern.ch\/es\/carrera-profesional\/sha-como-empleador#primaryimage","url":"https:\/\/widgets.kununu.com\/widget_score_review_count_logo_big\/profiles\/b3ec87d5-a6cc-4da1-9bf0-0a6160bfdfac","contentUrl":"https:\/\/widgets.kununu.com\/widget_score_review_count_logo_big\/profiles\/b3ec87d5-a6cc-4da1-9bf0-0a6160bfdfac"},{"@type":"BreadcrumbList","@id":"https:\/\/sha-luzern.ch\/es\/carrera-profesional\/sha-como-empleador#breadcrumb","itemListElement":[{"@type":"ListItem","position":1,"name":"Startseite","item":"https:\/\/sha-luzern.ch\/es\/inicio"},{"@type":"ListItem","position":2,"name":"Carrera profesional","item":"https:\/\/sha-luzern.ch\/es\/carrera-profesional"},{"@type":"ListItem","position":3,"name":"SHA como empleador"}]},{"@type":"WebSite","@id":"https:\/\/sha-luzern.ch\/es#website","url":"https:\/\/sha-luzern.ch\/es","name":"SHA Scheffler Helbich Architekten GmbH","description":"","potentialAction":[{"@type":"SearchAction","target":{"@type":"EntryPoint","urlTemplate":"https:\/\/sha-luzern.ch\/es?s={search_term_string}"},"query-input":{"@type":"PropertyValueSpecification","valueRequired":true,"valueName":"search_term_string"}}],"inLanguage":"es"}]}},"_links":{"self":[{"href":"https:\/\/sha-luzern.ch\/es\/wp-json\/wp\/v2\/pages\/38777","targetHints":{"allow":["GET"]}}],"collection":[{"href":"https:\/\/sha-luzern.ch\/es\/wp-json\/wp\/v2\/pages"}],"about":[{"href":"https:\/\/sha-luzern.ch\/es\/wp-json\/wp\/v2\/types\/page"}],"author":[{"embeddable":true,"href":"https:\/\/sha-luzern.ch\/es\/wp-json\/wp\/v2\/users\/1"}],"replies":[{"embeddable":true,"href":"https:\/\/sha-luzern.ch\/es\/wp-json\/wp\/v2\/comments?post=38777"}],"version-history":[{"count":1,"href":"https:\/\/sha-luzern.ch\/es\/wp-json\/wp\/v2\/pages\/38777\/revisions"}],"predecessor-version":[{"id":38785,"href":"https:\/\/sha-luzern.ch\/es\/wp-json\/wp\/v2\/pages\/38777\/revisions\/38785"}],"up":[{"embeddable":true,"href":"https:\/\/sha-luzern.ch\/es\/wp-json\/wp\/v2\/pages\/30075"}],"wp:attachment":[{"href":"https:\/\/sha-luzern.ch\/es\/wp-json\/wp\/v2\/media?parent=38777"}],"curies":[{"name":"wp","href":"https:\/\/api.w.org\/{rel}","templated":true}]}}