{"id":30312,"date":"2024-08-20T10:21:50","date_gmt":"2024-08-20T08:21:50","guid":{"rendered":"https:\/\/sha.de\/bureau-darchitecture-marche-de-la-construction-commerce-de-materiaux-de-construction"},"modified":"2024-08-28T14:59:46","modified_gmt":"2024-08-28T12:59:46","slug":"bureau-darchitecture-marche-de-la-construction-commerce-de-materiaux-de-construction","status":"publish","type":"page","link":"https:\/\/sha-luzern.ch\/fr\/bureau-darchitecture-marche-de-la-construction-commerce-de-materiaux-de-construction","title":{"rendered":"Bureau d&rsquo;architecture March\u00e9 de la construction &amp; commerce de mat\u00e9riaux de construction"},"content":{"rendered":"<div id='av_section_1' class='avia-section main_color pt-default pb-default avia-no-border-styling avia-bg-style-scroll  avia-builder-el-0  el_before_av_section  avia-builder-el-first   container_wrap fullsize' style=' '  ><div class='container' ><main  role=\"main\" itemprop=\"mainContentOfPage\"  class='template-page content  av-content-full alpha units'><div class='post-entry post-entry-type-page post-entry-30312'><div class='entry-content-wrapper clearfix'>\n\n\t\t\t<div id=\"av-jzds8r2e\" class=\"headline-column flex_column av_one_full flex_column_div first \">\n\t\t\t\t<div class=\"headline-wrap is-outside align-center sub-bottom\">\n\t\t\t\t\t<h1 class=\"headline-content headline-primary\">Votre bureau d\u2019architecture pour le commerce des mat\u00e9riaux de construction<\/h1>\n\t\t\t\t\t<h3 class=\"headline-content headline-secondary\">Nous planifions pour vous - dans toute l\u2019Allemagne<\/h3>\n\t\t\t\t<\/div>\n\t\t\t<\/div>\n<div class=\"flex_column av_one_third  flex_column_div av-zero-column-padding first       avia-builder-el-2  el_after_pixel_sc_headline  el_before_av_one_third  \"><section  class='av_textblock_section av-jzdsin8c-232ecf0fe8e4ac722d4c60a6a510cc37 '   itemscope=\"itemscope\" itemtype=\"https:\/\/schema.org\/CreativeWork\" ><div class='avia_textblock'  itemprop=\"text\" ><p>L&rsquo;un des points forts de notre travail est la conception et la r\u00e9alisation de b\u00e2timents pour le commerce de mat\u00e9riaux de construction dans toute l&rsquo;Allemagne. Vous pr\u00e9voyez une nouvelle construction, une transformation ou une extension de votre entreprise ? Alors SHA est votre partenaire comp\u00e9tent. Les avantages pour vous en tant que ma\u00eetre d&rsquo;ouvrage : nous nous sommes syst\u00e9matiquement sp\u00e9cialis\u00e9s dans le commerce de mat\u00e9riaux de construction depuis les ann\u00e9es 1970 et avons depuis d\u00e9velopp\u00e9 et mis en service avec succ\u00e8s plus de 270 projets.<\/p>\n<p>Nos principes de base : Fonctionnalit\u00e9, flexibilit\u00e9 et rentabilit\u00e9. Nous analysons ensuite les besoins et d\u00e9veloppons avec vous des processus logistiques et des configurations de b\u00e2timents optimaux &#8211; et une valeur ajout\u00e9e pour vous et vos clients professionnels et finaux exigeants.<\/p>\n<\/div><\/section><\/div><div class=\"flex_column av_one_third  flex_column_div av-zero-column-padding        avia-builder-el-4  el_after_av_one_third  el_before_av_one_third  \"><section  class='av_textblock_section av-jzdsin8c-10-bbbd0a308a7c83dd30ec7be672580a8b '   itemscope=\"itemscope\" itemtype=\"https:\/\/schema.org\/CreativeWork\" ><div class='avia_textblock'  itemprop=\"text\" ><p>Gr\u00e2ce \u00e0 notre expertise sectorielle, nous d\u00e9veloppons avec vous une strat\u00e9gie pour votre entreprise. Qu&rsquo;est-ce qui figure sur votre liste de souhaits ? Voici un aper\u00e7u de nos services :<\/p>\n<ul>\n<li>Construction de centres de construction, de magasins de bricolage et d&rsquo;entrep\u00f4ts centraux<\/li>\n<li>Transformation ou extension sans interruption de l&rsquo;activit\u00e9<\/li>\n<li>Modernisation et am\u00e9lioration de la s\u00e9curit\u00e9 incendie<\/li>\n<li>Espaces d&rsquo;exposition et de vente<\/li>\n<li>Locaux administratifs, bureaux et locaux sociaux<\/li>\n<li>Salles froides et chaudes<\/li>\n<li>Zones de chargement<\/li>\n<li>Entrep\u00f4ts \u00e0 ciel ouvert et installations ext\u00e9rieures<\/li>\n<\/ul>\n<\/div><\/section><\/div><div class=\"flex_column av_one_third  flex_column_div av-zero-column-padding        avia-builder-el-6  el_after_av_one_third  el_before_av_one_full  \"><section  class='av_textblock_section av-jzdsin8c-8-a13a9013f9e9093c64e2032413cdf449 '   itemscope=\"itemscope\" itemtype=\"https:\/\/schema.org\/CreativeWork\" ><div class='avia_textblock'  itemprop=\"text\" ><p>Dans tous les projets, nos ma\u00eetres d&rsquo;ouvrage b\u00e9n\u00e9ficient de l&rsquo;interaction de notre cabinet d&rsquo;architectes avec nos partenaires de r\u00e9seau, des planificateurs sp\u00e9cialis\u00e9s, des constructeurs de rayonnages, des entrepreneurs et bien d&rsquo;autres.<\/p>\n<p>Vous obtenez ainsi un concept personnalis\u00e9 et optimis\u00e9 \u00e0 tous \u00e9gards, que nous mettons en \u0153uvre pour vous jusqu&rsquo;\u00e0 l&rsquo;ach\u00e8vement, avec une transparence maximale en termes de d\u00e9lais et de co\u00fbts.<\/p>\n<p>Car au final, c&rsquo;est tr\u00e8s simple : si vous faites une mise en sc\u00e8ne grandiose, vous vendrez plus. Nous vous cr\u00e9ons l&rsquo;espace n\u00e9cessaire ! Contactez-nous et profitez de l&rsquo;exp\u00e9rience de plus de 90 ans de notre cabinet d&rsquo;architecture.<\/p>\n<\/div><\/section><\/div><div class=\"flex_column av_one_full  flex_column_div av-zero-column-padding first bg-default   img-left icon-left  avia-builder-el-8  el_after_av_one_third  avia-builder-el-last  column-top-margin\"><div class=\"slickgallery \">\n\t<div class=\"pixel-slide-wrap\">\n\t\t<div class=\"pixel-slide\" style=\"display: block; width: 100%; float: left;\">\n\t\t\t\t\n\t\t\t\t\t\t\t\t\t\t\t\t\t\n\t\t\t\t\t<div class=\"pixel-slide__image-wrap slide-1\">\n\t\t\t\t\t\t\t<div class=\"pixel-slide__image is-video\"><a href=\" https:\/\/www.youtube.com\/watch?v=RF8obWWImuc&feature=emb_titl\" rel=\"lightbox\"><img decoding=\"async\" src=\"https:\/\/sha-luzern.ch\/wp-content\/uploads\/sha_imagefilm_award-706x368.jpg\" alt=\"Planung und Realisierung im Handel und Gewerbe | SHA Scheffler Helbich Architekten\" title=\"Planung und Realisierung im Handel und Gewerbe | SHA Scheffler Helbich Architekten\"><\/a><\/div>\n\t\t\t\t\t<\/div>\n\t\t\t\t\n\t\t\t\t\t\t\t\t\t\t\t\t\t\n\t\t\t\t\t<div class=\"pixel-slide__image-wrap slide-2\">\n\t\t\t\t\t\t\t<div class=\"pixel-slide__image \"><a href=\"https:\/\/sha-luzern.ch\/wp-content\/uploads\/Thelen_Haupteingang_CE82-7_2018.jpg\" rel=\"lightbox\"><img decoding=\"async\" src=\"https:\/\/sha-luzern.ch\/wp-content\/uploads\/Thelen_Haupteingang_CE82-7_2018-706x368.jpg\" alt=\"CE82 7\" title=\"CE82 7\"><\/a><\/div>\n\t\t\t\t\t<\/div>\n\t\t\t\t\n\t\t\t\t\t\t\t\t\t\t\t\t\t\n\t\t\t\t\t<div class=\"pixel-slide__image-wrap slide-3\">\n\t\t\t\t\t\t\t<div class=\"pixel-slide__image \"><a href=\"https:\/\/sha-luzern.ch\/wp-content\/uploads\/MW-Trockenbau_Ladezone_CE440-96_2016.jpg\" rel=\"lightbox\"><img decoding=\"async\" src=\"https:\/\/sha-luzern.ch\/wp-content\/uploads\/MW-Trockenbau_Ladezone_CE440-96_2016-706x368.jpg\" alt=\"MW-Trockenbau in Neu-Isenburg | Planung und Realisierung im Handel und Gewerbe\" title=\"MW-Trockenbau in Neu-Isenburg | Planung und Realisierung im Handel und Gewerbe\"><\/a><\/div>\n\t\t\t\t\t<\/div>\n\t\t\t\t\n\t\t\t\t\t\t\t\t\t\t\t\t\t\n\t\t\t\t\t<div class=\"pixel-slide__image-wrap slide-4\">\n\t\t\t\t\t\t\t<div class=\"pixel-slide__image \"><a href=\"https:\/\/sha-luzern.ch\/wp-content\/uploads\/hagebaumarkt_Soest_CE196-28_2011.jpg\" rel=\"lightbox\"><img decoding=\"async\" src=\"https:\/\/sha-luzern.ch\/wp-content\/uploads\/hagebaumarkt_Soest_CE196-28_2011-706x368.jpg\" alt=\"Hagebaumarkt Soest | Planung und Realisierung im Handel und Gewerbe\" title=\"Hagebaumarkt Soest | Planung und Realisierung im Handel und Gewerbe\"><\/a><\/div>\n\t\t\t\t\t<\/div>\n\t\t\t\t\n\t\t\t\t\t\t\t\t\t\t\t\t\t\n\t\t\t\t\t<div class=\"pixel-slide__image-wrap slide-5\">\n\t\t\t\t\t\t\t<div class=\"pixel-slide__image \"><a href=\"https:\/\/sha-luzern.ch\/wp-content\/uploads\/Beinbrech_Ladezone_CE458-318_2016.jpg\" rel=\"lightbox\"><img decoding=\"async\" src=\"https:\/\/sha-luzern.ch\/wp-content\/uploads\/Beinbrech_Ladezone_CE458-318_2016-706x368.jpg\" alt=\"MW-Trockenbau in Neu-Isenburg | Planung und Realisierung im Handel und Gewerbe\" title=\"MW-Trockenbau in Neu-Isenburg | Planung und Realisierung im Handel und Gewerbe\"><\/a><\/div>\n\t\t\t\t\t<\/div>\n\t\t\t\t\n\t\t\t\t\t\t\t\t\t\t\t\t\t\n\t\t\t\t\t<div class=\"pixel-slide__image-wrap slide-6\">\n\t\t\t\t\t\t\t<div class=\"pixel-slide__image \"><a href=\"https:\/\/sha-luzern.ch\/wp-content\/uploads\/Auer_Bauzentrum_CE606-550_2019.jpg\" rel=\"lightbox\"><img decoding=\"async\" src=\"https:\/\/sha-luzern.ch\/wp-content\/uploads\/Auer_Bauzentrum_CE606-550_2019-706x368.jpg\" alt=\"Auer Bauzentrum in Landshut | Planung und Realisierung im Handel und Gewerbe\" title=\"Auer Bauzentrum in Landshut | Planung und Realisierung im Handel und Gewerbe\"><\/a><\/div>\n\t\t\t\t\t<\/div>\n\t\t\t\t\t\t<\/div>\n\t<\/div>\n<\/div><\/div>\n\n<\/div><\/div><\/main><!-- close content main element --><\/div><\/div><div id='av_section_2' class='avia-section main_color pt-large pb-large avia-no-border-styling avia-bg-style-scroll  avia-builder-el-10  el_after_av_section  el_before_av_section   container_wrap fullsize' style=' '  ><div class='container' ><div class='template-page content  av-content-full alpha units'><div class='post-entry post-entry-type-page post-entry-30312'><div class='entry-content-wrapper clearfix'>\n\n\t\t\t<div id=\"av-jzds8r2e-12\" class=\"headline-column flex_column av_one_full flex_column_div first \">\n\t\t\t\t<div class=\"headline-wrap is-outside align-center sub-bottom\">\n\t\t\t\t\t<h2 class=\"headline-content headline-primary\">Services pour les distributeurs de mat\u00e9riaux de construction<\/h2>\n\t\t\t\t\t<h3 class=\"headline-content headline-secondary\">Notre gamme compl\u00e8te de services<\/h3>\n\t\t\t\t<\/div>\n\t\t\t<\/div>\n<div class=\"flex_column av_one_full  flex_column_div av-zero-column-padding first       avia-builder-el-12  el_after_pixel_sc_headline  avia-builder-el-last  \"><ul class=\"icon-row leistungen \">\n\t<li class=\"icon-row__entry beratung\">\n\t\t<a class=\"icon-row__entry-link\" href=\"https:\/\/sha-luzern.ch\/leistungen\/beratung\">\n\t\t\t<div class=\"icon-row__entry-image\">\n\t\t\t\t<div class=\"entry-image-svg\"><\/div>\n\t\t\t\t<!-- <div class=\"entry-image-hover\"><\/div> -->\n\t\t\t<\/div>\n\t\t\t<div class=\"icon-row__entry-text\">Conseil<\/div>\n\t\t<\/a>\n\t<\/li>\n\t<li class=\"icon-row__entry konzept\">\n\t\t<a class=\"icon-row__entry-link\" href=\"https:\/\/sha-luzern.ch\/leistungen\/analyse-und-konzept\">\n\t\t\t<div class=\"icon-row__entry-image\">\n\t\t\t\t<div class=\"entry-image-svg\"><\/div>\n\t\t\t\t<!-- <div class=\"entry-image-hover\"><\/div> -->\n\t\t\t<\/div>\n\t\t\t<div class=\"icon-row__entry-text\">Analyse & concept<\/div>\n\t\t<\/a>\n\t<\/li>\n\t<li class=\"icon-row__entry planung\">\n\t\t<a class=\"icon-row__entry-link\" href=\"https:\/\/sha-luzern.ch\/leistungen\/planung-und-koordination\">\n\t\t\t<div class=\"icon-row__entry-image\">\n\t\t\t\t<div class=\"entry-image-svg\"><\/div>\n\t\t\t\t<!-- <div class=\"entry-image-hover\"><\/div> -->\n\t\t\t<\/div>\n\t\t\t<div class=\"icon-row__entry-text\">Planification & coordination<\/div>\n\t\t<\/a>\n\t<\/li>\n\t<li class=\"icon-row__entry realisierung\">\n\t\t<a class=\"icon-row__entry-link\" href=\"https:\/\/sha-luzern.ch\/leistungen\/realisierung\">\n\t\t\t<div class=\"icon-row__entry-image\">\n\t\t\t\t<div class=\"entry-image-svg\"><\/div>\n\t\t\t\t<!-- <div class=\"entry-image-hover\"><\/div> -->\n\t\t\t<\/div>\n\t\t\t<div class=\"icon-row__entry-text\">R\u00e9alisation<\/div>\n\t\t<\/a>\n\t<\/li>\n\t<li class=\"icon-row__entry nachbetreuung\">\n\t\t<a class=\"icon-row__entry-link\" href=\"https:\/\/sha-luzern.ch\/leistungen\/nachbetreuung\">\n\t\t\t<div class=\"icon-row__entry-image\">\n\t\t\t\t<div class=\"entry-image-svg\"><\/div>\n\t\t\t\t<!-- <div class=\"entry-image-hover\"><\/div> -->\n\t\t\t<\/div>\n\t\t\t<div class=\"icon-row__entry-text\">Suivi<\/div>\n\t\t<\/a>\n\t<\/li>\n<\/ul><\/div>\n\n<\/div><\/div><\/div><!-- close content main div --><\/div><\/div><div id='av_section_3' class='avia-section main_color pt-default pb-default avia-no-border-styling avia-bg-style-scroll  avia-builder-el-14  el_after_av_section  avia-builder-el-last  referenzen-row  container_wrap fullsize' style=' '  ><div class='container' ><div class='template-page content  av-content-full alpha units'><div class='post-entry post-entry-type-page post-entry-30312'><div class='entry-content-wrapper clearfix'>\n\n\t\t\t<div id=\"av-jzds8r2e-6\" class=\"headline-column flex_column av_one_full flex_column_div first \">\n\t\t\t\t<div class=\"headline-wrap is-outside align-center sub-bottom\">\n\t\t\t\t\t<h2 class=\"headline-content headline-primary\">R\u00e9f\u00e9rences s\u00e9lectionn\u00e9es<\/h2>\n\t\t\t\t\t<h3 class=\"headline-content headline-secondary\">Nos projets dans la distribution de mat\u00e9riaux de construction<\/h3>\n\t\t\t\t<\/div>\n\t\t\t<\/div>\n\t<div class=\"referenzgrid flex_column av_one_full first\">\n\t\t\t\t<div class=\"referenzgrid-wrap flex_column av_one_full column-top-margin first\">\n\t\t\t\t\t\t<div class=\"referenzgrid-section flex_column av_one_full first\">\n\t\t\t\t\t\t\t\t\t\t\t\t\t\t\t\t\t\t\t\t\t\t\t\t\t\t\t\t\t\t\t\t\t\t\t\t\t\t\t\t\t\t\t\t\t\t\t\t\t\t\t\t\t\t\t\t\t\t\t<div class=\"flex_column av_one_third referenz-column first \">\n\t\t\t\t\t\t\t<article id=\"\" class=\"card-entry referenz-entry static-button   text-align-left has-link   heading-link  has-button \">\n\t<div class=\"card-entry__inner\">\n\t\t\n\t\n\t\t<div class=\"card-entry__media media-type-\">\n\t<div class=\"card-entry__media-inner\">\n\n\t\t<div class=\"card_entry__referenz\">\n\t\t\t<div class=\"card_entry__referenz-inner\">\n\t\t\t\t\t\t\t\t\t<div class=\"card-entry__heading\">\n\t<div class=\"card-entry__heading-inner\">\n\n\n\t\t\t\n\t\t\t\n\t\t\t<a class=\"card-entry__link\" href=\"https:\/\/sha-luzern.ch\/fr\/projects\/marche-de-la-construction-commerce-de-materiaux-de-construction\/centre-specialise-bauhaus-a-dusseldorf-rath\" target=\"_self\">\n\t\t\t\t\t\t\t<h3 class=\"card-entry__headline  \">\n\t\t\t\t\tCentre sp\u00e9cialis\u00e9 BAUHAUS \u00e0 D\u00fcsseldorf-Rath\n\t\t\t\t<\/h3>\n\t\t\t\n\t\t\t\n\t\t<\/a>\n\t<\/div>\n<\/div>\n\t\t\t\t\t\t\t<\/div>\n\t\t<\/div>\n\n\t\t\t\t\t<div class=\"card-entry__action\">\n\t<div class=\"card-entry__action-inner\">\n\t\t<div class=\"card-entry__button-wrap avia-button-wrap avia-button-right theme-fill\">\n\t\t\t\t\t\t\t<a class=\"card-entry__button avia-button avia-button color-ci-black hover-yellow avia-size-small  avia-position-right\" href=\"https:\/\/sha-luzern.ch\/fr\/projects\/marche-de-la-construction-commerce-de-materiaux-de-construction\/centre-specialise-bauhaus-a-dusseldorf-rath\" target=\"\">\n\t\t\t\t\t<span class=\"button-icon\"><i class=\"icon-arrow_next\"><\/i><\/span><span class=\"button-text\">lire la suite<\/span>\n\t\t\t\t<\/a>\n\t\t\t\t\t<\/div>\n\t<\/div>\n<\/div>\n\t\t\n\t\t\t\t\t<a href=\"https:\/\/sha-luzern.ch\/fr\/projects\/marche-de-la-construction-commerce-de-materiaux-de-construction\/centre-specialise-bauhaus-a-dusseldorf-rath\" class=\"slide-image\" title=\"\"><img decoding=\"async\" src=\"https:\/\/sha-luzern.ch\/wp-content\/uploads\/CE784-425-706x564.jpg\" \/><\/a>\n\t\t\t<\/div>\n<\/div>\n\n\t\n\t<\/div>\n<\/article>\n\t\t\t\t\t\t<\/div>\n\t\t\t\t\t\t\t\t\t\t\t\t\t\t\t\t\t\t\t\t<div class=\"flex_column av_one_third referenz-column  \">\n\t\t\t\t\t\t\t<article id=\"\" class=\"card-entry referenz-entry static-button   text-align-left has-link   heading-link  has-button \">\n\t<div class=\"card-entry__inner\">\n\t\t\n\t\n\t\t<div class=\"card-entry__media media-type-\">\n\t<div class=\"card-entry__media-inner\">\n\n\t\t<div class=\"card_entry__referenz\">\n\t\t\t<div class=\"card_entry__referenz-inner\">\n\t\t\t\t\t\t\t\t\t<div class=\"card-entry__heading\">\n\t<div class=\"card-entry__heading-inner\">\n\n\n\t\t\t\n\t\t\t\n\t\t\t<a class=\"card-entry__link\" href=\"https:\/\/sha-luzern.ch\/fr\/projects\/marche-de-la-construction-commerce-de-materiaux-de-construction\/centre-specialise-bauhaus-a-wiesbaden\" target=\"_self\">\n\t\t\t\t\t\t\t<h3 class=\"card-entry__headline  \">\n\t\t\t\t\tCentre sp\u00e9cialis\u00e9 BAUHAUS \u00e0 Wiesbaden\n\t\t\t\t<\/h3>\n\t\t\t\n\t\t\t\n\t\t<\/a>\n\t<\/div>\n<\/div>\n\t\t\t\t\t\t\t<\/div>\n\t\t<\/div>\n\n\t\t\t\t\t<div class=\"card-entry__action\">\n\t<div class=\"card-entry__action-inner\">\n\t\t<div class=\"card-entry__button-wrap avia-button-wrap avia-button-right theme-fill\">\n\t\t\t\t\t\t\t<a class=\"card-entry__button avia-button avia-button color-ci-black hover-yellow avia-size-small  avia-position-right\" href=\"https:\/\/sha-luzern.ch\/fr\/projects\/marche-de-la-construction-commerce-de-materiaux-de-construction\/centre-specialise-bauhaus-a-wiesbaden\" target=\"\">\n\t\t\t\t\t<span class=\"button-icon\"><i class=\"icon-arrow_next\"><\/i><\/span><span class=\"button-text\">lire la suite<\/span>\n\t\t\t\t<\/a>\n\t\t\t\t\t<\/div>\n\t<\/div>\n<\/div>\n\t\t\n\t\t\t\t\t<a href=\"https:\/\/sha-luzern.ch\/fr\/projects\/marche-de-la-construction-commerce-de-materiaux-de-construction\/centre-specialise-bauhaus-a-wiesbaden\" class=\"slide-image\" title=\"\"><img decoding=\"async\" src=\"https:\/\/sha-luzern.ch\/wp-content\/uploads\/DJI_20240510125636_0020_D-706x564.jpg\" \/><\/a>\n\t\t\t<\/div>\n<\/div>\n\n\t\n\t<\/div>\n<\/article>\n\t\t\t\t\t\t<\/div>\n\t\t\t\t\t\t\t\t\t\t\t\t\t\t\t\t\t\t\t\t<div class=\"flex_column av_one_third referenz-column  \">\n\t\t\t\t\t\t\t<article id=\"\" class=\"card-entry referenz-entry static-button   text-align-left has-link   heading-link  has-button \">\n\t<div class=\"card-entry__inner\">\n\t\t\n\t\n\t\t<div class=\"card-entry__media media-type-\">\n\t<div class=\"card-entry__media-inner\">\n\n\t\t<div class=\"card_entry__referenz\">\n\t\t\t<div class=\"card_entry__referenz-inner\">\n\t\t\t\t\t\t\t\t\t<div class=\"card-entry__heading\">\n\t<div class=\"card-entry__heading-inner\">\n\n\n\t\t\t\n\t\t\t\n\t\t\t<a class=\"card-entry__link\" href=\"https:\/\/sha-luzern.ch\/fr\/projects\/commerce-artisanat\/baustoffhandel-fatheuer-a-une-nouvelle-adresse-a-hamm\" target=\"_self\">\n\t\t\t\t\t\t\t<h3 class=\"card-entry__headline  \">\n\t\t\t\t\tBaustoffhandel Fatheuer a une nouvelle adresse \u00e0 Hamm\n\t\t\t\t<\/h3>\n\t\t\t\n\t\t\t\n\t\t<\/a>\n\t<\/div>\n<\/div>\n\t\t\t\t\t\t\t<\/div>\n\t\t<\/div>\n\n\t\t\t\t\t<div class=\"card-entry__action\">\n\t<div class=\"card-entry__action-inner\">\n\t\t<div class=\"card-entry__button-wrap avia-button-wrap avia-button-right theme-fill\">\n\t\t\t\t\t\t\t<a class=\"card-entry__button avia-button avia-button color-ci-black hover-yellow avia-size-small  avia-position-right\" href=\"https:\/\/sha-luzern.ch\/fr\/projects\/commerce-artisanat\/baustoffhandel-fatheuer-a-une-nouvelle-adresse-a-hamm\" target=\"\">\n\t\t\t\t\t<span class=\"button-icon\"><i class=\"icon-arrow_next\"><\/i><\/span><span class=\"button-text\">lire la suite<\/span>\n\t\t\t\t<\/a>\n\t\t\t\t\t<\/div>\n\t<\/div>\n<\/div>\n\t\t\n\t\t\t\t\t<a href=\"https:\/\/sha-luzern.ch\/fr\/projects\/commerce-artisanat\/baustoffhandel-fatheuer-a-une-nouvelle-adresse-a-hamm\" class=\"slide-image\" title=\"\"><img decoding=\"async\" src=\"https:\/\/sha-luzern.ch\/wp-content\/uploads\/CE660-078-706x564.jpg\" \/><\/a>\n\t\t\t<\/div>\n<\/div>\n\n\t\n\t<\/div>\n<\/article>\n\t\t\t\t\t\t<\/div>\n\t\t\t\t\t\t\t\t\t\t\t\t\t\t\t\t\t\t\t\t<div class=\"flex_column av_one_third referenz-column first column-top-margin\">\n\t\t\t\t\t\t\t<article id=\"\" class=\"card-entry referenz-entry static-button   text-align-left has-link   heading-link  has-button \">\n\t<div class=\"card-entry__inner\">\n\t\t\n\t\n\t\t<div class=\"card-entry__media media-type-\">\n\t<div class=\"card-entry__media-inner\">\n\n\t\t<div class=\"card_entry__referenz\">\n\t\t\t<div class=\"card_entry__referenz-inner\">\n\t\t\t\t\t\t\t\t\t<div class=\"card-entry__heading\">\n\t<div class=\"card-entry__heading-inner\">\n\n\n\t\t\t\n\t\t\t\n\t\t\t<a class=\"card-entry__link\" href=\"https:\/\/sha-luzern.ch\/fr\/projects\/marche-de-la-construction-commerce-de-materiaux-de-construction\/le-grand-ensemble-hagebaumarkt-iserlohn\" target=\"_self\">\n\t\t\t\t\t\t\t<h3 class=\"card-entry__headline  \">\n\t\t\t\t\tLe grand ensemble : Hagebaumarkt Iserlohn\n\t\t\t\t<\/h3>\n\t\t\t\n\t\t\t\n\t\t<\/a>\n\t<\/div>\n<\/div>\n\t\t\t\t\t\t\t<\/div>\n\t\t<\/div>\n\n\t\t\t\t\t<div class=\"card-entry__action\">\n\t<div class=\"card-entry__action-inner\">\n\t\t<div class=\"card-entry__button-wrap avia-button-wrap avia-button-right theme-fill\">\n\t\t\t\t\t\t\t<a class=\"card-entry__button avia-button avia-button color-ci-black hover-yellow avia-size-small  avia-position-right\" href=\"https:\/\/sha-luzern.ch\/fr\/projects\/marche-de-la-construction-commerce-de-materiaux-de-construction\/le-grand-ensemble-hagebaumarkt-iserlohn\" target=\"\">\n\t\t\t\t\t<span class=\"button-icon\"><i class=\"icon-arrow_next\"><\/i><\/span><span class=\"button-text\">lire la suite<\/span>\n\t\t\t\t<\/a>\n\t\t\t\t\t<\/div>\n\t<\/div>\n<\/div>\n\t\t\n\t\t\t\t\t<a href=\"https:\/\/sha-luzern.ch\/fr\/projects\/marche-de-la-construction-commerce-de-materiaux-de-construction\/le-grand-ensemble-hagebaumarkt-iserlohn\" class=\"slide-image\" title=\"\"><img decoding=\"async\" src=\"https:\/\/sha-luzern.ch\/wp-content\/uploads\/hagebaumarkt-Iserlohn-CE-2019-1-706x564.jpg\" \/><\/a>\n\t\t\t<\/div>\n<\/div>\n\n\t\n\t<\/div>\n<\/article>\n\t\t\t\t\t\t<\/div>\n\t\t\t\t\t\t\t\t\t\t\t\t\t\t\t\t\t\t\t\t<div class=\"flex_column av_one_third referenz-column  column-top-margin\">\n\t\t\t\t\t\t\t<article id=\"\" class=\"card-entry referenz-entry static-button   text-align-left has-link   heading-link  has-button \">\n\t<div class=\"card-entry__inner\">\n\t\t\n\t\n\t\t<div class=\"card-entry__media media-type-\">\n\t<div class=\"card-entry__media-inner\">\n\n\t\t<div class=\"card_entry__referenz\">\n\t\t\t<div class=\"card_entry__referenz-inner\">\n\t\t\t\t\t\t\t\t\t<div class=\"card-entry__heading\">\n\t<div class=\"card-entry__heading-inner\">\n\n\n\t\t\t\n\t\t\t\n\t\t\t<a class=\"card-entry__link\" href=\"https:\/\/sha-luzern.ch\/fr\/projects\/marche-de-la-construction-commerce-de-materiaux-de-construction\/bauzentrum-auer-a-landshut-un-nouveau-site-dans-une-nouvelle-dimension\" target=\"_self\">\n\t\t\t\t\t\t\t<h3 class=\"card-entry__headline  \">\n\t\t\t\t\tBauzentrum Auer \u00e0 Landshut : un nouveau site dans une nouvelle dimension\n\t\t\t\t<\/h3>\n\t\t\t\n\t\t\t\n\t\t<\/a>\n\t<\/div>\n<\/div>\n\t\t\t\t\t\t\t<\/div>\n\t\t<\/div>\n\n\t\t\t\t\t<div class=\"card-entry__action\">\n\t<div class=\"card-entry__action-inner\">\n\t\t<div class=\"card-entry__button-wrap avia-button-wrap avia-button-right theme-fill\">\n\t\t\t\t\t\t\t<a class=\"card-entry__button avia-button avia-button color-ci-black hover-yellow avia-size-small  avia-position-right\" href=\"https:\/\/sha-luzern.ch\/fr\/projects\/marche-de-la-construction-commerce-de-materiaux-de-construction\/bauzentrum-auer-a-landshut-un-nouveau-site-dans-une-nouvelle-dimension\" target=\"\">\n\t\t\t\t\t<span class=\"button-icon\"><i class=\"icon-arrow_next\"><\/i><\/span><span class=\"button-text\">lire la suite<\/span>\n\t\t\t\t<\/a>\n\t\t\t\t\t<\/div>\n\t<\/div>\n<\/div>\n\t\t\n\t\t\t\t\t<a href=\"https:\/\/sha-luzern.ch\/fr\/projects\/marche-de-la-construction-commerce-de-materiaux-de-construction\/bauzentrum-auer-a-landshut-un-nouveau-site-dans-une-nouvelle-dimension\" class=\"slide-image\" title=\"\"><img decoding=\"async\" src=\"https:\/\/sha-luzern.ch\/wp-content\/uploads\/19_Bauzentrum-Auer-Baustoffhandel-Landshut-CE-2-706x564.jpg\" \/><\/a>\n\t\t\t<\/div>\n<\/div>\n\n\t\n\t<\/div>\n<\/article>\n\t\t\t\t\t\t<\/div>\n\t\t\t\t\t\t\t\t\t\t\t\t\t\t\t\t\t\t\t\t<div class=\"flex_column av_one_third referenz-column  column-top-margin\">\n\t\t\t\t\t\t\t<article id=\"\" class=\"card-entry referenz-entry static-button   text-align-left has-link   heading-link  has-button \">\n\t<div class=\"card-entry__inner\">\n\t\t\n\t\n\t\t<div class=\"card-entry__media media-type-\">\n\t<div class=\"card-entry__media-inner\">\n\n\t\t<div class=\"card_entry__referenz\">\n\t\t\t<div class=\"card_entry__referenz-inner\">\n\t\t\t\t\t\t\t\t\t<div class=\"card-entry__heading\">\n\t<div class=\"card-entry__heading-inner\">\n\n\n\t\t\t\n\t\t\t\n\t\t\t<a class=\"card-entry__link\" href=\"https:\/\/sha-luzern.ch\/fr\/projects\/marche-de-la-construction-commerce-de-materiaux-de-construction\/luschka-wagenmann-a-mannheim-un-ensemble-coherent-dancien-et-de-nouveau\" target=\"_self\">\n\t\t\t\t\t\t\t<h3 class=\"card-entry__headline  \">\n\t\t\t\t\tLuschka + Wagenmann \u00e0 Mannheim : un ensemble coh\u00e9rent d'ancien et de nouveau\n\t\t\t\t<\/h3>\n\t\t\t\n\t\t\t\n\t\t<\/a>\n\t<\/div>\n<\/div>\n\t\t\t\t\t\t\t<\/div>\n\t\t<\/div>\n\n\t\t\t\t\t<div class=\"card-entry__action\">\n\t<div class=\"card-entry__action-inner\">\n\t\t<div class=\"card-entry__button-wrap avia-button-wrap avia-button-right theme-fill\">\n\t\t\t\t\t\t\t<a class=\"card-entry__button avia-button avia-button color-ci-black hover-yellow avia-size-small  avia-position-right\" href=\"https:\/\/sha-luzern.ch\/fr\/projects\/marche-de-la-construction-commerce-de-materiaux-de-construction\/luschka-wagenmann-a-mannheim-un-ensemble-coherent-dancien-et-de-nouveau\" target=\"\">\n\t\t\t\t\t<span class=\"button-icon\"><i class=\"icon-arrow_next\"><\/i><\/span><span class=\"button-text\">lire la suite<\/span>\n\t\t\t\t<\/a>\n\t\t\t\t\t<\/div>\n\t<\/div>\n<\/div>\n\t\t\n\t\t\t\t\t<a href=\"https:\/\/sha-luzern.ch\/fr\/projects\/marche-de-la-construction-commerce-de-materiaux-de-construction\/luschka-wagenmann-a-mannheim-un-ensemble-coherent-dancien-et-de-nouveau\" class=\"slide-image\" title=\"\"><img decoding=\"async\" src=\"https:\/\/sha-luzern.ch\/wp-content\/uploads\/19_Luschka-und-Wagenmann-Mannheim-CE-3-706x564.jpg\" \/><\/a>\n\t\t\t<\/div>\n<\/div>\n\n\t\n\t<\/div>\n<\/article>\n\t\t\t\t\t\t<\/div>\n\t\t\t\t\t\t\t\t\t\t\t\t\t\t\t\t\t\t\t\t<div class=\"flex_column av_one_third referenz-column first column-top-margin\">\n\t\t\t\t\t\t\t<article id=\"\" class=\"card-entry referenz-entry static-button   text-align-left has-link   heading-link  has-button \">\n\t<div class=\"card-entry__inner\">\n\t\t\n\t\n\t\t<div class=\"card-entry__media media-type-\">\n\t<div class=\"card-entry__media-inner\">\n\n\t\t<div class=\"card_entry__referenz\">\n\t\t\t<div class=\"card_entry__referenz-inner\">\n\t\t\t\t\t\t\t\t\t<div class=\"card-entry__heading\">\n\t<div class=\"card-entry__heading-inner\">\n\n\n\t\t\t\n\t\t\t\n\t\t\t<a class=\"card-entry__link\" href=\"https:\/\/sha-luzern.ch\/fr\/projects\/marche-de-la-construction-commerce-de-materiaux-de-construction\/un-langage-des-formes-qui-ne-passe-pas-inapercu-bauzentrum-thelen-a-simmerath\" target=\"_self\">\n\t\t\t\t\t\t\t<h3 class=\"card-entry__headline  \">\n\t\t\t\t\tUn langage des formes qui ne passe pas inaper\u00e7u : Bauzentrum Thelen \u00e0 Simmerath\n\t\t\t\t<\/h3>\n\t\t\t\n\t\t\t\n\t\t<\/a>\n\t<\/div>\n<\/div>\n\t\t\t\t\t\t\t<\/div>\n\t\t<\/div>\n\n\t\t\t\t\t<div class=\"card-entry__action\">\n\t<div class=\"card-entry__action-inner\">\n\t\t<div class=\"card-entry__button-wrap avia-button-wrap avia-button-right theme-fill\">\n\t\t\t\t\t\t\t<a class=\"card-entry__button avia-button avia-button color-ci-black hover-yellow avia-size-small  avia-position-right\" href=\"https:\/\/sha-luzern.ch\/fr\/projects\/marche-de-la-construction-commerce-de-materiaux-de-construction\/un-langage-des-formes-qui-ne-passe-pas-inapercu-bauzentrum-thelen-a-simmerath\" target=\"\">\n\t\t\t\t\t<span class=\"button-icon\"><i class=\"icon-arrow_next\"><\/i><\/span><span class=\"button-text\">lire la suite<\/span>\n\t\t\t\t<\/a>\n\t\t\t\t\t<\/div>\n\t<\/div>\n<\/div>\n\t\t\n\t\t\t\t\t<a href=\"https:\/\/sha-luzern.ch\/fr\/projects\/marche-de-la-construction-commerce-de-materiaux-de-construction\/un-langage-des-formes-qui-ne-passe-pas-inapercu-bauzentrum-thelen-a-simmerath\" class=\"slide-image\" title=\"\"><img decoding=\"async\" src=\"https:\/\/sha-luzern.ch\/wp-content\/uploads\/Bauzentrum-Thelen-Simmerath-CE-2-706x564.jpg\" \/><\/a>\n\t\t\t<\/div>\n<\/div>\n\n\t\n\t<\/div>\n<\/article>\n\t\t\t\t\t\t<\/div>\n\t\t\t\t\t\t\t\t\t\t\t\t\t\t\t\t\t\t\t\t<div class=\"flex_column av_one_third referenz-column  column-top-margin\">\n\t\t\t\t\t\t\t<article id=\"\" class=\"card-entry referenz-entry static-button   text-align-left has-link   heading-link  has-button \">\n\t<div class=\"card-entry__inner\">\n\t\t\n\t\n\t\t<div class=\"card-entry__media media-type-\">\n\t<div class=\"card-entry__media-inner\">\n\n\t\t<div class=\"card_entry__referenz\">\n\t\t\t<div class=\"card_entry__referenz-inner\">\n\t\t\t\t\t\t\t\t\t<div class=\"card-entry__heading\">\n\t<div class=\"card-entry__heading-inner\">\n\n\n\t\t\t\n\t\t\t\n\t\t\t<a class=\"card-entry__link\" href=\"https:\/\/sha-luzern.ch\/fr\/projects\/marche-de-la-construction-commerce-de-materiaux-de-construction\/centre-de-construction-kompf-a-calw\" target=\"_self\">\n\t\t\t\t\t\t\t<h3 class=\"card-entry__headline  \">\n\t\t\t\t\tCentre de construction K\u00f6mpf \u00e0 Calw\n\t\t\t\t<\/h3>\n\t\t\t\n\t\t\t\n\t\t<\/a>\n\t<\/div>\n<\/div>\n\t\t\t\t\t\t\t<\/div>\n\t\t<\/div>\n\n\t\t\t\t\t<div class=\"card-entry__action\">\n\t<div class=\"card-entry__action-inner\">\n\t\t<div class=\"card-entry__button-wrap avia-button-wrap avia-button-right theme-fill\">\n\t\t\t\t\t\t\t<a class=\"card-entry__button avia-button avia-button color-ci-black hover-yellow avia-size-small  avia-position-right\" href=\"https:\/\/sha-luzern.ch\/fr\/projects\/marche-de-la-construction-commerce-de-materiaux-de-construction\/centre-de-construction-kompf-a-calw\" target=\"\">\n\t\t\t\t\t<span class=\"button-icon\"><i class=\"icon-arrow_next\"><\/i><\/span><span class=\"button-text\">lire la suite<\/span>\n\t\t\t\t<\/a>\n\t\t\t\t\t<\/div>\n\t<\/div>\n<\/div>\n\t\t\n\t\t\t\t\t<a href=\"https:\/\/sha-luzern.ch\/fr\/projects\/marche-de-la-construction-commerce-de-materiaux-de-construction\/centre-de-construction-kompf-a-calw\" class=\"slide-image\" title=\"\"><img decoding=\"async\" src=\"https:\/\/sha-luzern.ch\/wp-content\/uploads\/K\u00f6mpf-706x564.jpg\" \/><\/a>\n\t\t\t<\/div>\n<\/div>\n\n\t\n\t<\/div>\n<\/article>\n\t\t\t\t\t\t<\/div>\n\t\t\t\t\t\t\t\t\t\t\t\t\t\t\t\t\t\t\t\t<div class=\"flex_column av_one_third referenz-column  column-top-margin\">\n\t\t\t\t\t\t\t<article id=\"\" class=\"card-entry referenz-entry static-button   text-align-left has-link   heading-link  has-button \">\n\t<div class=\"card-entry__inner\">\n\t\t\n\t\n\t\t<div class=\"card-entry__media media-type-\">\n\t<div class=\"card-entry__media-inner\">\n\n\t\t<div class=\"card_entry__referenz\">\n\t\t\t<div class=\"card_entry__referenz-inner\">\n\t\t\t\t\t\t\t\t\t<div class=\"card-entry__heading\">\n\t<div class=\"card-entry__heading-inner\">\n\n\n\t\t\t\n\t\t\t\n\t\t\t<a class=\"card-entry__link\" href=\"https:\/\/sha-luzern.ch\/fr\/projects\/marche-de-la-construction-commerce-de-materiaux-de-construction\/centre-du-bois-et-des-materiaux-de-construction-beinbrech-a-bad-kreuznach\" target=\"_self\">\n\t\t\t\t\t\t\t<h3 class=\"card-entry__headline  \">\n\t\t\t\t\tCentre du bois et des mat\u00e9riaux de construction Beinbrech \u00e0 Bad Kreuznach\n\t\t\t\t<\/h3>\n\t\t\t\n\t\t\t\n\t\t<\/a>\n\t<\/div>\n<\/div>\n\t\t\t\t\t\t\t<\/div>\n\t\t<\/div>\n\n\t\t\t\t\t<div class=\"card-entry__action\">\n\t<div class=\"card-entry__action-inner\">\n\t\t<div class=\"card-entry__button-wrap avia-button-wrap avia-button-right theme-fill\">\n\t\t\t\t\t\t\t<a class=\"card-entry__button avia-button avia-button color-ci-black hover-yellow avia-size-small  avia-position-right\" href=\"https:\/\/sha-luzern.ch\/fr\/projects\/marche-de-la-construction-commerce-de-materiaux-de-construction\/centre-du-bois-et-des-materiaux-de-construction-beinbrech-a-bad-kreuznach\" target=\"\">\n\t\t\t\t\t<span class=\"button-icon\"><i class=\"icon-arrow_next\"><\/i><\/span><span class=\"button-text\">lire la suite<\/span>\n\t\t\t\t<\/a>\n\t\t\t\t\t<\/div>\n\t<\/div>\n<\/div>\n\t\t\n\t\t\t\t\t<a href=\"https:\/\/sha-luzern.ch\/fr\/projects\/marche-de-la-construction-commerce-de-materiaux-de-construction\/centre-du-bois-et-des-materiaux-de-construction-beinbrech-a-bad-kreuznach\" class=\"slide-image\" title=\"\"><img decoding=\"async\" src=\"https:\/\/sha-luzern.ch\/wp-content\/uploads\/Beinbrech-Holz-und-Baustoffzentrum-Bad-Kreuznach-CE-2016-3-706x564.jpg\" \/><\/a>\n\t\t\t<\/div>\n<\/div>\n\n\t\n\t<\/div>\n<\/article>\n\t\t\t\t\t\t<\/div>\n\t\t\t\t\t\t\t\t\t\t\t\t\t\t\t\t\t\t\t\t<div class=\"flex_column av_one_third referenz-column first column-top-margin\">\n\t\t\t\t\t\t\t<article id=\"\" class=\"card-entry referenz-entry static-button   text-align-left has-link   heading-link  has-button \">\n\t<div class=\"card-entry__inner\">\n\t\t\n\t\n\t\t<div class=\"card-entry__media media-type-\">\n\t<div class=\"card-entry__media-inner\">\n\n\t\t<div class=\"card_entry__referenz\">\n\t\t\t<div class=\"card_entry__referenz-inner\">\n\t\t\t\t\t\t\t\t\t<div class=\"card-entry__heading\">\n\t<div class=\"card-entry__heading-inner\">\n\n\n\t\t\t\n\t\t\t\n\t\t\t<a class=\"card-entry__link\" href=\"https:\/\/sha-luzern.ch\/fr\/projects\/marche-de-la-construction-commerce-de-materiaux-de-construction\/mw-trockenbau-construction-dun-nouveau-magasin-specialise-a-neu-isenburg\" target=\"_self\">\n\t\t\t\t\t\t\t<h3 class=\"card-entry__headline  \">\n\t\t\t\t\tMW Trockenbau : Construction d'un nouveau magasin sp\u00e9cialis\u00e9 \u00e0 Neu-Isenburg\n\t\t\t\t<\/h3>\n\t\t\t\n\t\t\t\n\t\t<\/a>\n\t<\/div>\n<\/div>\n\t\t\t\t\t\t\t<\/div>\n\t\t<\/div>\n\n\t\t\t\t\t<div class=\"card-entry__action\">\n\t<div class=\"card-entry__action-inner\">\n\t\t<div class=\"card-entry__button-wrap avia-button-wrap avia-button-right theme-fill\">\n\t\t\t\t\t\t\t<a class=\"card-entry__button avia-button avia-button color-ci-black hover-yellow avia-size-small  avia-position-right\" href=\"https:\/\/sha-luzern.ch\/fr\/projects\/marche-de-la-construction-commerce-de-materiaux-de-construction\/mw-trockenbau-construction-dun-nouveau-magasin-specialise-a-neu-isenburg\" target=\"\">\n\t\t\t\t\t<span class=\"button-icon\"><i class=\"icon-arrow_next\"><\/i><\/span><span class=\"button-text\">lire la suite<\/span>\n\t\t\t\t<\/a>\n\t\t\t\t\t<\/div>\n\t<\/div>\n<\/div>\n\t\t\n\t\t\t\t\t<a href=\"https:\/\/sha-luzern.ch\/fr\/projects\/marche-de-la-construction-commerce-de-materiaux-de-construction\/mw-trockenbau-construction-dun-nouveau-magasin-specialise-a-neu-isenburg\" class=\"slide-image\" title=\"\"><img decoding=\"async\" src=\"https:\/\/sha-luzern.ch\/wp-content\/uploads\/MW-Trockenbau-Neu-Isenburg-CE-2016-2-706x564.jpg\" \/><\/a>\n\t\t\t<\/div>\n<\/div>\n\n\t\n\t<\/div>\n<\/article>\n\t\t\t\t\t\t<\/div>\n\t\t\t\t\t\t\t\t\t\t\t\t\t\t\t\t\t\t\t\t<div class=\"flex_column av_one_third referenz-column  column-top-margin\">\n\t\t\t\t\t\t\t<article id=\"\" class=\"card-entry referenz-entry static-button   text-align-left has-link   heading-link  has-button \">\n\t<div class=\"card-entry__inner\">\n\t\t\n\t\n\t\t<div class=\"card-entry__media media-type-\">\n\t<div class=\"card-entry__media-inner\">\n\n\t\t<div class=\"card_entry__referenz\">\n\t\t\t<div class=\"card_entry__referenz-inner\">\n\t\t\t\t\t\t\t\t\t<div class=\"card-entry__heading\">\n\t<div class=\"card-entry__heading-inner\">\n\n\n\t\t\t\n\t\t\t\n\t\t\t<a class=\"card-entry__link\" href=\"https:\/\/sha-luzern.ch\/fr\/projects\/marche-de-la-construction-commerce-de-materiaux-de-construction\/baustoff-brandes-a-peine\" target=\"_self\">\n\t\t\t\t\t\t\t<h3 class=\"card-entry__headline  \">\n\t\t\t\t\tBaustoff Brandes \u00e0 Peine\n\t\t\t\t<\/h3>\n\t\t\t\n\t\t\t\n\t\t<\/a>\n\t<\/div>\n<\/div>\n\t\t\t\t\t\t\t<\/div>\n\t\t<\/div>\n\n\t\t\t\t\t<div class=\"card-entry__action\">\n\t<div class=\"card-entry__action-inner\">\n\t\t<div class=\"card-entry__button-wrap avia-button-wrap avia-button-right theme-fill\">\n\t\t\t\t\t\t\t<a class=\"card-entry__button avia-button avia-button color-ci-black hover-yellow avia-size-small  avia-position-right\" href=\"https:\/\/sha-luzern.ch\/fr\/projects\/marche-de-la-construction-commerce-de-materiaux-de-construction\/baustoff-brandes-a-peine\" target=\"\">\n\t\t\t\t\t<span class=\"button-icon\"><i class=\"icon-arrow_next\"><\/i><\/span><span class=\"button-text\">lire la suite<\/span>\n\t\t\t\t<\/a>\n\t\t\t\t\t<\/div>\n\t<\/div>\n<\/div>\n\t\t\n\t\t\t\t\t<a href=\"https:\/\/sha-luzern.ch\/fr\/projects\/marche-de-la-construction-commerce-de-materiaux-de-construction\/baustoff-brandes-a-peine\" class=\"slide-image\" title=\"\"><img decoding=\"async\" src=\"https:\/\/sha-luzern.ch\/wp-content\/uploads\/Baustoff-Brandes-706x564.jpg\" \/><\/a>\n\t\t\t<\/div>\n<\/div>\n\n\t\n\t<\/div>\n<\/article>\n\t\t\t\t\t\t<\/div>\n\t\t\t\t\t\t\t\t\t\t\t\t\t\t\t\t\t\t\t\t<div class=\"flex_column av_one_third referenz-column  column-top-margin\">\n\t\t\t\t\t\t\t<article id=\"\" class=\"card-entry referenz-entry static-button   text-align-left has-link   heading-link  has-button \">\n\t<div class=\"card-entry__inner\">\n\t\t\n\t\n\t\t<div class=\"card-entry__media media-type-\">\n\t<div class=\"card-entry__media-inner\">\n\n\t\t<div class=\"card_entry__referenz\">\n\t\t\t<div class=\"card_entry__referenz-inner\">\n\t\t\t\t\t\t\t\t\t<div class=\"card-entry__heading\">\n\t<div class=\"card-entry__heading-inner\">\n\n\n\t\t\t\n\t\t\t\n\t\t\t<a class=\"card-entry__link\" href=\"https:\/\/sha-luzern.ch\/fr\/projects\/marche-de-la-construction-commerce-de-materiaux-de-construction\/nouvelle-construction-du-centre-de-carrelage-et-de-pierres-naturelles-schmidt-rudersdorf-a-wurselen\" target=\"_self\">\n\t\t\t\t\t\t\t<h3 class=\"card-entry__headline  \">\n\t\t\t\t\tNouvelle construction du centre de carrelage et de pierres naturelles Schmidt-Rudersdorf \u00e0 W\u00fcrselen\n\t\t\t\t<\/h3>\n\t\t\t\n\t\t\t\n\t\t<\/a>\n\t<\/div>\n<\/div>\n\t\t\t\t\t\t\t<\/div>\n\t\t<\/div>\n\n\t\t\t\t\t<div class=\"card-entry__action\">\n\t<div class=\"card-entry__action-inner\">\n\t\t<div class=\"card-entry__button-wrap avia-button-wrap avia-button-right theme-fill\">\n\t\t\t\t\t\t\t<a class=\"card-entry__button avia-button avia-button color-ci-black hover-yellow avia-size-small  avia-position-right\" href=\"https:\/\/sha-luzern.ch\/fr\/projects\/marche-de-la-construction-commerce-de-materiaux-de-construction\/nouvelle-construction-du-centre-de-carrelage-et-de-pierres-naturelles-schmidt-rudersdorf-a-wurselen\" target=\"\">\n\t\t\t\t\t<span class=\"button-icon\"><i class=\"icon-arrow_next\"><\/i><\/span><span class=\"button-text\">lire la suite<\/span>\n\t\t\t\t<\/a>\n\t\t\t\t\t<\/div>\n\t<\/div>\n<\/div>\n\t\t\n\t\t\t\t\t<a href=\"https:\/\/sha-luzern.ch\/fr\/projects\/marche-de-la-construction-commerce-de-materiaux-de-construction\/nouvelle-construction-du-centre-de-carrelage-et-de-pierres-naturelles-schmidt-rudersdorf-a-wurselen\" class=\"slide-image\" title=\"\"><img decoding=\"async\" src=\"https:\/\/sha-luzern.ch\/wp-content\/uploads\/Fliesen-Schmidt-Rudersdorf-CE-9-706x564.jpg\" \/><\/a>\n\t\t\t<\/div>\n<\/div>\n\n\t\n\t<\/div>\n<\/article>\n\t\t\t\t\t\t<\/div>\n\t\t\t\t\t\t\t\t\t\t\t\t\t\t\t\t\t\t\t\t<div class=\"flex_column av_one_third referenz-column first column-top-margin\">\n\t\t\t\t\t\t\t<article id=\"\" class=\"card-entry referenz-entry static-button   text-align-left has-link   heading-link  has-button \">\n\t<div class=\"card-entry__inner\">\n\t\t\n\t\n\t\t<div class=\"card-entry__media media-type-\">\n\t<div class=\"card-entry__media-inner\">\n\n\t\t<div class=\"card_entry__referenz\">\n\t\t\t<div class=\"card_entry__referenz-inner\">\n\t\t\t\t\t\t\t\t\t<div class=\"card-entry__heading\">\n\t<div class=\"card-entry__heading-inner\">\n\n\n\t\t\t\n\t\t\t\n\t\t\t<a class=\"card-entry__link\" href=\"https:\/\/sha-luzern.ch\/fr\/projects\/marche-de-la-construction-commerce-de-materiaux-de-construction\/materiaux-de-construction-geulen-a-wurselen\" target=\"_self\">\n\t\t\t\t\t\t\t<h3 class=\"card-entry__headline  \">\n\t\t\t\t\tMat\u00e9riaux de construction Geulen \u00e0 W\u00fcrselen\n\t\t\t\t<\/h3>\n\t\t\t\n\t\t\t\n\t\t<\/a>\n\t<\/div>\n<\/div>\n\t\t\t\t\t\t\t<\/div>\n\t\t<\/div>\n\n\t\t\t\t\t<div class=\"card-entry__action\">\n\t<div class=\"card-entry__action-inner\">\n\t\t<div class=\"card-entry__button-wrap avia-button-wrap avia-button-right theme-fill\">\n\t\t\t\t\t\t\t<a class=\"card-entry__button avia-button avia-button color-ci-black hover-yellow avia-size-small  avia-position-right\" href=\"https:\/\/sha-luzern.ch\/fr\/projects\/marche-de-la-construction-commerce-de-materiaux-de-construction\/materiaux-de-construction-geulen-a-wurselen\" target=\"\">\n\t\t\t\t\t<span class=\"button-icon\"><i class=\"icon-arrow_next\"><\/i><\/span><span class=\"button-text\">lire la suite<\/span>\n\t\t\t\t<\/a>\n\t\t\t\t\t<\/div>\n\t<\/div>\n<\/div>\n\t\t\n\t\t\t\t\t<a href=\"https:\/\/sha-luzern.ch\/fr\/projects\/marche-de-la-construction-commerce-de-materiaux-de-construction\/materiaux-de-construction-geulen-a-wurselen\" class=\"slide-image\" title=\"\"><img decoding=\"async\" src=\"https:\/\/sha-luzern.ch\/wp-content\/uploads\/Baustoffe-Geulen-W\u00fcrselen-CE-2011-6-706x564.jpg\" \/><\/a>\n\t\t\t<\/div>\n<\/div>\n\n\t\n\t<\/div>\n<\/article>\n\t\t\t\t\t\t<\/div>\n\t\t\t\t\t\t\t\t\t\t\t\t\t\t\t\t\t\t\t\t<div class=\"flex_column av_one_third referenz-column  column-top-margin\">\n\t\t\t\t\t\t\t<article id=\"\" class=\"card-entry referenz-entry static-button   text-align-left has-link   heading-link  has-button \">\n\t<div class=\"card-entry__inner\">\n\t\t\n\t\n\t\t<div class=\"card-entry__media media-type-\">\n\t<div class=\"card-entry__media-inner\">\n\n\t\t<div class=\"card_entry__referenz\">\n\t\t\t<div class=\"card_entry__referenz-inner\">\n\t\t\t\t\t\t\t\t\t<div class=\"card-entry__heading\">\n\t<div class=\"card-entry__heading-inner\">\n\n\n\t\t\t\n\t\t\t\n\t\t\t<a class=\"card-entry__link\" href=\"https:\/\/sha-luzern.ch\/fr\/projects\/marche-de-la-construction-commerce-de-materiaux-de-construction\/un-langage-clair-hagebauzentrum-torley-a-soest\" target=\"_self\">\n\t\t\t\t\t\t\t<h3 class=\"card-entry__headline  \">\n\t\t\t\t\tUn langage clair : Hagebauzentrum Torley \u00e0 Soest\n\t\t\t\t<\/h3>\n\t\t\t\n\t\t\t\n\t\t<\/a>\n\t<\/div>\n<\/div>\n\t\t\t\t\t\t\t<\/div>\n\t\t<\/div>\n\n\t\t\t\t\t<div class=\"card-entry__action\">\n\t<div class=\"card-entry__action-inner\">\n\t\t<div class=\"card-entry__button-wrap avia-button-wrap avia-button-right theme-fill\">\n\t\t\t\t\t\t\t<a class=\"card-entry__button avia-button avia-button color-ci-black hover-yellow avia-size-small  avia-position-right\" href=\"https:\/\/sha-luzern.ch\/fr\/projects\/marche-de-la-construction-commerce-de-materiaux-de-construction\/un-langage-clair-hagebauzentrum-torley-a-soest\" target=\"\">\n\t\t\t\t\t<span class=\"button-icon\"><i class=\"icon-arrow_next\"><\/i><\/span><span class=\"button-text\">lire la suite<\/span>\n\t\t\t\t<\/a>\n\t\t\t\t\t<\/div>\n\t<\/div>\n<\/div>\n\t\t\n\t\t\t\t\t<a href=\"https:\/\/sha-luzern.ch\/fr\/projects\/marche-de-la-construction-commerce-de-materiaux-de-construction\/un-langage-clair-hagebauzentrum-torley-a-soest\" class=\"slide-image\" title=\"\"><img decoding=\"async\" src=\"https:\/\/sha-luzern.ch\/wp-content\/uploads\/hagebaumarkt-Torley-Soest-CE-2010-4-706x564.jpg\" \/><\/a>\n\t\t\t<\/div>\n<\/div>\n\n\t\n\t<\/div>\n<\/article>\n\t\t\t\t\t\t<\/div>\n\t\t\t\t\t\t\t\t\t\t\t\t\t\t\t\t\t\t\t\t<div class=\"flex_column av_one_third referenz-column  column-top-margin\">\n\t\t\t\t\t\t\t<article id=\"\" class=\"card-entry referenz-entry static-button   text-align-left has-link   heading-link  has-button \">\n\t<div class=\"card-entry__inner\">\n\t\t\n\t\n\t\t<div class=\"card-entry__media media-type-\">\n\t<div class=\"card-entry__media-inner\">\n\n\t\t<div class=\"card_entry__referenz\">\n\t\t\t<div class=\"card_entry__referenz-inner\">\n\t\t\t\t\t\t\t\t\t<div class=\"card-entry__heading\">\n\t<div class=\"card-entry__heading-inner\">\n\n\n\t\t\t\n\t\t\t\n\t\t\t<a class=\"card-entry__link\" href=\"https:\/\/sha-luzern.ch\/fr\/projects\/marche-de-la-construction-commerce-de-materiaux-de-construction\/agrandissement-et-modernisation-baucenter-kipp-grunhoff-a-ratingen\" target=\"_self\">\n\t\t\t\t\t\t\t<h3 class=\"card-entry__headline  \">\n\t\t\t\t\tAgrandissement et modernisation : Baucenter Kipp &amp; Gr\u00fcnhoff \u00e0 Ratingen\n\t\t\t\t<\/h3>\n\t\t\t\n\t\t\t\n\t\t<\/a>\n\t<\/div>\n<\/div>\n\t\t\t\t\t\t\t<\/div>\n\t\t<\/div>\n\n\t\t\t\t\t<div class=\"card-entry__action\">\n\t<div class=\"card-entry__action-inner\">\n\t\t<div class=\"card-entry__button-wrap avia-button-wrap avia-button-right theme-fill\">\n\t\t\t\t\t\t\t<a class=\"card-entry__button avia-button avia-button color-ci-black hover-yellow avia-size-small  avia-position-right\" href=\"https:\/\/sha-luzern.ch\/fr\/projects\/marche-de-la-construction-commerce-de-materiaux-de-construction\/agrandissement-et-modernisation-baucenter-kipp-grunhoff-a-ratingen\" target=\"\">\n\t\t\t\t\t<span class=\"button-icon\"><i class=\"icon-arrow_next\"><\/i><\/span><span class=\"button-text\">lire la suite<\/span>\n\t\t\t\t<\/a>\n\t\t\t\t\t<\/div>\n\t<\/div>\n<\/div>\n\t\t\n\t\t\t\t\t<a href=\"https:\/\/sha-luzern.ch\/fr\/projects\/marche-de-la-construction-commerce-de-materiaux-de-construction\/agrandissement-et-modernisation-baucenter-kipp-grunhoff-a-ratingen\" class=\"slide-image\" title=\"\"><img decoding=\"async\" src=\"https:\/\/sha-luzern.ch\/wp-content\/uploads\/Kipp-Gr\u00fcnhoff-CE-3-706x564.jpg\" \/><\/a>\n\t\t\t<\/div>\n<\/div>\n\n\t\n\t<\/div>\n<\/article>\n\t\t\t\t\t\t<\/div>\n\t\t\t\t\t\t\t\t\t\t\t\t\t\t\t\t\t\t\t\t<div class=\"flex_column av_one_third referenz-column first column-top-margin\">\n\t\t\t\t\t\t\t<article id=\"\" class=\"card-entry referenz-entry static-button   text-align-left has-link   heading-link  has-button \">\n\t<div class=\"card-entry__inner\">\n\t\t\n\t\n\t\t<div class=\"card-entry__media media-type-\">\n\t<div class=\"card-entry__media-inner\">\n\n\t\t<div class=\"card_entry__referenz\">\n\t\t\t<div class=\"card_entry__referenz-inner\">\n\t\t\t\t\t\t\t\t\t<div class=\"card-entry__heading\">\n\t<div class=\"card-entry__heading-inner\">\n\n\n\t\t\t\n\t\t\t\n\t\t\t<a class=\"card-entry__link\" href=\"https:\/\/sha-luzern.ch\/fr\/projects\/marche-de-la-construction-commerce-de-materiaux-de-construction\/nouvelle-construction-bauzentrum-linnemann-a-muenster\" target=\"_self\">\n\t\t\t\t\t\t\t<h3 class=\"card-entry__headline  \">\n\t\t\t\t\tNouvelle construction : Bauzentrum Linnemann \u00e0 M\u00fcnster\n\t\t\t\t<\/h3>\n\t\t\t\n\t\t\t\n\t\t<\/a>\n\t<\/div>\n<\/div>\n\t\t\t\t\t\t\t<\/div>\n\t\t<\/div>\n\n\t\t\t\t\t<div class=\"card-entry__action\">\n\t<div class=\"card-entry__action-inner\">\n\t\t<div class=\"card-entry__button-wrap avia-button-wrap avia-button-right theme-fill\">\n\t\t\t\t\t\t\t<a class=\"card-entry__button avia-button avia-button color-ci-black hover-yellow avia-size-small  avia-position-right\" href=\"https:\/\/sha-luzern.ch\/fr\/projects\/marche-de-la-construction-commerce-de-materiaux-de-construction\/nouvelle-construction-bauzentrum-linnemann-a-muenster\" target=\"\">\n\t\t\t\t\t<span class=\"button-icon\"><i class=\"icon-arrow_next\"><\/i><\/span><span class=\"button-text\">lire la suite<\/span>\n\t\t\t\t<\/a>\n\t\t\t\t\t<\/div>\n\t<\/div>\n<\/div>\n\t\t\n\t\t\t\t\t<a href=\"https:\/\/sha-luzern.ch\/fr\/projects\/marche-de-la-construction-commerce-de-materiaux-de-construction\/nouvelle-construction-bauzentrum-linnemann-a-muenster\" class=\"slide-image\" title=\"\"><img decoding=\"async\" src=\"https:\/\/sha-luzern.ch\/wp-content\/uploads\/Linnemann-Trockenbaustoffe-M\u00fcnster-CE-2007-8-706x564.jpg\" \/><\/a>\n\t\t\t<\/div>\n<\/div>\n\n\t\n\t<\/div>\n<\/article>\n\t\t\t\t\t\t<\/div>\n\t\t\t\t\t\t\t\t\t\t\t\t\t\t\t\t\t\t\t\t<div class=\"flex_column av_one_third bg-alternate referenz-column  column-top-margin\"><\/div>\n\t\t\t\t\t\t\t\t\t\t\t\t\t\t\t\t\t\t\t\t<div class=\"flex_column av_one_third bg-alternate referenz-column  column-top-margin\"><\/div>\n\t\t\t\t\t\t\t\t\t\t\t\t<\/div>\n\t\t\t\t\t<\/div>\n\t<\/div>\n\n\n","protected":false},"excerpt":{"rendered":"","protected":false},"author":4,"featured_media":0,"parent":0,"menu_order":13,"comment_status":"closed","ping_status":"closed","template":"","meta":{"_acf_changed":false,"content-type":"","footnotes":""},"class_list":["post-30312","page","type-page","status-publish","hentry"],"acf":[],"yoast_head":"<!-- This site is optimized with the Yoast SEO plugin v26.1.1 - https:\/\/yoast.com\/wordpress\/plugins\/seo\/ -->\n<title>Bureau d&#039;architecture pour le commerce des mat\u00e9riaux de construction | SHA Scheffler Helbich Architekten<\/title>\n<meta name=\"description\" content=\"Vos architectes pour les magasins de bricolage &amp; entrep\u00f4ts \u2713 Surfaces de vente \u2713 Locaux administratifs, bureaux &amp; locaux sociaux \u2713 Zones de chargement \u2713 Modernisation &amp; mise en conformit\u00e9 incendie \u2713\" \/>\n<meta name=\"robots\" content=\"index, follow, max-snippet:-1, max-image-preview:large, max-video-preview:-1\" \/>\n<link rel=\"canonical\" href=\"https:\/\/sha-luzern.ch\/fr\/bureau-darchitecture-marche-de-la-construction-commerce-de-materiaux-de-construction\" \/>\n<meta property=\"og:locale\" content=\"fr_FR\" \/>\n<meta property=\"og:type\" content=\"article\" \/>\n<meta property=\"og:title\" content=\"Bureau d&#039;architecture pour le commerce des mat\u00e9riaux de construction | SHA Scheffler Helbich Architekten\" \/>\n<meta property=\"og:description\" content=\"Vos architectes pour les magasins de bricolage &amp; entrep\u00f4ts \u2713 Surfaces de vente \u2713 Locaux administratifs, bureaux &amp; locaux sociaux \u2713 Zones de chargement \u2713 Modernisation &amp; mise en conformit\u00e9 incendie \u2713\" \/>\n<meta property=\"og:url\" content=\"https:\/\/sha-luzern.ch\/fr\/bureau-darchitecture-marche-de-la-construction-commerce-de-materiaux-de-construction\" \/>\n<meta property=\"og:site_name\" content=\"SHA Scheffler Helbich Architekten GmbH\" \/>\n<meta property=\"article:modified_time\" content=\"2024-08-28T12:59:46+00:00\" \/>\n<meta name=\"twitter:card\" content=\"summary_large_image\" \/>\n<meta name=\"twitter:label1\" content=\"Dur\u00e9e de lecture estim\u00e9e\" \/>\n\t<meta name=\"twitter:data1\" content=\"8 minutes\" \/>\n<script type=\"application\/ld+json\" class=\"yoast-schema-graph\">{\"@context\":\"https:\/\/schema.org\",\"@graph\":[{\"@type\":\"WebPage\",\"@id\":\"https:\/\/sha-luzern.ch\/fr\/bureau-darchitecture-marche-de-la-construction-commerce-de-materiaux-de-construction\",\"url\":\"https:\/\/sha-luzern.ch\/fr\/bureau-darchitecture-marche-de-la-construction-commerce-de-materiaux-de-construction\",\"name\":\"Bureau d'architecture pour le commerce des mat\u00e9riaux de construction | SHA Scheffler Helbich Architekten\",\"isPartOf\":{\"@id\":\"https:\/\/sha-luzern.ch\/fr#website\"},\"datePublished\":\"2024-08-20T08:21:50+00:00\",\"dateModified\":\"2024-08-28T12:59:46+00:00\",\"description\":\"Vos architectes pour les magasins de bricolage & entrep\u00f4ts \u2713 Surfaces de vente \u2713 Locaux administratifs, bureaux & locaux sociaux \u2713 Zones de chargement \u2713 Modernisation & mise en conformit\u00e9 incendie \u2713\",\"breadcrumb\":{\"@id\":\"https:\/\/sha-luzern.ch\/fr\/bureau-darchitecture-marche-de-la-construction-commerce-de-materiaux-de-construction#breadcrumb\"},\"inLanguage\":\"fr-FR\",\"potentialAction\":[{\"@type\":\"ReadAction\",\"target\":[\"https:\/\/sha-luzern.ch\/fr\/bureau-darchitecture-marche-de-la-construction-commerce-de-materiaux-de-construction\"]}]},{\"@type\":\"BreadcrumbList\",\"@id\":\"https:\/\/sha-luzern.ch\/fr\/bureau-darchitecture-marche-de-la-construction-commerce-de-materiaux-de-construction#breadcrumb\",\"itemListElement\":[{\"@type\":\"ListItem\",\"position\":1,\"name\":\"Startseite\",\"item\":\"https:\/\/sha-luzern.ch\/fr\/accueil\"},{\"@type\":\"ListItem\",\"position\":2,\"name\":\"Bureau d&rsquo;architecture March\u00e9 de la construction &amp; commerce de mat\u00e9riaux de construction\"}]},{\"@type\":\"WebSite\",\"@id\":\"https:\/\/sha-luzern.ch\/fr#website\",\"url\":\"https:\/\/sha-luzern.ch\/fr\",\"name\":\"SHA Scheffler Helbich Architekten GmbH\",\"description\":\"\",\"potentialAction\":[{\"@type\":\"SearchAction\",\"target\":{\"@type\":\"EntryPoint\",\"urlTemplate\":\"https:\/\/sha-luzern.ch\/fr?s={search_term_string}\"},\"query-input\":{\"@type\":\"PropertyValueSpecification\",\"valueRequired\":true,\"valueName\":\"search_term_string\"}}],\"inLanguage\":\"fr-FR\"}]}<\/script>\n<!-- \/ Yoast SEO plugin. -->","yoast_head_json":{"title":"Bureau d'architecture pour le commerce des mat\u00e9riaux de construction | SHA Scheffler Helbich Architekten","description":"Vos architectes pour les magasins de bricolage & entrep\u00f4ts \u2713 Surfaces de vente \u2713 Locaux administratifs, bureaux & locaux sociaux \u2713 Zones de chargement \u2713 Modernisation & mise en conformit\u00e9 incendie \u2713","robots":{"index":"index","follow":"follow","max-snippet":"max-snippet:-1","max-image-preview":"max-image-preview:large","max-video-preview":"max-video-preview:-1"},"canonical":"https:\/\/sha-luzern.ch\/fr\/bureau-darchitecture-marche-de-la-construction-commerce-de-materiaux-de-construction","og_locale":"fr_FR","og_type":"article","og_title":"Bureau d'architecture pour le commerce des mat\u00e9riaux de construction | SHA Scheffler Helbich Architekten","og_description":"Vos architectes pour les magasins de bricolage & entrep\u00f4ts \u2713 Surfaces de vente \u2713 Locaux administratifs, bureaux & locaux sociaux \u2713 Zones de chargement \u2713 Modernisation & mise en conformit\u00e9 incendie \u2713","og_url":"https:\/\/sha-luzern.ch\/fr\/bureau-darchitecture-marche-de-la-construction-commerce-de-materiaux-de-construction","og_site_name":"SHA Scheffler Helbich Architekten GmbH","article_modified_time":"2024-08-28T12:59:46+00:00","twitter_card":"summary_large_image","twitter_misc":{"Dur\u00e9e de lecture estim\u00e9e":"8 minutes"},"schema":{"@context":"https:\/\/schema.org","@graph":[{"@type":"WebPage","@id":"https:\/\/sha-luzern.ch\/fr\/bureau-darchitecture-marche-de-la-construction-commerce-de-materiaux-de-construction","url":"https:\/\/sha-luzern.ch\/fr\/bureau-darchitecture-marche-de-la-construction-commerce-de-materiaux-de-construction","name":"Bureau d'architecture pour le commerce des mat\u00e9riaux de construction | SHA Scheffler Helbich Architekten","isPartOf":{"@id":"https:\/\/sha-luzern.ch\/fr#website"},"datePublished":"2024-08-20T08:21:50+00:00","dateModified":"2024-08-28T12:59:46+00:00","description":"Vos architectes pour les magasins de bricolage & entrep\u00f4ts \u2713 Surfaces de vente \u2713 Locaux administratifs, bureaux & locaux sociaux \u2713 Zones de chargement \u2713 Modernisation & mise en conformit\u00e9 incendie \u2713","breadcrumb":{"@id":"https:\/\/sha-luzern.ch\/fr\/bureau-darchitecture-marche-de-la-construction-commerce-de-materiaux-de-construction#breadcrumb"},"inLanguage":"fr-FR","potentialAction":[{"@type":"ReadAction","target":["https:\/\/sha-luzern.ch\/fr\/bureau-darchitecture-marche-de-la-construction-commerce-de-materiaux-de-construction"]}]},{"@type":"BreadcrumbList","@id":"https:\/\/sha-luzern.ch\/fr\/bureau-darchitecture-marche-de-la-construction-commerce-de-materiaux-de-construction#breadcrumb","itemListElement":[{"@type":"ListItem","position":1,"name":"Startseite","item":"https:\/\/sha-luzern.ch\/fr\/accueil"},{"@type":"ListItem","position":2,"name":"Bureau d&rsquo;architecture March\u00e9 de la construction &amp; commerce de mat\u00e9riaux de construction"}]},{"@type":"WebSite","@id":"https:\/\/sha-luzern.ch\/fr#website","url":"https:\/\/sha-luzern.ch\/fr","name":"SHA Scheffler Helbich Architekten GmbH","description":"","potentialAction":[{"@type":"SearchAction","target":{"@type":"EntryPoint","urlTemplate":"https:\/\/sha-luzern.ch\/fr?s={search_term_string}"},"query-input":{"@type":"PropertyValueSpecification","valueRequired":true,"valueName":"search_term_string"}}],"inLanguage":"fr-FR"}]}},"_links":{"self":[{"href":"https:\/\/sha-luzern.ch\/fr\/wp-json\/wp\/v2\/pages\/30312","targetHints":{"allow":["GET"]}}],"collection":[{"href":"https:\/\/sha-luzern.ch\/fr\/wp-json\/wp\/v2\/pages"}],"about":[{"href":"https:\/\/sha-luzern.ch\/fr\/wp-json\/wp\/v2\/types\/page"}],"author":[{"embeddable":true,"href":"https:\/\/sha-luzern.ch\/fr\/wp-json\/wp\/v2\/users\/4"}],"replies":[{"embeddable":true,"href":"https:\/\/sha-luzern.ch\/fr\/wp-json\/wp\/v2\/comments?post=30312"}],"version-history":[{"count":10,"href":"https:\/\/sha-luzern.ch\/fr\/wp-json\/wp\/v2\/pages\/30312\/revisions"}],"predecessor-version":[{"id":37700,"href":"https:\/\/sha-luzern.ch\/fr\/wp-json\/wp\/v2\/pages\/30312\/revisions\/37700"}],"wp:attachment":[{"href":"https:\/\/sha-luzern.ch\/fr\/wp-json\/wp\/v2\/media?parent=30312"}],"curies":[{"name":"wp","href":"https:\/\/api.w.org\/{rel}","templated":true}]}}