{"id":37537,"date":"2021-05-21T11:08:51","date_gmt":"2021-05-21T09:08:51","guid":{"rendered":"https:\/\/sha.de\/projets\/concours"},"modified":"2024-08-28T14:59:32","modified_gmt":"2024-08-28T12:59:32","slug":"concours","status":"publish","type":"page","link":"https:\/\/sha-luzern.ch\/fr\/projets\/concours","title":{"rendered":"Concours"},"content":{"rendered":"<div id='av_section_1' class='avia-section main_color pt-default pb-default avia-no-border-styling avia-bg-style-scroll  avia-builder-el-0  el_before_av_section  avia-builder-el-first   container_wrap fullsize' style=' '  ><div class='container' ><main  role=\"main\" itemprop=\"mainContentOfPage\"  class='template-page content  av-content-full alpha units'><div class='post-entry post-entry-type-page post-entry-37537'><div class='entry-content-wrapper clearfix'>\n\n\t\t\t<div id=\"av-k1humzob\" class=\"headline-column flex_column av_one_full flex_column_div first \">\n\t\t\t\t<div class=\"headline-wrap is-outside align-left sub-bottom\">\n\t\t\t\t\t<h1 class=\"headline-content headline-primary\">Nos participations aux concours<\/h1>\n\t\t\t\t\t<h2 class=\"headline-content headline-secondary\">Concours de planification<\/h2>\n\t\t\t\t<\/div>\n\t\t\t<\/div>\n<div class=\"flex_column av_one_half  flex_column_div av-zero-column-padding first       avia-builder-el-2  el_after_pixel_sc_headline  el_before_av_one_half  \"><section  class='av_textblock_section av-koy2p2k6-4e28d2a601d5f5b3e41dc495ffdefaa1 '   itemscope=\"itemscope\" itemtype=\"https:\/\/schema.org\/CreativeWork\" ><div class='avia_textblock'  itemprop=\"text\" ><p>Au cours de nos 90 ann\u00e9es d&rsquo;existence, nous avons r\u00e9alis\u00e9 d&rsquo;innombrables projets de construction dans toute l&rsquo;Allemagne avec des ma\u00eetres d&rsquo;ouvrage de renom. Qu&rsquo;il s&rsquo;agisse d&rsquo;une nouvelle construction ou de la r\u00e9novation d&rsquo;un bien immobilier existant, d&rsquo;un magasin de v\u00e9los visionnaire ou d&rsquo;un b\u00e2timent commercial sophistiqu\u00e9, SHA aborde les exigences complexes de mani\u00e8re analytique et pragmatique.<\/p>\n<\/div><\/section><\/div><div class=\"flex_column av_one_half  flex_column_div av-zero-column-padding        avia-builder-el-4  el_after_av_one_half  avia-builder-el-last  \"><section  class='av_textblock_section av-k1huncql-9a8ed77b35f82fee0cbf4f5e279fe504 '   itemscope=\"itemscope\" itemtype=\"https:\/\/schema.org\/CreativeWork\" ><div class='avia_textblock'  itemprop=\"text\" ><p>Nous sommes curieux, tr\u00e8s \u00e0 l&rsquo;\u00e9coute et nous nous consid\u00e9rons, tout au long du processus de planification et de construction, comme des gardiens qui tiennent toutes les ficelles. Nous r\u00e9alisons les souhaits individuels de nos clients avec continuit\u00e9, fiabilit\u00e9 et pr\u00e9cision. Vous \u00eates curieux ? Parcourez la vaste gamme de projets immobiliers que nous avons r\u00e9alis\u00e9s.<\/p>\n<\/div><\/section><\/div>\n\n<\/div><\/div><\/main><!-- close content main element --><\/div><\/div><div id='av_section_2' class='avia-section main_color pt-large pb-large avia-no-border-styling avia-bg-style-scroll  avia-builder-el-6  el_after_av_section  avia-builder-el-last   container_wrap fullsize' style=' '  ><div class='container' ><div class='template-page content  av-content-full alpha units'><div class='post-entry post-entry-type-page post-entry-37537'><div class='entry-content-wrapper clearfix'>\n\n\t\t\t<div id=\"av-lezv936x\" class=\"headline-column flex_column av_one_full flex_column_div first \">\n\t\t\t\t<div class=\"headline-wrap is-outside align-center sub-bottom\">\n\t\t\t\t\t<h2 class=\"headline-content headline-primary\">Nos services<\/h2>\n\t\t\t\t\t<h3 class=\"headline-content headline-secondary\">Notre gamme compl\u00e8te de services<\/h3>\n\t\t\t\t<\/div>\n\t\t\t<\/div>\n<div class=\"flex_column av_one_full  flex_column_div av-zero-column-padding first       avia-builder-el-8  el_after_pixel_sc_headline  el_before_av_one_full  \"><ul class=\"icon-row leistungen \">\n\t<li class=\"icon-row__entry beratung\">\n\t\t<a class=\"icon-row__entry-link\" href=\"https:\/\/sha-luzern.ch\/leistungen\/beratung\">\n\t\t\t<div class=\"icon-row__entry-image\">\n\t\t\t\t<div class=\"entry-image-svg\"><\/div>\n\t\t\t\t<!-- <div class=\"entry-image-hover\"><\/div> -->\n\t\t\t<\/div>\n\t\t\t<div class=\"icon-row__entry-text\">Conseil<\/div>\n\t\t<\/a>\n\t<\/li>\n\t<li class=\"icon-row__entry konzept\">\n\t\t<a class=\"icon-row__entry-link\" href=\"https:\/\/sha-luzern.ch\/leistungen\/analyse-und-konzept\">\n\t\t\t<div class=\"icon-row__entry-image\">\n\t\t\t\t<div class=\"entry-image-svg\"><\/div>\n\t\t\t\t<!-- <div class=\"entry-image-hover\"><\/div> -->\n\t\t\t<\/div>\n\t\t\t<div class=\"icon-row__entry-text\">Analyse & concept<\/div>\n\t\t<\/a>\n\t<\/li>\n\t<li class=\"icon-row__entry planung\">\n\t\t<a class=\"icon-row__entry-link\" href=\"https:\/\/sha-luzern.ch\/leistungen\/planung-und-koordination\">\n\t\t\t<div class=\"icon-row__entry-image\">\n\t\t\t\t<div class=\"entry-image-svg\"><\/div>\n\t\t\t\t<!-- <div class=\"entry-image-hover\"><\/div> -->\n\t\t\t<\/div>\n\t\t\t<div class=\"icon-row__entry-text\">Planification & coordination<\/div>\n\t\t<\/a>\n\t<\/li>\n\t<li class=\"icon-row__entry realisierung\">\n\t\t<a class=\"icon-row__entry-link\" href=\"https:\/\/sha-luzern.ch\/leistungen\/realisierung\">\n\t\t\t<div class=\"icon-row__entry-image\">\n\t\t\t\t<div class=\"entry-image-svg\"><\/div>\n\t\t\t\t<!-- <div class=\"entry-image-hover\"><\/div> -->\n\t\t\t<\/div>\n\t\t\t<div class=\"icon-row__entry-text\">R\u00e9alisation<\/div>\n\t\t<\/a>\n\t<\/li>\n\t<li class=\"icon-row__entry nachbetreuung\">\n\t\t<a class=\"icon-row__entry-link\" href=\"https:\/\/sha-luzern.ch\/leistungen\/nachbetreuung\">\n\t\t\t<div class=\"icon-row__entry-image\">\n\t\t\t\t<div class=\"entry-image-svg\"><\/div>\n\t\t\t\t<!-- <div class=\"entry-image-hover\"><\/div> -->\n\t\t\t<\/div>\n\t\t\t<div class=\"icon-row__entry-text\">Suivi<\/div>\n\t\t<\/a>\n\t<\/li>\n<\/ul><\/div><div class=\"flex_column av_one_full  flex_column_div av-zero-column-padding first       avia-builder-el-10  el_after_av_one_full  avia-builder-el-last  column-top-margin\"><div class=\"referenzgrid flex_column av_one_full first\">\n\t\t\t\t<div class=\"referenzgrid-wrap flex_column av_one_full column-top-margin first\">\n\t\t\t\t\t\t<div class=\"referenzgrid-section flex_column av_one_full first\">\n\t\t\t\t\t\t\t\t\t\t\t\t\t\t\t\t\t\t\t\t\t\t\t\t\t\t\t\t\t\t\t\t\t\t\t\t\t\t\t\t\t\t\t\t\t\t\t\t<div class=\"flex_column av_one_third referenz-column first \">\n\t\t\t\t\t\t\t<article id=\"\" class=\"card-entry referenz-entry static-button   text-align-left has-link   heading-link  has-button \">\n\t<div class=\"card-entry__inner\">\n\t\t\n\t\n\t\t<div class=\"card-entry__media media-type-\">\n\t<div class=\"card-entry__media-inner\">\n\n\t\t<div class=\"card_entry__referenz\">\n\t\t\t<div class=\"card_entry__referenz-inner\">\n\t\t\t\t\t\t\t\t\t<div class=\"card-entry__heading\">\n\t<div class=\"card-entry__heading-inner\">\n\n\n\t\t\t\n\t\t\t\n\t\t\t<a class=\"card-entry__link\" href=\"https:\/\/sha-luzern.ch\/fr\/projects\/bureau-administration\/bureau-euregio-a-gronau\" target=\"_self\">\n\t\t\t\t\t\t\t<h3 class=\"card-entry__headline  \">\n\t\t\t\t\tBureau Euregio \u00e0 Gronau\n\t\t\t\t<\/h3>\n\t\t\t\n\t\t\t\n\t\t<\/a>\n\t<\/div>\n<\/div>\n\t\t\t\t\t\t\t<\/div>\n\t\t<\/div>\n\n\t\t\t\t\t<div class=\"card-entry__action\">\n\t<div class=\"card-entry__action-inner\">\n\t\t<div class=\"card-entry__button-wrap avia-button-wrap avia-button-right theme-fill\">\n\t\t\t\t\t\t\t<a class=\"card-entry__button avia-button avia-button color-ci-black hover-yellow avia-size-small  avia-position-right\" href=\"https:\/\/sha-luzern.ch\/fr\/projects\/bureau-administration\/bureau-euregio-a-gronau\" target=\"\">\n\t\t\t\t\t<span class=\"button-icon\"><i class=\"icon-arrow_next\"><\/i><\/span><span class=\"button-text\">lire la suite<\/span>\n\t\t\t\t<\/a>\n\t\t\t\t\t<\/div>\n\t<\/div>\n<\/div>\n\t\t\n\t\t\t\t\t<a href=\"https:\/\/sha-luzern.ch\/fr\/projects\/bureau-administration\/bureau-euregio-a-gronau\" class=\"slide-image\" title=\"\"><img decoding=\"async\" src=\"https:\/\/sha-luzern.ch\/wp-content\/uploads\/Visu-706x564.jpg\" \/><\/a>\n\t\t\t<\/div>\n<\/div>\n\n\t\n\t<\/div>\n<\/article>\n\t\t\t\t\t\t<\/div>\n\t\t\t\t\t\t\t\t\t\t\t\t\t\t\t\t\t\t\t\t<div class=\"flex_column av_one_third referenz-column  \">\n\t\t\t\t\t\t\t<article id=\"\" class=\"card-entry referenz-entry static-button   text-align-left has-link   heading-link  has-button \">\n\t<div class=\"card-entry__inner\">\n\t\t\n\t\n\t\t<div class=\"card-entry__media media-type-\">\n\t<div class=\"card-entry__media-inner\">\n\n\t\t<div class=\"card_entry__referenz\">\n\t\t\t<div class=\"card_entry__referenz-inner\">\n\t\t\t\t\t\t\t\t\t<div class=\"card-entry__heading\">\n\t<div class=\"card-entry__heading-inner\">\n\n\n\t\t\t\n\t\t\t\n\t\t\t<a class=\"card-entry__link\" href=\"https:\/\/sha-luzern.ch\/fr\/projects\/batiments-scolaires-educatifs\/ecole-specialisee-a-lunen\" target=\"_self\">\n\t\t\t\t\t\t\t<h3 class=\"card-entry__headline  \">\n\t\t\t\t\t\u00c9cole sp\u00e9cialis\u00e9e \u00e0 L\u00fcnen\n\t\t\t\t<\/h3>\n\t\t\t\n\t\t\t\n\t\t<\/a>\n\t<\/div>\n<\/div>\n\t\t\t\t\t\t\t<\/div>\n\t\t<\/div>\n\n\t\t\t\t\t<div class=\"card-entry__action\">\n\t<div class=\"card-entry__action-inner\">\n\t\t<div class=\"card-entry__button-wrap avia-button-wrap avia-button-right theme-fill\">\n\t\t\t\t\t\t\t<a class=\"card-entry__button avia-button avia-button color-ci-black hover-yellow avia-size-small  avia-position-right\" href=\"https:\/\/sha-luzern.ch\/fr\/projects\/batiments-scolaires-educatifs\/ecole-specialisee-a-lunen\" target=\"\">\n\t\t\t\t\t<span class=\"button-icon\"><i class=\"icon-arrow_next\"><\/i><\/span><span class=\"button-text\">lire la suite<\/span>\n\t\t\t\t<\/a>\n\t\t\t\t\t<\/div>\n\t<\/div>\n<\/div>\n\t\t\n\t\t\t\t\t<a href=\"https:\/\/sha-luzern.ch\/fr\/projects\/batiments-scolaires-educatifs\/ecole-specialisee-a-lunen\" class=\"slide-image\" title=\"\"><img decoding=\"async\" src=\"https:\/\/sha-luzern.ch\/wp-content\/uploads\/Innenperspektive-706x564.jpg\" \/><\/a>\n\t\t\t<\/div>\n<\/div>\n\n\t\n\t<\/div>\n<\/article>\n\t\t\t\t\t\t<\/div>\n\t\t\t\t\t\t\t\t\t\t\t\t\t\t\t\t\t\t\t\t<div class=\"flex_column av_one_third referenz-column  \">\n\t\t\t\t\t\t\t<article id=\"\" class=\"card-entry referenz-entry static-button   text-align-left has-link   heading-link  has-button \">\n\t<div class=\"card-entry__inner\">\n\t\t\n\t\n\t\t<div class=\"card-entry__media media-type-\">\n\t<div class=\"card-entry__media-inner\">\n\n\t\t<div class=\"card_entry__referenz\">\n\t\t\t<div class=\"card_entry__referenz-inner\">\n\t\t\t\t\t\t\t\t\t<div class=\"card-entry__heading\">\n\t<div class=\"card-entry__heading-inner\">\n\n\n\t\t\t\n\t\t\t\n\t\t\t<a class=\"card-entry__link\" href=\"https:\/\/sha-luzern.ch\/fr\/projects\/bureau-administration\/batiment-de-la-direction-de-bima-a-rostock\" target=\"_self\">\n\t\t\t\t\t\t\t<h3 class=\"card-entry__headline  \">\n\t\t\t\t\tB\u00e2timent de la direction de BImA \u00e0 Rostock\n\t\t\t\t<\/h3>\n\t\t\t\n\t\t\t\n\t\t<\/a>\n\t<\/div>\n<\/div>\n\t\t\t\t\t\t\t<\/div>\n\t\t<\/div>\n\n\t\t\t\t\t<div class=\"card-entry__action\">\n\t<div class=\"card-entry__action-inner\">\n\t\t<div class=\"card-entry__button-wrap avia-button-wrap avia-button-right theme-fill\">\n\t\t\t\t\t\t\t<a class=\"card-entry__button avia-button avia-button color-ci-black hover-yellow avia-size-small  avia-position-right\" href=\"https:\/\/sha-luzern.ch\/fr\/projects\/bureau-administration\/batiment-de-la-direction-de-bima-a-rostock\" target=\"\">\n\t\t\t\t\t<span class=\"button-icon\"><i class=\"icon-arrow_next\"><\/i><\/span><span class=\"button-text\">lire la suite<\/span>\n\t\t\t\t<\/a>\n\t\t\t\t\t<\/div>\n\t<\/div>\n<\/div>\n\t\t\n\t\t\t\t\t<a href=\"https:\/\/sha-luzern.ch\/fr\/projects\/bureau-administration\/batiment-de-la-direction-de-bima-a-rostock\" class=\"slide-image\" title=\"\"><img decoding=\"async\" src=\"https:\/\/sha-luzern.ch\/wp-content\/uploads\/Aussenvisu2-706x564.png\" \/><\/a>\n\t\t\t<\/div>\n<\/div>\n\n\t\n\t<\/div>\n<\/article>\n\t\t\t\t\t\t<\/div>\n\t\t\t\t\t\t\t\t\t\t\t\t\t\t\t\t\t\t\t\t<div class=\"flex_column av_one_third referenz-column first column-top-margin\">\n\t\t\t\t\t\t\t<article id=\"\" class=\"card-entry referenz-entry static-button   text-align-left has-link   heading-link  has-button \">\n\t<div class=\"card-entry__inner\">\n\t\t\n\t\n\t\t<div class=\"card-entry__media media-type-\">\n\t<div class=\"card-entry__media-inner\">\n\n\t\t<div class=\"card_entry__referenz\">\n\t\t\t<div class=\"card_entry__referenz-inner\">\n\t\t\t\t\t\t\t\t\t<div class=\"card-entry__heading\">\n\t<div class=\"card-entry__heading-inner\">\n\n\n\t\t\t\n\t\t\t\n\t\t\t<a class=\"card-entry__link\" href=\"https:\/\/sha-luzern.ch\/fr\/projects\/batiments-scolaires-educatifs\/centre-scolaire-de-westerburg\" target=\"_self\">\n\t\t\t\t\t\t\t<h3 class=\"card-entry__headline  \">\n\t\t\t\t\tCentre scolaire de Westerburg\n\t\t\t\t<\/h3>\n\t\t\t\n\t\t\t\n\t\t<\/a>\n\t<\/div>\n<\/div>\n\t\t\t\t\t\t\t<\/div>\n\t\t<\/div>\n\n\t\t\t\t\t<div class=\"card-entry__action\">\n\t<div class=\"card-entry__action-inner\">\n\t\t<div class=\"card-entry__button-wrap avia-button-wrap avia-button-right theme-fill\">\n\t\t\t\t\t\t\t<a class=\"card-entry__button avia-button avia-button color-ci-black hover-yellow avia-size-small  avia-position-right\" href=\"https:\/\/sha-luzern.ch\/fr\/projects\/batiments-scolaires-educatifs\/centre-scolaire-de-westerburg\" target=\"\">\n\t\t\t\t\t<span class=\"button-icon\"><i class=\"icon-arrow_next\"><\/i><\/span><span class=\"button-text\">lire la suite<\/span>\n\t\t\t\t<\/a>\n\t\t\t\t\t<\/div>\n\t<\/div>\n<\/div>\n\t\t\n\t\t\t\t\t<a href=\"https:\/\/sha-luzern.ch\/fr\/projects\/batiments-scolaires-educatifs\/centre-scolaire-de-westerburg\" class=\"slide-image\" title=\"\"><img decoding=\"async\" src=\"https:\/\/sha-luzern.ch\/wp-content\/uploads\/165256_Lageplan-706x564.jpg\" \/><\/a>\n\t\t\t<\/div>\n<\/div>\n\n\t\n\t<\/div>\n<\/article>\n\t\t\t\t\t\t<\/div>\n\t\t\t\t\t\t\t\t\t\t\t\t\t\t\t\t\t\t\t\t<div class=\"flex_column av_one_third referenz-column  column-top-margin\">\n\t\t\t\t\t\t\t<article id=\"\" class=\"card-entry referenz-entry static-button   text-align-left has-link   heading-link  has-button \">\n\t<div class=\"card-entry__inner\">\n\t\t\n\t\n\t\t<div class=\"card-entry__media media-type-\">\n\t<div class=\"card-entry__media-inner\">\n\n\t\t<div class=\"card_entry__referenz\">\n\t\t\t<div class=\"card_entry__referenz-inner\">\n\t\t\t\t\t\t\t\t\t<div class=\"card-entry__heading\">\n\t<div class=\"card-entry__heading-inner\">\n\n\n\t\t\t\n\t\t\t\n\t\t\t<a class=\"card-entry__link\" href=\"https:\/\/sha-luzern.ch\/fr\/projects\/batiments-scolaires-educatifs\/ecole-primaire-de-wandlitz\" target=\"_self\">\n\t\t\t\t\t\t\t<h3 class=\"card-entry__headline  \">\n\t\t\t\t\t\u00c9cole primaire de Wandlitz\n\t\t\t\t<\/h3>\n\t\t\t\n\t\t\t\n\t\t<\/a>\n\t<\/div>\n<\/div>\n\t\t\t\t\t\t\t<\/div>\n\t\t<\/div>\n\n\t\t\t\t\t<div class=\"card-entry__action\">\n\t<div class=\"card-entry__action-inner\">\n\t\t<div class=\"card-entry__button-wrap avia-button-wrap avia-button-right theme-fill\">\n\t\t\t\t\t\t\t<a class=\"card-entry__button avia-button avia-button color-ci-black hover-yellow avia-size-small  avia-position-right\" href=\"https:\/\/sha-luzern.ch\/fr\/projects\/batiments-scolaires-educatifs\/ecole-primaire-de-wandlitz\" target=\"\">\n\t\t\t\t\t<span class=\"button-icon\"><i class=\"icon-arrow_next\"><\/i><\/span><span class=\"button-text\">lire la suite<\/span>\n\t\t\t\t<\/a>\n\t\t\t\t\t<\/div>\n\t<\/div>\n<\/div>\n\t\t\n\t\t\t\t\t<a href=\"https:\/\/sha-luzern.ch\/fr\/projects\/batiments-scolaires-educatifs\/ecole-primaire-de-wandlitz\" class=\"slide-image\" title=\"\"><img decoding=\"async\" src=\"https:\/\/sha-luzern.ch\/wp-content\/uploads\/2214_220830_Perspektive-Schulhof-706x564.jpg\" \/><\/a>\n\t\t\t<\/div>\n<\/div>\n\n\t\n\t<\/div>\n<\/article>\n\t\t\t\t\t\t<\/div>\n\t\t\t\t\t\t\t\t\t\t\t\t\t\t\t\t\t\t\t\t<div class=\"flex_column av_one_third referenz-column  column-top-margin\">\n\t\t\t\t\t\t\t<article id=\"\" class=\"card-entry referenz-entry static-button   text-align-left has-link   heading-link  has-button \">\n\t<div class=\"card-entry__inner\">\n\t\t\n\t\n\t\t<div class=\"card-entry__media media-type-\">\n\t<div class=\"card-entry__media-inner\">\n\n\t\t<div class=\"card_entry__referenz\">\n\t\t\t<div class=\"card_entry__referenz-inner\">\n\t\t\t\t\t\t\t\t\t<div class=\"card-entry__heading\">\n\t<div class=\"card-entry__heading-inner\">\n\n\n\t\t\t\n\t\t\t\n\t\t\t<a class=\"card-entry__link\" href=\"https:\/\/sha-luzern.ch\/fr\/projects\/bureau-administration\/batiment-des-archives-arolsen-archives\" target=\"_self\">\n\t\t\t\t\t\t\t<h3 class=\"card-entry__headline  \">\n\t\t\t\t\tB\u00e2timent des archives Arolsen Archives\n\t\t\t\t<\/h3>\n\t\t\t\n\t\t\t\n\t\t<\/a>\n\t<\/div>\n<\/div>\n\t\t\t\t\t\t\t<\/div>\n\t\t<\/div>\n\n\t\t\t\t\t<div class=\"card-entry__action\">\n\t<div class=\"card-entry__action-inner\">\n\t\t<div class=\"card-entry__button-wrap avia-button-wrap avia-button-right theme-fill\">\n\t\t\t\t\t\t\t<a class=\"card-entry__button avia-button avia-button color-ci-black hover-yellow avia-size-small  avia-position-right\" href=\"https:\/\/sha-luzern.ch\/fr\/projects\/bureau-administration\/batiment-des-archives-arolsen-archives\" target=\"\">\n\t\t\t\t\t<span class=\"button-icon\"><i class=\"icon-arrow_next\"><\/i><\/span><span class=\"button-text\">lire la suite<\/span>\n\t\t\t\t<\/a>\n\t\t\t\t\t<\/div>\n\t<\/div>\n<\/div>\n\t\t\n\t\t\t\t\t<a href=\"https:\/\/sha-luzern.ch\/fr\/projects\/bureau-administration\/batiment-des-archives-arolsen-archives\" class=\"slide-image\" title=\"\"><img decoding=\"async\" src=\"https:\/\/sha-luzern.ch\/wp-content\/uploads\/Aussenvisu-706x564.jpg\" \/><\/a>\n\t\t\t<\/div>\n<\/div>\n\n\t\n\t<\/div>\n<\/article>\n\t\t\t\t\t\t<\/div>\n\t\t\t\t\t\t\t\t\t\t\t\t\t\t\t\t\t\t\t\t<div class=\"flex_column av_one_third referenz-column first column-top-margin\">\n\t\t\t\t\t\t\t<article id=\"\" class=\"card-entry referenz-entry static-button   text-align-left has-link   heading-link  has-button \">\n\t<div class=\"card-entry__inner\">\n\t\t\n\t\n\t\t<div class=\"card-entry__media media-type-\">\n\t<div class=\"card-entry__media-inner\">\n\n\t\t<div class=\"card_entry__referenz\">\n\t\t\t<div class=\"card_entry__referenz-inner\">\n\t\t\t\t\t\t\t\t\t<div class=\"card-entry__heading\">\n\t<div class=\"card-entry__heading-inner\">\n\n\n\t\t\t\n\t\t\t\n\t\t\t<a class=\"card-entry__link\" href=\"https:\/\/sha-luzern.ch\/fr\/projects\/batiments-scolaires-educatifs\/campus-de-formation-en-construction-a-geradstetten\" target=\"_self\">\n\t\t\t\t\t\t\t<h3 class=\"card-entry__headline  \">\n\t\t\t\t\tCampus de formation en construction \u00e0 Geradstetten\n\t\t\t\t<\/h3>\n\t\t\t\n\t\t\t\n\t\t<\/a>\n\t<\/div>\n<\/div>\n\t\t\t\t\t\t\t<\/div>\n\t\t<\/div>\n\n\t\t\t\t\t<div class=\"card-entry__action\">\n\t<div class=\"card-entry__action-inner\">\n\t\t<div class=\"card-entry__button-wrap avia-button-wrap avia-button-right theme-fill\">\n\t\t\t\t\t\t\t<a class=\"card-entry__button avia-button avia-button color-ci-black hover-yellow avia-size-small  avia-position-right\" href=\"https:\/\/sha-luzern.ch\/fr\/projects\/batiments-scolaires-educatifs\/campus-de-formation-en-construction-a-geradstetten\" target=\"\">\n\t\t\t\t\t<span class=\"button-icon\"><i class=\"icon-arrow_next\"><\/i><\/span><span class=\"button-text\">lire la suite<\/span>\n\t\t\t\t<\/a>\n\t\t\t\t\t<\/div>\n\t<\/div>\n<\/div>\n\t\t\n\t\t\t\t\t<a href=\"https:\/\/sha-luzern.ch\/fr\/projects\/batiments-scolaires-educatifs\/campus-de-formation-en-construction-a-geradstetten\" class=\"slide-image\" title=\"\"><img decoding=\"async\" src=\"https:\/\/sha-luzern.ch\/wp-content\/uploads\/071325_GS_Aussenraumperspektive-706x564.jpg\" \/><\/a>\n\t\t\t<\/div>\n<\/div>\n\n\t\n\t<\/div>\n<\/article>\n\t\t\t\t\t\t<\/div>\n\t\t\t\t\t\t\t\t\t\t\t\t\t\t\t\t\t\t\t\t<div class=\"flex_column av_one_third referenz-column  column-top-margin\">\n\t\t\t\t\t\t\t<article id=\"\" class=\"card-entry referenz-entry static-button   text-align-left has-link   heading-link  has-button \">\n\t<div class=\"card-entry__inner\">\n\t\t\n\t\n\t\t<div class=\"card-entry__media media-type-\">\n\t<div class=\"card-entry__media-inner\">\n\n\t\t<div class=\"card_entry__referenz\">\n\t\t\t<div class=\"card_entry__referenz-inner\">\n\t\t\t\t\t\t\t\t\t<div class=\"card-entry__heading\">\n\t<div class=\"card-entry__heading-inner\">\n\n\n\t\t\t\n\t\t\t\n\t\t\t<a class=\"card-entry__link\" href=\"https:\/\/sha-luzern.ch\/fr\/projects\/batiments-scolaires-educatifs\/lycee-schulstrase-a-berlin\" target=\"_self\">\n\t\t\t\t\t\t\t<h3 class=\"card-entry__headline  \">\n\t\t\t\t\tLyc\u00e9e Schulstra\u00dfe \u00e0 Berlin\n\t\t\t\t<\/h3>\n\t\t\t\n\t\t\t\n\t\t<\/a>\n\t<\/div>\n<\/div>\n\t\t\t\t\t\t\t<\/div>\n\t\t<\/div>\n\n\t\t\t\t\t<div class=\"card-entry__action\">\n\t<div class=\"card-entry__action-inner\">\n\t\t<div class=\"card-entry__button-wrap avia-button-wrap avia-button-right theme-fill\">\n\t\t\t\t\t\t\t<a class=\"card-entry__button avia-button avia-button color-ci-black hover-yellow avia-size-small  avia-position-right\" href=\"https:\/\/sha-luzern.ch\/fr\/projects\/batiments-scolaires-educatifs\/lycee-schulstrase-a-berlin\" target=\"\">\n\t\t\t\t\t<span class=\"button-icon\"><i class=\"icon-arrow_next\"><\/i><\/span><span class=\"button-text\">lire la suite<\/span>\n\t\t\t\t<\/a>\n\t\t\t\t\t<\/div>\n\t<\/div>\n<\/div>\n\t\t\n\t\t\t\t\t<a href=\"https:\/\/sha-luzern.ch\/fr\/projects\/batiments-scolaires-educatifs\/lycee-schulstrase-a-berlin\" class=\"slide-image\" title=\"\"><img decoding=\"async\" src=\"https:\/\/sha-luzern.ch\/wp-content\/uploads\/150792_17_Visualisierung_Aussen-5-706x564.jpg\" \/><\/a>\n\t\t\t<\/div>\n<\/div>\n\n\t\n\t<\/div>\n<\/article>\n\t\t\t\t\t\t<\/div>\n\t\t\t\t\t\t\t\t\t\t\t\t\t\t\t\t\t\t\t\t<div class=\"flex_column av_one_third referenz-column  column-top-margin\">\n\t\t\t\t\t\t\t<article id=\"\" class=\"card-entry referenz-entry static-button   text-align-left has-link   heading-link  has-button \">\n\t<div class=\"card-entry__inner\">\n\t\t\n\t\n\t\t<div class=\"card-entry__media media-type-\">\n\t<div class=\"card-entry__media-inner\">\n\n\t\t<div class=\"card_entry__referenz\">\n\t\t\t<div class=\"card_entry__referenz-inner\">\n\t\t\t\t\t\t\t\t\t<div class=\"card-entry__heading\">\n\t<div class=\"card-entry__heading-inner\">\n\n\n\t\t\t\n\t\t\t\n\t\t\t<a class=\"card-entry__link\" href=\"https:\/\/sha-luzern.ch\/fr\/projects\/concours\/universite-de-kassel\" target=\"_self\">\n\t\t\t\t\t\t\t<h3 class=\"card-entry__headline  \">\n\t\t\t\t\tUniversit\u00e9 de Kassel\n\t\t\t\t<\/h3>\n\t\t\t\n\t\t\t\n\t\t<\/a>\n\t<\/div>\n<\/div>\n\t\t\t\t\t\t\t<\/div>\n\t\t<\/div>\n\n\t\t\t\t\t<div class=\"card-entry__action\">\n\t<div class=\"card-entry__action-inner\">\n\t\t<div class=\"card-entry__button-wrap avia-button-wrap avia-button-right theme-fill\">\n\t\t\t\t\t\t\t<a class=\"card-entry__button avia-button avia-button color-ci-black hover-yellow avia-size-small  avia-position-right\" href=\"https:\/\/sha-luzern.ch\/fr\/projects\/concours\/universite-de-kassel\" target=\"\">\n\t\t\t\t\t<span class=\"button-icon\"><i class=\"icon-arrow_next\"><\/i><\/span><span class=\"button-text\">lire la suite<\/span>\n\t\t\t\t<\/a>\n\t\t\t\t\t<\/div>\n\t<\/div>\n<\/div>\n\t\t\n\t\t\t\t\t<a href=\"https:\/\/sha-luzern.ch\/fr\/projects\/concours\/universite-de-kassel\" class=\"slide-image\" title=\"\"><img decoding=\"async\" src=\"https:\/\/sha-luzern.ch\/wp-content\/uploads\/Aussen-scaled-e1700666123814-706x564.jpg\" \/><\/a>\n\t\t\t<\/div>\n<\/div>\n\n\t\n\t<\/div>\n<\/article>\n\t\t\t\t\t\t<\/div>\n\t\t\t\t\t\t\t\t\t\t\t\t\t\t\t\t\t\t\t\t<div class=\"flex_column av_one_third referenz-column first column-top-margin\">\n\t\t\t\t\t\t\t<article id=\"\" class=\"card-entry referenz-entry static-button   text-align-left has-link   heading-link  has-button \">\n\t<div class=\"card-entry__inner\">\n\t\t\n\t\n\t\t<div class=\"card-entry__media media-type-\">\n\t<div class=\"card-entry__media-inner\">\n\n\t\t<div class=\"card_entry__referenz\">\n\t\t\t<div class=\"card_entry__referenz-inner\">\n\t\t\t\t\t\t\t\t\t<div class=\"card-entry__heading\">\n\t<div class=\"card-entry__heading-inner\">\n\n\n\t\t\t\n\t\t\t\n\t\t\t<a class=\"card-entry__link\" href=\"https:\/\/sha-luzern.ch\/fr\/projects\/bureau-administration\/bureau-de-stolpe\" target=\"_self\">\n\t\t\t\t\t\t\t<h3 class=\"card-entry__headline  \">\n\t\t\t\t\tBureau de Stolpe\n\t\t\t\t<\/h3>\n\t\t\t\n\t\t\t\n\t\t<\/a>\n\t<\/div>\n<\/div>\n\t\t\t\t\t\t\t<\/div>\n\t\t<\/div>\n\n\t\t\t\t\t<div class=\"card-entry__action\">\n\t<div class=\"card-entry__action-inner\">\n\t\t<div class=\"card-entry__button-wrap avia-button-wrap avia-button-right theme-fill\">\n\t\t\t\t\t\t\t<a class=\"card-entry__button avia-button avia-button color-ci-black hover-yellow avia-size-small  avia-position-right\" href=\"https:\/\/sha-luzern.ch\/fr\/projects\/bureau-administration\/bureau-de-stolpe\" target=\"\">\n\t\t\t\t\t<span class=\"button-icon\"><i class=\"icon-arrow_next\"><\/i><\/span><span class=\"button-text\">lire la suite<\/span>\n\t\t\t\t<\/a>\n\t\t\t\t\t<\/div>\n\t<\/div>\n<\/div>\n\t\t\n\t\t\t\t\t<a href=\"https:\/\/sha-luzern.ch\/fr\/projects\/bureau-administration\/bureau-de-stolpe\" class=\"slide-image\" title=\"\"><img decoding=\"async\" src=\"https:\/\/sha-luzern.ch\/wp-content\/uploads\/Aussenperspektive-V2.1-706x564.jpg\" \/><\/a>\n\t\t\t<\/div>\n<\/div>\n\n\t\n\t<\/div>\n<\/article>\n\t\t\t\t\t\t<\/div>\n\t\t\t\t\t\t\t\t\t\t\t\t\t\t\t\t\t\t\t\t<div class=\"flex_column av_one_third referenz-column  column-top-margin\">\n\t\t\t\t\t\t\t<article id=\"\" class=\"card-entry referenz-entry static-button   text-align-left has-link   heading-link  has-button \">\n\t<div class=\"card-entry__inner\">\n\t\t\n\t\n\t\t<div class=\"card-entry__media media-type-\">\n\t<div class=\"card-entry__media-inner\">\n\n\t\t<div class=\"card_entry__referenz\">\n\t\t\t<div class=\"card_entry__referenz-inner\">\n\t\t\t\t\t\t\t\t\t<div class=\"card-entry__heading\">\n\t<div class=\"card-entry__heading-inner\">\n\n\n\t\t\t\n\t\t\t\n\t\t\t<a class=\"card-entry__link\" href=\"https:\/\/sha-luzern.ch\/fr\/projects\/culture-evenements\/plan-davenir-campus-scientifique-pour-le-musee-dhistoire-naturelle-de-berlin\" target=\"_self\">\n\t\t\t\t\t\t\t<h3 class=\"card-entry__headline  \">\n\t\t\t\t\tPlan d'avenir Campus scientifique pour le Mus\u00e9e d'histoire naturelle de Berlin\n\t\t\t\t<\/h3>\n\t\t\t\n\t\t\t\n\t\t<\/a>\n\t<\/div>\n<\/div>\n\t\t\t\t\t\t\t<\/div>\n\t\t<\/div>\n\n\t\t\t\t\t<div class=\"card-entry__action\">\n\t<div class=\"card-entry__action-inner\">\n\t\t<div class=\"card-entry__button-wrap avia-button-wrap avia-button-right theme-fill\">\n\t\t\t\t\t\t\t<a class=\"card-entry__button avia-button avia-button color-ci-black hover-yellow avia-size-small  avia-position-right\" href=\"https:\/\/sha-luzern.ch\/fr\/projects\/culture-evenements\/plan-davenir-campus-scientifique-pour-le-musee-dhistoire-naturelle-de-berlin\" target=\"\">\n\t\t\t\t\t<span class=\"button-icon\"><i class=\"icon-arrow_next\"><\/i><\/span><span class=\"button-text\">lire la suite<\/span>\n\t\t\t\t<\/a>\n\t\t\t\t\t<\/div>\n\t<\/div>\n<\/div>\n\t\t\n\t\t\t\t\t<a href=\"https:\/\/sha-luzern.ch\/fr\/projects\/culture-evenements\/plan-davenir-campus-scientifique-pour-le-musee-dhistoire-naturelle-de-berlin\" class=\"slide-image\" title=\"\"><img decoding=\"async\" src=\"https:\/\/sha-luzern.ch\/wp-content\/uploads\/701359-Plan-01-706x564.jpg\" \/><\/a>\n\t\t\t<\/div>\n<\/div>\n\n\t\n\t<\/div>\n<\/article>\n\t\t\t\t\t\t<\/div>\n\t\t\t\t\t\t\t\t\t\t\t\t\t\t\t\t\t\t\t\t<div class=\"flex_column av_one_third referenz-column  column-top-margin\">\n\t\t\t\t\t\t\t<article id=\"\" class=\"card-entry referenz-entry static-button   text-align-left has-link   heading-link  has-button \">\n\t<div class=\"card-entry__inner\">\n\t\t\n\t\n\t\t<div class=\"card-entry__media media-type-\">\n\t<div class=\"card-entry__media-inner\">\n\n\t\t<div class=\"card_entry__referenz\">\n\t\t\t<div class=\"card_entry__referenz-inner\">\n\t\t\t\t\t\t\t\t\t<div class=\"card-entry__heading\">\n\t<div class=\"card-entry__heading-inner\">\n\n\n\t\t\t\n\t\t\t\n\t\t\t<a class=\"card-entry__link\" href=\"https:\/\/sha-luzern.ch\/fr\/projects\/bureau-administration\/bureau-de-leipzig-nouveaux-environnements-de-travail-creativite-et-agilite\" target=\"_self\">\n\t\t\t\t\t\t\t<h3 class=\"card-entry__headline  \">\n\t\t\t\t\tBureau de Leipzig : Nouveaux environnements de travail - Cr\u00e9ativit\u00e9 et agilit\u00e9\n\t\t\t\t<\/h3>\n\t\t\t\n\t\t\t\n\t\t<\/a>\n\t<\/div>\n<\/div>\n\t\t\t\t\t\t\t<\/div>\n\t\t<\/div>\n\n\t\t\t\t\t<div class=\"card-entry__action\">\n\t<div class=\"card-entry__action-inner\">\n\t\t<div class=\"card-entry__button-wrap avia-button-wrap avia-button-right theme-fill\">\n\t\t\t\t\t\t\t<a class=\"card-entry__button avia-button avia-button color-ci-black hover-yellow avia-size-small  avia-position-right\" href=\"https:\/\/sha-luzern.ch\/fr\/projects\/bureau-administration\/bureau-de-leipzig-nouveaux-environnements-de-travail-creativite-et-agilite\" target=\"\">\n\t\t\t\t\t<span class=\"button-icon\"><i class=\"icon-arrow_next\"><\/i><\/span><span class=\"button-text\">lire la suite<\/span>\n\t\t\t\t<\/a>\n\t\t\t\t\t<\/div>\n\t<\/div>\n<\/div>\n\t\t\n\t\t\t\t\t<a href=\"https:\/\/sha-luzern.ch\/fr\/projects\/bureau-administration\/bureau-de-leipzig-nouveaux-environnements-de-travail-creativite-et-agilite\" class=\"slide-image\" title=\"\"><img decoding=\"async\" src=\"https:\/\/sha-luzern.ch\/wp-content\/uploads\/SHA-NB-GS-RBL-Perspektive-Haupteingang-230329-verkleinert-ohne-Logo-706x564.jpg\" \/><\/a>\n\t\t\t<\/div>\n<\/div>\n\n\t\n\t<\/div>\n<\/article>\n\t\t\t\t\t\t<\/div>\n\t\t\t\t\t\t\t\t\t\t\t\t\t\t\t\t\t\t\t\t<div class=\"flex_column av_one_third referenz-column first column-top-margin\">\n\t\t\t\t\t\t\t<article id=\"\" class=\"card-entry referenz-entry static-button   text-align-left has-link   heading-link  has-button \">\n\t<div class=\"card-entry__inner\">\n\t\t\n\t\n\t\t<div class=\"card-entry__media media-type-\">\n\t<div class=\"card-entry__media-inner\">\n\n\t\t<div class=\"card_entry__referenz\">\n\t\t\t<div class=\"card_entry__referenz-inner\">\n\t\t\t\t\t\t\t\t\t<div class=\"card-entry__heading\">\n\t<div class=\"card-entry__heading-inner\">\n\n\n\t\t\t\n\t\t\t\n\t\t\t<a class=\"card-entry__link\" href=\"https:\/\/sha-luzern.ch\/fr\/projects\/batiments-scolaires-educatifs\/architecture-durable-lycee-rhenaniastrase-a-berlin\" target=\"_self\">\n\t\t\t\t\t\t\t<h3 class=\"card-entry__headline  \">\n\t\t\t\t\tArchitecture durable - Lyc\u00e9e Rhenaniastra\u00dfe \u00e0 Berlin\n\t\t\t\t<\/h3>\n\t\t\t\n\t\t\t\n\t\t<\/a>\n\t<\/div>\n<\/div>\n\t\t\t\t\t\t\t<\/div>\n\t\t<\/div>\n\n\t\t\t\t\t<div class=\"card-entry__action\">\n\t<div class=\"card-entry__action-inner\">\n\t\t<div class=\"card-entry__button-wrap avia-button-wrap avia-button-right theme-fill\">\n\t\t\t\t\t\t\t<a class=\"card-entry__button avia-button avia-button color-ci-black hover-yellow avia-size-small  avia-position-right\" href=\"https:\/\/sha-luzern.ch\/fr\/projects\/batiments-scolaires-educatifs\/architecture-durable-lycee-rhenaniastrase-a-berlin\" target=\"\">\n\t\t\t\t\t<span class=\"button-icon\"><i class=\"icon-arrow_next\"><\/i><\/span><span class=\"button-text\">lire la suite<\/span>\n\t\t\t\t<\/a>\n\t\t\t\t\t<\/div>\n\t<\/div>\n<\/div>\n\t\t\n\t\t\t\t\t<a href=\"https:\/\/sha-luzern.ch\/fr\/projects\/batiments-scolaires-educatifs\/architecture-durable-lycee-rhenaniastrase-a-berlin\" class=\"slide-image\" title=\"\"><img decoding=\"async\" src=\"https:\/\/sha-luzern.ch\/wp-content\/uploads\/Ansicht_Sued_Schulhof-706x564.jpg\" \/><\/a>\n\t\t\t<\/div>\n<\/div>\n\n\t\n\t<\/div>\n<\/article>\n\t\t\t\t\t\t<\/div>\n\t\t\t\t\t\t\t\t\t\t\t\t\t\t\t\t\t\t\t\t<div class=\"flex_column av_one_third referenz-column  column-top-margin\">\n\t\t\t\t\t\t\t<article id=\"\" class=\"card-entry referenz-entry static-button   text-align-left has-link   heading-link  has-button \">\n\t<div class=\"card-entry__inner\">\n\t\t\n\t\n\t\t<div class=\"card-entry__media media-type-\">\n\t<div class=\"card-entry__media-inner\">\n\n\t\t<div class=\"card_entry__referenz\">\n\t\t\t<div class=\"card_entry__referenz-inner\">\n\t\t\t\t\t\t\t\t\t<div class=\"card-entry__heading\">\n\t<div class=\"card-entry__heading-inner\">\n\n\n\t\t\t\n\t\t\t\n\t\t\t<a class=\"card-entry__link\" href=\"https:\/\/sha-luzern.ch\/fr\/projects\/concours\/theatre-pour-enfants-et-adolescents-au-zoogesellschaftshaus-francfort\" target=\"_self\">\n\t\t\t\t\t\t\t<h3 class=\"card-entry__headline  \">\n\t\t\t\t\tTh\u00e9\u00e2tre pour enfants et adolescents au Zoogesellschaftshaus, Francfort\n\t\t\t\t<\/h3>\n\t\t\t\n\t\t\t\n\t\t<\/a>\n\t<\/div>\n<\/div>\n\t\t\t\t\t\t\t<\/div>\n\t\t<\/div>\n\n\t\t\t\t\t<div class=\"card-entry__action\">\n\t<div class=\"card-entry__action-inner\">\n\t\t<div class=\"card-entry__button-wrap avia-button-wrap avia-button-right theme-fill\">\n\t\t\t\t\t\t\t<a class=\"card-entry__button avia-button avia-button color-ci-black hover-yellow avia-size-small  avia-position-right\" href=\"https:\/\/sha-luzern.ch\/fr\/projects\/concours\/theatre-pour-enfants-et-adolescents-au-zoogesellschaftshaus-francfort\" target=\"\">\n\t\t\t\t\t<span class=\"button-icon\"><i class=\"icon-arrow_next\"><\/i><\/span><span class=\"button-text\">lire la suite<\/span>\n\t\t\t\t<\/a>\n\t\t\t\t\t<\/div>\n\t<\/div>\n<\/div>\n\t\t\n\t\t\t\t\t<a href=\"https:\/\/sha-luzern.ch\/fr\/projects\/concours\/theatre-pour-enfants-et-adolescents-au-zoogesellschaftshaus-francfort\" class=\"slide-image\" title=\"\"><img decoding=\"async\" src=\"https:\/\/sha-luzern.ch\/wp-content\/uploads\/GINA-Frankfurt-Zoo-Theatre-Exterior-View-706x564.jpg\" \/><\/a>\n\t\t\t<\/div>\n<\/div>\n\n\t\n\t<\/div>\n<\/article>\n\t\t\t\t\t\t<\/div>\n\t\t\t\t\t\t\t\t\t\t\t\t\t\t\t\t\t\t\t\t<div class=\"flex_column av_one_third referenz-column  column-top-margin\">\n\t\t\t\t\t\t\t<article id=\"\" class=\"card-entry referenz-entry static-button   text-align-left has-link   heading-link  has-button \">\n\t<div class=\"card-entry__inner\">\n\t\t\n\t\n\t\t<div class=\"card-entry__media media-type-\">\n\t<div class=\"card-entry__media-inner\">\n\n\t\t<div class=\"card_entry__referenz\">\n\t\t\t<div class=\"card_entry__referenz-inner\">\n\t\t\t\t\t\t\t\t\t<div class=\"card-entry__heading\">\n\t<div class=\"card-entry__heading-inner\">\n\n\n\t\t\t\n\t\t\t\n\t\t\t<a class=\"card-entry__link\" href=\"https:\/\/sha-luzern.ch\/fr\/projects\/stades-installations-sportives\/salle-de-sport-quadruple-au-dortmunder-u-reconnaissance-2021\" target=\"_self\">\n\t\t\t\t\t\t\t<h3 class=\"card-entry__headline  \">\n\t\t\t\t\tSalle de sport quadruple au Dortmunder U - Reconnaissance 2021\n\t\t\t\t<\/h3>\n\t\t\t\n\t\t\t\n\t\t<\/a>\n\t<\/div>\n<\/div>\n\t\t\t\t\t\t\t<\/div>\n\t\t<\/div>\n\n\t\t\t\t\t<div class=\"card-entry__action\">\n\t<div class=\"card-entry__action-inner\">\n\t\t<div class=\"card-entry__button-wrap avia-button-wrap avia-button-right theme-fill\">\n\t\t\t\t\t\t\t<a class=\"card-entry__button avia-button avia-button color-ci-black hover-yellow avia-size-small  avia-position-right\" href=\"https:\/\/sha-luzern.ch\/fr\/projects\/stades-installations-sportives\/salle-de-sport-quadruple-au-dortmunder-u-reconnaissance-2021\" target=\"\">\n\t\t\t\t\t<span class=\"button-icon\"><i class=\"icon-arrow_next\"><\/i><\/span><span class=\"button-text\">lire la suite<\/span>\n\t\t\t\t<\/a>\n\t\t\t\t\t<\/div>\n\t<\/div>\n<\/div>\n\t\t\n\t\t\t\t\t<a href=\"https:\/\/sha-luzern.ch\/fr\/projects\/stades-installations-sportives\/salle-de-sport-quadruple-au-dortmunder-u-reconnaissance-2021\" class=\"slide-image\" title=\"\"><img decoding=\"async\" src=\"https:\/\/sha-luzern.ch\/wp-content\/uploads\/Stadtgarten_Unionsviertel_Dortmund-1-706x564.jpg\" \/><\/a>\n\t\t\t<\/div>\n<\/div>\n\n\t\n\t<\/div>\n<\/article>\n\t\t\t\t\t\t<\/div>\n\t\t\t\t\t\t\t\t\t\t\t\t\t\t\t\t\t\t\t\t<div class=\"flex_column av_one_third referenz-column first column-top-margin\">\n\t\t\t\t\t\t\t<article id=\"\" class=\"card-entry referenz-entry static-button   text-align-left has-link   heading-link  has-button \">\n\t<div class=\"card-entry__inner\">\n\t\t\n\t\n\t\t<div class=\"card-entry__media media-type-\">\n\t<div class=\"card-entry__media-inner\">\n\n\t\t<div class=\"card_entry__referenz\">\n\t\t\t<div class=\"card_entry__referenz-inner\">\n\t\t\t\t\t\t\t\t\t<div class=\"card-entry__heading\">\n\t<div class=\"card-entry__heading-inner\">\n\n\n\t\t\t\n\t\t\t\n\t\t\t<a class=\"card-entry__link\" href=\"https:\/\/sha-luzern.ch\/fr\/projects\/batiments-scolaires-educatifs\/concours-de-realisation-a-dusseldorf-nouveau-batiment-du-stadtisches-gymnasium-heinzelmannchenweg\" target=\"_self\">\n\t\t\t\t\t\t\t<h3 class=\"card-entry__headline  \">\n\t\t\t\t\tConcours de r\u00e9alisation \u00e0 D\u00fcsseldorf : Nouveau b\u00e2timent du St\u00e4dtisches Gymnasium Heinzelm\u00e4nnchenweg\n\t\t\t\t<\/h3>\n\t\t\t\n\t\t\t\n\t\t<\/a>\n\t<\/div>\n<\/div>\n\t\t\t\t\t\t\t<\/div>\n\t\t<\/div>\n\n\t\t\t\t\t<div class=\"card-entry__action\">\n\t<div class=\"card-entry__action-inner\">\n\t\t<div class=\"card-entry__button-wrap avia-button-wrap avia-button-right theme-fill\">\n\t\t\t\t\t\t\t<a class=\"card-entry__button avia-button avia-button color-ci-black hover-yellow avia-size-small  avia-position-right\" href=\"https:\/\/sha-luzern.ch\/fr\/projects\/batiments-scolaires-educatifs\/concours-de-realisation-a-dusseldorf-nouveau-batiment-du-stadtisches-gymnasium-heinzelmannchenweg\" target=\"\">\n\t\t\t\t\t<span class=\"button-icon\"><i class=\"icon-arrow_next\"><\/i><\/span><span class=\"button-text\">lire la suite<\/span>\n\t\t\t\t<\/a>\n\t\t\t\t\t<\/div>\n\t<\/div>\n<\/div>\n\t\t\n\t\t\t\t\t<a href=\"https:\/\/sha-luzern.ch\/fr\/projects\/batiments-scolaires-educatifs\/concours-de-realisation-a-dusseldorf-nouveau-batiment-du-stadtisches-gymnasium-heinzelmannchenweg\" class=\"slide-image\" title=\"\"><img decoding=\"async\" src=\"https:\/\/sha-luzern.ch\/wp-content\/uploads\/210215_Schule_Heinzelmaennchenweg_SHAGina1-706x564.jpg\" \/><\/a>\n\t\t\t<\/div>\n<\/div>\n\n\t\n\t<\/div>\n<\/article>\n\t\t\t\t\t\t<\/div>\n\t\t\t\t\t\t\t\t\t\t\t\t\t\t\t\t\t\t\t\t<div class=\"flex_column av_one_third referenz-column  column-top-margin\">\n\t\t\t\t\t\t\t<article id=\"\" class=\"card-entry referenz-entry static-button   text-align-left has-link   heading-link  has-button \">\n\t<div class=\"card-entry__inner\">\n\t\t\n\t\n\t\t<div class=\"card-entry__media media-type-\">\n\t<div class=\"card-entry__media-inner\">\n\n\t\t<div class=\"card_entry__referenz\">\n\t\t\t<div class=\"card_entry__referenz-inner\">\n\t\t\t\t\t\t\t\t\t<div class=\"card-entry__heading\">\n\t<div class=\"card-entry__heading-inner\">\n\n\n\t\t\t\n\t\t\t\n\t\t\t<a class=\"card-entry__link\" href=\"https:\/\/sha-luzern.ch\/fr\/projects\/batiments-scolaires-educatifs\/concours-nouveau-batiment-de-la-vhs-dortmund\" target=\"_self\">\n\t\t\t\t\t\t\t<h3 class=\"card-entry__headline  \">\n\t\t\t\t\tConcours : nouveau b\u00e2timent de la VHS Dortmund\n\t\t\t\t<\/h3>\n\t\t\t\n\t\t\t\n\t\t<\/a>\n\t<\/div>\n<\/div>\n\t\t\t\t\t\t\t<\/div>\n\t\t<\/div>\n\n\t\t\t\t\t<div class=\"card-entry__action\">\n\t<div class=\"card-entry__action-inner\">\n\t\t<div class=\"card-entry__button-wrap avia-button-wrap avia-button-right theme-fill\">\n\t\t\t\t\t\t\t<a class=\"card-entry__button avia-button avia-button color-ci-black hover-yellow avia-size-small  avia-position-right\" href=\"https:\/\/sha-luzern.ch\/fr\/projects\/batiments-scolaires-educatifs\/concours-nouveau-batiment-de-la-vhs-dortmund\" target=\"\">\n\t\t\t\t\t<span class=\"button-icon\"><i class=\"icon-arrow_next\"><\/i><\/span><span class=\"button-text\">lire la suite<\/span>\n\t\t\t\t<\/a>\n\t\t\t\t\t<\/div>\n\t<\/div>\n<\/div>\n\t\t\n\t\t\t\t\t<a href=\"https:\/\/sha-luzern.ch\/fr\/projects\/batiments-scolaires-educatifs\/concours-nouveau-batiment-de-la-vhs-dortmund\" class=\"slide-image\" title=\"\"><img decoding=\"async\" src=\"https:\/\/sha-luzern.ch\/wp-content\/uploads\/Visualisierung-VHS-Dortmund-706x564.jpg\" \/><\/a>\n\t\t\t<\/div>\n<\/div>\n\n\t\n\t<\/div>\n<\/article>\n\t\t\t\t\t\t<\/div>\n\t\t\t\t\t\t\t\t\t\t\t\t\t\t\t\t\t\t\t\t<div class=\"flex_column av_one_third referenz-column  column-top-margin\">\n\t\t\t\t\t\t\t<article id=\"\" class=\"card-entry referenz-entry static-button   text-align-left has-link   heading-link  has-button \">\n\t<div class=\"card-entry__inner\">\n\t\t\n\t\n\t\t<div class=\"card-entry__media media-type-\">\n\t<div class=\"card-entry__media-inner\">\n\n\t\t<div class=\"card_entry__referenz\">\n\t\t\t<div class=\"card_entry__referenz-inner\">\n\t\t\t\t\t\t\t\t\t<div class=\"card-entry__heading\">\n\t<div class=\"card-entry__heading-inner\">\n\n\n\t\t\t\n\t\t\t\n\t\t\t<a class=\"card-entry__link\" href=\"https:\/\/sha-luzern.ch\/fr\/projects\/hebergement-restauration\/radisson-blu-hotel-dortmund\" target=\"_self\">\n\t\t\t\t\t\t\t<h3 class=\"card-entry__headline  \">\n\t\t\t\t\tRadisson Blu Hotel Dortmund\n\t\t\t\t<\/h3>\n\t\t\t\n\t\t\t\n\t\t<\/a>\n\t<\/div>\n<\/div>\n\t\t\t\t\t\t\t<\/div>\n\t\t<\/div>\n\n\t\t\t\t\t<div class=\"card-entry__action\">\n\t<div class=\"card-entry__action-inner\">\n\t\t<div class=\"card-entry__button-wrap avia-button-wrap avia-button-right theme-fill\">\n\t\t\t\t\t\t\t<a class=\"card-entry__button avia-button avia-button color-ci-black hover-yellow avia-size-small  avia-position-right\" href=\"https:\/\/sha-luzern.ch\/fr\/projects\/hebergement-restauration\/radisson-blu-hotel-dortmund\" target=\"\">\n\t\t\t\t\t<span class=\"button-icon\"><i class=\"icon-arrow_next\"><\/i><\/span><span class=\"button-text\">lire la suite<\/span>\n\t\t\t\t<\/a>\n\t\t\t\t\t<\/div>\n\t<\/div>\n<\/div>\n\t\t\n\t\t\t\t\t<a href=\"https:\/\/sha-luzern.ch\/fr\/projects\/hebergement-restauration\/radisson-blu-hotel-dortmund\" class=\"slide-image\" title=\"\"><img decoding=\"async\" src=\"https:\/\/sha-luzern.ch\/wp-content\/uploads\/1831-Visualisierung-01-Haupteingang-Radisson-706x564.jpg\" \/><\/a>\n\t\t\t<\/div>\n<\/div>\n\n\t\n\t<\/div>\n<\/article>\n\t\t\t\t\t\t<\/div>\n\t\t\t\t\t\t\t\t\t\t\t\t\t\t\t\t\t\t\t\t<div class=\"flex_column av_one_third referenz-column first column-top-margin\">\n\t\t\t\t\t\t\t<article id=\"\" class=\"card-entry referenz-entry static-button   text-align-left has-link   heading-link  has-button \">\n\t<div class=\"card-entry__inner\">\n\t\t\n\t\n\t\t<div class=\"card-entry__media media-type-\">\n\t<div class=\"card-entry__media-inner\">\n\n\t\t<div class=\"card_entry__referenz\">\n\t\t\t<div class=\"card_entry__referenz-inner\">\n\t\t\t\t\t\t\t\t\t<div class=\"card-entry__heading\">\n\t<div class=\"card-entry__heading-inner\">\n\n\n\t\t\t\n\t\t\t\n\t\t\t<a class=\"card-entry__link\" href=\"https:\/\/sha-luzern.ch\/fr\/projects\/concours\/centre-de-quartier-et-de-formation-de-wichlinghofen\" target=\"_self\">\n\t\t\t\t\t\t\t<h3 class=\"card-entry__headline  \">\n\t\t\t\t\tCentre de quartier et de formation de Wichlinghofen\n\t\t\t\t<\/h3>\n\t\t\t\n\t\t\t\n\t\t<\/a>\n\t<\/div>\n<\/div>\n\t\t\t\t\t\t\t<\/div>\n\t\t<\/div>\n\n\t\t\t\t\t<div class=\"card-entry__action\">\n\t<div class=\"card-entry__action-inner\">\n\t\t<div class=\"card-entry__button-wrap avia-button-wrap avia-button-right theme-fill\">\n\t\t\t\t\t\t\t<a class=\"card-entry__button avia-button avia-button color-ci-black hover-yellow avia-size-small  avia-position-right\" href=\"https:\/\/sha-luzern.ch\/fr\/projects\/concours\/centre-de-quartier-et-de-formation-de-wichlinghofen\" target=\"\">\n\t\t\t\t\t<span class=\"button-icon\"><i class=\"icon-arrow_next\"><\/i><\/span><span class=\"button-text\">lire la suite<\/span>\n\t\t\t\t<\/a>\n\t\t\t\t\t<\/div>\n\t<\/div>\n<\/div>\n\t\t\n\t\t\t\t\t<a href=\"https:\/\/sha-luzern.ch\/fr\/projects\/concours\/centre-de-quartier-et-de-formation-de-wichlinghofen\" class=\"slide-image\" title=\"\"><img decoding=\"async\" src=\"https:\/\/sha-luzern.ch\/wp-content\/uploads\/Lageplan-Wichlinghofen-706x564.jpg\" \/><\/a>\n\t\t\t<\/div>\n<\/div>\n\n\t\n\t<\/div>\n<\/article>\n\t\t\t\t\t\t<\/div>\n\t\t\t\t\t\t\t\t\t\t\t\t\t\t\t\t\t\t\t\t<div class=\"flex_column av_one_third referenz-column  column-top-margin\">\n\t\t\t\t\t\t\t<article id=\"\" class=\"card-entry referenz-entry static-button   text-align-left has-link   heading-link  has-button \">\n\t<div class=\"card-entry__inner\">\n\t\t\n\t\n\t\t<div class=\"card-entry__media media-type-\">\n\t<div class=\"card-entry__media-inner\">\n\n\t\t<div class=\"card_entry__referenz\">\n\t\t\t<div class=\"card_entry__referenz-inner\">\n\t\t\t\t\t\t\t\t\t<div class=\"card-entry__heading\">\n\t<div class=\"card-entry__heading-inner\">\n\n\n\t\t\t\n\t\t\t\n\t\t\t<a class=\"card-entry__link\" href=\"https:\/\/sha-luzern.ch\/fr\/projects\/commerce-artisanat\/concours-rewe-hamm\" target=\"_self\">\n\t\t\t\t\t\t\t<h3 class=\"card-entry__headline  \">\n\t\t\t\t\tConcours : REWE Hamm\n\t\t\t\t<\/h3>\n\t\t\t\n\t\t\t\n\t\t<\/a>\n\t<\/div>\n<\/div>\n\t\t\t\t\t\t\t<\/div>\n\t\t<\/div>\n\n\t\t\t\t\t<div class=\"card-entry__action\">\n\t<div class=\"card-entry__action-inner\">\n\t\t<div class=\"card-entry__button-wrap avia-button-wrap avia-button-right theme-fill\">\n\t\t\t\t\t\t\t<a class=\"card-entry__button avia-button avia-button color-ci-black hover-yellow avia-size-small  avia-position-right\" href=\"https:\/\/sha-luzern.ch\/fr\/projects\/commerce-artisanat\/concours-rewe-hamm\" target=\"\">\n\t\t\t\t\t<span class=\"button-icon\"><i class=\"icon-arrow_next\"><\/i><\/span><span class=\"button-text\">lire la suite<\/span>\n\t\t\t\t<\/a>\n\t\t\t\t\t<\/div>\n\t<\/div>\n<\/div>\n\t\t\n\t\t\t\t\t<a href=\"https:\/\/sha-luzern.ch\/fr\/projects\/commerce-artisanat\/concours-rewe-hamm\" class=\"slide-image\" title=\"\"><img decoding=\"async\" src=\"https:\/\/sha-luzern.ch\/wp-content\/uploads\/Rewe-Hamm-vcube-706x564.jpg\" \/><\/a>\n\t\t\t<\/div>\n<\/div>\n\n\t\n\t<\/div>\n<\/article>\n\t\t\t\t\t\t<\/div>\n\t\t\t\t\t\t\t\t\t\t\t\t\t\t\t\t\t\t\t\t<div class=\"flex_column av_one_third bg-alternate referenz-column  column-top-margin\"><\/div>\n\t\t\t\t\t\t\t\t\t\t\t\t<\/div>\n\t\t\t\t\t<\/div>\n\t<\/div><\/div>\n","protected":false},"excerpt":{"rendered":"","protected":false},"author":2,"featured_media":0,"parent":30121,"menu_order":8,"comment_status":"closed","ping_status":"closed","template":"","meta":{"_acf_changed":false,"content-type":"","footnotes":""},"class_list":["post-37537","page","type-page","status-publish","hentry"],"acf":[],"yoast_head":"<!-- This site is optimized with the Yoast SEO plugin v26.1.1 - https:\/\/yoast.com\/wordpress\/plugins\/seo\/ -->\n<title>SHA Projets issus de concours de conception\/ concours d&#039;architecture<\/title>\n<meta name=\"description\" content=\"Plus de 90 ans d&#039;exp\u00e9rience dans les concours de conception \u2713 SHA propose des solutions analytiques &amp; pragmatiques pour divers projets de construction \u27a7 D\u00e9couvrez notre expertise &amp; notre gamme de services.\" \/>\n<meta name=\"robots\" content=\"index, follow, max-snippet:-1, max-image-preview:large, max-video-preview:-1\" \/>\n<link rel=\"canonical\" href=\"https:\/\/sha-luzern.ch\/fr\/projets\/concours\" \/>\n<meta property=\"og:locale\" content=\"fr_FR\" \/>\n<meta property=\"og:type\" content=\"article\" \/>\n<meta property=\"og:title\" content=\"SHA Projets issus de concours de conception\/ concours d&#039;architecture\" \/>\n<meta property=\"og:description\" content=\"Plus de 90 ans d&#039;exp\u00e9rience dans les concours de conception \u2713 SHA propose des solutions analytiques &amp; pragmatiques pour divers projets de construction \u27a7 D\u00e9couvrez notre expertise &amp; notre gamme de services.\" \/>\n<meta property=\"og:url\" content=\"https:\/\/sha-luzern.ch\/fr\/projets\/concours\" \/>\n<meta property=\"og:site_name\" content=\"SHA Scheffler Helbich Architekten GmbH\" \/>\n<meta property=\"article:modified_time\" content=\"2024-08-28T12:59:32+00:00\" \/>\n<meta name=\"twitter:card\" content=\"summary_large_image\" \/>\n<meta name=\"twitter:label1\" content=\"Dur\u00e9e de lecture estim\u00e9e\" \/>\n\t<meta name=\"twitter:data1\" content=\"5 minutes\" \/>\n<script type=\"application\/ld+json\" class=\"yoast-schema-graph\">{\"@context\":\"https:\/\/schema.org\",\"@graph\":[{\"@type\":\"WebPage\",\"@id\":\"https:\/\/sha-luzern.ch\/fr\/projets\/concours\",\"url\":\"https:\/\/sha-luzern.ch\/fr\/projets\/concours\",\"name\":\"SHA Projets issus de concours de conception\/ concours d'architecture\",\"isPartOf\":{\"@id\":\"https:\/\/sha-luzern.ch\/fr#website\"},\"datePublished\":\"2021-05-21T09:08:51+00:00\",\"dateModified\":\"2024-08-28T12:59:32+00:00\",\"description\":\"Plus de 90 ans d'exp\u00e9rience dans les concours de conception \u2713 SHA propose des solutions analytiques & pragmatiques pour divers projets de construction \u27a7 D\u00e9couvrez notre expertise & notre gamme de services.\",\"breadcrumb\":{\"@id\":\"https:\/\/sha-luzern.ch\/fr\/projets\/concours#breadcrumb\"},\"inLanguage\":\"fr-FR\",\"potentialAction\":[{\"@type\":\"ReadAction\",\"target\":[\"https:\/\/sha-luzern.ch\/fr\/projets\/concours\"]}]},{\"@type\":\"BreadcrumbList\",\"@id\":\"https:\/\/sha-luzern.ch\/fr\/projets\/concours#breadcrumb\",\"itemListElement\":[{\"@type\":\"ListItem\",\"position\":1,\"name\":\"Startseite\",\"item\":\"https:\/\/sha-luzern.ch\/fr\/accueil\"},{\"@type\":\"ListItem\",\"position\":2,\"name\":\"Projets\",\"item\":\"https:\/\/sha-luzern.ch\/fr\/projets\"},{\"@type\":\"ListItem\",\"position\":3,\"name\":\"Concours\"}]},{\"@type\":\"WebSite\",\"@id\":\"https:\/\/sha-luzern.ch\/fr#website\",\"url\":\"https:\/\/sha-luzern.ch\/fr\",\"name\":\"SHA Scheffler Helbich Architekten GmbH\",\"description\":\"\",\"potentialAction\":[{\"@type\":\"SearchAction\",\"target\":{\"@type\":\"EntryPoint\",\"urlTemplate\":\"https:\/\/sha-luzern.ch\/fr?s={search_term_string}\"},\"query-input\":{\"@type\":\"PropertyValueSpecification\",\"valueRequired\":true,\"valueName\":\"search_term_string\"}}],\"inLanguage\":\"fr-FR\"}]}<\/script>\n<!-- \/ Yoast SEO plugin. -->","yoast_head_json":{"title":"SHA Projets issus de concours de conception\/ concours d'architecture","description":"Plus de 90 ans d'exp\u00e9rience dans les concours de conception \u2713 SHA propose des solutions analytiques & pragmatiques pour divers projets de construction \u27a7 D\u00e9couvrez notre expertise & notre gamme de services.","robots":{"index":"index","follow":"follow","max-snippet":"max-snippet:-1","max-image-preview":"max-image-preview:large","max-video-preview":"max-video-preview:-1"},"canonical":"https:\/\/sha-luzern.ch\/fr\/projets\/concours","og_locale":"fr_FR","og_type":"article","og_title":"SHA Projets issus de concours de conception\/ concours d'architecture","og_description":"Plus de 90 ans d'exp\u00e9rience dans les concours de conception \u2713 SHA propose des solutions analytiques & pragmatiques pour divers projets de construction \u27a7 D\u00e9couvrez notre expertise & notre gamme de services.","og_url":"https:\/\/sha-luzern.ch\/fr\/projets\/concours","og_site_name":"SHA Scheffler Helbich Architekten GmbH","article_modified_time":"2024-08-28T12:59:32+00:00","twitter_card":"summary_large_image","twitter_misc":{"Dur\u00e9e de lecture estim\u00e9e":"5 minutes"},"schema":{"@context":"https:\/\/schema.org","@graph":[{"@type":"WebPage","@id":"https:\/\/sha-luzern.ch\/fr\/projets\/concours","url":"https:\/\/sha-luzern.ch\/fr\/projets\/concours","name":"SHA Projets issus de concours de conception\/ concours d'architecture","isPartOf":{"@id":"https:\/\/sha-luzern.ch\/fr#website"},"datePublished":"2021-05-21T09:08:51+00:00","dateModified":"2024-08-28T12:59:32+00:00","description":"Plus de 90 ans d'exp\u00e9rience dans les concours de conception \u2713 SHA propose des solutions analytiques & pragmatiques pour divers projets de construction \u27a7 D\u00e9couvrez notre expertise & notre gamme de services.","breadcrumb":{"@id":"https:\/\/sha-luzern.ch\/fr\/projets\/concours#breadcrumb"},"inLanguage":"fr-FR","potentialAction":[{"@type":"ReadAction","target":["https:\/\/sha-luzern.ch\/fr\/projets\/concours"]}]},{"@type":"BreadcrumbList","@id":"https:\/\/sha-luzern.ch\/fr\/projets\/concours#breadcrumb","itemListElement":[{"@type":"ListItem","position":1,"name":"Startseite","item":"https:\/\/sha-luzern.ch\/fr\/accueil"},{"@type":"ListItem","position":2,"name":"Projets","item":"https:\/\/sha-luzern.ch\/fr\/projets"},{"@type":"ListItem","position":3,"name":"Concours"}]},{"@type":"WebSite","@id":"https:\/\/sha-luzern.ch\/fr#website","url":"https:\/\/sha-luzern.ch\/fr","name":"SHA Scheffler Helbich Architekten GmbH","description":"","potentialAction":[{"@type":"SearchAction","target":{"@type":"EntryPoint","urlTemplate":"https:\/\/sha-luzern.ch\/fr?s={search_term_string}"},"query-input":{"@type":"PropertyValueSpecification","valueRequired":true,"valueName":"search_term_string"}}],"inLanguage":"fr-FR"}]}},"_links":{"self":[{"href":"https:\/\/sha-luzern.ch\/fr\/wp-json\/wp\/v2\/pages\/37537","targetHints":{"allow":["GET"]}}],"collection":[{"href":"https:\/\/sha-luzern.ch\/fr\/wp-json\/wp\/v2\/pages"}],"about":[{"href":"https:\/\/sha-luzern.ch\/fr\/wp-json\/wp\/v2\/types\/page"}],"author":[{"embeddable":true,"href":"https:\/\/sha-luzern.ch\/fr\/wp-json\/wp\/v2\/users\/2"}],"replies":[{"embeddable":true,"href":"https:\/\/sha-luzern.ch\/fr\/wp-json\/wp\/v2\/comments?post=37537"}],"version-history":[{"count":10,"href":"https:\/\/sha-luzern.ch\/fr\/wp-json\/wp\/v2\/pages\/37537\/revisions"}],"predecessor-version":[{"id":37586,"href":"https:\/\/sha-luzern.ch\/fr\/wp-json\/wp\/v2\/pages\/37537\/revisions\/37586"}],"up":[{"embeddable":true,"href":"https:\/\/sha-luzern.ch\/fr\/wp-json\/wp\/v2\/pages\/30121"}],"wp:attachment":[{"href":"https:\/\/sha-luzern.ch\/fr\/wp-json\/wp\/v2\/media?parent=37537"}],"curies":[{"name":"wp","href":"https:\/\/api.w.org\/{rel}","templated":true}]}}