{"id":39183,"date":"2019-12-17T13:24:44","date_gmt":"2019-12-17T12:24:44","guid":{"rendered":"https:\/\/sha.de\/nasze-biuro\/nasz-zespol"},"modified":"2024-08-29T13:15:07","modified_gmt":"2024-08-29T11:15:07","slug":"nasz-zespol","status":"publish","type":"page","link":"https:\/\/sha-luzern.ch\/pl\/nasze-biuro\/nasz-zespol","title":{"rendered":"Nasz zesp\u00f3\u0142"},"content":{"rendered":"<div id='av_section_1' class='avia-section main_color pt-default pb-default avia-no-border-styling avia-bg-style-scroll  avia-builder-el-0  el_before_av_section  avia-builder-el-first   container_wrap fullsize' style=' '  ><div class='container' ><main  role=\"main\" itemprop=\"mainContentOfPage\"  class='template-page content  av-content-full alpha units'><div class='post-entry post-entry-type-page post-entry-39183'><div class='entry-content-wrapper clearfix'>\n\n\t\t\t<div id=\"av-k0fdkltx\" class=\"headline-column flex_column av_one_full flex_column_div first \">\n\t\t\t\t<div class=\"headline-wrap is-outside align-left sub-bottom\">\n\t\t\t\t\t<h1 class=\"headline-content headline-primary\"><strong>Zesp\u00f3\u0142 SHA-Zesp\u00f3\u0142<\/strong><\/h1>\n\t\t\t\t\t<h3 class=\"headline-content headline-secondary\">Jeste\u015bmy do Pa\u0144stwa dyspozycji osobi\u015bcie<\/h3>\n\t\t\t\t<\/div>\n\t\t\t<\/div>\n\n\t<div class=\"teamgrid\">\n\t\t<div class=\"teamgrid-wrap\">\n\t\t\t<div class=\"teamgrid-departement\">\n\t\t\t\t\t\t\t\t\t\t\t\t\t\t\t\t\t<div class=\"flex_column av_one_third bg-alternate teamgrid-column first \">\n\t\t\t\t\t\t\t\t<article id=\"\" class=\"card-entry person-entry   text-align-left     has-button \">\n\t<div class=\"card-entry__inner\">\n\t\t\n\t<div class=\"card-entry__media media-type-\">\n\t\t<div class=\"card-entry__media-inner\">\n\t\t\t\t\t\t\t<div class=\"card-entry__action\">\n\t<div class=\"card-entry__action-inner\">\n\t\t<div class=\"card-entry__button-wrap avia-button-wrap avia-button-right theme-fill\">\n\t\t\t\t\t\t\t<a class=\"card-entry__button avia-button avia-button color-ci-black hover-yellow avia-size-small popup-toggle avia-position-right no-scroll\" href=\"#team-popup-37363\">\n\t\t\t\t\t<span class=\"button-icon\"><i class=\"icon-arrow_next\"><\/i><\/span><span class=\"button-text\">Prosz\u0119 dowiedzie\u0107 si\u0119 wi\u0119cej<\/span>\n\t\t\t\t<\/a>\n\t\t\t\t\t<\/div>\n\t<\/div>\n<\/div>\n\t\t\t\t\t\t\t\t\t\t\t\t\t\t\t<img decoding=\"async\" src=\"https:\/\/sha-luzern.ch\/wp-content\/uploads\/706x313_Team-2Birgit-Helbich-706x313.jpg\" \/>\n\t\t\t\t\t\t\t\t\t<\/div>\n\t<\/div>\n\n\t<div class=\"card_entry__content-wrap\">\n\t\t\t\t\t<div class=\"card-entry__heading\">\n\t<div class=\"card-entry__heading-inner\">\n\n\n\t\t\t\n\t\t\t\t\t\t\t<span class=\"card-entry__subheadline card-entry__title person-job \">\n\t\t\t\t\tDipl.-Ing. Architect\n\t\t\t\t<\/span>\n\t\t\t\n\t\t\t\n\t\t\t\t\t\t\t<h3 class=\"card-entry__headline person-name \">\n\t\t\t\t\t<span class=\"name-first\">Birgit <\/span><span class=\"name-last\">Helbich<\/span>\n\t\t\t\t<\/h3>\n\t\t\t\n\t\t\t\t\t\t\t<span class=\"card-entry__subheadline person-job \">\n\t\t\t\t\tAkcjonariusz\n\t\t\t\t<\/span>\n\t\t\t\n\t\t\n\t<\/div>\n<\/div>\n\t\t\t\t\t\t\t\t<div class=\"card-entry__content content-type-default\">\n\t\t<div class=\"card-entry__content-inner\">\n\t\t\t<p class=\"card-entry__contents\">\n\t\t\t\t\t\t\t\t\t\t\t\t\t\t\t\t\t\t\t\t\t\t<span class=\"content-phone\"><span class=\"contact-pre\">T<\/span> <a href=\"tel:+492314420200\">+49 (231) 44 20 20 0<\/a><\/span>\n\t\t\t\t\t\t\t\t\t\t\t\t\t\t\t\t\t\t\t\t\t\t\t\t<span class=\"content-mail\"><br\/><span class=\"contact-pre\">E<\/span>  <a href=\"javascript:secureDecryptAndNavigate('EEzku9ndu3YP2+BTpwdusVgP\/wsoqeEGEdCEYqnDrcHOybK6fXLhYvt9VUF7Tb5gVlVjUmjLeEY5sru56f2w1XETDxDpOcg=', '7fb6b0a631c756e2798c0419dd401ac6392a180022e45865affe1bd81a905598')\">b.helbich@sha.de<\/a><\/span>\n\t\t\t\t\t\t\t\t\t\t\t\t\t\t\t\t\t\t<\/p>\n\t\t<\/div>\n\t<\/div>\n\t\t\t<\/div>\n\n\t<\/div>\n<\/article>\n\t\t\t\t\t\t\t<\/div>\n\t\t\t\t\t\t\t<div id=\"team-popup-37363\" class=\"popup person-popup  person-popup-small popup-wrap bg-alternate fullwidth p-default mfp-hide\">\n\t<div class=\"popup-column popup-column-person card-entry person-entry bg-main flex_column  av_one_half first\">\n\t\t<article id=\"\" class=\"   text-align-     \">\n\t<div class=\"card-entry__inner\">\n\t\t\n\t<div class=\"card-entry__media media-type-\">\n\t\t<div class=\"card-entry__media-inner\">\n\t\t\t\t\t\t\t<img decoding=\"async\" src=\"https:\/\/sha-luzern.ch\/wp-content\/uploads\/706x313_Team-2Birgit-Helbich-706x313.jpg\" \/>\n\t\t\t\t\t<\/div>\n\t<\/div>\n\n\t<div class=\"card_entry__content-wrap\">\n\t\t\t\t\t<div class=\"card-entry__heading\">\n\t<div class=\"card-entry__heading-inner\">\n\n\n\t\t\t\n\t\t\t\t\t\t\t<span class=\"card-entry__subheadline card-entry__title person-job \">\n\t\t\t\t\tDipl.-Ing. Architect\n\t\t\t\t<\/span>\n\t\t\t\n\t\t\t\n\t\t\t\t\t\t\t<h3 class=\"card-entry__headline person-name \">\n\t\t\t\t\t<span class=\"name-first\">Birgit <\/span><span class=\"name-last\">Helbich<\/span>\n\t\t\t\t<\/h3>\n\t\t\t\n\t\t\t\t\t\t\t<span class=\"card-entry__subheadline person-job \">\n\t\t\t\t\tAkcjonariusz\n\t\t\t\t<\/span>\n\t\t\t\n\t\t\n\t<\/div>\n<\/div>\n\t\t\n\n\t\t\t\t\t<div class=\"card-entry__content content-type-default\">\n\t\t\t\t<div class=\"card-entry__content-inner\">\n\t\t\t\t\t<h3 class=\"popup-headline\">Koncentracja na SHA<\/h3>\n\t\t\t\t\t<p class=\"card-entry__contents desc\">\n\t\t\t\t\t\tBirgit Helbich posiada dog\u0142\u0119bn\u0105 wiedz\u0119 na temat budowy stadion\u00f3w, laboratori\u00f3w i szpitali, zdobyt\u0105 podczas wieloletniej pracy w Akwizgranie.\nZa kulisami zajmuje si\u0119 organizacj\u0105 biura i ksi\u0119gowo\u015bci\u0105 SHA.   \n\t\t\t\t\t<\/p>\n\t\t\t\t<\/div>\n\t\t\t<\/div>\n\t\t\n\t<\/div>\n\n\t<\/div>\n<\/article>\n\t<\/div>\n\n\t<div class=\"popup-columns-wrap flex_column  av_one_half\">\n\t\t<div class=\"popup-column popup-column-career flex_column  av_one_full first bg-alternate\">\n\t\t\t<h2 class=\"popup-headline\">Kariera<\/h2>\n\t\t\t<ul class=\"popup-list popup-list-career\">\n\t\t\t\t\t\t\t\t\t\t\t\t\t\t\t\t\t\t\t\t\t\t<li class=\"popup-list__headline popup-list__headline-career\">\n\t\t\t\t\t\t\t\t<span class=\"popup-point popup-point--career headline\">Praca<\/span>\n\t\t\t\t\t\t\t<\/li>\n\t\t\t\t\t\t\t\t\t\t\t\t\t\t\t\t\t\t\t\t\t\t\t\t<li class=\"popup-list__item popup-list__item-career\">\n\t\t\t\t\t\t\t\t<span class=\"popup-point popup-point--career timespan\">od 2005 r.<\/span>\n\t\t\t\t\t\t\t\t<span class=\"popup-point popup-point--career point\">SHA Scheffler Helbich Architekten GmbH<\/span>\n\t\t\t\t\t\t\t<\/li>\n\t\t\t\t\t\t\t\t\t\t\t\t\t\t\t\t\t\t\t\t\t\t\t\t<li class=\"popup-list__item popup-list__item-career\">\n\t\t\t\t\t\t\t\t<span class=\"popup-point popup-point--career timespan\">2001 - 2005<\/span>\n\t\t\t\t\t\t\t\t<span class=\"popup-point popup-point--career point\">  von Gerkan, Marg and Partners (gmp), Aachen<\/span>\n\t\t\t\t\t\t\t<\/li>\n\t\t\t\t\t\t\t\t\t\t\t\t\t\t\t\t\t\t\t\t\t\t\t\t<li class=\"popup-list__item popup-list__item-career\">\n\t\t\t\t\t\t\t\t<span class=\"popup-point popup-point--career timespan\">2000<\/span>\n\t\t\t\t\t\t\t\t<span class=\"popup-point popup-point--career point\">von Gerkan, Marg and Partners (gmp), Hamburg<\/span>\n\t\t\t\t\t\t\t<\/li>\n\t\t\t\t\t\t\t\t\t\t\t\t\t\t\t\t\t\t\t\t\t\t\t\t<li class=\"popup-list__item popup-list__item-career\">\n\t\t\t\t\t\t\t\t<span class=\"popup-point popup-point--career timespan\">1999<\/span>\n\t\t\t\t\t\t\t\t<span class=\"popup-point popup-point--career point\">Watrin, Jaspert and Drehsen (wjd), Kolonia  <\/span>\n\t\t\t\t\t\t\t<\/li>\n\t\t\t\t\t\t\t\t\t\t\t\t\t\t\t\t\t\t\t\t\t\t\t\t<li class=\"popup-list__item popup-list__item-career\">\n\t\t\t\t\t\t\t\t<span class=\"popup-point popup-point--career timespan\">1998<\/span>\n\t\t\t\t\t\t\t\t<span class=\"popup-point popup-point--career point\">von Gerkan, Marg and Partners (gmp), Aachen<\/span>\n\t\t\t\t\t\t\t<\/li>\n\t\t\t\t\t\t\t\t\t\t\t\t\t\t\t\t\t\t\t\t\t\t\t\t<li class=\"popup-list__item popup-list__item-career\">\n\t\t\t\t\t\t\t\t<span class=\"popup-point popup-point--career timespan\">1998<\/span>\n\t\t\t\t\t\t\t\t<span class=\"popup-point popup-point--career point\">Heinrich, W\u00f6rner and Vedder Architects, Dortmund<\/span>\n\t\t\t\t\t\t\t<\/li>\n\t\t\t\t\t\t\t\t\t\t\t\t\t\t\t\t\t\t\t\t\t\t\t\t<li class=\"popup-list__item popup-list__item-career\">\n\t\t\t\t\t\t\t\t<span class=\"popup-point popup-point--career timespan\">1997 - 1999<\/span>\n\t\t\t\t\t\t\t\t<span class=\"popup-point popup-point--career point\">Wsp\u00f3\u0142praca z Katedr\u0105 Mieszkalnictwa, Prof. G. Sch\u00f6fl, Uniwersytet RWTH Aachen<\/span>\n\t\t\t\t\t\t\t<\/li>\n\t\t\t\t\t\t\t\t\t\t\t\t\t\t\t\t\t\t\t\t\t\t\t\t<li class=\"popup-list__item popup-list__item-career\">\n\t\t\t\t\t\t\t\t<span class=\"popup-point popup-point--career timespan\">1996 - 2000<\/span>\n\t\t\t\t\t\t\t\t<span class=\"popup-point popup-point--career point\">Scheffler Bauplan GmbH<\/span>\n\t\t\t\t\t\t\t<\/li>\n\t\t\t\t\t\t\t\t\t\t\t\t\t\t\t\t\t\t\t\t\t\t\t\t<li class=\"popup-list__headline popup-list__headline-career\">\n\t\t\t\t\t\t\t\t<span class=\"popup-point popup-point--career headline\">Studia i szkolenia<\/span>\n\t\t\t\t\t\t\t<\/li>\n\t\t\t\t\t\t\t\t\t\t\t\t\t\t\t\t\t\t\t\t\t\t\t\t<li class=\"popup-list__item popup-list__item-career\">\n\t\t\t\t\t\t\t\t<span class=\"popup-point popup-point--career timespan\">1994 - 2000<\/span>\n\t\t\t\t\t\t\t\t<span class=\"popup-point popup-point--career point\">Studiowa\u0142 w Rheinisch-Westf\u00e4lische Technische Hochschule (RWTH) w Akwizgranie.<\/span>\n\t\t\t\t\t\t\t<\/li>\n\t\t\t\t\t\t\t\t\t\t\t\t\t\t\t\t\t\t\t\t\t\t\t\t<li class=\"popup-list__item popup-list__item-career\">\n\t\t\t\t\t\t\t\t<span class=\"popup-point popup-point--career timespan\">1997 - 1998<\/span>\n\t\t\t\t\t\t\t\t<span class=\"popup-point popup-point--career point\">Studiowa\u0142 na Politechnice Wiede\u0144skiej (TU)<\/span>\n\t\t\t\t\t\t\t<\/li>\n\t\t\t\t\t\t\t\t\t\t\t\t\t\t\t\t\t\t\t\t\t\t\t\t<li class=\"popup-list__item popup-list__item-career\">\n\t\t\t\t\t\t\t\t<span class=\"popup-point popup-point--career timespan\">1995<\/span>\n\t\t\t\t\t\t\t\t<span class=\"popup-point popup-point--career point\">Letnia szko\u0142a j\u0119zyka angielskiego w Stowarzyszeniu Architektonicznym (AA), Londyn<\/span>\n\t\t\t\t\t\t\t<\/li>\n\t\t\t\t\t\t\t\t\t\t\t\t\t\t\t\t\t\t\t\t\t\t\t\t<li class=\"popup-list__headline popup-list__headline-career\">\n\t\t\t\t\t\t\t\t<span class=\"popup-point popup-point--career headline\">R\u00f3\u017cne<\/span>\n\t\t\t\t\t\t\t<\/li>\n\t\t\t\t\t\t\t\t\t\t\t\t\t\t\t\t\t\t\t\t\t\t\t\t<li class=\"popup-list__item popup-list__item-career\">\n\t\t\t\t\t\t\t\t<span class=\"popup-point popup-point--career timespan\">2001<\/span>\n\t\t\t\t\t\t\t\t<span class=\"popup-point popup-point--career point\">Nominacja pracy dyplomowej do nagrody Kaiser-Friedrich Prize przyznawanej przez RWTH Aachen oraz do Euregional Architecture Prize EAP  <\/span>\n\t\t\t\t\t\t\t<\/li>\n\t\t\t\t\t\t\t\t\t\t\t\t\t\t\t\t\t\t<\/ul>\n\t\t<\/div>\n\t\t\t<\/div>\n<\/div>\n\n\t\t\t\t\t\t\t\n\t\t\t\t\t\t\t\t\t\t\t\t\t\t\n\t\t\t\t\t\t\t\t\t\t\t\t\t<div class=\"flex_column av_one_third bg-alternate teamgrid-column  \">\n\t\t\t\t\t\t\t\t<article id=\"\" class=\"card-entry person-entry   text-align-left     has-button \">\n\t<div class=\"card-entry__inner\">\n\t\t\n\t<div class=\"card-entry__media media-type-\">\n\t\t<div class=\"card-entry__media-inner\">\n\t\t\t\t\t\t\t<div class=\"card-entry__action\">\n\t<div class=\"card-entry__action-inner\">\n\t\t<div class=\"card-entry__button-wrap avia-button-wrap avia-button-right theme-fill\">\n\t\t\t\t\t\t\t<a class=\"card-entry__button avia-button avia-button color-ci-black hover-yellow avia-size-small popup-toggle avia-position-right no-scroll\" href=\"#team-popup-37362\">\n\t\t\t\t\t<span class=\"button-icon\"><i class=\"icon-arrow_next\"><\/i><\/span><span class=\"button-text\">Prosz\u0119 dowiedzie\u0107 si\u0119 wi\u0119cej<\/span>\n\t\t\t\t<\/a>\n\t\t\t\t\t<\/div>\n\t<\/div>\n<\/div>\n\t\t\t\t\t\t\t\t\t\t\t\t\t\t\t<img decoding=\"async\" src=\"https:\/\/sha-luzern.ch\/wp-content\/uploads\/706x313-Team-Christoph-Helbich-e1727776081730-706x313.jpg\" \/>\n\t\t\t\t\t\t\t\t\t<\/div>\n\t<\/div>\n\n\t<div class=\"card_entry__content-wrap\">\n\t\t\t\t\t<div class=\"card-entry__heading\">\n\t<div class=\"card-entry__heading-inner\">\n\n\n\t\t\t\n\t\t\t\t\t\t\t<span class=\"card-entry__subheadline card-entry__title person-job \">\n\t\t\t\t\tDipl.-Ing. Architect BDA\n\t\t\t\t<\/span>\n\t\t\t\n\t\t\t\n\t\t\t\t\t\t\t<h3 class=\"card-entry__headline person-name \">\n\t\t\t\t\t<span class=\"name-first\">Christoph <\/span><span class=\"name-last\">Helbich<\/span>\n\t\t\t\t<\/h3>\n\t\t\t\n\t\t\t\t\t\t\t<span class=\"card-entry__subheadline person-job \">\n\t\t\t\t\tPartner zarz\u0105dzaj\u0105cy\n\t\t\t\t<\/span>\n\t\t\t\n\t\t\n\t<\/div>\n<\/div>\n\t\t\t\t\t\t\t\t<div class=\"card-entry__content content-type-default\">\n\t\t<div class=\"card-entry__content-inner\">\n\t\t\t<p class=\"card-entry__contents\">\n\t\t\t\t\t\t\t\t\t\t\t\t\t\t\t\t\t\t\t\t\t\t<span class=\"content-phone\"><span class=\"contact-pre\">T<\/span> <a href=\"tel:+492314420200\">+49 (231) 44 20 20 0<\/a><\/span>\n\t\t\t\t\t\t\t\t\t\t\t\t\t\t\t\t\t\t\t\t\t\t\t\t<span class=\"content-mail\"><br\/><span class=\"contact-pre\">E<\/span>  <a href=\"javascript:secureDecryptAndNavigate('c8i\/1zv\/SNXSY7kUY2i6Ef9GHwV5SyUDbqzylqJjik3NHVhrHQLS3R\/09xCS4dHdtf8tW\/YE8INeQHJFdivD0YHzefq54dM=', '7fb6b0a631c756e2798c0419dd401ac6392a180022e45865affe1bd81a905598')\">c.helbich@sha.de<\/a><\/span>\n\t\t\t\t\t\t\t\t\t\t\t\t\t\t\t\t\t\t<\/p>\n\t\t<\/div>\n\t<\/div>\n\t\t\t<\/div>\n\n\t<\/div>\n<\/article>\n\t\t\t\t\t\t\t<\/div>\n\t\t\t\t\t\t\t<div id=\"team-popup-37362\" class=\"popup person-popup  person-popup-small popup-wrap bg-alternate fullwidth p-default mfp-hide\">\n\t<div class=\"popup-column popup-column-person card-entry person-entry bg-main flex_column  av_one_half first\">\n\t\t<article id=\"\" class=\"   text-align-     \">\n\t<div class=\"card-entry__inner\">\n\t\t\n\t<div class=\"card-entry__media media-type-\">\n\t\t<div class=\"card-entry__media-inner\">\n\t\t\t\t\t\t\t<img decoding=\"async\" src=\"https:\/\/sha-luzern.ch\/wp-content\/uploads\/706x313-Team-Christoph-Helbich-e1727776081730-706x313.jpg\" \/>\n\t\t\t\t\t<\/div>\n\t<\/div>\n\n\t<div class=\"card_entry__content-wrap\">\n\t\t\t\t\t<div class=\"card-entry__heading\">\n\t<div class=\"card-entry__heading-inner\">\n\n\n\t\t\t\n\t\t\t\t\t\t\t<span class=\"card-entry__subheadline card-entry__title person-job \">\n\t\t\t\t\tDipl.-Ing. Architect BDA\n\t\t\t\t<\/span>\n\t\t\t\n\t\t\t\n\t\t\t\t\t\t\t<h3 class=\"card-entry__headline person-name \">\n\t\t\t\t\t<span class=\"name-first\">Christoph <\/span><span class=\"name-last\">Helbich<\/span>\n\t\t\t\t<\/h3>\n\t\t\t\n\t\t\t\t\t\t\t<span class=\"card-entry__subheadline person-job \">\n\t\t\t\t\tPartner zarz\u0105dzaj\u0105cy\n\t\t\t\t<\/span>\n\t\t\t\n\t\t\n\t<\/div>\n<\/div>\n\t\t\n\n\t\t\t\t\t<div class=\"card-entry__content content-type-default\">\n\t\t\t\t<div class=\"card-entry__content-inner\">\n\t\t\t\t\t<h3 class=\"popup-headline\">Koncentracja na SHA<\/h3>\n\t\t\t\t\t<p class=\"card-entry__contents desc\">\n\t\t\t\t\t\tJako projektant analityczny i generator pomys\u0142\u00f3w, Christoph Helbich stoi za prac\u0105 koncepcyjn\u0105 SHA.\nWsp\u00f3lnie z klientem opracowuje projekt i wyznacza ramy dla dalszej pracy. \n\t\t\t\t\t<\/p>\n\t\t\t\t<\/div>\n\t\t\t<\/div>\n\t\t\n\t<\/div>\n\n\t<\/div>\n<\/article>\n\t<\/div>\n\n\t<div class=\"popup-columns-wrap flex_column  av_one_half\">\n\t\t<div class=\"popup-column popup-column-career flex_column  av_one_full first bg-alternate\">\n\t\t\t<h2 class=\"popup-headline\">Kariera<\/h2>\n\t\t\t<ul class=\"popup-list popup-list-career\">\n\t\t\t\t\t\t\t\t\t\t\t\t\t\t\t\t\t\t\t\t\t\t<li class=\"popup-list__headline popup-list__headline-career\">\n\t\t\t\t\t\t\t\t<span class=\"popup-point popup-point--career headline\">Praca<\/span>\n\t\t\t\t\t\t\t<\/li>\n\t\t\t\t\t\t\t\t\t\t\t\t\t\t\t\t\t\t\t\t\t\t\t\t<li class=\"popup-list__item popup-list__item-career\">\n\t\t\t\t\t\t\t\t<span class=\"popup-point popup-point--career timespan\">od 2005 r.<\/span>\n\t\t\t\t\t\t\t\t<span class=\"popup-point popup-point--career point\">SHA Scheffler Helbich Architekten GmbH<\/span>\n\t\t\t\t\t\t\t<\/li>\n\t\t\t\t\t\t\t\t\t\t\t\t\t\t\t\t\t\t\t\t\t\t\t\t<li class=\"popup-list__item popup-list__item-career\">\n\t\t\t\t\t\t\t\t<span class=\"popup-point popup-point--career timespan\">od 2003 r.<\/span>\n\t\t\t\t\t\t\t\t<span class=\"popup-point popup-point--career point\">Scheffler Bauplan GmbH<\/span>\n\t\t\t\t\t\t\t<\/li>\n\t\t\t\t\t\t\t\t\t\t\t\t\t\t\t\t\t\t\t\t\t\t\t\t<li class=\"popup-list__item popup-list__item-career\">\n\t\t\t\t\t\t\t\t<span class=\"popup-point popup-point--career timespan\">2000 - 2003<\/span>\n\t\t\t\t\t\t\t\t<span class=\"popup-point popup-point--career point\">von Gerkan, Marg and Partners (gmp), Aachen<\/span>\n\t\t\t\t\t\t\t<\/li>\n\t\t\t\t\t\t\t\t\t\t\t\t\t\t\t\t\t\t\t\t\t\t\t\t<li class=\"popup-list__item popup-list__item-career\">\n\t\t\t\t\t\t\t\t<span class=\"popup-point popup-point--career timespan\">1998 - 2000<\/span>\n\t\t\t\t\t\t\t\t<span class=\"popup-point popup-point--career point\">Watrin, Jaspert and Drehsen (wjd), Kolonia<\/span>\n\t\t\t\t\t\t\t<\/li>\n\t\t\t\t\t\t\t\t\t\t\t\t\t\t\t\t\t\t\t\t\t\t\t\t<li class=\"popup-list__item popup-list__item-career\">\n\t\t\t\t\t\t\t\t<span class=\"popup-point popup-point--career timespan\">1997<\/span>\n\t\t\t\t\t\t\t\t<span class=\"popup-point popup-point--career point\">von Gerkan, Marg and Partners (gmp), Aachen<\/span>\n\t\t\t\t\t\t\t<\/li>\n\t\t\t\t\t\t\t\t\t\t\t\t\t\t\t\t\t\t\t\t\t\t\t\t<li class=\"popup-list__item popup-list__item-career\">\n\t\t\t\t\t\t\t\t<span class=\"popup-point popup-point--career timespan\">1997 - 1999<\/span>\n\t\t\t\t\t\t\t\t<span class=\"popup-point popup-point--career point\">Wsp\u00f3\u0142praca w Katedrze Planowania Obszar\u00f3w Miejskich i Ekspertyz Pracy, Prof. V. Marg, Uniwersytet RWTH Aachen<\/span>\n\t\t\t\t\t\t\t<\/li>\n\t\t\t\t\t\t\t\t\t\t\t\t\t\t\t\t\t\t\t\t\t\t\t\t<li class=\"popup-list__item popup-list__item-career\">\n\t\t\t\t\t\t\t\t<span class=\"popup-point popup-point--career timespan\">1997 - 2001<\/span>\n\t\t\t\t\t\t\t\t<span class=\"popup-point popup-point--career point\">Modelarstwo i fotografia architektoniczna Laurin & Helbich<\/span>\n\t\t\t\t\t\t\t<\/li>\n\t\t\t\t\t\t\t\t\t\t\t\t\t\t\t\t\t\t\t\t\t\t\t\t<li class=\"popup-list__item popup-list__item-career\">\n\t\t\t\t\t\t\t\t<span class=\"popup-point popup-point--career timespan\">1996<\/span>\n\t\t\t\t\t\t\t\t<span class=\"popup-point popup-point--career point\">Storch i Ehlers, Hanower<\/span>\n\t\t\t\t\t\t\t<\/li>\n\t\t\t\t\t\t\t\t\t\t\t\t\t\t\t\t\t\t\t\t\t\t\t\t<li class=\"popup-list__headline popup-list__headline-career\">\n\t\t\t\t\t\t\t\t<span class=\"popup-point popup-point--career headline\">Dzia\u0142alno\u015b\u0107 dydaktyczna<\/span>\n\t\t\t\t\t\t\t<\/li>\n\t\t\t\t\t\t\t\t\t\t\t\t\t\t\t\t\t\t\t\t\t\t\t\t<li class=\"popup-list__item popup-list__item-career\">\n\t\t\t\t\t\t\t\t<span class=\"popup-point popup-point--career timespan\">2012 - 2014<\/span>\n\t\t\t\t\t\t\t\t<span class=\"popup-point popup-point--career point\">Zast\u0119pca profesora budownictwa i zarz\u0105dzania budownictwem, FH Dortmund<\/span>\n\t\t\t\t\t\t\t<\/li>\n\t\t\t\t\t\t\t\t\t\t\t\t\t\t\t\t\t\t\t\t\t\t\t\t<li class=\"popup-list__item popup-list__item-career\">\n\t\t\t\t\t\t\t\t<span class=\"popup-point popup-point--career timespan\">2008 - 2011<\/span>\n\t\t\t\t\t\t\t\t<span class=\"popup-point popup-point--career point\">Zadania dydaktyczne w zakresie konstrukcji i projektowania budynk\u00f3w, FH Dortmund<\/span>\n\t\t\t\t\t\t\t<\/li>\n\t\t\t\t\t\t\t\t\t\t\t\t\t\t\t\t\t\t\t\t\t\t\t\t<li class=\"popup-list__item popup-list__item-career\">\n\t\t\t\t\t\t\t\t<span class=\"popup-point popup-point--career timespan\">2006 - 2007<\/span>\n\t\t\t\t\t\t\t\t<span class=\"popup-point popup-point--career point\">Wyk\u0142ady dla specjalnych obszar\u00f3w planowania urbanistycznego, Uniwersytet RWTH Aachen<\/span>\n\t\t\t\t\t\t\t<\/li>\n\t\t\t\t\t\t\t\t\t\t\t\t\t\t\t\t\t\t\t\t\t\t\t\t<li class=\"popup-list__item popup-list__item-career\">\n\t\t\t\t\t\t\t\t<span class=\"popup-point popup-point--career timespan\">2003 - 2006<\/span>\n\t\t\t\t\t\t\t\t<span class=\"popup-point popup-point--career point\">Asystent w Katedrze Planowania Obszar\u00f3w Miejskich, Prof. V. Marg, Prof. G. Bruchhaus, Uniwersytet RWTH Aachen<\/span>\n\t\t\t\t\t\t\t<\/li>\n\t\t\t\t\t\t\t\t\t\t\t\t\t\t\t\t\t\t\t\t\t\t\t\t<li class=\"popup-list__headline popup-list__headline-career\">\n\t\t\t\t\t\t\t\t<span class=\"popup-point popup-point--career headline\">Studia i szkolenia<\/span>\n\t\t\t\t\t\t\t<\/li>\n\t\t\t\t\t\t\t\t\t\t\t\t\t\t\t\t\t\t\t\t\t\t\t\t<li class=\"popup-list__item popup-list__item-career\">\n\t\t\t\t\t\t\t\t<span class=\"popup-point popup-point--career timespan\">1994 - 2000<\/span>\n\t\t\t\t\t\t\t\t<span class=\"popup-point popup-point--career point\">Studiowa\u0142 w Rheinisch-Westf\u00e4lische Technische Hochschule (RWTH) w Akwizgranie.<\/span>\n\t\t\t\t\t\t\t<\/li>\n\t\t\t\t\t\t\t\t\t\t\t\t\t\t\t\t\t\t\t\t\t\t\t\t<li class=\"popup-list__item popup-list__item-career\">\n\t\t\t\t\t\t\t\t<span class=\"popup-point popup-point--career timespan\">1997 - 1998<\/span>\n\t\t\t\t\t\t\t\t<span class=\"popup-point popup-point--career point\">Studia w Szwajcarskim Federalnym Instytucie Technologii (ETH) w Zurychu<\/span>\n\t\t\t\t\t\t\t<\/li>\n\t\t\t\t\t\t\t\t\t\t\t\t\t\t\t\t\t\t\t\t\t\t\t\t<li class=\"popup-list__item popup-list__item-career\">\n\t\t\t\t\t\t\t\t<span class=\"popup-point popup-point--career timespan\">1995<\/span>\n\t\t\t\t\t\t\t\t<span class=\"popup-point popup-point--career point\">Letnia szko\u0142a j\u0119zyka angielskiego w Stowarzyszeniu Architektonicznym (AA), Londyn<\/span>\n\t\t\t\t\t\t\t<\/li>\n\t\t\t\t\t\t\t\t\t\t\t\t\t\t\t\t\t\t\t\t\t\t\t\t<li class=\"popup-list__headline popup-list__headline-career\">\n\t\t\t\t\t\t\t\t<span class=\"popup-point popup-point--career headline\">R\u00f3\u017cne<\/span>\n\t\t\t\t\t\t\t<\/li>\n\t\t\t\t\t\t\t\t\t\t\t\t\t\t\t\t\t\t\t\t\t\t\t\t<li class=\"popup-list__item popup-list__item-career\">\n\t\t\t\t\t\t\t\t<span class=\"popup-point popup-point--career timespan\">2007<\/span>\n\t\t\t\t\t\t\t\t<span class=\"popup-point popup-point--career point\">Powo\u0142anie do Stowarzyszenia Architekt\u00f3w Niemieckich (BDA), Dortmund<\/span>\n\t\t\t\t\t\t\t<\/li>\n\t\t\t\t\t\t\t\t\t\t\t\t\t\t\t\t\t\t<\/ul>\n\t\t<\/div>\n\t\t\t<\/div>\n<\/div>\n\n\t\t\t\t\t\t\t\n\t\t\t\t\t\t\t\t\t\t\t\t\t\t\n\t\t\t\t\t\t\t\t\t\t\t\t\t<div class=\"flex_column av_one_third bg-alternate teamgrid-column  \">\n\t\t\t\t\t\t\t\t<article id=\"\" class=\"card-entry person-entry   text-align-left     has-button \">\n\t<div class=\"card-entry__inner\">\n\t\t\n\t<div class=\"card-entry__media media-type-\">\n\t\t<div class=\"card-entry__media-inner\">\n\t\t\t\t\t\t\t<div class=\"card-entry__action\">\n\t<div class=\"card-entry__action-inner\">\n\t\t<div class=\"card-entry__button-wrap avia-button-wrap avia-button-right theme-fill\">\n\t\t\t\t\t\t\t<a class=\"card-entry__button avia-button avia-button color-ci-black hover-yellow avia-size-small popup-toggle avia-position-right no-scroll\" href=\"#team-popup-37360\">\n\t\t\t\t\t<span class=\"button-icon\"><i class=\"icon-arrow_next\"><\/i><\/span><span class=\"button-text\">Prosz\u0119 dowiedzie\u0107 si\u0119 wi\u0119cej<\/span>\n\t\t\t\t<\/a>\n\t\t\t\t\t<\/div>\n\t<\/div>\n<\/div>\n\t\t\t\t\t\t\t\t\t\t\t\t\t\t\t<img decoding=\"async\" src=\"https:\/\/sha-luzern.ch\/wp-content\/uploads\/706x313-Team-Beele-706x313.jpg\" \/>\n\t\t\t\t\t\t\t\t\t<\/div>\n\t<\/div>\n\n\t<div class=\"card_entry__content-wrap\">\n\t\t\t\t\t<div class=\"card-entry__heading\">\n\t<div class=\"card-entry__heading-inner\">\n\n\n\t\t\t\n\t\t\t\t\t\t\t<span class=\"card-entry__subheadline card-entry__title person-job \">\n\t\t\t\t\tAbsolwent in\u017cynierii l\u0105dowej\n\t\t\t\t<\/span>\n\t\t\t\n\t\t\t\n\t\t\t\t\t\t\t<h3 class=\"card-entry__headline person-name \">\n\t\t\t\t\t<span class=\"name-first\">Jens <\/span><span class=\"name-last\">Beele<\/span>\n\t\t\t\t<\/h3>\n\t\t\t\n\t\t\t\t\t\t\t<span class=\"card-entry__subheadline person-job \">\n\t\t\t\t\tDyrektor Zarz\u0105dzaj\u0105cy\n\t\t\t\t<\/span>\n\t\t\t\n\t\t\n\t<\/div>\n<\/div>\n\t\t\t\t\t\t\t\t<div class=\"card-entry__content content-type-default\">\n\t\t<div class=\"card-entry__content-inner\">\n\t\t\t<p class=\"card-entry__contents\">\n\t\t\t\t\t\t\t\t\t\t\t\t\t\t\t\t\t\t\t\t\t\t<span class=\"content-phone\"><span class=\"contact-pre\">T<\/span> <a href=\"tel:+492314420200\">+49 (231) 44 20 20 0<\/a><\/span>\n\t\t\t\t\t\t\t\t\t\t\t\t\t\t\t\t\t\t\t\t\t\t\t\t<span class=\"content-mail\"><br\/><span class=\"contact-pre\">E<\/span>  <a href=\"javascript:secureDecryptAndNavigate('CQ9eLmVuoafCKSaZc9aPP8jmUfDVHjXiziv6QTzrqikyZS5OUirgQhP4Werg6J4Bjg+36p4k22Fk02nujZi1XCu0o6pf', '7fb6b0a631c756e2798c0419dd401ac6392a180022e45865affe1bd81a905598')\">j.beele@sha.de<\/a><\/span>\n\t\t\t\t\t\t\t\t\t\t\t\t\t\t\t\t\t\t<\/p>\n\t\t<\/div>\n\t<\/div>\n\t\t\t<\/div>\n\n\t<\/div>\n<\/article>\n\t\t\t\t\t\t\t<\/div>\n\t\t\t\t\t\t\t<div id=\"team-popup-37360\" class=\"popup person-popup  person-popup-small popup-wrap bg-alternate fullwidth p-default mfp-hide\">\n\t<div class=\"popup-column popup-column-person card-entry person-entry bg-main flex_column  av_one_half first\">\n\t\t<article id=\"\" class=\"   text-align-     \">\n\t<div class=\"card-entry__inner\">\n\t\t\n\t<div class=\"card-entry__media media-type-\">\n\t\t<div class=\"card-entry__media-inner\">\n\t\t\t\t\t\t\t<img decoding=\"async\" src=\"https:\/\/sha-luzern.ch\/wp-content\/uploads\/706x313-Team-Beele-706x313.jpg\" \/>\n\t\t\t\t\t<\/div>\n\t<\/div>\n\n\t<div class=\"card_entry__content-wrap\">\n\t\t\t\t\t<div class=\"card-entry__heading\">\n\t<div class=\"card-entry__heading-inner\">\n\n\n\t\t\t\n\t\t\t\t\t\t\t<span class=\"card-entry__subheadline card-entry__title person-job \">\n\t\t\t\t\tAbsolwent in\u017cynierii l\u0105dowej\n\t\t\t\t<\/span>\n\t\t\t\n\t\t\t\n\t\t\t\t\t\t\t<h3 class=\"card-entry__headline person-name \">\n\t\t\t\t\t<span class=\"name-first\">Jens <\/span><span class=\"name-last\">Beele<\/span>\n\t\t\t\t<\/h3>\n\t\t\t\n\t\t\t\t\t\t\t<span class=\"card-entry__subheadline person-job \">\n\t\t\t\t\tDyrektor Zarz\u0105dzaj\u0105cy\n\t\t\t\t<\/span>\n\t\t\t\n\t\t\n\t<\/div>\n<\/div>\n\t\t\n\n\t\t\t\t\t<div class=\"card-entry__content content-type-default\">\n\t\t\t\t<div class=\"card-entry__content-inner\">\n\t\t\t\t\t<h3 class=\"popup-headline\">Koncentracja na SHA<\/h3>\n\t\t\t\t\t<p class=\"card-entry__contents desc\">\n\t\t\t\t\t\tJens Beele pracuje dla SHA od 2009 roku i zna biuro od podszewki. Dzi\u0119ki wieloletniemu do\u015bwiadczeniu jako autoryzowany sygnatariusz i lider zespo\u0142u w zarz\u0105dzaniu budow\u0105, do\u0142\u0105czy\u0142 do zespo\u0142u zarz\u0105dzaj\u0105cego SHA w kwietniu 2022 roku. Jako wykonawca z wszechstronnym spojrzeniem i blisko\u015bci\u0105 z w\u0142a\u015bcicielami budynk\u00f3w, wnosi do sto\u0142u solidne rozwi\u0105zania operacyjne.\n\n\t\t\t\t\t<\/p>\n\t\t\t\t<\/div>\n\t\t\t<\/div>\n\t\t\n\t<\/div>\n\n\t<\/div>\n<\/article>\n\t<\/div>\n\n\t<div class=\"popup-columns-wrap flex_column  av_one_half\">\n\t\t<div class=\"popup-column popup-column-career flex_column  av_one_full first bg-alternate\">\n\t\t\t<h2 class=\"popup-headline\">Kariera<\/h2>\n\t\t\t<ul class=\"popup-list popup-list-career\">\n\t\t\t\t\t\t\t\t\t\t\t\t\t\t\t\t\t\t\t\t\t\t<li class=\"popup-list__headline popup-list__headline-career\">\n\t\t\t\t\t\t\t\t<span class=\"popup-point popup-point--career headline\">Praca<\/span>\n\t\t\t\t\t\t\t<\/li>\n\t\t\t\t\t\t\t\t\t\t\t\t\t\t\t\t\t\t\t\t\t\t\t\t<li class=\"popup-list__item popup-list__item-career\">\n\t\t\t\t\t\t\t\t<span class=\"popup-point popup-point--career timespan\">od 2022 r.<\/span>\n\t\t\t\t\t\t\t\t<span class=\"popup-point popup-point--career point\">SHA Scheffler Helbich Architekten GmbH, Dyrektor Zarz\u0105dzaj\u0105cy<\/span>\n\t\t\t\t\t\t\t<\/li>\n\t\t\t\t\t\t\t\t\t\t\t\t\t\t\t\t\t\t\t\t\t\t\t\t<li class=\"popup-list__item popup-list__item-career\">\n\t\t\t\t\t\t\t\t<span class=\"popup-point popup-point--career timespan\">od 2016 r.<\/span>\n\t\t\t\t\t\t\t\t<span class=\"popup-point popup-point--career point\">SHA Scheffler Helbich Architekten GmbH, upowa\u017cniony sygnatariusz<\/span>\n\t\t\t\t\t\t\t<\/li>\n\t\t\t\t\t\t\t\t\t\t\t\t\t\t\t\t\t\t\t\t\t\t\t\t<li class=\"popup-list__item popup-list__item-career\">\n\t\t\t\t\t\t\t\t<span class=\"popup-point popup-point--career timespan\">od 2009 r.<\/span>\n\t\t\t\t\t\t\t\t<span class=\"popup-point popup-point--career point\">SHA Scheffler Helbich Architekten GmbH<\/span>\n\t\t\t\t\t\t\t<\/li>\n\t\t\t\t\t\t\t\t\t\t\t\t\t\t\t\t\t\t\t\t\t\t\t\t<li class=\"popup-list__item popup-list__item-career\">\n\t\t\t\t\t\t\t\t<span class=\"popup-point popup-point--career timespan\">2008 - 2009<\/span>\n\t\t\t\t\t\t\t\t<span class=\"popup-point popup-point--career point\">Studio KMK, Neuenrade (nast\u0119pca Schnabelkrach gbr)<\/span>\n\t\t\t\t\t\t\t<\/li>\n\t\t\t\t\t\t\t\t\t\t\t\t\t\t\t\t\t\t\t\t\t\t\t\t<li class=\"popup-list__item popup-list__item-career\">\n\t\t\t\t\t\t\t\t<span class=\"popup-point popup-point--career timespan\">2005 - 2008<\/span>\n\t\t\t\t\t\t\t\t<span class=\"popup-point popup-point--career point\">Biuro schnabelkrach, Neuenrade, kierownik budowy<\/span>\n\t\t\t\t\t\t\t<\/li>\n\t\t\t\t\t\t\t\t\t\t\t\t\t\t\t\t\t\t\t\t\t\t\t\t<li class=\"popup-list__item popup-list__item-career\">\n\t\t\t\t\t\t\t\t<span class=\"popup-point popup-point--career timespan\">2004 - 2005<\/span>\n\t\t\t\t\t\t\t\t<span class=\"popup-point popup-point--career point\">Biuro IPL, Lippstadt, kalkulator<\/span>\n\t\t\t\t\t\t\t<\/li>\n\t\t\t\t\t\t\t\t\t\t\t\t\t\t\t\t\t\t\t\t\t\t\t\t<li class=\"popup-list__item popup-list__item-career\">\n\t\t\t\t\t\t\t\t<span class=\"popup-point popup-point--career timespan\">2000 - 2004<\/span>\n\t\t\t\t\t\t\t\t<span class=\"popup-point popup-point--career point\">Biuro 3L, Menden, kierownik budowy<\/span>\n\t\t\t\t\t\t\t<\/li>\n\t\t\t\t\t\t\t\t\t\t\t\t\t\t\t\t\t\t\t\t\t\t\t\t<li class=\"popup-list__headline popup-list__headline-career\">\n\t\t\t\t\t\t\t\t<span class=\"popup-point popup-point--career headline\">Studia i szkolenia<\/span>\n\t\t\t\t\t\t\t<\/li>\n\t\t\t\t\t\t\t\t\t\t\t\t\t\t\t\t\t\t\t\t\t\t\t\t<li class=\"popup-list__item popup-list__item-career\">\n\t\t\t\t\t\t\t\t<span class=\"popup-point popup-point--career timespan\">2000<\/span>\n\t\t\t\t\t\t\t\t<span class=\"popup-point popup-point--career point\">Dyplom (in\u017cynieria l\u0105dowa)<\/span>\n\t\t\t\t\t\t\t<\/li>\n\t\t\t\t\t\t\t\t\t\t\t\t\t\t\t\t\t\t\t\t\t\t\t\t<li class=\"popup-list__item popup-list__item-career\">\n\t\t\t\t\t\t\t\t<span class=\"popup-point popup-point--career timespan\">1995 - 2000<\/span>\n\t\t\t\t\t\t\t\t<span class=\"popup-point popup-point--career point\">Studiowa\u0142 in\u017cynieri\u0119 l\u0105dow\u0105 na Uniwersytecie Nauk Stosowanych w Bochum, specjalizuj\u0105c si\u0119 w in\u017cynierii budowlanej.<\/span>\n\t\t\t\t\t\t\t<\/li>\n\t\t\t\t\t\t\t\t\t\t\t\t\t\t\t\t\t\t\t\t\t\t\t\t<li class=\"popup-list__item popup-list__item-career\">\n\t\t\t\t\t\t\t\t<span class=\"popup-point popup-point--career timespan\">1994 - 1996<\/span>\n\t\t\t\t\t\t\t\t<span class=\"popup-point popup-point--career point\">Praktyki murarskie, Thomas Helleckes GmbH<\/span>\n\t\t\t\t\t\t\t<\/li>\n\t\t\t\t\t\t\t\t\t\t\t\t\t\t\t\t\t\t<\/ul>\n\t\t<\/div>\n\t\t\t<\/div>\n<\/div>\n\n\t\t\t\t\t\t\t\n\t\t\t\t\t\t\t\t\t\t\t\t\t\t\n\t\t\t\t\t\t\t\t\t\t\t\t\t<div class=\"flex_column av_one_third bg-alternate teamgrid-column first column-top-margin\">\n\t\t\t\t\t\t\t\t<article id=\"\" class=\"card-entry person-entry   text-align-left     has-button \">\n\t<div class=\"card-entry__inner\">\n\t\t\n\t<div class=\"card-entry__media media-type-\">\n\t\t<div class=\"card-entry__media-inner\">\n\t\t\t\t\t\t\t<div class=\"card-entry__action\">\n\t<div class=\"card-entry__action-inner\">\n\t\t<div class=\"card-entry__button-wrap avia-button-wrap avia-button-right theme-fill\">\n\t\t\t\t\t\t\t<a class=\"card-entry__button avia-button avia-button color-ci-black hover-yellow avia-size-small popup-toggle avia-position-right no-scroll\" href=\"#team-popup-37347\">\n\t\t\t\t\t<span class=\"button-icon\"><i class=\"icon-arrow_next\"><\/i><\/span><span class=\"button-text\">Prosz\u0119 dowiedzie\u0107 si\u0119 wi\u0119cej<\/span>\n\t\t\t\t<\/a>\n\t\t\t\t\t<\/div>\n\t<\/div>\n<\/div>\n\t\t\t\t\t\t\t\t\t\t\t\t\t\t\t<img decoding=\"async\" src=\"https:\/\/sha-luzern.ch\/wp-content\/uploads\/706x313-Team-Kaminsky-706x313.jpg\" \/>\n\t\t\t\t\t\t\t\t\t<\/div>\n\t<\/div>\n\n\t<div class=\"card_entry__content-wrap\">\n\t\t\t\t\t<div class=\"card-entry__heading\">\n\t<div class=\"card-entry__heading-inner\">\n\n\n\t\t\t\n\t\t\t\t\t\t\t<span class=\"card-entry__subheadline card-entry__title person-job \">\n\t\t\t\t\tDipl.-Ing. Architect\n\t\t\t\t<\/span>\n\t\t\t\n\t\t\t\n\t\t\t\t\t\t\t<h3 class=\"card-entry__headline person-name \">\n\t\t\t\t\t<span class=\"name-first\">Volker <\/span><span class=\"name-last\">Kaminsky<\/span>\n\t\t\t\t<\/h3>\n\t\t\t\n\t\t\t\t\t\t\t<span class=\"card-entry__subheadline person-job \">\n\t\t\t\t\tUpowa\u017cniony sygnatariusz i dyrektor ds. planowania\n\t\t\t\t<\/span>\n\t\t\t\n\t\t\n\t<\/div>\n<\/div>\n\t\t\t\t\t\t\t\t<div class=\"card-entry__content content-type-default\">\n\t\t<div class=\"card-entry__content-inner\">\n\t\t\t<p class=\"card-entry__contents\">\n\t\t\t\t\t\t\t\t\t\t\t\t\t\t\t\t\t\t\t\t\t\t<span class=\"content-phone\"><span class=\"contact-pre\">T<\/span> <a href=\"tel:+492314420200\">+49 (231) 44 20 20 0<\/a><\/span>\n\t\t\t\t\t\t\t\t\t\t\t\t\t\t\t\t\t\t\t\t\t\t\t\t<span class=\"content-mail\"><br\/><span class=\"contact-pre\">E<\/span>  <a href=\"javascript:secureDecryptAndNavigate('JvIeDaHwHtbrY5pt5EzLb2j55IZU2vvu7if68e5GbEHgwK4f6CSs8QuHcqJ+TVnTvMQRMzMqaKXKY\/Cbvl58wcvANFFe36LN', '7fb6b0a631c756e2798c0419dd401ac6392a180022e45865affe1bd81a905598')\">v.kaminsky@sha.de<\/a><\/span>\n\t\t\t\t\t\t\t\t\t\t\t\t\t\t\t\t\t\t<\/p>\n\t\t<\/div>\n\t<\/div>\n\t\t\t<\/div>\n\n\t<\/div>\n<\/article>\n\t\t\t\t\t\t\t<\/div>\n\t\t\t\t\t\t\t<div id=\"team-popup-37347\" class=\"popup person-popup  person-popup-small popup-wrap bg-alternate fullwidth p-default mfp-hide\">\n\t<div class=\"popup-column popup-column-person card-entry person-entry bg-main flex_column  av_one_half first\">\n\t\t<article id=\"\" class=\"   text-align-     \">\n\t<div class=\"card-entry__inner\">\n\t\t\n\t<div class=\"card-entry__media media-type-\">\n\t\t<div class=\"card-entry__media-inner\">\n\t\t\t\t\t\t\t<img decoding=\"async\" src=\"https:\/\/sha-luzern.ch\/wp-content\/uploads\/706x313-Team-Kaminsky-706x313.jpg\" \/>\n\t\t\t\t\t<\/div>\n\t<\/div>\n\n\t<div class=\"card_entry__content-wrap\">\n\t\t\t\t\t<div class=\"card-entry__heading\">\n\t<div class=\"card-entry__heading-inner\">\n\n\n\t\t\t\n\t\t\t\t\t\t\t<span class=\"card-entry__subheadline card-entry__title person-job \">\n\t\t\t\t\tDipl.-Ing. Architect\n\t\t\t\t<\/span>\n\t\t\t\n\t\t\t\n\t\t\t\t\t\t\t<h3 class=\"card-entry__headline person-name \">\n\t\t\t\t\t<span class=\"name-first\">Volker <\/span><span class=\"name-last\">Kaminsky<\/span>\n\t\t\t\t<\/h3>\n\t\t\t\n\t\t\t\t\t\t\t<span class=\"card-entry__subheadline person-job \">\n\t\t\t\t\tUpowa\u017cniony sygnatariusz i dyrektor ds. planowania\n\t\t\t\t<\/span>\n\t\t\t\n\t\t\n\t<\/div>\n<\/div>\n\t\t\n\n\t\t\t\t\t<div class=\"card-entry__content content-type-default\">\n\t\t\t\t<div class=\"card-entry__content-inner\">\n\t\t\t\t\t<h3 class=\"popup-headline\">Koncentracja na SHA<\/h3>\n\t\t\t\t\t<p class=\"card-entry__contents desc\">\n\t\t\t\t\t\tJako pragmatyk z ponad 40-letnim do\u015bwiadczeniem zawodowym, Volker Kaminsky i jego zesp\u00f3\u0142 s\u0105 odpowiedzialni za projekty od pierwszego pomys\u0142u do szczeg\u00f3\u0142owego planowania.\nJest naszym niekwestionowanym ekspertem w dziedzinie handlu materia\u0142ami budowlanymi.   \n\t\t\t\t\t<\/p>\n\t\t\t\t<\/div>\n\t\t\t<\/div>\n\t\t\n\t<\/div>\n\n\t<\/div>\n<\/article>\n\t<\/div>\n\n\t<div class=\"popup-columns-wrap flex_column  av_one_half\">\n\t\t<div class=\"popup-column popup-column-career flex_column  av_one_full first bg-alternate\">\n\t\t\t<h2 class=\"popup-headline\">Kariera<\/h2>\n\t\t\t<ul class=\"popup-list popup-list-career\">\n\t\t\t\t\t\t\t\t\t\t\t\t\t\t\t\t\t\t\t\t\t\t<li class=\"popup-list__headline popup-list__headline-career\">\n\t\t\t\t\t\t\t\t<span class=\"popup-point popup-point--career headline\">Praca<\/span>\n\t\t\t\t\t\t\t<\/li>\n\t\t\t\t\t\t\t\t\t\t\t\t\t\t\t\t\t\t\t\t\t\t\t\t<li class=\"popup-list__item popup-list__item-career\">\n\t\t\t\t\t\t\t\t<span class=\"popup-point popup-point--career timespan\">od 2016 r.<\/span>\n\t\t\t\t\t\t\t\t<span class=\"popup-point popup-point--career point\">SHA Scheffler Helbich Architekten GmbH, upowa\u017cniony sygnatariusz<\/span>\n\t\t\t\t\t\t\t<\/li>\n\t\t\t\t\t\t\t\t\t\t\t\t\t\t\t\t\t\t\t\t\t\t\t\t<li class=\"popup-list__item popup-list__item-career\">\n\t\t\t\t\t\t\t\t<span class=\"popup-point popup-point--career timespan\">od 2000 r.<\/span>\n\t\t\t\t\t\t\t\t<span class=\"popup-point popup-point--career point\">SHA Scheffler Helbich Architekten GmbH, Kierownik Dzia\u0142u Planowania<\/span>\n\t\t\t\t\t\t\t<\/li>\n\t\t\t\t\t\t\t\t\t\t\t\t\t\t\t\t\t\t\t\t\t\t\t\t<li class=\"popup-list__item popup-list__item-career\">\n\t\t\t\t\t\t\t\t<span class=\"popup-point popup-point--career timespan\">od 1994 r.<\/span>\n\t\t\t\t\t\t\t\t<span class=\"popup-point popup-point--career point\">Architekturb\u00fcro Scheffler \/ Scheffler Bauplan GmbH \/ SHA Scheffler Helbich Architekten GmbH<\/span>\n\t\t\t\t\t\t\t<\/li>\n\t\t\t\t\t\t\t\t\t\t\t\t\t\t\t\t\t\t\t\t\t\t\t\t<li class=\"popup-list__item popup-list__item-career\">\n\t\t\t\t\t\t\t\t<span class=\"popup-point popup-point--career timespan\">1990 - 1994<\/span>\n\t\t\t\t\t\t\t\t<span class=\"popup-point popup-point--career point\">Architekci Pickhan, Hagen<\/span>\n\t\t\t\t\t\t\t<\/li>\n\t\t\t\t\t\t\t\t\t\t\t\t\t\t\t\t\t\t\t\t\t\t\t\t<li class=\"popup-list__item popup-list__item-career\">\n\t\t\t\t\t\t\t\t<span class=\"popup-point popup-point--career timespan\">1986 - 1990<\/span>\n\t\t\t\t\t\t\t\t<span class=\"popup-point popup-point--career point\">Biuro architektoniczne Willers + Z\u00f6bisch, Schwerte<\/span>\n\t\t\t\t\t\t\t<\/li>\n\t\t\t\t\t\t\t\t\t\t\t\t\t\t\t\t\t\t\t\t\t\t\t\t<li class=\"popup-list__item popup-list__item-career\">\n\t\t\t\t\t\t\t\t<span class=\"popup-point popup-point--career timespan\">1984<\/span>\n\t\t\t\t\t\t\t\t<span class=\"popup-point popup-point--career point\">Biuro architektoniczne Hubert Peetz, Lennestadt<\/span>\n\t\t\t\t\t\t\t<\/li>\n\t\t\t\t\t\t\t\t\t\t\t\t\t\t\t\t\t\t\t\t\t\t\t\t<li class=\"popup-list__item popup-list__item-career\">\n\t\t\t\t\t\t\t\t<span class=\"popup-point popup-point--career timespan\">1983<\/span>\n\t\t\t\t\t\t\t\t<span class=\"popup-point popup-point--career point\">Przedsi\u0119biorstwo budowy dr\u00f3g i in\u017cynierii l\u0105dowej Erich K\u00f6ster KG, Schwerte<\/span>\n\t\t\t\t\t\t\t<\/li>\n\t\t\t\t\t\t\t\t\t\t\t\t\t\t\t\t\t\t\t\t\t\t\t\t<li class=\"popup-list__headline popup-list__headline-career\">\n\t\t\t\t\t\t\t\t<span class=\"popup-point popup-point--career headline\">Studia i szkolenia<\/span>\n\t\t\t\t\t\t\t<\/li>\n\t\t\t\t\t\t\t\t\t\t\t\t\t\t\t\t\t\t\t\t\t\t\t\t<li class=\"popup-list__item popup-list__item-career\">\n\t\t\t\t\t\t\t\t<span class=\"popup-point popup-point--career timespan\">od 1993 r.<\/span>\n\t\t\t\t\t\t\t\t<span class=\"popup-point popup-point--career point\">Cz\u0142onek Izby Architekt\u00f3w NRW<\/span>\n\t\t\t\t\t\t\t<\/li>\n\t\t\t\t\t\t\t\t\t\t\t\t\t\t\t\t\t\t\t\t\t\t\t\t<li class=\"popup-list__item popup-list__item-career\">\n\t\t\t\t\t\t\t\t<span class=\"popup-point popup-point--career timespan\">1990<\/span>\n\t\t\t\t\t\t\t\t<span class=\"popup-point popup-point--career point\">Stopie\u0144 in\u017cyniera, specjalizacja architektura<\/span>\n\t\t\t\t\t\t\t<\/li>\n\t\t\t\t\t\t\t\t\t\t\t\t\t\t\t\t\t\t\t\t\t\t\t\t<li class=\"popup-list__item popup-list__item-career\">\n\t\t\t\t\t\t\t\t<span class=\"popup-point popup-point--career timespan\">1983 - 1990<\/span>\n\t\t\t\t\t\t\t\t<span class=\"popup-point popup-point--career point\">Studiowa\u0142 architektur\u0119 na Uniwersytecie Nauk Stosowanych i Sztuki w Dortmundzie.<\/span>\n\t\t\t\t\t\t\t<\/li>\n\t\t\t\t\t\t\t\t\t\t\t\t\t\t\t\t\t\t<\/ul>\n\t\t<\/div>\n\t\t\t<\/div>\n<\/div>\n\n\t\t\t\t\t\t\t\n\t\t\t\t\t\t\t\t\t\t\t\t\t\t\n\t\t\t\t\t\t\t\t\t\t\t\t\t<div class=\"flex_column av_one_third bg-alternate teamgrid-column  column-top-margin\">\n\t\t\t\t\t\t\t\t<article id=\"\" class=\"card-entry person-entry   text-align-left     has-button \">\n\t<div class=\"card-entry__inner\">\n\t\t\n\t<div class=\"card-entry__media media-type-\">\n\t\t<div class=\"card-entry__media-inner\">\n\t\t\t\t\t\t\t<div class=\"card-entry__action\">\n\t<div class=\"card-entry__action-inner\">\n\t\t<div class=\"card-entry__button-wrap avia-button-wrap avia-button-right theme-fill\">\n\t\t\t\t\t\t\t<a class=\"card-entry__button avia-button avia-button color-ci-black hover-yellow avia-size-small popup-toggle avia-position-right no-scroll\" href=\"#team-popup-37348\">\n\t\t\t\t\t<span class=\"button-icon\"><i class=\"icon-arrow_next\"><\/i><\/span><span class=\"button-text\">Prosz\u0119 dowiedzie\u0107 si\u0119 wi\u0119cej<\/span>\n\t\t\t\t<\/a>\n\t\t\t\t\t<\/div>\n\t<\/div>\n<\/div>\n\t\t\t\t\t\t\t\t\t\t\t\t\t\t\t<img decoding=\"async\" src=\"https:\/\/sha-luzern.ch\/wp-content\/uploads\/Horstmeier-706x313-1-706x313.jpg\" \/>\n\t\t\t\t\t\t\t\t\t<\/div>\n\t<\/div>\n\n\t<div class=\"card_entry__content-wrap\">\n\t\t\t\t\t<div class=\"card-entry__heading\">\n\t<div class=\"card-entry__heading-inner\">\n\n\n\t\t\t\n\t\t\t\t\t\t\t<span class=\"card-entry__subheadline card-entry__title person-job \">\n\t\t\t\t\tDipl.-Ing. Architect\n\t\t\t\t<\/span>\n\t\t\t\n\t\t\t\n\t\t\t\t\t\t\t<h3 class=\"card-entry__headline person-name \">\n\t\t\t\t\t<span class=\"name-first\">Marc <\/span><span class=\"name-last\">Horstmeier<\/span>\n\t\t\t\t<\/h3>\n\t\t\t\n\t\t\t\t\t\t\t<span class=\"card-entry__subheadline person-job \">\n\t\t\t\t\tUpowa\u017cniony sygnatariusz\n\t\t\t\t<\/span>\n\t\t\t\n\t\t\n\t<\/div>\n<\/div>\n\t\t\t\t\t\t\t\t<div class=\"card-entry__content content-type-default\">\n\t\t<div class=\"card-entry__content-inner\">\n\t\t\t<p class=\"card-entry__contents\">\n\t\t\t\t\t\t\t\t\t\t\t\t\t\t\t\t\t\t\t\t\t\t<span class=\"content-phone\"><span class=\"contact-pre\">T<\/span> <a href=\"tel:+492314420200\">+49 (231) 44 20 20 0<\/a><\/span>\n\t\t\t\t\t\t\t\t\t\t\t\t\t\t\t\t\t\t\t\t\t\t\t\t<span class=\"content-mail\"><br\/><span class=\"contact-pre\">E<\/span>  <a href=\"javascript:secureDecryptAndNavigate('Hho31JrFFmdOpk8dh0zL\/Xk8sJ0S2r2VDxlLbKOyIaakGkrAC5iOt+FoXLQpFkD4I6xFEf3kvoZAQpcyV4QX1UXYURIF2fW+9JY=', '7fb6b0a631c756e2798c0419dd401ac6392a180022e45865affe1bd81a905598')\">m.horstmeier@sha.de<\/a><\/span>\n\t\t\t\t\t\t\t\t\t\t\t\t\t\t\t\t\t\t<\/p>\n\t\t<\/div>\n\t<\/div>\n\t\t\t<\/div>\n\n\t<\/div>\n<\/article>\n\t\t\t\t\t\t\t<\/div>\n\t\t\t\t\t\t\t<div id=\"team-popup-37348\" class=\"popup person-popup  person-popup-small popup-wrap bg-alternate fullwidth p-default mfp-hide\">\n\t<div class=\"popup-column popup-column-person card-entry person-entry bg-main flex_column  av_one_half first\">\n\t\t<article id=\"\" class=\"   text-align-     \">\n\t<div class=\"card-entry__inner\">\n\t\t\n\t<div class=\"card-entry__media media-type-\">\n\t\t<div class=\"card-entry__media-inner\">\n\t\t\t\t\t\t\t<img decoding=\"async\" src=\"https:\/\/sha-luzern.ch\/wp-content\/uploads\/Horstmeier-706x313-1-706x313.jpg\" \/>\n\t\t\t\t\t<\/div>\n\t<\/div>\n\n\t<div class=\"card_entry__content-wrap\">\n\t\t\t\t\t<div class=\"card-entry__heading\">\n\t<div class=\"card-entry__heading-inner\">\n\n\n\t\t\t\n\t\t\t\t\t\t\t<span class=\"card-entry__subheadline card-entry__title person-job \">\n\t\t\t\t\tDipl.-Ing. Architect\n\t\t\t\t<\/span>\n\t\t\t\n\t\t\t\n\t\t\t\t\t\t\t<h3 class=\"card-entry__headline person-name \">\n\t\t\t\t\t<span class=\"name-first\">Marc <\/span><span class=\"name-last\">Horstmeier<\/span>\n\t\t\t\t<\/h3>\n\t\t\t\n\t\t\t\t\t\t\t<span class=\"card-entry__subheadline person-job \">\n\t\t\t\t\tUpowa\u017cniony sygnatariusz\n\t\t\t\t<\/span>\n\t\t\t\n\t\t\n\t<\/div>\n<\/div>\n\t\t\n\n\t\t\t\t\t<div class=\"card-entry__content content-type-default\">\n\t\t\t\t<div class=\"card-entry__content-inner\">\n\t\t\t\t\t<h3 class=\"popup-headline\">Koncentracja na SHA<\/h3>\n\t\t\t\t\t<p class=\"card-entry__contents desc\">\n\t\t\t\t\t\tPocz\u0105tkowy pomys\u0142, pierwszy szkic, gotowa koncepcja i wreszcie realizacja w najdrobniejszych szczeg\u00f3\u0142ach - to praca Marca Horstmeiera.\nJest on odpowiedzialny za design i funkcjonalno\u015b\u0107 naszych projekt\u00f3w.\nMarc Horstmeier jest r\u00f3wnie\u017c wyk\u0142adowc\u0105 architektury na Uniwersytecie Nauk Stosowanych i Sztuki w Dortmundzie.    \n\t\t\t\t\t<\/p>\n\t\t\t\t<\/div>\n\t\t\t<\/div>\n\t\t\n\t<\/div>\n\n\t<\/div>\n<\/article>\n\t<\/div>\n\n\t<div class=\"popup-columns-wrap flex_column  av_one_half\">\n\t\t<div class=\"popup-column popup-column-career flex_column  av_one_full first bg-alternate\">\n\t\t\t<h2 class=\"popup-headline\">Kariera<\/h2>\n\t\t\t<ul class=\"popup-list popup-list-career\">\n\t\t\t\t\t\t\t\t\t\t\t\t\t\t\t\t\t\t\t\t\t\t<li class=\"popup-list__headline popup-list__headline-career\">\n\t\t\t\t\t\t\t\t<span class=\"popup-point popup-point--career headline\">Praca<\/span>\n\t\t\t\t\t\t\t<\/li>\n\t\t\t\t\t\t\t\t\t\t\t\t\t\t\t\t\t\t\t\t\t\t\t\t<li class=\"popup-list__item popup-list__item-career\">\n\t\t\t\t\t\t\t\t<span class=\"popup-point popup-point--career timespan\">od 2016 r.<\/span>\n\t\t\t\t\t\t\t\t<span class=\"popup-point popup-point--career point\">SHA Scheffler Helbich Architekten GmbH, upowa\u017cniony sygnatariusz<\/span>\n\t\t\t\t\t\t\t<\/li>\n\t\t\t\t\t\t\t\t\t\t\t\t\t\t\t\t\t\t\t\t\t\t\t\t<li class=\"popup-list__item popup-list__item-career\">\n\t\t\t\t\t\t\t\t<span class=\"popup-point popup-point--career timespan\">od 2014 r.<\/span>\n\t\t\t\t\t\t\t\t<span class=\"popup-point popup-point--career point\">SHA Scheffler Helbich Architekten GmbH<\/span>\n\t\t\t\t\t\t\t<\/li>\n\t\t\t\t\t\t\t\t\t\t\t\t\t\t\t\t\t\t\t\t\t\t\t\t<li class=\"popup-list__item popup-list__item-career\">\n\t\t\t\t\t\t\t\t<span class=\"popup-point popup-point--career timespan\">2013 - 2014<\/span>\n\t\t\t\t\t\t\t\t<span class=\"popup-point popup-point--career point\">niezale\u017cny<\/span>\n\t\t\t\t\t\t\t<\/li>\n\t\t\t\t\t\t\t\t\t\t\t\t\t\t\t\t\t\t\t\t\t\t\t\t<li class=\"popup-list__item popup-list__item-career\">\n\t\t\t\t\t\t\t\t<span class=\"popup-point popup-point--career timespan\">2012 - 2014<\/span>\n\t\t\t\t\t\t\t\t<span class=\"popup-point popup-point--career point\">ksu architekci urbani\u015bci, Dortmund<\/span>\n\t\t\t\t\t\t\t<\/li>\n\t\t\t\t\t\t\t\t\t\t\t\t\t\t\t\t\t\t\t\t\t\t\t\t<li class=\"popup-list__item popup-list__item-career\">\n\t\t\t\t\t\t\t\t<span class=\"popup-point popup-point--career timespan\">2008 - 2012<\/span>\n\t\t\t\t\t\t\t\t<span class=\"popup-point popup-point--career point\">Biuro planowania Herchenr\u00f6der, Essen<\/span>\n\t\t\t\t\t\t\t<\/li>\n\t\t\t\t\t\t\t\t\t\t\t\t\t\t\t\t\t\t\t\t\t\t\t\t<li class=\"popup-list__item popup-list__item-career\">\n\t\t\t\t\t\t\t\t<span class=\"popup-point popup-point--career timespan\">2003 - 2008<\/span>\n\t\t\t\t\t\t\t\t<span class=\"popup-point popup-point--career point\">Biuro architektoniczne Hans Herchenr\u00f6der, Essen<\/span>\n\t\t\t\t\t\t\t<\/li>\n\t\t\t\t\t\t\t\t\t\t\t\t\t\t\t\t\t\t\t\t\t\t\t\t<li class=\"popup-list__item popup-list__item-career\">\n\t\t\t\t\t\t\t\t<span class=\"popup-point popup-point--career timespan\">1999 - 2004<\/span>\n\t\t\t\t\t\t\t\t<span class=\"popup-point popup-point--career point\">Nexus7 Architektur Gbr, Dortmund i Essen<\/span>\n\t\t\t\t\t\t\t<\/li>\n\t\t\t\t\t\t\t\t\t\t\t\t\t\t\t\t\t\t\t\t\t\t\t\t<li class=\"popup-list__item popup-list__item-career\">\n\t\t\t\t\t\t\t\t<span class=\"popup-point popup-point--career timespan\">1998 - 2000<\/span>\n\t\t\t\t\t\t\t\t<span class=\"popup-point popup-point--career point\">Wsp\u00f3\u0142praca w r\u00f3\u017cnych biurach architektonicznych<\/span>\n\t\t\t\t\t\t\t<\/li>\n\t\t\t\t\t\t\t\t\t\t\t\t\t\t\t\t\t\t\t\t\t\t\t\t<li class=\"popup-list__headline popup-list__headline-career\">\n\t\t\t\t\t\t\t\t<span class=\"popup-point popup-point--career headline\">Dzia\u0142alno\u015b\u0107 uniwersytecka<\/span>\n\t\t\t\t\t\t\t<\/li>\n\t\t\t\t\t\t\t\t\t\t\t\t\t\t\t\t\t\t\t\t\t\t\t\t<li class=\"popup-list__item popup-list__item-career\">\n\t\t\t\t\t\t\t\t<span class=\"popup-point popup-point--career timespan\">od 2011 r.<\/span>\n\t\t\t\t\t\t\t\t<span class=\"popup-point popup-point--career point\">Wyk\u0142ady z budownictwa, Uniwersytet Nauk Stosowanych i Sztuki w Dortmundzie<\/span>\n\t\t\t\t\t\t\t<\/li>\n\t\t\t\t\t\t\t\t\t\t\t\t\t\t\t\t\t\t\t\t\t\t\t\t<li class=\"popup-list__item popup-list__item-career\">\n\t\t\t\t\t\t\t\t<span class=\"popup-point popup-point--career timespan\">2014 - 2015<\/span>\n\t\t\t\t\t\t\t\t<span class=\"popup-point popup-point--career point\">Wsp\u00f3\u0142praca w zakresie bada\u0144 w Katedrze Budownictwa, Uniwersytet Nauk Stosowanych i Sztuki w Dortmundzie<\/span>\n\t\t\t\t\t\t\t<\/li>\n\t\t\t\t\t\t\t\t\t\t\t\t\t\t\t\t\t\t\t\t\t\t\t\t<li class=\"popup-list__headline popup-list__headline-career\">\n\t\t\t\t\t\t\t\t<span class=\"popup-point popup-point--career headline\">Studia i szkolenia<\/span>\n\t\t\t\t\t\t\t<\/li>\n\t\t\t\t\t\t\t\t\t\t\t\t\t\t\t\t\t\t\t\t\t\t\t\t<li class=\"popup-list__item popup-list__item-career\">\n\t\t\t\t\t\t\t\t<span class=\"popup-point popup-point--career timespan\">1998 - 2011<\/span>\n\t\t\t\t\t\t\t\t<span class=\"popup-point popup-point--career point\">Studiowa\u0142 architektur\u0119 na Uniwersytecie Nauk Stosowanych i Sztuki w Dortmundzie.<\/span>\n\t\t\t\t\t\t\t<\/li>\n\t\t\t\t\t\t\t\t\t\t\t\t\t\t\t\t\t\t\t\t\t\t\t\t<li class=\"popup-list__item popup-list__item-career\">\n\t\t\t\t\t\t\t\t<span class=\"popup-point popup-point--career timespan\">1996 - 1998<\/span>\n\t\t\t\t\t\t\t\t<span class=\"popup-point popup-point--career point\">Szkolenie na kre\u015blarza<\/span>\n\t\t\t\t\t\t\t<\/li>\n\t\t\t\t\t\t\t\t\t\t\t\t\t\t\t\t\t\t<\/ul>\n\t\t<\/div>\n\t\t\t<\/div>\n<\/div>\n\n\t\t\t\t\t\t\t\n\t\t\t\t\t\t\t\t\t\t\t\t\t\t\n\t\t\t\t\t\t\t\t\t\t\t\t\t<div class=\"flex_column av_one_third bg-alternate teamgrid-column  column-top-margin\">\n\t\t\t\t\t\t\t\t<article id=\"\" class=\"card-entry person-entry   text-align-left     \">\n\t<div class=\"card-entry__inner\">\n\t\t\n\t<div class=\"card-entry__media media-type-\">\n\t\t<div class=\"card-entry__media-inner\">\n\t\t\t\t\t\t\t\t\t\t\t\t\t\t\t<img decoding=\"async\" src=\"https:\/\/sha-luzern.ch\/wp-content\/uploads\/web-007-\u00a9gescheschmidt-sha-12.9.25-daniel-willi-e1765365609454-706x313.jpg\" \/>\n\t\t\t\t\t\t\t\t\t<\/div>\n\t<\/div>\n\n\t<div class=\"card_entry__content-wrap\">\n\t\t\t\t\t<div class=\"card-entry__heading\">\n\t<div class=\"card-entry__heading-inner\">\n\n\n\t\t\t\n\t\t\t\n\t\t\t\n\t\t\t\t\t\t\t<h3 class=\"card-entry__headline person-name \">\n\t\t\t\t\t<span class=\"name-first\">Daniel <\/span><span class=\"name-last\">Wili<\/span>\n\t\t\t\t<\/h3>\n\t\t\t\n\t\t\t\t\t\t\t<span class=\"card-entry__subheadline person-job \">\n\t\t\t\t\tKierownictwo oddzia\u0142u w Lucernie\n\t\t\t\t<\/span>\n\t\t\t\n\t\t\n\t<\/div>\n<\/div>\n\t\t\t\t\t\t\t\t<div class=\"card-entry__content content-type-default\">\n\t\t<div class=\"card-entry__content-inner\">\n\t\t\t<p class=\"card-entry__contents\">\n\t\t\t\t\t\t\t\t\t\t\t\t\t\t\t\t\t\t\t\t\t\t<span class=\"content-phone\"><span class=\"contact-pre\">T<\/span> <a href=\"tel:+41793032806\">+41 79 303 28 06<\/a><\/span>\n\t\t\t\t\t\t\t\t\t\t\t\t\t\t\t\t\t\t\t\t\t\t\t\t<span class=\"content-mail\"><br\/><span class=\"contact-pre\">E<\/span>  <a href=\"javascript:secureDecryptAndNavigate('eCpg6h7JoUQgxFfpzAb\/tuiWrurJ1AfRSmJmrEeG\/qly8QwcAnlBl5tVlbbNnMpPRI89usKU7OSWTOa+M7F7qs0oJJhL3ehr9rfc', '7fb6b0a631c756e2798c0419dd401ac6392a180022e45865affe1bd81a905598')\">d.wili@sha-luzern.ch<\/a><\/span>\n\t\t\t\t\t\t\t\t\t\t\t\t\t\t\t\t\t\t<\/p>\n\t\t<\/div>\n\t<\/div>\n\t\t\t<\/div>\n\n\t<\/div>\n<\/article>\n\t\t\t\t\t\t\t<\/div>\n\t\t\t\t\t\t\t<div id=\"team-popup-55937\" class=\"popup person-popup  person-popup-small popup-wrap bg-alternate fullwidth p-default mfp-hide\">\n\t<div class=\"popup-column popup-column-person card-entry person-entry bg-main flex_column  av_one_half first\">\n\t\t<article id=\"\" class=\"   text-align-     \">\n\t<div class=\"card-entry__inner\">\n\t\t\n\t<div class=\"card-entry__media media-type-\">\n\t\t<div class=\"card-entry__media-inner\">\n\t\t\t\t\t\t\t<img decoding=\"async\" src=\"https:\/\/sha-luzern.ch\/wp-content\/uploads\/web-007-\u00a9gescheschmidt-sha-12.9.25-daniel-willi-e1765365609454-706x313.jpg\" \/>\n\t\t\t\t\t<\/div>\n\t<\/div>\n\n\t<div class=\"card_entry__content-wrap\">\n\t\t\t\t\t<div class=\"card-entry__heading\">\n\t<div class=\"card-entry__heading-inner\">\n\n\n\t\t\t\n\t\t\t\n\t\t\t\n\t\t\t\t\t\t\t<h3 class=\"card-entry__headline person-name \">\n\t\t\t\t\t<span class=\"name-first\">Daniel <\/span><span class=\"name-last\">Wili<\/span>\n\t\t\t\t<\/h3>\n\t\t\t\n\t\t\t\t\t\t\t<span class=\"card-entry__subheadline person-job \">\n\t\t\t\t\tKierownictwo oddzia\u0142u w Lucernie\n\t\t\t\t<\/span>\n\t\t\t\n\t\t\n\t<\/div>\n<\/div>\n\t\t\n\n\t\t\n\t<\/div>\n\n\t<\/div>\n<\/article>\n\t<\/div>\n\n\t<div class=\"popup-columns-wrap flex_column  av_one_half\">\n\t\t<div class=\"popup-column popup-column-career flex_column  av_one_full first bg-alternate\">\n\t\t\t<h2 class=\"popup-headline\">Kariera<\/h2>\n\t\t\t<ul class=\"popup-list popup-list-career\">\n\t\t\t\t\t\t\t\t\t\t\t\t\t\t\t\t\t\t\t\t\t\t\t\t\t\t\t\t\t\t\t\t\t\t\t\t\t\t\t\t\t\t\t\t\t\t\t\t\t\t\t\t\t\t\t\t\t\t\t\t\t\t\t\t\t\t\t\t\t\t\t<\/ul>\n\t\t<\/div>\n\t\t\t<\/div>\n<\/div>\n\n\t\t\t\t\t\t\t\n\t\t\t\t\t\t\t\t\t\t\t\t\t\t\n\t\t\t\t\t\t\t\t\t\t\t\t\t<div class=\"flex_column av_one_third bg-alternate teamgrid-column first column-top-margin\">\n\t\t\t\t\t\t\t\t<article id=\"\" class=\"card-entry person-entry   text-align-left     has-button \">\n\t<div class=\"card-entry__inner\">\n\t\t\n\t<div class=\"card-entry__media media-type-\">\n\t\t<div class=\"card-entry__media-inner\">\n\t\t\t\t\t\t\t<div class=\"card-entry__action\">\n\t<div class=\"card-entry__action-inner\">\n\t\t<div class=\"card-entry__button-wrap avia-button-wrap avia-button-right theme-fill\">\n\t\t\t\t\t\t\t<a class=\"card-entry__button avia-button avia-button color-ci-black hover-yellow avia-size-small popup-toggle avia-position-right no-scroll\" href=\"#team-popup-37105\">\n\t\t\t\t\t<span class=\"button-icon\"><i class=\"icon-arrow_next\"><\/i><\/span><span class=\"button-text\">Prosz\u0119 dowiedzie\u0107 si\u0119 wi\u0119cej<\/span>\n\t\t\t\t<\/a>\n\t\t\t\t\t<\/div>\n\t<\/div>\n<\/div>\n\t\t\t\t\t\t\t\t\t\t\t\t\t\t\t<img decoding=\"async\" src=\"https:\/\/sha-luzern.ch\/wp-content\/uploads\/043-\u00a9gescheschmidty-Zuschnitt_2-706x313.jpg\" \/>\n\t\t\t\t\t\t\t\t\t<\/div>\n\t<\/div>\n\n\t<div class=\"card_entry__content-wrap\">\n\t\t\t\t\t<div class=\"card-entry__heading\">\n\t<div class=\"card-entry__heading-inner\">\n\n\n\t\t\t\n\t\t\t\t\t\t\t<span class=\"card-entry__subheadline card-entry__title person-job \">\n\t\t\t\t\tArchitekt, magister in\u017cynier\n\t\t\t\t<\/span>\n\t\t\t\n\t\t\t\n\t\t\t\t\t\t\t<h3 class=\"card-entry__headline person-name \">\n\t\t\t\t\t<span class=\"name-first\">Jana <\/span><span class=\"name-last\">Hirschh\u00e4user<\/span>\n\t\t\t\t<\/h3>\n\t\t\t\n\t\t\t\t\t\t\t<span class=\"card-entry__subheadline person-job \">\n\t\t\t\t\tZarz\u0105dzanie budow\u0105\n\t\t\t\t<\/span>\n\t\t\t\n\t\t\n\t<\/div>\n<\/div>\n\t\t\t\t\t\t\t\t<div class=\"card-entry__content content-type-default\">\n\t\t<div class=\"card-entry__content-inner\">\n\t\t\t<p class=\"card-entry__contents\">\n\t\t\t\t\t\t\t\t\t\t\t\t\t\t\t\t\t\t\t\t\t\t<span class=\"content-phone\"><span class=\"contact-pre\">T<\/span> <a href=\"tel:+49030233275717\">+49 (030) 23 32 757 17<\/a><\/span>\n\t\t\t\t\t\t\t\t\t\t\t\t\t\t\t\t\t\t\t\t\t\t\t\t<span class=\"content-mail\"><br\/><span class=\"contact-pre\">E<\/span>  <a href=\"javascript:secureDecryptAndNavigate('fsP+7gbgQQaU38YLNKcRLMf5Q4myGmrzm5JQG9gxQgNGTgFcUzF45BWCSSjELrhUJKZp+8WQOk19qvvbrVPgoSRoybrCY\/ibsJiuIu0=', '7fb6b0a631c756e2798c0419dd401ac6392a180022e45865affe1bd81a905598')\">j.hirschhaeuser@sha.de<\/a><\/span>\n\t\t\t\t\t\t\t\t\t\t\t\t\t\t\t\t\t\t<\/p>\n\t\t<\/div>\n\t<\/div>\n\t\t\t<\/div>\n\n\t<\/div>\n<\/article>\n\t\t\t\t\t\t\t<\/div>\n\t\t\t\t\t\t\t<div id=\"team-popup-37105\" class=\"popup person-popup  person-popup-small popup-wrap bg-alternate fullwidth p-default mfp-hide\">\n\t<div class=\"popup-column popup-column-person card-entry person-entry bg-main flex_column  av_one_half first\">\n\t\t<article id=\"\" class=\"   text-align-     \">\n\t<div class=\"card-entry__inner\">\n\t\t\n\t<div class=\"card-entry__media media-type-\">\n\t\t<div class=\"card-entry__media-inner\">\n\t\t\t\t\t\t\t<img decoding=\"async\" src=\"https:\/\/sha-luzern.ch\/wp-content\/uploads\/043-\u00a9gescheschmidty-Zuschnitt_2-706x313.jpg\" \/>\n\t\t\t\t\t<\/div>\n\t<\/div>\n\n\t<div class=\"card_entry__content-wrap\">\n\t\t\t\t\t<div class=\"card-entry__heading\">\n\t<div class=\"card-entry__heading-inner\">\n\n\n\t\t\t\n\t\t\t\t\t\t\t<span class=\"card-entry__subheadline card-entry__title person-job \">\n\t\t\t\t\tArchitekt, magister in\u017cynier\n\t\t\t\t<\/span>\n\t\t\t\n\t\t\t\n\t\t\t\t\t\t\t<h3 class=\"card-entry__headline person-name \">\n\t\t\t\t\t<span class=\"name-first\">Jana <\/span><span class=\"name-last\">Hirschh\u00e4user<\/span>\n\t\t\t\t<\/h3>\n\t\t\t\n\t\t\t\t\t\t\t<span class=\"card-entry__subheadline person-job \">\n\t\t\t\t\tZarz\u0105dzanie budow\u0105\n\t\t\t\t<\/span>\n\t\t\t\n\t\t\n\t<\/div>\n<\/div>\n\t\t\n\n\t\t\t\t\t<div class=\"card-entry__content content-type-default\">\n\t\t\t\t<div class=\"card-entry__content-inner\">\n\t\t\t\t\t<h3 class=\"popup-headline\">Koncentracja na SHA<\/h3>\n\t\t\t\t\t<p class=\"card-entry__contents desc\">\n\t\t\t\t\t\tJana Hirschh\u00e4user jest cz\u0119\u015bci\u0105 zespo\u0142u SHA od 2014 roku.\nPocz\u0105tkowo koncentrowa\u0142a si\u0119 na planowaniu szczeg\u00f3\u0142\u00f3w i realizacji, w tym na nowej budowie centrum szkoleniowego dla RB Leipzig e.V. W PhoenixWERK przesz\u0142a do zespo\u0142u zarz\u0105dzaj\u0105cego budow\u0105.\nOd 2024 roku pracuje w naszym zak\u0142adzie w Berlinie i obecnie wspiera zesp\u00f3\u0142 ze stolicy.  \n\t\t\t\t\t<\/p>\n\t\t\t\t<\/div>\n\t\t\t<\/div>\n\t\t\n\t<\/div>\n\n\t<\/div>\n<\/article>\n\t<\/div>\n\n\t<div class=\"popup-columns-wrap flex_column  av_one_half\">\n\t\t<div class=\"popup-column popup-column-career flex_column  av_one_full first bg-alternate\">\n\t\t\t<h2 class=\"popup-headline\">Kariera<\/h2>\n\t\t\t<ul class=\"popup-list popup-list-career\">\n\t\t\t\t\t\t\t\t\t\t\t\t\t\t\t\t\t\t\t\t\t\t<li class=\"popup-list__headline popup-list__headline-career\">\n\t\t\t\t\t\t\t\t<span class=\"popup-point popup-point--career headline\">Praca<\/span>\n\t\t\t\t\t\t\t<\/li>\n\t\t\t\t\t\t\t\t\t\t\t\t\t\t\t\t\t\t\t\t\t\t\t\t<li class=\"popup-list__item popup-list__item-career\">\n\t\t\t\t\t\t\t\t<span class=\"popup-point popup-point--career timespan\">od 2024 r.<\/span>\n\t\t\t\t\t\t\t\t<span class=\"popup-point popup-point--career point\">SHA Scheffler Helbich Architekten GmbH, Berlin<\/span>\n\t\t\t\t\t\t\t<\/li>\n\t\t\t\t\t\t\t\t\t\t\t\t\t\t\t\t\t\t\t\t\t\t\t\t<li class=\"popup-list__item popup-list__item-career\">\n\t\t\t\t\t\t\t\t<span class=\"popup-point popup-point--career timespan\">2019 - 2024<\/span>\n\t\t\t\t\t\t\t\t<span class=\"popup-point popup-point--career point\">SHA Scheffler Helbich Architekten GmbH, Dortmund<\/span>\n\t\t\t\t\t\t\t<\/li>\n\t\t\t\t\t\t\t\t\t\t\t\t\t\t\t\t\t\t\t\t\t\t\t\t<li class=\"popup-list__item popup-list__item-career\">\n\t\t\t\t\t\t\t\t<span class=\"popup-point popup-point--career timespan\">2014 - 2019<\/span>\n\t\t\t\t\t\t\t\t<span class=\"popup-point popup-point--career point\">SHA Scheffler Helbich Architekten GmbH, Dortmund, student pracuj\u0105cy  <\/span>\n\t\t\t\t\t\t\t<\/li>\n\t\t\t\t\t\t\t\t\t\t\t\t\t\t\t\t\t\t\t\t\t\t\t\t<li class=\"popup-list__item popup-list__item-career\">\n\t\t\t\t\t\t\t\t<span class=\"popup-point popup-point--career timespan\">2013 - 2014<\/span>\n\t\t\t\t\t\t\t\t<span class=\"popup-point popup-point--career point\">asystent studenta, Werner Architekten, Dillenburg<\/span>\n\t\t\t\t\t\t\t<\/li>\n\t\t\t\t\t\t\t\t\t\t\t\t\t\t\t\t\t\t\t\t\t\t\t\t<li class=\"popup-list__item popup-list__item-career\">\n\t\t\t\t\t\t\t\t<span class=\"popup-point popup-point--career timespan\">2011 - 2014<\/span>\n\t\t\t\t\t\t\t\t<span class=\"popup-point popup-point--career point\">Asystent naukowy i wyk\u0142adowca na Wydziale In\u017cynierii Strukturalnej Uniwersytetu Nauk Stosowanych i Sztuki w Dortmundzie.<\/span>\n\t\t\t\t\t\t\t<\/li>\n\t\t\t\t\t\t\t\t\t\t\t\t\t\t\t\t\t\t\t\t\t\t\t\t<li class=\"popup-list__headline popup-list__headline-career\">\n\t\t\t\t\t\t\t\t<span class=\"popup-point popup-point--career headline\">Studia i szkolenia<\/span>\n\t\t\t\t\t\t\t<\/li>\n\t\t\t\t\t\t\t\t\t\t\t\t\t\t\t\t\t\t\t\t\t\t\t\t<li class=\"popup-list__item popup-list__item-career\">\n\t\t\t\t\t\t\t\t<span class=\"popup-point popup-point--career timespan\">2015 - 2019<\/span>\n\t\t\t\t\t\t\t\t<span class=\"popup-point popup-point--career point\">Program studi\u00f3w magisterskich w zakresie architektury i urbanistyki, Uniwersytet TU Dortmund<\/span>\n\t\t\t\t\t\t\t<\/li>\n\t\t\t\t\t\t\t\t\t\t\t\t\t\t\t\t\t\t\t\t\t\t\t\t<li class=\"popup-list__item popup-list__item-career\">\n\t\t\t\t\t\t\t\t<span class=\"popup-point popup-point--career timespan\">2010 - 2014<\/span>\n\t\t\t\t\t\t\t\t<span class=\"popup-point popup-point--career point\">Licencjat z architektury, Uniwersytet Nauk Stosowanych i Sztuki w Dortmundzie  <\/span>\n\t\t\t\t\t\t\t<\/li>\n\t\t\t\t\t\t\t\t\t\t\t\t\t\t\t\t\t\t<\/ul>\n\t\t<\/div>\n\t\t\t<\/div>\n<\/div>\n\n\t\t\t\t\t\t\t\n\t\t\t\t\t\t\t\t\t\t\t\t\t\t\n\t\t\t\t\t\t\t\t\t\t\t\t\t<div class=\"flex_column av_one_third bg-alternate teamgrid-column  column-top-margin\">\n\t\t\t\t\t\t\t\t<article id=\"\" class=\"card-entry person-entry   text-align-left     has-button \">\n\t<div class=\"card-entry__inner\">\n\t\t\n\t<div class=\"card-entry__media media-type-\">\n\t\t<div class=\"card-entry__media-inner\">\n\t\t\t\t\t\t\t<div class=\"card-entry__action\">\n\t<div class=\"card-entry__action-inner\">\n\t\t<div class=\"card-entry__button-wrap avia-button-wrap avia-button-right theme-fill\">\n\t\t\t\t\t\t\t<a class=\"card-entry__button avia-button avia-button color-ci-black hover-yellow avia-size-small popup-toggle avia-position-right no-scroll\" href=\"#team-popup-37316\">\n\t\t\t\t\t<span class=\"button-icon\"><i class=\"icon-arrow_next\"><\/i><\/span><span class=\"button-text\">Prosz\u0119 dowiedzie\u0107 si\u0119 wi\u0119cej<\/span>\n\t\t\t\t<\/a>\n\t\t\t\t\t<\/div>\n\t<\/div>\n<\/div>\n\t\t\t\t\t\t\t\t\t\t\t\t\t\t\t<img decoding=\"async\" src=\"https:\/\/sha-luzern.ch\/wp-content\/uploads\/034-\u00a9gescheschmidty-zuschnitt_2-706x313.jpg\" \/>\n\t\t\t\t\t\t\t\t\t<\/div>\n\t<\/div>\n\n\t<div class=\"card_entry__content-wrap\">\n\t\t\t\t\t<div class=\"card-entry__heading\">\n\t<div class=\"card-entry__heading-inner\">\n\n\n\t\t\t\n\t\t\t\t\t\t\t<span class=\"card-entry__subheadline card-entry__title person-job \">\n\t\t\t\t\tBSc (Hons) AA Dipl.\nArchitekt \n\t\t\t\t<\/span>\n\t\t\t\n\t\t\t\n\t\t\t\t\t\t\t<h3 class=\"card-entry__headline person-name \">\n\t\t\t\t\t<span class=\"name-first\">Oliver <\/span><span class=\"name-last\">Blumschein<\/span>\n\t\t\t\t<\/h3>\n\t\t\t\n\t\t\t\t\t\t\t<span class=\"card-entry__subheadline person-job \">\n\t\t\t\t\tZarz\u0105dzanie zespo\u0142em i projektami\n\t\t\t\t<\/span>\n\t\t\t\n\t\t\n\t<\/div>\n<\/div>\n\t\t\t\t\t\t\t\t<div class=\"card-entry__content content-type-default\">\n\t\t<div class=\"card-entry__content-inner\">\n\t\t\t<p class=\"card-entry__contents\">\n\t\t\t\t\t\t\t\t\t\t\t\t\t\t\t\t\t\t\t\t\t\t<span class=\"content-phone\"><span class=\"contact-pre\">T<\/span> <a href=\"tel:+4930233275771\">+49 (30) 23 32 757 71<\/a><\/span>\n\t\t\t\t\t\t\t\t\t\t\t\t\t\t\t\t\t\t\t\t\t\t\t\t<span class=\"content-mail\"><br\/><span class=\"contact-pre\">E<\/span>  <a href=\"javascript:secureDecryptAndNavigate('SZPb0KdFnhGEjxVIh2MQO3xu57kMAOBkUZHKcJbOYrcbiOe1gFVBu\/JutXgnsJeExcYJs8MjEnMiirF+mWWmmYz4GmB4oKNbfjE=', '7fb6b0a631c756e2798c0419dd401ac6392a180022e45865affe1bd81a905598')\">o.blumschein@sha.de<\/a><\/span>\n\t\t\t\t\t\t\t\t\t\t\t\t\t\t\t\t\t\t<\/p>\n\t\t<\/div>\n\t<\/div>\n\t\t\t<\/div>\n\n\t<\/div>\n<\/article>\n\t\t\t\t\t\t\t<\/div>\n\t\t\t\t\t\t\t<div id=\"team-popup-37316\" class=\"popup person-popup  person-popup-small popup-wrap bg-alternate fullwidth p-default mfp-hide\">\n\t<div class=\"popup-column popup-column-person card-entry person-entry bg-main flex_column  av_one_half first\">\n\t\t<article id=\"\" class=\"   text-align-     \">\n\t<div class=\"card-entry__inner\">\n\t\t\n\t<div class=\"card-entry__media media-type-\">\n\t\t<div class=\"card-entry__media-inner\">\n\t\t\t\t\t\t\t<img decoding=\"async\" src=\"https:\/\/sha-luzern.ch\/wp-content\/uploads\/034-\u00a9gescheschmidty-zuschnitt_2-706x313.jpg\" \/>\n\t\t\t\t\t<\/div>\n\t<\/div>\n\n\t<div class=\"card_entry__content-wrap\">\n\t\t\t\t\t<div class=\"card-entry__heading\">\n\t<div class=\"card-entry__heading-inner\">\n\n\n\t\t\t\n\t\t\t\t\t\t\t<span class=\"card-entry__subheadline card-entry__title person-job \">\n\t\t\t\t\tBSc (Hons) AA Dipl.\nArchitekt \n\t\t\t\t<\/span>\n\t\t\t\n\t\t\t\n\t\t\t\t\t\t\t<h3 class=\"card-entry__headline person-name \">\n\t\t\t\t\t<span class=\"name-first\">Oliver <\/span><span class=\"name-last\">Blumschein<\/span>\n\t\t\t\t<\/h3>\n\t\t\t\n\t\t\t\t\t\t\t<span class=\"card-entry__subheadline person-job \">\n\t\t\t\t\tZarz\u0105dzanie zespo\u0142em i projektami\n\t\t\t\t<\/span>\n\t\t\t\n\t\t\n\t<\/div>\n<\/div>\n\t\t\n\n\t\t\t\t\t<div class=\"card-entry__content content-type-default\">\n\t\t\t\t<div class=\"card-entry__content-inner\">\n\t\t\t\t\t<h3 class=\"popup-headline\">Koncentracja na SHA<\/h3>\n\t\t\t\t\t<p class=\"card-entry__contents desc\">\n\t\t\t\t\t\tOliver Blumschein pracuje jako kierownik zespo\u0142u w naszym berli\u0144skim studiu od 2022 roku.\nObecnie odgrywa kluczow\u0105 rol\u0119 jako kierownik projektu w nowym projekcie biurowca RB Leipzig, gdzie wnosi swoje wieloletnie do\u015bwiadczenie. \n\t\t\t\t\t<\/p>\n\t\t\t\t<\/div>\n\t\t\t<\/div>\n\t\t\n\t<\/div>\n\n\t<\/div>\n<\/article>\n\t<\/div>\n\n\t<div class=\"popup-columns-wrap flex_column  av_one_half\">\n\t\t<div class=\"popup-column popup-column-career flex_column  av_one_full first bg-alternate\">\n\t\t\t<h2 class=\"popup-headline\">Kariera<\/h2>\n\t\t\t<ul class=\"popup-list popup-list-career\">\n\t\t\t\t\t\t\t\t\t\t\t\t\t\t\t\t\t\t\t\t\t\t<li class=\"popup-list__headline popup-list__headline-career\">\n\t\t\t\t\t\t\t\t<span class=\"popup-point popup-point--career headline\">Praca<\/span>\n\t\t\t\t\t\t\t<\/li>\n\t\t\t\t\t\t\t\t\t\t\t\t\t\t\t\t\t\t\t\t\t\t\t\t<li class=\"popup-list__item popup-list__item-career\">\n\t\t\t\t\t\t\t\t<span class=\"popup-point popup-point--career timespan\">od 2022 r.<\/span>\n\t\t\t\t\t\t\t\t<span class=\"popup-point popup-point--career point\">SHA Scheffler Helbich Architekten GmbH, Berlin<\/span>\n\t\t\t\t\t\t\t<\/li>\n\t\t\t\t\t\t\t\t\t\t\t\t\t\t\t\t\t\t\t\t\t\t\t\t<li class=\"popup-list__item popup-list__item-career\">\n\t\t\t\t\t\t\t\t<span class=\"popup-point popup-point--career timespan\">2016 - 2022<\/span>\n\t\t\t\t\t\t\t\t<span class=\"popup-point popup-point--career point\">Eike Becker Architects, Berlin<\/span>\n\t\t\t\t\t\t\t<\/li>\n\t\t\t\t\t\t\t\t\t\t\t\t\t\t\t\t\t\t\t\t\t\t\t\t<li class=\"popup-list__item popup-list__item-career\">\n\t\t\t\t\t\t\t\t<span class=\"popup-point popup-point--career timespan\">2009 - 2016<\/span>\n\t\t\t\t\t\t\t\t<span class=\"popup-point popup-point--career point\">Bogle Architects, Praga<\/span>\n\t\t\t\t\t\t\t<\/li>\n\t\t\t\t\t\t\t\t\t\t\t\t\t\t\t\t\t\t\t\t\t\t\t\t<li class=\"popup-list__item popup-list__item-career\">\n\t\t\t\t\t\t\t\t<span class=\"popup-point popup-point--career timespan\">2006 - 2009<\/span>\n\t\t\t\t\t\t\t\t<span class=\"popup-point popup-point--career point\">Chapman Taylor, Praga<\/span>\n\t\t\t\t\t\t\t<\/li>\n\t\t\t\t\t\t\t\t\t\t\t\t\t\t\t\t\t\t\t\t\t\t\t\t<li class=\"popup-list__item popup-list__item-career\">\n\t\t\t\t\t\t\t\t<span class=\"popup-point popup-point--career timespan\">2004 - 2006<\/span>\n\t\t\t\t\t\t\t\t<span class=\"popup-point popup-point--career point\">Hamilton Associates, Londyn<\/span>\n\t\t\t\t\t\t\t<\/li>\n\t\t\t\t\t\t\t\t\t\t\t\t\t\t\t\t\t\t\t\t\t\t\t\t<li class=\"popup-list__item popup-list__item-career\">\n\t\t\t\t\t\t\t\t<span class=\"popup-point popup-point--career timespan\">2000 - 2004<\/span>\n\t\t\t\t\t\t\t\t<span class=\"popup-point popup-point--career point\">Alsop Architects, Londyn<\/span>\n\t\t\t\t\t\t\t<\/li>\n\t\t\t\t\t\t\t\t\t\t\t\t\t\t\t\t\t\t\t\t\t\t\t\t<li class=\"popup-list__item popup-list__item-career\">\n\t\t\t\t\t\t\t\t<span class=\"popup-point popup-point--career timespan\">1997 - 2000<\/span>\n\t\t\t\t\t\t\t\t<span class=\"popup-point popup-point--career point\">Alsop Zogolovitch, Londyn<\/span>\n\t\t\t\t\t\t\t<\/li>\n\t\t\t\t\t\t\t\t\t\t\t\t\t\t\t\t\t\t\t\t\t\t\t\t<li class=\"popup-list__headline popup-list__headline-career\">\n\t\t\t\t\t\t\t\t<span class=\"popup-point popup-point--career headline\">Studia i szkolenia<\/span>\n\t\t\t\t\t\t\t<\/li>\n\t\t\t\t\t\t\t\t\t\t\t\t\t\t\t\t\t\t\t\t\t\t\t\t<li class=\"popup-list__item popup-list__item-career\">\n\t\t\t\t\t\t\t\t<span class=\"popup-point popup-point--career timespan\">1991 - 1994<\/span>\n\t\t\t\t\t\t\t\t<span class=\"popup-point popup-point--career point\">Bartlett School of Architecture Building and Planning, University College, Londyn  <\/span>\n\t\t\t\t\t\t\t<\/li>\n\t\t\t\t\t\t\t\t\t\t\t\t\t\t\t\t\t\t\t\t\t\t\t\t<li class=\"popup-list__item popup-list__item-career\">\n\t\t\t\t\t\t\t\t<span class=\"popup-point popup-point--career timespan\">1995 - 1997<\/span>\n\t\t\t\t\t\t\t\t<span class=\"popup-point popup-point--career point\">Stowarzyszenie Architektoniczne (AA), Londyn<\/span>\n\t\t\t\t\t\t\t<\/li>\n\t\t\t\t\t\t\t\t\t\t\t\t\t\t\t\t\t\t<\/ul>\n\t\t<\/div>\n\t\t\t<\/div>\n<\/div>\n\n\t\t\t\t\t\t\t\n\t\t\t\t\t\t\t\t\t\t\t\t\t\t\n\t\t\t\t\t\t\t\t\t\t\t\t\t<div class=\"flex_column av_one_third bg-alternate teamgrid-column  column-top-margin\">\n\t\t\t\t\t\t\t\t<article id=\"\" class=\"card-entry person-entry   text-align-left     has-button \">\n\t<div class=\"card-entry__inner\">\n\t\t\n\t<div class=\"card-entry__media media-type-\">\n\t\t<div class=\"card-entry__media-inner\">\n\t\t\t\t\t\t\t<div class=\"card-entry__action\">\n\t<div class=\"card-entry__action-inner\">\n\t\t<div class=\"card-entry__button-wrap avia-button-wrap avia-button-right theme-fill\">\n\t\t\t\t\t\t\t<a class=\"card-entry__button avia-button avia-button color-ci-black hover-yellow avia-size-small popup-toggle avia-position-right no-scroll\" href=\"#team-popup-37301\">\n\t\t\t\t\t<span class=\"button-icon\"><i class=\"icon-arrow_next\"><\/i><\/span><span class=\"button-text\">Prosz\u0119 dowiedzie\u0107 si\u0119 wi\u0119cej<\/span>\n\t\t\t\t<\/a>\n\t\t\t\t\t<\/div>\n\t<\/div>\n<\/div>\n\t\t\t\t\t\t\t\t\t\t\t\t\t\t\t<img decoding=\"async\" src=\"https:\/\/sha-luzern.ch\/wp-content\/uploads\/706x313-Team-Manneck-706x313.jpg\" \/>\n\t\t\t\t\t\t\t\t\t<\/div>\n\t<\/div>\n\n\t<div class=\"card_entry__content-wrap\">\n\t\t\t\t\t<div class=\"card-entry__heading\">\n\t<div class=\"card-entry__heading-inner\">\n\n\n\t\t\t\n\t\t\t\t\t\t\t<span class=\"card-entry__subheadline card-entry__title person-job \">\n\t\t\t\t\tArchitekt, magister in\u017cynier\n\t\t\t\t<\/span>\n\t\t\t\n\t\t\t\n\t\t\t\t\t\t\t<h3 class=\"card-entry__headline person-name \">\n\t\t\t\t\t<span class=\"name-first\">Julia <\/span><span class=\"name-last\">Manneck<\/span>\n\t\t\t\t<\/h3>\n\t\t\t\n\t\t\t\t\t\t\t<span class=\"card-entry__subheadline person-job \">\n\t\t\t\t\tZarz\u0105dzanie zespo\u0142em i projektami\n\t\t\t\t<\/span>\n\t\t\t\n\t\t\n\t<\/div>\n<\/div>\n\t\t\t\t\t\t\t\t<div class=\"card-entry__content content-type-default\">\n\t\t<div class=\"card-entry__content-inner\">\n\t\t\t<p class=\"card-entry__contents\">\n\t\t\t\t\t\t\t\t\t\t\t\t\t\t\t\t\t\t\t\t\t\t<span class=\"content-phone\"><span class=\"contact-pre\">T<\/span> <a href=\"tel:+4923144202041\">+49 (231) 44 20 20 41<\/a><\/span>\n\t\t\t\t\t\t\t\t\t\t\t\t\t\t\t\t\t\t\t\t\t\t\t\t<span class=\"content-mail\"><br\/><span class=\"contact-pre\">E<\/span>  <a href=\"javascript:secureDecryptAndNavigate('5SVrr5q+GbmbqqXqb7sXN60ESQaXILW0mFPHgdlO8bG7aTuQQSKkMsrFLe6A7+XS4PKlC9ZjPJyU+sxtKqN\/eUN73qKiHWI=', '7fb6b0a631c756e2798c0419dd401ac6392a180022e45865affe1bd81a905598')\">j.manneck@sha.de<\/a><\/span>\n\t\t\t\t\t\t\t\t\t\t\t\t\t\t\t\t\t\t<\/p>\n\t\t<\/div>\n\t<\/div>\n\t\t\t<\/div>\n\n\t<\/div>\n<\/article>\n\t\t\t\t\t\t\t<\/div>\n\t\t\t\t\t\t\t<div id=\"team-popup-37301\" class=\"popup person-popup  person-popup-small popup-wrap bg-alternate fullwidth p-default mfp-hide\">\n\t<div class=\"popup-column popup-column-person card-entry person-entry bg-main flex_column  av_one_half first\">\n\t\t<article id=\"\" class=\"   text-align-     \">\n\t<div class=\"card-entry__inner\">\n\t\t\n\t<div class=\"card-entry__media media-type-\">\n\t\t<div class=\"card-entry__media-inner\">\n\t\t\t\t\t\t\t<img decoding=\"async\" src=\"https:\/\/sha-luzern.ch\/wp-content\/uploads\/706x313-Team-Manneck-706x313.jpg\" \/>\n\t\t\t\t\t<\/div>\n\t<\/div>\n\n\t<div class=\"card_entry__content-wrap\">\n\t\t\t\t\t<div class=\"card-entry__heading\">\n\t<div class=\"card-entry__heading-inner\">\n\n\n\t\t\t\n\t\t\t\t\t\t\t<span class=\"card-entry__subheadline card-entry__title person-job \">\n\t\t\t\t\tArchitekt, magister in\u017cynier\n\t\t\t\t<\/span>\n\t\t\t\n\t\t\t\n\t\t\t\t\t\t\t<h3 class=\"card-entry__headline person-name \">\n\t\t\t\t\t<span class=\"name-first\">Julia <\/span><span class=\"name-last\">Manneck<\/span>\n\t\t\t\t<\/h3>\n\t\t\t\n\t\t\t\t\t\t\t<span class=\"card-entry__subheadline person-job \">\n\t\t\t\t\tZarz\u0105dzanie zespo\u0142em i projektami\n\t\t\t\t<\/span>\n\t\t\t\n\t\t\n\t<\/div>\n<\/div>\n\t\t\n\n\t\t\t\t\t<div class=\"card-entry__content content-type-default\">\n\t\t\t\t<div class=\"card-entry__content-inner\">\n\t\t\t\t\t<h3 class=\"popup-headline\">Koncentracja na SHA<\/h3>\n\t\t\t\t\t<p class=\"card-entry__contents desc\">\n\t\t\t\t\t\tJulia Manneck jest odpowiedzialna za wdra\u017canie i szczeg\u00f3\u0142owe planowanie, specjalizuj\u0105c si\u0119 w budynkach biurowych i administracyjnych.\nJej pierwszym projektem w naszym biurze by\u0142o zaprojektowanie biura \"Sport\" dla klubu Bundesligi Borussia Dortmund.\nObecnie jest kierownikiem zespo\u0142u i projektu kampusu szkolnego w D\u00fcsseldorfie-Benrath.    \n\t\t\t\t\t<\/p>\n\t\t\t\t<\/div>\n\t\t\t<\/div>\n\t\t\n\t<\/div>\n\n\t<\/div>\n<\/article>\n\t<\/div>\n\n\t<div class=\"popup-columns-wrap flex_column  av_one_half\">\n\t\t<div class=\"popup-column popup-column-career flex_column  av_one_full first bg-alternate\">\n\t\t\t<h2 class=\"popup-headline\">Kariera<\/h2>\n\t\t\t<ul class=\"popup-list popup-list-career\">\n\t\t\t\t\t\t\t\t\t\t\t\t\t\t\t\t\t\t\t\t\t\t<li class=\"popup-list__headline popup-list__headline-career\">\n\t\t\t\t\t\t\t\t<span class=\"popup-point popup-point--career headline\">Praca<\/span>\n\t\t\t\t\t\t\t<\/li>\n\t\t\t\t\t\t\t\t\t\t\t\t\t\t\t\t\t\t\t\t\t\t\t\t<li class=\"popup-list__item popup-list__item-career\">\n\t\t\t\t\t\t\t\t<span class=\"popup-point popup-point--career timespan\">od 2018 r.<\/span>\n\t\t\t\t\t\t\t\t<span class=\"popup-point popup-point--career point\">SHA Scheffler Helbich Architekten GmbH<\/span>\n\t\t\t\t\t\t\t<\/li>\n\t\t\t\t\t\t\t\t\t\t\t\t\t\t\t\t\t\t\t\t\t\t\t\t<li class=\"popup-list__item popup-list__item-career\">\n\t\t\t\t\t\t\t\t<span class=\"popup-point popup-point--career timespan\">2015 - 2018<\/span>\n\t\t\t\t\t\t\t\t<span class=\"popup-point popup-point--career point\">Frielinghaus Sch\u00fcren Architects, Witten  <\/span>\n\t\t\t\t\t\t\t<\/li>\n\t\t\t\t\t\t\t\t\t\t\t\t\t\t\t\t\t\t\t\t\t\t\t\t<li class=\"popup-list__item popup-list__item-career\">\n\t\t\t\t\t\t\t\t<span class=\"popup-point popup-point--career timespan\">2014 - 2015  <\/span>\n\t\t\t\t\t\t\t\t<span class=\"popup-point popup-point--career point\">G\u00fcldenberg Architecture, Gelsenkirchen<\/span>\n\t\t\t\t\t\t\t<\/li>\n\t\t\t\t\t\t\t\t\t\t\t\t\t\t\t\t\t\t\t\t\t\t\t\t<li class=\"popup-list__item popup-list__item-career\">\n\t\t\t\t\t\t\t\t<span class=\"popup-point popup-point--career timespan\">2013 - 2014<\/span>\n\t\t\t\t\t\t\t\t<span class=\"popup-point popup-point--career point\">Heiderich Architects, L\u00fcnen<\/span>\n\t\t\t\t\t\t\t<\/li>\n\t\t\t\t\t\t\t\t\t\t\t\t\t\t\t\t\t\t\t\t\t\t\t\t<li class=\"popup-list__headline popup-list__headline-career\">\n\t\t\t\t\t\t\t\t<span class=\"popup-point popup-point--career headline\">Studia i szkolenia<\/span>\n\t\t\t\t\t\t\t<\/li>\n\t\t\t\t\t\t\t\t\t\t\t\t\t\t\t\t\t\t\t\t\t\t\t\t<li class=\"popup-list__item popup-list__item-career\">\n\t\t\t\t\t\t\t\t<span class=\"popup-point popup-point--career timespan\">2012 - 2015  <\/span>\n\t\t\t\t\t\t\t\t<span class=\"popup-point popup-point--career point\">Magister, TU Dortmund, Architektura i Urbanistyka, specjalizacja: Budownictwo<\/span>\n\t\t\t\t\t\t\t<\/li>\n\t\t\t\t\t\t\t\t\t\t\t\t\t\t\t\t\t\t\t\t\t\t\t\t<li class=\"popup-list__item popup-list__item-career\">\n\t\t\t\t\t\t\t\t<span class=\"popup-point popup-point--career timespan\">2008 - 2012<\/span>\n\t\t\t\t\t\t\t\t<span class=\"popup-point popup-point--career point\">Bachelor of Science, Uniwersytet TU Dortmund, Architektura i Urbanistyka<\/span>\n\t\t\t\t\t\t\t<\/li>\n\t\t\t\t\t\t\t\t\t\t\t\t\t\t\t\t\t\t<\/ul>\n\t\t<\/div>\n\t\t\t<\/div>\n<\/div>\n\n\t\t\t\t\t\t\t\n\t\t\t\t\t\t\t\t\t\t\t\t\t\t\n\t\t\t\t\t\t\t\t\t\t\t\t\t<div class=\"flex_column av_one_third bg-alternate teamgrid-column first column-top-margin\">\n\t\t\t\t\t\t\t\t<article id=\"\" class=\"card-entry person-entry   text-align-left     has-button \">\n\t<div class=\"card-entry__inner\">\n\t\t\n\t<div class=\"card-entry__media media-type-\">\n\t\t<div class=\"card-entry__media-inner\">\n\t\t\t\t\t\t\t<div class=\"card-entry__action\">\n\t<div class=\"card-entry__action-inner\">\n\t\t<div class=\"card-entry__button-wrap avia-button-wrap avia-button-right theme-fill\">\n\t\t\t\t\t\t\t<a class=\"card-entry__button avia-button avia-button color-ci-black hover-yellow avia-size-small popup-toggle avia-position-right no-scroll\" href=\"#team-popup-37304\">\n\t\t\t\t\t<span class=\"button-icon\"><i class=\"icon-arrow_next\"><\/i><\/span><span class=\"button-text\">Prosz\u0119 dowiedzie\u0107 si\u0119 wi\u0119cej<\/span>\n\t\t\t\t<\/a>\n\t\t\t\t\t<\/div>\n\t<\/div>\n<\/div>\n\t\t\t\t\t\t\t\t\t\t\t\t\t\t\t<img decoding=\"async\" src=\"https:\/\/sha-luzern.ch\/wp-content\/uploads\/004-Heitkemper-Portrait-SHA-Dortmund-Juni-2021_3-706x313.jpg\" \/>\n\t\t\t\t\t\t\t\t\t<\/div>\n\t<\/div>\n\n\t<div class=\"card_entry__content-wrap\">\n\t\t\t\t\t<div class=\"card-entry__heading\">\n\t<div class=\"card-entry__heading-inner\">\n\n\n\t\t\t\n\t\t\t\t\t\t\t<span class=\"card-entry__subheadline card-entry__title person-job \">\n\t\t\t\t\tDipl.-Ing. Architect\n\t\t\t\t<\/span>\n\t\t\t\n\t\t\t\n\t\t\t\t\t\t\t<h3 class=\"card-entry__headline person-name \">\n\t\t\t\t\t<span class=\"name-first\">Pia <\/span><span class=\"name-last\">Heitkemper<\/span>\n\t\t\t\t<\/h3>\n\t\t\t\n\t\t\t\t\t\t\t<span class=\"card-entry__subheadline person-job \">\n\t\t\t\t\tZarz\u0105dzanie zespo\u0142em i projektami\n\t\t\t\t<\/span>\n\t\t\t\n\t\t\n\t<\/div>\n<\/div>\n\t\t\t\t\t\t\t\t<div class=\"card-entry__content content-type-default\">\n\t\t<div class=\"card-entry__content-inner\">\n\t\t\t<p class=\"card-entry__contents\">\n\t\t\t\t\t\t\t\t\t\t\t\t\t\t\t\t\t\t\t\t\t\t<span class=\"content-phone\"><span class=\"contact-pre\">T<\/span> <a href=\"tel:+4923144202033\">+49 (231) 44 20 20 33<\/a><\/span>\n\t\t\t\t\t\t\t\t\t\t\t\t\t\t\t\t\t\t\t\t\t\t\t\t<span class=\"content-mail\"><br\/><span class=\"contact-pre\">E<\/span>  <a href=\"javascript:secureDecryptAndNavigate('WAWn0OGYQk1bBADffdir08QojjSgalTyUaJoU9bDSkY\/lNuiEySjHv0uRRg6GX\/KH9u8oEFdT0ZyOdvf48NHEDYiu2HhBOxIY9Y=', '7fb6b0a631c756e2798c0419dd401ac6392a180022e45865affe1bd81a905598')\">p.heitkemper@sha.de<\/a><\/span>\n\t\t\t\t\t\t\t\t\t\t\t\t\t\t\t\t\t\t<\/p>\n\t\t<\/div>\n\t<\/div>\n\t\t\t<\/div>\n\n\t<\/div>\n<\/article>\n\t\t\t\t\t\t\t<\/div>\n\t\t\t\t\t\t\t<div id=\"team-popup-37304\" class=\"popup person-popup  person-popup-small popup-wrap bg-alternate fullwidth p-default mfp-hide\">\n\t<div class=\"popup-column popup-column-person card-entry person-entry bg-main flex_column  av_one_half first\">\n\t\t<article id=\"\" class=\"   text-align-     \">\n\t<div class=\"card-entry__inner\">\n\t\t\n\t<div class=\"card-entry__media media-type-\">\n\t\t<div class=\"card-entry__media-inner\">\n\t\t\t\t\t\t\t<img decoding=\"async\" src=\"https:\/\/sha-luzern.ch\/wp-content\/uploads\/004-Heitkemper-Portrait-SHA-Dortmund-Juni-2021_3-706x313.jpg\" \/>\n\t\t\t\t\t<\/div>\n\t<\/div>\n\n\t<div class=\"card_entry__content-wrap\">\n\t\t\t\t\t<div class=\"card-entry__heading\">\n\t<div class=\"card-entry__heading-inner\">\n\n\n\t\t\t\n\t\t\t\t\t\t\t<span class=\"card-entry__subheadline card-entry__title person-job \">\n\t\t\t\t\tDipl.-Ing. Architect\n\t\t\t\t<\/span>\n\t\t\t\n\t\t\t\n\t\t\t\t\t\t\t<h3 class=\"card-entry__headline person-name \">\n\t\t\t\t\t<span class=\"name-first\">Pia <\/span><span class=\"name-last\">Heitkemper<\/span>\n\t\t\t\t<\/h3>\n\t\t\t\n\t\t\t\t\t\t\t<span class=\"card-entry__subheadline person-job \">\n\t\t\t\t\tZarz\u0105dzanie zespo\u0142em i projektami\n\t\t\t\t<\/span>\n\t\t\t\n\t\t\n\t<\/div>\n<\/div>\n\t\t\n\n\t\t\t\t\t<div class=\"card-entry__content content-type-default\">\n\t\t\t\t<div class=\"card-entry__content-inner\">\n\t\t\t\t\t<h3 class=\"popup-headline\">Koncentracja na SHA<\/h3>\n\t\t\t\t\t<p class=\"card-entry__contents desc\">\n\t\t\t\t\t\tPia Heitkemper pracuje w SHA od 2014 roku.\nZarz\u0105dza przebudow\u0105 starego budynku magazynowego w porcie w Dortmundzie na \"Lensing Media Port\".\nJako cz\u0142onek zespo\u0142u dba o wewn\u0119trzn\u0105 organizacj\u0119 biura i ustandaryzowane przep\u0142ywy pracy dla naszych projekt\u00f3w budowlanych.    \n\t\t\t\t\t<\/p>\n\t\t\t\t<\/div>\n\t\t\t<\/div>\n\t\t\n\t<\/div>\n\n\t<\/div>\n<\/article>\n\t<\/div>\n\n\t<div class=\"popup-columns-wrap flex_column  av_one_half\">\n\t\t<div class=\"popup-column popup-column-career flex_column  av_one_full first bg-alternate\">\n\t\t\t<h2 class=\"popup-headline\">Kariera<\/h2>\n\t\t\t<ul class=\"popup-list popup-list-career\">\n\t\t\t\t\t\t\t\t\t\t\t\t\t\t\t\t\t\t\t\t\t\t<li class=\"popup-list__headline popup-list__headline-career\">\n\t\t\t\t\t\t\t\t<span class=\"popup-point popup-point--career headline\">Praca  <\/span>\n\t\t\t\t\t\t\t<\/li>\n\t\t\t\t\t\t\t\t\t\t\t\t\t\t\t\t\t\t\t\t\t\t\t\t<li class=\"popup-list__item popup-list__item-career\">\n\t\t\t\t\t\t\t\t<span class=\"popup-point popup-point--career timespan\">od 2014 r.<\/span>\n\t\t\t\t\t\t\t\t<span class=\"popup-point popup-point--career point\">SHA Scheffler Helbich Architekten GmbH<\/span>\n\t\t\t\t\t\t\t<\/li>\n\t\t\t\t\t\t\t\t\t\t\t\t\t\t\t\t\t\t\t\t\t\t\t\t<li class=\"popup-list__item popup-list__item-career\">\n\t\t\t\t\t\t\t\t<span class=\"popup-point popup-point--career timespan\">2011 - 2014<\/span>\n\t\t\t\t\t\t\t\t<span class=\"popup-point popup-point--career point\">  BM+P Architekten Hesse Haselhoff GbR, D\u00fcsseldorf<\/span>\n\t\t\t\t\t\t\t<\/li>\n\t\t\t\t\t\t\t\t\t\t\t\t\t\t\t\t\t\t\t\t\t\t\t\t<li class=\"popup-list__item popup-list__item-career\">\n\t\t\t\t\t\t\t\t<span class=\"popup-point popup-point--career timespan\">2009 - 2011<\/span>\n\t\t\t\t\t\t\t\t<span class=\"popup-point popup-point--career point\">Asystent naukowy i wyk\u0142adowca na Wydziale Budownictwa, Uniwersytet Nauk Stosowanych i Sztuki w Dortmundzie<\/span>\n\t\t\t\t\t\t\t<\/li>\n\t\t\t\t\t\t\t\t\t\t\t\t\t\t\t\t\t\t\t\t\t\t\t\t<li class=\"popup-list__headline popup-list__headline-career\">\n\t\t\t\t\t\t\t\t<span class=\"popup-point popup-point--career headline\">Studia i szkolenia<\/span>\n\t\t\t\t\t\t\t<\/li>\n\t\t\t\t\t\t\t\t\t\t\t\t\t\t\t\t\t\t\t\t\t\t\t\t<li class=\"popup-list__item popup-list__item-career\">\n\t\t\t\t\t\t\t\t<span class=\"popup-point popup-point--career timespan\">2011<\/span>\n\t\t\t\t\t\t\t\t<span class=\"popup-point popup-point--career point\">Dyplom<\/span>\n\t\t\t\t\t\t\t<\/li>\n\t\t\t\t\t\t\t\t\t\t\t\t\t\t\t\t\t\t\t\t\t\t\t\t<li class=\"popup-list__item popup-list__item-career\">\n\t\t\t\t\t\t\t\t<span class=\"popup-point popup-point--career timespan\">2006 - 2011<\/span>\n\t\t\t\t\t\t\t\t<span class=\"popup-point popup-point--career point\">Studiowa\u0142 architektur\u0119 na Uniwersytecie Nauk Stosowanych i Sztuki w Dortmundzie.<\/span>\n\t\t\t\t\t\t\t<\/li>\n\t\t\t\t\t\t\t\t\t\t\t\t\t\t\t\t\t\t<\/ul>\n\t\t<\/div>\n\t\t\t<\/div>\n<\/div>\n\n\t\t\t\t\t\t\t\n\t\t\t\t\t\t\t\t\t\t\t\t\t\t\n\t\t\t\t\t\t\t\t\t\t\t\t\t<div class=\"flex_column av_one_third bg-alternate teamgrid-column  column-top-margin\">\n\t\t\t\t\t\t\t\t<article id=\"\" class=\"card-entry person-entry   text-align-left     has-button \">\n\t<div class=\"card-entry__inner\">\n\t\t\n\t<div class=\"card-entry__media media-type-\">\n\t\t<div class=\"card-entry__media-inner\">\n\t\t\t\t\t\t\t<div class=\"card-entry__action\">\n\t<div class=\"card-entry__action-inner\">\n\t\t<div class=\"card-entry__button-wrap avia-button-wrap avia-button-right theme-fill\">\n\t\t\t\t\t\t\t<a class=\"card-entry__button avia-button avia-button color-ci-black hover-yellow avia-size-small popup-toggle avia-position-right no-scroll\" href=\"#team-popup-37107\">\n\t\t\t\t\t<span class=\"button-icon\"><i class=\"icon-arrow_next\"><\/i><\/span><span class=\"button-text\">Prosz\u0119 dowiedzie\u0107 si\u0119 wi\u0119cej<\/span>\n\t\t\t\t<\/a>\n\t\t\t\t\t<\/div>\n\t<\/div>\n<\/div>\n\t\t\t\t\t\t\t\t\t\t\t\t\t\t\t<img decoding=\"async\" src=\"https:\/\/sha-luzern.ch\/wp-content\/uploads\/706x313-Stoschek-706x313.jpg\" \/>\n\t\t\t\t\t\t\t\t\t<\/div>\n\t<\/div>\n\n\t<div class=\"card_entry__content-wrap\">\n\t\t\t\t\t<div class=\"card-entry__heading\">\n\t<div class=\"card-entry__heading-inner\">\n\n\n\t\t\t\n\t\t\t\t\t\t\t<span class=\"card-entry__subheadline card-entry__title person-job \">\n\t\t\t\t\tAbsolwent in\u017cynierii l\u0105dowej  \n\t\t\t\t<\/span>\n\t\t\t\n\t\t\t\n\t\t\t\t\t\t\t<h3 class=\"card-entry__headline person-name \">\n\t\t\t\t\t<span class=\"name-first\">Thorsten <\/span><span class=\"name-last\">Stoschek<\/span>\n\t\t\t\t<\/h3>\n\t\t\t\n\t\t\t\t\t\t\t<span class=\"card-entry__subheadline person-job \">\n\t\t\t\t\tZarz\u0105dzanie zespo\u0142em i obiektem\n\t\t\t\t<\/span>\n\t\t\t\n\t\t\n\t<\/div>\n<\/div>\n\t\t\t\t\t\t\t\t<div class=\"card-entry__content content-type-default\">\n\t\t<div class=\"card-entry__content-inner\">\n\t\t\t<p class=\"card-entry__contents\">\n\t\t\t\t\t\t\t\t\t\t\t\t\t\t\t\t\t\t\t\t\t\t<span class=\"content-phone\"><span class=\"contact-pre\">T<\/span> <a href=\"tel:+4923144202032\">+49 (231) 44 20 20 32<\/a><\/span>\n\t\t\t\t\t\t\t\t\t\t\t\t\t\t\t\t\t\t\t\t\t\t\t\t<span class=\"content-mail\"><br\/><span class=\"contact-pre\">E<\/span>  <a href=\"javascript:secureDecryptAndNavigate('ejwPUuQV\/HLnYdUcj1P2fzKvnNTJ10iYNcKb17KH1DBY\/wlEYAtabv\/vwdRqzkyERyo9B6ORtzt2ZaW3mB\/wQFi6Qy1DbTf7', '7fb6b0a631c756e2798c0419dd401ac6392a180022e45865affe1bd81a905598')\">t.stoschek@sha.de<\/a><\/span>\n\t\t\t\t\t\t\t\t\t\t\t\t\t\t\t\t\t\t<\/p>\n\t\t<\/div>\n\t<\/div>\n\t\t\t<\/div>\n\n\t<\/div>\n<\/article>\n\t\t\t\t\t\t\t<\/div>\n\t\t\t\t\t\t\t<div id=\"team-popup-37107\" class=\"popup person-popup  person-popup-small popup-wrap bg-alternate fullwidth p-default mfp-hide\">\n\t<div class=\"popup-column popup-column-person card-entry person-entry bg-main flex_column  av_one_half first\">\n\t\t<article id=\"\" class=\"   text-align-     \">\n\t<div class=\"card-entry__inner\">\n\t\t\n\t<div class=\"card-entry__media media-type-\">\n\t\t<div class=\"card-entry__media-inner\">\n\t\t\t\t\t\t\t<img decoding=\"async\" src=\"https:\/\/sha-luzern.ch\/wp-content\/uploads\/706x313-Stoschek-706x313.jpg\" \/>\n\t\t\t\t\t<\/div>\n\t<\/div>\n\n\t<div class=\"card_entry__content-wrap\">\n\t\t\t\t\t<div class=\"card-entry__heading\">\n\t<div class=\"card-entry__heading-inner\">\n\n\n\t\t\t\n\t\t\t\t\t\t\t<span class=\"card-entry__subheadline card-entry__title person-job \">\n\t\t\t\t\tAbsolwent in\u017cynierii l\u0105dowej  \n\t\t\t\t<\/span>\n\t\t\t\n\t\t\t\n\t\t\t\t\t\t\t<h3 class=\"card-entry__headline person-name \">\n\t\t\t\t\t<span class=\"name-first\">Thorsten <\/span><span class=\"name-last\">Stoschek<\/span>\n\t\t\t\t<\/h3>\n\t\t\t\n\t\t\t\t\t\t\t<span class=\"card-entry__subheadline person-job \">\n\t\t\t\t\tZarz\u0105dzanie zespo\u0142em i obiektem\n\t\t\t\t<\/span>\n\t\t\t\n\t\t\n\t<\/div>\n<\/div>\n\t\t\n\n\t\t\t\t\t<div class=\"card-entry__content content-type-default\">\n\t\t\t\t<div class=\"card-entry__content-inner\">\n\t\t\t\t\t<h3 class=\"popup-headline\">Koncentracja na SHA<\/h3>\n\t\t\t\t\t<p class=\"card-entry__contents desc\">\n\t\t\t\t\t\tThorsten Stoschek pracuje dla nas na budowie w ca\u0142ych Niemczech i wykorzystuje swoj\u0105 rozleg\u0142\u0105 wiedz\u0119 i wieloletnie do\u015bwiadczenie zawodowe, aby zapewni\u0107, \u017ce wszyscy zaanga\u017cowani na placu budowy pracuj\u0105 razem.\nJako \"opiekun\" wspiera klient\u00f3w i koordynuje wszystkie procesy, aby zapewni\u0107 sprawny przebieg budowy.   \n\t\t\t\t\t<\/p>\n\t\t\t\t<\/div>\n\t\t\t<\/div>\n\t\t\n\t<\/div>\n\n\t<\/div>\n<\/article>\n\t<\/div>\n\n\t<div class=\"popup-columns-wrap flex_column  av_one_half\">\n\t\t<div class=\"popup-column popup-column-career flex_column  av_one_full first bg-alternate\">\n\t\t\t<h2 class=\"popup-headline\">Kariera<\/h2>\n\t\t\t<ul class=\"popup-list popup-list-career\">\n\t\t\t\t\t\t\t\t\t\t\t\t\t\t\t\t\t\t\t\t\t\t<li class=\"popup-list__headline popup-list__headline-career\">\n\t\t\t\t\t\t\t\t<span class=\"popup-point popup-point--career headline\">Praca<\/span>\n\t\t\t\t\t\t\t<\/li>\n\t\t\t\t\t\t\t\t\t\t\t\t\t\t\t\t\t\t\t\t\t\t\t\t<li class=\"popup-list__item popup-list__item-career\">\n\t\t\t\t\t\t\t\t<span class=\"popup-point popup-point--career timespan\">od 2016 r.<\/span>\n\t\t\t\t\t\t\t\t<span class=\"popup-point popup-point--career point\">SHA Scheffler Helbich Architekten GmbH<\/span>\n\t\t\t\t\t\t\t<\/li>\n\t\t\t\t\t\t\t\t\t\t\t\t\t\t\t\t\t\t\t\t\t\t\t\t<li class=\"popup-list__item popup-list__item-career\">\n\t\t\t\t\t\t\t\t<span class=\"popup-point popup-point--career timespan\">2009 - 2016<\/span>\n\t\t\t\t\t\t\t\t<span class=\"popup-point popup-point--career point\">Haus und Grund Immobilien GmbH, Dortmund, Kierownik Dzia\u0142u Technicznego<\/span>\n\t\t\t\t\t\t\t<\/li>\n\t\t\t\t\t\t\t\t\t\t\t\t\t\t\t\t\t\t\t\t\t\t\t\t<li class=\"popup-list__item popup-list__item-career\">\n\t\t\t\t\t\t\t\t<span class=\"popup-point popup-point--career timespan\">2007 - 2009<\/span>\n\t\t\t\t\t\t\t\t<span class=\"popup-point popup-point--career point\">Terra Heimbau Hausverwaltungs GmbH, Dortmund, projektant i kierownik budowy<\/span>\n\t\t\t\t\t\t\t<\/li>\n\t\t\t\t\t\t\t\t\t\t\t\t\t\t\t\t\t\t\t\t\t\t\t\t<li class=\"popup-list__item popup-list__item-career\">\n\t\t\t\t\t\t\t\t<span class=\"popup-point popup-point--career timespan\">2002 - 2007<\/span>\n\t\t\t\t\t\t\t\t<span class=\"popup-point popup-point--career point\">Residenz Stormstr.\nGmbH & Co KG, Dortmund, wsp\u00f3\u0142partner i dyrektor zarz\u0105dzaj\u0105cy <\/span>\n\t\t\t\t\t\t\t<\/li>\n\t\t\t\t\t\t\t\t\t\t\t\t\t\t\t\t\t\t\t\t\t\t\t\t<li class=\"popup-list__item popup-list__item-career\">\n\t\t\t\t\t\t\t\t<span class=\"popup-point popup-point--career timespan\">2000 - 2007<\/span>\n\t\t\t\t\t\t\t\t<span class=\"popup-point popup-point--career point\">ploon GmbH, Dortmund, wsp\u00f3\u0142partner i dyrektor zarz\u0105dzaj\u0105cy<\/span>\n\t\t\t\t\t\t\t<\/li>\n\t\t\t\t\t\t\t\t\t\t\t\t\t\t\t\t\t\t\t\t\t\t\t\t<li class=\"popup-list__item popup-list__item-career\">\n\t\t\t\t\t\t\t\t<span class=\"popup-point popup-point--career timespan\">1993 - 2005<\/span>\n\t\t\t\t\t\t\t\t<span class=\"popup-point popup-point--career point\">Tecta Nova Wohnungsbau GmbH, Dortmund, Partner Zarz\u0105dzaj\u0105cy<\/span>\n\t\t\t\t\t\t\t<\/li>\n\t\t\t\t\t\t\t\t\t\t\t\t\t\t\t\t\t\t\t\t\t\t\t\t<li class=\"popup-list__item popup-list__item-career\">\n\t\t\t\t\t\t\t\t<span class=\"popup-point popup-point--career timespan\">1990 - 1993  <\/span>\n\t\t\t\t\t\t\t\t<span class=\"popup-point popup-point--career point\">Terra Heimbau Wohnungsbau GmbH & CoKG, Dortmund, kierownik budowy i kontroler<\/span>\n\t\t\t\t\t\t\t<\/li>\n\t\t\t\t\t\t\t\t\t\t\t\t\t\t\t\t\t\t\t\t\t\t\t\t<li class=\"popup-list__headline popup-list__headline-career\">\n\t\t\t\t\t\t\t\t<span class=\"popup-point popup-point--career headline\">Studia i szkolenia<\/span>\n\t\t\t\t\t\t\t<\/li>\n\t\t\t\t\t\t\t\t\t\t\t\t\t\t\t\t\t\t\t\t\t\t\t\t<li class=\"popup-list__item popup-list__item-career\">\n\t\t\t\t\t\t\t\t<span class=\"popup-point popup-point--career timespan\">1993<\/span>\n\t\t\t\t\t\t\t\t<span class=\"popup-point popup-point--career point\">Uzyskanie pozwolenia na budow\u0119<\/span>\n\t\t\t\t\t\t\t<\/li>\n\t\t\t\t\t\t\t\t\t\t\t\t\t\t\t\t\t\t\t\t\t\t\t\t<li class=\"popup-list__item popup-list__item-career\">\n\t\t\t\t\t\t\t\t<span class=\"popup-point popup-point--career timespan\">1983 - 1990<\/span>\n\t\t\t\t\t\t\t\t<span class=\"popup-point popup-point--career point\">Studiowa\u0142 in\u017cynieri\u0119 l\u0105dow\u0105, specjalizuj\u0105c si\u0119 w in\u017cynierii budowlanej, Uniwersytet Ruhr w Bochum<\/span>\n\t\t\t\t\t\t\t<\/li>\n\t\t\t\t\t\t\t\t\t\t\t\t\t\t\t\t\t\t<\/ul>\n\t\t<\/div>\n\t\t\t<\/div>\n<\/div>\n\n\t\t\t\t\t\t\t\n\t\t\t\t\t\t\t\t\t\t\t\t\t\t\n\t\t\t\t\t\t\t\t\t\t\t\t\t<div class=\"flex_column av_one_third bg-alternate teamgrid-column  column-top-margin\">\n\t\t\t\t\t\t\t\t<article id=\"\" class=\"card-entry person-entry   text-align-left     has-button \">\n\t<div class=\"card-entry__inner\">\n\t\t\n\t<div class=\"card-entry__media media-type-\">\n\t\t<div class=\"card-entry__media-inner\">\n\t\t\t\t\t\t\t<div class=\"card-entry__action\">\n\t<div class=\"card-entry__action-inner\">\n\t\t<div class=\"card-entry__button-wrap avia-button-wrap avia-button-right theme-fill\">\n\t\t\t\t\t\t\t<a class=\"card-entry__button avia-button avia-button color-ci-black hover-yellow avia-size-small popup-toggle avia-position-right no-scroll\" href=\"#team-popup-37119\">\n\t\t\t\t\t<span class=\"button-icon\"><i class=\"icon-arrow_next\"><\/i><\/span><span class=\"button-text\">Prosz\u0119 dowiedzie\u0107 si\u0119 wi\u0119cej<\/span>\n\t\t\t\t<\/a>\n\t\t\t\t\t<\/div>\n\t<\/div>\n<\/div>\n\t\t\t\t\t\t\t\t\t\t\t\t\t\t\t<img decoding=\"async\" src=\"https:\/\/sha-luzern.ch\/wp-content\/uploads\/706x313-Team-Haak-706x313.jpg\" \/>\n\t\t\t\t\t\t\t\t\t<\/div>\n\t<\/div>\n\n\t<div class=\"card_entry__content-wrap\">\n\t\t\t\t\t<div class=\"card-entry__heading\">\n\t<div class=\"card-entry__heading-inner\">\n\n\n\t\t\t\n\t\t\t\t\t\t\t<span class=\"card-entry__subheadline card-entry__title person-job \">\n\t\t\t\t\tDipl.-Ing. Architect\n\t\t\t\t<\/span>\n\t\t\t\n\t\t\t\n\t\t\t\t\t\t\t<h3 class=\"card-entry__headline person-name \">\n\t\t\t\t\t<span class=\"name-first\">Mathias <\/span><span class=\"name-last\">Haak<\/span>\n\t\t\t\t<\/h3>\n\t\t\t\n\t\t\t\t\t\t\t<span class=\"card-entry__subheadline person-job \">\n\t\t\t\t\tZarz\u0105dzanie zespo\u0142em i obiektem\n\t\t\t\t<\/span>\n\t\t\t\n\t\t\n\t<\/div>\n<\/div>\n\t\t\t\t\t\t\t\t<div class=\"card-entry__content content-type-default\">\n\t\t<div class=\"card-entry__content-inner\">\n\t\t\t<p class=\"card-entry__contents\">\n\t\t\t\t\t\t\t\t\t\t\t\t\t\t\t\t\t\t\t\t\t\t<span class=\"content-phone\"><span class=\"contact-pre\">T<\/span> <a href=\"tel:+4923144202043\">+49 (231) 44 20 20 43<\/a><\/span>\n\t\t\t\t\t\t\t\t\t\t\t\t\t\t\t\t\t\t\t\t\t\t\t\t<span class=\"content-mail\"><br\/><span class=\"contact-pre\">E<\/span>  <a href=\"javascript:secureDecryptAndNavigate('liC7lnEsQ3yhf5OlSYXEr3qPsEk9tLjtPvhGk5s9GZE1tTp2GlBHg\/qFG94sK0abZgAMvxhkP2Wjjl\/0aDCUOmZEtdg=', '7fb6b0a631c756e2798c0419dd401ac6392a180022e45865affe1bd81a905598')\">m.haak@sha.de<\/a><\/span>\n\t\t\t\t\t\t\t\t\t\t\t\t\t\t\t\t\t\t<\/p>\n\t\t<\/div>\n\t<\/div>\n\t\t\t<\/div>\n\n\t<\/div>\n<\/article>\n\t\t\t\t\t\t\t<\/div>\n\t\t\t\t\t\t\t<div id=\"team-popup-37119\" class=\"popup person-popup  person-popup-small popup-wrap bg-alternate fullwidth p-default mfp-hide\">\n\t<div class=\"popup-column popup-column-person card-entry person-entry bg-main flex_column  av_one_half first\">\n\t\t<article id=\"\" class=\"   text-align-     \">\n\t<div class=\"card-entry__inner\">\n\t\t\n\t<div class=\"card-entry__media media-type-\">\n\t\t<div class=\"card-entry__media-inner\">\n\t\t\t\t\t\t\t<img decoding=\"async\" src=\"https:\/\/sha-luzern.ch\/wp-content\/uploads\/706x313-Team-Haak-706x313.jpg\" \/>\n\t\t\t\t\t<\/div>\n\t<\/div>\n\n\t<div class=\"card_entry__content-wrap\">\n\t\t\t\t\t<div class=\"card-entry__heading\">\n\t<div class=\"card-entry__heading-inner\">\n\n\n\t\t\t\n\t\t\t\t\t\t\t<span class=\"card-entry__subheadline card-entry__title person-job \">\n\t\t\t\t\tDipl.-Ing. Architect\n\t\t\t\t<\/span>\n\t\t\t\n\t\t\t\n\t\t\t\t\t\t\t<h3 class=\"card-entry__headline person-name \">\n\t\t\t\t\t<span class=\"name-first\">Mathias <\/span><span class=\"name-last\">Haak<\/span>\n\t\t\t\t<\/h3>\n\t\t\t\n\t\t\t\t\t\t\t<span class=\"card-entry__subheadline person-job \">\n\t\t\t\t\tZarz\u0105dzanie zespo\u0142em i obiektem\n\t\t\t\t<\/span>\n\t\t\t\n\t\t\n\t<\/div>\n<\/div>\n\t\t\n\n\t\t\t\t\t<div class=\"card-entry__content content-type-default\">\n\t\t\t\t<div class=\"card-entry__content-inner\">\n\t\t\t\t\t<h3 class=\"popup-headline\">Koncentracja na SHA<\/h3>\n\t\t\t\t\t<p class=\"card-entry__contents desc\">\n\t\t\t\t\t\tUporz\u0105dkowany, asertywny i bezpo\u015bredni: Mathias Haak pilnuje koszt\u00f3w i termin\u00f3w na placu budowy i zapewnia, \u017ce planowanie jest zsynchronizowane z rzeczywisto\u015bci\u0105 placu budowy.\nJest naszym specjalist\u0105 od przebudowy istniej\u0105cych budynk\u00f3w. \n\t\t\t\t\t<\/p>\n\t\t\t\t<\/div>\n\t\t\t<\/div>\n\t\t\n\t<\/div>\n\n\t<\/div>\n<\/article>\n\t<\/div>\n\n\t<div class=\"popup-columns-wrap flex_column  av_one_half\">\n\t\t<div class=\"popup-column popup-column-career flex_column  av_one_full first bg-alternate\">\n\t\t\t<h2 class=\"popup-headline\">Kariera<\/h2>\n\t\t\t<ul class=\"popup-list popup-list-career\">\n\t\t\t\t\t\t\t\t\t\t\t\t\t\t\t\t\t\t\t\t\t\t<li class=\"popup-list__headline popup-list__headline-career\">\n\t\t\t\t\t\t\t\t<span class=\"popup-point popup-point--career headline\">Praca<\/span>\n\t\t\t\t\t\t\t<\/li>\n\t\t\t\t\t\t\t\t\t\t\t\t\t\t\t\t\t\t\t\t\t\t\t\t<li class=\"popup-list__item popup-list__item-career\">\n\t\t\t\t\t\t\t\t<span class=\"popup-point popup-point--career timespan\">od 2018 r.<\/span>\n\t\t\t\t\t\t\t\t<span class=\"popup-point popup-point--career point\">SHA Scheffler Helbich Architekten GmbH<\/span>\n\t\t\t\t\t\t\t<\/li>\n\t\t\t\t\t\t\t\t\t\t\t\t\t\t\t\t\t\t\t\t\t\t\t\t<li class=\"popup-list__item popup-list__item-career\">\n\t\t\t\t\t\t\t\t<span class=\"popup-point popup-point--career timespan\">2016 - 2018<\/span>\n\t\t\t\t\t\t\t\t<span class=\"popup-point popup-point--career point\">Gerber Architekten GmbH, Dortmund<\/span>\n\t\t\t\t\t\t\t<\/li>\n\t\t\t\t\t\t\t\t\t\t\t\t\t\t\t\t\t\t\t\t\t\t\t\t<li class=\"popup-list__item popup-list__item-career\">\n\t\t\t\t\t\t\t\t<span class=\"popup-point popup-point--career timespan\">2007 - 2016<\/span>\n\t\t\t\t\t\t\t\t<span class=\"popup-point popup-point--career point\">Plattenhardt + Wirth GmbH<\/span>\n\t\t\t\t\t\t\t<\/li>\n\t\t\t\t\t\t\t\t\t\t\t\t\t\t\t\t\t\t\t\t\t\t\t\t<li class=\"popup-list__headline popup-list__headline-career\">\n\t\t\t\t\t\t\t\t<span class=\"popup-point popup-point--career headline\">Studia i szkolenia<\/span>\n\t\t\t\t\t\t\t<\/li>\n\t\t\t\t\t\t\t\t\t\t\t\t\t\t\t\t\t\t\t\t\t\t\t\t<li class=\"popup-list__item popup-list__item-career\">\n\t\t\t\t\t\t\t\t<span class=\"popup-point popup-point--career timespan\">1995 - 2006<\/span>\n\t\t\t\t\t\t\t\t<span class=\"popup-point popup-point--career point\">Studiowa\u0142 architektur\u0119 na Uniwersytecie Technicznym w Dortmundzie<\/span>\n\t\t\t\t\t\t\t<\/li>\n\t\t\t\t\t\t\t\t\t\t\t\t\t\t\t\t\t\t<\/ul>\n\t\t<\/div>\n\t\t\t<\/div>\n<\/div>\n\n\t\t\t\t\t\t\t\n\t\t\t\t\t\t\t\t\t\t\t\t\t\t\n\t\t\t\t\t\t\t\t\t\t\t\t\t<div class=\"flex_column av_one_third bg-alternate teamgrid-column first column-top-margin\">\n\t\t\t\t\t\t\t\t<article id=\"\" class=\"card-entry person-entry   text-align-left     has-button \">\n\t<div class=\"card-entry__inner\">\n\t\t\n\t<div class=\"card-entry__media media-type-\">\n\t\t<div class=\"card-entry__media-inner\">\n\t\t\t\t\t\t\t<div class=\"card-entry__action\">\n\t<div class=\"card-entry__action-inner\">\n\t\t<div class=\"card-entry__button-wrap avia-button-wrap avia-button-right theme-fill\">\n\t\t\t\t\t\t\t<a class=\"card-entry__button avia-button avia-button color-ci-black hover-yellow avia-size-small popup-toggle avia-position-right no-scroll\" href=\"#team-popup-37061\">\n\t\t\t\t\t<span class=\"button-icon\"><i class=\"icon-arrow_next\"><\/i><\/span><span class=\"button-text\">Prosz\u0119 dowiedzie\u0107 si\u0119 wi\u0119cej<\/span>\n\t\t\t\t<\/a>\n\t\t\t\t\t<\/div>\n\t<\/div>\n<\/div>\n\t\t\t\t\t\t\t\t\t\t\t\t\t\t\t<img decoding=\"async\" src=\"https:\/\/sha-luzern.ch\/wp-content\/uploads\/elena-stadel.png\" \/>\n\t\t\t\t\t\t\t\t\t<\/div>\n\t<\/div>\n\n\t<div class=\"card_entry__content-wrap\">\n\t\t\t\t\t<div class=\"card-entry__heading\">\n\t<div class=\"card-entry__heading-inner\">\n\n\n\t\t\t\n\t\t\t\t\t\t\t<span class=\"card-entry__subheadline card-entry__title person-job \">\n\t\t\t\t\tMaster of Science\n\t\t\t\t<\/span>\n\t\t\t\n\t\t\t\n\t\t\t\t\t\t\t<h3 class=\"card-entry__headline person-name \">\n\t\t\t\t\t<span class=\"name-first\">Elena <\/span><span class=\"name-last\">Stadel<\/span>\n\t\t\t\t<\/h3>\n\t\t\t\n\t\t\t\t\t\t\t<span class=\"card-entry__subheadline person-job \">\n\t\t\t\t\tLider zespo\u0142u ds. komunikacji korporacyjnej\n\t\t\t\t<\/span>\n\t\t\t\n\t\t\n\t<\/div>\n<\/div>\n\t\t\t\t\t\t\t\t<div class=\"card-entry__content content-type-default\">\n\t\t<div class=\"card-entry__content-inner\">\n\t\t\t<p class=\"card-entry__contents\">\n\t\t\t\t\t\t\t\t\t\t\t\t\t\t\t\t\t\t\t\t\t\t<span class=\"content-phone\"><span class=\"contact-pre\">T<\/span> <a href=\"tel:+4923144202035\">+49 (231) 44 20 20 35<\/a><\/span>\n\t\t\t\t\t\t\t\t\t\t\t\t\t\t\t\t\t\t\t\t\t\t\t\t<span class=\"content-mail\"><br\/><span class=\"contact-pre\">E<\/span>  <a href=\"javascript:secureDecryptAndNavigate('V\/EZB7CtBzx2HbmZNKWvwq7IhSohcOj5YjeG8NUhVKhewiPoKyh88iz4UOMTwgfeCgpMrf9zuVO3a\/TfztjtWEDLaStIGA==', '7fb6b0a631c756e2798c0419dd401ac6392a180022e45865affe1bd81a905598')\">e.stadel@sha.de<\/a><\/span>\n\t\t\t\t\t\t\t\t\t\t\t\t\t\t\t\t\t\t<\/p>\n\t\t<\/div>\n\t<\/div>\n\t\t\t<\/div>\n\n\t<\/div>\n<\/article>\n\t\t\t\t\t\t\t<\/div>\n\t\t\t\t\t\t\t<div id=\"team-popup-37061\" class=\"popup person-popup  person-popup-small popup-wrap bg-alternate fullwidth p-default mfp-hide\">\n\t<div class=\"popup-column popup-column-person card-entry person-entry bg-main flex_column  av_one_half first\">\n\t\t<article id=\"\" class=\"   text-align-     \">\n\t<div class=\"card-entry__inner\">\n\t\t\n\t<div class=\"card-entry__media media-type-\">\n\t\t<div class=\"card-entry__media-inner\">\n\t\t\t\t\t\t\t<img decoding=\"async\" src=\"https:\/\/sha-luzern.ch\/wp-content\/uploads\/elena-stadel.png\" \/>\n\t\t\t\t\t<\/div>\n\t<\/div>\n\n\t<div class=\"card_entry__content-wrap\">\n\t\t\t\t\t<div class=\"card-entry__heading\">\n\t<div class=\"card-entry__heading-inner\">\n\n\n\t\t\t\n\t\t\t\t\t\t\t<span class=\"card-entry__subheadline card-entry__title person-job \">\n\t\t\t\t\tMaster of Science\n\t\t\t\t<\/span>\n\t\t\t\n\t\t\t\n\t\t\t\t\t\t\t<h3 class=\"card-entry__headline person-name \">\n\t\t\t\t\t<span class=\"name-first\">Elena <\/span><span class=\"name-last\">Stadel<\/span>\n\t\t\t\t<\/h3>\n\t\t\t\n\t\t\t\t\t\t\t<span class=\"card-entry__subheadline person-job \">\n\t\t\t\t\tLider zespo\u0142u ds. komunikacji korporacyjnej\n\t\t\t\t<\/span>\n\t\t\t\n\t\t\n\t<\/div>\n<\/div>\n\t\t\n\n\t\t\t\t\t<div class=\"card-entry__content content-type-default\">\n\t\t\t\t<div class=\"card-entry__content-inner\">\n\t\t\t\t\t<h3 class=\"popup-headline\">Koncentracja na SHA<\/h3>\n\t\t\t\t\t<p class=\"card-entry__contents desc\">\n\t\t\t\t\t\tElena Stadel jest odpowiedzialna za komunikacj\u0119 korporacyjn\u0105 i jest Pa\u0144stwa osob\u0105 kontaktow\u0105 w przypadku zapyta\u0144 prasowych, obecno\u015bci online i produkt\u00f3w drukowanych zwi\u0105zanych z SHA.  \n\t\t\t\t\t<\/p>\n\t\t\t\t<\/div>\n\t\t\t<\/div>\n\t\t\n\t<\/div>\n\n\t<\/div>\n<\/article>\n\t<\/div>\n\n\t<div class=\"popup-columns-wrap flex_column  av_one_half\">\n\t\t<div class=\"popup-column popup-column-career flex_column  av_one_full first bg-alternate\">\n\t\t\t<h2 class=\"popup-headline\">Kariera<\/h2>\n\t\t\t<ul class=\"popup-list popup-list-career\">\n\t\t\t\t\t\t\t\t\t\t\t\t\t\t\t\t\t\t\t\t\t\t<li class=\"popup-list__headline popup-list__headline-career\">\n\t\t\t\t\t\t\t\t<span class=\"popup-point popup-point--career headline\">Praca<\/span>\n\t\t\t\t\t\t\t<\/li>\n\t\t\t\t\t\t\t\t\t\t\t\t\t\t\t\t\t\t\t\t\t\t\t\t<li class=\"popup-list__item popup-list__item-career\">\n\t\t\t\t\t\t\t\t<span class=\"popup-point popup-point--career timespan\">od 2022 r.<\/span>\n\t\t\t\t\t\t\t\t<span class=\"popup-point popup-point--career point\">  SHA Scheffler Helbich Architects  <\/span>\n\t\t\t\t\t\t\t<\/li>\n\t\t\t\t\t\t\t\t\t\t\t\t\t\t\t\t\t\t\t\t\t\t\t\t<li class=\"popup-list__item popup-list__item-career\">\n\t\t\t\t\t\t\t\t<span class=\"popup-point popup-point--career timespan\">2020-2022<\/span>\n\t\t\t\t\t\t\t\t<span class=\"popup-point popup-point--career point\">Architektura | Marketing | HR, CP Bauteam GmbH, Aachen  <\/span>\n\t\t\t\t\t\t\t<\/li>\n\t\t\t\t\t\t\t\t\t\t\t\t\t\t\t\t\t\t\t\t\t\t\t\t<li class=\"popup-list__item popup-list__item-career\">\n\t\t\t\t\t\t\t\t<span class=\"popup-point popup-point--career timespan\">2015-2019<\/span>\n\t\t\t\t\t\t\t\t<span class=\"popup-point popup-point--career point\">SHA Scheffler Helbich Architects<\/span>\n\t\t\t\t\t\t\t<\/li>\n\t\t\t\t\t\t\t\t\t\t\t\t\t\t\t\t\t\t\t\t\t\t\t\t<li class=\"popup-list__item popup-list__item-career\">\n\t\t\t\t\t\t\t\t<span class=\"popup-point popup-point--career timespan\">2013-2015<\/span>\n\t\t\t\t\t\t\t\t<span class=\"popup-point popup-point--career point\">Komunikacja korporacyjna, Gerber Architects, Dortmund<\/span>\n\t\t\t\t\t\t\t<\/li>\n\t\t\t\t\t\t\t\t\t\t\t\t\t\t\t\t\t\t\t\t\t\t\t\t<li class=\"popup-list__headline popup-list__headline-career\">\n\t\t\t\t\t\t\t\t<span class=\"popup-point popup-point--career headline\">Studia i szkolenia<\/span>\n\t\t\t\t\t\t\t<\/li>\n\t\t\t\t\t\t\t\t\t\t\t\t\t\t\t\t\t\t\t\t\t\t\t\t<li class=\"popup-list__item popup-list__item-career\">\n\t\t\t\t\t\t\t\t<span class=\"popup-point popup-point--career timespan\">2012-2013<\/span>\n\t\t\t\t\t\t\t\t<span class=\"popup-point popup-point--career point\">Program studi\u00f3w magisterskich \"Architecture Media Management\", Wy\u017csza Szko\u0142a Nauk Stosowanych w Bochum<\/span>\n\t\t\t\t\t\t\t<\/li>\n\t\t\t\t\t\t\t\t\t\t\t\t\t\t\t\t\t\t\t\t\t\t\t\t<li class=\"popup-list__item popup-list__item-career\">\n\t\t\t\t\t\t\t\t<span class=\"popup-point popup-point--career timespan\">2010<\/span>\n\t\t\t\t\t\t\t\t<span class=\"popup-point popup-point--career point\">Semestr za granic\u0105 Architektura, Uniwersytet Udayana Denpasar<\/span>\n\t\t\t\t\t\t\t<\/li>\n\t\t\t\t\t\t\t\t\t\t\t\t\t\t\t\t\t\t\t\t\t\t\t\t<li class=\"popup-list__item popup-list__item-career\">\n\t\t\t\t\t\t\t\t<span class=\"popup-point popup-point--career timespan\">2006-2012<\/span>\n\t\t\t\t\t\t\t\t<span class=\"popup-point popup-point--career point\">Studia licencjackie \"Architektura i projektowanie urbanistyczne\", Uniwersytet w Siegen<\/span>\n\t\t\t\t\t\t\t<\/li>\n\t\t\t\t\t\t\t\t\t\t\t\t\t\t\t\t\t\t<\/ul>\n\t\t<\/div>\n\t\t\t<\/div>\n<\/div>\n\n\t\t\t\t\t\t\t\n\t\t\t\t\t\t\t\t\t\t\t\t\t\t\n\t\t\t\t\t\t\t\t\t\t\t\t\t<div class=\"flex_column av_one_third bg-alternate teamgrid-column  column-top-margin\">\n\t\t\t\t\t\t\t\t<article id=\"\" class=\"card-entry person-entry   text-align-left     has-button \">\n\t<div class=\"card-entry__inner\">\n\t\t\n\t<div class=\"card-entry__media media-type-\">\n\t\t<div class=\"card-entry__media-inner\">\n\t\t\t\t\t\t\t<div class=\"card-entry__action\">\n\t<div class=\"card-entry__action-inner\">\n\t\t<div class=\"card-entry__button-wrap avia-button-wrap avia-button-right theme-fill\">\n\t\t\t\t\t\t\t<a class=\"card-entry__button avia-button avia-button color-ci-black hover-yellow avia-size-small popup-toggle avia-position-right no-scroll\" href=\"#team-popup-37288\">\n\t\t\t\t\t<span class=\"button-icon\"><i class=\"icon-arrow_next\"><\/i><\/span><span class=\"button-text\">Prosz\u0119 dowiedzie\u0107 si\u0119 wi\u0119cej<\/span>\n\t\t\t\t<\/a>\n\t\t\t\t\t<\/div>\n\t<\/div>\n<\/div>\n\t\t\t\t\t\t\t\t\t\t\t\t\t\t\t<img decoding=\"async\" src=\"https:\/\/sha-luzern.ch\/wp-content\/uploads\/706x313-Team-Fraile-706x313.jpg\" \/>\n\t\t\t\t\t\t\t\t\t<\/div>\n\t<\/div>\n\n\t<div class=\"card_entry__content-wrap\">\n\t\t\t\t\t<div class=\"card-entry__heading\">\n\t<div class=\"card-entry__heading-inner\">\n\n\n\t\t\t\n\t\t\t\t\t\t\t<span class=\"card-entry__subheadline card-entry__title person-job \">\n\t\t\t\t\tDipl.-Ing. Architect\n\t\t\t\t<\/span>\n\t\t\t\n\t\t\t\n\t\t\t\t\t\t\t<h3 class=\"card-entry__headline person-name \">\n\t\t\t\t\t<span class=\"name-first\">Birgit <\/span><span class=\"name-last\">Fraile<\/span>\n\t\t\t\t<\/h3>\n\t\t\t\n\t\t\t\t\t\t\t<span class=\"card-entry__subheadline person-job \">\n\t\t\t\t\tZarz\u0105dzanie projektem\n\t\t\t\t<\/span>\n\t\t\t\n\t\t\n\t<\/div>\n<\/div>\n\t\t\t\t\t\t\t\t<div class=\"card-entry__content content-type-default\">\n\t\t<div class=\"card-entry__content-inner\">\n\t\t\t<p class=\"card-entry__contents\">\n\t\t\t\t\t\t\t\t\t\t\t\t\t\t\t\t\t\t\t\t\t\t<span class=\"content-phone\"><span class=\"contact-pre\">T<\/span> <a href=\"tel:+4923144202026\">+49 (231) 44 20 20 26<\/a><\/span>\n\t\t\t\t\t\t\t\t\t\t\t\t\t\t\t\t\t\t\t\t\t\t\t\t<span class=\"content-mail\"><br\/><span class=\"contact-pre\">E<\/span>  <a href=\"javascript:secureDecryptAndNavigate('G5kTAQQ5qQlHCkGre5KEd4omELQeZqN5avVXbienuVxHfJPIdTIJeq0BexlF+RIVXInTMXTIjR+HSdy1lNO0Ja9SawR67A==', '7fb6b0a631c756e2798c0419dd401ac6392a180022e45865affe1bd81a905598')\">b.fraile@sha.de<\/a><\/span>\n\t\t\t\t\t\t\t\t\t\t\t\t\t\t\t\t\t\t<\/p>\n\t\t<\/div>\n\t<\/div>\n\t\t\t<\/div>\n\n\t<\/div>\n<\/article>\n\t\t\t\t\t\t\t<\/div>\n\t\t\t\t\t\t\t<div id=\"team-popup-37288\" class=\"popup person-popup  person-popup-small popup-wrap bg-alternate fullwidth p-default mfp-hide\">\n\t<div class=\"popup-column popup-column-person card-entry person-entry bg-main flex_column  av_one_half first\">\n\t\t<article id=\"\" class=\"   text-align-     \">\n\t<div class=\"card-entry__inner\">\n\t\t\n\t<div class=\"card-entry__media media-type-\">\n\t\t<div class=\"card-entry__media-inner\">\n\t\t\t\t\t\t\t<img decoding=\"async\" src=\"https:\/\/sha-luzern.ch\/wp-content\/uploads\/706x313-Team-Fraile-706x313.jpg\" \/>\n\t\t\t\t\t<\/div>\n\t<\/div>\n\n\t<div class=\"card_entry__content-wrap\">\n\t\t\t\t\t<div class=\"card-entry__heading\">\n\t<div class=\"card-entry__heading-inner\">\n\n\n\t\t\t\n\t\t\t\t\t\t\t<span class=\"card-entry__subheadline card-entry__title person-job \">\n\t\t\t\t\tDipl.-Ing. Architect\n\t\t\t\t<\/span>\n\t\t\t\n\t\t\t\n\t\t\t\t\t\t\t<h3 class=\"card-entry__headline person-name \">\n\t\t\t\t\t<span class=\"name-first\">Birgit <\/span><span class=\"name-last\">Fraile<\/span>\n\t\t\t\t<\/h3>\n\t\t\t\n\t\t\t\t\t\t\t<span class=\"card-entry__subheadline person-job \">\n\t\t\t\t\tZarz\u0105dzanie projektem\n\t\t\t\t<\/span>\n\t\t\t\n\t\t\n\t<\/div>\n<\/div>\n\t\t\n\n\t\t\t\t\t<div class=\"card-entry__content content-type-default\">\n\t\t\t\t<div class=\"card-entry__content-inner\">\n\t\t\t\t\t<h3 class=\"popup-headline\">Koncentracja na SHA<\/h3>\n\t\t\t\t\t<p class=\"card-entry__contents desc\">\n\t\t\t\t\t\tBirgit Fraile jest cz\u0119\u015bci\u0105 zespo\u0142u od 2012 roku i specjalizuje si\u0119 w planowaniu i realizacji.\nDzi\u0119ki swojemu bogatemu do\u015bwiadczeniu od wielu lat opiekuje si\u0119 naszymi du\u017cymi budynkami przemys\u0142owymi i komercyjnymi z biura w Dortmundzie - od konstrukcji systemowych po indywidualne rozwi\u0105zania.\nObecnie pracuje jako kierownik zespo\u0142u i projektu przy projekcie kampusu szkolnego w D\u00fcsseldorfie-Benrath.    \n\t\t\t\t\t<\/p>\n\t\t\t\t<\/div>\n\t\t\t<\/div>\n\t\t\n\t<\/div>\n\n\t<\/div>\n<\/article>\n\t<\/div>\n\n\t<div class=\"popup-columns-wrap flex_column  av_one_half\">\n\t\t<div class=\"popup-column popup-column-career flex_column  av_one_full first bg-alternate\">\n\t\t\t<h2 class=\"popup-headline\">Kariera<\/h2>\n\t\t\t<ul class=\"popup-list popup-list-career\">\n\t\t\t\t\t\t\t\t\t\t\t\t\t\t\t\t\t\t\t\t\t\t<li class=\"popup-list__headline popup-list__headline-career\">\n\t\t\t\t\t\t\t\t<span class=\"popup-point popup-point--career headline\">Praca<\/span>\n\t\t\t\t\t\t\t<\/li>\n\t\t\t\t\t\t\t\t\t\t\t\t\t\t\t\t\t\t\t\t\t\t\t\t<li class=\"popup-list__item popup-list__item-career\">\n\t\t\t\t\t\t\t\t<span class=\"popup-point popup-point--career timespan\">od 2012 r.<\/span>\n\t\t\t\t\t\t\t\t<span class=\"popup-point popup-point--career point\">SHA Scheffler Helbich Architekten GmbH<\/span>\n\t\t\t\t\t\t\t<\/li>\n\t\t\t\t\t\t\t\t\t\t\t\t\t\t\t\t\t\t\t\t\t\t\t\t<li class=\"popup-list__item popup-list__item-career\">\n\t\t\t\t\t\t\t\t<span class=\"popup-point popup-point--career timespan\">1999 - 2010  <\/span>\n\t\t\t\t\t\t\t\t<span class=\"popup-point popup-point--career point\">Architekturb\u00fcro Planungsgruppe Drahtler GmbH, Dortmund<\/span>\n\t\t\t\t\t\t\t<\/li>\n\t\t\t\t\t\t\t\t\t\t\t\t\t\t\t\t\t\t\t\t\t\t\t\t<li class=\"popup-list__item popup-list__item-career\">\n\t\t\t\t\t\t\t\t<span class=\"popup-point popup-point--career timespan\">1992 - 1999<\/span>\n\t\t\t\t\t\t\t\t<span class=\"popup-point popup-point--career point\">Architekci Gustav Schulze i Partnerzy, Dortmund<\/span>\n\t\t\t\t\t\t\t<\/li>\n\t\t\t\t\t\t\t\t\t\t\t\t\t\t\t\t\t\t\t\t\t\t\t\t<li class=\"popup-list__item popup-list__item-career\">\n\t\t\t\t\t\t\t\t<span class=\"popup-point popup-point--career timespan\">1992 <\/span>\n\t\t\t\t\t\t\t\t<span class=\"popup-point popup-point--career point\">Biuro architektoniczne Sramek i Weide, Hagen<\/span>\n\t\t\t\t\t\t\t<\/li>\n\t\t\t\t\t\t\t\t\t\t\t\t\t\t\t\t\t\t\t\t\t\t\t\t<li class=\"popup-list__item popup-list__item-career\">\n\t\t\t\t\t\t\t\t<span class=\"popup-point popup-point--career timespan\">1992<\/span>\n\t\t\t\t\t\t\t\t<span class=\"popup-point popup-point--career point\">Podr\u00f3\u017c studyjna USA<\/span>\n\t\t\t\t\t\t\t<\/li>\n\t\t\t\t\t\t\t\t\t\t\t\t\t\t\t\t\t\t\t\t\t\t\t\t<li class=\"popup-list__item popup-list__item-career\">\n\t\t\t\t\t\t\t\t<span class=\"popup-point popup-point--career timespan\">1989 - 1991<\/span>\n\t\t\t\t\t\t\t\t<span class=\"popup-point popup-point--career point\">Biuro in\u017cynieryjne ds. ochrony przeciwpo\u017carowej i technologii bezpiecze\u0144stwa, Dortmund<\/span>\n\t\t\t\t\t\t\t<\/li>\n\t\t\t\t\t\t\t\t\t\t\t\t\t\t\t\t\t\t\t\t\t\t\t\t<li class=\"popup-list__headline popup-list__headline-career\">\n\t\t\t\t\t\t\t\t<span class=\"popup-point popup-point--career headline\">Studia i szkolenia<\/span>\n\t\t\t\t\t\t\t<\/li>\n\t\t\t\t\t\t\t\t\t\t\t\t\t\t\t\t\t\t\t\t\t\t\t\t<li class=\"popup-list__item popup-list__item-career\">\n\t\t\t\t\t\t\t\t<span class=\"popup-point popup-point--career timespan\">1984 - 1989<\/span>\n\t\t\t\t\t\t\t\t<span class=\"popup-point popup-point--career point\">Studiowa\u0142 na Uniwersytecie Nauk Stosowanych i Sztuki w Dortmundzie, Wydzia\u0142 Architektury.\nStopie\u0144 naukowy: Diplom-Ingenieurin <\/span>\n\t\t\t\t\t\t\t<\/li>\n\t\t\t\t\t\t\t\t\t\t\t\t\t\t\t\t\t\t<\/ul>\n\t\t<\/div>\n\t\t\t<\/div>\n<\/div>\n\n\t\t\t\t\t\t\t\n\t\t\t\t\t\t\t\t\t\t\t\t\t\t\n\t\t\t\t\t\t\t\t\t\t\t\t\t<div class=\"flex_column av_one_third bg-alternate teamgrid-column  column-top-margin\">\n\t\t\t\t\t\t\t\t<article id=\"\" class=\"card-entry person-entry   text-align-left     \">\n\t<div class=\"card-entry__inner\">\n\t\t\n\t<div class=\"card-entry__media media-type-\">\n\t\t<div class=\"card-entry__media-inner\">\n\t\t\t\t\t\t\t\t\t\t\t\t\t\t\t<img decoding=\"async\" src=\"https:\/\/sha-luzern.ch\/wp-content\/uploads\/Ahmetovic-Stemberger_Web-706x313.jpg\" \/>\n\t\t\t\t\t\t\t\t\t<\/div>\n\t<\/div>\n\n\t<div class=\"card_entry__content-wrap\">\n\t\t\t\t\t<div class=\"card-entry__heading\">\n\t<div class=\"card-entry__heading-inner\">\n\n\n\t\t\t\n\t\t\t\t\t\t\t<span class=\"card-entry__subheadline card-entry__title person-job \">\n\t\t\t\t\tmag.ing.arch.\narchitekt \n\t\t\t\t<\/span>\n\t\t\t\n\t\t\t\n\t\t\t\t\t\t\t<h3 class=\"card-entry__headline person-name \">\n\t\t\t\t\t<span class=\"name-first\">Mladena <\/span><span class=\"name-last\">Ahmetovic Stemberger<\/span>\n\t\t\t\t<\/h3>\n\t\t\t\n\t\t\t\t\t\t\t<span class=\"card-entry__subheadline person-job \">\n\t\t\t\t\tZarz\u0105dzanie projektem\n\t\t\t\t<\/span>\n\t\t\t\n\t\t\n\t<\/div>\n<\/div>\n\t\t\t\t\t\t\t\t<div class=\"card-entry__content content-type-default\">\n\t\t<div class=\"card-entry__content-inner\">\n\t\t\t<p class=\"card-entry__contents\">\n\t\t\t\t\t\t\t\t\t\t\t\t\t\t\t\t\t\t\t\t\t\t<span class=\"content-phone\"><span class=\"contact-pre\">T<\/span> <a href=\"tel:+4930233275762\">+49 (30) 23 32 757 62<\/a><\/span>\n\t\t\t\t\t\t\t\t\t\t\t\t\t\t\t\t\t\t\t\t\t\t\t\t<span class=\"content-mail\"><br\/><span class=\"contact-pre\">E<\/span>  <a href=\"javascript:secureDecryptAndNavigate('ODIGJIdZR1QD6gubKkTusvpNeaGmCbKZCWTDfTOGjNseWuImUeO53e0Fo87WAHDk1Bqm6wJSan0Cf9RcTvdwTazryT0HRzmaCg==', '7fb6b0a631c756e2798c0419dd401ac6392a180022e45865affe1bd81a905598')\">m.ahmetovic@sha.de<\/a><\/span>\n\t\t\t\t\t\t\t\t\t\t\t\t\t\t\t\t\t\t<\/p>\n\t\t<\/div>\n\t<\/div>\n\t\t\t<\/div>\n\n\t<\/div>\n<\/article>\n\t\t\t\t\t\t\t<\/div>\n\t\t\t\t\t\t\t<div id=\"team-popup-37286\" class=\"popup person-popup  person-popup-small popup-wrap bg-alternate fullwidth p-default mfp-hide\">\n\t<div class=\"popup-column popup-column-person card-entry person-entry bg-main flex_column  av_one_half first\">\n\t\t<article id=\"\" class=\"   text-align-     \">\n\t<div class=\"card-entry__inner\">\n\t\t\n\t<div class=\"card-entry__media media-type-\">\n\t\t<div class=\"card-entry__media-inner\">\n\t\t\t\t\t\t\t<img decoding=\"async\" src=\"https:\/\/sha-luzern.ch\/wp-content\/uploads\/Ahmetovic-Stemberger_Web-706x313.jpg\" \/>\n\t\t\t\t\t<\/div>\n\t<\/div>\n\n\t<div class=\"card_entry__content-wrap\">\n\t\t\t\t\t<div class=\"card-entry__heading\">\n\t<div class=\"card-entry__heading-inner\">\n\n\n\t\t\t\n\t\t\t\t\t\t\t<span class=\"card-entry__subheadline card-entry__title person-job \">\n\t\t\t\t\tmag.ing.arch.\narchitekt \n\t\t\t\t<\/span>\n\t\t\t\n\t\t\t\n\t\t\t\t\t\t\t<h3 class=\"card-entry__headline person-name \">\n\t\t\t\t\t<span class=\"name-first\">Mladena <\/span><span class=\"name-last\">Ahmetovic Stemberger<\/span>\n\t\t\t\t<\/h3>\n\t\t\t\n\t\t\t\t\t\t\t<span class=\"card-entry__subheadline person-job \">\n\t\t\t\t\tZarz\u0105dzanie projektem\n\t\t\t\t<\/span>\n\t\t\t\n\t\t\n\t<\/div>\n<\/div>\n\t\t\n\n\t\t\t\t\t<div class=\"card-entry__content content-type-default\">\n\t\t\t\t<div class=\"card-entry__content-inner\">\n\t\t\t\t\t<h3 class=\"popup-headline\">Koncentracja na SHA<\/h3>\n\t\t\t\t\t<p class=\"card-entry__contents desc\">\n\t\t\t\t\t\tQuang Sinh Nguyen do\u0142\u0105czy\u0142 do zespo\u0142u SHA wiosn\u0105 2020 roku wraz z utworzeniem biura w Berlinie.\nKoncentruje si\u0119 na projektowaniu i udziale w konkursach, a tak\u017ce opracowywaniu koncepcji i studi\u00f3w wykonalno\u015bci dla naszego biura w stolicy. \n\t\t\t\t\t<\/p>\n\t\t\t\t<\/div>\n\t\t\t<\/div>\n\t\t\n\t<\/div>\n\n\t<\/div>\n<\/article>\n\t<\/div>\n\n\t<div class=\"popup-columns-wrap flex_column  av_one_half\">\n\t\t<div class=\"popup-column popup-column-career flex_column  av_one_full first bg-alternate\">\n\t\t\t<h2 class=\"popup-headline\">Kariera<\/h2>\n\t\t\t<ul class=\"popup-list popup-list-career\">\n\t\t\t\t\t\t\t\t\t\t\t\t\t\t\t\t\t\t\t\t\t\t<li class=\"popup-list__headline popup-list__headline-career\">\n\t\t\t\t\t\t\t\t<span class=\"popup-point popup-point--career headline\">Praca<\/span>\n\t\t\t\t\t\t\t<\/li>\n\t\t\t\t\t\t\t\t\t\t\t\t\t\t\t\t\t\t\t\t\t\t\t\t<li class=\"popup-list__item popup-list__item-career\">\n\t\t\t\t\t\t\t\t<span class=\"popup-point popup-point--career timespan\">od 2020 r.<\/span>\n\t\t\t\t\t\t\t\t<span class=\"popup-point popup-point--career point\">SHA Scheffler Helbich Architekten GmbH, Berlin<\/span>\n\t\t\t\t\t\t\t<\/li>\n\t\t\t\t\t\t\t\t\t\t\t\t\t\t\t\t\t\t\t\t\t\t\t\t<li class=\"popup-list__item popup-list__item-career\">\n\t\t\t\t\t\t\t\t<span class=\"popup-point popup-point--career timespan\">2015 - 2020<\/span>\n\t\t\t\t\t\t\t\t<span class=\"popup-point popup-point--career point\">Architekt freelancer, Berlin<\/span>\n\t\t\t\t\t\t\t<\/li>\n\t\t\t\t\t\t\t\t\t\t\t\t\t\t\t\t\t\t\t\t\t\t\t\t<li class=\"popup-list__item popup-list__item-career\">\n\t\t\t\t\t\t\t\t<span class=\"popup-point popup-point--career timespan\">2014 - 2015<\/span>\n\t\t\t\t\t\t\t\t<span class=\"popup-point popup-point--career point\">BCK Architektur GmbH, Berlin<\/span>\n\t\t\t\t\t\t\t<\/li>\n\t\t\t\t\t\t\t\t\t\t\t\t\t\t\t\t\t\t\t\t\t\t\t\t<li class=\"popup-list__item popup-list__item-career\">\n\t\t\t\t\t\t\t\t<span class=\"popup-point popup-point--career timespan\">2010 - 2011<\/span>\n\t\t\t\t\t\t\t\t<span class=\"popup-point popup-point--career point\">Royal Haskoning DHV, Wietnam<\/span>\n\t\t\t\t\t\t\t<\/li>\n\t\t\t\t\t\t\t\t\t\t\t\t\t\t\t\t\t\t\t\t\t\t\t\t<li class=\"popup-list__item popup-list__item-career\">\n\t\t\t\t\t\t\t\t<span class=\"popup-point popup-point--career timespan\">2009 - 2010<\/span>\n\t\t\t\t\t\t\t\t<span class=\"popup-point popup-point--career point\">Transform Architecture, Wietnam<\/span>\n\t\t\t\t\t\t\t<\/li>\n\t\t\t\t\t\t\t\t\t\t\t\t\t\t\t\t\t\t\t\t\t\t\t\t<li class=\"popup-list__headline popup-list__headline-career\">\n\t\t\t\t\t\t\t\t<span class=\"popup-point popup-point--career headline\">Studia i szkolenia<\/span>\n\t\t\t\t\t\t\t<\/li>\n\t\t\t\t\t\t\t\t\t\t\t\t\t\t\t\t\t\t\t\t\t\t\t\t<li class=\"popup-list__item popup-list__item-career\">\n\t\t\t\t\t\t\t\t<span class=\"popup-point popup-point--career timespan\">2011 - 2013<\/span>\n\t\t\t\t\t\t\t\t<span class=\"popup-point popup-point--career point\">Program studi\u00f3w magisterskich w zakresie zarz\u0105dzania budownictwem i nieruchomo\u015bciami, HTW Berlin i Helsinki Metropolia University of Applied Sciences  <\/span>\n\t\t\t\t\t\t\t<\/li>\n\t\t\t\t\t\t\t\t\t\t\t\t\t\t\t\t\t\t\t\t\t\t\t\t<li class=\"popup-list__item popup-list__item-career\">\n\t\t\t\t\t\t\t\t<span class=\"popup-point popup-point--career timespan\">2003 - 2008<\/span>\n\t\t\t\t\t\t\t\t<span class=\"popup-point popup-point--career point\">Licencjat architektury, Uniwersytet Architektury w Ho Chi Minh City<\/span>\n\t\t\t\t\t\t\t<\/li>\n\t\t\t\t\t\t\t\t\t\t\t\t\t\t\t\t\t\t<\/ul>\n\t\t<\/div>\n\t\t\t<\/div>\n<\/div>\n\n\t\t\t\t\t\t\t\n\t\t\t\t\t\t\t\t\t\t\t\t\t\t\n\t\t\t\t\t\t\t\t\t\t\t\t\t<div class=\"flex_column av_one_third bg-alternate teamgrid-column first column-top-margin\">\n\t\t\t\t\t\t\t\t<article id=\"\" class=\"card-entry person-entry   text-align-left     has-button \">\n\t<div class=\"card-entry__inner\">\n\t\t\n\t<div class=\"card-entry__media media-type-\">\n\t\t<div class=\"card-entry__media-inner\">\n\t\t\t\t\t\t\t<div class=\"card-entry__action\">\n\t<div class=\"card-entry__action-inner\">\n\t\t<div class=\"card-entry__button-wrap avia-button-wrap avia-button-right theme-fill\">\n\t\t\t\t\t\t\t<a class=\"card-entry__button avia-button avia-button color-ci-black hover-yellow avia-size-small popup-toggle avia-position-right no-scroll\" href=\"#team-popup-37274\">\n\t\t\t\t\t<span class=\"button-icon\"><i class=\"icon-arrow_next\"><\/i><\/span><span class=\"button-text\">Prosz\u0119 dowiedzie\u0107 si\u0119 wi\u0119cej<\/span>\n\t\t\t\t<\/a>\n\t\t\t\t\t<\/div>\n\t<\/div>\n<\/div>\n\t\t\t\t\t\t\t\t\t\t\t\t\t\t\t<img decoding=\"async\" src=\"https:\/\/sha-luzern.ch\/wp-content\/uploads\/706x313-Team-Broer-706x313.jpg\" \/>\n\t\t\t\t\t\t\t\t\t<\/div>\n\t<\/div>\n\n\t<div class=\"card_entry__content-wrap\">\n\t\t\t\t\t<div class=\"card-entry__heading\">\n\t<div class=\"card-entry__heading-inner\">\n\n\n\t\t\t\n\t\t\t\t\t\t\t<span class=\"card-entry__subheadline card-entry__title person-job \">\n\t\t\t\t\tArchitekt, magister sztuki\n\t\t\t\t<\/span>\n\t\t\t\n\t\t\t\n\t\t\t\t\t\t\t<h3 class=\"card-entry__headline person-name \">\n\t\t\t\t\t<span class=\"name-first\">Felix <\/span><span class=\"name-last\">Broer<\/span>\n\t\t\t\t<\/h3>\n\t\t\t\n\t\t\t\t\t\t\t<span class=\"card-entry__subheadline person-job \">\n\t\t\t\t\tZarz\u0105dzanie projektem\n\t\t\t\t<\/span>\n\t\t\t\n\t\t\n\t<\/div>\n<\/div>\n\t\t\t\t\t\t\t\t<div class=\"card-entry__content content-type-default\">\n\t\t<div class=\"card-entry__content-inner\">\n\t\t\t<p class=\"card-entry__contents\">\n\t\t\t\t\t\t\t\t\t\t\t\t\t\t\t\t\t\t\t\t\t\t<span class=\"content-phone\"><span class=\"contact-pre\">T<\/span> <a href=\"tel:+4923144202012\">+49 (231) 44 20 20 12<\/a><\/span>\n\t\t\t\t\t\t\t\t\t\t\t\t\t\t\t\t\t\t\t\t\t\t\t\t<span class=\"content-mail\"><br\/><span class=\"contact-pre\">E<\/span>  <a href=\"javascript:secureDecryptAndNavigate('jdpnwPHJFXylQ5ROCXeCTKM7wh98bRB8tT+86+aCqJIcXET6dDPpus4W5FqG+HvwnnPuzfYHm6dFXCD12W\/w8mZa5EdI', '7fb6b0a631c756e2798c0419dd401ac6392a180022e45865affe1bd81a905598')\">f.broer@sha.de<\/a><\/span>\n\t\t\t\t\t\t\t\t\t\t\t\t\t\t\t\t\t\t<\/p>\n\t\t<\/div>\n\t<\/div>\n\t\t\t<\/div>\n\n\t<\/div>\n<\/article>\n\t\t\t\t\t\t\t<\/div>\n\t\t\t\t\t\t\t<div id=\"team-popup-37274\" class=\"popup person-popup  person-popup-small popup-wrap bg-alternate fullwidth p-default mfp-hide\">\n\t<div class=\"popup-column popup-column-person card-entry person-entry bg-main flex_column  av_one_half first\">\n\t\t<article id=\"\" class=\"   text-align-     \">\n\t<div class=\"card-entry__inner\">\n\t\t\n\t<div class=\"card-entry__media media-type-\">\n\t\t<div class=\"card-entry__media-inner\">\n\t\t\t\t\t\t\t<img decoding=\"async\" src=\"https:\/\/sha-luzern.ch\/wp-content\/uploads\/706x313-Team-Broer-706x313.jpg\" \/>\n\t\t\t\t\t<\/div>\n\t<\/div>\n\n\t<div class=\"card_entry__content-wrap\">\n\t\t\t\t\t<div class=\"card-entry__heading\">\n\t<div class=\"card-entry__heading-inner\">\n\n\n\t\t\t\n\t\t\t\t\t\t\t<span class=\"card-entry__subheadline card-entry__title person-job \">\n\t\t\t\t\tArchitekt, magister sztuki\n\t\t\t\t<\/span>\n\t\t\t\n\t\t\t\n\t\t\t\t\t\t\t<h3 class=\"card-entry__headline person-name \">\n\t\t\t\t\t<span class=\"name-first\">Felix <\/span><span class=\"name-last\">Broer<\/span>\n\t\t\t\t<\/h3>\n\t\t\t\n\t\t\t\t\t\t\t<span class=\"card-entry__subheadline person-job \">\n\t\t\t\t\tZarz\u0105dzanie projektem\n\t\t\t\t<\/span>\n\t\t\t\n\t\t\n\t<\/div>\n<\/div>\n\t\t\n\n\t\t\t\t\t<div class=\"card-entry__content content-type-default\">\n\t\t\t\t<div class=\"card-entry__content-inner\">\n\t\t\t\t\t<h3 class=\"popup-headline\">Koncentracja na SHA<\/h3>\n\t\t\t\t\t<p class=\"card-entry__contents desc\">\n\t\t\t\t\t\tFelix Broer do\u0142\u0105czy\u0142 do zespo\u0142u w 2016 roku i zajmuje si\u0119 zarz\u0105dzaniem projektami.\n\t\t\t\t\t<\/p>\n\t\t\t\t<\/div>\n\t\t\t<\/div>\n\t\t\n\t<\/div>\n\n\t<\/div>\n<\/article>\n\t<\/div>\n\n\t<div class=\"popup-columns-wrap flex_column  av_one_half\">\n\t\t<div class=\"popup-column popup-column-career flex_column  av_one_full first bg-alternate\">\n\t\t\t<h2 class=\"popup-headline\">Kariera<\/h2>\n\t\t\t<ul class=\"popup-list popup-list-career\">\n\t\t\t\t\t\t\t\t\t\t\t\t\t\t\t\t\t\t\t\t\t\t<li class=\"popup-list__headline popup-list__headline-career\">\n\t\t\t\t\t\t\t\t<span class=\"popup-point popup-point--career headline\">Praca<\/span>\n\t\t\t\t\t\t\t<\/li>\n\t\t\t\t\t\t\t\t\t\t\t\t\t\t\t\t\t\t\t\t\t\t\t\t<li class=\"popup-list__item popup-list__item-career\">\n\t\t\t\t\t\t\t\t<span class=\"popup-point popup-point--career timespan\">od 2016 r.<\/span>\n\t\t\t\t\t\t\t\t<span class=\"popup-point popup-point--career point\">SHA Scheffler Helbich Architekten GmbH<\/span>\n\t\t\t\t\t\t\t<\/li>\n\t\t\t\t\t\t\t\t\t\t\t\t\t\t\t\t\t\t\t\t\t\t\t\t<li class=\"popup-list__item popup-list__item-career\">\n\t\t\t\t\t\t\t\t<span class=\"popup-point popup-point--career timespan\">2015 - 2016<\/span>\n\t\t\t\t\t\t\t\t<span class=\"popup-point popup-point--career point\">Biuro architektoniczne PlanKonzept, Dortmund  <\/span>\n\t\t\t\t\t\t\t<\/li>\n\t\t\t\t\t\t\t\t\t\t\t\t\t\t\t\t\t\t\t\t\t\t\t\t<li class=\"popup-list__headline popup-list__headline-career\">\n\t\t\t\t\t\t\t\t<span class=\"popup-point popup-point--career headline\">Studia i szkolenia<\/span>\n\t\t\t\t\t\t\t<\/li>\n\t\t\t\t\t\t\t\t\t\t\t\t\t\t\t\t\t\t\t\t\t\t\t\t<li class=\"popup-list__item popup-list__item-career\">\n\t\t\t\t\t\t\t\t<span class=\"popup-point popup-point--career timespan\">2018 - 2021<\/span>\n\t\t\t\t\t\t\t\t<span class=\"popup-point popup-point--career point\">Program studi\u00f3w magisterskich na Uniwersytecie Nauk Stosowanych i Sztuki w Dortmundzie  <\/span>\n\t\t\t\t\t\t\t<\/li>\n\t\t\t\t\t\t\t\t\t\t\t\t\t\t\t\t\t\t\t\t\t\t\t\t<li class=\"popup-list__item popup-list__item-career\">\n\t\t\t\t\t\t\t\t<span class=\"popup-point popup-point--career timespan\">2011 - 2016<\/span>\n\t\t\t\t\t\t\t\t<span class=\"popup-point popup-point--career point\">Studia licencjackie na Uniwersytecie Nauk Stosowanych i Sztuki w Dortmundzie  <\/span>\n\t\t\t\t\t\t\t<\/li>\n\t\t\t\t\t\t\t\t\t\t\t\t\t\t\t\t\t\t<\/ul>\n\t\t<\/div>\n\t\t\t<\/div>\n<\/div>\n\n\t\t\t\t\t\t\t\n\t\t\t\t\t\t\t\t\t\t\t\t\t\t\n\t\t\t\t\t\t\t\t\t\t\t\t\t<div class=\"flex_column av_one_third bg-alternate teamgrid-column  column-top-margin\">\n\t\t\t\t\t\t\t\t<article id=\"\" class=\"card-entry person-entry   text-align-left     has-button \">\n\t<div class=\"card-entry__inner\">\n\t\t\n\t<div class=\"card-entry__media media-type-\">\n\t\t<div class=\"card-entry__media-inner\">\n\t\t\t\t\t\t\t<div class=\"card-entry__action\">\n\t<div class=\"card-entry__action-inner\">\n\t\t<div class=\"card-entry__button-wrap avia-button-wrap avia-button-right theme-fill\">\n\t\t\t\t\t\t\t<a class=\"card-entry__button avia-button avia-button color-ci-black hover-yellow avia-size-small popup-toggle avia-position-right no-scroll\" href=\"#team-popup-37270\">\n\t\t\t\t\t<span class=\"button-icon\"><i class=\"icon-arrow_next\"><\/i><\/span><span class=\"button-text\">Prosz\u0119 dowiedzie\u0107 si\u0119 wi\u0119cej<\/span>\n\t\t\t\t<\/a>\n\t\t\t\t\t<\/div>\n\t<\/div>\n<\/div>\n\t\t\t\t\t\t\t\t\t\t\t\t\t\t\t<img decoding=\"async\" src=\"https:\/\/sha-luzern.ch\/wp-content\/uploads\/706x313-Team-Saussen-706x313.jpg\" \/>\n\t\t\t\t\t\t\t\t\t<\/div>\n\t<\/div>\n\n\t<div class=\"card_entry__content-wrap\">\n\t\t\t\t\t<div class=\"card-entry__heading\">\n\t<div class=\"card-entry__heading-inner\">\n\n\n\t\t\t\n\t\t\t\t\t\t\t<span class=\"card-entry__subheadline card-entry__title person-job \">\n\t\t\t\t\tDipl.-Ing. Architect\n\t\t\t\t<\/span>\n\t\t\t\n\t\t\t\n\t\t\t\t\t\t\t<h3 class=\"card-entry__headline person-name \">\n\t\t\t\t\t<span class=\"name-first\">Katrin <\/span><span class=\"name-last\">Saussen<\/span>\n\t\t\t\t<\/h3>\n\t\t\t\n\t\t\t\t\t\t\t<span class=\"card-entry__subheadline person-job \">\n\t\t\t\t\tZarz\u0105dzanie projektem\n\t\t\t\t<\/span>\n\t\t\t\n\t\t\n\t<\/div>\n<\/div>\n\t\t\t\t\t\t\t\t<div class=\"card-entry__content content-type-default\">\n\t\t<div class=\"card-entry__content-inner\">\n\t\t\t<p class=\"card-entry__contents\">\n\t\t\t\t\t\t\t\t\t\t\t\t\t\t\t\t\t\t\t\t\t\t<span class=\"content-phone\"><span class=\"contact-pre\">T<\/span> <a href=\"tel:+4923144202023\">+49 (231) 44 20 20 23<\/a><\/span>\n\t\t\t\t\t\t\t\t\t\t\t\t\t\t\t\t\t\t\t\t\t\t\t\t<span class=\"content-mail\"><br\/><span class=\"contact-pre\">E<\/span>  <a href=\"javascript:secureDecryptAndNavigate('pxnQNszvCVJndCl\/K9B4tlOF78e9vLzIikkLvWmcIlnvd62U7MUqyeTj03ukVfBOrbFghoTVj\/t0t1YPWuauJEOGQuvtqlQ=', '7fb6b0a631c756e2798c0419dd401ac6392a180022e45865affe1bd81a905598')\">k.saussen@sha.de<\/a><\/span>\n\t\t\t\t\t\t\t\t\t\t\t\t\t\t\t\t\t\t<\/p>\n\t\t<\/div>\n\t<\/div>\n\t\t\t<\/div>\n\n\t<\/div>\n<\/article>\n\t\t\t\t\t\t\t<\/div>\n\t\t\t\t\t\t\t<div id=\"team-popup-37270\" class=\"popup person-popup  person-popup-small popup-wrap bg-alternate fullwidth p-default mfp-hide\">\n\t<div class=\"popup-column popup-column-person card-entry person-entry bg-main flex_column  av_one_half first\">\n\t\t<article id=\"\" class=\"   text-align-     \">\n\t<div class=\"card-entry__inner\">\n\t\t\n\t<div class=\"card-entry__media media-type-\">\n\t\t<div class=\"card-entry__media-inner\">\n\t\t\t\t\t\t\t<img decoding=\"async\" src=\"https:\/\/sha-luzern.ch\/wp-content\/uploads\/706x313-Team-Saussen-706x313.jpg\" \/>\n\t\t\t\t\t<\/div>\n\t<\/div>\n\n\t<div class=\"card_entry__content-wrap\">\n\t\t\t\t\t<div class=\"card-entry__heading\">\n\t<div class=\"card-entry__heading-inner\">\n\n\n\t\t\t\n\t\t\t\t\t\t\t<span class=\"card-entry__subheadline card-entry__title person-job \">\n\t\t\t\t\tDipl.-Ing. Architect\n\t\t\t\t<\/span>\n\t\t\t\n\t\t\t\n\t\t\t\t\t\t\t<h3 class=\"card-entry__headline person-name \">\n\t\t\t\t\t<span class=\"name-first\">Katrin <\/span><span class=\"name-last\">Saussen<\/span>\n\t\t\t\t<\/h3>\n\t\t\t\n\t\t\t\t\t\t\t<span class=\"card-entry__subheadline person-job \">\n\t\t\t\t\tZarz\u0105dzanie projektem\n\t\t\t\t<\/span>\n\t\t\t\n\t\t\n\t<\/div>\n<\/div>\n\t\t\n\n\t\t\t\t\t<div class=\"card-entry__content content-type-default\">\n\t\t\t\t<div class=\"card-entry__content-inner\">\n\t\t\t\t\t<h3 class=\"popup-headline\">Koncentracja na SHA<\/h3>\n\t\t\t\t\t<p class=\"card-entry__contents desc\">\n\t\t\t\t\t\tKatrin Saussen, kt\u00f3ra pracuje w SHA od 2008 roku, specjalizuje si\u0119 w planowaniu realizacji.\nBy\u0142a odpowiedzialna za budow\u0119 nowej trybuny g\u0142\u00f3wnej na stadionie Millerntor w St. Pauli i jest r\u00f3wnie\u017c naszym wieloletnim specjalist\u0105 ds. projekt\u00f3w w handlu materia\u0142ami budowlanymi.\nW biurze jest osob\u0105 kontaktow\u0105 we wszystkich sprawach zwi\u0105zanych z IT.    \n\t\t\t\t\t<\/p>\n\t\t\t\t<\/div>\n\t\t\t<\/div>\n\t\t\n\t<\/div>\n\n\t<\/div>\n<\/article>\n\t<\/div>\n\n\t<div class=\"popup-columns-wrap flex_column  av_one_half\">\n\t\t<div class=\"popup-column popup-column-career flex_column  av_one_full first bg-alternate\">\n\t\t\t<h2 class=\"popup-headline\">Kariera<\/h2>\n\t\t\t<ul class=\"popup-list popup-list-career\">\n\t\t\t\t\t\t\t\t\t\t\t\t\t\t\t\t\t\t\t\t\t\t<li class=\"popup-list__headline popup-list__headline-career\">\n\t\t\t\t\t\t\t\t<span class=\"popup-point popup-point--career headline\">Praca<\/span>\n\t\t\t\t\t\t\t<\/li>\n\t\t\t\t\t\t\t\t\t\t\t\t\t\t\t\t\t\t\t\t\t\t\t\t<li class=\"popup-list__item popup-list__item-career\">\n\t\t\t\t\t\t\t\t<span class=\"popup-point popup-point--career timespan\">od 2008 r.<\/span>\n\t\t\t\t\t\t\t\t<span class=\"popup-point popup-point--career point\">SHA Scheffler Helbich Architekten GmbH<\/span>\n\t\t\t\t\t\t\t<\/li>\n\t\t\t\t\t\t\t\t\t\t\t\t\t\t\t\t\t\t\t\t\t\t\t\t<li class=\"popup-list__item popup-list__item-career\">\n\t\t\t\t\t\t\t\t<span class=\"popup-point popup-point--career timespan\">2005 - 2008<\/span>\n\t\t\t\t\t\t\t\t<span class=\"popup-point popup-point--career point\">Asystent naukowy i wyk\u0142adowca w Instytucie Projektowania i Teorii Architektury; Uniwersytet Leibniza w Hanowerze<\/span>\n\t\t\t\t\t\t\t<\/li>\n\t\t\t\t\t\t\t\t\t\t\t\t\t\t\t\t\t\t\t\t\t\t\t\t<li class=\"popup-list__item popup-list__item-career\">\n\t\t\t\t\t\t\t\t<span class=\"popup-point popup-point--career timespan\">2007<\/span>\n\t\t\t\t\t\t\t\t<span class=\"popup-point popup-point--career point\">Biuro architektoniczne Ralf del Bianco - werk\u00b3, Hanower  <\/span>\n\t\t\t\t\t\t\t<\/li>\n\t\t\t\t\t\t\t\t\t\t\t\t\t\t\t\t\t\t\t\t\t\t\t\t<li class=\"popup-list__headline popup-list__headline-career\">\n\t\t\t\t\t\t\t\t<span class=\"popup-point popup-point--career headline\">Studia i szkolenia<\/span>\n\t\t\t\t\t\t\t<\/li>\n\t\t\t\t\t\t\t\t\t\t\t\t\t\t\t\t\t\t\t\t\t\t\t\t<li class=\"popup-list__item popup-list__item-career\">\n\t\t\t\t\t\t\t\t<span class=\"popup-point popup-point--career timespan\">2008<\/span>\n\t\t\t\t\t\t\t\t<span class=\"popup-point popup-point--career point\">Praca dyplomowa<\/span>\n\t\t\t\t\t\t\t<\/li>\n\t\t\t\t\t\t\t\t\t\t\t\t\t\t\t\t\t\t\t\t\t\t\t\t<li class=\"popup-list__item popup-list__item-career\">\n\t\t\t\t\t\t\t\t<span class=\"popup-point popup-point--career timespan\">2002 - 2008  <\/span>\n\t\t\t\t\t\t\t\t<span class=\"popup-point popup-point--career point\">Studiowa\u0142 architektur\u0119 na Uniwersytecie Leibniza w Hanowerze<\/span>\n\t\t\t\t\t\t\t<\/li>\n\t\t\t\t\t\t\t\t\t\t\t\t\t\t\t\t\t\t<\/ul>\n\t\t<\/div>\n\t\t\t<\/div>\n<\/div>\n\n\t\t\t\t\t\t\t\n\t\t\t\t\t\t\t\t\t\t\t\t\t\t\n\t\t\t\t\t\t\t\t\t\t\t\t\t<div class=\"flex_column av_one_third bg-alternate teamgrid-column  column-top-margin\">\n\t\t\t\t\t\t\t\t<article id=\"\" class=\"card-entry person-entry   text-align-left     has-button \">\n\t<div class=\"card-entry__inner\">\n\t\t\n\t<div class=\"card-entry__media media-type-\">\n\t\t<div class=\"card-entry__media-inner\">\n\t\t\t\t\t\t\t<div class=\"card-entry__action\">\n\t<div class=\"card-entry__action-inner\">\n\t\t<div class=\"card-entry__button-wrap avia-button-wrap avia-button-right theme-fill\">\n\t\t\t\t\t\t\t<a class=\"card-entry__button avia-button avia-button color-ci-black hover-yellow avia-size-small popup-toggle avia-position-right no-scroll\" href=\"#team-popup-37258\">\n\t\t\t\t\t<span class=\"button-icon\"><i class=\"icon-arrow_next\"><\/i><\/span><span class=\"button-text\">Prosz\u0119 dowiedzie\u0107 si\u0119 wi\u0119cej<\/span>\n\t\t\t\t<\/a>\n\t\t\t\t\t<\/div>\n\t<\/div>\n<\/div>\n\t\t\t\t\t\t\t\t\t\t\t\t\t\t\t<img decoding=\"async\" src=\"https:\/\/sha-luzern.ch\/wp-content\/uploads\/Schachtrup-2-706x313-1-706x313.jpg\" \/>\n\t\t\t\t\t\t\t\t\t<\/div>\n\t<\/div>\n\n\t<div class=\"card_entry__content-wrap\">\n\t\t\t\t\t<div class=\"card-entry__heading\">\n\t<div class=\"card-entry__heading-inner\">\n\n\n\t\t\t\n\t\t\t\t\t\t\t<span class=\"card-entry__subheadline card-entry__title person-job \">\n\t\t\t\t\tDipl.-Ing. Architect\n\t\t\t\t<\/span>\n\t\t\t\n\t\t\t\n\t\t\t\t\t\t\t<h3 class=\"card-entry__headline person-name \">\n\t\t\t\t\t<span class=\"name-first\">Bettina  <\/span><span class=\"name-last\">Schachtrup <\/span>\n\t\t\t\t<\/h3>\n\t\t\t\n\t\t\t\t\t\t\t<span class=\"card-entry__subheadline person-job \">\n\t\t\t\t\tZarz\u0105dzanie projektem\n\t\t\t\t<\/span>\n\t\t\t\n\t\t\n\t<\/div>\n<\/div>\n\t\t\t\t\t\t\t\t<div class=\"card-entry__content content-type-default\">\n\t\t<div class=\"card-entry__content-inner\">\n\t\t\t<p class=\"card-entry__contents\">\n\t\t\t\t\t\t\t\t\t\t\t\t\t\t\t\t\t\t\t\t\t\t<span class=\"content-phone\"><span class=\"contact-pre\">T<\/span> <a href=\"tel:+4923144202059\">+49 (231) 44 20 20 59<\/a><\/span>\n\t\t\t\t\t\t\t\t\t\t\t\t\t\t\t\t\t\t\t\t\t\t\t\t<span class=\"content-mail\"><br\/><span class=\"contact-pre\">E<\/span>  <a href=\"javascript:secureDecryptAndNavigate('iOIqNwMy6O6UT\/SUqwEJ+CmGgf4NupGugCxE\/+l5lp+hb1woT4cwryHCoQSbqZd6SY2Y8dkQinVZuLF6rt+tjJPcB\/EEXJ5L1Nk=', '7fb6b0a631c756e2798c0419dd401ac6392a180022e45865affe1bd81a905598')\">b.schachtrup@sha.de<\/a><\/span>\n\t\t\t\t\t\t\t\t\t\t\t\t\t\t\t\t\t\t<\/p>\n\t\t<\/div>\n\t<\/div>\n\t\t\t<\/div>\n\n\t<\/div>\n<\/article>\n\t\t\t\t\t\t\t<\/div>\n\t\t\t\t\t\t\t<div id=\"team-popup-37258\" class=\"popup person-popup  person-popup-small popup-wrap bg-alternate fullwidth p-default mfp-hide\">\n\t<div class=\"popup-column popup-column-person card-entry person-entry bg-main flex_column  av_one_half first\">\n\t\t<article id=\"\" class=\"   text-align-     \">\n\t<div class=\"card-entry__inner\">\n\t\t\n\t<div class=\"card-entry__media media-type-\">\n\t\t<div class=\"card-entry__media-inner\">\n\t\t\t\t\t\t\t<img decoding=\"async\" src=\"https:\/\/sha-luzern.ch\/wp-content\/uploads\/Schachtrup-2-706x313-1-706x313.jpg\" \/>\n\t\t\t\t\t<\/div>\n\t<\/div>\n\n\t<div class=\"card_entry__content-wrap\">\n\t\t\t\t\t<div class=\"card-entry__heading\">\n\t<div class=\"card-entry__heading-inner\">\n\n\n\t\t\t\n\t\t\t\t\t\t\t<span class=\"card-entry__subheadline card-entry__title person-job \">\n\t\t\t\t\tDipl.-Ing. Architect\n\t\t\t\t<\/span>\n\t\t\t\n\t\t\t\n\t\t\t\t\t\t\t<h3 class=\"card-entry__headline person-name \">\n\t\t\t\t\t<span class=\"name-first\">Bettina  <\/span><span class=\"name-last\">Schachtrup <\/span>\n\t\t\t\t<\/h3>\n\t\t\t\n\t\t\t\t\t\t\t<span class=\"card-entry__subheadline person-job \">\n\t\t\t\t\tZarz\u0105dzanie projektem\n\t\t\t\t<\/span>\n\t\t\t\n\t\t\n\t<\/div>\n<\/div>\n\t\t\n\n\t\t\t\t\t<div class=\"card-entry__content content-type-default\">\n\t\t\t\t<div class=\"card-entry__content-inner\">\n\t\t\t\t\t<h3 class=\"popup-headline\">Koncentracja na SHA<\/h3>\n\t\t\t\t\t<p class=\"card-entry__contents desc\">\n\t\t\t\t\t\tBettina Schachtrup do\u0142\u0105czy\u0142a do naszego zespo\u0142u SHA w 2021 r., a od 2023 r. pracuje w dziale zarz\u0105dzania projektami.\n\t\t\t\t\t<\/p>\n\t\t\t\t<\/div>\n\t\t\t<\/div>\n\t\t\n\t<\/div>\n\n\t<\/div>\n<\/article>\n\t<\/div>\n\n\t<div class=\"popup-columns-wrap flex_column  av_one_half\">\n\t\t<div class=\"popup-column popup-column-career flex_column  av_one_full first bg-alternate\">\n\t\t\t<h2 class=\"popup-headline\">Kariera<\/h2>\n\t\t\t<ul class=\"popup-list popup-list-career\">\n\t\t\t\t\t\t\t\t\t\t\t\t\t\t\t\t\t\t\t\t\t\t<li class=\"popup-list__headline popup-list__headline-career\">\n\t\t\t\t\t\t\t\t<span class=\"popup-point popup-point--career headline\">Praca<\/span>\n\t\t\t\t\t\t\t<\/li>\n\t\t\t\t\t\t\t\t\t\t\t\t\t\t\t\t\t\t\t\t\t\t\t\t<li class=\"popup-list__item popup-list__item-career\">\n\t\t\t\t\t\t\t\t<span class=\"popup-point popup-point--career timespan\">od 2021 r.<\/span>\n\t\t\t\t\t\t\t\t<span class=\"popup-point popup-point--career point\">SHA Scheffler Helbich Architekten GmbH<\/span>\n\t\t\t\t\t\t\t<\/li>\n\t\t\t\t\t\t\t\t\t\t\t\t\t\t\t\t\t\t\t\t\t\t\t\t<li class=\"popup-list__item popup-list__item-career\">\n\t\t\t\t\t\t\t\t<span class=\"popup-point popup-point--career timespan\">od 2010 r.<\/span>\n\t\t\t\t\t\t\t\t<span class=\"popup-point popup-point--career point\">Pracowa\u0142 jako architekt projekt\u00f3w w H\u00f6xter i Bochum<\/span>\n\t\t\t\t\t\t\t<\/li>\n\t\t\t\t\t\t\t\t\t\t\t\t\t\t\t\t\t\t\t\t\t\t\t\t<li class=\"popup-list__item popup-list__item-career\">\n\t\t\t\t\t\t\t\t<span class=\"popup-point popup-point--career timespan\">2008 - 2009<\/span>\n\t\t\t\t\t\t\t\t<span class=\"popup-point popup-point--career point\">Asystent naukowy i wyk\u0142adowca na Wydziale Budownictwa Uniwersytetu w Kassel\n<\/span>\n\t\t\t\t\t\t\t<\/li>\n\t\t\t\t\t\t\t\t\t\t\t\t\t\t\t\t\t\t\t\t\t\t\t\t<li class=\"popup-list__item popup-list__item-career\">\n\t\t\t\t\t\t\t\t<span class=\"popup-point popup-point--career timespan\">2007 - 2008<\/span>\n\t\t\t\t\t\t\t\t<span class=\"popup-point popup-point--career point\">Asystent naukowy i opiekun naukowy w dziale  \nWzornictwo, Uniwersytet w Kassel<\/span>\n\t\t\t\t\t\t\t<\/li>\n\t\t\t\t\t\t\t\t\t\t\t\t\t\t\t\t\t\t\t\t\t\t\t\t<li class=\"popup-list__headline popup-list__headline-career\">\n\t\t\t\t\t\t\t\t<span class=\"popup-point popup-point--career headline\">Studia i szkolenia<\/span>\n\t\t\t\t\t\t\t<\/li>\n\t\t\t\t\t\t\t\t\t\t\t\t\t\t\t\t\t\t\t\t\t\t\t\t<li class=\"popup-list__item popup-list__item-career\">\n\t\t\t\t\t\t\t\t<span class=\"popup-point popup-point--career timespan\">od 2014 r.<\/span>\n\t\t\t\t\t\t\t\t<span class=\"popup-point popup-point--career point\">Cz\u0142onek Izby Architekt\u00f3w NRW  <\/span>\n\t\t\t\t\t\t\t<\/li>\n\t\t\t\t\t\t\t\t\t\t\t\t\t\t\t\t\t\t\t\t\t\t\t\t<li class=\"popup-list__item popup-list__item-career\">\n\t\t\t\t\t\t\t\t<span class=\"popup-point popup-point--career timespan\">2005 - 2010<\/span>\n\t\t\t\t\t\t\t\t<span class=\"popup-point popup-point--career point\">Studiowa\u0142 na Uniwersytecie w Kassel, Wydzia\u0142 Architektury; Stopie\u0144: Diplom-Ingenieurin<\/span>\n\t\t\t\t\t\t\t<\/li>\n\t\t\t\t\t\t\t\t\t\t\t\t\t\t\t\t\t\t\t\t\t\t\t\t<li class=\"popup-list__item popup-list__item-career\">\n\t\t\t\t\t\t\t\t<span class=\"popup-point popup-point--career timespan\">2003 - 2004<\/span>\n\t\t\t\t\t\t\t\t<span class=\"popup-point popup-point--career point\">Centrum Dziennikarstwa Haus Busch, Hagen<\/span>\n\t\t\t\t\t\t\t<\/li>\n\t\t\t\t\t\t\t\t\t\t\t\t\t\t\t\t\t\t\t\t\t\t\t\t<li class=\"popup-list__item popup-list__item-career\">\n\t\t\t\t\t\t\t\t<span class=\"popup-point popup-point--career timespan\">1996 - 2001<\/span>\n\t\t\t\t\t\t\t\t<span class=\"popup-point popup-point--career point\">Studiowa\u0142 na Uniwersytecie Nauk Stosowanych w Akwizgranie; Dyplom: Dyplom z projektowania produktu\n<\/span>\n\t\t\t\t\t\t\t<\/li>\n\t\t\t\t\t\t\t\t\t\t\t\t\t\t\t\t\t\t<\/ul>\n\t\t<\/div>\n\t\t\t<\/div>\n<\/div>\n\n\t\t\t\t\t\t\t\n\t\t\t\t\t\t\t\t\t\t\t\t\t\t\n\t\t\t\t\t\t\t\t\t\t\t\t\t<div class=\"flex_column av_one_third bg-alternate teamgrid-column first column-top-margin\">\n\t\t\t\t\t\t\t\t<article id=\"\" class=\"card-entry person-entry   text-align-left     has-button \">\n\t<div class=\"card-entry__inner\">\n\t\t\n\t<div class=\"card-entry__media media-type-\">\n\t\t<div class=\"card-entry__media-inner\">\n\t\t\t\t\t\t\t<div class=\"card-entry__action\">\n\t<div class=\"card-entry__action-inner\">\n\t\t<div class=\"card-entry__button-wrap avia-button-wrap avia-button-right theme-fill\">\n\t\t\t\t\t\t\t<a class=\"card-entry__button avia-button avia-button color-ci-black hover-yellow avia-size-small popup-toggle avia-position-right no-scroll\" href=\"#team-popup-37212\">\n\t\t\t\t\t<span class=\"button-icon\"><i class=\"icon-arrow_next\"><\/i><\/span><span class=\"button-text\">Prosz\u0119 dowiedzie\u0107 si\u0119 wi\u0119cej<\/span>\n\t\t\t\t<\/a>\n\t\t\t\t\t<\/div>\n\t<\/div>\n<\/div>\n\t\t\t\t\t\t\t\t\t\t\t\t\t\t\t<img decoding=\"async\" src=\"https:\/\/sha-luzern.ch\/wp-content\/uploads\/fuhr-706x313-1-706x313.jpg\" \/>\n\t\t\t\t\t\t\t\t\t<\/div>\n\t<\/div>\n\n\t<div class=\"card_entry__content-wrap\">\n\t\t\t\t\t<div class=\"card-entry__heading\">\n\t<div class=\"card-entry__heading-inner\">\n\n\n\t\t\t\n\t\t\t\t\t\t\t<span class=\"card-entry__subheadline card-entry__title person-job \">\n\t\t\t\t\tArchitekt, magister in\u017cynier\n\t\t\t\t<\/span>\n\t\t\t\n\t\t\t\n\t\t\t\t\t\t\t<h3 class=\"card-entry__headline person-name \">\n\t\t\t\t\t<span class=\"name-first\">Katharina <\/span><span class=\"name-last\">Fuhr<\/span>\n\t\t\t\t<\/h3>\n\t\t\t\n\t\t\t\t\t\t\t<span class=\"card-entry__subheadline person-job \">\n\t\t\t\t\tZarz\u0105dzanie projektem\n\t\t\t\t<\/span>\n\t\t\t\n\t\t\n\t<\/div>\n<\/div>\n\t\t\t\t\t\t\t\t<div class=\"card-entry__content content-type-default\">\n\t\t<div class=\"card-entry__content-inner\">\n\t\t\t<p class=\"card-entry__contents\">\n\t\t\t\t\t\t\t\t\t\t\t\t\t\t\t\t\t\t\t\t\t\t<span class=\"content-phone\"><span class=\"contact-pre\">T<\/span> <a href=\"tel:+4923144202042\">+49 (231) 44 20 20 42<\/a><\/span>\n\t\t\t\t\t\t\t\t\t\t\t\t\t\t\t\t\t\t\t\t\t\t\t\t<span class=\"content-mail\"><br\/><span class=\"contact-pre\">E<\/span>  <a href=\"javascript:secureDecryptAndNavigate('xfW\/su\/AARVl3RylS3NT\/BBUyiam1E1YZvsMOlBYI5jXx4ewIQ64nktgg67oOm05IxXRRAyNT24NkmYTSnbZZisTwYA=', '7fb6b0a631c756e2798c0419dd401ac6392a180022e45865affe1bd81a905598')\">k.fuhr@sha.de<\/a><\/span>\n\t\t\t\t\t\t\t\t\t\t\t\t\t\t\t\t\t\t<\/p>\n\t\t<\/div>\n\t<\/div>\n\t\t\t<\/div>\n\n\t<\/div>\n<\/article>\n\t\t\t\t\t\t\t<\/div>\n\t\t\t\t\t\t\t<div id=\"team-popup-37212\" class=\"popup person-popup  person-popup-small popup-wrap bg-alternate fullwidth p-default mfp-hide\">\n\t<div class=\"popup-column popup-column-person card-entry person-entry bg-main flex_column  av_one_half first\">\n\t\t<article id=\"\" class=\"   text-align-     \">\n\t<div class=\"card-entry__inner\">\n\t\t\n\t<div class=\"card-entry__media media-type-\">\n\t\t<div class=\"card-entry__media-inner\">\n\t\t\t\t\t\t\t<img decoding=\"async\" src=\"https:\/\/sha-luzern.ch\/wp-content\/uploads\/fuhr-706x313-1-706x313.jpg\" \/>\n\t\t\t\t\t<\/div>\n\t<\/div>\n\n\t<div class=\"card_entry__content-wrap\">\n\t\t\t\t\t<div class=\"card-entry__heading\">\n\t<div class=\"card-entry__heading-inner\">\n\n\n\t\t\t\n\t\t\t\t\t\t\t<span class=\"card-entry__subheadline card-entry__title person-job \">\n\t\t\t\t\tArchitekt, magister in\u017cynier\n\t\t\t\t<\/span>\n\t\t\t\n\t\t\t\n\t\t\t\t\t\t\t<h3 class=\"card-entry__headline person-name \">\n\t\t\t\t\t<span class=\"name-first\">Katharina <\/span><span class=\"name-last\">Fuhr<\/span>\n\t\t\t\t<\/h3>\n\t\t\t\n\t\t\t\t\t\t\t<span class=\"card-entry__subheadline person-job \">\n\t\t\t\t\tZarz\u0105dzanie projektem\n\t\t\t\t<\/span>\n\t\t\t\n\t\t\n\t<\/div>\n<\/div>\n\t\t\n\n\t\t\t\t\t<div class=\"card-entry__content content-type-default\">\n\t\t\t\t<div class=\"card-entry__content-inner\">\n\t\t\t\t\t<h3 class=\"popup-headline\">Koncentracja na SHA<\/h3>\n\t\t\t\t\t<p class=\"card-entry__contents desc\">\n\t\t\t\t\t\tKatharina Fuhr jest cz\u0119\u015bci\u0105 zespo\u0142u SHA od 2018 roku.\nWcze\u015bniej uko\u0144czy\u0142a studia magisterskie ze specjalizacj\u0105 w planowaniu urbanistycznym.\nW SHA jest odpowiedzialna za projektowanie i planowanie realizacji w zespole planowania, a od 2023 r. jest kierownikiem projektu przebudowy Lensing-Media-Port.  \n\t\t\t\t\t<\/p>\n\t\t\t\t<\/div>\n\t\t\t<\/div>\n\t\t\n\t<\/div>\n\n\t<\/div>\n<\/article>\n\t<\/div>\n\n\t<div class=\"popup-columns-wrap flex_column  av_one_half\">\n\t\t<div class=\"popup-column popup-column-career flex_column  av_one_full first bg-alternate\">\n\t\t\t<h2 class=\"popup-headline\">Kariera<\/h2>\n\t\t\t<ul class=\"popup-list popup-list-career\">\n\t\t\t\t\t\t\t\t\t\t\t\t\t\t\t\t\t\t\t\t\t\t<li class=\"popup-list__headline popup-list__headline-career\">\n\t\t\t\t\t\t\t\t<span class=\"popup-point popup-point--career headline\">Praca<\/span>\n\t\t\t\t\t\t\t<\/li>\n\t\t\t\t\t\t\t\t\t\t\t\t\t\t\t\t\t\t\t\t\t\t\t\t<li class=\"popup-list__item popup-list__item-career\">\n\t\t\t\t\t\t\t\t<span class=\"popup-point popup-point--career timespan\">od 2018 r.<\/span>\n\t\t\t\t\t\t\t\t<span class=\"popup-point popup-point--career point\">SHA Scheffler Helbich Architekten GmbH<\/span>\n\t\t\t\t\t\t\t<\/li>\n\t\t\t\t\t\t\t\t\t\t\t\t\t\t\t\t\t\t\t\t\t\t\t\t<li class=\"popup-list__item popup-list__item-career\">\n\t\t\t\t\t\t\t\t<span class=\"popup-point popup-point--career timespan\">2015 - 2018<\/span>\n\t\t\t\t\t\t\t\t<span class=\"popup-point popup-point--career point\">Praktykant w Wilo SE, Dortmund<\/span>\n\t\t\t\t\t\t\t<\/li>\n\t\t\t\t\t\t\t\t\t\t\t\t\t\t\t\t\t\t\t\t\t\t\t\t<li class=\"popup-list__item popup-list__item-career\">\n\t\t\t\t\t\t\t\t<span class=\"popup-point popup-point--career timespan\">2014 - 2015<\/span>\n\t\t\t\t\t\t\t\t<span class=\"popup-point popup-point--career point\">Sta\u017cysta w Thei\u00dfen Architekten, Dortmund<\/span>\n\t\t\t\t\t\t\t<\/li>\n\t\t\t\t\t\t\t\t\t\t\t\t\t\t\t\t\t\t\t\t\t\t\t\t<li class=\"popup-list__headline popup-list__headline-career\">\n\t\t\t\t\t\t\t\t<span class=\"popup-point popup-point--career headline\">Studia i szkolenia<\/span>\n\t\t\t\t\t\t\t<\/li>\n\t\t\t\t\t\t\t\t\t\t\t\t\t\t\t\t\t\t\t\t\t\t\t\t<li class=\"popup-list__item popup-list__item-career\">\n\t\t\t\t\t\t\t\t<span class=\"popup-point popup-point--career timespan\">2015 - 2018  <\/span>\n\t\t\t\t\t\t\t\t<span class=\"popup-point popup-point--career point\">Magister architektury i urbanistyki, TU Dortmund<\/span>\n\t\t\t\t\t\t\t<\/li>\n\t\t\t\t\t\t\t\t\t\t\t\t\t\t\t\t\t\t\t\t\t\t\t\t<li class=\"popup-list__item popup-list__item-career\">\n\t\t\t\t\t\t\t\t<span class=\"popup-point popup-point--career timespan\">2010 - 2015<\/span>\n\t\t\t\t\t\t\t\t<span class=\"popup-point popup-point--career point\">Licencjat z architektury i urbanistyki, Uniwersytet TU Dortmund<\/span>\n\t\t\t\t\t\t\t<\/li>\n\t\t\t\t\t\t\t\t\t\t\t\t\t\t\t\t\t\t<\/ul>\n\t\t<\/div>\n\t\t\t<\/div>\n<\/div>\n\n\t\t\t\t\t\t\t\n\t\t\t\t\t\t\t\t\t\t\t\t\t\t\n\t\t\t\t\t\t\t\t\t\t\t\t\t<div class=\"flex_column av_one_third bg-alternate teamgrid-column  column-top-margin\">\n\t\t\t\t\t\t\t\t<article id=\"\" class=\"card-entry person-entry   text-align-left     has-button \">\n\t<div class=\"card-entry__inner\">\n\t\t\n\t<div class=\"card-entry__media media-type-\">\n\t\t<div class=\"card-entry__media-inner\">\n\t\t\t\t\t\t\t<div class=\"card-entry__action\">\n\t<div class=\"card-entry__action-inner\">\n\t\t<div class=\"card-entry__button-wrap avia-button-wrap avia-button-right theme-fill\">\n\t\t\t\t\t\t\t<a class=\"card-entry__button avia-button avia-button color-ci-black hover-yellow avia-size-small popup-toggle avia-position-right no-scroll\" href=\"#team-popup-37255\">\n\t\t\t\t\t<span class=\"button-icon\"><i class=\"icon-arrow_next\"><\/i><\/span><span class=\"button-text\">Prosz\u0119 dowiedzie\u0107 si\u0119 wi\u0119cej<\/span>\n\t\t\t\t<\/a>\n\t\t\t\t\t<\/div>\n\t<\/div>\n<\/div>\n\t\t\t\t\t\t\t\t\t\t\t\t\t\t\t<img decoding=\"async\" src=\"https:\/\/sha-luzern.ch\/wp-content\/uploads\/Laura-Spickenheier-706x313.jpg\" \/>\n\t\t\t\t\t\t\t\t\t<\/div>\n\t<\/div>\n\n\t<div class=\"card_entry__content-wrap\">\n\t\t\t\t\t<div class=\"card-entry__heading\">\n\t<div class=\"card-entry__heading-inner\">\n\n\n\t\t\t\n\t\t\t\t\t\t\t<span class=\"card-entry__subheadline card-entry__title person-job \">\n\t\t\t\t\tArchitekt, magister sztuki  \n\t\t\t\t<\/span>\n\t\t\t\n\t\t\t\n\t\t\t\t\t\t\t<h3 class=\"card-entry__headline person-name \">\n\t\t\t\t\t<span class=\"name-first\">Laura <\/span><span class=\"name-last\">Spickenheier<\/span>\n\t\t\t\t<\/h3>\n\t\t\t\n\t\t\t\t\t\t\t<span class=\"card-entry__subheadline person-job \">\n\t\t\t\t\tZarz\u0105dzanie projektem, audytor DGNB\n\t\t\t\t<\/span>\n\t\t\t\n\t\t\n\t<\/div>\n<\/div>\n\t\t\t\t\t\t\t\t<div class=\"card-entry__content content-type-default\">\n\t\t<div class=\"card-entry__content-inner\">\n\t\t\t<p class=\"card-entry__contents\">\n\t\t\t\t\t\t\t\t\t\t\t\t\t\t\t\t\t\t\t\t\t\t<span class=\"content-phone\"><span class=\"contact-pre\">T<\/span> <a href=\"tel:+4923144202065\">+49 (231) 44 20 20 65<\/a><\/span>\n\t\t\t\t\t\t\t\t\t\t\t\t\t\t\t\t\t\t\t\t\t\t\t\t<span class=\"content-mail\"><br\/><span class=\"contact-pre\">E<\/span>  <a href=\"javascript:secureDecryptAndNavigate('K3\/jCCxfemrAHbYcYrVYXOkBOek39pY99Wn9k8K1iguo6qM3a6pWKgCG4GMaV0m0\/+dv5NteUrWUFfwMPbijPxn1NYH0+dI9HQmYTQ==', '7fb6b0a631c756e2798c0419dd401ac6392a180022e45865affe1bd81a905598')\">l.spickenheier@sha.de<\/a><\/span>\n\t\t\t\t\t\t\t\t\t\t\t\t\t\t\t\t\t\t<\/p>\n\t\t<\/div>\n\t<\/div>\n\t\t\t<\/div>\n\n\t<\/div>\n<\/article>\n\t\t\t\t\t\t\t<\/div>\n\t\t\t\t\t\t\t<div id=\"team-popup-37255\" class=\"popup person-popup  person-popup-small popup-wrap bg-alternate fullwidth p-default mfp-hide\">\n\t<div class=\"popup-column popup-column-person card-entry person-entry bg-main flex_column  av_one_half first\">\n\t\t<article id=\"\" class=\"   text-align-     \">\n\t<div class=\"card-entry__inner\">\n\t\t\n\t<div class=\"card-entry__media media-type-\">\n\t\t<div class=\"card-entry__media-inner\">\n\t\t\t\t\t\t\t<img decoding=\"async\" src=\"https:\/\/sha-luzern.ch\/wp-content\/uploads\/Laura-Spickenheier-706x313.jpg\" \/>\n\t\t\t\t\t<\/div>\n\t<\/div>\n\n\t<div class=\"card_entry__content-wrap\">\n\t\t\t\t\t<div class=\"card-entry__heading\">\n\t<div class=\"card-entry__heading-inner\">\n\n\n\t\t\t\n\t\t\t\t\t\t\t<span class=\"card-entry__subheadline card-entry__title person-job \">\n\t\t\t\t\tArchitekt, magister sztuki  \n\t\t\t\t<\/span>\n\t\t\t\n\t\t\t\n\t\t\t\t\t\t\t<h3 class=\"card-entry__headline person-name \">\n\t\t\t\t\t<span class=\"name-first\">Laura <\/span><span class=\"name-last\">Spickenheier<\/span>\n\t\t\t\t<\/h3>\n\t\t\t\n\t\t\t\t\t\t\t<span class=\"card-entry__subheadline person-job \">\n\t\t\t\t\tZarz\u0105dzanie projektem, audytor DGNB\n\t\t\t\t<\/span>\n\t\t\t\n\t\t\n\t<\/div>\n<\/div>\n\t\t\n\n\t\t\t\t\t<div class=\"card-entry__content content-type-default\">\n\t\t\t\t<div class=\"card-entry__content-inner\">\n\t\t\t\t\t<h3 class=\"popup-headline\">Koncentracja na SHA<\/h3>\n\t\t\t\t\t<p class=\"card-entry__contents desc\">\n\t\t\t\t\t\tLaura Spickenheier do\u0142\u0105czy\u0142a do biura w 2021 r., a od 2023 r. jest kierownikiem projektu i audytorem DGNB.\nZ zami\u0142owania pszczelarka, w wolnym czasie interesuje si\u0119 r\u00f3wnie\u017c takimi tematami jak bior\u00f3\u017cnorodno\u015b\u0107 i odporno\u015b\u0107 na zmiany klimatu.\nJako szefowa wewn\u0119trznego zespo\u0142u biura ds. zasob\u00f3w i zr\u00f3wnowa\u017conego rozwoju promuje wymian\u0119 nowo zdobytej wiedzy, a tym samym buduje ekologiczne zrozumienie w zespole SHA.    \n\t\t\t\t\t<\/p>\n\t\t\t\t<\/div>\n\t\t\t<\/div>\n\t\t\n\t<\/div>\n\n\t<\/div>\n<\/article>\n\t<\/div>\n\n\t<div class=\"popup-columns-wrap flex_column  av_one_half\">\n\t\t<div class=\"popup-column popup-column-career flex_column  av_one_full first bg-alternate\">\n\t\t\t<h2 class=\"popup-headline\">Kariera<\/h2>\n\t\t\t<ul class=\"popup-list popup-list-career\">\n\t\t\t\t\t\t\t\t\t\t\t\t\t\t\t\t\t\t\t\t\t\t<li class=\"popup-list__headline popup-list__headline-career\">\n\t\t\t\t\t\t\t\t<span class=\"popup-point popup-point--career headline\">Praca<\/span>\n\t\t\t\t\t\t\t<\/li>\n\t\t\t\t\t\t\t\t\t\t\t\t\t\t\t\t\t\t\t\t\t\t\t\t<li class=\"popup-list__item popup-list__item-career\">\n\t\t\t\t\t\t\t\t<span class=\"popup-point popup-point--career timespan\">od 12\/2023<\/span>\n\t\t\t\t\t\t\t\t<span class=\"popup-point popup-point--career point\">Audytor DGNB<\/span>\n\t\t\t\t\t\t\t<\/li>\n\t\t\t\t\t\t\t\t\t\t\t\t\t\t\t\t\t\t\t\t\t\t\t\t<li class=\"popup-list__item popup-list__item-career\">\n\t\t\t\t\t\t\t\t<span class=\"popup-point popup-point--career timespan\">od 2021 r.<\/span>\n\t\t\t\t\t\t\t\t<span class=\"popup-point popup-point--career point\">SHA Scheffler Helbich Architekten GmbH<\/span>\n\t\t\t\t\t\t\t<\/li>\n\t\t\t\t\t\t\t\t\t\t\t\t\t\t\t\t\t\t\t\t\t\t\t\t<li class=\"popup-list__item popup-list__item-career\">\n\t\t\t\t\t\t\t\t<span class=\"popup-point popup-point--career timespan\">2017 - 2021<\/span>\n\t\t\t\t\t\t\t\t<span class=\"popup-point popup-point--career point\">henke.siassi architekten PartG mbB, Dortmund<\/span>\n\t\t\t\t\t\t\t<\/li>\n\t\t\t\t\t\t\t\t\t\t\t\t\t\t\t\t\t\t\t\t\t\t\t\t<li class=\"popup-list__item popup-list__item-career\">\n\t\t\t\t\t\t\t\t<span class=\"popup-point popup-point--career timespan\">2015 - 2016<\/span>\n\t\t\t\t\t\t\t\t<span class=\"popup-point popup-point--career point\">bkp GmbH, D\u00fcsseldorf<\/span>\n\t\t\t\t\t\t\t<\/li>\n\t\t\t\t\t\t\t\t\t\t\t\t\t\t\t\t\t\t\t\t\t\t\t\t<li class=\"popup-list__headline popup-list__headline-career\">\n\t\t\t\t\t\t\t\t<span class=\"popup-point popup-point--career headline\">Studia i szkolenia<\/span>\n\t\t\t\t\t\t\t<\/li>\n\t\t\t\t\t\t\t\t\t\t\t\t\t\t\t\t\t\t\t\t\t\t\t\t<li class=\"popup-list__item popup-list__item-career\">\n\t\t\t\t\t\t\t\t<span class=\"popup-point popup-point--career timespan\">2012 - 2017<\/span>\n\t\t\t\t\t\t\t\t<span class=\"popup-point popup-point--career point\">Magister sztuki na Wydziale Architektury TH K\u00f6ln, specjalizuj\u0105cy si\u0119 w architekturze korporacyjnej.<\/span>\n\t\t\t\t\t\t\t<\/li>\n\t\t\t\t\t\t\t\t\t\t\t\t\t\t\t\t\t\t\t\t\t\t\t\t<li class=\"popup-list__item popup-list__item-career\">\n\t\t\t\t\t\t\t\t<span class=\"popup-point popup-point--career timespan\">2008 - 2011  <\/span>\n\t\t\t\t\t\t\t\t<span class=\"popup-point popup-point--career point\">Licencjat na wydziale architektury i projektowania wn\u0119trz FH D\u00fcsseldorf.<\/span>\n\t\t\t\t\t\t\t<\/li>\n\t\t\t\t\t\t\t\t\t\t\t\t\t\t\t\t\t\t<\/ul>\n\t\t<\/div>\n\t\t\t<\/div>\n<\/div>\n\n\t\t\t\t\t\t\t\n\t\t\t\t\t\t\t\t\t\t\t\t\t\t\n\t\t\t\t\t\t\t\t\t\t\t\t\t<div class=\"flex_column av_one_third bg-alternate teamgrid-column  column-top-margin\">\n\t\t\t\t\t\t\t\t<article id=\"\" class=\"card-entry person-entry   text-align-left     has-button \">\n\t<div class=\"card-entry__inner\">\n\t\t\n\t<div class=\"card-entry__media media-type-\">\n\t\t<div class=\"card-entry__media-inner\">\n\t\t\t\t\t\t\t<div class=\"card-entry__action\">\n\t<div class=\"card-entry__action-inner\">\n\t\t<div class=\"card-entry__button-wrap avia-button-wrap avia-button-right theme-fill\">\n\t\t\t\t\t\t\t<a class=\"card-entry__button avia-button avia-button color-ci-black hover-yellow avia-size-small popup-toggle avia-position-right no-scroll\" href=\"#team-popup-37241\">\n\t\t\t\t\t<span class=\"button-icon\"><i class=\"icon-arrow_next\"><\/i><\/span><span class=\"button-text\">Prosz\u0119 dowiedzie\u0107 si\u0119 wi\u0119cej<\/span>\n\t\t\t\t<\/a>\n\t\t\t\t\t<\/div>\n\t<\/div>\n<\/div>\n\t\t\t\t\t\t\t\t\t\t\t\t\t\t\t<img decoding=\"async\" src=\"https:\/\/sha-luzern.ch\/wp-content\/uploads\/706x313-Team-Wegener-706x313.jpg\" \/>\n\t\t\t\t\t\t\t\t\t<\/div>\n\t<\/div>\n\n\t<div class=\"card_entry__content-wrap\">\n\t\t\t\t\t<div class=\"card-entry__heading\">\n\t<div class=\"card-entry__heading-inner\">\n\n\n\t\t\t\n\t\t\t\t\t\t\t<span class=\"card-entry__subheadline card-entry__title person-job \">\n\t\t\t\t\tArchitekt, magister in\u017cynier\n\t\t\t\t<\/span>\n\t\t\t\n\t\t\t\n\t\t\t\t\t\t\t<h3 class=\"card-entry__headline person-name \">\n\t\t\t\t\t<span class=\"name-first\">Robin M. <\/span><span class=\"name-last\">Wegener<\/span>\n\t\t\t\t<\/h3>\n\t\t\t\n\t\t\t\t\t\t\t<span class=\"card-entry__subheadline person-job \">\n\t\t\t\t\tZarz\u0105dzanie projektem\n\t\t\t\t<\/span>\n\t\t\t\n\t\t\n\t<\/div>\n<\/div>\n\t\t\t\t\t\t\t\t<div class=\"card-entry__content content-type-default\">\n\t\t<div class=\"card-entry__content-inner\">\n\t\t\t<p class=\"card-entry__contents\">\n\t\t\t\t\t\t\t\t\t\t\t\t\t\t\t\t\t\t\t\t\t\t<span class=\"content-phone\"><span class=\"contact-pre\">T<\/span> <a href=\"tel:+4923144202036\">+49 (231) 44 20 20 36<\/a><\/span>\n\t\t\t\t\t\t\t\t\t\t\t\t\t\t\t\t\t\t\t\t\t\t\t\t<span class=\"content-mail\"><br\/><span class=\"contact-pre\">E<\/span>  <a href=\"javascript:secureDecryptAndNavigate('c70THRk1nAIiUttKO2ZwwvY4EzO1Ipt9AhsUG\/Jtk3OkPy8HI+jIJmue0UvvvQ8kynf+zMQmqajdC8xqCOKaJLYbvq8JWTY=', '7fb6b0a631c756e2798c0419dd401ac6392a180022e45865affe1bd81a905598')\">r.wegener@sha.de<\/a><\/span>\n\t\t\t\t\t\t\t\t\t\t\t\t\t\t\t\t\t\t<\/p>\n\t\t<\/div>\n\t<\/div>\n\t\t\t<\/div>\n\n\t<\/div>\n<\/article>\n\t\t\t\t\t\t\t<\/div>\n\t\t\t\t\t\t\t<div id=\"team-popup-37241\" class=\"popup person-popup  person-popup-small popup-wrap bg-alternate fullwidth p-default mfp-hide\">\n\t<div class=\"popup-column popup-column-person card-entry person-entry bg-main flex_column  av_one_half first\">\n\t\t<article id=\"\" class=\"   text-align-     \">\n\t<div class=\"card-entry__inner\">\n\t\t\n\t<div class=\"card-entry__media media-type-\">\n\t\t<div class=\"card-entry__media-inner\">\n\t\t\t\t\t\t\t<img decoding=\"async\" src=\"https:\/\/sha-luzern.ch\/wp-content\/uploads\/706x313-Team-Wegener-706x313.jpg\" \/>\n\t\t\t\t\t<\/div>\n\t<\/div>\n\n\t<div class=\"card_entry__content-wrap\">\n\t\t\t\t\t<div class=\"card-entry__heading\">\n\t<div class=\"card-entry__heading-inner\">\n\n\n\t\t\t\n\t\t\t\t\t\t\t<span class=\"card-entry__subheadline card-entry__title person-job \">\n\t\t\t\t\tArchitekt, magister in\u017cynier\n\t\t\t\t<\/span>\n\t\t\t\n\t\t\t\n\t\t\t\t\t\t\t<h3 class=\"card-entry__headline person-name \">\n\t\t\t\t\t<span class=\"name-first\">Robin M. <\/span><span class=\"name-last\">Wegener<\/span>\n\t\t\t\t<\/h3>\n\t\t\t\n\t\t\t\t\t\t\t<span class=\"card-entry__subheadline person-job \">\n\t\t\t\t\tZarz\u0105dzanie projektem\n\t\t\t\t<\/span>\n\t\t\t\n\t\t\n\t<\/div>\n<\/div>\n\t\t\n\n\t\t\t\t\t<div class=\"card-entry__content content-type-default\">\n\t\t\t\t<div class=\"card-entry__content-inner\">\n\t\t\t\t\t<h3 class=\"popup-headline\">Koncentracja na SHA<\/h3>\n\t\t\t\t\t<p class=\"card-entry__contents desc\">\n\t\t\t\t\t\tRobin Wegener jest zaanga\u017cowany w ca\u0142y proces planowania, g\u0142\u00f3wnie dla budynk\u00f3w komercyjnych, produkcyjnych i przemys\u0142owych.\nJest cz\u0119\u015bci\u0105 zespo\u0142u SHA od 2016 roku.\nOstatnio pracowa\u0142 nad rozbudow\u0105 zak\u0142adu produkcyjnego obr\u00f3bki metali w Dortmundzie.    \n\t\t\t\t\t<\/p>\n\t\t\t\t<\/div>\n\t\t\t<\/div>\n\t\t\n\t<\/div>\n\n\t<\/div>\n<\/article>\n\t<\/div>\n\n\t<div class=\"popup-columns-wrap flex_column  av_one_half\">\n\t\t<div class=\"popup-column popup-column-career flex_column  av_one_full first bg-alternate\">\n\t\t\t<h2 class=\"popup-headline\">Kariera<\/h2>\n\t\t\t<ul class=\"popup-list popup-list-career\">\n\t\t\t\t\t\t\t\t\t\t\t\t\t\t\t\t\t\t\t\t\t\t<li class=\"popup-list__headline popup-list__headline-career\">\n\t\t\t\t\t\t\t\t<span class=\"popup-point popup-point--career headline\">Praca<\/span>\n\t\t\t\t\t\t\t<\/li>\n\t\t\t\t\t\t\t\t\t\t\t\t\t\t\t\t\t\t\t\t\t\t\t\t<li class=\"popup-list__item popup-list__item-career\">\n\t\t\t\t\t\t\t\t<span class=\"popup-point popup-point--career timespan\">od 2016 r.<\/span>\n\t\t\t\t\t\t\t\t<span class=\"popup-point popup-point--career point\">SHA Scheffler Helbich Architekten GmbH<\/span>\n\t\t\t\t\t\t\t<\/li>\n\t\t\t\t\t\t\t\t\t\t\t\t\t\t\t\t\t\t\t\t\t\t\t\t<li class=\"popup-list__item popup-list__item-career\">\n\t\t\t\t\t\t\t\t<span class=\"popup-point popup-point--career timespan\">2013<\/span>\n\t\t\t\t\t\t\t\t<span class=\"popup-point popup-point--career point\">Gatermann + Schossig, Kolonia<\/span>\n\t\t\t\t\t\t\t<\/li>\n\t\t\t\t\t\t\t\t\t\t\t\t\t\t\t\t\t\t\t\t\t\t\t\t<li class=\"popup-list__headline popup-list__headline-career\">\n\t\t\t\t\t\t\t\t<span class=\"popup-point popup-point--career headline\">Studia i szkolenia<\/span>\n\t\t\t\t\t\t\t<\/li>\n\t\t\t\t\t\t\t\t\t\t\t\t\t\t\t\t\t\t\t\t\t\t\t\t<li class=\"popup-list__item popup-list__item-career\">\n\t\t\t\t\t\t\t\t<span class=\"popup-point popup-point--career timespan\">2015 - 2017<\/span>\n\t\t\t\t\t\t\t\t<span class=\"popup-point popup-point--career point\">Program studi\u00f3w magisterskich w zakresie architektury i urbanistyki, Uniwersytet TU Dortmund<\/span>\n\t\t\t\t\t\t\t<\/li>\n\t\t\t\t\t\t\t\t\t\t\t\t\t\t\t\t\t\t\t\t\t\t\t\t<li class=\"popup-list__item popup-list__item-career\">\n\t\t\t\t\t\t\t\t<span class=\"popup-point popup-point--career timespan\">2011 - 2015<\/span>\n\t\t\t\t\t\t\t\t<span class=\"popup-point popup-point--career point\">Studia licencjackie, Uniwersytet Nauk Stosowanych w Kolonii<\/span>\n\t\t\t\t\t\t\t<\/li>\n\t\t\t\t\t\t\t\t\t\t\t\t\t\t\t\t\t\t<\/ul>\n\t\t<\/div>\n\t\t\t<\/div>\n<\/div>\n\n\t\t\t\t\t\t\t\n\t\t\t\t\t\t\t\t\t\t\t\t\t\t\n\t\t\t\t\t\t\t\t\t\t\t\t\t<div class=\"flex_column av_one_third bg-alternate teamgrid-column first column-top-margin\">\n\t\t\t\t\t\t\t\t<article id=\"\" class=\"card-entry person-entry   text-align-left     has-button \">\n\t<div class=\"card-entry__inner\">\n\t\t\n\t<div class=\"card-entry__media media-type-\">\n\t\t<div class=\"card-entry__media-inner\">\n\t\t\t\t\t\t\t<div class=\"card-entry__action\">\n\t<div class=\"card-entry__action-inner\">\n\t\t<div class=\"card-entry__button-wrap avia-button-wrap avia-button-right theme-fill\">\n\t\t\t\t\t\t\t<a class=\"card-entry__button avia-button avia-button color-ci-black hover-yellow avia-size-small popup-toggle avia-position-right no-scroll\" href=\"#team-popup-37227\">\n\t\t\t\t\t<span class=\"button-icon\"><i class=\"icon-arrow_next\"><\/i><\/span><span class=\"button-text\">Prosz\u0119 dowiedzie\u0107 si\u0119 wi\u0119cej<\/span>\n\t\t\t\t<\/a>\n\t\t\t\t\t<\/div>\n\t<\/div>\n<\/div>\n\t\t\t\t\t\t\t\t\t\t\t\t\t\t\t<img decoding=\"async\" src=\"https:\/\/sha-luzern.ch\/wp-content\/uploads\/003-Centler-Portrait-SHA-Dortmund-Juni-2020-706x313.jpg\" \/>\n\t\t\t\t\t\t\t\t\t<\/div>\n\t<\/div>\n\n\t<div class=\"card_entry__content-wrap\">\n\t\t\t\t\t<div class=\"card-entry__heading\">\n\t<div class=\"card-entry__heading-inner\">\n\n\n\t\t\t\n\t\t\t\t\t\t\t<span class=\"card-entry__subheadline card-entry__title person-job \">\n\t\t\t\t\tArchitekt, licencjat\n\t\t\t\t<\/span>\n\t\t\t\n\t\t\t\n\t\t\t\t\t\t\t<h3 class=\"card-entry__headline person-name \">\n\t\t\t\t\t<span class=\"name-first\">Sandra  <\/span><span class=\"name-last\">Centler<\/span>\n\t\t\t\t<\/h3>\n\t\t\t\n\t\t\t\t\t\t\t<span class=\"card-entry__subheadline person-job \">\n\t\t\t\t\tArchitekt projektu\n\t\t\t\t<\/span>\n\t\t\t\n\t\t\n\t<\/div>\n<\/div>\n\t\t\t\t\t\t\t\t<div class=\"card-entry__content content-type-default\">\n\t\t<div class=\"card-entry__content-inner\">\n\t\t\t<p class=\"card-entry__contents\">\n\t\t\t\t\t\t\t\t\t\t\t\t\t\t\t\t\t\t\t\t\t\t<span class=\"content-phone\"><span class=\"contact-pre\">T<\/span> <a href=\"tel:+4923144202024\">+49 (231) 44 20 20 24<\/a><\/span>\n\t\t\t\t\t\t\t\t\t\t\t\t\t\t\t\t\t\t\t\t\t\t\t\t<span class=\"content-mail\"><br\/><span class=\"contact-pre\">E<\/span>  <a href=\"javascript:secureDecryptAndNavigate('b2FrMTkhilIwAN\/hY5bwrbd7mw2eg4LFVoYaz1TwKkRSE+VnqPormBoR848UG1fpdwGJK4msKa4Vpp3P66F2uGyVF3IOIWI=', '7fb6b0a631c756e2798c0419dd401ac6392a180022e45865affe1bd81a905598')\">s.centler@sha.de<\/a><\/span>\n\t\t\t\t\t\t\t\t\t\t\t\t\t\t\t\t\t\t<\/p>\n\t\t<\/div>\n\t<\/div>\n\t\t\t<\/div>\n\n\t<\/div>\n<\/article>\n\t\t\t\t\t\t\t<\/div>\n\t\t\t\t\t\t\t<div id=\"team-popup-37227\" class=\"popup person-popup  person-popup-small popup-wrap bg-alternate fullwidth p-default mfp-hide\">\n\t<div class=\"popup-column popup-column-person card-entry person-entry bg-main flex_column  av_one_half first\">\n\t\t<article id=\"\" class=\"   text-align-     \">\n\t<div class=\"card-entry__inner\">\n\t\t\n\t<div class=\"card-entry__media media-type-\">\n\t\t<div class=\"card-entry__media-inner\">\n\t\t\t\t\t\t\t<img decoding=\"async\" src=\"https:\/\/sha-luzern.ch\/wp-content\/uploads\/003-Centler-Portrait-SHA-Dortmund-Juni-2020-706x313.jpg\" \/>\n\t\t\t\t\t<\/div>\n\t<\/div>\n\n\t<div class=\"card_entry__content-wrap\">\n\t\t\t\t\t<div class=\"card-entry__heading\">\n\t<div class=\"card-entry__heading-inner\">\n\n\n\t\t\t\n\t\t\t\t\t\t\t<span class=\"card-entry__subheadline card-entry__title person-job \">\n\t\t\t\t\tArchitekt, licencjat\n\t\t\t\t<\/span>\n\t\t\t\n\t\t\t\n\t\t\t\t\t\t\t<h3 class=\"card-entry__headline person-name \">\n\t\t\t\t\t<span class=\"name-first\">Sandra  <\/span><span class=\"name-last\">Centler<\/span>\n\t\t\t\t<\/h3>\n\t\t\t\n\t\t\t\t\t\t\t<span class=\"card-entry__subheadline person-job \">\n\t\t\t\t\tArchitekt projektu\n\t\t\t\t<\/span>\n\t\t\t\n\t\t\n\t<\/div>\n<\/div>\n\t\t\n\n\t\t\t\t\t<div class=\"card-entry__content content-type-default\">\n\t\t\t\t<div class=\"card-entry__content-inner\">\n\t\t\t\t\t<h3 class=\"popup-headline\">Koncentracja na SHA<\/h3>\n\t\t\t\t\t<p class=\"card-entry__contents desc\">\n\t\t\t\t\t\tSandra Centler specjalizuje si\u0119 w planowaniu szczeg\u00f3\u0142owym i wdro\u017ceniowym.\nObecnie odgrywa kluczow\u0105 rol\u0119 w projektowaniu budynku komercyjnego w Recklinghausen.\nProjekt ten obejmuje nie tylko magazyny i hale produkcyjne, ale tak\u017ce przestronn\u0105 przestrze\u0144 administracyjn\u0105 i biurow\u0105.\nZr\u00f3wnowa\u017cony rozw\u00f3j jest w centrum tego projektu, zar\u00f3wno pod wzgl\u0119dem zastosowanych materia\u0142\u00f3w budowlanych, jak i realizacji projektu budowlanego.   \n\t\t\t\t\t<\/p>\n\t\t\t\t<\/div>\n\t\t\t<\/div>\n\t\t\n\t<\/div>\n\n\t<\/div>\n<\/article>\n\t<\/div>\n\n\t<div class=\"popup-columns-wrap flex_column  av_one_half\">\n\t\t<div class=\"popup-column popup-column-career flex_column  av_one_full first bg-alternate\">\n\t\t\t<h2 class=\"popup-headline\">Kariera<\/h2>\n\t\t\t<ul class=\"popup-list popup-list-career\">\n\t\t\t\t\t\t\t\t\t\t\t\t\t\t\t\t\t\t\t\t\t\t<li class=\"popup-list__headline popup-list__headline-career\">\n\t\t\t\t\t\t\t\t<span class=\"popup-point popup-point--career headline\">Praca<\/span>\n\t\t\t\t\t\t\t<\/li>\n\t\t\t\t\t\t\t\t\t\t\t\t\t\t\t\t\t\t\t\t\t\t\t\t<li class=\"popup-list__item popup-list__item-career\">\n\t\t\t\t\t\t\t\t<span class=\"popup-point popup-point--career timespan\">od 2016 r.<\/span>\n\t\t\t\t\t\t\t\t<span class=\"popup-point popup-point--career point\">SHA Scheffler Helbich Architekten GmbH<\/span>\n\t\t\t\t\t\t\t<\/li>\n\t\t\t\t\t\t\t\t\t\t\t\t\t\t\t\t\t\t\t\t\t\t\t\t<li class=\"popup-list__headline popup-list__headline-career\">\n\t\t\t\t\t\t\t\t<span class=\"popup-point popup-point--career headline\">Studia i szkolenia<\/span>\n\t\t\t\t\t\t\t<\/li>\n\t\t\t\t\t\t\t\t\t\t\t\t\t\t\t\t\t\t\t\t\t\t\t\t<li class=\"popup-list__item popup-list__item-career\">\n\t\t\t\t\t\t\t\t<span class=\"popup-point popup-point--career timespan\">2011 - 2016<\/span>\n\t\t\t\t\t\t\t\t<span class=\"popup-point popup-point--career point\">Studiowa\u0142 architektur\u0119 na Uniwersytecie Nauk Stosowanych i Sztuki w Dortmundzie.<\/span>\n\t\t\t\t\t\t\t<\/li>\n\t\t\t\t\t\t\t\t\t\t\t\t\t\t\t\t\t\t<\/ul>\n\t\t<\/div>\n\t\t\t<\/div>\n<\/div>\n\n\t\t\t\t\t\t\t\n\t\t\t\t\t\t\t\t\t\t\t\t\t\t\n\t\t\t\t\t\t\t\t\t\t\t\t\t<div class=\"flex_column av_one_third bg-alternate teamgrid-column  column-top-margin\">\n\t\t\t\t\t\t\t\t<article id=\"\" class=\"card-entry person-entry   text-align-left     has-button \">\n\t<div class=\"card-entry__inner\">\n\t\t\n\t<div class=\"card-entry__media media-type-\">\n\t\t<div class=\"card-entry__media-inner\">\n\t\t\t\t\t\t\t<div class=\"card-entry__action\">\n\t<div class=\"card-entry__action-inner\">\n\t\t<div class=\"card-entry__button-wrap avia-button-wrap avia-button-right theme-fill\">\n\t\t\t\t\t\t\t<a class=\"card-entry__button avia-button avia-button color-ci-black hover-yellow avia-size-small popup-toggle avia-position-right no-scroll\" href=\"#team-popup-37182\">\n\t\t\t\t\t<span class=\"button-icon\"><i class=\"icon-arrow_next\"><\/i><\/span><span class=\"button-text\">Prosz\u0119 dowiedzie\u0107 si\u0119 wi\u0119cej<\/span>\n\t\t\t\t<\/a>\n\t\t\t\t\t<\/div>\n\t<\/div>\n<\/div>\n\t\t\t\t\t\t\t\t\t\t\t\t\t\t\t<img decoding=\"async\" src=\"https:\/\/sha-luzern.ch\/wp-content\/uploads\/Lauer-706x313-1-706x313.jpg\" \/>\n\t\t\t\t\t\t\t\t\t<\/div>\n\t<\/div>\n\n\t<div class=\"card_entry__content-wrap\">\n\t\t\t\t\t<div class=\"card-entry__heading\">\n\t<div class=\"card-entry__heading-inner\">\n\n\n\t\t\t\n\t\t\t\t\t\t\t<span class=\"card-entry__subheadline card-entry__title person-job \">\n\t\t\t\t\tArchitekt, magister in\u017cynier\n\t\t\t\t<\/span>\n\t\t\t\n\t\t\t\n\t\t\t\t\t\t\t<h3 class=\"card-entry__headline person-name \">\n\t\t\t\t\t<span class=\"name-first\">Katharina  <\/span><span class=\"name-last\">Lauer<\/span>\n\t\t\t\t<\/h3>\n\t\t\t\n\t\t\t\t\t\t\t<span class=\"card-entry__subheadline person-job \">\n\t\t\t\t\tArchitekt projektu\n\t\t\t\t<\/span>\n\t\t\t\n\t\t\n\t<\/div>\n<\/div>\n\t\t\t\t\t\t\t\t<div class=\"card-entry__content content-type-default\">\n\t\t<div class=\"card-entry__content-inner\">\n\t\t\t<p class=\"card-entry__contents\">\n\t\t\t\t\t\t\t\t\t\t\t\t\t\t\t\t\t\t\t\t\t\t<span class=\"content-phone\"><span class=\"contact-pre\">T<\/span> <a href=\"tel:+4923144202037\">+49 (231) 44 20 20 37<\/a><\/span>\n\t\t\t\t\t\t\t\t\t\t\t\t\t\t\t\t\t\t\t\t\t\t\t\t<span class=\"content-mail\"><br\/><span class=\"contact-pre\">E<\/span>  <a href=\"javascript:secureDecryptAndNavigate('gW+cfcCHEDPk+0gjpyErzSW7nQxFaxt8rgu+OV9UZdJRn1J8Mt2hjK\/or8tw2f7CfkNBCfsmISr0urLl73OR6NnIg6S5', '7fb6b0a631c756e2798c0419dd401ac6392a180022e45865affe1bd81a905598')\">k.lauer@sha.de<\/a><\/span>\n\t\t\t\t\t\t\t\t\t\t\t\t\t\t\t\t\t\t<\/p>\n\t\t<\/div>\n\t<\/div>\n\t\t\t<\/div>\n\n\t<\/div>\n<\/article>\n\t\t\t\t\t\t\t<\/div>\n\t\t\t\t\t\t\t<div id=\"team-popup-37182\" class=\"popup person-popup  person-popup-small popup-wrap bg-alternate fullwidth p-default mfp-hide\">\n\t<div class=\"popup-column popup-column-person card-entry person-entry bg-main flex_column  av_one_half first\">\n\t\t<article id=\"\" class=\"   text-align-     \">\n\t<div class=\"card-entry__inner\">\n\t\t\n\t<div class=\"card-entry__media media-type-\">\n\t\t<div class=\"card-entry__media-inner\">\n\t\t\t\t\t\t\t<img decoding=\"async\" src=\"https:\/\/sha-luzern.ch\/wp-content\/uploads\/Lauer-706x313-1-706x313.jpg\" \/>\n\t\t\t\t\t<\/div>\n\t<\/div>\n\n\t<div class=\"card_entry__content-wrap\">\n\t\t\t\t\t<div class=\"card-entry__heading\">\n\t<div class=\"card-entry__heading-inner\">\n\n\n\t\t\t\n\t\t\t\t\t\t\t<span class=\"card-entry__subheadline card-entry__title person-job \">\n\t\t\t\t\tArchitekt, magister in\u017cynier\n\t\t\t\t<\/span>\n\t\t\t\n\t\t\t\n\t\t\t\t\t\t\t<h3 class=\"card-entry__headline person-name \">\n\t\t\t\t\t<span class=\"name-first\">Katharina  <\/span><span class=\"name-last\">Lauer<\/span>\n\t\t\t\t<\/h3>\n\t\t\t\n\t\t\t\t\t\t\t<span class=\"card-entry__subheadline person-job \">\n\t\t\t\t\tArchitekt projektu\n\t\t\t\t<\/span>\n\t\t\t\n\t\t\n\t<\/div>\n<\/div>\n\t\t\n\n\t\t\t\t\t<div class=\"card-entry__content content-type-default\">\n\t\t\t\t<div class=\"card-entry__content-inner\">\n\t\t\t\t\t<h3 class=\"popup-headline\">Koncentracja na SHA<\/h3>\n\t\t\t\t\t<p class=\"card-entry__contents desc\">\n\t\t\t\t\t\tKatharina Lauer do\u0142\u0105czy\u0142a do naszego zespo\u0142u w 2021 roku jako architekt projektu.\n\t\t\t\t\t<\/p>\n\t\t\t\t<\/div>\n\t\t\t<\/div>\n\t\t\n\t<\/div>\n\n\t<\/div>\n<\/article>\n\t<\/div>\n\n\t<div class=\"popup-columns-wrap flex_column  av_one_half\">\n\t\t<div class=\"popup-column popup-column-career flex_column  av_one_full first bg-alternate\">\n\t\t\t<h2 class=\"popup-headline\">Kariera<\/h2>\n\t\t\t<ul class=\"popup-list popup-list-career\">\n\t\t\t\t\t\t\t\t\t\t\t\t\t\t\t\t\t\t\t\t\t\t<li class=\"popup-list__headline popup-list__headline-career\">\n\t\t\t\t\t\t\t\t<span class=\"popup-point popup-point--career headline\">Praca<\/span>\n\t\t\t\t\t\t\t<\/li>\n\t\t\t\t\t\t\t\t\t\t\t\t\t\t\t\t\t\t\t\t\t\t\t\t<li class=\"popup-list__item popup-list__item-career\">\n\t\t\t\t\t\t\t\t<span class=\"popup-point popup-point--career timespan\">od 2021 r.<\/span>\n\t\t\t\t\t\t\t\t<span class=\"popup-point popup-point--career point\">SHA Scheffler Helbich Architekten GmbH<\/span>\n\t\t\t\t\t\t\t<\/li>\n\t\t\t\t\t\t\t\t\t\t\t\t\t\t\t\t\t\t\t\t\t\t\t\t<li class=\"popup-list__item popup-list__item-career\">\n\t\t\t\t\t\t\t\t<span class=\"popup-point popup-point--career timespan\">2018 - 2021<\/span>\n\t\t\t\t\t\t\t\t<span class=\"popup-point popup-point--career point\">Marcus Patrias Architects BDA, kierownik projektu<\/span>\n\t\t\t\t\t\t\t<\/li>\n\t\t\t\t\t\t\t\t\t\t\t\t\t\t\t\t\t\t\t\t\t\t\t\t<li class=\"popup-list__item popup-list__item-career\">\n\t\t\t\t\t\t\t\t<span class=\"popup-point popup-point--career timespan\">2014 - 2018<\/span>\n\t\t\t\t\t\t\t\t<span class=\"popup-point popup-point--career point\">Marcus Patrias Architects BDA, asystent studenta<\/span>\n\t\t\t\t\t\t\t<\/li>\n\t\t\t\t\t\t\t\t\t\t\t\t\t\t\t\t\t\t\t\t\t\t\t\t<li class=\"popup-list__headline popup-list__headline-career\">\n\t\t\t\t\t\t\t\t<span class=\"popup-point popup-point--career headline\">Studia i szkolenia<\/span>\n\t\t\t\t\t\t\t<\/li>\n\t\t\t\t\t\t\t\t\t\t\t\t\t\t\t\t\t\t\t\t\t\t\t\t<li class=\"popup-list__item popup-list__item-career\">\n\t\t\t\t\t\t\t\t<span class=\"popup-point popup-point--career timespan\">2015 - 2018<\/span>\n\t\t\t\t\t\t\t\t<span class=\"popup-point popup-point--career point\">Uniwersytet Techniczny w Dortmundzie, Architektura i Urbanistyka, magister nauk \u015bcis\u0142ych<\/span>\n\t\t\t\t\t\t\t<\/li>\n\t\t\t\t\t\t\t\t\t\t\t\t\t\t\t\t\t\t\t\t\t\t\t\t<li class=\"popup-list__item popup-list__item-career\">\n\t\t\t\t\t\t\t\t<span class=\"popup-point popup-point--career timespan\">2011 - 2015<\/span>\n\t\t\t\t\t\t\t\t<span class=\"popup-point popup-point--career point\">Uniwersytet TU Dortmund, architektura i urbanistyka, licencjat<\/span>\n\t\t\t\t\t\t\t<\/li>\n\t\t\t\t\t\t\t\t\t\t\t\t\t\t\t\t\t\t<\/ul>\n\t\t<\/div>\n\t\t\t<\/div>\n<\/div>\n\n\t\t\t\t\t\t\t\n\t\t\t\t\t\t\t\t\t\t\t\t\t\t\n\t\t\t\t\t\t\t\t\t\t\t\t\t<div class=\"flex_column av_one_third bg-alternate teamgrid-column  column-top-margin\">\n\t\t\t\t\t\t\t\t<article id=\"\" class=\"card-entry person-entry   text-align-left     has-button \">\n\t<div class=\"card-entry__inner\">\n\t\t\n\t<div class=\"card-entry__media media-type-\">\n\t\t<div class=\"card-entry__media-inner\">\n\t\t\t\t\t\t\t<div class=\"card-entry__action\">\n\t<div class=\"card-entry__action-inner\">\n\t\t<div class=\"card-entry__button-wrap avia-button-wrap avia-button-right theme-fill\">\n\t\t\t\t\t\t\t<a class=\"card-entry__button avia-button avia-button color-ci-black hover-yellow avia-size-small popup-toggle avia-position-right no-scroll\" href=\"#team-popup-37167\">\n\t\t\t\t\t<span class=\"button-icon\"><i class=\"icon-arrow_next\"><\/i><\/span><span class=\"button-text\">Prosz\u0119 dowiedzie\u0107 si\u0119 wi\u0119cej<\/span>\n\t\t\t\t<\/a>\n\t\t\t\t\t<\/div>\n\t<\/div>\n<\/div>\n\t\t\t\t\t\t\t\t\t\t\t\t\t\t\t<img decoding=\"async\" src=\"https:\/\/sha-luzern.ch\/wp-content\/uploads\/web-005-sha-dortmund-verene-meese_1-706x313.jpg\" \/>\n\t\t\t\t\t\t\t\t\t<\/div>\n\t<\/div>\n\n\t<div class=\"card_entry__content-wrap\">\n\t\t\t\t\t<div class=\"card-entry__heading\">\n\t<div class=\"card-entry__heading-inner\">\n\n\n\t\t\t\n\t\t\t\t\t\t\t<span class=\"card-entry__subheadline card-entry__title person-job \">\n\t\t\t\t\tArchitekt, licencjat\n\t\t\t\t<\/span>\n\t\t\t\n\t\t\t\n\t\t\t\t\t\t\t<h3 class=\"card-entry__headline person-name \">\n\t\t\t\t\t<span class=\"name-first\">Verena  <\/span><span class=\"name-last\">Meese<\/span>\n\t\t\t\t<\/h3>\n\t\t\t\n\t\t\t\t\t\t\t<span class=\"card-entry__subheadline person-job \">\n\t\t\t\t\tArchitekt projektu\n\t\t\t\t<\/span>\n\t\t\t\n\t\t\n\t<\/div>\n<\/div>\n\t\t\t\t\t\t\t\t<div class=\"card-entry__content content-type-default\">\n\t\t<div class=\"card-entry__content-inner\">\n\t\t\t<p class=\"card-entry__contents\">\n\t\t\t\t\t\t\t\t\t\t\t\t\t\t\t\t\t\t\t\t\t\t<span class=\"content-phone\"><span class=\"contact-pre\">T<\/span> <a href=\"tel:+4923144202028\">+49 (231) 44 20 20 28<\/a><\/span>\n\t\t\t\t\t\t\t\t\t\t\t\t\t\t\t\t\t\t\t\t\t\t\t\t<span class=\"content-mail\"><br\/><span class=\"contact-pre\">E<\/span>  <a href=\"javascript:secureDecryptAndNavigate('pugvrVNHnsaqrj2M2jd9mw9ni+lOAiRnqQ0kTnehlhw2i8RwPHioiQ6+Z2fKEySJoKuBxPTwgesuZ14RgdxCCNvSloYl', '7fb6b0a631c756e2798c0419dd401ac6392a180022e45865affe1bd81a905598')\">v.meese@sha.de<\/a><\/span>\n\t\t\t\t\t\t\t\t\t\t\t\t\t\t\t\t\t\t<\/p>\n\t\t<\/div>\n\t<\/div>\n\t\t\t<\/div>\n\n\t<\/div>\n<\/article>\n\t\t\t\t\t\t\t<\/div>\n\t\t\t\t\t\t\t<div id=\"team-popup-37167\" class=\"popup person-popup  person-popup-small popup-wrap bg-alternate fullwidth p-default mfp-hide\">\n\t<div class=\"popup-column popup-column-person card-entry person-entry bg-main flex_column  av_one_half first\">\n\t\t<article id=\"\" class=\"   text-align-     \">\n\t<div class=\"card-entry__inner\">\n\t\t\n\t<div class=\"card-entry__media media-type-\">\n\t\t<div class=\"card-entry__media-inner\">\n\t\t\t\t\t\t\t<img decoding=\"async\" src=\"https:\/\/sha-luzern.ch\/wp-content\/uploads\/web-005-sha-dortmund-verene-meese_1-706x313.jpg\" \/>\n\t\t\t\t\t<\/div>\n\t<\/div>\n\n\t<div class=\"card_entry__content-wrap\">\n\t\t\t\t\t<div class=\"card-entry__heading\">\n\t<div class=\"card-entry__heading-inner\">\n\n\n\t\t\t\n\t\t\t\t\t\t\t<span class=\"card-entry__subheadline card-entry__title person-job \">\n\t\t\t\t\tArchitekt, licencjat\n\t\t\t\t<\/span>\n\t\t\t\n\t\t\t\n\t\t\t\t\t\t\t<h3 class=\"card-entry__headline person-name \">\n\t\t\t\t\t<span class=\"name-first\">Verena  <\/span><span class=\"name-last\">Meese<\/span>\n\t\t\t\t<\/h3>\n\t\t\t\n\t\t\t\t\t\t\t<span class=\"card-entry__subheadline person-job \">\n\t\t\t\t\tArchitekt projektu\n\t\t\t\t<\/span>\n\t\t\t\n\t\t\n\t<\/div>\n<\/div>\n\t\t\n\n\t\t\n\t<\/div>\n\n\t<\/div>\n<\/article>\n\t<\/div>\n\n\t<div class=\"popup-columns-wrap flex_column  av_one_half\">\n\t\t<div class=\"popup-column popup-column-career flex_column  av_one_full first bg-alternate\">\n\t\t\t<h2 class=\"popup-headline\">Kariera<\/h2>\n\t\t\t<ul class=\"popup-list popup-list-career\">\n\t\t\t\t\t\t\t\t\t\t\t\t\t\t\t\t\t\t\t\t\t\t<li class=\"popup-list__headline popup-list__headline-career\">\n\t\t\t\t\t\t\t\t<span class=\"popup-point popup-point--career headline\">Praca<\/span>\n\t\t\t\t\t\t\t<\/li>\n\t\t\t\t\t\t\t\t\t\t\t\t\t\t\t\t\t\t\t\t\t\t\t\t<li class=\"popup-list__item popup-list__item-career\">\n\t\t\t\t\t\t\t\t<span class=\"popup-point popup-point--career timespan\">od 2023 r.<\/span>\n\t\t\t\t\t\t\t\t<span class=\"popup-point popup-point--career point\">SHA Scheffler Helbich Architekten GmbH<\/span>\n\t\t\t\t\t\t\t<\/li>\n\t\t\t\t\t\t\t\t\t\t\t\t\t\t\t\t\t\t\t\t\t\t\t\t<li class=\"popup-list__item popup-list__item-career\">\n\t\t\t\t\t\t\t\t<span class=\"popup-point popup-point--career timespan\">2023<\/span>\n\t\t\t\t\t\t\t\t<span class=\"popup-point popup-point--career point\">P+ Architects, Dortmund<\/span>\n\t\t\t\t\t\t\t<\/li>\n\t\t\t\t\t\t\t\t\t\t\t\t\t\t\t\t\t\t\t\t\t\t\t\t<li class=\"popup-list__item popup-list__item-career\">\n\t\t\t\t\t\t\t\t<span class=\"popup-point popup-point--career timespan\">2017 - 2022<\/span>\n\t\t\t\t\t\t\t\t<span class=\"popup-point popup-point--career point\">Engelhardt Architects, Dortmund<\/span>\n\t\t\t\t\t\t\t<\/li>\n\t\t\t\t\t\t\t\t\t\t\t\t\t\t\t\t\t\t\t\t\t\t\t\t<li class=\"popup-list__headline popup-list__headline-career\">\n\t\t\t\t\t\t\t\t<span class=\"popup-point popup-point--career headline\">Studia i szkolenia<\/span>\n\t\t\t\t\t\t\t<\/li>\n\t\t\t\t\t\t\t\t\t\t\t\t\t\t\t\t\t\t\t\t\t\t\t\t<li class=\"popup-list__item popup-list__item-career\">\n\t\t\t\t\t\t\t\t<span class=\"popup-point popup-point--career timespan\">2011 - 2016<\/span>\n\t\t\t\t\t\t\t\t<span class=\"popup-point popup-point--career point\">Licencjat z architektury, Uniwersytet Nauk Stosowanych w Bochum<\/span>\n\t\t\t\t\t\t\t<\/li>\n\t\t\t\t\t\t\t\t\t\t\t\t\t\t\t\t\t\t<\/ul>\n\t\t<\/div>\n\t\t\t<\/div>\n<\/div>\n\n\t\t\t\t\t\t\t\n\t\t\t\t\t\t\t\t\t\t\t\t\t\t\n\t\t\t\t\t\t\t\t\t\t\t\t\t<div class=\"flex_column av_one_third bg-alternate teamgrid-column first column-top-margin\">\n\t\t\t\t\t\t\t\t<article id=\"\" class=\"card-entry person-entry   text-align-left     has-button \">\n\t<div class=\"card-entry__inner\">\n\t\t\n\t<div class=\"card-entry__media media-type-\">\n\t\t<div class=\"card-entry__media-inner\">\n\t\t\t\t\t\t\t<div class=\"card-entry__action\">\n\t<div class=\"card-entry__action-inner\">\n\t\t<div class=\"card-entry__button-wrap avia-button-wrap avia-button-right theme-fill\">\n\t\t\t\t\t\t\t<a class=\"card-entry__button avia-button avia-button color-ci-black hover-yellow avia-size-small popup-toggle avia-position-right no-scroll\" href=\"#team-popup-37166\">\n\t\t\t\t\t<span class=\"button-icon\"><i class=\"icon-arrow_next\"><\/i><\/span><span class=\"button-text\">Prosz\u0119 dowiedzie\u0107 si\u0119 wi\u0119cej<\/span>\n\t\t\t\t<\/a>\n\t\t\t\t\t<\/div>\n\t<\/div>\n<\/div>\n\t\t\t\t\t\t\t\t\t\t\t\t\t\t\t<img decoding=\"async\" src=\"https:\/\/sha-luzern.ch\/wp-content\/uploads\/706x313-Team-Mogga-706x313.jpg\" \/>\n\t\t\t\t\t\t\t\t\t<\/div>\n\t<\/div>\n\n\t<div class=\"card_entry__content-wrap\">\n\t\t\t\t\t<div class=\"card-entry__heading\">\n\t<div class=\"card-entry__heading-inner\">\n\n\n\t\t\t\n\t\t\t\t\t\t\t<span class=\"card-entry__subheadline card-entry__title person-job \">\n\t\t\t\t\tArchitekt, magister in\u017cynier\n\t\t\t\t<\/span>\n\t\t\t\n\t\t\t\n\t\t\t\t\t\t\t<h3 class=\"card-entry__headline person-name \">\n\t\t\t\t\t<span class=\"name-first\">Michael <\/span><span class=\"name-last\">Mogga<\/span>\n\t\t\t\t<\/h3>\n\t\t\t\n\t\t\t\t\t\t\t<span class=\"card-entry__subheadline person-job \">\n\t\t\t\t\tArchitekt projektu\n\t\t\t\t<\/span>\n\t\t\t\n\t\t\n\t<\/div>\n<\/div>\n\t\t\t\t\t\t\t\t<div class=\"card-entry__content content-type-default\">\n\t\t<div class=\"card-entry__content-inner\">\n\t\t\t<p class=\"card-entry__contents\">\n\t\t\t\t\t\t\t\t\t\t\t\t\t\t\t\t\t\t\t\t\t\t<span class=\"content-phone\"><span class=\"contact-pre\">T<\/span> <a href=\"tel:+4923144202014\">+49 (231) 44 20 20 14<\/a><\/span>\n\t\t\t\t\t\t\t\t\t\t\t\t\t\t\t\t\t\t\t\t\t\t\t\t<span class=\"content-mail\"><br\/><span class=\"contact-pre\">E<\/span>  <a href=\"javascript:secureDecryptAndNavigate('jUfwtOVBXhpRUe5hb9sw9lEclMIuhWYsvz\/mjnCTo+IAxd30OiUy+VVHqJymhy2BcJp2AA1dJwgSzf6ssUgV+lFcZvpN', '7fb6b0a631c756e2798c0419dd401ac6392a180022e45865affe1bd81a905598')\">m.mogga@sha.de<\/a><\/span>\n\t\t\t\t\t\t\t\t\t\t\t\t\t\t\t\t\t\t<\/p>\n\t\t<\/div>\n\t<\/div>\n\t\t\t<\/div>\n\n\t<\/div>\n<\/article>\n\t\t\t\t\t\t\t<\/div>\n\t\t\t\t\t\t\t<div id=\"team-popup-37166\" class=\"popup person-popup  person-popup-small popup-wrap bg-alternate fullwidth p-default mfp-hide\">\n\t<div class=\"popup-column popup-column-person card-entry person-entry bg-main flex_column  av_one_half first\">\n\t\t<article id=\"\" class=\"   text-align-     \">\n\t<div class=\"card-entry__inner\">\n\t\t\n\t<div class=\"card-entry__media media-type-\">\n\t\t<div class=\"card-entry__media-inner\">\n\t\t\t\t\t\t\t<img decoding=\"async\" src=\"https:\/\/sha-luzern.ch\/wp-content\/uploads\/706x313-Team-Mogga-706x313.jpg\" \/>\n\t\t\t\t\t<\/div>\n\t<\/div>\n\n\t<div class=\"card_entry__content-wrap\">\n\t\t\t\t\t<div class=\"card-entry__heading\">\n\t<div class=\"card-entry__heading-inner\">\n\n\n\t\t\t\n\t\t\t\t\t\t\t<span class=\"card-entry__subheadline card-entry__title person-job \">\n\t\t\t\t\tArchitekt, magister in\u017cynier\n\t\t\t\t<\/span>\n\t\t\t\n\t\t\t\n\t\t\t\t\t\t\t<h3 class=\"card-entry__headline person-name \">\n\t\t\t\t\t<span class=\"name-first\">Michael <\/span><span class=\"name-last\">Mogga<\/span>\n\t\t\t\t<\/h3>\n\t\t\t\n\t\t\t\t\t\t\t<span class=\"card-entry__subheadline person-job \">\n\t\t\t\t\tArchitekt projektu\n\t\t\t\t<\/span>\n\t\t\t\n\t\t\n\t<\/div>\n<\/div>\n\t\t\n\n\t\t\t\t\t<div class=\"card-entry__content content-type-default\">\n\t\t\t\t<div class=\"card-entry__content-inner\">\n\t\t\t\t\t<h3 class=\"popup-headline\">Koncentracja na SHA<\/h3>\n\t\t\t\t\t<p class=\"card-entry__contents desc\">\n\t\t\t\t\t\tMichael Mogga pracuje w SHA od 2014 roku.\nSpecjalizuje si\u0119 w planowaniu wdro\u017ce\u0144.\nOstatnio by\u0142 odpowiedzialny za projekt budownictwa mieszkaniowego w Ottobrunn oraz budow\u0119 magazynu centrum logistycznego w Kassel.\nW biurze dba o to, aby wszyscy byli zawsze na bie\u017c\u0105co z programem ArchiCAD.     \n\t\t\t\t\t<\/p>\n\t\t\t\t<\/div>\n\t\t\t<\/div>\n\t\t\n\t<\/div>\n\n\t<\/div>\n<\/article>\n\t<\/div>\n\n\t<div class=\"popup-columns-wrap flex_column  av_one_half\">\n\t\t<div class=\"popup-column popup-column-career flex_column  av_one_full first bg-alternate\">\n\t\t\t<h2 class=\"popup-headline\">Kariera<\/h2>\n\t\t\t<ul class=\"popup-list popup-list-career\">\n\t\t\t\t\t\t\t\t\t\t\t\t\t\t\t\t\t\t\t\t\t\t<li class=\"popup-list__headline popup-list__headline-career\">\n\t\t\t\t\t\t\t\t<span class=\"popup-point popup-point--career headline\">Praca<\/span>\n\t\t\t\t\t\t\t<\/li>\n\t\t\t\t\t\t\t\t\t\t\t\t\t\t\t\t\t\t\t\t\t\t\t\t<li class=\"popup-list__item popup-list__item-career\">\n\t\t\t\t\t\t\t\t<span class=\"popup-point popup-point--career timespan\">od 2014 r.<\/span>\n\t\t\t\t\t\t\t\t<span class=\"popup-point popup-point--career point\">SHA Scheffler Helbich Architekten GmbH<\/span>\n\t\t\t\t\t\t\t<\/li>\n\t\t\t\t\t\t\t\t\t\t\t\t\t\t\t\t\t\t\t\t\t\t\t\t<li class=\"popup-list__item popup-list__item-career\">\n\t\t\t\t\t\t\t\t<span class=\"popup-point popup-point--career timespan\">2012 - 2014<\/span>\n\t\t\t\t\t\t\t\t<span class=\"popup-point popup-point--career point\">Gerber Architects<\/span>\n\t\t\t\t\t\t\t<\/li>\n\t\t\t\t\t\t\t\t\t\t\t\t\t\t\t\t\t\t\t\t\t\t\t\t<li class=\"popup-list__headline popup-list__headline-career\">\n\t\t\t\t\t\t\t\t<span class=\"popup-point popup-point--career headline\">Studia i szkolenia<\/span>\n\t\t\t\t\t\t\t<\/li>\n\t\t\t\t\t\t\t\t\t\t\t\t\t\t\t\t\t\t\t\t\t\t\t\t<li class=\"popup-list__item popup-list__item-career\">\n\t\t\t\t\t\t\t\t<span class=\"popup-point popup-point--career timespan\">2014<\/span>\n\t\t\t\t\t\t\t\t<span class=\"popup-point popup-point--career point\">Praca magisterska<\/span>\n\t\t\t\t\t\t\t<\/li>\n\t\t\t\t\t\t\t\t\t\t\t\t\t\t\t\t\t\t\t\t\t\t\t\t<li class=\"popup-list__item popup-list__item-career\">\n\t\t\t\t\t\t\t\t<span class=\"popup-point popup-point--career timespan\">2012 - 2014<\/span>\n\t\t\t\t\t\t\t\t<span class=\"popup-point popup-point--career point\">Studia magisterskie na Uniwersytecie Nauk Stosowanych w Bochum, rozw\u00f3j projekt\u00f3w<\/span>\n\t\t\t\t\t\t\t<\/li>\n\t\t\t\t\t\t\t\t\t\t\t\t\t\t\t\t\t\t\t\t\t\t\t\t<li class=\"popup-list__item popup-list__item-career\">\n\t\t\t\t\t\t\t\t<span class=\"popup-point popup-point--career timespan\">2012<\/span>\n\t\t\t\t\t\t\t\t<span class=\"popup-point popup-point--career point\">Praca licencjacka<\/span>\n\t\t\t\t\t\t\t<\/li>\n\t\t\t\t\t\t\t\t\t\t\t\t\t\t\t\t\t\t\t\t\t\t\t\t<li class=\"popup-list__item popup-list__item-career\">\n\t\t\t\t\t\t\t\t<span class=\"popup-point popup-point--career timespan\">2006 - 2012<\/span>\n\t\t\t\t\t\t\t\t<span class=\"popup-point popup-point--career point\">Studia licencjackie na Uniwersytecie w Siegen, Architektura<\/span>\n\t\t\t\t\t\t\t<\/li>\n\t\t\t\t\t\t\t\t\t\t\t\t\t\t\t\t\t\t\t\t\t\t\t\t<li class=\"popup-list__item popup-list__item-career\">\n\t\t\t\t\t\t\t\t<span class=\"popup-point popup-point--career timespan\">2002 <\/span>\n\t\t\t\t\t\t\t\t<span class=\"popup-point popup-point--career point\">Szkolenie jako asystent projektanta, specjalizuj\u0105cy si\u0119 w grafice, Iserlohn<\/span>\n\t\t\t\t\t\t\t<\/li>\n\t\t\t\t\t\t\t\t\t\t\t\t\t\t\t\t\t\t<\/ul>\n\t\t<\/div>\n\t\t\t<\/div>\n<\/div>\n\n\t\t\t\t\t\t\t\n\t\t\t\t\t\t\t\t\t\t\t\t\t\t\n\t\t\t\t\t\t\t\t\t\t\t\t\t<div class=\"flex_column av_one_third bg-alternate teamgrid-column  column-top-margin\">\n\t\t\t\t\t\t\t\t<article id=\"\" class=\"card-entry person-entry   text-align-left     has-button \">\n\t<div class=\"card-entry__inner\">\n\t\t\n\t<div class=\"card-entry__media media-type-\">\n\t\t<div class=\"card-entry__media-inner\">\n\t\t\t\t\t\t\t<div class=\"card-entry__action\">\n\t<div class=\"card-entry__action-inner\">\n\t\t<div class=\"card-entry__button-wrap avia-button-wrap avia-button-right theme-fill\">\n\t\t\t\t\t\t\t<a class=\"card-entry__button avia-button avia-button color-ci-black hover-yellow avia-size-small popup-toggle avia-position-right no-scroll\" href=\"#team-popup-37150\">\n\t\t\t\t\t<span class=\"button-icon\"><i class=\"icon-arrow_next\"><\/i><\/span><span class=\"button-text\">Prosz\u0119 dowiedzie\u0107 si\u0119 wi\u0119cej<\/span>\n\t\t\t\t<\/a>\n\t\t\t\t\t<\/div>\n\t<\/div>\n<\/div>\n\t\t\t\t\t\t\t\t\t\t\t\t\t\t\t<img decoding=\"async\" src=\"https:\/\/sha-luzern.ch\/wp-content\/uploads\/706x313-Team-Reimer-706x313.jpg\" \/>\n\t\t\t\t\t\t\t\t\t<\/div>\n\t<\/div>\n\n\t<div class=\"card_entry__content-wrap\">\n\t\t\t\t\t<div class=\"card-entry__heading\">\n\t<div class=\"card-entry__heading-inner\">\n\n\n\t\t\t\n\t\t\t\t\t\t\t<span class=\"card-entry__subheadline card-entry__title person-job \">\n\t\t\t\t\tArchitekt, licencjat\n\t\t\t\t<\/span>\n\t\t\t\n\t\t\t\n\t\t\t\t\t\t\t<h3 class=\"card-entry__headline person-name \">\n\t\t\t\t\t<span class=\"name-first\">Peter <\/span><span class=\"name-last\">Reimer<\/span>\n\t\t\t\t<\/h3>\n\t\t\t\n\t\t\t\t\t\t\t<span class=\"card-entry__subheadline person-job \">\n\t\t\t\t\tPlanowanie\n\t\t\t\t<\/span>\n\t\t\t\n\t\t\n\t<\/div>\n<\/div>\n\t\t\t\t\t\t\t\t<div class=\"card-entry__content content-type-default\">\n\t\t<div class=\"card-entry__content-inner\">\n\t\t\t<p class=\"card-entry__contents\">\n\t\t\t\t\t\t\t\t\t\t\t\t\t\t\t\t\t\t\t\t\t\t<span class=\"content-phone\"><span class=\"contact-pre\">T<\/span> <a href=\"tel:+4923144202038\">+49 (231) 44 20 20 38<\/a><\/span>\n\t\t\t\t\t\t\t\t\t\t\t\t\t\t\t\t\t\t\t\t\t\t\t\t<span class=\"content-mail\"><br\/><span class=\"contact-pre\">E<\/span>  <a href=\"javascript:secureDecryptAndNavigate('ecCzYAUDdVLwoPuK7EHtNskya8fGc+WrEYrJxMKzR4yF0qMQ+wrhZX7hHHpwMoSpvpBPCH+Rw829Wn0jwxSsuTXecHdz7g==', '7fb6b0a631c756e2798c0419dd401ac6392a180022e45865affe1bd81a905598')\">p.reimer@sha.de<\/a><\/span>\n\t\t\t\t\t\t\t\t\t\t\t\t\t\t\t\t\t\t<\/p>\n\t\t<\/div>\n\t<\/div>\n\t\t\t<\/div>\n\n\t<\/div>\n<\/article>\n\t\t\t\t\t\t\t<\/div>\n\t\t\t\t\t\t\t<div id=\"team-popup-37150\" class=\"popup person-popup  person-popup-small popup-wrap bg-alternate fullwidth p-default mfp-hide\">\n\t<div class=\"popup-column popup-column-person card-entry person-entry bg-main flex_column  av_one_half first\">\n\t\t<article id=\"\" class=\"   text-align-     \">\n\t<div class=\"card-entry__inner\">\n\t\t\n\t<div class=\"card-entry__media media-type-\">\n\t\t<div class=\"card-entry__media-inner\">\n\t\t\t\t\t\t\t<img decoding=\"async\" src=\"https:\/\/sha-luzern.ch\/wp-content\/uploads\/706x313-Team-Reimer-706x313.jpg\" \/>\n\t\t\t\t\t<\/div>\n\t<\/div>\n\n\t<div class=\"card_entry__content-wrap\">\n\t\t\t\t\t<div class=\"card-entry__heading\">\n\t<div class=\"card-entry__heading-inner\">\n\n\n\t\t\t\n\t\t\t\t\t\t\t<span class=\"card-entry__subheadline card-entry__title person-job \">\n\t\t\t\t\tArchitekt, licencjat\n\t\t\t\t<\/span>\n\t\t\t\n\t\t\t\n\t\t\t\t\t\t\t<h3 class=\"card-entry__headline person-name \">\n\t\t\t\t\t<span class=\"name-first\">Peter <\/span><span class=\"name-last\">Reimer<\/span>\n\t\t\t\t<\/h3>\n\t\t\t\n\t\t\t\t\t\t\t<span class=\"card-entry__subheadline person-job \">\n\t\t\t\t\tPlanowanie\n\t\t\t\t<\/span>\n\t\t\t\n\t\t\n\t<\/div>\n<\/div>\n\t\t\n\n\t\t\t\t\t<div class=\"card-entry__content content-type-default\">\n\t\t\t\t<div class=\"card-entry__content-inner\">\n\t\t\t\t\t<h3 class=\"popup-headline\">Koncentracja na SHA<\/h3>\n\t\t\t\t\t<p class=\"card-entry__contents desc\">\n\t\t\t\t\t\tPeter Reimer jest cz\u0119\u015bci\u0105 zespo\u0142u SHA od 2018 roku.\nPocz\u0105tkowo do\u0142\u0105czy\u0142 do nas na semestr praktyczny, a nast\u0119pnie wspiera\u0142 nas jako pracuj\u0105cy student.\nPo uko\u0144czeniu studi\u00f3w rozpocz\u0105\u0142 prac\u0119 w zespole planowania.\nJest przede wszystkim odpowiedzialny za plany projektowe i wykonawcze.   \n\t\t\t\t\t<\/p>\n\t\t\t\t<\/div>\n\t\t\t<\/div>\n\t\t\n\t<\/div>\n\n\t<\/div>\n<\/article>\n\t<\/div>\n\n\t<div class=\"popup-columns-wrap flex_column  av_one_half\">\n\t\t<div class=\"popup-column popup-column-career flex_column  av_one_full first bg-alternate\">\n\t\t\t<h2 class=\"popup-headline\">Kariera<\/h2>\n\t\t\t<ul class=\"popup-list popup-list-career\">\n\t\t\t\t\t\t\t\t\t\t\t\t\t\t\t\t\t\t\t\t\t\t<li class=\"popup-list__headline popup-list__headline-career\">\n\t\t\t\t\t\t\t\t<span class=\"popup-point popup-point--career headline\">Praca<\/span>\n\t\t\t\t\t\t\t<\/li>\n\t\t\t\t\t\t\t\t\t\t\t\t\t\t\t\t\t\t\t\t\t\t\t\t<li class=\"popup-list__item popup-list__item-career\">\n\t\t\t\t\t\t\t\t<span class=\"popup-point popup-point--career timespan\">od 2018 r.  <\/span>\n\t\t\t\t\t\t\t\t<span class=\"popup-point popup-point--career point\">SHA Scheffler Helbich Architekten GmbH<\/span>\n\t\t\t\t\t\t\t<\/li>\n\t\t\t\t\t\t\t\t\t\t\t\t\t\t\t\t\t\t\t\t\t\t\t\t<li class=\"popup-list__headline popup-list__headline-career\">\n\t\t\t\t\t\t\t\t<span class=\"popup-point popup-point--career headline\">Studia i szkolenia<\/span>\n\t\t\t\t\t\t\t<\/li>\n\t\t\t\t\t\t\t\t\t\t\t\t\t\t\t\t\t\t\t\t\t\t\t\t<li class=\"popup-list__item popup-list__item-career\">\n\t\t\t\t\t\t\t\t<span class=\"popup-point popup-point--career timespan\">2016 - 2021<\/span>\n\t\t\t\t\t\t\t\t<span class=\"popup-point popup-point--career point\">Studium architektury, FH Dortmund  <\/span>\n\t\t\t\t\t\t\t<\/li>\n\t\t\t\t\t\t\t\t\t\t\t\t\t\t\t\t\t\t\t\t\t\t\t\t<li class=\"popup-list__item popup-list__item-career\">\n\t\t\t\t\t\t\t\t<span class=\"popup-point popup-point--career timespan\">2013 - 2016<\/span>\n\t\t\t\t\t\t\t\t<span class=\"popup-point popup-point--career point\">Sta\u017c jako kre\u015blarz, Hallenbau Timmermann GmbH, Kamen<\/span>\n\t\t\t\t\t\t\t<\/li>\n\t\t\t\t\t\t\t\t\t\t\t\t\t\t\t\t\t\t<\/ul>\n\t\t<\/div>\n\t\t\t<\/div>\n<\/div>\n\n\t\t\t\t\t\t\t\n\t\t\t\t\t\t\t\t\t\t\t\t\t\t\n\t\t\t\t\t\t\t\t\t\t\t\t\t<div class=\"flex_column av_one_third bg-alternate teamgrid-column  column-top-margin\">\n\t\t\t\t\t\t\t\t<article id=\"\" class=\"card-entry person-entry   text-align-left     has-button \">\n\t<div class=\"card-entry__inner\">\n\t\t\n\t<div class=\"card-entry__media media-type-\">\n\t\t<div class=\"card-entry__media-inner\">\n\t\t\t\t\t\t\t<div class=\"card-entry__action\">\n\t<div class=\"card-entry__action-inner\">\n\t\t<div class=\"card-entry__button-wrap avia-button-wrap avia-button-right theme-fill\">\n\t\t\t\t\t\t\t<a class=\"card-entry__button avia-button avia-button color-ci-black hover-yellow avia-size-small popup-toggle avia-position-right no-scroll\" href=\"#team-popup-37299\">\n\t\t\t\t\t<span class=\"button-icon\"><i class=\"icon-arrow_next\"><\/i><\/span><span class=\"button-text\">Prosz\u0119 dowiedzie\u0107 si\u0119 wi\u0119cej<\/span>\n\t\t\t\t<\/a>\n\t\t\t\t\t<\/div>\n\t<\/div>\n<\/div>\n\t\t\t\t\t\t\t\t\t\t\t\t\t\t\t<img decoding=\"async\" src=\"https:\/\/sha-luzern.ch\/wp-content\/uploads\/706x313-Team-Schlegel-706x313.jpg\" \/>\n\t\t\t\t\t\t\t\t\t<\/div>\n\t<\/div>\n\n\t<div class=\"card_entry__content-wrap\">\n\t\t\t\t\t<div class=\"card-entry__heading\">\n\t<div class=\"card-entry__heading-inner\">\n\n\n\t\t\t\n\t\t\t\t\t\t\t<span class=\"card-entry__subheadline card-entry__title person-job \">\n\t\t\t\t\tDipl.-Ing. Architekt\n\t\t\t\t<\/span>\n\t\t\t\n\t\t\t\n\t\t\t\t\t\t\t<h3 class=\"card-entry__headline person-name \">\n\t\t\t\t\t<span class=\"name-first\">Marcel <\/span><span class=\"name-last\">Schlegel<\/span>\n\t\t\t\t<\/h3>\n\t\t\t\n\t\t\t\t\t\t\t<span class=\"card-entry__subheadline person-job \">\n\t\t\t\t\tArchitekt projektu\n\t\t\t\t<\/span>\n\t\t\t\n\t\t\n\t<\/div>\n<\/div>\n\t\t\t\t\t\t\t\t<div class=\"card-entry__content content-type-default\">\n\t\t<div class=\"card-entry__content-inner\">\n\t\t\t<p class=\"card-entry__contents\">\n\t\t\t\t\t\t\t\t\t\t\t\t\t\t\t\t\t\t\t\t\t\t<span class=\"content-phone\"><span class=\"contact-pre\">T<\/span> <a href=\"tel:+4923144202027\">+49 (231) 44 20 20 27<\/a><\/span>\n\t\t\t\t\t\t\t\t\t\t\t\t\t\t\t\t\t\t\t\t\t\t\t\t<span class=\"content-mail\"><br\/><span class=\"contact-pre\">E<\/span>  <a href=\"javascript:secureDecryptAndNavigate('g0sWWLu\/VyGIq3WX1l4CsnZaoEiYE0BIXm6ZYQuOc8nOH57dV+ZwnttGsgBmUvUZYe7HbMpbQs6pQPTHtShPNsV24K0xyBlq', '7fb6b0a631c756e2798c0419dd401ac6392a180022e45865affe1bd81a905598')\">m.schlegel@sha.de<\/a><\/span>\n\t\t\t\t\t\t\t\t\t\t\t\t\t\t\t\t\t\t<\/p>\n\t\t<\/div>\n\t<\/div>\n\t\t\t<\/div>\n\n\t<\/div>\n<\/article>\n\t\t\t\t\t\t\t<\/div>\n\t\t\t\t\t\t\t<div id=\"team-popup-37299\" class=\"popup person-popup  person-popup-small popup-wrap bg-alternate fullwidth p-default mfp-hide\">\n\t<div class=\"popup-column popup-column-person card-entry person-entry bg-main flex_column  av_one_half first\">\n\t\t<article id=\"\" class=\"   text-align-     \">\n\t<div class=\"card-entry__inner\">\n\t\t\n\t<div class=\"card-entry__media media-type-\">\n\t\t<div class=\"card-entry__media-inner\">\n\t\t\t\t\t\t\t<img decoding=\"async\" src=\"https:\/\/sha-luzern.ch\/wp-content\/uploads\/706x313-Team-Schlegel-706x313.jpg\" \/>\n\t\t\t\t\t<\/div>\n\t<\/div>\n\n\t<div class=\"card_entry__content-wrap\">\n\t\t\t\t\t<div class=\"card-entry__heading\">\n\t<div class=\"card-entry__heading-inner\">\n\n\n\t\t\t\n\t\t\t\t\t\t\t<span class=\"card-entry__subheadline card-entry__title person-job \">\n\t\t\t\t\tDipl.-Ing. Architekt\n\t\t\t\t<\/span>\n\t\t\t\n\t\t\t\n\t\t\t\t\t\t\t<h3 class=\"card-entry__headline person-name \">\n\t\t\t\t\t<span class=\"name-first\">Marcel <\/span><span class=\"name-last\">Schlegel<\/span>\n\t\t\t\t<\/h3>\n\t\t\t\n\t\t\t\t\t\t\t<span class=\"card-entry__subheadline person-job \">\n\t\t\t\t\tArchitekt projektu\n\t\t\t\t<\/span>\n\t\t\t\n\t\t\n\t<\/div>\n<\/div>\n\t\t\n\n\t\t\t\t\t<div class=\"card-entry__content content-type-default\">\n\t\t\t\t<div class=\"card-entry__content-inner\">\n\t\t\t\t\t<h3 class=\"popup-headline\">Koncentracja na SHA<\/h3>\n\t\t\t\t\t<p class=\"card-entry__contents desc\">\n\t\t\t\t\t\tMarcel Schlegel jest uznanym ekspertem w dziedzinie budowy obiekt\u00f3w sportowych oraz du\u017cych centr\u00f3w treningowych, kt\u00f3re zrealizowa\u0142a SHA. Pracuje dla naszego biura ju\u017c od czas\u00f3w studi\u00f3w. \n\t\t\t\t\t<\/p>\n\t\t\t\t<\/div>\n\t\t\t<\/div>\n\t\t\n\t<\/div>\n\n\t<\/div>\n<\/article>\n\t<\/div>\n\n\t<div class=\"popup-columns-wrap flex_column  av_one_half\">\n\t\t<div class=\"popup-column popup-column-career flex_column  av_one_full first bg-alternate\">\n\t\t\t<h2 class=\"popup-headline\">Kariera<\/h2>\n\t\t\t<ul class=\"popup-list popup-list-career\">\n\t\t\t\t\t\t\t\t\t\t\t\t\t\t\t\t\t\t\t\t\t\t<li class=\"popup-list__headline popup-list__headline-career\">\n\t\t\t\t\t\t\t\t<span class=\"popup-point popup-point--career headline\">Praca<\/span>\n\t\t\t\t\t\t\t<\/li>\n\t\t\t\t\t\t\t\t\t\t\t\t\t\t\t\t\t\t\t\t\t\t\t\t<li class=\"popup-list__item popup-list__item-career\">\n\t\t\t\t\t\t\t\t<span class=\"popup-point popup-point--career timespan\">od 2012 r.<\/span>\n\t\t\t\t\t\t\t\t<span class=\"popup-point popup-point--career point\">SHA Scheffler Helbich Architekten GmbH<\/span>\n\t\t\t\t\t\t\t<\/li>\n\t\t\t\t\t\t\t\t\t\t\t\t\t\t\t\t\t\t\t\t\t\t\t\t<li class=\"popup-list__item popup-list__item-career\">\n\t\t\t\t\t\t\t\t<span class=\"popup-point popup-point--career timespan\">2010 - 2012<\/span>\n\t\t\t\t\t\t\t\t<span class=\"popup-point popup-point--career point\">wsp\u00f3\u0142praca studencka w biurze SHA Scheffler Helbich Architekten GmbH<\/span>\n\t\t\t\t\t\t\t<\/li>\n\t\t\t\t\t\t\t\t\t\t\t\t\t\t\t\t\t\t\t\t\t\t\t\t<li class=\"popup-list__item popup-list__item-career\">\n\t\t\t\t\t\t\t\t<span class=\"popup-point popup-point--career timespan\">2008 - 2010<\/span>\n\t\t\t\t\t\t\t\t<span class=\"popup-point popup-point--career point\">Asystent studenta w biurze Kussel and Schlegel, Dortmund<\/span>\n\t\t\t\t\t\t\t<\/li>\n\t\t\t\t\t\t\t\t\t\t\t\t\t\t\t\t\t\t\t\t\t\t\t\t<li class=\"popup-list__headline popup-list__headline-career\">\n\t\t\t\t\t\t\t\t<span class=\"popup-point popup-point--career headline\">Studia i szkolenia<\/span>\n\t\t\t\t\t\t\t<\/li>\n\t\t\t\t\t\t\t\t\t\t\t\t\t\t\t\t\t\t\t\t\t\t\t\t<li class=\"popup-list__item popup-list__item-career\">\n\t\t\t\t\t\t\t\t<span class=\"popup-point popup-point--career timespan\">2006 - 2012<\/span>\n\t\t\t\t\t\t\t\t<span class=\"popup-point popup-point--career point\">Studiowa\u0142 architektur\u0119 na Uniwersytecie Nauk Stosowanych i Sztuki w Dortmundzie.<\/span>\n\t\t\t\t\t\t\t<\/li>\n\t\t\t\t\t\t\t\t\t\t\t\t\t\t\t\t\t\t\t\t\t\t\t\t<li class=\"popup-list__item popup-list__item-career\">\n\t\t\t\t\t\t\t\t<span class=\"popup-point popup-point--career timespan\">2002 - 2005<\/span>\n\t\t\t\t\t\t\t\t<span class=\"popup-point popup-point--career point\">Szkolenie na kre\u015blarza<\/span>\n\t\t\t\t\t\t\t<\/li>\n\t\t\t\t\t\t\t\t\t\t\t\t\t\t\t\t\t\t<\/ul>\n\t\t<\/div>\n\t\t\t<\/div>\n<\/div>\n\n\t\t\t\t\t\t\t\n\t\t\t\t\t\t\t\t\t\t\t\t\t\t\n\t\t\t\t\t\t\t\t\t\t\t\t\t<div class=\"flex_column av_one_third bg-alternate teamgrid-column first column-top-margin\">\n\t\t\t\t\t\t\t\t<article id=\"\" class=\"card-entry person-entry   text-align-left     has-button \">\n\t<div class=\"card-entry__inner\">\n\t\t\n\t<div class=\"card-entry__media media-type-\">\n\t\t<div class=\"card-entry__media-inner\">\n\t\t\t\t\t\t\t<div class=\"card-entry__action\">\n\t<div class=\"card-entry__action-inner\">\n\t\t<div class=\"card-entry__button-wrap avia-button-wrap avia-button-right theme-fill\">\n\t\t\t\t\t\t\t<a class=\"card-entry__button avia-button avia-button color-ci-black hover-yellow avia-size-small popup-toggle avia-position-right no-scroll\" href=\"#team-popup-37196\">\n\t\t\t\t\t<span class=\"button-icon\"><i class=\"icon-arrow_next\"><\/i><\/span><span class=\"button-text\">Prosz\u0119 dowiedzie\u0107 si\u0119 wi\u0119cej<\/span>\n\t\t\t\t<\/a>\n\t\t\t\t\t<\/div>\n\t<\/div>\n<\/div>\n\t\t\t\t\t\t\t\t\t\t\t\t\t\t\t<img decoding=\"async\" src=\"https:\/\/sha-luzern.ch\/wp-content\/uploads\/Janthivanont1-706x313-1-706x313.jpg\" \/>\n\t\t\t\t\t\t\t\t\t<\/div>\n\t<\/div>\n\n\t<div class=\"card_entry__content-wrap\">\n\t\t\t\t\t<div class=\"card-entry__heading\">\n\t<div class=\"card-entry__heading-inner\">\n\n\n\t\t\t\n\t\t\t\t\t\t\t<span class=\"card-entry__subheadline card-entry__title person-job \">\n\t\t\t\t\tMaster of Science\n\t\t\t\t<\/span>\n\t\t\t\n\t\t\t\n\t\t\t\t\t\t\t<h3 class=\"card-entry__headline person-name \">\n\t\t\t\t\t<span class=\"name-first\">Chanadda <\/span><span class=\"name-last\">Janthivanont <\/span>\n\t\t\t\t<\/h3>\n\t\t\t\n\t\t\t\t\t\t\t<span class=\"card-entry__subheadline person-job \">\n\t\t\t\t\tPlanowanie\n\t\t\t\t<\/span>\n\t\t\t\n\t\t\n\t<\/div>\n<\/div>\n\t\t\t\t\t\t\t\t<div class=\"card-entry__content content-type-default\">\n\t\t<div class=\"card-entry__content-inner\">\n\t\t\t<p class=\"card-entry__contents\">\n\t\t\t\t\t\t\t\t\t\t\t\t\t\t\t\t\t\t\t\t\t\t<span class=\"content-phone\"><span class=\"contact-pre\">T<\/span> <a href=\"tel:+4930233275754\">+49 (30) 23 32 757 54<\/a><\/span>\n\t\t\t\t\t\t\t\t\t\t\t\t\t\t\t\t\t\t\t\t\t\t\t\t<span class=\"content-mail\"><br\/><span class=\"contact-pre\">E<\/span>  <a href=\"javascript:secureDecryptAndNavigate('Fb48TbcxAV579WBQfElbQPH\/dZ\/eIBth5HW9YvSiGx0ujtSwBw0EMVZ6zFxQF6Dt31h8cDRUjv+gefbTZrg29oCKVfVbKvXET88ygA==', '7fb6b0a631c756e2798c0419dd401ac6392a180022e45865affe1bd81a905598')\">c.janthivanont@sha.de<\/a><\/span>\n\t\t\t\t\t\t\t\t\t\t\t\t\t\t\t\t\t\t<\/p>\n\t\t<\/div>\n\t<\/div>\n\t\t\t<\/div>\n\n\t<\/div>\n<\/article>\n\t\t\t\t\t\t\t<\/div>\n\t\t\t\t\t\t\t<div id=\"team-popup-37196\" class=\"popup person-popup  person-popup-small popup-wrap bg-alternate fullwidth p-default mfp-hide\">\n\t<div class=\"popup-column popup-column-person card-entry person-entry bg-main flex_column  av_one_half first\">\n\t\t<article id=\"\" class=\"   text-align-     \">\n\t<div class=\"card-entry__inner\">\n\t\t\n\t<div class=\"card-entry__media media-type-\">\n\t\t<div class=\"card-entry__media-inner\">\n\t\t\t\t\t\t\t<img decoding=\"async\" src=\"https:\/\/sha-luzern.ch\/wp-content\/uploads\/Janthivanont1-706x313-1-706x313.jpg\" \/>\n\t\t\t\t\t<\/div>\n\t<\/div>\n\n\t<div class=\"card_entry__content-wrap\">\n\t\t\t\t\t<div class=\"card-entry__heading\">\n\t<div class=\"card-entry__heading-inner\">\n\n\n\t\t\t\n\t\t\t\t\t\t\t<span class=\"card-entry__subheadline card-entry__title person-job \">\n\t\t\t\t\tMaster of Science\n\t\t\t\t<\/span>\n\t\t\t\n\t\t\t\n\t\t\t\t\t\t\t<h3 class=\"card-entry__headline person-name \">\n\t\t\t\t\t<span class=\"name-first\">Chanadda <\/span><span class=\"name-last\">Janthivanont <\/span>\n\t\t\t\t<\/h3>\n\t\t\t\n\t\t\t\t\t\t\t<span class=\"card-entry__subheadline person-job \">\n\t\t\t\t\tPlanowanie\n\t\t\t\t<\/span>\n\t\t\t\n\t\t\n\t<\/div>\n<\/div>\n\t\t\n\n\t\t\t\t\t<div class=\"card-entry__content content-type-default\">\n\t\t\t\t<div class=\"card-entry__content-inner\">\n\t\t\t\t\t<h3 class=\"popup-headline\">Koncentracja na SHA<\/h3>\n\t\t\t\t\t<p class=\"card-entry__contents desc\">\n\t\t\t\t\t\tChanadda Janthivanont wspiera nasz zesp\u00f3\u0142 SHA w Berlinie od 2022 roku.\nObecnie pracuje w zespole nad szczeg\u00f3\u0142owym i wykonawczym planowaniem budynku administracyjnego.\nJej mocne strony obejmuj\u0105 r\u00f3wnie\u017c opracowywanie koncepcji i studi\u00f3w wykonalno\u015bci.    \n\t\t\t\t\t<\/p>\n\t\t\t\t<\/div>\n\t\t\t<\/div>\n\t\t\n\t<\/div>\n\n\t<\/div>\n<\/article>\n\t<\/div>\n\n\t<div class=\"popup-columns-wrap flex_column  av_one_half\">\n\t\t<div class=\"popup-column popup-column-career flex_column  av_one_full first bg-alternate\">\n\t\t\t<h2 class=\"popup-headline\">Kariera<\/h2>\n\t\t\t<ul class=\"popup-list popup-list-career\">\n\t\t\t\t\t\t\t\t\t\t\t\t\t\t\t\t\t\t\t\t\t\t<li class=\"popup-list__headline popup-list__headline-career\">\n\t\t\t\t\t\t\t\t<span class=\"popup-point popup-point--career headline\">Praca<\/span>\n\t\t\t\t\t\t\t<\/li>\n\t\t\t\t\t\t\t\t\t\t\t\t\t\t\t\t\t\t\t\t\t\t\t\t<li class=\"popup-list__item popup-list__item-career\">\n\t\t\t\t\t\t\t\t<span class=\"popup-point popup-point--career timespan\">od 2022 r.<\/span>\n\t\t\t\t\t\t\t\t<span class=\"popup-point popup-point--career point\">SHA Scheffler Helbich Architekten GmbH, Berlin<\/span>\n\t\t\t\t\t\t\t<\/li>\n\t\t\t\t\t\t\t\t\t\t\t\t\t\t\t\t\t\t\t\t\t\t\t\t<li class=\"popup-list__item popup-list__item-career\">\n\t\t\t\t\t\t\t\t<span class=\"popup-point popup-point--career timespan\">2021-2022<\/span>\n\t\t\t\t\t\t\t\t<span class=\"popup-point popup-point--career point\">Nauerschnig Architects, Berlin<\/span>\n\t\t\t\t\t\t\t<\/li>\n\t\t\t\t\t\t\t\t\t\t\t\t\t\t\t\t\t\t\t\t\t\t\t\t<li class=\"popup-list__item popup-list__item-career\">\n\t\t\t\t\t\t\t\t<span class=\"popup-point popup-point--career timespan\">2017-2018<\/span>\n\t\t\t\t\t\t\t\t<span class=\"popup-point popup-point--career point\">Niezale\u017cny architekt, Bangkok<\/span>\n\t\t\t\t\t\t\t<\/li>\n\t\t\t\t\t\t\t\t\t\t\t\t\t\t\t\t\t\t\t\t\t\t\t\t<li class=\"popup-list__item popup-list__item-career\">\n\t\t\t\t\t\t\t\t<span class=\"popup-point popup-point--career timespan\">2014-2017<\/span>\n\t\t\t\t\t\t\t\t<span class=\"popup-point popup-point--career point\">Create Great Design Company Ltd, Bangkok<\/span>\n\t\t\t\t\t\t\t<\/li>\n\t\t\t\t\t\t\t\t\t\t\t\t\t\t\t\t\t\t\t\t\t\t\t\t<li class=\"popup-list__headline popup-list__headline-career\">\n\t\t\t\t\t\t\t\t<span class=\"popup-point popup-point--career headline\">Studia i szkolenia<\/span>\n\t\t\t\t\t\t\t<\/li>\n\t\t\t\t\t\t\t\t\t\t\t\t\t\t\t\t\t\t\t\t\t\t\t\t<li class=\"popup-list__item popup-list__item-career\">\n\t\t\t\t\t\t\t\t<span class=\"popup-point popup-point--career timespan\">2018-2021<\/span>\n\t\t\t\t\t\t\t\t<span class=\"popup-point popup-point--career point\">Program studi\u00f3w magisterskich Architektura Medi\u00f3w, Uniwersytet Bauhaus, Weimar  <\/span>\n\t\t\t\t\t\t\t<\/li>\n\t\t\t\t\t\t\t\t\t\t\t\t\t\t\t\t\t\t\t\t\t\t\t\t<li class=\"popup-list__item popup-list__item-career\">\n\t\t\t\t\t\t\t\t<span class=\"popup-point popup-point--career timespan\">2010-2014<\/span>\n\t\t\t\t\t\t\t\t<span class=\"popup-point popup-point--career point\">Licencjat z architektury, Uniwersytet Thammasat, kampus Rangsit, Tajlandia<\/span>\n\t\t\t\t\t\t\t<\/li>\n\t\t\t\t\t\t\t\t\t\t\t\t\t\t\t\t\t\t<\/ul>\n\t\t<\/div>\n\t\t\t<\/div>\n<\/div>\n\n\t\t\t\t\t\t\t\n\t\t\t\t\t\t\t\t\t\t\t\t\t\t\n\t\t\t\t\t\t\t\t\t\t\t\t\t<div class=\"flex_column av_one_third bg-alternate teamgrid-column  column-top-margin\">\n\t\t\t\t\t\t\t\t<article id=\"\" class=\"card-entry person-entry   text-align-left     has-button \">\n\t<div class=\"card-entry__inner\">\n\t\t\n\t<div class=\"card-entry__media media-type-\">\n\t\t<div class=\"card-entry__media-inner\">\n\t\t\t\t\t\t\t<div class=\"card-entry__action\">\n\t<div class=\"card-entry__action-inner\">\n\t\t<div class=\"card-entry__button-wrap avia-button-wrap avia-button-right theme-fill\">\n\t\t\t\t\t\t\t<a class=\"card-entry__button avia-button avia-button color-ci-black hover-yellow avia-size-small popup-toggle avia-position-right no-scroll\" href=\"#team-popup-37180\">\n\t\t\t\t\t<span class=\"button-icon\"><i class=\"icon-arrow_next\"><\/i><\/span><span class=\"button-text\">Prosz\u0119 dowiedzie\u0107 si\u0119 wi\u0119cej<\/span>\n\t\t\t\t<\/a>\n\t\t\t\t\t<\/div>\n\t<\/div>\n<\/div>\n\t\t\t\t\t\t\t\t\t\t\t\t\t\t\t<img decoding=\"async\" src=\"https:\/\/sha-luzern.ch\/wp-content\/uploads\/706x313-Team-Lauersdorf-706x313.jpg\" \/>\n\t\t\t\t\t\t\t\t\t<\/div>\n\t<\/div>\n\n\t<div class=\"card_entry__content-wrap\">\n\t\t\t\t\t<div class=\"card-entry__heading\">\n\t<div class=\"card-entry__heading-inner\">\n\n\n\t\t\t\n\t\t\t\t\t\t\t<span class=\"card-entry__subheadline card-entry__title person-job \">\n\t\t\t\t\tMaster of Science\n\t\t\t\t<\/span>\n\t\t\t\n\t\t\t\n\t\t\t\t\t\t\t<h3 class=\"card-entry__headline person-name \">\n\t\t\t\t\t<span class=\"name-first\">Madlen <\/span><span class=\"name-last\">Lauersdorf<\/span>\n\t\t\t\t<\/h3>\n\t\t\t\n\t\t\t\t\t\t\t<span class=\"card-entry__subheadline person-job \">\n\t\t\t\t\tPlanowanie  \n\t\t\t\t<\/span>\n\t\t\t\n\t\t\n\t<\/div>\n<\/div>\n\t\t\t\t\t\t\t\t<div class=\"card-entry__content content-type-default\">\n\t\t<div class=\"card-entry__content-inner\">\n\t\t\t<p class=\"card-entry__contents\">\n\t\t\t\t\t\t\t\t\t\t\t\t\t\t\t\t\t\t\t\t\t\t<span class=\"content-phone\"><span class=\"contact-pre\">T<\/span> <a href=\"tel:+4923144202051\">+49 (231) 44 20 20 51<\/a><\/span>\n\t\t\t\t\t\t\t\t\t\t\t\t\t\t\t\t\t\t\t\t\t\t\t\t<span class=\"content-mail\"><br\/><span class=\"contact-pre\">E<\/span>  <a href=\"javascript:secureDecryptAndNavigate('LqDwrpzMWm5KsuEL7sKzhbqV93cbbNIRMb6v7Oyiff2Wsi2tXRIn7ebrk7Y1vq2JKOMBb\/Gri8TMB6bFqvK0lyaa7gi8TjqfOM8=', '7fb6b0a631c756e2798c0419dd401ac6392a180022e45865affe1bd81a905598')\">m.lauersdorf@sha.de<\/a><\/span>\n\t\t\t\t\t\t\t\t\t\t\t\t\t\t\t\t\t\t<\/p>\n\t\t<\/div>\n\t<\/div>\n\t\t\t<\/div>\n\n\t<\/div>\n<\/article>\n\t\t\t\t\t\t\t<\/div>\n\t\t\t\t\t\t\t<div id=\"team-popup-37180\" class=\"popup person-popup  person-popup-small popup-wrap bg-alternate fullwidth p-default mfp-hide\">\n\t<div class=\"popup-column popup-column-person card-entry person-entry bg-main flex_column  av_one_half first\">\n\t\t<article id=\"\" class=\"   text-align-     \">\n\t<div class=\"card-entry__inner\">\n\t\t\n\t<div class=\"card-entry__media media-type-\">\n\t\t<div class=\"card-entry__media-inner\">\n\t\t\t\t\t\t\t<img decoding=\"async\" src=\"https:\/\/sha-luzern.ch\/wp-content\/uploads\/706x313-Team-Lauersdorf-706x313.jpg\" \/>\n\t\t\t\t\t<\/div>\n\t<\/div>\n\n\t<div class=\"card_entry__content-wrap\">\n\t\t\t\t\t<div class=\"card-entry__heading\">\n\t<div class=\"card-entry__heading-inner\">\n\n\n\t\t\t\n\t\t\t\t\t\t\t<span class=\"card-entry__subheadline card-entry__title person-job \">\n\t\t\t\t\tMaster of Science\n\t\t\t\t<\/span>\n\t\t\t\n\t\t\t\n\t\t\t\t\t\t\t<h3 class=\"card-entry__headline person-name \">\n\t\t\t\t\t<span class=\"name-first\">Madlen <\/span><span class=\"name-last\">Lauersdorf<\/span>\n\t\t\t\t<\/h3>\n\t\t\t\n\t\t\t\t\t\t\t<span class=\"card-entry__subheadline person-job \">\n\t\t\t\t\tPlanowanie  \n\t\t\t\t<\/span>\n\t\t\t\n\t\t\n\t<\/div>\n<\/div>\n\t\t\n\n\t\t\t\t\t<div class=\"card-entry__content content-type-default\">\n\t\t\t\t<div class=\"card-entry__content-inner\">\n\t\t\t\t\t<h3 class=\"popup-headline\">Koncentracja na SHA<\/h3>\n\t\t\t\t\t<p class=\"card-entry__contents desc\">\n\t\t\t\t\t\tOd uko\u0144czenia studi\u00f3w magisterskich w 2022 r. Madlen Lauersdorf wspiera planowanie w fazie projektowania i realizacji jako sta\u0142y pracownik.\n\t\t\t\t\t<\/p>\n\t\t\t\t<\/div>\n\t\t\t<\/div>\n\t\t\n\t<\/div>\n\n\t<\/div>\n<\/article>\n\t<\/div>\n\n\t<div class=\"popup-columns-wrap flex_column  av_one_half\">\n\t\t<div class=\"popup-column popup-column-career flex_column  av_one_full first bg-alternate\">\n\t\t\t<h2 class=\"popup-headline\">Kariera<\/h2>\n\t\t\t<ul class=\"popup-list popup-list-career\">\n\t\t\t\t\t\t\t\t\t\t\t\t\t\t\t\t\t\t\t\t\t\t<li class=\"popup-list__headline popup-list__headline-career\">\n\t\t\t\t\t\t\t\t<span class=\"popup-point popup-point--career headline\">Praca<\/span>\n\t\t\t\t\t\t\t<\/li>\n\t\t\t\t\t\t\t\t\t\t\t\t\t\t\t\t\t\t\t\t\t\t\t\t<li class=\"popup-list__item popup-list__item-career\">\n\t\t\t\t\t\t\t\t<span class=\"popup-point popup-point--career timespan\">od 2022 r.<\/span>\n\t\t\t\t\t\t\t\t<span class=\"popup-point popup-point--career point\">SHA Scheffler Helbich Architekci, Planowanie<\/span>\n\t\t\t\t\t\t\t<\/li>\n\t\t\t\t\t\t\t\t\t\t\t\t\t\t\t\t\t\t\t\t\t\t\t\t<li class=\"popup-list__item popup-list__item-career\">\n\t\t\t\t\t\t\t\t<span class=\"popup-point popup-point--career timespan\">2018 - 2022<\/span>\n\t\t\t\t\t\t\t\t<span class=\"popup-point popup-point--career point\">SHA Scheffler Helbich Architects, pracuj\u0105cy student  <\/span>\n\t\t\t\t\t\t\t<\/li>\n\t\t\t\t\t\t\t\t\t\t\t\t\t\t\t\t\t\t\t\t\t\t\t\t<li class=\"popup-list__item popup-list__item-career\">\n\t\t\t\t\t\t\t\t<span class=\"popup-point popup-point--career timespan\">2015<\/span>\n\t\t\t\t\t\t\t\t<span class=\"popup-point popup-point--career point\">Sta\u017c w Gerhard Mohr W\u00e4rmeschutz GmbH, Bochum<\/span>\n\t\t\t\t\t\t\t<\/li>\n\t\t\t\t\t\t\t\t\t\t\t\t\t\t\t\t\t\t\t\t\t\t\t\t<li class=\"popup-list__item popup-list__item-career\">\n\t\t\t\t\t\t\t\t<span class=\"popup-point popup-point--career timespan\">2014<\/span>\n\t\t\t\t\t\t\t\t<span class=\"popup-point popup-point--career point\">Sta\u017c u mistrza stolarskiego Andreasa Schnella, Wetter<\/span>\n\t\t\t\t\t\t\t<\/li>\n\t\t\t\t\t\t\t\t\t\t\t\t\t\t\t\t\t\t\t\t\t\t\t\t<li class=\"popup-list__item popup-list__item-career\">\n\t\t\t\t\t\t\t\t<span class=\"popup-point popup-point--career timespan\">2011<\/span>\n\t\t\t\t\t\t\t\t<span class=\"popup-point popup-point--career point\">Sta\u017c w Architekten BDA, RDS Partner, Wetter<\/span>\n\t\t\t\t\t\t\t<\/li>\n\t\t\t\t\t\t\t\t\t\t\t\t\t\t\t\t\t\t\t\t\t\t\t\t<li class=\"popup-list__headline popup-list__headline-career\">\n\t\t\t\t\t\t\t\t<span class=\"popup-point popup-point--career headline\">Studia i szkolenia<\/span>\n\t\t\t\t\t\t\t<\/li>\n\t\t\t\t\t\t\t\t\t\t\t\t\t\t\t\t\t\t\t\t\t\t\t\t<li class=\"popup-list__item popup-list__item-career\">\n\t\t\t\t\t\t\t\t<span class=\"popup-point popup-point--career timespan\">2020 - 2022<\/span>\n\t\t\t\t\t\t\t\t<span class=\"popup-point popup-point--career point\">Studiowa\u0142 na Uniwersytecie Nauk Stosowanych w Bochum, specjalizuj\u0105c si\u0119 w rozwoju projekt\u00f3w, Master of Science<\/span>\n\t\t\t\t\t\t\t<\/li>\n\t\t\t\t\t\t\t\t\t\t\t\t\t\t\t\t\t\t\t\t\t\t\t\t<li class=\"popup-list__item popup-list__item-career\">\n\t\t\t\t\t\t\t\t<span class=\"popup-point popup-point--career timespan\">2014 - 2020<\/span>\n\t\t\t\t\t\t\t\t<span class=\"popup-point popup-point--career point\">Studiowa\u0142 na Wydziale Architektury Uniwersytetu Nauk Stosowanych i Sztuki w Dortmundzie,\nLicencjat<\/span>\n\t\t\t\t\t\t\t<\/li>\n\t\t\t\t\t\t\t\t\t\t\t\t\t\t\t\t\t\t\t\t\t\t\t\t<li class=\"popup-list__item popup-list__item-career\">\n\t\t\t\t\t\t\t\t<span class=\"popup-point popup-point--career timespan\">2016<\/span>\n\t\t\t\t\t\t\t\t<span class=\"popup-point popup-point--career point\">Semestr za granic\u0105 na Uniwersytecie w Newcastle, Australia<\/span>\n\t\t\t\t\t\t\t<\/li>\n\t\t\t\t\t\t\t\t\t\t\t\t\t\t\t\t\t\t<\/ul>\n\t\t<\/div>\n\t\t\t<\/div>\n<\/div>\n\n\t\t\t\t\t\t\t\n\t\t\t\t\t\t\t\t\t\t\t\t\t\t\n\t\t\t\t\t\t\t\t\t\t\t\t\t<div class=\"flex_column av_one_third bg-alternate teamgrid-column  column-top-margin\">\n\t\t\t\t\t\t\t\t<article id=\"\" class=\"card-entry person-entry   text-align-left     has-button \">\n\t<div class=\"card-entry__inner\">\n\t\t\n\t<div class=\"card-entry__media media-type-\">\n\t\t<div class=\"card-entry__media-inner\">\n\t\t\t\t\t\t\t<div class=\"card-entry__action\">\n\t<div class=\"card-entry__action-inner\">\n\t\t<div class=\"card-entry__button-wrap avia-button-wrap avia-button-right theme-fill\">\n\t\t\t\t\t\t\t<a class=\"card-entry__button avia-button avia-button color-ci-black hover-yellow avia-size-small popup-toggle avia-position-right no-scroll\" href=\"#team-popup-55342\">\n\t\t\t\t\t<span class=\"button-icon\"><i class=\"icon-arrow_next\"><\/i><\/span><span class=\"button-text\">Prosz\u0119 dowiedzie\u0107 si\u0119 wi\u0119cej<\/span>\n\t\t\t\t<\/a>\n\t\t\t\t\t<\/div>\n\t<\/div>\n<\/div>\n\t\t\t\t\t\t\t\t\t\t\t\t\t\t\t<img decoding=\"async\" src=\"https:\/\/sha-luzern.ch\/wp-content\/uploads\/web-005-\u00a9gescheschmidt-sha-4.11.25-julius-mueller-e1762338909979-706x313.jpg\" \/>\n\t\t\t\t\t\t\t\t\t<\/div>\n\t<\/div>\n\n\t<div class=\"card_entry__content-wrap\">\n\t\t\t\t\t<div class=\"card-entry__heading\">\n\t<div class=\"card-entry__heading-inner\">\n\n\n\t\t\t\n\t\t\t\n\t\t\t\n\t\t\t\t\t\t\t<h3 class=\"card-entry__headline person-name \">\n\t\t\t\t\t<span class=\"name-first\">Julius <\/span><span class=\"name-last\">M\u00fcller<\/span>\n\t\t\t\t<\/h3>\n\t\t\t\n\t\t\t\t\t\t\t<span class=\"card-entry__subheadline person-job \">\n\t\t\t\t\tPlanowanie\n\t\t\t\t<\/span>\n\t\t\t\n\t\t\n\t<\/div>\n<\/div>\n\t\t\t\t\t\t\t\t<div class=\"card-entry__content content-type-default\">\n\t\t<div class=\"card-entry__content-inner\">\n\t\t\t<p class=\"card-entry__contents\">\n\t\t\t\t\t\t\t\t\t\t\t\t\t\t\t\t\t\t\t\t\t\t<span class=\"content-phone\"><span class=\"contact-pre\">T<\/span> <a href=\"tel:+4923144202053\">+49 (231) 44 20 20 53<\/a><\/span>\n\t\t\t\t\t\t\t\t\t\t\t\t\t\t\t\t\t\t\t\t\t\t\t\t<span class=\"content-mail\"><br\/><span class=\"contact-pre\">E<\/span>  <a href=\"javascript:secureDecryptAndNavigate('OrjyRxr2utKlYM4rPwUbQ6rHsQfMId5v+tiUnyfSFw3S7p2ZEr2fMeoIHqxKo06jFsx9b70b5QMGjEf5p4tocOaD\/brt438=', '7fb6b0a631c756e2798c0419dd401ac6392a180022e45865affe1bd81a905598')\">j.mueller@sha.de<\/a><\/span>\n\t\t\t\t\t\t\t\t\t\t\t\t\t\t\t\t\t\t<\/p>\n\t\t<\/div>\n\t<\/div>\n\t\t\t<\/div>\n\n\t<\/div>\n<\/article>\n\t\t\t\t\t\t\t<\/div>\n\t\t\t\t\t\t\t<div id=\"team-popup-55342\" class=\"popup person-popup  person-popup-small popup-wrap bg-alternate fullwidth p-default mfp-hide\">\n\t<div class=\"popup-column popup-column-person card-entry person-entry bg-main flex_column  av_one_half first\">\n\t\t<article id=\"\" class=\"   text-align-     \">\n\t<div class=\"card-entry__inner\">\n\t\t\n\t<div class=\"card-entry__media media-type-\">\n\t\t<div class=\"card-entry__media-inner\">\n\t\t\t\t\t\t\t<img decoding=\"async\" src=\"https:\/\/sha-luzern.ch\/wp-content\/uploads\/web-005-\u00a9gescheschmidt-sha-4.11.25-julius-mueller-e1762338909979-706x313.jpg\" \/>\n\t\t\t\t\t<\/div>\n\t<\/div>\n\n\t<div class=\"card_entry__content-wrap\">\n\t\t\t\t\t<div class=\"card-entry__heading\">\n\t<div class=\"card-entry__heading-inner\">\n\n\n\t\t\t\n\t\t\t\n\t\t\t\n\t\t\t\t\t\t\t<h3 class=\"card-entry__headline person-name \">\n\t\t\t\t\t<span class=\"name-first\">Julius <\/span><span class=\"name-last\">M\u00fcller<\/span>\n\t\t\t\t<\/h3>\n\t\t\t\n\t\t\t\t\t\t\t<span class=\"card-entry__subheadline person-job \">\n\t\t\t\t\tPlanowanie\n\t\t\t\t<\/span>\n\t\t\t\n\t\t\n\t<\/div>\n<\/div>\n\t\t\n\n\t\t\n\t<\/div>\n\n\t<\/div>\n<\/article>\n\t<\/div>\n\n\t<div class=\"popup-columns-wrap flex_column  av_one_half\">\n\t\t<div class=\"popup-column popup-column-career flex_column  av_one_full first bg-alternate\">\n\t\t\t<h2 class=\"popup-headline\">Kariera<\/h2>\n\t\t\t<ul class=\"popup-list popup-list-career\">\n\t\t\t\t\t\t\t\t\t\t\t\t\t\t\t\t\t\t\t\t\t\t<li class=\"popup-list__headline popup-list__headline-career\">\n\t\t\t\t\t\t\t\t<span class=\"popup-point popup-point--career headline\">Praca<\/span>\n\t\t\t\t\t\t\t<\/li>\n\t\t\t\t\t\t\t\t\t\t\t\t\t\t\t\t\t\t\t\t\t\t\t\t<li class=\"popup-list__item popup-list__item-career\">\n\t\t\t\t\t\t\t\t<span class=\"popup-point popup-point--career timespan\">od 2025 r.<\/span>\n\t\t\t\t\t\t\t\t<span class=\"popup-point popup-point--career point\">SHA Scheffler Helbich Architekten GmbH<\/span>\n\t\t\t\t\t\t\t<\/li>\n\t\t\t\t\t\t\t\t\t\t\t\t\t\t\t\t\t\t\t\t\t\t\t\t<li class=\"popup-list__item popup-list__item-career\">\n\t\t\t\t\t\t\t\t<span class=\"popup-point popup-point--career timespan\">2024 - 2025<\/span>\n\t\t\t\t\t\t\t\t<span class=\"popup-point popup-point--career point\">Daiwa House Modular Europe GmbH, Bochum<\/span>\n\t\t\t\t\t\t\t<\/li>\n\t\t\t\t\t\t\t\t\t\t\t\t\t\t\t\t\t\t\t\t\t\t\t\t<li class=\"popup-list__item popup-list__item-career\">\n\t\t\t\t\t\t\t\t<span class=\"popup-point popup-point--career timespan\">2016 - 2023<\/span>\n\t\t\t\t\t\t\t\t<span class=\"popup-point popup-point--career point\">beta Eigenheim, Bergkamen<\/span>\n\t\t\t\t\t\t\t<\/li>\n\t\t\t\t\t\t\t\t\t\t\t\t\t\t\t\t\t\t\t\t\t\t\t\t<li class=\"popup-list__headline popup-list__headline-career\">\n\t\t\t\t\t\t\t\t<span class=\"popup-point popup-point--career headline\">Studia i szkolenia<\/span>\n\t\t\t\t\t\t\t<\/li>\n\t\t\t\t\t\t\t\t\t\t\t\t\t\t\t\t\t\t\t\t\t\t\t\t<li class=\"popup-list__item popup-list__item-career\">\n\t\t\t\t\t\t\t\t<span class=\"popup-point popup-point--career timespan\">2016 - 2019<\/span>\n\t\t\t\t\t\t\t\t<span class=\"popup-point popup-point--career point\">Szkolenie na kre\u015blarza<\/span>\n\t\t\t\t\t\t\t<\/li>\n\t\t\t\t\t\t\t\t\t\t\t\t\t\t\t\t\t\t<\/ul>\n\t\t<\/div>\n\t\t\t<\/div>\n<\/div>\n\n\t\t\t\t\t\t\t\n\t\t\t\t\t\t\t\t\t\t\t\t\t\t\n\t\t\t\t\t\t\t\t\t\t\t\t\t<div class=\"flex_column av_one_third bg-alternate teamgrid-column first column-top-margin\">\n\t\t\t\t\t\t\t\t<article id=\"\" class=\"card-entry person-entry   text-align-left     has-button \">\n\t<div class=\"card-entry__inner\">\n\t\t\n\t<div class=\"card-entry__media media-type-\">\n\t\t<div class=\"card-entry__media-inner\">\n\t\t\t\t\t\t\t<div class=\"card-entry__action\">\n\t<div class=\"card-entry__action-inner\">\n\t\t<div class=\"card-entry__button-wrap avia-button-wrap avia-button-right theme-fill\">\n\t\t\t\t\t\t\t<a class=\"card-entry__button avia-button avia-button color-ci-black hover-yellow avia-size-small popup-toggle avia-position-right no-scroll\" href=\"#team-popup-37137\">\n\t\t\t\t\t<span class=\"button-icon\"><i class=\"icon-arrow_next\"><\/i><\/span><span class=\"button-text\">Prosz\u0119 dowiedzie\u0107 si\u0119 wi\u0119cej<\/span>\n\t\t\t\t<\/a>\n\t\t\t\t\t<\/div>\n\t<\/div>\n<\/div>\n\t\t\t\t\t\t\t\t\t\t\t\t\t\t\t<img decoding=\"async\" src=\"https:\/\/sha-luzern.ch\/wp-content\/uploads\/706x313-Team-Rohpeter-706x313.jpg\" \/>\n\t\t\t\t\t\t\t\t\t<\/div>\n\t<\/div>\n\n\t<div class=\"card_entry__content-wrap\">\n\t\t\t\t\t<div class=\"card-entry__heading\">\n\t<div class=\"card-entry__heading-inner\">\n\n\n\t\t\t\n\t\t\t\t\t\t\t<span class=\"card-entry__subheadline card-entry__title person-job \">\n\t\t\t\t\tBachelor of Arts\n\t\t\t\t<\/span>\n\t\t\t\n\t\t\t\n\t\t\t\t\t\t\t<h3 class=\"card-entry__headline person-name \">\n\t\t\t\t\t<span class=\"name-first\">Jasmin <\/span><span class=\"name-last\">Rohpeter<\/span>\n\t\t\t\t<\/h3>\n\t\t\t\n\t\t\t\t\t\t\t<span class=\"card-entry__subheadline person-job \">\n\t\t\t\t\tPlanowanie  \n\t\t\t\t<\/span>\n\t\t\t\n\t\t\n\t<\/div>\n<\/div>\n\t\t\t\t\t\t\t\t<div class=\"card-entry__content content-type-default\">\n\t\t<div class=\"card-entry__content-inner\">\n\t\t\t<p class=\"card-entry__contents\">\n\t\t\t\t\t\t\t\t\t\t\t\t\t\t\t\t\t\t\t\t\t\t<span class=\"content-phone\"><span class=\"contact-pre\">T<\/span> <a href=\"tel:+4923144202022\">+49 (231) 44 20 20 22<\/a><\/span>\n\t\t\t\t\t\t\t\t\t\t\t\t\t\t\t\t\t\t\t\t\t\t\t\t<span class=\"content-mail\"><br\/><span class=\"contact-pre\">E<\/span>  <a href=\"javascript:secureDecryptAndNavigate('8ILamghlXqZaOnNSt6720p+vQY083HNIEhR2ooiNyG6jN+kYiqlvkVZb1ztXVrmeZo2gEYUqZjS5DwyBDK\/40BawbbhffzP3', '7fb6b0a631c756e2798c0419dd401ac6392a180022e45865affe1bd81a905598')\">j.rohpeter@sha.de<\/a><\/span>\n\t\t\t\t\t\t\t\t\t\t\t\t\t\t\t\t\t\t<\/p>\n\t\t<\/div>\n\t<\/div>\n\t\t\t<\/div>\n\n\t<\/div>\n<\/article>\n\t\t\t\t\t\t\t<\/div>\n\t\t\t\t\t\t\t<div id=\"team-popup-37137\" class=\"popup person-popup  person-popup-small popup-wrap bg-alternate fullwidth p-default mfp-hide\">\n\t<div class=\"popup-column popup-column-person card-entry person-entry bg-main flex_column  av_one_half first\">\n\t\t<article id=\"\" class=\"   text-align-     \">\n\t<div class=\"card-entry__inner\">\n\t\t\n\t<div class=\"card-entry__media media-type-\">\n\t\t<div class=\"card-entry__media-inner\">\n\t\t\t\t\t\t\t<img decoding=\"async\" src=\"https:\/\/sha-luzern.ch\/wp-content\/uploads\/706x313-Team-Rohpeter-706x313.jpg\" \/>\n\t\t\t\t\t<\/div>\n\t<\/div>\n\n\t<div class=\"card_entry__content-wrap\">\n\t\t\t\t\t<div class=\"card-entry__heading\">\n\t<div class=\"card-entry__heading-inner\">\n\n\n\t\t\t\n\t\t\t\t\t\t\t<span class=\"card-entry__subheadline card-entry__title person-job \">\n\t\t\t\t\tBachelor of Arts\n\t\t\t\t<\/span>\n\t\t\t\n\t\t\t\n\t\t\t\t\t\t\t<h3 class=\"card-entry__headline person-name \">\n\t\t\t\t\t<span class=\"name-first\">Jasmin <\/span><span class=\"name-last\">Rohpeter<\/span>\n\t\t\t\t<\/h3>\n\t\t\t\n\t\t\t\t\t\t\t<span class=\"card-entry__subheadline person-job \">\n\t\t\t\t\tPlanowanie  \n\t\t\t\t<\/span>\n\t\t\t\n\t\t\n\t<\/div>\n<\/div>\n\t\t\n\n\t\t\t\t\t<div class=\"card-entry__content content-type-default\">\n\t\t\t\t<div class=\"card-entry__content-inner\">\n\t\t\t\t\t<h3 class=\"popup-headline\">Koncentracja na SHA<\/h3>\n\t\t\t\t\t<p class=\"card-entry__contents desc\">\n\t\t\t\t\t\tJasmin Rohpeter pracuje w SHA od 2017 roku.\nJako cz\u0142onek zespo\u0142u ds. planowania jest odpowiedzialna za projektowanie i planowanie realizacji, ostatnio za projekty zwi\u0105zane z BVB.   \n\t\t\t\t\t<\/p>\n\t\t\t\t<\/div>\n\t\t\t<\/div>\n\t\t\n\t<\/div>\n\n\t<\/div>\n<\/article>\n\t<\/div>\n\n\t<div class=\"popup-columns-wrap flex_column  av_one_half\">\n\t\t<div class=\"popup-column popup-column-career flex_column  av_one_full first bg-alternate\">\n\t\t\t<h2 class=\"popup-headline\">Kariera<\/h2>\n\t\t\t<ul class=\"popup-list popup-list-career\">\n\t\t\t\t\t\t\t\t\t\t\t\t\t\t\t\t\t\t\t\t\t\t<li class=\"popup-list__headline popup-list__headline-career\">\n\t\t\t\t\t\t\t\t<span class=\"popup-point popup-point--career headline\">Praca<\/span>\n\t\t\t\t\t\t\t<\/li>\n\t\t\t\t\t\t\t\t\t\t\t\t\t\t\t\t\t\t\t\t\t\t\t\t<li class=\"popup-list__item popup-list__item-career\">\n\t\t\t\t\t\t\t\t<span class=\"popup-point popup-point--career timespan\">od 2018 r.<\/span>\n\t\t\t\t\t\t\t\t<span class=\"popup-point popup-point--career point\">SHA Scheffler Helbich Architekten GmbH<\/span>\n\t\t\t\t\t\t\t<\/li>\n\t\t\t\t\t\t\t\t\t\t\t\t\t\t\t\t\t\t\t\t\t\t\t\t<li class=\"popup-list__item popup-list__item-career\">\n\t\t\t\t\t\t\t\t<span class=\"popup-point popup-point--career timespan\">2018<\/span>\n\t\t\t\t\t\t\t\t<span class=\"popup-point popup-point--career point\">K\u00f6hler Architects, Dortmund<\/span>\n\t\t\t\t\t\t\t<\/li>\n\t\t\t\t\t\t\t\t\t\t\t\t\t\t\t\t\t\t\t\t\t\t\t\t<li class=\"popup-list__item popup-list__item-career\">\n\t\t\t\t\t\t\t\t<span class=\"popup-point popup-point--career timespan\">2017-2018<\/span>\n\t\t\t\t\t\t\t\t<span class=\"popup-point popup-point--career point\">SHA Scheffler Helbich Architekten GmbH<\/span>\n\t\t\t\t\t\t\t<\/li>\n\t\t\t\t\t\t\t\t\t\t\t\t\t\t\t\t\t\t\t\t\t\t\t\t<li class=\"popup-list__item popup-list__item-career\">\n\t\t\t\t\t\t\t\t<span class=\"popup-point popup-point--career timespan\">2016<\/span>\n\t\t\t\t\t\t\t\t<span class=\"popup-point popup-point--career point\">Sta\u017c w Kirschnick Architektur bda, Dortmund<\/span>\n\t\t\t\t\t\t\t<\/li>\n\t\t\t\t\t\t\t\t\t\t\t\t\t\t\t\t\t\t\t\t\t\t\t\t<li class=\"popup-list__headline popup-list__headline-career\">\n\t\t\t\t\t\t\t\t<span class=\"popup-point popup-point--career headline\">Studia i szkolenia<\/span>\n\t\t\t\t\t\t\t<\/li>\n\t\t\t\t\t\t\t\t\t\t\t\t\t\t\t\t\t\t\t\t\t\t\t\t<li class=\"popup-list__item popup-list__item-career\">\n\t\t\t\t\t\t\t\t<span class=\"popup-point popup-point--career timespan\">2011 - 2017<\/span>\n\t\t\t\t\t\t\t\t<span class=\"popup-point popup-point--career point\">Studiowa\u0142 architektur\u0119 na Uniwersytecie Nauk Stosowanych i Sztuki w Dortmundzie.<\/span>\n\t\t\t\t\t\t\t<\/li>\n\t\t\t\t\t\t\t\t\t\t\t\t\t\t\t\t\t\t<\/ul>\n\t\t<\/div>\n\t\t\t<\/div>\n<\/div>\n\n\t\t\t\t\t\t\t\n\t\t\t\t\t\t\t\t\t\t\t\t\t\t\n\t\t\t\t\t\t\t\t\t\t\t\t\t<div class=\"flex_column av_one_third bg-alternate teamgrid-column  column-top-margin\">\n\t\t\t\t\t\t\t\t<article id=\"\" class=\"card-entry person-entry   text-align-left     has-button \">\n\t<div class=\"card-entry__inner\">\n\t\t\n\t<div class=\"card-entry__media media-type-\">\n\t\t<div class=\"card-entry__media-inner\">\n\t\t\t\t\t\t\t<div class=\"card-entry__action\">\n\t<div class=\"card-entry__action-inner\">\n\t\t<div class=\"card-entry__button-wrap avia-button-wrap avia-button-right theme-fill\">\n\t\t\t\t\t\t\t<a class=\"card-entry__button avia-button avia-button color-ci-black hover-yellow avia-size-small popup-toggle avia-position-right no-scroll\" href=\"#team-popup-55333\">\n\t\t\t\t\t<span class=\"button-icon\"><i class=\"icon-arrow_next\"><\/i><\/span><span class=\"button-text\">Prosz\u0119 dowiedzie\u0107 si\u0119 wi\u0119cej<\/span>\n\t\t\t\t<\/a>\n\t\t\t\t\t<\/div>\n\t<\/div>\n<\/div>\n\t\t\t\t\t\t\t\t\t\t\t\t\t\t\t<img decoding=\"async\" src=\"https:\/\/sha-luzern.ch\/wp-content\/uploads\/web-010-\u00a9gescheschmidt-sha-4.11.25-3-e1762434571689-706x313.jpg\" \/>\n\t\t\t\t\t\t\t\t\t<\/div>\n\t<\/div>\n\n\t<div class=\"card_entry__content-wrap\">\n\t\t\t\t\t<div class=\"card-entry__heading\">\n\t<div class=\"card-entry__heading-inner\">\n\n\n\t\t\t\n\t\t\t\t\t\t\t<span class=\"card-entry__subheadline card-entry__title person-job \">\n\t\t\t\t\tMaster of Science\n\t\t\t\t<\/span>\n\t\t\t\n\t\t\t\n\t\t\t\t\t\t\t<h3 class=\"card-entry__headline person-name \">\n\t\t\t\t\t<span class=\"name-first\">Carmen <\/span><span class=\"name-last\">Stork<\/span>\n\t\t\t\t<\/h3>\n\t\t\t\n\t\t\t\t\t\t\t<span class=\"card-entry__subheadline person-job \">\n\t\t\t\t\tPlanowanie  \n\t\t\t\t<\/span>\n\t\t\t\n\t\t\n\t<\/div>\n<\/div>\n\t\t\t\t\t\t\t\t<div class=\"card-entry__content content-type-default\">\n\t\t<div class=\"card-entry__content-inner\">\n\t\t\t<p class=\"card-entry__contents\">\n\t\t\t\t\t\t\t\t\t\t\t\t\t\t\t\t\t\t\t\t\t\t<span class=\"content-phone\"><span class=\"contact-pre\">T<\/span> <a href=\"tel:+4923144202061\">+49 (231) 44 20 20 61<\/a><\/span>\n\t\t\t\t\t\t\t\t\t\t\t\t\t\t\t\t\t\t\t\t\t\t\t\t<span class=\"content-mail\"><br\/><span class=\"contact-pre\">E<\/span>  <a href=\"javascript:secureDecryptAndNavigate('2X1oUW6hTzo4O3jQZTprFT5dMgx7ByOEXtEBEmVjoQUfilpbECmMJGCAp3VCRLoHIH4hkuIJIm8LP054EDKqWk+1Wone', '7fb6b0a631c756e2798c0419dd401ac6392a180022e45865affe1bd81a905598')\">c.stork@sha.de<\/a><\/span>\n\t\t\t\t\t\t\t\t\t\t\t\t\t\t\t\t\t\t<\/p>\n\t\t<\/div>\n\t<\/div>\n\t\t\t<\/div>\n\n\t<\/div>\n<\/article>\n\t\t\t\t\t\t\t<\/div>\n\t\t\t\t\t\t\t<div id=\"team-popup-55333\" class=\"popup person-popup  person-popup-small popup-wrap bg-alternate fullwidth p-default mfp-hide\">\n\t<div class=\"popup-column popup-column-person card-entry person-entry bg-main flex_column  av_one_half first\">\n\t\t<article id=\"\" class=\"   text-align-     \">\n\t<div class=\"card-entry__inner\">\n\t\t\n\t<div class=\"card-entry__media media-type-\">\n\t\t<div class=\"card-entry__media-inner\">\n\t\t\t\t\t\t\t<img decoding=\"async\" src=\"https:\/\/sha-luzern.ch\/wp-content\/uploads\/web-010-\u00a9gescheschmidt-sha-4.11.25-3-e1762434571689-706x313.jpg\" \/>\n\t\t\t\t\t<\/div>\n\t<\/div>\n\n\t<div class=\"card_entry__content-wrap\">\n\t\t\t\t\t<div class=\"card-entry__heading\">\n\t<div class=\"card-entry__heading-inner\">\n\n\n\t\t\t\n\t\t\t\t\t\t\t<span class=\"card-entry__subheadline card-entry__title person-job \">\n\t\t\t\t\tMaster of Science\n\t\t\t\t<\/span>\n\t\t\t\n\t\t\t\n\t\t\t\t\t\t\t<h3 class=\"card-entry__headline person-name \">\n\t\t\t\t\t<span class=\"name-first\">Carmen <\/span><span class=\"name-last\">Stork<\/span>\n\t\t\t\t<\/h3>\n\t\t\t\n\t\t\t\t\t\t\t<span class=\"card-entry__subheadline person-job \">\n\t\t\t\t\tPlanowanie  \n\t\t\t\t<\/span>\n\t\t\t\n\t\t\n\t<\/div>\n<\/div>\n\t\t\n\n\t\t\n\t<\/div>\n\n\t<\/div>\n<\/article>\n\t<\/div>\n\n\t<div class=\"popup-columns-wrap flex_column  av_one_half\">\n\t\t<div class=\"popup-column popup-column-career flex_column  av_one_full first bg-alternate\">\n\t\t\t<h2 class=\"popup-headline\">Kariera<\/h2>\n\t\t\t<ul class=\"popup-list popup-list-career\">\n\t\t\t\t\t\t\t\t\t\t\t\t\t\t\t\t\t\t\t\t\t\t<li class=\"popup-list__headline popup-list__headline-career\">\n\t\t\t\t\t\t\t\t<span class=\"popup-point popup-point--career headline\">Praca<\/span>\n\t\t\t\t\t\t\t<\/li>\n\t\t\t\t\t\t\t\t\t\t\t\t\t\t\t\t\t\t\t\t\t\t\t\t<li class=\"popup-list__item popup-list__item-career\">\n\t\t\t\t\t\t\t\t<span class=\"popup-point popup-point--career timespan\">od 2025 r.<\/span>\n\t\t\t\t\t\t\t\t<span class=\"popup-point popup-point--career point\">SHA Scheffler Helbich Architects<\/span>\n\t\t\t\t\t\t\t<\/li>\n\t\t\t\t\t\t\t\t\t\t\t\t\t\t\t\t\t\t\t\t\t\t\t\t<li class=\"popup-list__headline popup-list__headline-career\">\n\t\t\t\t\t\t\t\t<span class=\"popup-point popup-point--career headline\">Studia i szkolenia<\/span>\n\t\t\t\t\t\t\t<\/li>\n\t\t\t\t\t\t\t\t\t\t\t\t\t\t\t\t\t\t\t\t\t\t\t\t<li class=\"popup-list__item popup-list__item-career\">\n\t\t\t\t\t\t\t\t<span class=\"popup-point popup-point--career timespan\">2023 - 2025<\/span>\n\t\t\t\t\t\t\t\t<span class=\"popup-point popup-point--career point\">Tytu\u0142 magistra architektury, KTH Kr\u00f3lewski Instytut Technologiczny w Sztokholmie<\/span>\n\t\t\t\t\t\t\t<\/li>\n\t\t\t\t\t\t\t\t\t\t\t\t\t\t\t\t\t\t\t\t\t\t\t\t<li class=\"popup-list__item popup-list__item-career\">\n\t\t\t\t\t\t\t\t<span class=\"popup-point popup-point--career timespan\">2018 - 2022<\/span>\n\t\t\t\t\t\t\t\t<span class=\"popup-point popup-point--career point\"> Uniwersytet TU Dortmund, architektura i urbanistyka, licencjat<\/span>\n\t\t\t\t\t\t\t<\/li>\n\t\t\t\t\t\t\t\t\t\t\t\t\t\t\t\t\t\t<\/ul>\n\t\t<\/div>\n\t\t\t<\/div>\n<\/div>\n\n\t\t\t\t\t\t\t\n\t\t\t\t\t\t\t\t\t\t\t\t\t\t\n\t\t\t\t\t\t\t\t\t\t\t\t\t<div class=\"flex_column av_one_third bg-alternate teamgrid-column  column-top-margin\">\n\t\t\t\t\t\t\t\t<article id=\"\" class=\"card-entry person-entry   text-align-left     has-button \">\n\t<div class=\"card-entry__inner\">\n\t\t\n\t<div class=\"card-entry__media media-type-\">\n\t\t<div class=\"card-entry__media-inner\">\n\t\t\t\t\t\t\t<div class=\"card-entry__action\">\n\t<div class=\"card-entry__action-inner\">\n\t\t<div class=\"card-entry__button-wrap avia-button-wrap avia-button-right theme-fill\">\n\t\t\t\t\t\t\t<a class=\"card-entry__button avia-button avia-button color-ci-black hover-yellow avia-size-small popup-toggle avia-position-right no-scroll\" href=\"#team-popup-37136\">\n\t\t\t\t\t<span class=\"button-icon\"><i class=\"icon-arrow_next\"><\/i><\/span><span class=\"button-text\">Prosz\u0119 dowiedzie\u0107 si\u0119 wi\u0119cej<\/span>\n\t\t\t\t<\/a>\n\t\t\t\t\t<\/div>\n\t<\/div>\n<\/div>\n\t\t\t\t\t\t\t\t\t\t\t\t\t\t\t<img decoding=\"async\" src=\"https:\/\/sha-luzern.ch\/wp-content\/uploads\/706x313-Tenhumberg-Chiara-706x313.jpg\" \/>\n\t\t\t\t\t\t\t\t\t<\/div>\n\t<\/div>\n\n\t<div class=\"card_entry__content-wrap\">\n\t\t\t\t\t<div class=\"card-entry__heading\">\n\t<div class=\"card-entry__heading-inner\">\n\n\n\t\t\t\n\t\t\t\n\t\t\t\n\t\t\t\t\t\t\t<h3 class=\"card-entry__headline person-name \">\n\t\t\t\t\t<span class=\"name-first\">Chiara <\/span><span class=\"name-last\">Tenhumberg<\/span>\n\t\t\t\t<\/h3>\n\t\t\t\n\t\t\t\t\t\t\t<span class=\"card-entry__subheadline person-job \">\n\t\t\t\t\tPlanowanie\n\t\t\t\t<\/span>\n\t\t\t\n\t\t\n\t<\/div>\n<\/div>\n\t\t\t\t\t\t\t\t<div class=\"card-entry__content content-type-default\">\n\t\t<div class=\"card-entry__content-inner\">\n\t\t\t<p class=\"card-entry__contents\">\n\t\t\t\t\t\t\t\t\t\t\t\t\t\t\t\t\t\t\t\t\t\t<span class=\"content-phone\"><span class=\"contact-pre\">T<\/span> <a href=\"tel:+4923144202073\">+49 (231) 44 20 20 73<\/a><\/span>\n\t\t\t\t\t\t\t\t\t\t\t\t\t\t\t\t\t\t\t\t\t\t\t\t<span class=\"content-mail\"><br\/><span class=\"contact-pre\">E<\/span>  <a href=\"javascript:secureDecryptAndNavigate('VHrdouaipiA99vmM97tkT4ruF7527CUFBkCVOD5Ms6XeX0H6zLKcUQlyux0yXffoizguW9f90OxjgEEoYN4Dqhvzzo\/NdXuxpmU=', '7fb6b0a631c756e2798c0419dd401ac6392a180022e45865affe1bd81a905598')\">c.tenhumberg@sha.de<\/a><\/span>\n\t\t\t\t\t\t\t\t\t\t\t\t\t\t\t\t\t\t<\/p>\n\t\t<\/div>\n\t<\/div>\n\t\t\t<\/div>\n\n\t<\/div>\n<\/article>\n\t\t\t\t\t\t\t<\/div>\n\t\t\t\t\t\t\t<div id=\"team-popup-37136\" class=\"popup person-popup  person-popup-small popup-wrap bg-alternate fullwidth p-default mfp-hide\">\n\t<div class=\"popup-column popup-column-person card-entry person-entry bg-main flex_column  av_one_half first\">\n\t\t<article id=\"\" class=\"   text-align-     \">\n\t<div class=\"card-entry__inner\">\n\t\t\n\t<div class=\"card-entry__media media-type-\">\n\t\t<div class=\"card-entry__media-inner\">\n\t\t\t\t\t\t\t<img decoding=\"async\" src=\"https:\/\/sha-luzern.ch\/wp-content\/uploads\/706x313-Tenhumberg-Chiara-706x313.jpg\" \/>\n\t\t\t\t\t<\/div>\n\t<\/div>\n\n\t<div class=\"card_entry__content-wrap\">\n\t\t\t\t\t<div class=\"card-entry__heading\">\n\t<div class=\"card-entry__heading-inner\">\n\n\n\t\t\t\n\t\t\t\n\t\t\t\n\t\t\t\t\t\t\t<h3 class=\"card-entry__headline person-name \">\n\t\t\t\t\t<span class=\"name-first\">Chiara <\/span><span class=\"name-last\">Tenhumberg<\/span>\n\t\t\t\t<\/h3>\n\t\t\t\n\t\t\t\t\t\t\t<span class=\"card-entry__subheadline person-job \">\n\t\t\t\t\tPlanowanie\n\t\t\t\t<\/span>\n\t\t\t\n\t\t\n\t<\/div>\n<\/div>\n\t\t\n\n\t\t\n\t<\/div>\n\n\t<\/div>\n<\/article>\n\t<\/div>\n\n\t<div class=\"popup-columns-wrap flex_column  av_one_half\">\n\t\t<div class=\"popup-column popup-column-career flex_column  av_one_full first bg-alternate\">\n\t\t\t<h2 class=\"popup-headline\">Kariera<\/h2>\n\t\t\t<ul class=\"popup-list popup-list-career\">\n\t\t\t\t\t\t\t\t\t\t\t\t\t\t\t\t\t\t\t\t\t\t<li class=\"popup-list__headline popup-list__headline-career\">\n\t\t\t\t\t\t\t\t<span class=\"popup-point popup-point--career headline\">Studia i szkolenia<\/span>\n\t\t\t\t\t\t\t<\/li>\n\t\t\t\t\t\t\t\t\t\t\t\t\t\t\t\t\t\t\t\t\t\t\t\t<li class=\"popup-list__item popup-list__item-career\">\n\t\t\t\t\t\t\t\t<span class=\"popup-point popup-point--career timespan\">od 2025 r.<\/span>\n\t\t\t\t\t\t\t\t<span class=\"popup-point popup-point--career point\">Kre\u015blarka, SHA Scheffler Helbich Architekten GmbH<\/span>\n\t\t\t\t\t\t\t<\/li>\n\t\t\t\t\t\t\t\t\t\t\t\t\t\t\t\t\t\t\t\t\t\t\t\t<li class=\"popup-list__item popup-list__item-career\">\n\t\t\t\t\t\t\t\t<span class=\"popup-point popup-point--career timespan\">2022 - 2025<\/span>\n\t\t\t\t\t\t\t\t<span class=\"popup-point popup-point--career point\">Praktyka jako kre\u015blarka, SHA Scheffler Helbich Architekten GmbH<\/span>\n\t\t\t\t\t\t\t<\/li>\n\t\t\t\t\t\t\t\t\t\t\t\t\t\t\t\t\t\t<\/ul>\n\t\t<\/div>\n\t\t\t<\/div>\n<\/div>\n\n\t\t\t\t\t\t\t\n\t\t\t\t\t\t\t\t\t\t\t\t\t\t\n\t\t\t\t\t\t\t\t\t\t\t\t\t<div class=\"flex_column av_one_third bg-alternate teamgrid-column first column-top-margin\">\n\t\t\t\t\t\t\t\t<article id=\"\" class=\"card-entry person-entry   text-align-left     has-button \">\n\t<div class=\"card-entry__inner\">\n\t\t\n\t<div class=\"card-entry__media media-type-\">\n\t\t<div class=\"card-entry__media-inner\">\n\t\t\t\t\t\t\t<div class=\"card-entry__action\">\n\t<div class=\"card-entry__action-inner\">\n\t\t<div class=\"card-entry__button-wrap avia-button-wrap avia-button-right theme-fill\">\n\t\t\t\t\t\t\t<a class=\"card-entry__button avia-button avia-button color-ci-black hover-yellow avia-size-small popup-toggle avia-position-right no-scroll\" href=\"#team-popup-37121\">\n\t\t\t\t\t<span class=\"button-icon\"><i class=\"icon-arrow_next\"><\/i><\/span><span class=\"button-text\">Prosz\u0119 dowiedzie\u0107 si\u0119 wi\u0119cej<\/span>\n\t\t\t\t<\/a>\n\t\t\t\t\t<\/div>\n\t<\/div>\n<\/div>\n\t\t\t\t\t\t\t\t\t\t\t\t\t\t\t<img decoding=\"async\" src=\"https:\/\/sha-luzern.ch\/wp-content\/uploads\/004-SHA-Dortmund-Florian-Zimmermann-Web_2-706x313.jpg\" \/>\n\t\t\t\t\t\t\t\t\t<\/div>\n\t<\/div>\n\n\t<div class=\"card_entry__content-wrap\">\n\t\t\t\t\t<div class=\"card-entry__heading\">\n\t<div class=\"card-entry__heading-inner\">\n\n\n\t\t\t\n\t\t\t\t\t\t\t<span class=\"card-entry__subheadline card-entry__title person-job \">\n\t\t\t\t\tMagister sztuki\n\t\t\t\t<\/span>\n\t\t\t\n\t\t\t\n\t\t\t\t\t\t\t<h3 class=\"card-entry__headline person-name \">\n\t\t\t\t\t<span class=\"name-first\">Florian  <\/span><span class=\"name-last\">Zimmermann<\/span>\n\t\t\t\t<\/h3>\n\t\t\t\n\t\t\t\t\t\t\t<span class=\"card-entry__subheadline person-job \">\n\t\t\t\t\tPlanowanie i projektowanie\n\t\t\t\t<\/span>\n\t\t\t\n\t\t\n\t<\/div>\n<\/div>\n\t\t\t\t\t\t\t\t<div class=\"card-entry__content content-type-default\">\n\t\t<div class=\"card-entry__content-inner\">\n\t\t\t<p class=\"card-entry__contents\">\n\t\t\t\t\t\t\t\t\t\t\t\t\t\t\t\t\t\t\t\t\t\t<span class=\"content-phone\"><span class=\"contact-pre\">T<\/span> <a href=\"tel:+4923144202066\">+49 (231) 44 20 20 66<\/a><\/span>\n\t\t\t\t\t\t\t\t\t\t\t\t\t\t\t\t\t\t\t\t\t\t\t\t<span class=\"content-mail\"><br\/><span class=\"contact-pre\">E<\/span>  <a href=\"javascript:secureDecryptAndNavigate('osKQm5SX6rVn6zt8Rj9AMtWavSfZY6VBoEKNslAlGUJIs6Gm1QJBtcZf\/K9\/pQZslz\/K004RDoEGRYW9de4Pps7+YqpMP5l4\/ik=', '7fb6b0a631c756e2798c0419dd401ac6392a180022e45865affe1bd81a905598')\">f.zimmermann@sha.de<\/a><\/span>\n\t\t\t\t\t\t\t\t\t\t\t\t\t\t\t\t\t\t<\/p>\n\t\t<\/div>\n\t<\/div>\n\t\t\t<\/div>\n\n\t<\/div>\n<\/article>\n\t\t\t\t\t\t\t<\/div>\n\t\t\t\t\t\t\t<div id=\"team-popup-37121\" class=\"popup person-popup  person-popup-small popup-wrap bg-alternate fullwidth p-default mfp-hide\">\n\t<div class=\"popup-column popup-column-person card-entry person-entry bg-main flex_column  av_one_half first\">\n\t\t<article id=\"\" class=\"   text-align-     \">\n\t<div class=\"card-entry__inner\">\n\t\t\n\t<div class=\"card-entry__media media-type-\">\n\t\t<div class=\"card-entry__media-inner\">\n\t\t\t\t\t\t\t<img decoding=\"async\" src=\"https:\/\/sha-luzern.ch\/wp-content\/uploads\/004-SHA-Dortmund-Florian-Zimmermann-Web_2-706x313.jpg\" \/>\n\t\t\t\t\t<\/div>\n\t<\/div>\n\n\t<div class=\"card_entry__content-wrap\">\n\t\t\t\t\t<div class=\"card-entry__heading\">\n\t<div class=\"card-entry__heading-inner\">\n\n\n\t\t\t\n\t\t\t\t\t\t\t<span class=\"card-entry__subheadline card-entry__title person-job \">\n\t\t\t\t\tMagister sztuki\n\t\t\t\t<\/span>\n\t\t\t\n\t\t\t\n\t\t\t\t\t\t\t<h3 class=\"card-entry__headline person-name \">\n\t\t\t\t\t<span class=\"name-first\">Florian  <\/span><span class=\"name-last\">Zimmermann<\/span>\n\t\t\t\t<\/h3>\n\t\t\t\n\t\t\t\t\t\t\t<span class=\"card-entry__subheadline person-job \">\n\t\t\t\t\tPlanowanie i projektowanie\n\t\t\t\t<\/span>\n\t\t\t\n\t\t\n\t<\/div>\n<\/div>\n\t\t\n\n\t\t\t\t\t<div class=\"card-entry__content content-type-default\">\n\t\t\t\t<div class=\"card-entry__content-inner\">\n\t\t\t\t\t<h3 class=\"popup-headline\">Koncentracja na SHA<\/h3>\n\t\t\t\t\t<p class=\"card-entry__contents desc\">\n\t\t\t\t\t\tFlorian Zimmermann jest cz\u0119\u015bci\u0105 naszego zespo\u0142u od 2023 roku.\nOpr\u00f3cz udzia\u0142u w konkursach jest r\u00f3wnie\u017c zaanga\u017cowany w prac\u0119 nad projektami. \n\t\t\t\t\t<\/p>\n\t\t\t\t<\/div>\n\t\t\t<\/div>\n\t\t\n\t<\/div>\n\n\t<\/div>\n<\/article>\n\t<\/div>\n\n\t<div class=\"popup-columns-wrap flex_column  av_one_half\">\n\t\t<div class=\"popup-column popup-column-career flex_column  av_one_full first bg-alternate\">\n\t\t\t<h2 class=\"popup-headline\">Kariera<\/h2>\n\t\t\t<ul class=\"popup-list popup-list-career\">\n\t\t\t\t\t\t\t\t\t\t\t\t\t\t\t\t\t\t\t\t\t\t<li class=\"popup-list__headline popup-list__headline-career\">\n\t\t\t\t\t\t\t\t<span class=\"popup-point popup-point--career headline\">Praca<\/span>\n\t\t\t\t\t\t\t<\/li>\n\t\t\t\t\t\t\t\t\t\t\t\t\t\t\t\t\t\t\t\t\t\t\t\t<li class=\"popup-list__item popup-list__item-career\">\n\t\t\t\t\t\t\t\t<span class=\"popup-point popup-point--career timespan\">od 2023 r.<\/span>\n\t\t\t\t\t\t\t\t<span class=\"popup-point popup-point--career point\">SHA Scheffler Helbich Architekten GmbH<\/span>\n\t\t\t\t\t\t\t<\/li>\n\t\t\t\t\t\t\t\t\t\t\t\t\t\t\t\t\t\t\t\t\t\t\t\t<li class=\"popup-list__headline popup-list__headline-career\">\n\t\t\t\t\t\t\t\t<span class=\"popup-point popup-point--career headline\">Studia i szkolenia<\/span>\n\t\t\t\t\t\t\t<\/li>\n\t\t\t\t\t\t\t\t\t\t\t\t\t\t\t\t\t\t\t\t\t\t\t\t<li class=\"popup-list__item popup-list__item-career\">\n\t\t\t\t\t\t\t\t<span class=\"popup-point popup-point--career timespan\">2020 - 2023<\/span>\n\t\t\t\t\t\t\t\t<span class=\"popup-point popup-point--career point\">Tytu\u0142 magistra architektury, FH Dortmund<\/span>\n\t\t\t\t\t\t\t<\/li>\n\t\t\t\t\t\t\t\t\t\t\t\t\t\t\t\t\t\t\t\t\t\t\t\t<li class=\"popup-list__item popup-list__item-career\">\n\t\t\t\t\t\t\t\t<span class=\"popup-point popup-point--career timespan\">2016 - 2020<\/span>\n\t\t\t\t\t\t\t\t<span class=\"popup-point popup-point--career point\">Licencjat architektury, FH Dortmund<\/span>\n\t\t\t\t\t\t\t<\/li>\n\t\t\t\t\t\t\t\t\t\t\t\t\t\t\t\t\t\t<\/ul>\n\t\t<\/div>\n\t\t\t<\/div>\n<\/div>\n\n\t\t\t\t\t\t\t\n\t\t\t\t\t\t\t\t\t\t\t\t\t\t\n\t\t\t\t\t\t\t\t\t\t\t\t\t<div class=\"flex_column av_one_third bg-alternate teamgrid-column  column-top-margin\">\n\t\t\t\t\t\t\t\t<article id=\"\" class=\"card-entry person-entry   text-align-left     has-button \">\n\t<div class=\"card-entry__inner\">\n\t\t\n\t<div class=\"card-entry__media media-type-\">\n\t\t<div class=\"card-entry__media-inner\">\n\t\t\t\t\t\t\t<div class=\"card-entry__action\">\n\t<div class=\"card-entry__action-inner\">\n\t\t<div class=\"card-entry__button-wrap avia-button-wrap avia-button-right theme-fill\">\n\t\t\t\t\t\t\t<a class=\"card-entry__button avia-button avia-button color-ci-black hover-yellow avia-size-small popup-toggle avia-position-right no-scroll\" href=\"#team-popup-53637\">\n\t\t\t\t\t<span class=\"button-icon\"><i class=\"icon-arrow_next\"><\/i><\/span><span class=\"button-text\">Prosz\u0119 dowiedzie\u0107 si\u0119 wi\u0119cej<\/span>\n\t\t\t\t<\/a>\n\t\t\t\t\t<\/div>\n\t<\/div>\n<\/div>\n\t\t\t\t\t\t\t\t\t\t\t\t\t\t\t<img decoding=\"async\" src=\"https:\/\/sha-luzern.ch\/wp-content\/uploads\/Dummy-706x313.jpg\" \/>\n\t\t\t\t\t\t\t\t\t<\/div>\n\t<\/div>\n\n\t<div class=\"card_entry__content-wrap\">\n\t\t\t\t\t<div class=\"card-entry__heading\">\n\t<div class=\"card-entry__heading-inner\">\n\n\n\t\t\t\n\t\t\t\t\t\t\t<span class=\"card-entry__subheadline card-entry__title person-job \">\n\t\t\t\t\tDipl.-Ing. (FH)\n\t\t\t\t<\/span>\n\t\t\t\n\t\t\t\n\t\t\t\t\t\t\t<h3 class=\"card-entry__headline person-name \">\n\t\t\t\t\t<span class=\"name-first\">A. <\/span><span class=\"name-last\">Sch\u00fctte<\/span>\n\t\t\t\t<\/h3>\n\t\t\t\n\t\t\t\t\t\t\t<span class=\"card-entry__subheadline person-job \">\n\t\t\t\t\tZarz\u0105dzanie budow\u0105\n\t\t\t\t<\/span>\n\t\t\t\n\t\t\n\t<\/div>\n<\/div>\n\t\t\t\t\t\t\t\t<div class=\"card-entry__content content-type-default\">\n\t\t<div class=\"card-entry__content-inner\">\n\t\t\t<p class=\"card-entry__contents\">\n\t\t\t\t\t\t\t\t\t\t\t\t\t\t\t\t\t\t\t\t\t\t<span class=\"content-phone\"><span class=\"contact-pre\">T<\/span> <a href=\"tel:+4923144202045\">+49 (231) 44 20 20 45<\/a><\/span>\n\t\t\t\t\t\t\t\t\t\t\t\t\t\t\t\t\t\t\t\t\t\t\t\t<span class=\"content-mail\"><br\/><span class=\"contact-pre\">E<\/span>  <a href=\"javascript:secureDecryptAndNavigate('FWCn\/TOy97McC0ByaW6Nk3XeRvXlpWgaroPS8MBrhUPmv19OG54jc1vsm+gcta1lU2X0xg7JywFoGTadxaRu7\/VHaL0kpjU\/', '7fb6b0a631c756e2798c0419dd401ac6392a180022e45865affe1bd81a905598')\">a.schuette@sha.de<\/a><\/span>\n\t\t\t\t\t\t\t\t\t\t\t\t\t\t\t\t\t\t<\/p>\n\t\t<\/div>\n\t<\/div>\n\t\t\t<\/div>\n\n\t<\/div>\n<\/article>\n\t\t\t\t\t\t\t<\/div>\n\t\t\t\t\t\t\t<div id=\"team-popup-53637\" class=\"popup person-popup  person-popup-small popup-wrap bg-alternate fullwidth p-default mfp-hide\">\n\t<div class=\"popup-column popup-column-person card-entry person-entry bg-main flex_column  av_one_half first\">\n\t\t<article id=\"\" class=\"   text-align-     \">\n\t<div class=\"card-entry__inner\">\n\t\t\n\t<div class=\"card-entry__media media-type-\">\n\t\t<div class=\"card-entry__media-inner\">\n\t\t\t\t\t\t\t<img decoding=\"async\" src=\"https:\/\/sha-luzern.ch\/wp-content\/uploads\/Dummy-706x313.jpg\" \/>\n\t\t\t\t\t<\/div>\n\t<\/div>\n\n\t<div class=\"card_entry__content-wrap\">\n\t\t\t\t\t<div class=\"card-entry__heading\">\n\t<div class=\"card-entry__heading-inner\">\n\n\n\t\t\t\n\t\t\t\t\t\t\t<span class=\"card-entry__subheadline card-entry__title person-job \">\n\t\t\t\t\tDipl.-Ing. (FH)\n\t\t\t\t<\/span>\n\t\t\t\n\t\t\t\n\t\t\t\t\t\t\t<h3 class=\"card-entry__headline person-name \">\n\t\t\t\t\t<span class=\"name-first\">A. <\/span><span class=\"name-last\">Sch\u00fctte<\/span>\n\t\t\t\t<\/h3>\n\t\t\t\n\t\t\t\t\t\t\t<span class=\"card-entry__subheadline person-job \">\n\t\t\t\t\tZarz\u0105dzanie budow\u0105\n\t\t\t\t<\/span>\n\t\t\t\n\t\t\n\t<\/div>\n<\/div>\n\t\t\n\n\t\t\n\t<\/div>\n\n\t<\/div>\n<\/article>\n\t<\/div>\n\n\t<div class=\"popup-columns-wrap flex_column  av_one_half\">\n\t\t<div class=\"popup-column popup-column-career flex_column  av_one_full first bg-alternate\">\n\t\t\t<h2 class=\"popup-headline\">Kariera<\/h2>\n\t\t\t<ul class=\"popup-list popup-list-career\">\n\t\t\t\t\t\t\t\t\t\t\t\t\t\t\t\t\t\t\t\t\t\t<li class=\"popup-list__headline popup-list__headline-career\">\n\t\t\t\t\t\t\t\t<span class=\"popup-point popup-point--career headline\">Praca<\/span>\n\t\t\t\t\t\t\t<\/li>\n\t\t\t\t\t\t\t\t\t\t\t\t\t\t\t\t\t\t\t\t\t\t\t\t<li class=\"popup-list__item popup-list__item-career\">\n\t\t\t\t\t\t\t\t<span class=\"popup-point popup-point--career timespan\">od 2025 r.<\/span>\n\t\t\t\t\t\t\t\t<span class=\"popup-point popup-point--career point\">SHA Scheffler Helbich Architekten GmbH<\/span>\n\t\t\t\t\t\t\t<\/li>\n\t\t\t\t\t\t\t\t\t\t\t\t\t\t\t\t\t\t\t\t\t\t\t\t<li class=\"popup-list__item popup-list__item-career\">\n\t\t\t\t\t\t\t\t<span class=\"popup-point popup-point--career timespan\">2021 - 2025<\/span>\n\t\t\t\t\t\t\t\t<span class=\"popup-point popup-point--career point\">Biuro architektoniczne KW, Heide<\/span>\n\t\t\t\t\t\t\t<\/li>\n\t\t\t\t\t\t\t\t\t\t\t\t\t\t\t\t\t\t\t\t\t\t\t\t<li class=\"popup-list__item popup-list__item-career\">\n\t\t\t\t\t\t\t\t<span class=\"popup-point popup-point--career timespan\">2014 - 2021<\/span>\n\t\t\t\t\t\t\t\t<span class=\"popup-point popup-point--career point\">KKP Architects, Hamburg  <\/span>\n\t\t\t\t\t\t\t<\/li>\n\t\t\t\t\t\t\t\t\t\t\t\t\t\t\t\t\t\t\t\t\t\t\t\t<li class=\"popup-list__item popup-list__item-career\">\n\t\t\t\t\t\t\t\t<span class=\"popup-point popup-point--career timespan\">2012 - 2014<\/span>\n\t\t\t\t\t\t\t\t<span class=\"popup-point popup-point--career point\">SHA Scheffler Helbich Architekten GmbH<\/span>\n\t\t\t\t\t\t\t<\/li>\n\t\t\t\t\t\t\t\t\t\t\t\t\t\t\t\t\t\t\t\t\t\t\t\t<li class=\"popup-list__item popup-list__item-career\">\n\t\t\t\t\t\t\t\t<span class=\"popup-point popup-point--career timespan\">2009 - 2011<\/span>\n\t\t\t\t\t\t\t\t<span class=\"popup-point popup-point--career point\">vahle baumanagement, Bochum<\/span>\n\t\t\t\t\t\t\t<\/li>\n\t\t\t\t\t\t\t\t\t\t\t\t\t\t\t\t\t\t\t\t\t\t\t\t<li class=\"popup-list__item popup-list__item-career\">\n\t\t\t\t\t\t\t\t<span class=\"popup-point popup-point--career timespan\">2007 - 2009<\/span>\n\t\t\t\t\t\t\t\t<span class=\"popup-point popup-point--career point\">Zarinfar Construction Management, Kolonia<\/span>\n\t\t\t\t\t\t\t<\/li>\n\t\t\t\t\t\t\t\t\t\t\t\t\t\t\t\t\t\t\t\t\t\t\t\t<li class=\"popup-list__headline popup-list__headline-career\">\n\t\t\t\t\t\t\t\t<span class=\"popup-point popup-point--career headline\">Studia i szkolenia<\/span>\n\t\t\t\t\t\t\t<\/li>\n\t\t\t\t\t\t\t\t\t\t\t\t\t\t\t\t\t\t\t\t\t\t\t\t<li class=\"popup-list__item popup-list__item-career\">\n\t\t\t\t\t\t\t\t<span class=\"popup-point popup-point--career timespan\">1993 - 1998<\/span>\n\t\t\t\t\t\t\t\t<span class=\"popup-point popup-point--career point\">Studiowa\u0142 architektur\u0119, HTWK Leipzig<\/span>\n\t\t\t\t\t\t\t<\/li>\n\t\t\t\t\t\t\t\t\t\t\t\t\t\t\t\t\t\t<\/ul>\n\t\t<\/div>\n\t\t\t<\/div>\n<\/div>\n\n\t\t\t\t\t\t\t\n\t\t\t\t\t\t\t\t\t\t\t\t\t\t\n\t\t\t\t\t\t\t\t\t\t\t\t\t<div class=\"flex_column av_one_third bg-alternate teamgrid-column  column-top-margin\">\n\t\t\t\t\t\t\t\t<article id=\"\" class=\"card-entry person-entry   text-align-left     has-button \">\n\t<div class=\"card-entry__inner\">\n\t\t\n\t<div class=\"card-entry__media media-type-\">\n\t\t<div class=\"card-entry__media-inner\">\n\t\t\t\t\t\t\t<div class=\"card-entry__action\">\n\t<div class=\"card-entry__action-inner\">\n\t\t<div class=\"card-entry__button-wrap avia-button-wrap avia-button-right theme-fill\">\n\t\t\t\t\t\t\t<a class=\"card-entry__button avia-button avia-button color-ci-black hover-yellow avia-size-small popup-toggle avia-position-right no-scroll\" href=\"#team-popup-37060\">\n\t\t\t\t\t<span class=\"button-icon\"><i class=\"icon-arrow_next\"><\/i><\/span><span class=\"button-text\">Prosz\u0119 dowiedzie\u0107 si\u0119 wi\u0119cej<\/span>\n\t\t\t\t<\/a>\n\t\t\t\t\t<\/div>\n\t<\/div>\n<\/div>\n\t\t\t\t\t\t\t\t\t\t\t\t\t\t\t<img decoding=\"async\" src=\"https:\/\/sha-luzern.ch\/wp-content\/uploads\/max_frittgen-706x313.jpg\" \/>\n\t\t\t\t\t\t\t\t\t<\/div>\n\t<\/div>\n\n\t<div class=\"card_entry__content-wrap\">\n\t\t\t\t\t<div class=\"card-entry__heading\">\n\t<div class=\"card-entry__heading-inner\">\n\n\n\t\t\t\n\t\t\t\t\t\t\t<span class=\"card-entry__subheadline card-entry__title person-job \">\n\t\t\t\t\tMaster of Science\n\t\t\t\t<\/span>\n\t\t\t\n\t\t\t\n\t\t\t\t\t\t\t<h3 class=\"card-entry__headline person-name \">\n\t\t\t\t\t<span class=\"name-first\">Max <\/span><span class=\"name-last\">Frittgen<\/span>\n\t\t\t\t<\/h3>\n\t\t\t\n\t\t\t\t\t\t\t<span class=\"card-entry__subheadline person-job \">\n\t\t\t\t\tKomunikacja korporacyjna\n\t\t\t\t<\/span>\n\t\t\t\n\t\t\n\t<\/div>\n<\/div>\n\t\t\t\t\t\t\t\t<div class=\"card-entry__content content-type-default\">\n\t\t<div class=\"card-entry__content-inner\">\n\t\t\t<p class=\"card-entry__contents\">\n\t\t\t\t\t\t\t\t\t\t\t\t\t\t\t\t\t\t\t\t\t\t<span class=\"content-phone\"><span class=\"contact-pre\">T<\/span> <a href=\"tel:+4923144202084\">+49 (231) 44 20 20 84<\/a><\/span>\n\t\t\t\t\t\t\t\t\t\t\t\t\t\t\t\t\t\t\t\t\t\t\t\t<span class=\"content-mail\"><br\/><span class=\"contact-pre\">E<\/span>  <a href=\"javascript:secureDecryptAndNavigate('cogDcgP+F3nK4+7ynqveRbTABR1SfzKf0uvVRx6P5Qh5jBzOadUtNongI9uJ5bZbAORDb8RjxglMKUnChIFgkHxRVp0Jq+vO', '7fb6b0a631c756e2798c0419dd401ac6392a180022e45865affe1bd81a905598')\">m.frittgen@sha.de<\/a><\/span>\n\t\t\t\t\t\t\t\t\t\t\t\t\t\t\t\t\t\t<\/p>\n\t\t<\/div>\n\t<\/div>\n\t\t\t<\/div>\n\n\t<\/div>\n<\/article>\n\t\t\t\t\t\t\t<\/div>\n\t\t\t\t\t\t\t<div id=\"team-popup-37060\" class=\"popup person-popup  person-popup-small popup-wrap bg-alternate fullwidth p-default mfp-hide\">\n\t<div class=\"popup-column popup-column-person card-entry person-entry bg-main flex_column  av_one_half first\">\n\t\t<article id=\"\" class=\"   text-align-     \">\n\t<div class=\"card-entry__inner\">\n\t\t\n\t<div class=\"card-entry__media media-type-\">\n\t\t<div class=\"card-entry__media-inner\">\n\t\t\t\t\t\t\t<img decoding=\"async\" src=\"https:\/\/sha-luzern.ch\/wp-content\/uploads\/max_frittgen-706x313.jpg\" \/>\n\t\t\t\t\t<\/div>\n\t<\/div>\n\n\t<div class=\"card_entry__content-wrap\">\n\t\t\t\t\t<div class=\"card-entry__heading\">\n\t<div class=\"card-entry__heading-inner\">\n\n\n\t\t\t\n\t\t\t\t\t\t\t<span class=\"card-entry__subheadline card-entry__title person-job \">\n\t\t\t\t\tMaster of Science\n\t\t\t\t<\/span>\n\t\t\t\n\t\t\t\n\t\t\t\t\t\t\t<h3 class=\"card-entry__headline person-name \">\n\t\t\t\t\t<span class=\"name-first\">Max <\/span><span class=\"name-last\">Frittgen<\/span>\n\t\t\t\t<\/h3>\n\t\t\t\n\t\t\t\t\t\t\t<span class=\"card-entry__subheadline person-job \">\n\t\t\t\t\tKomunikacja korporacyjna\n\t\t\t\t<\/span>\n\t\t\t\n\t\t\n\t<\/div>\n<\/div>\n\t\t\n\n\t\t\n\t<\/div>\n\n\t<\/div>\n<\/article>\n\t<\/div>\n\n\t<div class=\"popup-columns-wrap flex_column  av_one_half\">\n\t\t<div class=\"popup-column popup-column-career flex_column  av_one_full first bg-alternate\">\n\t\t\t<h2 class=\"popup-headline\">Kariera<\/h2>\n\t\t\t<ul class=\"popup-list popup-list-career\">\n\t\t\t\t\t\t\t\t\t\t\t\t\t\t\t\t\t\t\t\t\t\t<li class=\"popup-list__headline popup-list__headline-career\">\n\t\t\t\t\t\t\t\t<span class=\"popup-point popup-point--career headline\">Praca<\/span>\n\t\t\t\t\t\t\t<\/li>\n\t\t\t\t\t\t\t\t\t\t\t\t\t\t\t\t\t\t\t\t\t\t\t\t<li class=\"popup-list__item popup-list__item-career\">\n\t\t\t\t\t\t\t\t<span class=\"popup-point popup-point--career timespan\">od 2023 r.<\/span>\n\t\t\t\t\t\t\t\t<span class=\"popup-point popup-point--career point\">  SHA Scheffler Helbich Architects  <\/span>\n\t\t\t\t\t\t\t<\/li>\n\t\t\t\t\t\t\t\t\t\t\t\t\t\t\t\t\t\t\t\t\t\t\t\t<li class=\"popup-list__headline popup-list__headline-career\">\n\t\t\t\t\t\t\t\t<span class=\"popup-point popup-point--career headline\">Studia i szkolenia<\/span>\n\t\t\t\t\t\t\t<\/li>\n\t\t\t\t\t\t\t\t\t\t\t\t\t\t\t\t\t\t\t\t\t\t\t\t<li class=\"popup-list__item popup-list__item-career\">\n\t\t\t\t\t\t\t\t<span class=\"popup-point popup-point--career timespan\">2022-2023<\/span>\n\t\t\t\t\t\t\t\t<span class=\"popup-point popup-point--career point\">Program studi\u00f3w magisterskich Architecture Media Management, Bochum University of Applied Sciences<\/span>\n\t\t\t\t\t\t\t<\/li>\n\t\t\t\t\t\t\t\t\t\t\t\t\t\t\t\t\t\t\t\t\t\t\t\t<li class=\"popup-list__item popup-list__item-career\">\n\t\t\t\t\t\t\t\t<span class=\"popup-point popup-point--career timespan\">2017-2022<\/span>\n\t\t\t\t\t\t\t\t<span class=\"popup-point popup-point--career point\">Licencjat z architektury, Uniwersytet Nauk Stosowanych i Sztuki w Dortmundzie<\/span>\n\t\t\t\t\t\t\t<\/li>\n\t\t\t\t\t\t\t\t\t\t\t\t\t\t\t\t\t\t<\/ul>\n\t\t<\/div>\n\t\t\t<\/div>\n<\/div>\n\n\t\t\t\t\t\t\t\n\t\t\t\t\t\t\t\t\t\t\t\t\t\t\n\t\t\t\t\t\t\t\t\t\t\t\t\t<div class=\"flex_column av_one_third bg-alternate teamgrid-column first column-top-margin\">\n\t\t\t\t\t\t\t\t<article id=\"\" class=\"card-entry person-entry   text-align-left     has-button \">\n\t<div class=\"card-entry__inner\">\n\t\t\n\t<div class=\"card-entry__media media-type-\">\n\t\t<div class=\"card-entry__media-inner\">\n\t\t\t\t\t\t\t<div class=\"card-entry__action\">\n\t<div class=\"card-entry__action-inner\">\n\t\t<div class=\"card-entry__button-wrap avia-button-wrap avia-button-right theme-fill\">\n\t\t\t\t\t\t\t<a class=\"card-entry__button avia-button avia-button color-ci-black hover-yellow avia-size-small popup-toggle avia-position-right no-scroll\" href=\"#team-popup-37210\">\n\t\t\t\t\t<span class=\"button-icon\"><i class=\"icon-arrow_next\"><\/i><\/span><span class=\"button-text\">Prosz\u0119 dowiedzie\u0107 si\u0119 wi\u0119cej<\/span>\n\t\t\t\t<\/a>\n\t\t\t\t\t<\/div>\n\t<\/div>\n<\/div>\n\t\t\t\t\t\t\t\t\t\t\t\t\t\t\t<img decoding=\"async\" src=\"https:\/\/sha-luzern.ch\/wp-content\/uploads\/web-007-sha-dortmund-anna-maria_WS-706x313.jpg\" \/>\n\t\t\t\t\t\t\t\t\t<\/div>\n\t<\/div>\n\n\t<div class=\"card_entry__content-wrap\">\n\t\t\t\t\t<div class=\"card-entry__heading\">\n\t<div class=\"card-entry__heading-inner\">\n\n\n\t\t\t\n\t\t\t\n\t\t\t\n\t\t\t\t\t\t\t<h3 class=\"card-entry__headline person-name \">\n\t\t\t\t\t<span class=\"name-first\">Anna-Maria  <\/span><span class=\"name-last\">Gyftopoulou<\/span>\n\t\t\t\t<\/h3>\n\t\t\t\n\t\t\t\t\t\t\t<span class=\"card-entry__subheadline person-job \">\n\t\t\t\t\tPraktykanci\n\t\t\t\t<\/span>\n\t\t\t\n\t\t\n\t<\/div>\n<\/div>\n\t\t\t\t\t\t\t\t<div class=\"card-entry__content content-type-default\">\n\t\t<div class=\"card-entry__content-inner\">\n\t\t\t<p class=\"card-entry__contents\">\n\t\t\t\t\t\t\t\t\t\t\t\t\t\t\t\t\t\t\t\t\t\t<span class=\"content-phone\"><span class=\"contact-pre\">T<\/span> <a href=\"tel:+4923144202081\">+49 (231) 44 20 20 81<\/a><\/span>\n\t\t\t\t\t\t\t\t\t\t\t\t\t\t\t\t\t\t\t\t\t\t\t\t<span class=\"content-mail\"><br\/><span class=\"contact-pre\">E<\/span>  <a href=\"javascript:secureDecryptAndNavigate('20ahc+CeqpK3K7swpyYLJZHtqlimpX46M1JMeZKxGcJyHYd4CHrl4jOzSJSM3pq3WOUT084HmsZmWnX\/YotXSesZa7rcopeOZpZa', '7fb6b0a631c756e2798c0419dd401ac6392a180022e45865affe1bd81a905598')\">a.gyftopoulou@sha.de<\/a><\/span>\n\t\t\t\t\t\t\t\t\t\t\t\t\t\t\t\t\t\t<\/p>\n\t\t<\/div>\n\t<\/div>\n\t\t\t<\/div>\n\n\t<\/div>\n<\/article>\n\t\t\t\t\t\t\t<\/div>\n\t\t\t\t\t\t\t<div id=\"team-popup-37210\" class=\"popup person-popup  person-popup-small popup-wrap bg-alternate fullwidth p-default mfp-hide\">\n\t<div class=\"popup-column popup-column-person card-entry person-entry bg-main flex_column  av_one_half first\">\n\t\t<article id=\"\" class=\"   text-align-     \">\n\t<div class=\"card-entry__inner\">\n\t\t\n\t<div class=\"card-entry__media media-type-\">\n\t\t<div class=\"card-entry__media-inner\">\n\t\t\t\t\t\t\t<img decoding=\"async\" src=\"https:\/\/sha-luzern.ch\/wp-content\/uploads\/web-007-sha-dortmund-anna-maria_WS-706x313.jpg\" \/>\n\t\t\t\t\t<\/div>\n\t<\/div>\n\n\t<div class=\"card_entry__content-wrap\">\n\t\t\t\t\t<div class=\"card-entry__heading\">\n\t<div class=\"card-entry__heading-inner\">\n\n\n\t\t\t\n\t\t\t\n\t\t\t\n\t\t\t\t\t\t\t<h3 class=\"card-entry__headline person-name \">\n\t\t\t\t\t<span class=\"name-first\">Anna-Maria  <\/span><span class=\"name-last\">Gyftopoulou<\/span>\n\t\t\t\t<\/h3>\n\t\t\t\n\t\t\t\t\t\t\t<span class=\"card-entry__subheadline person-job \">\n\t\t\t\t\tPraktykanci\n\t\t\t\t<\/span>\n\t\t\t\n\t\t\n\t<\/div>\n<\/div>\n\t\t\n\n\t\t\n\t<\/div>\n\n\t<\/div>\n<\/article>\n\t<\/div>\n\n\t<div class=\"popup-columns-wrap flex_column  av_one_half\">\n\t\t<div class=\"popup-column popup-column-career flex_column  av_one_full first bg-alternate\">\n\t\t\t<h2 class=\"popup-headline\">Kariera<\/h2>\n\t\t\t<ul class=\"popup-list popup-list-career\">\n\t\t\t\t\t\t\t\t\t\t\t\t\t\t\t\t\t\t\t\t\t\t<li class=\"popup-list__headline popup-list__headline-career\">\n\t\t\t\t\t\t\t\t<span class=\"popup-point popup-point--career headline\">Studia i szkolenia<\/span>\n\t\t\t\t\t\t\t<\/li>\n\t\t\t\t\t\t\t\t\t\t\t\t\t\t\t\t\t\t\t\t\t\t\t\t<li class=\"popup-list__item popup-list__item-career\">\n\t\t\t\t\t\t\t\t<span class=\"popup-point popup-point--career timespan\">od 2023 r.<\/span>\n\t\t\t\t\t\t\t\t<span class=\"popup-point popup-point--career point\">Praktyka jako kre\u015blarka, SHA Scheffler Helbich Architekten GmbH<\/span>\n\t\t\t\t\t\t\t<\/li>\n\t\t\t\t\t\t\t\t\t\t\t\t\t\t\t\t\t\t\t\t\t\t\t\t<li class=\"popup-list__item popup-list__item-career\">\n\t\t\t\t\t\t\t\t<span class=\"popup-point popup-point--career timespan\">2020 - 2023<\/span>\n\t\t\t\t\t\t\t\t<span class=\"popup-point popup-point--career point\">Asystent projektanta specjalizuj\u0105cy si\u0119 w projektowaniu graficznym i projektowaniu obiekt\u00f3w, szko\u0142a zawodowa M\u00e4rkischer Kreis w Iserlohn<\/span>\n\t\t\t\t\t\t\t<\/li>\n\t\t\t\t\t\t\t\t\t\t\t\t\t\t\t\t\t\t<\/ul>\n\t\t<\/div>\n\t\t\t<\/div>\n<\/div>\n\n\t\t\t\t\t\t\t\n\t\t\t\t\t\t\t\t\t\t\t\t\t\t\n\t\t\t\t\t\t\t\t\t\t\t\t\t<div class=\"flex_column av_one_third bg-alternate teamgrid-column  column-top-margin\">\n\t\t\t\t\t\t\t\t<article id=\"\" class=\"card-entry person-entry   text-align-left     has-button \">\n\t<div class=\"card-entry__inner\">\n\t\t\n\t<div class=\"card-entry__media media-type-\">\n\t\t<div class=\"card-entry__media-inner\">\n\t\t\t\t\t\t\t<div class=\"card-entry__action\">\n\t<div class=\"card-entry__action-inner\">\n\t\t<div class=\"card-entry__button-wrap avia-button-wrap avia-button-right theme-fill\">\n\t\t\t\t\t\t\t<a class=\"card-entry__button avia-button avia-button color-ci-black hover-yellow avia-size-small popup-toggle avia-position-right no-scroll\" href=\"#team-popup-37092\">\n\t\t\t\t\t<span class=\"button-icon\"><i class=\"icon-arrow_next\"><\/i><\/span><span class=\"button-text\">Prosz\u0119 dowiedzie\u0107 si\u0119 wi\u0119cej<\/span>\n\t\t\t\t<\/a>\n\t\t\t\t\t<\/div>\n\t<\/div>\n<\/div>\n\t\t\t\t\t\t\t\t\t\t\t\t\t\t\t<img decoding=\"async\" src=\"https:\/\/sha-luzern.ch\/wp-content\/uploads\/Nockelmann_2_706x313-706x313.jpg\" \/>\n\t\t\t\t\t\t\t\t\t<\/div>\n\t<\/div>\n\n\t<div class=\"card_entry__content-wrap\">\n\t\t\t\t\t<div class=\"card-entry__heading\">\n\t<div class=\"card-entry__heading-inner\">\n\n\n\t\t\t\n\t\t\t\t\t\t\t<span class=\"card-entry__subheadline card-entry__title person-job \">\n\t\t\t\t\tM\u0142odszy architekt | Licencjat\n\t\t\t\t<\/span>\n\t\t\t\n\t\t\t\n\t\t\t\t\t\t\t<h3 class=\"card-entry__headline person-name \">\n\t\t\t\t\t<span class=\"name-first\">Lucas <\/span><span class=\"name-last\">Nockelmann<\/span>\n\t\t\t\t<\/h3>\n\t\t\t\n\t\t\t\t\t\t\t<span class=\"card-entry__subheadline person-job \">\n\t\t\t\t\tZarz\u0105dzanie budow\u0105\n\t\t\t\t<\/span>\n\t\t\t\n\t\t\n\t<\/div>\n<\/div>\n\t\t\t\t\t\t\t\t<div class=\"card-entry__content content-type-default\">\n\t\t<div class=\"card-entry__content-inner\">\n\t\t\t<p class=\"card-entry__contents\">\n\t\t\t\t\t\t\t\t\t\t\t\t\t\t\t\t\t\t\t\t\t\t<span class=\"content-phone\"><span class=\"contact-pre\">T<\/span> <a href=\"tel:+4923144202052\">+49 (231) 44 20 20 52<\/a><\/span>\n\t\t\t\t\t\t\t\t\t\t\t\t\t\t\t\t\t\t\t\t\t\t\t\t<span class=\"content-mail\"><br\/><span class=\"contact-pre\">E<\/span>  <a href=\"javascript:secureDecryptAndNavigate('6tL40e8wL3fIfpO6MdR8LUn5JwJuj1rcFA+3ShS3O5UEqlBUft6DaKMEO2RBF4TWRa+PTwujAs9aeTgePaePSnhhCbvcXj1AQek=', '7fb6b0a631c756e2798c0419dd401ac6392a180022e45865affe1bd81a905598')\">l.nockelmann@sha.de<\/a><\/span>\n\t\t\t\t\t\t\t\t\t\t\t\t\t\t\t\t\t\t<\/p>\n\t\t<\/div>\n\t<\/div>\n\t\t\t<\/div>\n\n\t<\/div>\n<\/article>\n\t\t\t\t\t\t\t<\/div>\n\t\t\t\t\t\t\t<div id=\"team-popup-37092\" class=\"popup person-popup  person-popup-small popup-wrap bg-alternate fullwidth p-default mfp-hide\">\n\t<div class=\"popup-column popup-column-person card-entry person-entry bg-main flex_column  av_one_half first\">\n\t\t<article id=\"\" class=\"   text-align-     \">\n\t<div class=\"card-entry__inner\">\n\t\t\n\t<div class=\"card-entry__media media-type-\">\n\t\t<div class=\"card-entry__media-inner\">\n\t\t\t\t\t\t\t<img decoding=\"async\" src=\"https:\/\/sha-luzern.ch\/wp-content\/uploads\/Nockelmann_2_706x313-706x313.jpg\" \/>\n\t\t\t\t\t<\/div>\n\t<\/div>\n\n\t<div class=\"card_entry__content-wrap\">\n\t\t\t\t\t<div class=\"card-entry__heading\">\n\t<div class=\"card-entry__heading-inner\">\n\n\n\t\t\t\n\t\t\t\t\t\t\t<span class=\"card-entry__subheadline card-entry__title person-job \">\n\t\t\t\t\tM\u0142odszy architekt | Licencjat\n\t\t\t\t<\/span>\n\t\t\t\n\t\t\t\n\t\t\t\t\t\t\t<h3 class=\"card-entry__headline person-name \">\n\t\t\t\t\t<span class=\"name-first\">Lucas <\/span><span class=\"name-last\">Nockelmann<\/span>\n\t\t\t\t<\/h3>\n\t\t\t\n\t\t\t\t\t\t\t<span class=\"card-entry__subheadline person-job \">\n\t\t\t\t\tZarz\u0105dzanie budow\u0105\n\t\t\t\t<\/span>\n\t\t\t\n\t\t\n\t<\/div>\n<\/div>\n\t\t\n\n\t\t\t\t\t<div class=\"card-entry__content content-type-default\">\n\t\t\t\t<div class=\"card-entry__content-inner\">\n\t\t\t\t\t<h3 class=\"popup-headline\">Koncentracja na SHA<\/h3>\n\t\t\t\t\t<p class=\"card-entry__contents desc\">\n\t\t\t\t\t\tLucas Nockelmann pracuje dla nas w ca\u0142ych Niemczech i zapewnia, \u017ce wszystkie osoby zaanga\u017cowane na placu budowy pod\u0105\u017caj\u0105 w tym samym kierunku.\nJest po stronie klienta i koordynuje wszystkie procesy, aby zapewni\u0107 sprawn\u0105 realizacj\u0119 naszych projekt\u00f3w budowlanych. \n\t\t\t\t\t<\/p>\n\t\t\t\t<\/div>\n\t\t\t<\/div>\n\t\t\n\t<\/div>\n\n\t<\/div>\n<\/article>\n\t<\/div>\n\n\t<div class=\"popup-columns-wrap flex_column  av_one_half\">\n\t\t<div class=\"popup-column popup-column-career flex_column  av_one_full first bg-alternate\">\n\t\t\t<h2 class=\"popup-headline\">Kariera<\/h2>\n\t\t\t<ul class=\"popup-list popup-list-career\">\n\t\t\t\t\t\t\t\t\t\t\t\t\t\t\t\t\t\t\t\t\t\t<li class=\"popup-list__headline popup-list__headline-career\">\n\t\t\t\t\t\t\t\t<span class=\"popup-point popup-point--career headline\">Praca<\/span>\n\t\t\t\t\t\t\t<\/li>\n\t\t\t\t\t\t\t\t\t\t\t\t\t\t\t\t\t\t\t\t\t\t\t\t<li class=\"popup-list__item popup-list__item-career\">\n\t\t\t\t\t\t\t\t<span class=\"popup-point popup-point--career timespan\">od 2020 r.<\/span>\n\t\t\t\t\t\t\t\t<span class=\"popup-point popup-point--career point\">SHA Scheffler Helbich Architekten GmbH<\/span>\n\t\t\t\t\t\t\t<\/li>\n\t\t\t\t\t\t\t\t\t\t\t\t\t\t\t\t\t\t\t\t\t\t\t\t<li class=\"popup-list__headline popup-list__headline-career\">\n\t\t\t\t\t\t\t\t<span class=\"popup-point popup-point--career headline\">Studia i szkolenia<\/span>\n\t\t\t\t\t\t\t<\/li>\n\t\t\t\t\t\t\t\t\t\t\t\t\t\t\t\t\t\t\t\t\t\t\t\t<li class=\"popup-list__item popup-list__item-career\">\n\t\t\t\t\t\t\t\t<span class=\"popup-point popup-point--career timespan\">2018-2022<\/span>\n\t\t\t\t\t\t\t\t<span class=\"popup-point popup-point--career point\">Studiowa\u0142 na Wydziale Architektury Uniwersytetu Nauk Stosowanych i Sztuki w Dortmundzie.<\/span>\n\t\t\t\t\t\t\t<\/li>\n\t\t\t\t\t\t\t\t\t\t\t\t\t\t\t\t\t\t\t\t\t\t\t\t<li class=\"popup-list__item popup-list__item-career\">\n\t\t\t\t\t\t\t\t<span class=\"popup-point popup-point--career timespan\">od 2023 r.<\/span>\n\t\t\t\t\t\t\t\t<span class=\"popup-point popup-point--career point\">Studia na Uniwersytecie w Wuppertalu (zarz\u0105dzanie budownictwem)<\/span>\n\t\t\t\t\t\t\t<\/li>\n\t\t\t\t\t\t\t\t\t\t\t\t\t\t\t\t\t\t<\/ul>\n\t\t<\/div>\n\t\t\t<\/div>\n<\/div>\n\n\t\t\t\t\t\t\t\n\t\t\t\t\t\t\t\t\t\t\t\t\t\t\n\t\t\t\t\t\t\t\t\t\t\t\t\t<div class=\"flex_column av_one_third bg-alternate teamgrid-column  column-top-margin\">\n\t\t\t\t\t\t\t\t<article id=\"\" class=\"card-entry person-entry   text-align-left     has-button \">\n\t<div class=\"card-entry__inner\">\n\t\t\n\t<div class=\"card-entry__media media-type-\">\n\t\t<div class=\"card-entry__media-inner\">\n\t\t\t\t\t\t\t<div class=\"card-entry__action\">\n\t<div class=\"card-entry__action-inner\">\n\t\t<div class=\"card-entry__button-wrap avia-button-wrap avia-button-right theme-fill\">\n\t\t\t\t\t\t\t<a class=\"card-entry__button avia-button avia-button color-ci-black hover-yellow avia-size-small popup-toggle avia-position-right no-scroll\" href=\"#team-popup-55346\">\n\t\t\t\t\t<span class=\"button-icon\"><i class=\"icon-arrow_next\"><\/i><\/span><span class=\"button-text\">Prosz\u0119 dowiedzie\u0107 si\u0119 wi\u0119cej<\/span>\n\t\t\t\t<\/a>\n\t\t\t\t\t<\/div>\n\t<\/div>\n<\/div>\n\t\t\t\t\t\t\t\t\t\t\t\t\t\t\t<img decoding=\"async\" src=\"https:\/\/sha-luzern.ch\/wp-content\/uploads\/web-005-\u00a9gescheschmidt-sha-12.9.25-wladimir-kadryaev-e1762340211734-706x313.jpg\" \/>\n\t\t\t\t\t\t\t\t\t<\/div>\n\t<\/div>\n\n\t<div class=\"card_entry__content-wrap\">\n\t\t\t\t\t<div class=\"card-entry__heading\">\n\t<div class=\"card-entry__heading-inner\">\n\n\n\t\t\t\n\t\t\t\n\t\t\t\n\t\t\t\t\t\t\t<h3 class=\"card-entry__headline person-name \">\n\t\t\t\t\t<span class=\"name-first\">Wladimir <\/span><span class=\"name-last\">Kadryaev<\/span>\n\t\t\t\t<\/h3>\n\t\t\t\n\t\t\t\t\t\t\t<span class=\"card-entry__subheadline person-job \">\n\t\t\t\t\tPlanowanie pracy student\u00f3w\n\t\t\t\t<\/span>\n\t\t\t\n\t\t\n\t<\/div>\n<\/div>\n\t\t\t\t\t\t\t\t<div class=\"card-entry__content content-type-default\">\n\t\t<div class=\"card-entry__content-inner\">\n\t\t\t<p class=\"card-entry__contents\">\n\t\t\t\t\t\t\t\t\t\t\t\t\t\t\t\t\t\t\t\t\t\t<span class=\"content-phone\"><span class=\"contact-pre\">T<\/span> <a href=\"tel:+4923144202064\">+49 (231) 44 20 20 64<\/a><\/span>\n\t\t\t\t\t\t\t\t\t\t\t\t\t\t\t\t\t\t\t\t\t\t\t\t<span class=\"content-mail\"><br\/><span class=\"contact-pre\">E<\/span>  <a href=\"javascript:secureDecryptAndNavigate('I2eb9wiRTB1HoipuLE8fMEoCkVmlb83FGKQDppEEEGlYnSZyX2B3o3I\/Jd6dMstrBLli0NlDXgdMUfGdq\/QNHlo0HO4Hxcj8', '7fb6b0a631c756e2798c0419dd401ac6392a180022e45865affe1bd81a905598')\">w.kadryaev@sha.de<\/a><\/span>\n\t\t\t\t\t\t\t\t\t\t\t\t\t\t\t\t\t\t<\/p>\n\t\t<\/div>\n\t<\/div>\n\t\t\t<\/div>\n\n\t<\/div>\n<\/article>\n\t\t\t\t\t\t\t<\/div>\n\t\t\t\t\t\t\t<div id=\"team-popup-55346\" class=\"popup person-popup  person-popup-small popup-wrap bg-alternate fullwidth p-default mfp-hide\">\n\t<div class=\"popup-column popup-column-person card-entry person-entry bg-main flex_column  av_one_half first\">\n\t\t<article id=\"\" class=\"   text-align-     \">\n\t<div class=\"card-entry__inner\">\n\t\t\n\t<div class=\"card-entry__media media-type-\">\n\t\t<div class=\"card-entry__media-inner\">\n\t\t\t\t\t\t\t<img decoding=\"async\" src=\"https:\/\/sha-luzern.ch\/wp-content\/uploads\/web-005-\u00a9gescheschmidt-sha-12.9.25-wladimir-kadryaev-e1762340211734-706x313.jpg\" \/>\n\t\t\t\t\t<\/div>\n\t<\/div>\n\n\t<div class=\"card_entry__content-wrap\">\n\t\t\t\t\t<div class=\"card-entry__heading\">\n\t<div class=\"card-entry__heading-inner\">\n\n\n\t\t\t\n\t\t\t\n\t\t\t\n\t\t\t\t\t\t\t<h3 class=\"card-entry__headline person-name \">\n\t\t\t\t\t<span class=\"name-first\">Wladimir <\/span><span class=\"name-last\">Kadryaev<\/span>\n\t\t\t\t<\/h3>\n\t\t\t\n\t\t\t\t\t\t\t<span class=\"card-entry__subheadline person-job \">\n\t\t\t\t\tPlanowanie pracy student\u00f3w\n\t\t\t\t<\/span>\n\t\t\t\n\t\t\n\t<\/div>\n<\/div>\n\t\t\n\n\t\t\t\t\t<div class=\"card-entry__content content-type-default\">\n\t\t\t\t<div class=\"card-entry__content-inner\">\n\t\t\t\t\t<h3 class=\"popup-headline\">Koncentracja na SHA<\/h3>\n\t\t\t\t\t<p class=\"card-entry__contents desc\">\n\t\t\t\t\t\tWladimir Kadryaev wspiera zesp\u00f3\u0142 projektowy w fazie projektowania i realizacji. Nasi studenci s\u0105 zatrudniani we wszystkich bie\u017c\u0105cych projektach w zale\u017cno\u015bci od potrzeb.\n\t\t\t\t\t<\/p>\n\t\t\t\t<\/div>\n\t\t\t<\/div>\n\t\t\n\t<\/div>\n\n\t<\/div>\n<\/article>\n\t<\/div>\n\n\t<div class=\"popup-columns-wrap flex_column  av_one_half\">\n\t\t<div class=\"popup-column popup-column-career flex_column  av_one_full first bg-alternate\">\n\t\t\t<h2 class=\"popup-headline\">Kariera<\/h2>\n\t\t\t<ul class=\"popup-list popup-list-career\">\n\t\t\t\t\t\t\t\t\t\t\t\t\t\t\t\t\t\t\t\t\t\t<li class=\"popup-list__headline popup-list__headline-career\">\n\t\t\t\t\t\t\t\t<span class=\"popup-point popup-point--career headline\">Praca<\/span>\n\t\t\t\t\t\t\t<\/li>\n\t\t\t\t\t\t\t\t\t\t\t\t\t\t\t\t\t\t\t\t\t\t\t\t<li class=\"popup-list__item popup-list__item-career\">\n\t\t\t\t\t\t\t\t<span class=\"popup-point popup-point--career timespan\">od 2025 r.<\/span>\n\t\t\t\t\t\t\t\t<span class=\"popup-point popup-point--career point\">SHA Scheffler Helbich Architekten GmbH; student pracuj\u0105cy<\/span>\n\t\t\t\t\t\t\t<\/li>\n\t\t\t\t\t\t\t\t\t\t\t\t\t\t\t\t\t\t\t\t\t\t\t\t<li class=\"popup-list__headline popup-list__headline-career\">\n\t\t\t\t\t\t\t\t<span class=\"popup-point popup-point--career headline\">Studia i szkolenia<\/span>\n\t\t\t\t\t\t\t<\/li>\n\t\t\t\t\t\t\t\t\t\t\t\t\t\t\t\t\t\t\t\t\t\t\t\t<li class=\"popup-list__item popup-list__item-career\">\n\t\t\t\t\t\t\t\t<span class=\"popup-point popup-point--career timespan\">od 2022 r.<\/span>\n\t\t\t\t\t\t\t\t<span class=\"popup-point popup-point--career point\">Studia licencjackie z architektury i urbanistyki, FH M\u00fcnster MSA | M\u00fcnster School of Architecture<\/span>\n\t\t\t\t\t\t\t<\/li>\n\t\t\t\t\t\t\t\t\t\t\t\t\t\t\t\t\t\t<\/ul>\n\t\t<\/div>\n\t\t\t<\/div>\n<\/div>\n\n\t\t\t\t\t\t\t\n\t\t\t\t\t\t\t\t\t\t\t\t\t\t\n\t\t\t\t\t\t\t\t\t\t\t\t\t<div class=\"flex_column av_one_third bg-alternate teamgrid-column first column-top-margin\">\n\t\t\t\t\t\t\t\t<article id=\"\" class=\"card-entry person-entry   text-align-left     has-button \">\n\t<div class=\"card-entry__inner\">\n\t\t\n\t<div class=\"card-entry__media media-type-\">\n\t\t<div class=\"card-entry__media-inner\">\n\t\t\t\t\t\t\t<div class=\"card-entry__action\">\n\t<div class=\"card-entry__action-inner\">\n\t\t<div class=\"card-entry__button-wrap avia-button-wrap avia-button-right theme-fill\">\n\t\t\t\t\t\t\t<a class=\"card-entry__button avia-button avia-button color-ci-black hover-yellow avia-size-small popup-toggle avia-position-right no-scroll\" href=\"#team-popup-37064\">\n\t\t\t\t\t<span class=\"button-icon\"><i class=\"icon-arrow_next\"><\/i><\/span><span class=\"button-text\">Prosz\u0119 dowiedzie\u0107 si\u0119 wi\u0119cej<\/span>\n\t\t\t\t<\/a>\n\t\t\t\t\t<\/div>\n\t<\/div>\n<\/div>\n\t\t\t\t\t\t\t\t\t\t\t\t\t\t\t<img decoding=\"async\" src=\"https:\/\/sha-luzern.ch\/wp-content\/uploads\/Kaleja2.png\" \/>\n\t\t\t\t\t\t\t\t\t<\/div>\n\t<\/div>\n\n\t<div class=\"card_entry__content-wrap\">\n\t\t\t\t\t<div class=\"card-entry__heading\">\n\t<div class=\"card-entry__heading-inner\">\n\n\n\t\t\t\n\t\t\t\n\t\t\t\n\t\t\t\t\t\t\t<h3 class=\"card-entry__headline person-name \">\n\t\t\t\t\t<span class=\"name-first\">Dorota <\/span><span class=\"name-last\">Kieseheier<\/span>\n\t\t\t\t<\/h3>\n\t\t\t\n\t\t\t\t\t\t\t<span class=\"card-entry__subheadline person-job \">\n\t\t\t\t\tFinanse i kontroling\n\t\t\t\t<\/span>\n\t\t\t\n\t\t\n\t<\/div>\n<\/div>\n\t\t\t\t\t\t\t\t<div class=\"card-entry__content content-type-default\">\n\t\t<div class=\"card-entry__content-inner\">\n\t\t\t<p class=\"card-entry__contents\">\n\t\t\t\t\t\t\t\t\t\t\t\t\t\t\t\t\t\t\t\t\t\t<span class=\"content-phone\"><span class=\"contact-pre\">T<\/span> <a href=\"tel:+4923144202088\">+49 (231) 44 20 20 88<\/a><\/span>\n\t\t\t\t\t\t\t\t\t\t\t\t\t\t\t\t\t\t\t\t\t\t\t\t<span class=\"content-mail\"><br\/><span class=\"contact-pre\">E<\/span>  <a href=\"javascript:secureDecryptAndNavigate('\/UvTmF0aJE2aFErLVEXzhNxEvaE3gP8D3SWnpqFdJHqYENzp0gwKgR2jvDlNOcIwNx3GPkAswuOkTprtLXXrA5m4dzBvkbtassQ=', '7fb6b0a631c756e2798c0419dd401ac6392a180022e45865affe1bd81a905598')\">d.kieseheier@sha.de<\/a><\/span>\n\t\t\t\t\t\t\t\t\t\t\t\t\t\t\t\t\t\t<\/p>\n\t\t<\/div>\n\t<\/div>\n\t\t\t<\/div>\n\n\t<\/div>\n<\/article>\n\t\t\t\t\t\t\t<\/div>\n\t\t\t\t\t\t\t<div id=\"team-popup-37064\" class=\"popup person-popup  person-popup-small popup-wrap bg-alternate fullwidth p-default mfp-hide\">\n\t<div class=\"popup-column popup-column-person card-entry person-entry bg-main flex_column  av_one_half first\">\n\t\t<article id=\"\" class=\"   text-align-     \">\n\t<div class=\"card-entry__inner\">\n\t\t\n\t<div class=\"card-entry__media media-type-\">\n\t\t<div class=\"card-entry__media-inner\">\n\t\t\t\t\t\t\t<img decoding=\"async\" src=\"https:\/\/sha-luzern.ch\/wp-content\/uploads\/Kaleja2.png\" \/>\n\t\t\t\t\t<\/div>\n\t<\/div>\n\n\t<div class=\"card_entry__content-wrap\">\n\t\t\t\t\t<div class=\"card-entry__heading\">\n\t<div class=\"card-entry__heading-inner\">\n\n\n\t\t\t\n\t\t\t\n\t\t\t\n\t\t\t\t\t\t\t<h3 class=\"card-entry__headline person-name \">\n\t\t\t\t\t<span class=\"name-first\">Dorota <\/span><span class=\"name-last\">Kieseheier<\/span>\n\t\t\t\t<\/h3>\n\t\t\t\n\t\t\t\t\t\t\t<span class=\"card-entry__subheadline person-job \">\n\t\t\t\t\tFinanse i kontroling\n\t\t\t\t<\/span>\n\t\t\t\n\t\t\n\t<\/div>\n<\/div>\n\t\t\n\n\t\t\n\t<\/div>\n\n\t<\/div>\n<\/article>\n\t<\/div>\n\n\t<div class=\"popup-columns-wrap flex_column  av_one_half\">\n\t\t<div class=\"popup-column popup-column-career flex_column  av_one_full first bg-alternate\">\n\t\t\t<h2 class=\"popup-headline\">Kariera<\/h2>\n\t\t\t<ul class=\"popup-list popup-list-career\">\n\t\t\t\t\t\t\t\t\t\t\t\t\t\t\t\t\t\t\t\t\t\t<li class=\"popup-list__headline popup-list__headline-career\">\n\t\t\t\t\t\t\t\t<span class=\"popup-point popup-point--career headline\">Praca<\/span>\n\t\t\t\t\t\t\t<\/li>\n\t\t\t\t\t\t\t\t\t\t\t\t\t\t\t\t\t\t\t\t\t\t\t\t<li class=\"popup-list__item popup-list__item-career\">\n\t\t\t\t\t\t\t\t<span class=\"popup-point popup-point--career timespan\">od 2024 r.<\/span>\n\t\t\t\t\t\t\t\t<span class=\"popup-point popup-point--career point\">SHA Scheffler Helbich Architekten GmbH<\/span>\n\t\t\t\t\t\t\t<\/li>\n\t\t\t\t\t\t\t\t\t\t\t\t\t\t\t\t\t\t\t\t\t\t\t\t<li class=\"popup-list__item popup-list__item-career\">\n\t\t\t\t\t\t\t\t<span class=\"popup-point popup-point--career timespan\">2017 - 2024<\/span>\n\t\t\t\t\t\t\t\t<span class=\"popup-point popup-point--career point\">Fleischhacker GmbH & Co KG, Schwerte<\/span>\n\t\t\t\t\t\t\t<\/li>\n\t\t\t\t\t\t\t\t\t\t\t\t\t\t\t\t\t\t\t\t\t\t\t\t<li class=\"popup-list__item popup-list__item-career\">\n\t\t\t\t\t\t\t\t<span class=\"popup-point popup-point--career timespan\">2014 - 2016<\/span>\n\t\t\t\t\t\t\t\t<span class=\"popup-point popup-point--career point\">ATLAS GmbH & Co KG, Dortmund<\/span>\n\t\t\t\t\t\t\t<\/li>\n\t\t\t\t\t\t\t\t\t\t\t\t\t\t\t\t\t\t\t\t\t\t\t\t<li class=\"popup-list__item popup-list__item-career\">\n\t\t\t\t\t\t\t\t<span class=\"popup-point popup-point--career timespan\">2008 - 2014<\/span>\n\t\t\t\t\t\t\t\t<span class=\"popup-point popup-point--career point\">HE-SIE K\u00e4ltetechnik GmbH & CO. KG, Dortmund<\/span>\n\t\t\t\t\t\t\t<\/li>\n\t\t\t\t\t\t\t\t\t\t\t\t\t\t\t\t\t\t\t\t\t\t\t\t<li class=\"popup-list__headline popup-list__headline-career\">\n\t\t\t\t\t\t\t\t<span class=\"popup-point popup-point--career headline\">Studia i szkolenia<\/span>\n\t\t\t\t\t\t\t<\/li>\n\t\t\t\t\t\t\t\t\t\t\t\t\t\t\t\t\t\t\t\t\t\t\t\t<li class=\"popup-list__item popup-list__item-career\">\n\t\t\t\t\t\t\t\t<span class=\"popup-point popup-point--career timespan\">2011 - 2014<\/span>\n\t\t\t\t\t\t\t\t<span class=\"popup-point popup-point--career point\">Dalsze szkolenie jako certyfikowany przez pa\u0144stwo ekonomista biznesowy specjalizuj\u0105cy si\u0119 w rachunkowo\u015bci<\/span>\n\t\t\t\t\t\t\t<\/li>\n\t\t\t\t\t\t\t\t\t\t\t\t\t\t\t\t\t\t\t\t\t\t\t\t<li class=\"popup-list__item popup-list__item-career\">\n\t\t\t\t\t\t\t\t<span class=\"popup-point popup-point--career timespan\">2005 - 2008<\/span>\n\t\t\t\t\t\t\t\t<span class=\"popup-point popup-point--career point\">Sta\u017c jako pracownik biurowy<\/span>\n\t\t\t\t\t\t\t<\/li>\n\t\t\t\t\t\t\t\t\t\t\t\t\t\t\t\t\t\t<\/ul>\n\t\t<\/div>\n\t\t\t<\/div>\n<\/div>\n\n\t\t\t\t\t\t\t\n\t\t\t\t\t\t\t\t\t\t\t\t\t\t\n\t\t\t\t\t\t\t\t\t\t\t\t\t<div class=\"flex_column av_one_third bg-alternate teamgrid-column  column-top-margin\">\n\t\t\t\t\t\t\t\t<article id=\"\" class=\"card-entry person-entry   text-align-left     has-button \">\n\t<div class=\"card-entry__inner\">\n\t\t\n\t<div class=\"card-entry__media media-type-\">\n\t\t<div class=\"card-entry__media-inner\">\n\t\t\t\t\t\t\t<div class=\"card-entry__action\">\n\t<div class=\"card-entry__action-inner\">\n\t\t<div class=\"card-entry__button-wrap avia-button-wrap avia-button-right theme-fill\">\n\t\t\t\t\t\t\t<a class=\"card-entry__button avia-button avia-button color-ci-black hover-yellow avia-size-small popup-toggle avia-position-right no-scroll\" href=\"#team-popup-53579\">\n\t\t\t\t\t<span class=\"button-icon\"><i class=\"icon-arrow_next\"><\/i><\/span><span class=\"button-text\">Prosz\u0119 dowiedzie\u0107 si\u0119 wi\u0119cej<\/span>\n\t\t\t\t<\/a>\n\t\t\t\t\t<\/div>\n\t<\/div>\n<\/div>\n\t\t\t\t\t\t\t\t\t\t\t\t\t\t\t<img decoding=\"async\" src=\"https:\/\/sha-luzern.ch\/wp-content\/uploads\/Dummy_frau2-1-706x313.jpg\" \/>\n\t\t\t\t\t\t\t\t\t<\/div>\n\t<\/div>\n\n\t<div class=\"card_entry__content-wrap\">\n\t\t\t\t\t<div class=\"card-entry__heading\">\n\t<div class=\"card-entry__heading-inner\">\n\n\n\t\t\t\n\t\t\t\n\t\t\t\n\t\t\t\t\t\t\t<h3 class=\"card-entry__headline person-name \">\n\t\t\t\t\t<span class=\"name-first\">Alessandra <\/span><span class=\"name-last\">Ferreira Leite<\/span>\n\t\t\t\t<\/h3>\n\t\t\t\n\t\t\t\t\t\t\t<span class=\"card-entry__subheadline person-job \">\n\t\t\t\t\tPlanowanie pracy student\u00f3w\n\t\t\t\t<\/span>\n\t\t\t\n\t\t\n\t<\/div>\n<\/div>\n\t\t\t\t\t\t\t\t<div class=\"card-entry__content content-type-default\">\n\t\t<div class=\"card-entry__content-inner\">\n\t\t\t<p class=\"card-entry__contents\">\n\t\t\t\t\t\t\t\t\t\t\t\t\t\t\t\t\t\t\t\t\t\t<span class=\"content-phone\"><span class=\"contact-pre\">T<\/span> <a href=\"tel:+493023327570\">+49 (30) 23 32 757 0<\/a><\/span>\n\t\t\t\t\t\t\t\t\t\t\t\t\t\t\t\t\t\t\t\t\t\t\t\t<span class=\"content-mail\"><br\/><span class=\"contact-pre\">E<\/span>  <a href=\"javascript:secureDecryptAndNavigate('Yvq0fG\/UwTA8hsFBk583K8h6vF4MUW8RJQ\/TAU9Ucplik\/aPCsT0bCabXLG3z2bF2wH\/ac6ZiZOXeOifL1xyR0uZkf5TzTW2HA6Te0vp', '7fb6b0a631c756e2798c0419dd401ac6392a180022e45865affe1bd81a905598')\">a.ferreira-leite@sha.de<\/a><\/span>\n\t\t\t\t\t\t\t\t\t\t\t\t\t\t\t\t\t\t<\/p>\n\t\t<\/div>\n\t<\/div>\n\t\t\t<\/div>\n\n\t<\/div>\n<\/article>\n\t\t\t\t\t\t\t<\/div>\n\t\t\t\t\t\t\t<div id=\"team-popup-53579\" class=\"popup person-popup  person-popup-small popup-wrap bg-alternate fullwidth p-default mfp-hide\">\n\t<div class=\"popup-column popup-column-person card-entry person-entry bg-main flex_column  av_one_half first\">\n\t\t<article id=\"\" class=\"   text-align-     \">\n\t<div class=\"card-entry__inner\">\n\t\t\n\t<div class=\"card-entry__media media-type-\">\n\t\t<div class=\"card-entry__media-inner\">\n\t\t\t\t\t\t\t<img decoding=\"async\" src=\"https:\/\/sha-luzern.ch\/wp-content\/uploads\/Dummy_frau2-1-706x313.jpg\" \/>\n\t\t\t\t\t<\/div>\n\t<\/div>\n\n\t<div class=\"card_entry__content-wrap\">\n\t\t\t\t\t<div class=\"card-entry__heading\">\n\t<div class=\"card-entry__heading-inner\">\n\n\n\t\t\t\n\t\t\t\n\t\t\t\n\t\t\t\t\t\t\t<h3 class=\"card-entry__headline person-name \">\n\t\t\t\t\t<span class=\"name-first\">Alessandra <\/span><span class=\"name-last\">Ferreira Leite<\/span>\n\t\t\t\t<\/h3>\n\t\t\t\n\t\t\t\t\t\t\t<span class=\"card-entry__subheadline person-job \">\n\t\t\t\t\tPlanowanie pracy student\u00f3w\n\t\t\t\t<\/span>\n\t\t\t\n\t\t\n\t<\/div>\n<\/div>\n\t\t\n\n\t\t\n\t<\/div>\n\n\t<\/div>\n<\/article>\n\t<\/div>\n\n\t<div class=\"popup-columns-wrap flex_column  av_one_half\">\n\t\t<div class=\"popup-column popup-column-career flex_column  av_one_full first bg-alternate\">\n\t\t\t<h2 class=\"popup-headline\">Kariera<\/h2>\n\t\t\t<ul class=\"popup-list popup-list-career\">\n\t\t\t\t\t\t\t\t\t\t\t\t\t\t\t\t\t\t\t\t\t\t<li class=\"popup-list__headline popup-list__headline-career\">\n\t\t\t\t\t\t\t\t<span class=\"popup-point popup-point--career headline\">Praca<\/span>\n\t\t\t\t\t\t\t<\/li>\n\t\t\t\t\t\t\t\t\t\t\t\t\t\t\t\t\t\t\t\t\t\t\t\t<li class=\"popup-list__item popup-list__item-career\">\n\t\t\t\t\t\t\t\t<span class=\"popup-point popup-point--career timespan\">od 2025 r.<\/span>\n\t\t\t\t\t\t\t\t<span class=\"popup-point popup-point--career point\">SHA Scheffler Helbich Architekten GmbH<\/span>\n\t\t\t\t\t\t\t<\/li>\n\t\t\t\t\t\t\t\t\t\t\t\t\t\t\t\t\t\t\t\t\t\t\t\t<li class=\"popup-list__item popup-list__item-career\">\n\t\t\t\t\t\t\t\t<span class=\"popup-point popup-point--career timespan\">2024 - 2025<\/span>\n\t\t\t\t\t\t\t\t<span class=\"popup-point popup-point--career point\">raumdeuter GbR<\/span>\n\t\t\t\t\t\t\t<\/li>\n\t\t\t\t\t\t\t\t\t\t\t\t\t\t\t\t\t\t\t\t\t\t\t\t<li class=\"popup-list__headline popup-list__headline-career\">\n\t\t\t\t\t\t\t\t<span class=\"popup-point popup-point--career headline\">Studia i szkolenia<\/span>\n\t\t\t\t\t\t\t<\/li>\n\t\t\t\t\t\t\t\t\t\t\t\t\t\t\t\t\t\t\t\t\t\t\t\t<li class=\"popup-list__item popup-list__item-career\">\n\t\t\t\t\t\t\t\t<span class=\"popup-point popup-point--career timespan\">od 2025 r.<\/span>\n\t\t\t\t\t\t\t\t<span class=\"popup-point popup-point--career point\">Licencjat z in\u017cynierii l\u0105dowej, Uniwersytet Techniczny w Berlinie<\/span>\n\t\t\t\t\t\t\t<\/li>\n\t\t\t\t\t\t\t\t\t\t\t\t\t\t\t\t\t\t\t\t\t\t\t\t<li class=\"popup-list__item popup-list__item-career\">\n\t\t\t\t\t\t\t\t<span class=\"popup-point popup-point--career timespan\">2021 - 2024<\/span>\n\t\t\t\t\t\t\t\t<span class=\"popup-point popup-point--career point\">Licencjat z architektury, Uniwersytet Techniczny w Berlinie<\/span>\n\t\t\t\t\t\t\t<\/li>\n\t\t\t\t\t\t\t\t\t\t\t\t\t\t\t\t\t\t<\/ul>\n\t\t<\/div>\n\t\t\t<\/div>\n<\/div>\n\n\t\t\t\t\t\t\t\n\t\t\t\t\t\t\t\t\t\t\t\t\t\t\n\t\t\t\t\t\t\t\t\t\t\t\t\t<div class=\"flex_column av_one_third bg-alternate teamgrid-column  column-top-margin\">\n\t\t\t\t\t\t\t\t<article id=\"\" class=\"card-entry person-entry   text-align-left     has-button \">\n\t<div class=\"card-entry__inner\">\n\t\t\n\t<div class=\"card-entry__media media-type-\">\n\t\t<div class=\"card-entry__media-inner\">\n\t\t\t\t\t\t\t<div class=\"card-entry__action\">\n\t<div class=\"card-entry__action-inner\">\n\t\t<div class=\"card-entry__button-wrap avia-button-wrap avia-button-right theme-fill\">\n\t\t\t\t\t\t\t<a class=\"card-entry__button avia-button avia-button color-ci-black hover-yellow avia-size-small popup-toggle avia-position-right no-scroll\" href=\"#team-popup-55358\">\n\t\t\t\t\t<span class=\"button-icon\"><i class=\"icon-arrow_next\"><\/i><\/span><span class=\"button-text\">Prosz\u0119 dowiedzie\u0107 si\u0119 wi\u0119cej<\/span>\n\t\t\t\t<\/a>\n\t\t\t\t\t<\/div>\n\t<\/div>\n<\/div>\n\t\t\t\t\t\t\t\t\t\t\t\t\t\t\t<img decoding=\"async\" src=\"https:\/\/sha-luzern.ch\/wp-content\/uploads\/web-015-\u00a9gescheschmidt-sha-4.11.25-tanja-walbaum-schlosser-e1762348342604-706x313.jpg\" \/>\n\t\t\t\t\t\t\t\t\t<\/div>\n\t<\/div>\n\n\t<div class=\"card_entry__content-wrap\">\n\t\t\t\t\t<div class=\"card-entry__heading\">\n\t<div class=\"card-entry__heading-inner\">\n\n\n\t\t\t\n\t\t\t\n\t\t\t\n\t\t\t\t\t\t\t<h3 class=\"card-entry__headline person-name \">\n\t\t\t\t\t<span class=\"name-first\">Tanja <\/span><span class=\"name-last\">Wallbaum-Schlosser<\/span>\n\t\t\t\t<\/h3>\n\t\t\t\n\t\t\t\t\t\t\t<span class=\"card-entry__subheadline person-job \">\n\t\t\t\t\tAsystentka zespo\u0142u | Recepcja \n\t\t\t\t<\/span>\n\t\t\t\n\t\t\n\t<\/div>\n<\/div>\n\t\t\t\t\t\t\t\t<div class=\"card-entry__content content-type-default\">\n\t\t<div class=\"card-entry__content-inner\">\n\t\t\t<p class=\"card-entry__contents\">\n\t\t\t\t\t\t\t\t\t\t\t\t\t\t\t\t\t\t\t\t\t\t<span class=\"content-phone\"><span class=\"contact-pre\">T<\/span> <a href=\"tel:+492314420200\">+49 (231) 44 20 20 0<\/a><\/span>\n\t\t\t\t\t\t\t\t\t\t\t\t\t\t\t\t\t\t\t\t\t\t\t\t<span class=\"content-mail\"><br\/><span class=\"contact-pre\">E<\/span>  <a href=\"javascript:secureDecryptAndNavigate('efX5stHPrKL6Ojn8e7nfFkzOAJ+8yGopZsxsA09Yz40qIuZKBlLehHNBs9BcSmOrBER6nnX5yQ8YtEhzHORnv6fjvVqj5TThNnbOt890C0fG5Q==', '7fb6b0a631c756e2798c0419dd401ac6392a180022e45865affe1bd81a905598')\">t.wallbaum-schlosser@sha.de<\/a><\/span>\n\t\t\t\t\t\t\t\t\t\t\t\t\t\t\t\t\t\t<\/p>\n\t\t<\/div>\n\t<\/div>\n\t\t\t<\/div>\n\n\t<\/div>\n<\/article>\n\t\t\t\t\t\t\t<\/div>\n\t\t\t\t\t\t\t<div id=\"team-popup-55358\" class=\"popup person-popup  person-popup-small popup-wrap bg-alternate fullwidth p-default mfp-hide\">\n\t<div class=\"popup-column popup-column-person card-entry person-entry bg-main flex_column  av_one_half first\">\n\t\t<article id=\"\" class=\"   text-align-     \">\n\t<div class=\"card-entry__inner\">\n\t\t\n\t<div class=\"card-entry__media media-type-\">\n\t\t<div class=\"card-entry__media-inner\">\n\t\t\t\t\t\t\t<img decoding=\"async\" src=\"https:\/\/sha-luzern.ch\/wp-content\/uploads\/web-015-\u00a9gescheschmidt-sha-4.11.25-tanja-walbaum-schlosser-e1762348342604-706x313.jpg\" \/>\n\t\t\t\t\t<\/div>\n\t<\/div>\n\n\t<div class=\"card_entry__content-wrap\">\n\t\t\t\t\t<div class=\"card-entry__heading\">\n\t<div class=\"card-entry__heading-inner\">\n\n\n\t\t\t\n\t\t\t\n\t\t\t\n\t\t\t\t\t\t\t<h3 class=\"card-entry__headline person-name \">\n\t\t\t\t\t<span class=\"name-first\">Tanja <\/span><span class=\"name-last\">Wallbaum-Schlosser<\/span>\n\t\t\t\t<\/h3>\n\t\t\t\n\t\t\t\t\t\t\t<span class=\"card-entry__subheadline person-job \">\n\t\t\t\t\tAsystentka zespo\u0142u | Recepcja \n\t\t\t\t<\/span>\n\t\t\t\n\t\t\n\t<\/div>\n<\/div>\n\t\t\n\n\t\t\t\t\t<div class=\"card-entry__content content-type-default\">\n\t\t\t\t<div class=\"card-entry__content-inner\">\n\t\t\t\t\t<h3 class=\"popup-headline\">Koncentracja na SHA<\/h3>\n\t\t\t\t\t<p class=\"card-entry__contents desc\">\n\t\t\t\t\t\tTanja Wallbaum-Schlosser jest odpowiedzialna za sekretariat i recepcj\u0119 od 2025 roku oraz organizuje nasz\u0105 codzienn\u0105 prac\u0119 biurow\u0105. Z przyjemno\u015bci\u0105 wska\u017ce Pa\u0144stwu w\u0142a\u015bciw\u0105 osob\u0119 kontaktow\u0105 do realizacji Pa\u0144stwa projektu budowlanego. Zadzwo\u0144 do nas!\n\t\t\t\t\t<\/p>\n\t\t\t\t<\/div>\n\t\t\t<\/div>\n\t\t\n\t<\/div>\n\n\t<\/div>\n<\/article>\n\t<\/div>\n\n\t<div class=\"popup-columns-wrap flex_column  av_one_half\">\n\t\t<div class=\"popup-column popup-column-career flex_column  av_one_full first bg-alternate\">\n\t\t\t<h2 class=\"popup-headline\">Kariera<\/h2>\n\t\t\t<ul class=\"popup-list popup-list-career\">\n\t\t\t\t\t\t\t\t\t\t\t\t\t\t\t\t\t\t\t\t\t\t<li class=\"popup-list__headline popup-list__headline-career\">\n\t\t\t\t\t\t\t\t<span class=\"popup-point popup-point--career headline\">Praca<\/span>\n\t\t\t\t\t\t\t<\/li>\n\t\t\t\t\t\t\t\t\t\t\t\t\t\t\t\t\t\t\t\t\t\t\t\t<li class=\"popup-list__item popup-list__item-career\">\n\t\t\t\t\t\t\t\t<span class=\"popup-point popup-point--career timespan\">od 2025 r.<\/span>\n\t\t\t\t\t\t\t\t<span class=\"popup-point popup-point--career point\">SHA Scheffler Helbich Architekten GmbH<\/span>\n\t\t\t\t\t\t\t<\/li>\n\t\t\t\t\t\t\t\t\t\t\t\t\t\t\t\t\t\t<\/ul>\n\t\t<\/div>\n\t\t\t<\/div>\n<\/div>\n\n\t\t\t\t\t\t\t\n\t\t\t\t\t\t\t\t\t\t\t\t\t\t\n\t\t\t\t\t\t\t\t\t\t\t\t\t<div class=\"flex_column av_one_third bg-alternate teamgrid-column first column-top-margin\">\n\t\t\t\t\t\t\t\t<article id=\"\" class=\"card-entry person-entry   text-align-left     has-button \">\n\t<div class=\"card-entry__inner\">\n\t\t\n\t<div class=\"card-entry__media media-type-\">\n\t\t<div class=\"card-entry__media-inner\">\n\t\t\t\t\t\t\t<div class=\"card-entry__action\">\n\t<div class=\"card-entry__action-inner\">\n\t\t<div class=\"card-entry__button-wrap avia-button-wrap avia-button-right theme-fill\">\n\t\t\t\t\t\t\t<a class=\"card-entry__button avia-button avia-button color-ci-black hover-yellow avia-size-small popup-toggle avia-position-right no-scroll\" href=\"#team-popup-37047\">\n\t\t\t\t\t<span class=\"button-icon\"><i class=\"icon-arrow_next\"><\/i><\/span><span class=\"button-text\">Prosz\u0119 dowiedzie\u0107 si\u0119 wi\u0119cej<\/span>\n\t\t\t\t<\/a>\n\t\t\t\t\t<\/div>\n\t<\/div>\n<\/div>\n\t\t\t\t\t\t\t\t\t\t\t\t\t\t\t<img decoding=\"async\" src=\"https:\/\/sha-luzern.ch\/wp-content\/uploads\/Nitschke.png\" \/>\n\t\t\t\t\t\t\t\t\t<\/div>\n\t<\/div>\n\n\t<div class=\"card_entry__content-wrap\">\n\t\t\t\t\t<div class=\"card-entry__heading\">\n\t<div class=\"card-entry__heading-inner\">\n\n\n\t\t\t\n\t\t\t\n\t\t\t\n\t\t\t\t\t\t\t<h3 class=\"card-entry__headline person-name \">\n\t\t\t\t\t<span class=\"name-first\">Babette <\/span><span class=\"name-last\">Nitschke<\/span>\n\t\t\t\t<\/h3>\n\t\t\t\n\t\t\t\t\t\t\t<span class=\"card-entry__subheadline person-job \">\n\t\t\t\t\tPomoc zespo\u0142u | Recepcja\n\t\t\t\t<\/span>\n\t\t\t\n\t\t\n\t<\/div>\n<\/div>\n\t\t\t\t\t\t\t\t<div class=\"card-entry__content content-type-default\">\n\t\t<div class=\"card-entry__content-inner\">\n\t\t\t<p class=\"card-entry__contents\">\n\t\t\t\t\t\t\t\t\t\t\t\t\t\t\t\t\t\t\t\t\t\t<span class=\"content-phone\"><span class=\"contact-pre\">T<\/span> <a href=\"tel:+492314420200\">+49 (231) 44 20 20 0<\/a><\/span>\n\t\t\t\t\t\t\t\t\t\t\t\t\t\t\t\t\t\t\t\t\t\t\t\t<span class=\"content-mail\"><br\/><span class=\"contact-pre\">E<\/span>  <a href=\"javascript:secureDecryptAndNavigate('TkHfTKTILKIUcSlzZYBbieR4LxNBYi9CKPX6seyRqSaj4rVMwM4xsJ3xBl09E0IECZCC+BUdPb8h08BlQio+3R+ixq+\/wJ3+', '7fb6b0a631c756e2798c0419dd401ac6392a180022e45865affe1bd81a905598')\">b.nitschke@sha.de<\/a><\/span>\n\t\t\t\t\t\t\t\t\t\t\t\t\t\t\t\t\t\t<\/p>\n\t\t<\/div>\n\t<\/div>\n\t\t\t<\/div>\n\n\t<\/div>\n<\/article>\n\t\t\t\t\t\t\t<\/div>\n\t\t\t\t\t\t\t<div id=\"team-popup-37047\" class=\"popup person-popup  person-popup-small popup-wrap bg-alternate fullwidth p-default mfp-hide\">\n\t<div class=\"popup-column popup-column-person card-entry person-entry bg-main flex_column  av_one_half first\">\n\t\t<article id=\"\" class=\"   text-align-     \">\n\t<div class=\"card-entry__inner\">\n\t\t\n\t<div class=\"card-entry__media media-type-\">\n\t\t<div class=\"card-entry__media-inner\">\n\t\t\t\t\t\t\t<img decoding=\"async\" src=\"https:\/\/sha-luzern.ch\/wp-content\/uploads\/Nitschke.png\" \/>\n\t\t\t\t\t<\/div>\n\t<\/div>\n\n\t<div class=\"card_entry__content-wrap\">\n\t\t\t\t\t<div class=\"card-entry__heading\">\n\t<div class=\"card-entry__heading-inner\">\n\n\n\t\t\t\n\t\t\t\n\t\t\t\n\t\t\t\t\t\t\t<h3 class=\"card-entry__headline person-name \">\n\t\t\t\t\t<span class=\"name-first\">Babette <\/span><span class=\"name-last\">Nitschke<\/span>\n\t\t\t\t<\/h3>\n\t\t\t\n\t\t\t\t\t\t\t<span class=\"card-entry__subheadline person-job \">\n\t\t\t\t\tPomoc zespo\u0142u | Recepcja\n\t\t\t\t<\/span>\n\t\t\t\n\t\t\n\t<\/div>\n<\/div>\n\t\t\n\n\t\t\t\t\t<div class=\"card-entry__content content-type-default\">\n\t\t\t\t<div class=\"card-entry__content-inner\">\n\t\t\t\t\t<h3 class=\"popup-headline\">Koncentracja na SHA<\/h3>\n\t\t\t\t\t<p class=\"card-entry__contents desc\">\n\t\t\t\t\t\tBabette Nitschke jest odpowiedzialna za sekretariat i recepcj\u0119 od 2024 roku i organizuje dla nas codzienne \u017cycie biurowe.\nCh\u0119tnie skontaktuje Pa\u0144stwa z w\u0142a\u015bciw\u0105 osob\u0105 kontaktow\u0105 w sprawie Pa\u0144stwa projektu budowlanego.\nProsz\u0119 do nas zadzwoni\u0107!  \n\t\t\t\t\t<\/p>\n\t\t\t\t<\/div>\n\t\t\t<\/div>\n\t\t\n\t<\/div>\n\n\t<\/div>\n<\/article>\n\t<\/div>\n\n\t<div class=\"popup-columns-wrap flex_column  av_one_half\">\n\t\t<div class=\"popup-column popup-column-career flex_column  av_one_full first bg-alternate\">\n\t\t\t<h2 class=\"popup-headline\">Kariera<\/h2>\n\t\t\t<ul class=\"popup-list popup-list-career\">\n\t\t\t\t\t\t\t\t\t\t\t\t\t\t\t\t\t\t\t\t\t\t<li class=\"popup-list__headline popup-list__headline-career\">\n\t\t\t\t\t\t\t\t<span class=\"popup-point popup-point--career headline\">Praca<\/span>\n\t\t\t\t\t\t\t<\/li>\n\t\t\t\t\t\t\t\t\t\t\t\t\t\t\t\t\t\t\t\t\t\t\t\t<li class=\"popup-list__item popup-list__item-career\">\n\t\t\t\t\t\t\t\t<span class=\"popup-point popup-point--career timespan\">od 2024 r.<\/span>\n\t\t\t\t\t\t\t\t<span class=\"popup-point popup-point--career point\">SHA Scheffler Helbich Architekten GmbH<\/span>\n\t\t\t\t\t\t\t<\/li>\n\t\t\t\t\t\t\t\t\t\t\t\t\t\t\t\t\t\t\t\t\t\t\t\t<li class=\"popup-list__item popup-list__item-career\">\n\t\t\t\t\t\t\t\t<span class=\"popup-point popup-point--career timespan\">2021 - 2023<\/span>\n\t\t\t\t\t\t\t\t<span class=\"popup-point popup-point--career point\">Rozw\u00f3j projektu bcs-care, Witten<\/span>\n\t\t\t\t\t\t\t<\/li>\n\t\t\t\t\t\t\t\t\t\t\t\t\t\t\t\t\t\t\t\t\t\t\t\t<li class=\"popup-list__item popup-list__item-career\">\n\t\t\t\t\t\t\t\t<span class=\"popup-point popup-point--career timespan\">2020 - 2021<\/span>\n\t\t\t\t\t\t\t\t<span class=\"popup-point popup-point--career point\">Protremo, Sprockh\u00f6vel<\/span>\n\t\t\t\t\t\t\t<\/li>\n\t\t\t\t\t\t\t\t\t\t\t\t\t\t\t\t\t\t\t\t\t\t\t\t<li class=\"popup-list__item popup-list__item-career\">\n\t\t\t\t\t\t\t\t<span class=\"popup-point popup-point--career timespan\">2018 - 2019<\/span>\n\t\t\t\t\t\t\t\t<span class=\"popup-point popup-point--career point\">Pomys\u0142y na pok\u00f3j Christoph Oberste, Iserlohn<\/span>\n\t\t\t\t\t\t\t<\/li>\n\t\t\t\t\t\t\t\t\t\t\t\t\t\t\t\t\t\t\t\t\t\t\t\t<li class=\"popup-list__item popup-list__item-career\">\n\t\t\t\t\t\t\t\t<span class=\"popup-point popup-point--career timespan\">2008 - 2017<\/span>\n\t\t\t\t\t\t\t\t<span class=\"popup-point popup-point--career point\">Tengelmann Energie, M\u00fclheim a.d. Ruhr<\/span>\n\t\t\t\t\t\t\t<\/li>\n\t\t\t\t\t\t\t\t\t\t\t\t\t\t\t\t\t\t\t\t\t\t\t\t<li class=\"popup-list__item popup-list__item-career\">\n\t\t\t\t\t\t\t\t<span class=\"popup-point popup-point--career timespan\">1999 - 2008<\/span>\n\t\t\t\t\t\t\t\t<span class=\"popup-point popup-point--career point\">Tengelmann Group, M\u00fclheim a.d. Ruhr<\/span>\n\t\t\t\t\t\t\t<\/li>\n\t\t\t\t\t\t\t\t\t\t\t\t\t\t\t\t\t\t<\/ul>\n\t\t<\/div>\n\t\t\t<\/div>\n<\/div>\n\n\t\t\t\t\t\t\t\n\t\t\t\t\t\t\t\t\t\t\t\t\t\t\n\t\t\t\t\t\t\t\t\t\t\t\t\t<div class=\"flex_column av_one_third bg-alternate teamgrid-column  column-top-margin\">\n\t\t\t\t\t\t\t\t<article id=\"\" class=\"card-entry person-entry   text-align-left     has-button \">\n\t<div class=\"card-entry__inner\">\n\t\t\n\t<div class=\"card-entry__media media-type-\">\n\t\t<div class=\"card-entry__media-inner\">\n\t\t\t\t\t\t\t<div class=\"card-entry__action\">\n\t<div class=\"card-entry__action-inner\">\n\t\t<div class=\"card-entry__button-wrap avia-button-wrap avia-button-right theme-fill\">\n\t\t\t\t\t\t\t<a class=\"card-entry__button avia-button avia-button color-ci-black hover-yellow avia-size-small popup-toggle avia-position-right no-scroll\" href=\"#team-popup-37389\">\n\t\t\t\t\t<span class=\"button-icon\"><i class=\"icon-arrow_next\"><\/i><\/span><span class=\"button-text\">Prosz\u0119 dowiedzie\u0107 si\u0119 wi\u0119cej<\/span>\n\t\t\t\t<\/a>\n\t\t\t\t\t<\/div>\n\t<\/div>\n<\/div>\n\t\t\t\t\t\t\t\t\t\t\t\t\t\t\t<img decoding=\"async\" src=\"https:\/\/sha-luzern.ch\/wp-content\/uploads\/706x313-Team-Wittrien2-706x313.jpg\" \/>\n\t\t\t\t\t\t\t\t\t<\/div>\n\t<\/div>\n\n\t<div class=\"card_entry__content-wrap\">\n\t\t\t\t\t<div class=\"card-entry__heading\">\n\t<div class=\"card-entry__heading-inner\">\n\n\n\t\t\t\n\t\t\t\n\t\t\t\n\t\t\t\t\t\t\t<h3 class=\"card-entry__headline person-name \">\n\t\t\t\t\t<span class=\"name-first\">Sabine <\/span><span class=\"name-last\">Wittrien<\/span>\n\t\t\t\t<\/h3>\n\t\t\t\n\t\t\t\t\t\t\t<span class=\"card-entry__subheadline person-job \">\n\t\t\t\t\tPomoc zespo\u0142u | Recepcja\n\t\t\t\t<\/span>\n\t\t\t\n\t\t\n\t<\/div>\n<\/div>\n\t\t\t\t\t\t\t\t<div class=\"card-entry__content content-type-default\">\n\t\t<div class=\"card-entry__content-inner\">\n\t\t\t<p class=\"card-entry__contents\">\n\t\t\t\t\t\t\t\t\t\t\t\t\t\t\t\t\t\t\t\t\t\t<span class=\"content-phone\"><span class=\"contact-pre\">T<\/span> <a href=\"tel:+492314420200\">+49 (231) 44 20 20 0<\/a><\/span>\n\t\t\t\t\t\t\t\t\t\t\t\t\t\t\t\t\t\t\t\t\t\t\t\t<span class=\"content-mail\"><br\/><span class=\"contact-pre\">E<\/span>  <a href=\"javascript:secureDecryptAndNavigate('U9l+34XxT2XGwd+S1IIMCR8hLQlA460\/Tb6OUZpCYmApJfEWJV2Avxi1BhRSryfv6rJYyHD7VF2R796X3TtsT1ZsI3DYoM38', '7fb6b0a631c756e2798c0419dd401ac6392a180022e45865affe1bd81a905598')\">s.wittrien@sha.de<\/a><\/span>\n\t\t\t\t\t\t\t\t\t\t\t\t\t\t\t\t\t\t<\/p>\n\t\t<\/div>\n\t<\/div>\n\t\t\t<\/div>\n\n\t<\/div>\n<\/article>\n\t\t\t\t\t\t\t<\/div>\n\t\t\t\t\t\t\t<div id=\"team-popup-37389\" class=\"popup person-popup  person-popup-small popup-wrap bg-alternate fullwidth p-default mfp-hide\">\n\t<div class=\"popup-column popup-column-person card-entry person-entry bg-main flex_column  av_one_half first\">\n\t\t<article id=\"\" class=\"   text-align-     \">\n\t<div class=\"card-entry__inner\">\n\t\t\n\t<div class=\"card-entry__media media-type-\">\n\t\t<div class=\"card-entry__media-inner\">\n\t\t\t\t\t\t\t<img decoding=\"async\" src=\"https:\/\/sha-luzern.ch\/wp-content\/uploads\/706x313-Team-Wittrien2-706x313.jpg\" \/>\n\t\t\t\t\t<\/div>\n\t<\/div>\n\n\t<div class=\"card_entry__content-wrap\">\n\t\t\t\t\t<div class=\"card-entry__heading\">\n\t<div class=\"card-entry__heading-inner\">\n\n\n\t\t\t\n\t\t\t\n\t\t\t\n\t\t\t\t\t\t\t<h3 class=\"card-entry__headline person-name \">\n\t\t\t\t\t<span class=\"name-first\">Sabine <\/span><span class=\"name-last\">Wittrien<\/span>\n\t\t\t\t<\/h3>\n\t\t\t\n\t\t\t\t\t\t\t<span class=\"card-entry__subheadline person-job \">\n\t\t\t\t\tPomoc zespo\u0142u | Recepcja\n\t\t\t\t<\/span>\n\t\t\t\n\t\t\n\t<\/div>\n<\/div>\n\t\t\n\n\t\t\t\t\t<div class=\"card-entry__content content-type-default\">\n\t\t\t\t<div class=\"card-entry__content-inner\">\n\t\t\t\t\t<h3 class=\"popup-headline\">Koncentracja na SHA<\/h3>\n\t\t\t\t\t<p class=\"card-entry__contents desc\">\n\t\t\t\t\t\tSabine Wittrien jest odpowiedzialna za sekretariat i recepcj\u0119 od 2009 roku i organizuje nasze codzienne \u017cycie biurowe.\nZ przyjemno\u015bci\u0105 skontaktuje Pa\u0144stwa z w\u0142a\u015bciw\u0105 osob\u0105 do kontaktu w sprawie Pa\u0144stwa projektu budowlanego.\nProsz\u0119 do nas zadzwoni\u0107!  \n\t\t\t\t\t<\/p>\n\t\t\t\t<\/div>\n\t\t\t<\/div>\n\t\t\n\t<\/div>\n\n\t<\/div>\n<\/article>\n\t<\/div>\n\n\t<div class=\"popup-columns-wrap flex_column  av_one_half\">\n\t\t<div class=\"popup-column popup-column-career flex_column  av_one_full first bg-alternate\">\n\t\t\t<h2 class=\"popup-headline\">Kariera<\/h2>\n\t\t\t<ul class=\"popup-list popup-list-career\">\n\t\t\t\t\t\t\t\t\t\t\t\t\t\t\t\t\t\t\t\t\t\t<li class=\"popup-list__headline popup-list__headline-career\">\n\t\t\t\t\t\t\t\t<span class=\"popup-point popup-point--career headline\">Praca<\/span>\n\t\t\t\t\t\t\t<\/li>\n\t\t\t\t\t\t\t\t\t\t\t\t\t\t\t\t\t\t\t\t\t\t\t\t<li class=\"popup-list__item popup-list__item-career\">\n\t\t\t\t\t\t\t\t<span class=\"popup-point popup-point--career timespan\">od 2009 r.<\/span>\n\t\t\t\t\t\t\t\t<span class=\"popup-point popup-point--career point\">SHA Scheffler Helbich Architekten GmbH<\/span>\n\t\t\t\t\t\t\t<\/li>\n\t\t\t\t\t\t\t\t\t\t\t\t\t\t\t\t\t\t\t\t\t\t\t\t<li class=\"popup-list__item popup-list__item-career\">\n\t\t\t\t\t\t\t\t<span class=\"popup-point popup-point--career timespan\">1992<\/span>\n\t\t\t\t\t\t\t\t<span class=\"popup-point popup-point--career point\">Continentale Krankenversicherung a.G., Biuro Maklerskie Frankfurt  <\/span>\n\t\t\t\t\t\t\t<\/li>\n\t\t\t\t\t\t\t\t\t\t\t\t\t\t\t\t\t\t\t\t\t\t\t\t<li class=\"popup-list__item popup-list__item-career\">\n\t\t\t\t\t\t\t\t<span class=\"popup-point popup-point--career timespan\">1991 - 1992<\/span>\n\t\t\t\t\t\t\t\t<span class=\"popup-point popup-point--career point\">Continentale Property Insurance, Dortmund<\/span>\n\t\t\t\t\t\t\t<\/li>\n\t\t\t\t\t\t\t\t\t\t\t\t\t\t\t\t\t\t\t\t\t\t\t\t<li class=\"popup-list__item popup-list__item-career\">\n\t\t\t\t\t\t\t\t<span class=\"popup-point popup-point--career timespan\">1984 - 1990  <\/span>\n\t\t\t\t\t\t\t\t<span class=\"popup-point popup-point--career point\">Continentale Property Insurance, Dortmund<\/span>\n\t\t\t\t\t\t\t<\/li>\n\t\t\t\t\t\t\t\t\t\t\t\t\t\t\t\t\t\t<\/ul>\n\t\t<\/div>\n\t\t\t<\/div>\n<\/div>\n\n\t\t\t\t\t\t\t\n\t\t\t\t\t\t\t\t\t\t\t\t\t\t\n\t\t\t\t\t\t\t\t\t\t\t\t\t<div class=\"flex_column av_one_third bg-alternate teamgrid-column  column-top-margin\">\n\t\t\t\t\t\t\t\t<article id=\"\" class=\"card-entry person-entry   text-align-left     \">\n\t<div class=\"card-entry__inner\">\n\t\t\n\t<div class=\"card-entry__media media-type-\">\n\t\t<div class=\"card-entry__media-inner\">\n\t\t\t\t\t\t\t\t\t\t\t\t\t\t\t<img decoding=\"async\" src=\"https:\/\/sha-luzern.ch\/wp-content\/uploads\/Team-Mocca-706x313-2-706x313.jpg\" \/>\n\t\t\t\t\t\t\t\t\t<\/div>\n\t<\/div>\n\n\t<div class=\"card_entry__content-wrap\">\n\t\t\t\t\t<div class=\"card-entry__heading\">\n\t<div class=\"card-entry__heading-inner\">\n\n\n\t\t\t\n\t\t\t\t\t\t\t<span class=\"card-entry__subheadline card-entry__title person-job \">\n\t\t\t\t\tGwarant dobrego nastroju\n\t\t\t\t<\/span>\n\t\t\t\n\t\t\t\n\t\t\t\t\t\t\t<h3 class=\"card-entry__headline person-name \">\n\t\t\t\t\t<span class=\"name-first\">Mocca <\/span>\n\t\t\t\t<\/h3>\n\t\t\t\n\t\t\t\t\t\t\t<span class=\"card-entry__subheadline person-job \">\n\t\t\t\t\tPies biurowy\n\t\t\t\t<\/span>\n\t\t\t\n\t\t\n\t<\/div>\n<\/div>\n\t\t\t\t\t\t\t\t<div class=\"card-entry__content content-type-default\">\n\t\t<div class=\"card-entry__content-inner\">\n\t\t\t<p class=\"card-entry__contents\">\n\t\t\t\t\t\t\t\t\t\t\t\t\t\t\t\t\t\t\t\t\t\t<span class=\"content-phone\"><span class=\"contact-pre\">T<\/span> <a href=\"tel:+492314420200\">+49 (231) 44 20 20 0<\/a><\/span>\n\t\t\t\t\t\t\t\t\t\t\t\t\t\t\t\t\t\t\t\t\t\t\t\t<span class=\"content-mail\"><br\/><span class=\"contact-pre\">E<\/span>  <a href=\"javascript:secureDecryptAndNavigate('hZHRisWzvwTaqu7znvrDbdrUmOX4Ws5pdbZQQsruq543wrc0gqW3KjXswLWT8RYhQZvHYSaVoRnLVx3lG+3Jj\/kZ', '7fb6b0a631c756e2798c0419dd401ac6392a180022e45865affe1bd81a905598')\">info@sha.de<\/a><\/span>\n\t\t\t\t\t\t\t\t\t\t\t\t\t\t\t\t\t\t<\/p>\n\t\t<\/div>\n\t<\/div>\n\t\t\t<\/div>\n\n\t<\/div>\n<\/article>\n\t\t\t\t\t\t\t<\/div>\n\t\t\t\t\t\t\t<div id=\"team-popup-37376\" class=\"popup person-popup  person-popup-small popup-wrap bg-alternate fullwidth p-default mfp-hide\">\n\t<div class=\"popup-column popup-column-person card-entry person-entry bg-main flex_column  av_one_half first\">\n\t\t<article id=\"\" class=\"   text-align-     \">\n\t<div class=\"card-entry__inner\">\n\t\t\n\t<div class=\"card-entry__media media-type-\">\n\t\t<div class=\"card-entry__media-inner\">\n\t\t\t\t\t\t\t<img decoding=\"async\" src=\"https:\/\/sha-luzern.ch\/wp-content\/uploads\/Team-Mocca-706x313-2-706x313.jpg\" \/>\n\t\t\t\t\t<\/div>\n\t<\/div>\n\n\t<div class=\"card_entry__content-wrap\">\n\t\t\t\t\t<div class=\"card-entry__heading\">\n\t<div class=\"card-entry__heading-inner\">\n\n\n\t\t\t\n\t\t\t\t\t\t\t<span class=\"card-entry__subheadline card-entry__title person-job \">\n\t\t\t\t\tGwarant dobrego nastroju\n\t\t\t\t<\/span>\n\t\t\t\n\t\t\t\n\t\t\t\t\t\t\t<h3 class=\"card-entry__headline person-name \">\n\t\t\t\t\t<span class=\"name-first\">Mocca <\/span>\n\t\t\t\t<\/h3>\n\t\t\t\n\t\t\t\t\t\t\t<span class=\"card-entry__subheadline person-job \">\n\t\t\t\t\tPies biurowy\n\t\t\t\t<\/span>\n\t\t\t\n\t\t\n\t<\/div>\n<\/div>\n\t\t\n\n\t\t\t\t\t<div class=\"card-entry__content content-type-default\">\n\t\t\t\t<div class=\"card-entry__content-inner\">\n\t\t\t\t\t<h3 class=\"popup-headline\">Koncentracja na SHA<\/h3>\n\t\t\t\t\t<p class=\"card-entry__contents desc\">\n\t\t\t\t\t\tPodczas studi\u00f3w Katharina Flecke specjalizowa\u0142a si\u0119 w zarz\u0105dzaniu procesami budowlanymi i zarz\u0105dzaniu nieruchomo\u015bciami.\nPracuje w SHA od 2019 roku i zajmuje si\u0119 planowaniem, g\u0142\u00f3wnie w fazach serwisowych 1-5. Obecnie pracuje nad centrum sportowo-rekreacyjnym Hoeschpark w Dortmundzie.   \n\t\t\t\t\t<\/p>\n\t\t\t\t<\/div>\n\t\t\t<\/div>\n\t\t\n\t<\/div>\n\n\t<\/div>\n<\/article>\n\t<\/div>\n\n\t<div class=\"popup-columns-wrap flex_column  av_one_half\">\n\t\t<div class=\"popup-column popup-column-career flex_column  av_one_full first bg-alternate\">\n\t\t\t<h2 class=\"popup-headline\">Kariera<\/h2>\n\t\t\t<ul class=\"popup-list popup-list-career\">\n\t\t\t\t\t\t\t\t\t\t\t\t\t\t\t\t\t\t\t\t\t\t<li class=\"popup-list__headline popup-list__headline-career\">\n\t\t\t\t\t\t\t\t<span class=\"popup-point popup-point--career headline\">Praca<\/span>\n\t\t\t\t\t\t\t<\/li>\n\t\t\t\t\t\t\t\t\t\t\t\t\t\t\t\t\t\t\t\t\t\t\t\t<li class=\"popup-list__item popup-list__item-career\">\n\t\t\t\t\t\t\t\t<span class=\"popup-point popup-point--career timespan\">od 2019 r.<\/span>\n\t\t\t\t\t\t\t\t<span class=\"popup-point popup-point--career point\">SHA Scheffler Helbich Architekten GmbH<\/span>\n\t\t\t\t\t\t\t<\/li>\n\t\t\t\t\t\t\t\t\t\t\t\t\t\t\t\t\t\t\t\t\t\t\t\t<li class=\"popup-list__item popup-list__item-career\">\n\t\t\t\t\t\t\t\t<span class=\"popup-point popup-point--career timespan\">2013 - 2019<\/span>\n\t\t\t\t\t\t\t\t<span class=\"popup-point popup-point--career point\">bertbielefeld&partner<\/span>\n\t\t\t\t\t\t\t<\/li>\n\t\t\t\t\t\t\t\t\t\t\t\t\t\t\t\t\t\t\t\t\t\t\t\t<li class=\"popup-list__item popup-list__item-career\">\n\t\t\t\t\t\t\t\t<span class=\"popup-point popup-point--career timespan\">2015<\/span>\n\t\t\t\t\t\t\t\t<span class=\"popup-point popup-point--career point\">Asystent i opiekun student\u00f3w, Uniwersytet Nauk Stosowanych i Sztuki w Dortmundzie  <\/span>\n\t\t\t\t\t\t\t<\/li>\n\t\t\t\t\t\t\t\t\t\t\t\t\t\t\t\t\t\t\t\t\t\t\t\t<li class=\"popup-list__headline popup-list__headline-career\">\n\t\t\t\t\t\t\t\t<span class=\"popup-point popup-point--career headline\">Studia i szkolenia<\/span>\n\t\t\t\t\t\t\t<\/li>\n\t\t\t\t\t\t\t\t\t\t\t\t\t\t\t\t\t\t\t\t\t\t\t\t<li class=\"popup-list__item popup-list__item-career\">\n\t\t\t\t\t\t\t\t<span class=\"popup-point popup-point--career timespan\">2016 - 2019<\/span>\n\t\t\t\t\t\t\t\t<span class=\"popup-point popup-point--career point\">Magister zarz\u0105dzania procesami budowlanymi i zarz\u0105dzania nieruchomo\u015bciami, Uniwersytet TU Dortmund<\/span>\n\t\t\t\t\t\t\t<\/li>\n\t\t\t\t\t\t\t\t\t\t\t\t\t\t\t\t\t\t\t\t\t\t\t\t<li class=\"popup-list__item popup-list__item-career\">\n\t\t\t\t\t\t\t\t<span class=\"popup-point popup-point--career timespan\">2012 - 2016<\/span>\n\t\t\t\t\t\t\t\t<span class=\"popup-point popup-point--career point\">Licencjat z architektury, Uniwersytet Nauk Stosowanych i Sztuki w Dortmundzie<\/span>\n\t\t\t\t\t\t\t<\/li>\n\t\t\t\t\t\t\t\t\t\t\t\t\t\t\t\t\t\t<\/ul>\n\t\t<\/div>\n\t\t\t<\/div>\n<\/div>\n\n\t\t\t\t\t\t\t\t\t\t\t\t\t\t\t\t\t\t\t\t\t\t<div class=\"career-card grey flex_column av_one_third first column-top-margin\">\n\t\t\t\t\t\t\t\t\t<div class=\"career-card__inner\">\n\t\t\t\t\t\t\t\t\t\t<div class=\"career-card__content h2-h1\">\n\t\t\t\t\t\t\t\t\t\t\t<h2>Nasi koledzy.<\/h2>\n\t\t\t\t\t\t\t\t\t\t\t<h3 class=\"\">Prosz\u0119 nas lepiej pozna\u0107!<\/h3><br\/>\n\t\t\t\t\t\t\t\t\t\t<\/div>\n\t\t\t\t\t\t\t\t\t\t<div class=\"career-card__button\">\n\t\t\t\t\t\t\t\t\t\t\t<div class=\"card-entry__button-wrap avia-button-wrap avia-button- theme-fill\">\n\t\t\t\t\t\t\t\t\t\t\t\t<a class=\"card-entry__button avia-button avia-button color-ci-black hover-white avia-size-medium avia-position-right\" href=\"\/buero\/unser-team\">\n\t\t\t\t\t\t\t\t\t\t\t\t\t<span class=\"button-icon\"><span class=\"button-text\">Zesp\u00f3\u0142 SHA<\/span>\n\t\t\t\t\t\t\t\t\t\t\t\t<\/a>\n\t\t\t\t\t\t\t\t\t\t\t<\/div>\n\t\t\t\t\t\t\t\t\t\t<\/div>\n\t\t\t\t\t\t\t\t\t<\/div>\n\t\t\t\t\t\t\t\t<\/div>\n\t\t\t\t\t\t\t\n\t\t\t\t\t\t\t\t\t\t\t\t\t\t\t\t\t\t\t\t\t\t\t\t\t\t\t\t\t\t\t\t\t\t\t\t\t\t<div class=\"career-card flex_column av_one_third first column-top-margin\">\n\t\t\t\t\t\t\t\t\t<div class=\"career-card__inner\">\n\t\t\t\t\t\t\t\t\t\t<div class=\"career-card__content h2-h1\">\n\t\t\t\t\t\t\t\t\t\t\t<h2><br> Poszukiwany gracz zespo\u0142owy.<\/h2>\n\t\t\t\t\t\t\t\t\t\t\t<h3 class=\"\">Maj\u0105 Pa\u0144stwo ochot\u0119 wzi\u0105\u0107 w tym udzia\u0142?  <br>  Prosz\u0119 sta\u0107 si\u0119 cz\u0119\u015bci\u0105 nas.<\/h3><br\/>\n\t\t\t\t\t\t\t\t\t\t<\/div>\n\t\t\t\t\t\t\t\t\t\t<div class=\"career-card__button\">\n\t\t\t\t\t\t\t\t\t\t\t<div class=\"card-entry__button-wrap avia-button-wrap avia-button- theme-fill\">\n\t\t\t\t\t\t\t\t\t\t\t\t<a class=\"card-entry__button avia-button avia-button color-ci-black hover-white avia-size-medium avia-position-right\" href=\"https:\/\/sha-luzern.ch\/karriere\/stellenangebote\">\n\t\t\t\t\t\t\t\t\t\t\t\t\t<span class=\"button-icon \"><span class=\"button-text\">Og\u0142oszenia o prac\u0119<\/span>\n\t\t\t\t\t\t\t\t\t\t\t\t<\/a>\n\t\t\t\t\t\t\t\t\t\t\t<\/div>\n\t\t\t\t\t\t\t\t\t\t<\/div>\n\t\t\t\t\t\t\t\t\t<\/div>\n\t\t\t\t\t\t\t\t<\/div>\n\t\t\t\t\t\t\t\n\t\t\t\t\t\t\t\t\t\t\t\t\t<\/div>\n\t\t<\/div>\n\t<\/div>\n\n\n<\/div><\/div><\/main><!-- close content main element --><\/div><\/div><div id='av_section_2' class='avia-section main_color pt-default pb-default avia-no-border-styling avia-bg-style-scroll  avia-builder-el-4  el_after_av_section  avia-builder-el-last   container_wrap fullsize' style=' '  ><div class='container' ><div class='template-page content  av-content-full alpha units'><div class='post-entry post-entry-type-page post-entry-39183'><div class='entry-content-wrapper clearfix'><\/p>\n","protected":false},"excerpt":{"rendered":"","protected":false},"author":1,"featured_media":0,"parent":30209,"menu_order":4,"comment_status":"closed","ping_status":"closed","template":"","meta":{"_acf_changed":false,"content-type":"","footnotes":""},"class_list":["post-39183","page","type-page","status-publish","hentry"],"acf":[],"yoast_head":"<!-- This site is optimized with the Yoast SEO plugin v26.1.1 - https:\/\/yoast.com\/wordpress\/plugins\/seo\/ -->\n<title>Nasz zesp\u00f3\u0142 | SHA Scheffler Helbich Architekten GmbH<\/title>\n<meta name=\"description\" content=\"Nasz zesp\u00f3\u0142 kierownik\u00f3w projekt\u00f3w, architekt\u00f3w, kierownik\u00f3w budowy i planist\u00f3w czeka na Pa\u0144stwa zapytania i ch\u0119tnie odpowie na wszelkie pytania.\" \/>\n<meta name=\"robots\" content=\"index, follow, max-snippet:-1, max-image-preview:large, max-video-preview:-1\" \/>\n<link rel=\"canonical\" href=\"https:\/\/sha-luzern.ch\/pl\/nasze-biuro\/nasz-zespol\" \/>\n<meta property=\"og:locale\" content=\"pl_PL\" \/>\n<meta property=\"og:type\" content=\"article\" \/>\n<meta property=\"og:title\" content=\"Nasz zesp\u00f3\u0142 | SHA Scheffler Helbich Architekten GmbH\" \/>\n<meta property=\"og:description\" content=\"Nasz zesp\u00f3\u0142 kierownik\u00f3w projekt\u00f3w, architekt\u00f3w, kierownik\u00f3w budowy i planist\u00f3w czeka na Pa\u0144stwa zapytania i ch\u0119tnie odpowie na wszelkie pytania.\" \/>\n<meta property=\"og:url\" content=\"https:\/\/sha-luzern.ch\/pl\/nasze-biuro\/nasz-zespol\" \/>\n<meta property=\"og:site_name\" content=\"SHA Scheffler Helbich Architekten GmbH\" \/>\n<meta property=\"article:modified_time\" content=\"2024-08-29T11:15:07+00:00\" \/>\n<meta name=\"twitter:card\" content=\"summary_large_image\" \/>\n<meta name=\"twitter:label1\" content=\"Szacowany czas czytania\" \/>\n\t<meta name=\"twitter:data1\" content=\"2 minuty\" \/>\n<script type=\"application\/ld+json\" class=\"yoast-schema-graph\">{\"@context\":\"https:\/\/schema.org\",\"@graph\":[{\"@type\":\"WebPage\",\"@id\":\"https:\/\/sha-luzern.ch\/pl\/nasze-biuro\/nasz-zespol\",\"url\":\"https:\/\/sha-luzern.ch\/pl\/nasze-biuro\/nasz-zespol\",\"name\":\"Nasz zesp\u00f3\u0142 | SHA Scheffler Helbich Architekten GmbH\",\"isPartOf\":{\"@id\":\"https:\/\/sha-luzern.ch\/pl#website\"},\"datePublished\":\"2019-12-17T12:24:44+00:00\",\"dateModified\":\"2024-08-29T11:15:07+00:00\",\"description\":\"Nasz zesp\u00f3\u0142 kierownik\u00f3w projekt\u00f3w, architekt\u00f3w, kierownik\u00f3w budowy i planist\u00f3w czeka na Pa\u0144stwa zapytania i ch\u0119tnie odpowie na wszelkie pytania.\",\"breadcrumb\":{\"@id\":\"https:\/\/sha-luzern.ch\/pl\/nasze-biuro\/nasz-zespol#breadcrumb\"},\"inLanguage\":\"pl-PL\",\"potentialAction\":[{\"@type\":\"ReadAction\",\"target\":[\"https:\/\/sha-luzern.ch\/pl\/nasze-biuro\/nasz-zespol\"]}]},{\"@type\":\"BreadcrumbList\",\"@id\":\"https:\/\/sha-luzern.ch\/pl\/nasze-biuro\/nasz-zespol#breadcrumb\",\"itemListElement\":[{\"@type\":\"ListItem\",\"position\":1,\"name\":\"Startseite\",\"item\":\"https:\/\/sha-luzern.ch\/pl\/strona-glowna\"},{\"@type\":\"ListItem\",\"position\":2,\"name\":\"Nasze biuro\",\"item\":\"https:\/\/sha-luzern.ch\/pl\/nasze-biuro\"},{\"@type\":\"ListItem\",\"position\":3,\"name\":\"Nasz zesp\u00f3\u0142\"}]},{\"@type\":\"WebSite\",\"@id\":\"https:\/\/sha-luzern.ch\/pl#website\",\"url\":\"https:\/\/sha-luzern.ch\/pl\",\"name\":\"SHA Scheffler Helbich Architekten GmbH\",\"description\":\"\",\"potentialAction\":[{\"@type\":\"SearchAction\",\"target\":{\"@type\":\"EntryPoint\",\"urlTemplate\":\"https:\/\/sha-luzern.ch\/pl?s={search_term_string}\"},\"query-input\":{\"@type\":\"PropertyValueSpecification\",\"valueRequired\":true,\"valueName\":\"search_term_string\"}}],\"inLanguage\":\"pl-PL\"}]}<\/script>\n<!-- \/ Yoast SEO plugin. -->","yoast_head_json":{"title":"Nasz zesp\u00f3\u0142 | SHA Scheffler Helbich Architekten GmbH","description":"Nasz zesp\u00f3\u0142 kierownik\u00f3w projekt\u00f3w, architekt\u00f3w, kierownik\u00f3w budowy i planist\u00f3w czeka na Pa\u0144stwa zapytania i ch\u0119tnie odpowie na wszelkie pytania.","robots":{"index":"index","follow":"follow","max-snippet":"max-snippet:-1","max-image-preview":"max-image-preview:large","max-video-preview":"max-video-preview:-1"},"canonical":"https:\/\/sha-luzern.ch\/pl\/nasze-biuro\/nasz-zespol","og_locale":"pl_PL","og_type":"article","og_title":"Nasz zesp\u00f3\u0142 | SHA Scheffler Helbich Architekten GmbH","og_description":"Nasz zesp\u00f3\u0142 kierownik\u00f3w projekt\u00f3w, architekt\u00f3w, kierownik\u00f3w budowy i planist\u00f3w czeka na Pa\u0144stwa zapytania i ch\u0119tnie odpowie na wszelkie pytania.","og_url":"https:\/\/sha-luzern.ch\/pl\/nasze-biuro\/nasz-zespol","og_site_name":"SHA Scheffler Helbich Architekten GmbH","article_modified_time":"2024-08-29T11:15:07+00:00","twitter_card":"summary_large_image","twitter_misc":{"Szacowany czas czytania":"2 minuty"},"schema":{"@context":"https:\/\/schema.org","@graph":[{"@type":"WebPage","@id":"https:\/\/sha-luzern.ch\/pl\/nasze-biuro\/nasz-zespol","url":"https:\/\/sha-luzern.ch\/pl\/nasze-biuro\/nasz-zespol","name":"Nasz zesp\u00f3\u0142 | SHA Scheffler Helbich Architekten GmbH","isPartOf":{"@id":"https:\/\/sha-luzern.ch\/pl#website"},"datePublished":"2019-12-17T12:24:44+00:00","dateModified":"2024-08-29T11:15:07+00:00","description":"Nasz zesp\u00f3\u0142 kierownik\u00f3w projekt\u00f3w, architekt\u00f3w, kierownik\u00f3w budowy i planist\u00f3w czeka na Pa\u0144stwa zapytania i ch\u0119tnie odpowie na wszelkie pytania.","breadcrumb":{"@id":"https:\/\/sha-luzern.ch\/pl\/nasze-biuro\/nasz-zespol#breadcrumb"},"inLanguage":"pl-PL","potentialAction":[{"@type":"ReadAction","target":["https:\/\/sha-luzern.ch\/pl\/nasze-biuro\/nasz-zespol"]}]},{"@type":"BreadcrumbList","@id":"https:\/\/sha-luzern.ch\/pl\/nasze-biuro\/nasz-zespol#breadcrumb","itemListElement":[{"@type":"ListItem","position":1,"name":"Startseite","item":"https:\/\/sha-luzern.ch\/pl\/strona-glowna"},{"@type":"ListItem","position":2,"name":"Nasze biuro","item":"https:\/\/sha-luzern.ch\/pl\/nasze-biuro"},{"@type":"ListItem","position":3,"name":"Nasz zesp\u00f3\u0142"}]},{"@type":"WebSite","@id":"https:\/\/sha-luzern.ch\/pl#website","url":"https:\/\/sha-luzern.ch\/pl","name":"SHA Scheffler Helbich Architekten GmbH","description":"","potentialAction":[{"@type":"SearchAction","target":{"@type":"EntryPoint","urlTemplate":"https:\/\/sha-luzern.ch\/pl?s={search_term_string}"},"query-input":{"@type":"PropertyValueSpecification","valueRequired":true,"valueName":"search_term_string"}}],"inLanguage":"pl-PL"}]}},"_links":{"self":[{"href":"https:\/\/sha-luzern.ch\/pl\/wp-json\/wp\/v2\/pages\/39183","targetHints":{"allow":["GET"]}}],"collection":[{"href":"https:\/\/sha-luzern.ch\/pl\/wp-json\/wp\/v2\/pages"}],"about":[{"href":"https:\/\/sha-luzern.ch\/pl\/wp-json\/wp\/v2\/types\/page"}],"author":[{"embeddable":true,"href":"https:\/\/sha-luzern.ch\/pl\/wp-json\/wp\/v2\/users\/1"}],"replies":[{"embeddable":true,"href":"https:\/\/sha-luzern.ch\/pl\/wp-json\/wp\/v2\/comments?post=39183"}],"version-history":[{"count":20,"href":"https:\/\/sha-luzern.ch\/pl\/wp-json\/wp\/v2\/pages\/39183\/revisions"}],"predecessor-version":[{"id":42867,"href":"https:\/\/sha-luzern.ch\/pl\/wp-json\/wp\/v2\/pages\/39183\/revisions\/42867"}],"up":[{"embeddable":true,"href":"https:\/\/sha-luzern.ch\/pl\/wp-json\/wp\/v2\/pages\/30209"}],"wp:attachment":[{"href":"https:\/\/sha-luzern.ch\/pl\/wp-json\/wp\/v2\/media?parent=39183"}],"curies":[{"name":"wp","href":"https:\/\/api.w.org\/{rel}","templated":true}]}}