{"id":39172,"date":"2019-12-17T13:24:44","date_gmt":"2019-12-17T12:24:44","guid":{"rendered":"https:\/\/sha.de\/o-nosso-escritorio\/a-nossa-equipa"},"modified":"2024-08-29T13:15:07","modified_gmt":"2024-08-29T11:15:07","slug":"a-nossa-equipa","status":"publish","type":"page","link":"https:\/\/sha-luzern.ch\/pt-pt\/o-nosso-escritorio\/a-nossa-equipa","title":{"rendered":"A nossa equipa"},"content":{"rendered":"<div id='av_section_1' class='avia-section main_color pt-default pb-default avia-no-border-styling avia-bg-style-scroll  avia-builder-el-0  el_before_av_section  avia-builder-el-first   container_wrap fullsize' style=' '  ><div class='container' ><main  role=\"main\" itemprop=\"mainContentOfPage\"  class='template-page content  av-content-full alpha units'><div class='post-entry post-entry-type-page post-entry-39172'><div class='entry-content-wrapper clearfix'>\n\n\t\t\t<div id=\"av-k0fdkltx\" class=\"headline-column flex_column av_one_full flex_column_div first \">\n\t\t\t\t<div class=\"headline-wrap is-outside align-left sub-bottom\">\n\t\t\t\t\t<h1 class=\"headline-content headline-primary\">O <strong>SHA<\/strong>-equipa<\/h1>\n\t\t\t\t\t<h3 class=\"headline-content headline-secondary\">Estamos dispon\u00edveis para si pessoalmente<\/h3>\n\t\t\t\t<\/div>\n\t\t\t<\/div>\n\n\t<div class=\"teamgrid\">\n\t\t<div class=\"teamgrid-wrap\">\n\t\t\t<div class=\"teamgrid-departement\">\n\t\t\t\t\t\t\t\t\t\t\t\t\t\t\t\t\t<div class=\"flex_column av_one_third bg-alternate teamgrid-column first \">\n\t\t\t\t\t\t\t\t<article id=\"\" class=\"card-entry person-entry   text-align-left     has-button \">\n\t<div class=\"card-entry__inner\">\n\t\t\n\t<div class=\"card-entry__media media-type-\">\n\t\t<div class=\"card-entry__media-inner\">\n\t\t\t\t\t\t\t<div class=\"card-entry__action\">\n\t<div class=\"card-entry__action-inner\">\n\t\t<div class=\"card-entry__button-wrap avia-button-wrap avia-button-right theme-fill\">\n\t\t\t\t\t\t\t<a class=\"card-entry__button avia-button avia-button color-ci-black hover-yellow avia-size-small popup-toggle avia-position-right no-scroll\" href=\"#team-popup-37361\">\n\t\t\t\t\t<span class=\"button-icon\"><i class=\"icon-arrow_next\"><\/i><\/span><span class=\"button-text\">Saiba mais<\/span>\n\t\t\t\t<\/a>\n\t\t\t\t\t<\/div>\n\t<\/div>\n<\/div>\n\t\t\t\t\t\t\t\t\t\t\t\t\t\t\t<img decoding=\"async\" src=\"https:\/\/sha-luzern.ch\/wp-content\/uploads\/706x313_Team-2Birgit-Helbich-706x313.jpg\" \/>\n\t\t\t\t\t\t\t\t\t<\/div>\n\t<\/div>\n\n\t<div class=\"card_entry__content-wrap\">\n\t\t\t\t\t<div class=\"card-entry__heading\">\n\t<div class=\"card-entry__heading-inner\">\n\n\n\t\t\t\n\t\t\t\t\t\t\t<span class=\"card-entry__subheadline card-entry__title person-job \">\n\t\t\t\t\tArquiteto Diplomado\n\t\t\t\t<\/span>\n\t\t\t\n\t\t\t\n\t\t\t\t\t\t\t<h3 class=\"card-entry__headline person-name \">\n\t\t\t\t\t<span class=\"name-first\">Birgit <\/span><span class=\"name-last\">Helbich<\/span>\n\t\t\t\t<\/h3>\n\t\t\t\n\t\t\t\t\t\t\t<span class=\"card-entry__subheadline person-job \">\n\t\t\t\t\tAcionista\n\t\t\t\t<\/span>\n\t\t\t\n\t\t\n\t<\/div>\n<\/div>\n\t\t\t\t\t\t\t\t<div class=\"card-entry__content content-type-default\">\n\t\t<div class=\"card-entry__content-inner\">\n\t\t\t<p class=\"card-entry__contents\">\n\t\t\t\t\t\t\t\t\t\t\t\t\t\t\t\t\t\t\t\t\t\t<span class=\"content-phone\"><span class=\"contact-pre\">T<\/span> <a href=\"tel:+492314420200\">+49 (231) 44 20 20 0<\/a><\/span>\n\t\t\t\t\t\t\t\t\t\t\t\t\t\t\t\t\t\t\t\t\t\t\t\t<span class=\"content-mail\"><br\/><span class=\"contact-pre\">E<\/span>  <a href=\"javascript:secureDecryptAndNavigate('Vp3OPmCKltVum5qfVn3JiJ28sEGaBhc6GvG1NqzCplUM762aI7Jce4Y+Uqb7S6F\/MSBzamFk4UeFI7e5ebNjJOqqBIEDFkg=', '7fb6b0a631c756e2798c0419dd401ac6392a180022e45865affe1bd81a905598')\">b.helbich@sha.de<\/a><\/span>\n\t\t\t\t\t\t\t\t\t\t\t\t\t\t\t\t\t\t<\/p>\n\t\t<\/div>\n\t<\/div>\n\t\t\t<\/div>\n\n\t<\/div>\n<\/article>\n\t\t\t\t\t\t\t<\/div>\n\t\t\t\t\t\t\t<div id=\"team-popup-37361\" class=\"popup person-popup  person-popup-small popup-wrap bg-alternate fullwidth p-default mfp-hide\">\n\t<div class=\"popup-column popup-column-person card-entry person-entry bg-main flex_column  av_one_half first\">\n\t\t<article id=\"\" class=\"   text-align-     \">\n\t<div class=\"card-entry__inner\">\n\t\t\n\t<div class=\"card-entry__media media-type-\">\n\t\t<div class=\"card-entry__media-inner\">\n\t\t\t\t\t\t\t<img decoding=\"async\" src=\"https:\/\/sha-luzern.ch\/wp-content\/uploads\/706x313_Team-2Birgit-Helbich-706x313.jpg\" \/>\n\t\t\t\t\t<\/div>\n\t<\/div>\n\n\t<div class=\"card_entry__content-wrap\">\n\t\t\t\t\t<div class=\"card-entry__heading\">\n\t<div class=\"card-entry__heading-inner\">\n\n\n\t\t\t\n\t\t\t\t\t\t\t<span class=\"card-entry__subheadline card-entry__title person-job \">\n\t\t\t\t\tArquiteto Diplomado\n\t\t\t\t<\/span>\n\t\t\t\n\t\t\t\n\t\t\t\t\t\t\t<h3 class=\"card-entry__headline person-name \">\n\t\t\t\t\t<span class=\"name-first\">Birgit <\/span><span class=\"name-last\">Helbich<\/span>\n\t\t\t\t<\/h3>\n\t\t\t\n\t\t\t\t\t\t\t<span class=\"card-entry__subheadline person-job \">\n\t\t\t\t\tAcionista\n\t\t\t\t<\/span>\n\t\t\t\n\t\t\n\t<\/div>\n<\/div>\n\t\t\n\n\t\t\t\t\t<div class=\"card-entry__content content-type-default\">\n\t\t\t\t<div class=\"card-entry__content-inner\">\n\t\t\t\t\t<h3 class=\"popup-headline\">Foco na SHA<\/h3>\n\t\t\t\t\t<p class=\"card-entry__contents desc\">\n\t\t\t\t\t\tBirgit Helbich tem conhecimentos profundos sobre a constru\u00e7\u00e3o de est\u00e1dios, laborat\u00f3rios e hospitais, fruto dos seus muitos anos de trabalho em Aachen.\nNos bastidores, mant\u00e9m a SHA unida com a organiza\u00e7\u00e3o do escrit\u00f3rio e a contabilidade.   \n\t\t\t\t\t<\/p>\n\t\t\t\t<\/div>\n\t\t\t<\/div>\n\t\t\n\t<\/div>\n\n\t<\/div>\n<\/article>\n\t<\/div>\n\n\t<div class=\"popup-columns-wrap flex_column  av_one_half\">\n\t\t<div class=\"popup-column popup-column-career flex_column  av_one_full first bg-alternate\">\n\t\t\t<h2 class=\"popup-headline\">Carreira<\/h2>\n\t\t\t<ul class=\"popup-list popup-list-career\">\n\t\t\t\t\t\t\t\t\t\t\t\t\t\t\t\t\t\t\t\t\t\t<li class=\"popup-list__headline popup-list__headline-career\">\n\t\t\t\t\t\t\t\t<span class=\"popup-point popup-point--career headline\">Trabalho<\/span>\n\t\t\t\t\t\t\t<\/li>\n\t\t\t\t\t\t\t\t\t\t\t\t\t\t\t\t\t\t\t\t\t\t\t\t<li class=\"popup-list__item popup-list__item-career\">\n\t\t\t\t\t\t\t\t<span class=\"popup-point popup-point--career timespan\">desde 2005<\/span>\n\t\t\t\t\t\t\t\t<span class=\"popup-point popup-point--career point\">SHA Scheffler Helbich Architekten GmbH<\/span>\n\t\t\t\t\t\t\t<\/li>\n\t\t\t\t\t\t\t\t\t\t\t\t\t\t\t\t\t\t\t\t\t\t\t\t<li class=\"popup-list__item popup-list__item-career\">\n\t\t\t\t\t\t\t\t<span class=\"popup-point popup-point--career timespan\">2001 - 2005<\/span>\n\t\t\t\t\t\t\t\t<span class=\"popup-point popup-point--career point\">  von Gerkan, Marg and Partners (gmp), Aachen<\/span>\n\t\t\t\t\t\t\t<\/li>\n\t\t\t\t\t\t\t\t\t\t\t\t\t\t\t\t\t\t\t\t\t\t\t\t<li class=\"popup-list__item popup-list__item-career\">\n\t\t\t\t\t\t\t\t<span class=\"popup-point popup-point--career timespan\">2000<\/span>\n\t\t\t\t\t\t\t\t<span class=\"popup-point popup-point--career point\">von Gerkan, Marg and Partners (gmp), Hamburgo<\/span>\n\t\t\t\t\t\t\t<\/li>\n\t\t\t\t\t\t\t\t\t\t\t\t\t\t\t\t\t\t\t\t\t\t\t\t<li class=\"popup-list__item popup-list__item-career\">\n\t\t\t\t\t\t\t\t<span class=\"popup-point popup-point--career timespan\">1999<\/span>\n\t\t\t\t\t\t\t\t<span class=\"popup-point popup-point--career point\">Watrin, Jaspert e Drehsen (wjd), Col\u00f3nia  <\/span>\n\t\t\t\t\t\t\t<\/li>\n\t\t\t\t\t\t\t\t\t\t\t\t\t\t\t\t\t\t\t\t\t\t\t\t<li class=\"popup-list__item popup-list__item-career\">\n\t\t\t\t\t\t\t\t<span class=\"popup-point popup-point--career timespan\">1998<\/span>\n\t\t\t\t\t\t\t\t<span class=\"popup-point popup-point--career point\">von Gerkan, Marg and Partners (gmp), Aachen<\/span>\n\t\t\t\t\t\t\t<\/li>\n\t\t\t\t\t\t\t\t\t\t\t\t\t\t\t\t\t\t\t\t\t\t\t\t<li class=\"popup-list__item popup-list__item-career\">\n\t\t\t\t\t\t\t\t<span class=\"popup-point popup-point--career timespan\">1998<\/span>\n\t\t\t\t\t\t\t\t<span class=\"popup-point popup-point--career point\">Heinrich, W\u00f6rner e Vedder Architects, Dortmund<\/span>\n\t\t\t\t\t\t\t<\/li>\n\t\t\t\t\t\t\t\t\t\t\t\t\t\t\t\t\t\t\t\t\t\t\t\t<li class=\"popup-list__item popup-list__item-career\">\n\t\t\t\t\t\t\t\t<span class=\"popup-point popup-point--career timespan\">1997 - 1999<\/span>\n\t\t\t\t\t\t\t\t<span class=\"popup-point popup-point--career point\">Colabora\u00e7\u00e3o com a C\u00e1tedra de Habita\u00e7\u00e3o, Prof. G. Sch\u00f6fl, Universidade RWTH Aachen<\/span>\n\t\t\t\t\t\t\t<\/li>\n\t\t\t\t\t\t\t\t\t\t\t\t\t\t\t\t\t\t\t\t\t\t\t\t<li class=\"popup-list__item popup-list__item-career\">\n\t\t\t\t\t\t\t\t<span class=\"popup-point popup-point--career timespan\">1996 - 2000<\/span>\n\t\t\t\t\t\t\t\t<span class=\"popup-point popup-point--career point\">Scheffler Bauplan GmbH<\/span>\n\t\t\t\t\t\t\t<\/li>\n\t\t\t\t\t\t\t\t\t\t\t\t\t\t\t\t\t\t\t\t\t\t\t\t<li class=\"popup-list__headline popup-list__headline-career\">\n\t\t\t\t\t\t\t\t<span class=\"popup-point popup-point--career headline\">Estudo e forma\u00e7\u00e3o<\/span>\n\t\t\t\t\t\t\t<\/li>\n\t\t\t\t\t\t\t\t\t\t\t\t\t\t\t\t\t\t\t\t\t\t\t\t<li class=\"popup-list__item popup-list__item-career\">\n\t\t\t\t\t\t\t\t<span class=\"popup-point popup-point--career timespan\">1994 - 2000<\/span>\n\t\t\t\t\t\t\t\t<span class=\"popup-point popup-point--career point\">Estudou na Rheinisch-Westf\u00e4lische Technische Hochschule (RWTH), Aachen<\/span>\n\t\t\t\t\t\t\t<\/li>\n\t\t\t\t\t\t\t\t\t\t\t\t\t\t\t\t\t\t\t\t\t\t\t\t<li class=\"popup-list__item popup-list__item-career\">\n\t\t\t\t\t\t\t\t<span class=\"popup-point popup-point--career timespan\">1997 - 1998<\/span>\n\t\t\t\t\t\t\t\t<span class=\"popup-point popup-point--career point\">Estudou na Universidade de Tecnologia de Viena (TU)<\/span>\n\t\t\t\t\t\t\t<\/li>\n\t\t\t\t\t\t\t\t\t\t\t\t\t\t\t\t\t\t\t\t\t\t\t\t<li class=\"popup-list__item popup-list__item-career\">\n\t\t\t\t\t\t\t\t<span class=\"popup-point popup-point--career timespan\">1995<\/span>\n\t\t\t\t\t\t\t\t<span class=\"popup-point popup-point--career point\">Escola de ver\u00e3o de Ingl\u00eas na Architectural Association (AA), Londres<\/span>\n\t\t\t\t\t\t\t<\/li>\n\t\t\t\t\t\t\t\t\t\t\t\t\t\t\t\t\t\t\t\t\t\t\t\t<li class=\"popup-list__headline popup-list__headline-career\">\n\t\t\t\t\t\t\t\t<span class=\"popup-point popup-point--career headline\">Diversos<\/span>\n\t\t\t\t\t\t\t<\/li>\n\t\t\t\t\t\t\t\t\t\t\t\t\t\t\t\t\t\t\t\t\t\t\t\t<li class=\"popup-list__item popup-list__item-career\">\n\t\t\t\t\t\t\t\t<span class=\"popup-point popup-point--career timespan\">2001<\/span>\n\t\t\t\t\t\t\t\t<span class=\"popup-point popup-point--career point\">Nomea\u00e7\u00e3o da tese de licenciatura para o Pr\u00e9mio Kaiser Friedrich da Universidade RWTH de Aachen e para o Pr\u00e9mio de Arquitetura Euregional EAP  <\/span>\n\t\t\t\t\t\t\t<\/li>\n\t\t\t\t\t\t\t\t\t\t\t\t\t\t\t\t\t\t<\/ul>\n\t\t<\/div>\n\t\t\t<\/div>\n<\/div>\n\n\t\t\t\t\t\t\t\n\t\t\t\t\t\t\t\t\t\t\t\t\t\t\n\t\t\t\t\t\t\t\t\t\t\t\t\t<div class=\"flex_column av_one_third bg-alternate teamgrid-column  \">\n\t\t\t\t\t\t\t\t<article id=\"\" class=\"card-entry person-entry   text-align-left     has-button \">\n\t<div class=\"card-entry__inner\">\n\t\t\n\t<div class=\"card-entry__media media-type-\">\n\t\t<div class=\"card-entry__media-inner\">\n\t\t\t\t\t\t\t<div class=\"card-entry__action\">\n\t<div class=\"card-entry__action-inner\">\n\t\t<div class=\"card-entry__button-wrap avia-button-wrap avia-button-right theme-fill\">\n\t\t\t\t\t\t\t<a class=\"card-entry__button avia-button avia-button color-ci-black hover-yellow avia-size-small popup-toggle avia-position-right no-scroll\" href=\"#team-popup-37359\">\n\t\t\t\t\t<span class=\"button-icon\"><i class=\"icon-arrow_next\"><\/i><\/span><span class=\"button-text\">Saiba mais<\/span>\n\t\t\t\t<\/a>\n\t\t\t\t\t<\/div>\n\t<\/div>\n<\/div>\n\t\t\t\t\t\t\t\t\t\t\t\t\t\t\t<img decoding=\"async\" src=\"https:\/\/sha-luzern.ch\/wp-content\/uploads\/706x313-Team-Christoph-Helbich-e1727776081730-706x313.jpg\" \/>\n\t\t\t\t\t\t\t\t\t<\/div>\n\t<\/div>\n\n\t<div class=\"card_entry__content-wrap\">\n\t\t\t\t\t<div class=\"card-entry__heading\">\n\t<div class=\"card-entry__heading-inner\">\n\n\n\t\t\t\n\t\t\t\t\t\t\t<span class=\"card-entry__subheadline card-entry__title person-job \">\n\t\t\t\t\tArquiteto Diplomado BDA\n\t\t\t\t<\/span>\n\t\t\t\n\t\t\t\n\t\t\t\t\t\t\t<h3 class=\"card-entry__headline person-name \">\n\t\t\t\t\t<span class=\"name-first\">Christoph <\/span><span class=\"name-last\">Helbich<\/span>\n\t\t\t\t<\/h3>\n\t\t\t\n\t\t\t\t\t\t\t<span class=\"card-entry__subheadline person-job \">\n\t\t\t\t\tS\u00f3cio gerente\n\t\t\t\t<\/span>\n\t\t\t\n\t\t\n\t<\/div>\n<\/div>\n\t\t\t\t\t\t\t\t<div class=\"card-entry__content content-type-default\">\n\t\t<div class=\"card-entry__content-inner\">\n\t\t\t<p class=\"card-entry__contents\">\n\t\t\t\t\t\t\t\t\t\t\t\t\t\t\t\t\t\t\t\t\t\t<span class=\"content-phone\"><span class=\"contact-pre\">T<\/span> <a href=\"tel:+492314420200\">+49 (231) 44 20 20 0<\/a><\/span>\n\t\t\t\t\t\t\t\t\t\t\t\t\t\t\t\t\t\t\t\t\t\t\t\t<span class=\"content-mail\"><br\/><span class=\"contact-pre\">E<\/span>  <a href=\"javascript:secureDecryptAndNavigate('1MiiChvwxKsSko2iPowjCDGAIBD\/Z04MW0YLq+rT9ScwaWNE\/c29ujJKxMHg+7Lckn\/WtcdlJrXaVGE\/Xx+U2oiYD6HH7I4=', '7fb6b0a631c756e2798c0419dd401ac6392a180022e45865affe1bd81a905598')\">c.helbich@sha.de<\/a><\/span>\n\t\t\t\t\t\t\t\t\t\t\t\t\t\t\t\t\t\t<\/p>\n\t\t<\/div>\n\t<\/div>\n\t\t\t<\/div>\n\n\t<\/div>\n<\/article>\n\t\t\t\t\t\t\t<\/div>\n\t\t\t\t\t\t\t<div id=\"team-popup-37359\" class=\"popup person-popup  person-popup-small popup-wrap bg-alternate fullwidth p-default mfp-hide\">\n\t<div class=\"popup-column popup-column-person card-entry person-entry bg-main flex_column  av_one_half first\">\n\t\t<article id=\"\" class=\"   text-align-     \">\n\t<div class=\"card-entry__inner\">\n\t\t\n\t<div class=\"card-entry__media media-type-\">\n\t\t<div class=\"card-entry__media-inner\">\n\t\t\t\t\t\t\t<img decoding=\"async\" src=\"https:\/\/sha-luzern.ch\/wp-content\/uploads\/706x313-Team-Christoph-Helbich-e1727776081730-706x313.jpg\" \/>\n\t\t\t\t\t<\/div>\n\t<\/div>\n\n\t<div class=\"card_entry__content-wrap\">\n\t\t\t\t\t<div class=\"card-entry__heading\">\n\t<div class=\"card-entry__heading-inner\">\n\n\n\t\t\t\n\t\t\t\t\t\t\t<span class=\"card-entry__subheadline card-entry__title person-job \">\n\t\t\t\t\tArquiteto Diplomado BDA\n\t\t\t\t<\/span>\n\t\t\t\n\t\t\t\n\t\t\t\t\t\t\t<h3 class=\"card-entry__headline person-name \">\n\t\t\t\t\t<span class=\"name-first\">Christoph <\/span><span class=\"name-last\">Helbich<\/span>\n\t\t\t\t<\/h3>\n\t\t\t\n\t\t\t\t\t\t\t<span class=\"card-entry__subheadline person-job \">\n\t\t\t\t\tS\u00f3cio gerente\n\t\t\t\t<\/span>\n\t\t\t\n\t\t\n\t<\/div>\n<\/div>\n\t\t\n\n\t\t\t\t\t<div class=\"card-entry__content content-type-default\">\n\t\t\t\t<div class=\"card-entry__content-inner\">\n\t\t\t\t\t<h3 class=\"popup-headline\">Foco na SHA<\/h3>\n\t\t\t\t\t<p class=\"card-entry__contents desc\">\n\t\t\t\t\t\tEnquanto designer anal\u00edtico e gerador de ideias, Christoph Helbich defende o trabalho concetual da SHA.\nJuntamente com o cliente, desenvolve o projeto e estabelece o enquadramento para o trabalho futuro. \n\t\t\t\t\t<\/p>\n\t\t\t\t<\/div>\n\t\t\t<\/div>\n\t\t\n\t<\/div>\n\n\t<\/div>\n<\/article>\n\t<\/div>\n\n\t<div class=\"popup-columns-wrap flex_column  av_one_half\">\n\t\t<div class=\"popup-column popup-column-career flex_column  av_one_full first bg-alternate\">\n\t\t\t<h2 class=\"popup-headline\">Carreira<\/h2>\n\t\t\t<ul class=\"popup-list popup-list-career\">\n\t\t\t\t\t\t\t\t\t\t\t\t\t\t\t\t\t\t\t\t\t\t<li class=\"popup-list__headline popup-list__headline-career\">\n\t\t\t\t\t\t\t\t<span class=\"popup-point popup-point--career headline\">Trabalho<\/span>\n\t\t\t\t\t\t\t<\/li>\n\t\t\t\t\t\t\t\t\t\t\t\t\t\t\t\t\t\t\t\t\t\t\t\t<li class=\"popup-list__item popup-list__item-career\">\n\t\t\t\t\t\t\t\t<span class=\"popup-point popup-point--career timespan\">desde 2005<\/span>\n\t\t\t\t\t\t\t\t<span class=\"popup-point popup-point--career point\">SHA Scheffler Helbich Architekten GmbH<\/span>\n\t\t\t\t\t\t\t<\/li>\n\t\t\t\t\t\t\t\t\t\t\t\t\t\t\t\t\t\t\t\t\t\t\t\t<li class=\"popup-list__item popup-list__item-career\">\n\t\t\t\t\t\t\t\t<span class=\"popup-point popup-point--career timespan\">desde 2003<\/span>\n\t\t\t\t\t\t\t\t<span class=\"popup-point popup-point--career point\">Scheffler Bauplan GmbH<\/span>\n\t\t\t\t\t\t\t<\/li>\n\t\t\t\t\t\t\t\t\t\t\t\t\t\t\t\t\t\t\t\t\t\t\t\t<li class=\"popup-list__item popup-list__item-career\">\n\t\t\t\t\t\t\t\t<span class=\"popup-point popup-point--career timespan\">2000 - 2003<\/span>\n\t\t\t\t\t\t\t\t<span class=\"popup-point popup-point--career point\">von Gerkan, Marg and Partners (gmp), Aachen<\/span>\n\t\t\t\t\t\t\t<\/li>\n\t\t\t\t\t\t\t\t\t\t\t\t\t\t\t\t\t\t\t\t\t\t\t\t<li class=\"popup-list__item popup-list__item-career\">\n\t\t\t\t\t\t\t\t<span class=\"popup-point popup-point--career timespan\">1998 - 2000<\/span>\n\t\t\t\t\t\t\t\t<span class=\"popup-point popup-point--career point\">Watrin, Jaspert e Drehsen (wjd), Col\u00f3nia<\/span>\n\t\t\t\t\t\t\t<\/li>\n\t\t\t\t\t\t\t\t\t\t\t\t\t\t\t\t\t\t\t\t\t\t\t\t<li class=\"popup-list__item popup-list__item-career\">\n\t\t\t\t\t\t\t\t<span class=\"popup-point popup-point--career timespan\">1997<\/span>\n\t\t\t\t\t\t\t\t<span class=\"popup-point popup-point--career point\">von Gerkan, Marg and Partners (gmp), Aachen<\/span>\n\t\t\t\t\t\t\t<\/li>\n\t\t\t\t\t\t\t\t\t\t\t\t\t\t\t\t\t\t\t\t\t\t\t\t<li class=\"popup-list__item popup-list__item-career\">\n\t\t\t\t\t\t\t\t<span class=\"popup-point popup-point--career timespan\">1997 - 1999<\/span>\n\t\t\t\t\t\t\t\t<span class=\"popup-point popup-point--career point\">Colabora\u00e7\u00e3o na C\u00e1tedra de Planeamento do Espa\u00e7o Urbano e Peritagem do Trabalho, Prof. V. Marg, Universidade RWTH Aachen<\/span>\n\t\t\t\t\t\t\t<\/li>\n\t\t\t\t\t\t\t\t\t\t\t\t\t\t\t\t\t\t\t\t\t\t\t\t<li class=\"popup-list__item popup-list__item-career\">\n\t\t\t\t\t\t\t\t<span class=\"popup-point popup-point--career timespan\">1997 - 2001<\/span>\n\t\t\t\t\t\t\t\t<span class=\"popup-point popup-point--career point\">Modela\u00e7\u00e3o e fotografia de arquitetura Laurin & Helbich<\/span>\n\t\t\t\t\t\t\t<\/li>\n\t\t\t\t\t\t\t\t\t\t\t\t\t\t\t\t\t\t\t\t\t\t\t\t<li class=\"popup-list__item popup-list__item-career\">\n\t\t\t\t\t\t\t\t<span class=\"popup-point popup-point--career timespan\">1996<\/span>\n\t\t\t\t\t\t\t\t<span class=\"popup-point popup-point--career point\">Storch e Ehlers, Hanover<\/span>\n\t\t\t\t\t\t\t<\/li>\n\t\t\t\t\t\t\t\t\t\t\t\t\t\t\t\t\t\t\t\t\t\t\t\t<li class=\"popup-list__headline popup-list__headline-career\">\n\t\t\t\t\t\t\t\t<span class=\"popup-point popup-point--career headline\">Atividade de ensino<\/span>\n\t\t\t\t\t\t\t<\/li>\n\t\t\t\t\t\t\t\t\t\t\t\t\t\t\t\t\t\t\t\t\t\t\t\t<li class=\"popup-list__item popup-list__item-career\">\n\t\t\t\t\t\t\t\t<span class=\"popup-point popup-point--career timespan\">2012 - 2014<\/span>\n\t\t\t\t\t\t\t\t<span class=\"popup-point popup-point--career point\">Professor Adjunto de Constru\u00e7\u00e3o Civil e Execu\u00e7\u00e3o de Edif\u00edcios, FH Dortmund<\/span>\n\t\t\t\t\t\t\t<\/li>\n\t\t\t\t\t\t\t\t\t\t\t\t\t\t\t\t\t\t\t\t\t\t\t\t<li class=\"popup-list__item popup-list__item-career\">\n\t\t\t\t\t\t\t\t<span class=\"popup-point popup-point--career timespan\">2008 - 2011<\/span>\n\t\t\t\t\t\t\t\t<span class=\"popup-point popup-point--career point\">Trabalhos de ensino na \u00e1rea da constru\u00e7\u00e3o e do design de edif\u00edcios, FH Dortmund<\/span>\n\t\t\t\t\t\t\t<\/li>\n\t\t\t\t\t\t\t\t\t\t\t\t\t\t\t\t\t\t\t\t\t\t\t\t<li class=\"popup-list__item popup-list__item-career\">\n\t\t\t\t\t\t\t\t<span class=\"popup-point popup-point--career timespan\">2006 - 2007<\/span>\n\t\t\t\t\t\t\t\t<span class=\"popup-point popup-point--career point\">Bolsa de estudos para \u00e1reas especiais de planeamento urbano, Universidade RWTH Aachen<\/span>\n\t\t\t\t\t\t\t<\/li>\n\t\t\t\t\t\t\t\t\t\t\t\t\t\t\t\t\t\t\t\t\t\t\t\t<li class=\"popup-list__item popup-list__item-career\">\n\t\t\t\t\t\t\t\t<span class=\"popup-point popup-point--career timespan\">2003 - 2006<\/span>\n\t\t\t\t\t\t\t\t<span class=\"popup-point popup-point--career point\">Assistente na cadeira de Planeamento Urbano, Prof. V. Marg, Prof. G. Bruchhaus, Universidade RWTH Aachen<\/span>\n\t\t\t\t\t\t\t<\/li>\n\t\t\t\t\t\t\t\t\t\t\t\t\t\t\t\t\t\t\t\t\t\t\t\t<li class=\"popup-list__headline popup-list__headline-career\">\n\t\t\t\t\t\t\t\t<span class=\"popup-point popup-point--career headline\">Estudo e forma\u00e7\u00e3o<\/span>\n\t\t\t\t\t\t\t<\/li>\n\t\t\t\t\t\t\t\t\t\t\t\t\t\t\t\t\t\t\t\t\t\t\t\t<li class=\"popup-list__item popup-list__item-career\">\n\t\t\t\t\t\t\t\t<span class=\"popup-point popup-point--career timespan\">1994 - 2000<\/span>\n\t\t\t\t\t\t\t\t<span class=\"popup-point popup-point--career point\">Estudou na Rheinisch-Westf\u00e4lische Technische Hochschule (RWTH), Aachen<\/span>\n\t\t\t\t\t\t\t<\/li>\n\t\t\t\t\t\t\t\t\t\t\t\t\t\t\t\t\t\t\t\t\t\t\t\t<li class=\"popup-list__item popup-list__item-career\">\n\t\t\t\t\t\t\t\t<span class=\"popup-point popup-point--career timespan\">1997 - 1998<\/span>\n\t\t\t\t\t\t\t\t<span class=\"popup-point popup-point--career point\">Estudos no Instituto Federal Su\u00ed\u00e7o de Tecnologia (ETH), Zurique<\/span>\n\t\t\t\t\t\t\t<\/li>\n\t\t\t\t\t\t\t\t\t\t\t\t\t\t\t\t\t\t\t\t\t\t\t\t<li class=\"popup-list__item popup-list__item-career\">\n\t\t\t\t\t\t\t\t<span class=\"popup-point popup-point--career timespan\">1995<\/span>\n\t\t\t\t\t\t\t\t<span class=\"popup-point popup-point--career point\">Escola de ver\u00e3o de Ingl\u00eas na Architectural Association (AA), Londres<\/span>\n\t\t\t\t\t\t\t<\/li>\n\t\t\t\t\t\t\t\t\t\t\t\t\t\t\t\t\t\t\t\t\t\t\t\t<li class=\"popup-list__headline popup-list__headline-career\">\n\t\t\t\t\t\t\t\t<span class=\"popup-point popup-point--career headline\">Diversos<\/span>\n\t\t\t\t\t\t\t<\/li>\n\t\t\t\t\t\t\t\t\t\t\t\t\t\t\t\t\t\t\t\t\t\t\t\t<li class=\"popup-list__item popup-list__item-career\">\n\t\t\t\t\t\t\t\t<span class=\"popup-point popup-point--career timespan\">2007<\/span>\n\t\t\t\t\t\t\t\t<span class=\"popup-point popup-point--career point\">Nomea\u00e7\u00e3o para a Associa\u00e7\u00e3o dos Arquitectos Alem\u00e3es (BDA), Dortmund<\/span>\n\t\t\t\t\t\t\t<\/li>\n\t\t\t\t\t\t\t\t\t\t\t\t\t\t\t\t\t\t<\/ul>\n\t\t<\/div>\n\t\t\t<\/div>\n<\/div>\n\n\t\t\t\t\t\t\t\n\t\t\t\t\t\t\t\t\t\t\t\t\t\t\n\t\t\t\t\t\t\t\t\t\t\t\t\t<div class=\"flex_column av_one_third bg-alternate teamgrid-column  \">\n\t\t\t\t\t\t\t\t<article id=\"\" class=\"card-entry person-entry   text-align-left     has-button \">\n\t<div class=\"card-entry__inner\">\n\t\t\n\t<div class=\"card-entry__media media-type-\">\n\t\t<div class=\"card-entry__media-inner\">\n\t\t\t\t\t\t\t<div class=\"card-entry__action\">\n\t<div class=\"card-entry__action-inner\">\n\t\t<div class=\"card-entry__button-wrap avia-button-wrap avia-button-right theme-fill\">\n\t\t\t\t\t\t\t<a class=\"card-entry__button avia-button avia-button color-ci-black hover-yellow avia-size-small popup-toggle avia-position-right no-scroll\" href=\"#team-popup-37358\">\n\t\t\t\t\t<span class=\"button-icon\"><i class=\"icon-arrow_next\"><\/i><\/span><span class=\"button-text\">Saiba mais<\/span>\n\t\t\t\t<\/a>\n\t\t\t\t\t<\/div>\n\t<\/div>\n<\/div>\n\t\t\t\t\t\t\t\t\t\t\t\t\t\t\t<img decoding=\"async\" src=\"https:\/\/sha-luzern.ch\/wp-content\/uploads\/706x313-Team-Beele-706x313.jpg\" \/>\n\t\t\t\t\t\t\t\t\t<\/div>\n\t<\/div>\n\n\t<div class=\"card_entry__content-wrap\">\n\t\t\t\t\t<div class=\"card-entry__heading\">\n\t<div class=\"card-entry__heading-inner\">\n\n\n\t\t\t\n\t\t\t\t\t\t\t<span class=\"card-entry__subheadline card-entry__title person-job \">\n\t\t\t\t\tEngenheiro civil diplomado\n\t\t\t\t<\/span>\n\t\t\t\n\t\t\t\n\t\t\t\t\t\t\t<h3 class=\"card-entry__headline person-name \">\n\t\t\t\t\t<span class=\"name-first\">Jens <\/span><span class=\"name-last\">Beele<\/span>\n\t\t\t\t<\/h3>\n\t\t\t\n\t\t\t\t\t\t\t<span class=\"card-entry__subheadline person-job \">\n\t\t\t\t\tDiretor Geral\n\t\t\t\t<\/span>\n\t\t\t\n\t\t\n\t<\/div>\n<\/div>\n\t\t\t\t\t\t\t\t<div class=\"card-entry__content content-type-default\">\n\t\t<div class=\"card-entry__content-inner\">\n\t\t\t<p class=\"card-entry__contents\">\n\t\t\t\t\t\t\t\t\t\t\t\t\t\t\t\t\t\t\t\t\t\t<span class=\"content-phone\"><span class=\"contact-pre\">T<\/span> <a href=\"tel:+492314420200\">+49 (231) 44 20 20 0<\/a><\/span>\n\t\t\t\t\t\t\t\t\t\t\t\t\t\t\t\t\t\t\t\t\t\t\t\t<span class=\"content-mail\"><br\/><span class=\"contact-pre\">E<\/span>  <a href=\"javascript:secureDecryptAndNavigate('Et\/plNV+pvOER2wFzjd1dvE0A601fxD0uv\/P3cLE3xovSKiwWy7+4MITmsswsSAPa\/vBtHkbCtZvAkU3tgTESQHR5RB+', '7fb6b0a631c756e2798c0419dd401ac6392a180022e45865affe1bd81a905598')\">j.beele@sha.de<\/a><\/span>\n\t\t\t\t\t\t\t\t\t\t\t\t\t\t\t\t\t\t<\/p>\n\t\t<\/div>\n\t<\/div>\n\t\t\t<\/div>\n\n\t<\/div>\n<\/article>\n\t\t\t\t\t\t\t<\/div>\n\t\t\t\t\t\t\t<div id=\"team-popup-37358\" class=\"popup person-popup  person-popup-small popup-wrap bg-alternate fullwidth p-default mfp-hide\">\n\t<div class=\"popup-column popup-column-person card-entry person-entry bg-main flex_column  av_one_half first\">\n\t\t<article id=\"\" class=\"   text-align-     \">\n\t<div class=\"card-entry__inner\">\n\t\t\n\t<div class=\"card-entry__media media-type-\">\n\t\t<div class=\"card-entry__media-inner\">\n\t\t\t\t\t\t\t<img decoding=\"async\" src=\"https:\/\/sha-luzern.ch\/wp-content\/uploads\/706x313-Team-Beele-706x313.jpg\" \/>\n\t\t\t\t\t<\/div>\n\t<\/div>\n\n\t<div class=\"card_entry__content-wrap\">\n\t\t\t\t\t<div class=\"card-entry__heading\">\n\t<div class=\"card-entry__heading-inner\">\n\n\n\t\t\t\n\t\t\t\t\t\t\t<span class=\"card-entry__subheadline card-entry__title person-job \">\n\t\t\t\t\tEngenheiro civil diplomado\n\t\t\t\t<\/span>\n\t\t\t\n\t\t\t\n\t\t\t\t\t\t\t<h3 class=\"card-entry__headline person-name \">\n\t\t\t\t\t<span class=\"name-first\">Jens <\/span><span class=\"name-last\">Beele<\/span>\n\t\t\t\t<\/h3>\n\t\t\t\n\t\t\t\t\t\t\t<span class=\"card-entry__subheadline person-job \">\n\t\t\t\t\tDiretor Geral\n\t\t\t\t<\/span>\n\t\t\t\n\t\t\n\t<\/div>\n<\/div>\n\t\t\n\n\t\t\t\t\t<div class=\"card-entry__content content-type-default\">\n\t\t\t\t<div class=\"card-entry__content-inner\">\n\t\t\t\t\t<h3 class=\"popup-headline\">Foco na SHA<\/h3>\n\t\t\t\t\t<p class=\"card-entry__contents desc\">\n\t\t\t\t\t\tJens Beele trabalha para a SHA desde 2009 e conhece o escrit\u00f3rio por dentro e por fora. Com os seus muitos anos de experi\u00eancia como signat\u00e1rio autorizado e chefe de equipa na gest\u00e3o da constru\u00e7\u00e3o, juntou-se \u00e0 equipa de gest\u00e3o da SHA em abril de 2022. Como executor com uma vis\u00e3o global e com a sua proximidade com os propriet\u00e1rios dos edif\u00edcios, traz solu\u00e7\u00f5es operacionais fortes para a mesa.\n\n\t\t\t\t\t<\/p>\n\t\t\t\t<\/div>\n\t\t\t<\/div>\n\t\t\n\t<\/div>\n\n\t<\/div>\n<\/article>\n\t<\/div>\n\n\t<div class=\"popup-columns-wrap flex_column  av_one_half\">\n\t\t<div class=\"popup-column popup-column-career flex_column  av_one_full first bg-alternate\">\n\t\t\t<h2 class=\"popup-headline\">Carreira<\/h2>\n\t\t\t<ul class=\"popup-list popup-list-career\">\n\t\t\t\t\t\t\t\t\t\t\t\t\t\t\t\t\t\t\t\t\t\t<li class=\"popup-list__headline popup-list__headline-career\">\n\t\t\t\t\t\t\t\t<span class=\"popup-point popup-point--career headline\">Trabalho<\/span>\n\t\t\t\t\t\t\t<\/li>\n\t\t\t\t\t\t\t\t\t\t\t\t\t\t\t\t\t\t\t\t\t\t\t\t<li class=\"popup-list__item popup-list__item-career\">\n\t\t\t\t\t\t\t\t<span class=\"popup-point popup-point--career timespan\">desde 2022<\/span>\n\t\t\t\t\t\t\t\t<span class=\"popup-point popup-point--career point\">SHA Scheffler Helbich Architekten GmbH, Diretor-Geral<\/span>\n\t\t\t\t\t\t\t<\/li>\n\t\t\t\t\t\t\t\t\t\t\t\t\t\t\t\t\t\t\t\t\t\t\t\t<li class=\"popup-list__item popup-list__item-career\">\n\t\t\t\t\t\t\t\t<span class=\"popup-point popup-point--career timespan\">desde 2016<\/span>\n\t\t\t\t\t\t\t\t<span class=\"popup-point popup-point--career point\">SHA Scheffler Helbich Architekten GmbH, signat\u00e1rio autorizado<\/span>\n\t\t\t\t\t\t\t<\/li>\n\t\t\t\t\t\t\t\t\t\t\t\t\t\t\t\t\t\t\t\t\t\t\t\t<li class=\"popup-list__item popup-list__item-career\">\n\t\t\t\t\t\t\t\t<span class=\"popup-point popup-point--career timespan\">desde 2009<\/span>\n\t\t\t\t\t\t\t\t<span class=\"popup-point popup-point--career point\">SHA Scheffler Helbich Architekten GmbH<\/span>\n\t\t\t\t\t\t\t<\/li>\n\t\t\t\t\t\t\t\t\t\t\t\t\t\t\t\t\t\t\t\t\t\t\t\t<li class=\"popup-list__item popup-list__item-career\">\n\t\t\t\t\t\t\t\t<span class=\"popup-point popup-point--career timespan\">2008 - 2009<\/span>\n\t\t\t\t\t\t\t\t<span class=\"popup-point popup-point--career point\">Est\u00fadio KMK, Neuenrade (empresa sucessora da schnabelkrach gbr)<\/span>\n\t\t\t\t\t\t\t<\/li>\n\t\t\t\t\t\t\t\t\t\t\t\t\t\t\t\t\t\t\t\t\t\t\t\t<li class=\"popup-list__item popup-list__item-career\">\n\t\t\t\t\t\t\t\t<span class=\"popup-point popup-point--career timespan\">2005 - 2008<\/span>\n\t\t\t\t\t\t\t\t<span class=\"popup-point popup-point--career point\">Escrit\u00f3rio schnabelkrach, Neuenrade, diretor de obra<\/span>\n\t\t\t\t\t\t\t<\/li>\n\t\t\t\t\t\t\t\t\t\t\t\t\t\t\t\t\t\t\t\t\t\t\t\t<li class=\"popup-list__item popup-list__item-career\">\n\t\t\t\t\t\t\t\t<span class=\"popup-point popup-point--career timespan\">2004 - 2005<\/span>\n\t\t\t\t\t\t\t\t<span class=\"popup-point popup-point--career point\">Gabinete IPL, Lippstadt, calculadora<\/span>\n\t\t\t\t\t\t\t<\/li>\n\t\t\t\t\t\t\t\t\t\t\t\t\t\t\t\t\t\t\t\t\t\t\t\t<li class=\"popup-list__item popup-list__item-career\">\n\t\t\t\t\t\t\t\t<span class=\"popup-point popup-point--career timespan\">2000 - 2004<\/span>\n\t\t\t\t\t\t\t\t<span class=\"popup-point popup-point--career point\">Gabinete 3L, Menden, diretor de obra<\/span>\n\t\t\t\t\t\t\t<\/li>\n\t\t\t\t\t\t\t\t\t\t\t\t\t\t\t\t\t\t\t\t\t\t\t\t<li class=\"popup-list__headline popup-list__headline-career\">\n\t\t\t\t\t\t\t\t<span class=\"popup-point popup-point--career headline\">Estudo e forma\u00e7\u00e3o<\/span>\n\t\t\t\t\t\t\t<\/li>\n\t\t\t\t\t\t\t\t\t\t\t\t\t\t\t\t\t\t\t\t\t\t\t\t<li class=\"popup-list__item popup-list__item-career\">\n\t\t\t\t\t\t\t\t<span class=\"popup-point popup-point--career timespan\">2000<\/span>\n\t\t\t\t\t\t\t\t<span class=\"popup-point popup-point--career point\">Diploma (Engenharia Civil)<\/span>\n\t\t\t\t\t\t\t<\/li>\n\t\t\t\t\t\t\t\t\t\t\t\t\t\t\t\t\t\t\t\t\t\t\t\t<li class=\"popup-list__item popup-list__item-career\">\n\t\t\t\t\t\t\t\t<span class=\"popup-point popup-point--career timespan\">1995 - 2000<\/span>\n\t\t\t\t\t\t\t\t<span class=\"popup-point popup-point--career point\">Estudou na Universidade de Ci\u00eancias Aplicadas de Bochum, Engenharia Civil, especializa\u00e7\u00e3o em engenharia de estruturas<\/span>\n\t\t\t\t\t\t\t<\/li>\n\t\t\t\t\t\t\t\t\t\t\t\t\t\t\t\t\t\t\t\t\t\t\t\t<li class=\"popup-list__item popup-list__item-career\">\n\t\t\t\t\t\t\t\t<span class=\"popup-point popup-point--career timespan\">1994 - 1996<\/span>\n\t\t\t\t\t\t\t\t<span class=\"popup-point popup-point--career point\">Aprendizagem de pedreiro, Thomas Helleckes GmbH<\/span>\n\t\t\t\t\t\t\t<\/li>\n\t\t\t\t\t\t\t\t\t\t\t\t\t\t\t\t\t\t<\/ul>\n\t\t<\/div>\n\t\t\t<\/div>\n<\/div>\n\n\t\t\t\t\t\t\t\n\t\t\t\t\t\t\t\t\t\t\t\t\t\t\n\t\t\t\t\t\t\t\t\t\t\t\t\t<div class=\"flex_column av_one_third bg-alternate teamgrid-column first column-top-margin\">\n\t\t\t\t\t\t\t\t<article id=\"\" class=\"card-entry person-entry   text-align-left     has-button \">\n\t<div class=\"card-entry__inner\">\n\t\t\n\t<div class=\"card-entry__media media-type-\">\n\t\t<div class=\"card-entry__media-inner\">\n\t\t\t\t\t\t\t<div class=\"card-entry__action\">\n\t<div class=\"card-entry__action-inner\">\n\t\t<div class=\"card-entry__button-wrap avia-button-wrap avia-button-right theme-fill\">\n\t\t\t\t\t\t\t<a class=\"card-entry__button avia-button avia-button color-ci-black hover-yellow avia-size-small popup-toggle avia-position-right no-scroll\" href=\"#team-popup-37345\">\n\t\t\t\t\t<span class=\"button-icon\"><i class=\"icon-arrow_next\"><\/i><\/span><span class=\"button-text\">Saiba mais<\/span>\n\t\t\t\t<\/a>\n\t\t\t\t\t<\/div>\n\t<\/div>\n<\/div>\n\t\t\t\t\t\t\t\t\t\t\t\t\t\t\t<img decoding=\"async\" src=\"https:\/\/sha-luzern.ch\/wp-content\/uploads\/706x313-Team-Kaminsky-706x313.jpg\" \/>\n\t\t\t\t\t\t\t\t\t<\/div>\n\t<\/div>\n\n\t<div class=\"card_entry__content-wrap\">\n\t\t\t\t\t<div class=\"card-entry__heading\">\n\t<div class=\"card-entry__heading-inner\">\n\n\n\t\t\t\n\t\t\t\t\t\t\t<span class=\"card-entry__subheadline card-entry__title person-job \">\n\t\t\t\t\tArquiteto diplomado\n\t\t\t\t<\/span>\n\t\t\t\n\t\t\t\n\t\t\t\t\t\t\t<h3 class=\"card-entry__headline person-name \">\n\t\t\t\t\t<span class=\"name-first\">Volker <\/span><span class=\"name-last\">Kaminsky<\/span>\n\t\t\t\t<\/h3>\n\t\t\t\n\t\t\t\t\t\t\t<span class=\"card-entry__subheadline person-job \">\n\t\t\t\t\tSignat\u00e1rio autorizado e Chefe do Planeamento\n\t\t\t\t<\/span>\n\t\t\t\n\t\t\n\t<\/div>\n<\/div>\n\t\t\t\t\t\t\t\t<div class=\"card-entry__content content-type-default\">\n\t\t<div class=\"card-entry__content-inner\">\n\t\t\t<p class=\"card-entry__contents\">\n\t\t\t\t\t\t\t\t\t\t\t\t\t\t\t\t\t\t\t\t\t\t<span class=\"content-phone\"><span class=\"contact-pre\">T<\/span> <a href=\"tel:+492314420200\">+49 (231) 44 20 20 0<\/a><\/span>\n\t\t\t\t\t\t\t\t\t\t\t\t\t\t\t\t\t\t\t\t\t\t\t\t<span class=\"content-mail\"><br\/><span class=\"contact-pre\">E<\/span>  <a href=\"javascript:secureDecryptAndNavigate('QcEtj+t+daU\/Ny+Khk8oykazQlNLm2w8xva5gYhOBgUz4NIt0UJqGYxGGNXlQUer6b94qnIorq3mygFh64YxFsC0zvMjQK\/g', '7fb6b0a631c756e2798c0419dd401ac6392a180022e45865affe1bd81a905598')\">v.kaminsky@sha.de<\/a><\/span>\n\t\t\t\t\t\t\t\t\t\t\t\t\t\t\t\t\t\t<\/p>\n\t\t<\/div>\n\t<\/div>\n\t\t\t<\/div>\n\n\t<\/div>\n<\/article>\n\t\t\t\t\t\t\t<\/div>\n\t\t\t\t\t\t\t<div id=\"team-popup-37345\" class=\"popup person-popup  person-popup-small popup-wrap bg-alternate fullwidth p-default mfp-hide\">\n\t<div class=\"popup-column popup-column-person card-entry person-entry bg-main flex_column  av_one_half first\">\n\t\t<article id=\"\" class=\"   text-align-     \">\n\t<div class=\"card-entry__inner\">\n\t\t\n\t<div class=\"card-entry__media media-type-\">\n\t\t<div class=\"card-entry__media-inner\">\n\t\t\t\t\t\t\t<img decoding=\"async\" src=\"https:\/\/sha-luzern.ch\/wp-content\/uploads\/706x313-Team-Kaminsky-706x313.jpg\" \/>\n\t\t\t\t\t<\/div>\n\t<\/div>\n\n\t<div class=\"card_entry__content-wrap\">\n\t\t\t\t\t<div class=\"card-entry__heading\">\n\t<div class=\"card-entry__heading-inner\">\n\n\n\t\t\t\n\t\t\t\t\t\t\t<span class=\"card-entry__subheadline card-entry__title person-job \">\n\t\t\t\t\tArquiteto diplomado\n\t\t\t\t<\/span>\n\t\t\t\n\t\t\t\n\t\t\t\t\t\t\t<h3 class=\"card-entry__headline person-name \">\n\t\t\t\t\t<span class=\"name-first\">Volker <\/span><span class=\"name-last\">Kaminsky<\/span>\n\t\t\t\t<\/h3>\n\t\t\t\n\t\t\t\t\t\t\t<span class=\"card-entry__subheadline person-job \">\n\t\t\t\t\tSignat\u00e1rio autorizado e Chefe do Planeamento\n\t\t\t\t<\/span>\n\t\t\t\n\t\t\n\t<\/div>\n<\/div>\n\t\t\n\n\t\t\t\t\t<div class=\"card-entry__content content-type-default\">\n\t\t\t\t<div class=\"card-entry__content-inner\">\n\t\t\t\t\t<h3 class=\"popup-headline\">Foco na SHA<\/h3>\n\t\t\t\t\t<p class=\"card-entry__contents desc\">\n\t\t\t\t\t\tPragm\u00e1tico, com mais de 40 anos de experi\u00eancia profissional, Volker Kaminsky e a sua equipa s\u00e3o respons\u00e1veis por projectos desde a ideia inicial at\u00e9 ao planeamento detalhado.\n\u00c9 o nosso especialista indiscut\u00edvel no sector dos materiais de constru\u00e7\u00e3o.   \n\t\t\t\t\t<\/p>\n\t\t\t\t<\/div>\n\t\t\t<\/div>\n\t\t\n\t<\/div>\n\n\t<\/div>\n<\/article>\n\t<\/div>\n\n\t<div class=\"popup-columns-wrap flex_column  av_one_half\">\n\t\t<div class=\"popup-column popup-column-career flex_column  av_one_full first bg-alternate\">\n\t\t\t<h2 class=\"popup-headline\">Carreira<\/h2>\n\t\t\t<ul class=\"popup-list popup-list-career\">\n\t\t\t\t\t\t\t\t\t\t\t\t\t\t\t\t\t\t\t\t\t\t<li class=\"popup-list__headline popup-list__headline-career\">\n\t\t\t\t\t\t\t\t<span class=\"popup-point popup-point--career headline\">Trabalho<\/span>\n\t\t\t\t\t\t\t<\/li>\n\t\t\t\t\t\t\t\t\t\t\t\t\t\t\t\t\t\t\t\t\t\t\t\t<li class=\"popup-list__item popup-list__item-career\">\n\t\t\t\t\t\t\t\t<span class=\"popup-point popup-point--career timespan\">desde 2016<\/span>\n\t\t\t\t\t\t\t\t<span class=\"popup-point popup-point--career point\">SHA Scheffler Helbich Architekten GmbH, signat\u00e1rio autorizado<\/span>\n\t\t\t\t\t\t\t<\/li>\n\t\t\t\t\t\t\t\t\t\t\t\t\t\t\t\t\t\t\t\t\t\t\t\t<li class=\"popup-list__item popup-list__item-career\">\n\t\t\t\t\t\t\t\t<span class=\"popup-point popup-point--career timespan\">desde 2000<\/span>\n\t\t\t\t\t\t\t\t<span class=\"popup-point popup-point--career point\">SHA Scheffler Helbich Architekten GmbH, Chefe do Departamento de Planeamento<\/span>\n\t\t\t\t\t\t\t<\/li>\n\t\t\t\t\t\t\t\t\t\t\t\t\t\t\t\t\t\t\t\t\t\t\t\t<li class=\"popup-list__item popup-list__item-career\">\n\t\t\t\t\t\t\t\t<span class=\"popup-point popup-point--career timespan\">desde 1994<\/span>\n\t\t\t\t\t\t\t\t<span class=\"popup-point popup-point--career point\">Architekturb\u00fcro Scheffler \/ Scheffler Bauplan GmbH \/ SHA Scheffler Helbich Architekten GmbH<\/span>\n\t\t\t\t\t\t\t<\/li>\n\t\t\t\t\t\t\t\t\t\t\t\t\t\t\t\t\t\t\t\t\t\t\t\t<li class=\"popup-list__item popup-list__item-career\">\n\t\t\t\t\t\t\t\t<span class=\"popup-point popup-point--career timespan\">1990 - 1994<\/span>\n\t\t\t\t\t\t\t\t<span class=\"popup-point popup-point--career point\">Pickhan architects, Hagen<\/span>\n\t\t\t\t\t\t\t<\/li>\n\t\t\t\t\t\t\t\t\t\t\t\t\t\t\t\t\t\t\t\t\t\t\t\t<li class=\"popup-list__item popup-list__item-career\">\n\t\t\t\t\t\t\t\t<span class=\"popup-point popup-point--career timespan\">1986 - 1990<\/span>\n\t\t\t\t\t\t\t\t<span class=\"popup-point popup-point--career point\">Gabinete de arquitetura Willers + Z\u00f6bisch, Schwerte<\/span>\n\t\t\t\t\t\t\t<\/li>\n\t\t\t\t\t\t\t\t\t\t\t\t\t\t\t\t\t\t\t\t\t\t\t\t<li class=\"popup-list__item popup-list__item-career\">\n\t\t\t\t\t\t\t\t<span class=\"popup-point popup-point--career timespan\">1984<\/span>\n\t\t\t\t\t\t\t\t<span class=\"popup-point popup-point--career point\">Gabinete de arquitetura Hubert Peetz, Lennestadt<\/span>\n\t\t\t\t\t\t\t<\/li>\n\t\t\t\t\t\t\t\t\t\t\t\t\t\t\t\t\t\t\t\t\t\t\t\t<li class=\"popup-list__item popup-list__item-career\">\n\t\t\t\t\t\t\t\t<span class=\"popup-point popup-point--career timespan\">1983<\/span>\n\t\t\t\t\t\t\t\t<span class=\"popup-point popup-point--career point\">Empresa de constru\u00e7\u00e3o de estradas e engenharia civil Erich K\u00f6ster KG, Schwerte<\/span>\n\t\t\t\t\t\t\t<\/li>\n\t\t\t\t\t\t\t\t\t\t\t\t\t\t\t\t\t\t\t\t\t\t\t\t<li class=\"popup-list__headline popup-list__headline-career\">\n\t\t\t\t\t\t\t\t<span class=\"popup-point popup-point--career headline\">Estudo e forma\u00e7\u00e3o<\/span>\n\t\t\t\t\t\t\t<\/li>\n\t\t\t\t\t\t\t\t\t\t\t\t\t\t\t\t\t\t\t\t\t\t\t\t<li class=\"popup-list__item popup-list__item-career\">\n\t\t\t\t\t\t\t\t<span class=\"popup-point popup-point--career timespan\">desde 1993<\/span>\n\t\t\t\t\t\t\t\t<span class=\"popup-point popup-point--career point\">Membro da C\u00e2mara de Arquitectos da Ren\u00e2nia do Norte-Vestef\u00e1lia<\/span>\n\t\t\t\t\t\t\t<\/li>\n\t\t\t\t\t\t\t\t\t\t\t\t\t\t\t\t\t\t\t\t\t\t\t\t<li class=\"popup-list__item popup-list__item-career\">\n\t\t\t\t\t\t\t\t<span class=\"popup-point popup-point--career timespan\">1990<\/span>\n\t\t\t\t\t\t\t\t<span class=\"popup-point popup-point--career point\">Licenciatura em engenharia, com especializa\u00e7\u00e3o em arquitetura<\/span>\n\t\t\t\t\t\t\t<\/li>\n\t\t\t\t\t\t\t\t\t\t\t\t\t\t\t\t\t\t\t\t\t\t\t\t<li class=\"popup-list__item popup-list__item-career\">\n\t\t\t\t\t\t\t\t<span class=\"popup-point popup-point--career timespan\">1983 - 1990<\/span>\n\t\t\t\t\t\t\t\t<span class=\"popup-point popup-point--career point\">Estudou arquitetura na Universidade de Ci\u00eancias Aplicadas e Artes de Dortmund<\/span>\n\t\t\t\t\t\t\t<\/li>\n\t\t\t\t\t\t\t\t\t\t\t\t\t\t\t\t\t\t<\/ul>\n\t\t<\/div>\n\t\t\t<\/div>\n<\/div>\n\n\t\t\t\t\t\t\t\n\t\t\t\t\t\t\t\t\t\t\t\t\t\t\n\t\t\t\t\t\t\t\t\t\t\t\t\t<div class=\"flex_column av_one_third bg-alternate teamgrid-column  column-top-margin\">\n\t\t\t\t\t\t\t\t<article id=\"\" class=\"card-entry person-entry   text-align-left     has-button \">\n\t<div class=\"card-entry__inner\">\n\t\t\n\t<div class=\"card-entry__media media-type-\">\n\t\t<div class=\"card-entry__media-inner\">\n\t\t\t\t\t\t\t<div class=\"card-entry__action\">\n\t<div class=\"card-entry__action-inner\">\n\t\t<div class=\"card-entry__button-wrap avia-button-wrap avia-button-right theme-fill\">\n\t\t\t\t\t\t\t<a class=\"card-entry__button avia-button avia-button color-ci-black hover-yellow avia-size-small popup-toggle avia-position-right no-scroll\" href=\"#team-popup-37346\">\n\t\t\t\t\t<span class=\"button-icon\"><i class=\"icon-arrow_next\"><\/i><\/span><span class=\"button-text\">Saiba mais<\/span>\n\t\t\t\t<\/a>\n\t\t\t\t\t<\/div>\n\t<\/div>\n<\/div>\n\t\t\t\t\t\t\t\t\t\t\t\t\t\t\t<img decoding=\"async\" src=\"https:\/\/sha-luzern.ch\/wp-content\/uploads\/Horstmeier-706x313-1-706x313.jpg\" \/>\n\t\t\t\t\t\t\t\t\t<\/div>\n\t<\/div>\n\n\t<div class=\"card_entry__content-wrap\">\n\t\t\t\t\t<div class=\"card-entry__heading\">\n\t<div class=\"card-entry__heading-inner\">\n\n\n\t\t\t\n\t\t\t\t\t\t\t<span class=\"card-entry__subheadline card-entry__title person-job \">\n\t\t\t\t\tArquiteto diplomado\n\t\t\t\t<\/span>\n\t\t\t\n\t\t\t\n\t\t\t\t\t\t\t<h3 class=\"card-entry__headline person-name \">\n\t\t\t\t\t<span class=\"name-first\">Marc <\/span><span class=\"name-last\">Horstmeier<\/span>\n\t\t\t\t<\/h3>\n\t\t\t\n\t\t\t\t\t\t\t<span class=\"card-entry__subheadline person-job \">\n\t\t\t\t\tSignat\u00e1rio autorizado\n\t\t\t\t<\/span>\n\t\t\t\n\t\t\n\t<\/div>\n<\/div>\n\t\t\t\t\t\t\t\t<div class=\"card-entry__content content-type-default\">\n\t\t<div class=\"card-entry__content-inner\">\n\t\t\t<p class=\"card-entry__contents\">\n\t\t\t\t\t\t\t\t\t\t\t\t\t\t\t\t\t\t\t\t\t\t<span class=\"content-phone\"><span class=\"contact-pre\">T<\/span> <a href=\"tel:+492314420200\">+49 (231) 44 20 20 0<\/a><\/span>\n\t\t\t\t\t\t\t\t\t\t\t\t\t\t\t\t\t\t\t\t\t\t\t\t<span class=\"content-mail\"><br\/><span class=\"contact-pre\">E<\/span>  <a href=\"javascript:secureDecryptAndNavigate('1+tJAe3cOl\/dQte3rgxwwBuBypjyyL39fJRhm41uUGf7JcSR7bknK8ga3cNnvakYCOQaI76vKcr6X9bM0lj7BioAIRHkyjZWhdw=', '7fb6b0a631c756e2798c0419dd401ac6392a180022e45865affe1bd81a905598')\">m.horstmeier@sha.de<\/a><\/span>\n\t\t\t\t\t\t\t\t\t\t\t\t\t\t\t\t\t\t<\/p>\n\t\t<\/div>\n\t<\/div>\n\t\t\t<\/div>\n\n\t<\/div>\n<\/article>\n\t\t\t\t\t\t\t<\/div>\n\t\t\t\t\t\t\t<div id=\"team-popup-37346\" class=\"popup person-popup  person-popup-small popup-wrap bg-alternate fullwidth p-default mfp-hide\">\n\t<div class=\"popup-column popup-column-person card-entry person-entry bg-main flex_column  av_one_half first\">\n\t\t<article id=\"\" class=\"   text-align-     \">\n\t<div class=\"card-entry__inner\">\n\t\t\n\t<div class=\"card-entry__media media-type-\">\n\t\t<div class=\"card-entry__media-inner\">\n\t\t\t\t\t\t\t<img decoding=\"async\" src=\"https:\/\/sha-luzern.ch\/wp-content\/uploads\/Horstmeier-706x313-1-706x313.jpg\" \/>\n\t\t\t\t\t<\/div>\n\t<\/div>\n\n\t<div class=\"card_entry__content-wrap\">\n\t\t\t\t\t<div class=\"card-entry__heading\">\n\t<div class=\"card-entry__heading-inner\">\n\n\n\t\t\t\n\t\t\t\t\t\t\t<span class=\"card-entry__subheadline card-entry__title person-job \">\n\t\t\t\t\tArquiteto diplomado\n\t\t\t\t<\/span>\n\t\t\t\n\t\t\t\n\t\t\t\t\t\t\t<h3 class=\"card-entry__headline person-name \">\n\t\t\t\t\t<span class=\"name-first\">Marc <\/span><span class=\"name-last\">Horstmeier<\/span>\n\t\t\t\t<\/h3>\n\t\t\t\n\t\t\t\t\t\t\t<span class=\"card-entry__subheadline person-job \">\n\t\t\t\t\tSignat\u00e1rio autorizado\n\t\t\t\t<\/span>\n\t\t\t\n\t\t\n\t<\/div>\n<\/div>\n\t\t\n\n\t\t\t\t\t<div class=\"card-entry__content content-type-default\">\n\t\t\t\t<div class=\"card-entry__content-inner\">\n\t\t\t\t\t<h3 class=\"popup-headline\">Foco na SHA<\/h3>\n\t\t\t\t\t<p class=\"card-entry__contents desc\">\n\t\t\t\t\t\tA ideia inicial, o primeiro esbo\u00e7o, o conceito acabado e, finalmente, a realiza\u00e7\u00e3o at\u00e9 ao \u00faltimo pormenor - \u00e9 este o trabalho de Marc Horstmeier.\nEle \u00e9 respons\u00e1vel pela conce\u00e7\u00e3o e funcionalidade dos nossos projectos.\nMarc Horstmeier \u00e9 tamb\u00e9m professor de arquitetura na Universidade de Ci\u00eancias Aplicadas e Artes de Dortmund.    \n\t\t\t\t\t<\/p>\n\t\t\t\t<\/div>\n\t\t\t<\/div>\n\t\t\n\t<\/div>\n\n\t<\/div>\n<\/article>\n\t<\/div>\n\n\t<div class=\"popup-columns-wrap flex_column  av_one_half\">\n\t\t<div class=\"popup-column popup-column-career flex_column  av_one_full first bg-alternate\">\n\t\t\t<h2 class=\"popup-headline\">Carreira<\/h2>\n\t\t\t<ul class=\"popup-list popup-list-career\">\n\t\t\t\t\t\t\t\t\t\t\t\t\t\t\t\t\t\t\t\t\t\t<li class=\"popup-list__headline popup-list__headline-career\">\n\t\t\t\t\t\t\t\t<span class=\"popup-point popup-point--career headline\">Trabalho<\/span>\n\t\t\t\t\t\t\t<\/li>\n\t\t\t\t\t\t\t\t\t\t\t\t\t\t\t\t\t\t\t\t\t\t\t\t<li class=\"popup-list__item popup-list__item-career\">\n\t\t\t\t\t\t\t\t<span class=\"popup-point popup-point--career timespan\">desde 2016<\/span>\n\t\t\t\t\t\t\t\t<span class=\"popup-point popup-point--career point\">SHA Scheffler Helbich Architekten GmbH, signat\u00e1rio autorizado<\/span>\n\t\t\t\t\t\t\t<\/li>\n\t\t\t\t\t\t\t\t\t\t\t\t\t\t\t\t\t\t\t\t\t\t\t\t<li class=\"popup-list__item popup-list__item-career\">\n\t\t\t\t\t\t\t\t<span class=\"popup-point popup-point--career timespan\">desde 2014<\/span>\n\t\t\t\t\t\t\t\t<span class=\"popup-point popup-point--career point\">SHA Scheffler Helbich Architekten GmbH<\/span>\n\t\t\t\t\t\t\t<\/li>\n\t\t\t\t\t\t\t\t\t\t\t\t\t\t\t\t\t\t\t\t\t\t\t\t<li class=\"popup-list__item popup-list__item-career\">\n\t\t\t\t\t\t\t\t<span class=\"popup-point popup-point--career timespan\">2013 - 2014<\/span>\n\t\t\t\t\t\t\t\t<span class=\"popup-point popup-point--career point\">independente<\/span>\n\t\t\t\t\t\t\t<\/li>\n\t\t\t\t\t\t\t\t\t\t\t\t\t\t\t\t\t\t\t\t\t\t\t\t<li class=\"popup-list__item popup-list__item-career\">\n\t\t\t\t\t\t\t\t<span class=\"popup-point popup-point--career timespan\">2012 - 2014<\/span>\n\t\t\t\t\t\t\t\t<span class=\"popup-point popup-point--career point\">ksu architects urban planificadores, Dortmund<\/span>\n\t\t\t\t\t\t\t<\/li>\n\t\t\t\t\t\t\t\t\t\t\t\t\t\t\t\t\t\t\t\t\t\t\t\t<li class=\"popup-list__item popup-list__item-career\">\n\t\t\t\t\t\t\t\t<span class=\"popup-point popup-point--career timespan\">2008 - 2012<\/span>\n\t\t\t\t\t\t\t\t<span class=\"popup-point popup-point--career point\">Gabinete de planeamento Herchenr\u00f6der, Essen<\/span>\n\t\t\t\t\t\t\t<\/li>\n\t\t\t\t\t\t\t\t\t\t\t\t\t\t\t\t\t\t\t\t\t\t\t\t<li class=\"popup-list__item popup-list__item-career\">\n\t\t\t\t\t\t\t\t<span class=\"popup-point popup-point--career timespan\">2003 - 2008<\/span>\n\t\t\t\t\t\t\t\t<span class=\"popup-point popup-point--career point\">Gabinete de arquitetura Hans Herchenr\u00f6der, Essen<\/span>\n\t\t\t\t\t\t\t<\/li>\n\t\t\t\t\t\t\t\t\t\t\t\t\t\t\t\t\t\t\t\t\t\t\t\t<li class=\"popup-list__item popup-list__item-career\">\n\t\t\t\t\t\t\t\t<span class=\"popup-point popup-point--career timespan\">1999 - 2004<\/span>\n\t\t\t\t\t\t\t\t<span class=\"popup-point popup-point--career point\">Nexus7 Architektur Gbr, Dortmund e Essen<\/span>\n\t\t\t\t\t\t\t<\/li>\n\t\t\t\t\t\t\t\t\t\t\t\t\t\t\t\t\t\t\t\t\t\t\t\t<li class=\"popup-list__item popup-list__item-career\">\n\t\t\t\t\t\t\t\t<span class=\"popup-point popup-point--career timespan\">1998 - 2000<\/span>\n\t\t\t\t\t\t\t\t<span class=\"popup-point popup-point--career point\">Colabora\u00e7\u00e3o em v\u00e1rios gabinetes de arquitetura<\/span>\n\t\t\t\t\t\t\t<\/li>\n\t\t\t\t\t\t\t\t\t\t\t\t\t\t\t\t\t\t\t\t\t\t\t\t<li class=\"popup-list__headline popup-list__headline-career\">\n\t\t\t\t\t\t\t\t<span class=\"popup-point popup-point--career headline\">Atividade universit\u00e1ria<\/span>\n\t\t\t\t\t\t\t<\/li>\n\t\t\t\t\t\t\t\t\t\t\t\t\t\t\t\t\t\t\t\t\t\t\t\t<li class=\"popup-list__item popup-list__item-career\">\n\t\t\t\t\t\t\t\t<span class=\"popup-point popup-point--career timespan\">desde 2011<\/span>\n\t\t\t\t\t\t\t\t<span class=\"popup-point popup-point--career point\">Bolsa de estudos para constru\u00e7\u00e3o, Universidade de Ci\u00eancias Aplicadas e Artes de Dortmund<\/span>\n\t\t\t\t\t\t\t<\/li>\n\t\t\t\t\t\t\t\t\t\t\t\t\t\t\t\t\t\t\t\t\t\t\t\t<li class=\"popup-list__item popup-list__item-career\">\n\t\t\t\t\t\t\t\t<span class=\"popup-point popup-point--career timespan\">2014 - 2015<\/span>\n\t\t\t\t\t\t\t\t<span class=\"popup-point popup-point--career point\">Colabora\u00e7\u00e3o na investiga\u00e7\u00e3o na C\u00e1tedra de Constru\u00e7\u00e3o Civil, Universidade de Ci\u00eancias Aplicadas e Artes de Dortmund<\/span>\n\t\t\t\t\t\t\t<\/li>\n\t\t\t\t\t\t\t\t\t\t\t\t\t\t\t\t\t\t\t\t\t\t\t\t<li class=\"popup-list__headline popup-list__headline-career\">\n\t\t\t\t\t\t\t\t<span class=\"popup-point popup-point--career headline\">Estudo e forma\u00e7\u00e3o<\/span>\n\t\t\t\t\t\t\t<\/li>\n\t\t\t\t\t\t\t\t\t\t\t\t\t\t\t\t\t\t\t\t\t\t\t\t<li class=\"popup-list__item popup-list__item-career\">\n\t\t\t\t\t\t\t\t<span class=\"popup-point popup-point--career timespan\">1998 - 2011<\/span>\n\t\t\t\t\t\t\t\t<span class=\"popup-point popup-point--career point\">Estudou arquitetura na Universidade de Ci\u00eancias Aplicadas e Artes de Dortmund<\/span>\n\t\t\t\t\t\t\t<\/li>\n\t\t\t\t\t\t\t\t\t\t\t\t\t\t\t\t\t\t\t\t\t\t\t\t<li class=\"popup-list__item popup-list__item-career\">\n\t\t\t\t\t\t\t\t<span class=\"popup-point popup-point--career timespan\">1996 - 1998<\/span>\n\t\t\t\t\t\t\t\t<span class=\"popup-point popup-point--career point\">Forma\u00e7\u00e3o de desenhador<\/span>\n\t\t\t\t\t\t\t<\/li>\n\t\t\t\t\t\t\t\t\t\t\t\t\t\t\t\t\t\t<\/ul>\n\t\t<\/div>\n\t\t\t<\/div>\n<\/div>\n\n\t\t\t\t\t\t\t\n\t\t\t\t\t\t\t\t\t\t\t\t\t\t\n\t\t\t\t\t\t\t\t\t\t\t\t\t<div class=\"flex_column av_one_third bg-alternate teamgrid-column  column-top-margin\">\n\t\t\t\t\t\t\t\t<article id=\"\" class=\"card-entry person-entry   text-align-left     \">\n\t<div class=\"card-entry__inner\">\n\t\t\n\t<div class=\"card-entry__media media-type-\">\n\t\t<div class=\"card-entry__media-inner\">\n\t\t\t\t\t\t\t\t\t\t\t\t\t\t\t<img decoding=\"async\" src=\"https:\/\/sha-luzern.ch\/wp-content\/uploads\/web-007-\u00a9gescheschmidt-sha-12.9.25-daniel-willi-e1765365609454-706x313.jpg\" \/>\n\t\t\t\t\t\t\t\t\t<\/div>\n\t<\/div>\n\n\t<div class=\"card_entry__content-wrap\">\n\t\t\t\t\t<div class=\"card-entry__heading\">\n\t<div class=\"card-entry__heading-inner\">\n\n\n\t\t\t\n\t\t\t\n\t\t\t\n\t\t\t\t\t\t\t<h3 class=\"card-entry__headline person-name \">\n\t\t\t\t\t<span class=\"name-first\">Daniel <\/span><span class=\"name-last\">Wili<\/span>\n\t\t\t\t<\/h3>\n\t\t\t\n\t\t\t\t\t\t\t<span class=\"card-entry__subheadline person-job \">\n\t\t\t\t\tDire\u00e7\u00e3o local Lucerna\n\t\t\t\t<\/span>\n\t\t\t\n\t\t\n\t<\/div>\n<\/div>\n\t\t\t\t\t\t\t\t<div class=\"card-entry__content content-type-default\">\n\t\t<div class=\"card-entry__content-inner\">\n\t\t\t<p class=\"card-entry__contents\">\n\t\t\t\t\t\t\t\t\t\t\t\t\t\t\t\t\t\t\t\t\t\t<span class=\"content-phone\"><span class=\"contact-pre\">T<\/span> <a href=\"tel:+41793032806\">+41 79 303 28 06<\/a><\/span>\n\t\t\t\t\t\t\t\t\t\t\t\t\t\t\t\t\t\t\t\t\t\t\t\t<span class=\"content-mail\"><br\/><span class=\"contact-pre\">E<\/span>  <a href=\"javascript:secureDecryptAndNavigate('BNMhOF+29De0McaDga6BSbHXiykXsOwJJpo2yVvlcAojpQdfZ8ZZIzAP\/Blv8UFpZfk5cRdwQN5UBtZPHMZ9crtIfQErWmZsmFyX', '7fb6b0a631c756e2798c0419dd401ac6392a180022e45865affe1bd81a905598')\">d.wili@sha-luzern.ch<\/a><\/span>\n\t\t\t\t\t\t\t\t\t\t\t\t\t\t\t\t\t\t<\/p>\n\t\t<\/div>\n\t<\/div>\n\t\t\t<\/div>\n\n\t<\/div>\n<\/article>\n\t\t\t\t\t\t\t<\/div>\n\t\t\t\t\t\t\t<div id=\"team-popup-55865\" class=\"popup person-popup  person-popup-small popup-wrap bg-alternate fullwidth p-default mfp-hide\">\n\t<div class=\"popup-column popup-column-person card-entry person-entry bg-main flex_column  av_one_half first\">\n\t\t<article id=\"\" class=\"   text-align-     \">\n\t<div class=\"card-entry__inner\">\n\t\t\n\t<div class=\"card-entry__media media-type-\">\n\t\t<div class=\"card-entry__media-inner\">\n\t\t\t\t\t\t\t<img decoding=\"async\" src=\"https:\/\/sha-luzern.ch\/wp-content\/uploads\/web-007-\u00a9gescheschmidt-sha-12.9.25-daniel-willi-e1765365609454-706x313.jpg\" \/>\n\t\t\t\t\t<\/div>\n\t<\/div>\n\n\t<div class=\"card_entry__content-wrap\">\n\t\t\t\t\t<div class=\"card-entry__heading\">\n\t<div class=\"card-entry__heading-inner\">\n\n\n\t\t\t\n\t\t\t\n\t\t\t\n\t\t\t\t\t\t\t<h3 class=\"card-entry__headline person-name \">\n\t\t\t\t\t<span class=\"name-first\">Daniel <\/span><span class=\"name-last\">Wili<\/span>\n\t\t\t\t<\/h3>\n\t\t\t\n\t\t\t\t\t\t\t<span class=\"card-entry__subheadline person-job \">\n\t\t\t\t\tDire\u00e7\u00e3o local Lucerna\n\t\t\t\t<\/span>\n\t\t\t\n\t\t\n\t<\/div>\n<\/div>\n\t\t\n\n\t\t\n\t<\/div>\n\n\t<\/div>\n<\/article>\n\t<\/div>\n\n\t<div class=\"popup-columns-wrap flex_column  av_one_half\">\n\t\t<div class=\"popup-column popup-column-career flex_column  av_one_full first bg-alternate\">\n\t\t\t<h2 class=\"popup-headline\">Carreira<\/h2>\n\t\t\t<ul class=\"popup-list popup-list-career\">\n\t\t\t\t\t\t\t\t\t\t\t\t\t\t\t\t\t\t\t\t\t\t\t\t\t\t\t\t\t\t\t\t\t\t\t\t\t\t\t\t\t\t\t\t\t\t\t\t\t\t\t\t\t\t\t\t\t\t\t\t\t\t\t\t\t\t\t\t\t\t\t<\/ul>\n\t\t<\/div>\n\t\t\t<\/div>\n<\/div>\n\n\t\t\t\t\t\t\t\n\t\t\t\t\t\t\t\t\t\t\t\t\t\t\n\t\t\t\t\t\t\t\t\t\t\t\t\t<div class=\"flex_column av_one_third bg-alternate teamgrid-column first column-top-margin\">\n\t\t\t\t\t\t\t\t<article id=\"\" class=\"card-entry person-entry   text-align-left     has-button \">\n\t<div class=\"card-entry__inner\">\n\t\t\n\t<div class=\"card-entry__media media-type-\">\n\t\t<div class=\"card-entry__media-inner\">\n\t\t\t\t\t\t\t<div class=\"card-entry__action\">\n\t<div class=\"card-entry__action-inner\">\n\t\t<div class=\"card-entry__button-wrap avia-button-wrap avia-button-right theme-fill\">\n\t\t\t\t\t\t\t<a class=\"card-entry__button avia-button avia-button color-ci-black hover-yellow avia-size-small popup-toggle avia-position-right no-scroll\" href=\"#team-popup-37103\">\n\t\t\t\t\t<span class=\"button-icon\"><i class=\"icon-arrow_next\"><\/i><\/span><span class=\"button-text\">Saiba mais<\/span>\n\t\t\t\t<\/a>\n\t\t\t\t\t<\/div>\n\t<\/div>\n<\/div>\n\t\t\t\t\t\t\t\t\t\t\t\t\t\t\t<img decoding=\"async\" src=\"https:\/\/sha-luzern.ch\/wp-content\/uploads\/043-\u00a9gescheschmidty-Zuschnitt_2-706x313.jpg\" \/>\n\t\t\t\t\t\t\t\t\t<\/div>\n\t<\/div>\n\n\t<div class=\"card_entry__content-wrap\">\n\t\t\t\t\t<div class=\"card-entry__heading\">\n\t<div class=\"card-entry__heading-inner\">\n\n\n\t\t\t\n\t\t\t\t\t\t\t<span class=\"card-entry__subheadline card-entry__title person-job \">\n\t\t\t\t\tArquiteto, Master of Science\n\t\t\t\t<\/span>\n\t\t\t\n\t\t\t\n\t\t\t\t\t\t\t<h3 class=\"card-entry__headline person-name \">\n\t\t\t\t\t<span class=\"name-first\">Jana <\/span><span class=\"name-last\">Hirschh\u00e4user<\/span>\n\t\t\t\t<\/h3>\n\t\t\t\n\t\t\t\t\t\t\t<span class=\"card-entry__subheadline person-job \">\n\t\t\t\t\tGest\u00e3o da constru\u00e7\u00e3o\n\t\t\t\t<\/span>\n\t\t\t\n\t\t\n\t<\/div>\n<\/div>\n\t\t\t\t\t\t\t\t<div class=\"card-entry__content content-type-default\">\n\t\t<div class=\"card-entry__content-inner\">\n\t\t\t<p class=\"card-entry__contents\">\n\t\t\t\t\t\t\t\t\t\t\t\t\t\t\t\t\t\t\t\t\t\t<span class=\"content-phone\"><span class=\"contact-pre\">T<\/span> <a href=\"tel:+49030233275717\">+49 (030) 23 32 757 17<\/a><\/span>\n\t\t\t\t\t\t\t\t\t\t\t\t\t\t\t\t\t\t\t\t\t\t\t\t<span class=\"content-mail\"><br\/><span class=\"contact-pre\">E<\/span>  <a href=\"javascript:secureDecryptAndNavigate('J4ygW\/iZs3twL77Nbbv\/0fynTQcaghbVmkwDt8aK8tpoN8IgqfMw6wmQ5eYl23pMRAZhwfOm+LILfs6iIPapusgeH3UtQeJ2Q7Kfwh4=', '7fb6b0a631c756e2798c0419dd401ac6392a180022e45865affe1bd81a905598')\">j.hirschhaeuser@sha.de<\/a><\/span>\n\t\t\t\t\t\t\t\t\t\t\t\t\t\t\t\t\t\t<\/p>\n\t\t<\/div>\n\t<\/div>\n\t\t\t<\/div>\n\n\t<\/div>\n<\/article>\n\t\t\t\t\t\t\t<\/div>\n\t\t\t\t\t\t\t<div id=\"team-popup-37103\" class=\"popup person-popup  person-popup-small popup-wrap bg-alternate fullwidth p-default mfp-hide\">\n\t<div class=\"popup-column popup-column-person card-entry person-entry bg-main flex_column  av_one_half first\">\n\t\t<article id=\"\" class=\"   text-align-     \">\n\t<div class=\"card-entry__inner\">\n\t\t\n\t<div class=\"card-entry__media media-type-\">\n\t\t<div class=\"card-entry__media-inner\">\n\t\t\t\t\t\t\t<img decoding=\"async\" src=\"https:\/\/sha-luzern.ch\/wp-content\/uploads\/043-\u00a9gescheschmidty-Zuschnitt_2-706x313.jpg\" \/>\n\t\t\t\t\t<\/div>\n\t<\/div>\n\n\t<div class=\"card_entry__content-wrap\">\n\t\t\t\t\t<div class=\"card-entry__heading\">\n\t<div class=\"card-entry__heading-inner\">\n\n\n\t\t\t\n\t\t\t\t\t\t\t<span class=\"card-entry__subheadline card-entry__title person-job \">\n\t\t\t\t\tArquiteto, Master of Science\n\t\t\t\t<\/span>\n\t\t\t\n\t\t\t\n\t\t\t\t\t\t\t<h3 class=\"card-entry__headline person-name \">\n\t\t\t\t\t<span class=\"name-first\">Jana <\/span><span class=\"name-last\">Hirschh\u00e4user<\/span>\n\t\t\t\t<\/h3>\n\t\t\t\n\t\t\t\t\t\t\t<span class=\"card-entry__subheadline person-job \">\n\t\t\t\t\tGest\u00e3o da constru\u00e7\u00e3o\n\t\t\t\t<\/span>\n\t\t\t\n\t\t\n\t<\/div>\n<\/div>\n\t\t\n\n\t\t\t\t\t<div class=\"card-entry__content content-type-default\">\n\t\t\t\t<div class=\"card-entry__content-inner\">\n\t\t\t\t\t<h3 class=\"popup-headline\">Foco na SHA<\/h3>\n\t\t\t\t\t<p class=\"card-entry__contents desc\">\n\t\t\t\t\t\tJana Hirschh\u00e4user faz parte da equipa SHA desde 2014.\nInicialmente, concentrou-se no planeamento de pormenoriza\u00e7\u00e3o e execu\u00e7\u00e3o, incluindo a nova constru\u00e7\u00e3o do centro de forma\u00e7\u00e3o do RB Leipzig e.V. Para a PhoenixWERK, passou para a equipa de gest\u00e3o de constru\u00e7\u00e3o.\nTrabalha nas nossas instala\u00e7\u00f5es em Berlim desde 2024 e apoia agora a equipa a partir da capital.  \n\t\t\t\t\t<\/p>\n\t\t\t\t<\/div>\n\t\t\t<\/div>\n\t\t\n\t<\/div>\n\n\t<\/div>\n<\/article>\n\t<\/div>\n\n\t<div class=\"popup-columns-wrap flex_column  av_one_half\">\n\t\t<div class=\"popup-column popup-column-career flex_column  av_one_full first bg-alternate\">\n\t\t\t<h2 class=\"popup-headline\">Carreira<\/h2>\n\t\t\t<ul class=\"popup-list popup-list-career\">\n\t\t\t\t\t\t\t\t\t\t\t\t\t\t\t\t\t\t\t\t\t\t<li class=\"popup-list__headline popup-list__headline-career\">\n\t\t\t\t\t\t\t\t<span class=\"popup-point popup-point--career headline\">Trabalho<\/span>\n\t\t\t\t\t\t\t<\/li>\n\t\t\t\t\t\t\t\t\t\t\t\t\t\t\t\t\t\t\t\t\t\t\t\t<li class=\"popup-list__item popup-list__item-career\">\n\t\t\t\t\t\t\t\t<span class=\"popup-point popup-point--career timespan\">desde 2024<\/span>\n\t\t\t\t\t\t\t\t<span class=\"popup-point popup-point--career point\">SHA Scheffler Helbich Architekten GmbH, Berlim<\/span>\n\t\t\t\t\t\t\t<\/li>\n\t\t\t\t\t\t\t\t\t\t\t\t\t\t\t\t\t\t\t\t\t\t\t\t<li class=\"popup-list__item popup-list__item-career\">\n\t\t\t\t\t\t\t\t<span class=\"popup-point popup-point--career timespan\">2019 - 2024<\/span>\n\t\t\t\t\t\t\t\t<span class=\"popup-point popup-point--career point\">SHA Scheffler Helbich Architekten GmbH, Dortmund<\/span>\n\t\t\t\t\t\t\t<\/li>\n\t\t\t\t\t\t\t\t\t\t\t\t\t\t\t\t\t\t\t\t\t\t\t\t<li class=\"popup-list__item popup-list__item-career\">\n\t\t\t\t\t\t\t\t<span class=\"popup-point popup-point--career timespan\">2014 - 2019<\/span>\n\t\t\t\t\t\t\t\t<span class=\"popup-point popup-point--career point\">SHA Scheffler Helbich Architekten GmbH, Dortmund, estudante  <\/span>\n\t\t\t\t\t\t\t<\/li>\n\t\t\t\t\t\t\t\t\t\t\t\t\t\t\t\t\t\t\t\t\t\t\t\t<li class=\"popup-list__item popup-list__item-career\">\n\t\t\t\t\t\t\t\t<span class=\"popup-point popup-point--career timespan\">2013 - 2014<\/span>\n\t\t\t\t\t\t\t\t<span class=\"popup-point popup-point--career point\">assistente de estudante, Werner Architekten, Dillenburg<\/span>\n\t\t\t\t\t\t\t<\/li>\n\t\t\t\t\t\t\t\t\t\t\t\t\t\t\t\t\t\t\t\t\t\t\t\t<li class=\"popup-list__item popup-list__item-career\">\n\t\t\t\t\t\t\t\t<span class=\"popup-point popup-point--career timespan\">2011 - 2014<\/span>\n\t\t\t\t\t\t\t\t<span class=\"popup-point popup-point--career point\">Assistente de investiga\u00e7\u00e3o e tutor no Departamento de Engenharia Estrutural da Universidade de Ci\u00eancias Aplicadas e Artes de Dortmund<\/span>\n\t\t\t\t\t\t\t<\/li>\n\t\t\t\t\t\t\t\t\t\t\t\t\t\t\t\t\t\t\t\t\t\t\t\t<li class=\"popup-list__headline popup-list__headline-career\">\n\t\t\t\t\t\t\t\t<span class=\"popup-point popup-point--career headline\">Estudo e forma\u00e7\u00e3o<\/span>\n\t\t\t\t\t\t\t<\/li>\n\t\t\t\t\t\t\t\t\t\t\t\t\t\t\t\t\t\t\t\t\t\t\t\t<li class=\"popup-list__item popup-list__item-career\">\n\t\t\t\t\t\t\t\t<span class=\"popup-point popup-point--career timespan\">2015 - 2019<\/span>\n\t\t\t\t\t\t\t\t<span class=\"popup-point popup-point--career point\">Mestrado em Arquitetura e Planeamento Urbano, Universidade TU Dortmund<\/span>\n\t\t\t\t\t\t\t<\/li>\n\t\t\t\t\t\t\t\t\t\t\t\t\t\t\t\t\t\t\t\t\t\t\t\t<li class=\"popup-list__item popup-list__item-career\">\n\t\t\t\t\t\t\t\t<span class=\"popup-point popup-point--career timespan\">2010 - 2014<\/span>\n\t\t\t\t\t\t\t\t<span class=\"popup-point popup-point--career point\">Licenciatura em Arquitetura, Universidade de Ci\u00eancias Aplicadas e Artes de Dortmund  <\/span>\n\t\t\t\t\t\t\t<\/li>\n\t\t\t\t\t\t\t\t\t\t\t\t\t\t\t\t\t\t<\/ul>\n\t\t<\/div>\n\t\t\t<\/div>\n<\/div>\n\n\t\t\t\t\t\t\t\n\t\t\t\t\t\t\t\t\t\t\t\t\t\t\n\t\t\t\t\t\t\t\t\t\t\t\t\t<div class=\"flex_column av_one_third bg-alternate teamgrid-column  column-top-margin\">\n\t\t\t\t\t\t\t\t<article id=\"\" class=\"card-entry person-entry   text-align-left     has-button \">\n\t<div class=\"card-entry__inner\">\n\t\t\n\t<div class=\"card-entry__media media-type-\">\n\t\t<div class=\"card-entry__media-inner\">\n\t\t\t\t\t\t\t<div class=\"card-entry__action\">\n\t<div class=\"card-entry__action-inner\">\n\t\t<div class=\"card-entry__button-wrap avia-button-wrap avia-button-right theme-fill\">\n\t\t\t\t\t\t\t<a class=\"card-entry__button avia-button avia-button color-ci-black hover-yellow avia-size-small popup-toggle avia-position-right no-scroll\" href=\"#team-popup-37313\">\n\t\t\t\t\t<span class=\"button-icon\"><i class=\"icon-arrow_next\"><\/i><\/span><span class=\"button-text\">Saiba mais<\/span>\n\t\t\t\t<\/a>\n\t\t\t\t\t<\/div>\n\t<\/div>\n<\/div>\n\t\t\t\t\t\t\t\t\t\t\t\t\t\t\t<img decoding=\"async\" src=\"https:\/\/sha-luzern.ch\/wp-content\/uploads\/034-\u00a9gescheschmidty-zuschnitt_2-706x313.jpg\" \/>\n\t\t\t\t\t\t\t\t\t<\/div>\n\t<\/div>\n\n\t<div class=\"card_entry__content-wrap\">\n\t\t\t\t\t<div class=\"card-entry__heading\">\n\t<div class=\"card-entry__heading-inner\">\n\n\n\t\t\t\n\t\t\t\t\t\t\t<span class=\"card-entry__subheadline card-entry__title person-job \">\n\t\t\t\t\tBSc (Hons) AA Dipl.\nArquiteto \n\t\t\t\t<\/span>\n\t\t\t\n\t\t\t\n\t\t\t\t\t\t\t<h3 class=\"card-entry__headline person-name \">\n\t\t\t\t\t<span class=\"name-first\">Oliver <\/span><span class=\"name-last\">Blumschein<\/span>\n\t\t\t\t<\/h3>\n\t\t\t\n\t\t\t\t\t\t\t<span class=\"card-entry__subheadline person-job \">\n\t\t\t\t\tGest\u00e3o de equipas e projectos\n\t\t\t\t<\/span>\n\t\t\t\n\t\t\n\t<\/div>\n<\/div>\n\t\t\t\t\t\t\t\t<div class=\"card-entry__content content-type-default\">\n\t\t<div class=\"card-entry__content-inner\">\n\t\t\t<p class=\"card-entry__contents\">\n\t\t\t\t\t\t\t\t\t\t\t\t\t\t\t\t\t\t\t\t\t\t<span class=\"content-phone\"><span class=\"contact-pre\">T<\/span> <a href=\"tel:+4930233275771\">+49 (30) 23 32 757 71<\/a><\/span>\n\t\t\t\t\t\t\t\t\t\t\t\t\t\t\t\t\t\t\t\t\t\t\t\t<span class=\"content-mail\"><br\/><span class=\"contact-pre\">E<\/span>  <a href=\"javascript:secureDecryptAndNavigate('WrWPclFZ8eZPJcRm4O7exgIgt528gIMzF7uhD\/8clNEdF6JBHSPUrk09a4s34jpFW1viYyTk2omF7hAGqNz8UrBKpi2+sQRCCas=', '7fb6b0a631c756e2798c0419dd401ac6392a180022e45865affe1bd81a905598')\">o.blumschein@sha.de<\/a><\/span>\n\t\t\t\t\t\t\t\t\t\t\t\t\t\t\t\t\t\t<\/p>\n\t\t<\/div>\n\t<\/div>\n\t\t\t<\/div>\n\n\t<\/div>\n<\/article>\n\t\t\t\t\t\t\t<\/div>\n\t\t\t\t\t\t\t<div id=\"team-popup-37313\" class=\"popup person-popup  person-popup-small popup-wrap bg-alternate fullwidth p-default mfp-hide\">\n\t<div class=\"popup-column popup-column-person card-entry person-entry bg-main flex_column  av_one_half first\">\n\t\t<article id=\"\" class=\"   text-align-     \">\n\t<div class=\"card-entry__inner\">\n\t\t\n\t<div class=\"card-entry__media media-type-\">\n\t\t<div class=\"card-entry__media-inner\">\n\t\t\t\t\t\t\t<img decoding=\"async\" src=\"https:\/\/sha-luzern.ch\/wp-content\/uploads\/034-\u00a9gescheschmidty-zuschnitt_2-706x313.jpg\" \/>\n\t\t\t\t\t<\/div>\n\t<\/div>\n\n\t<div class=\"card_entry__content-wrap\">\n\t\t\t\t\t<div class=\"card-entry__heading\">\n\t<div class=\"card-entry__heading-inner\">\n\n\n\t\t\t\n\t\t\t\t\t\t\t<span class=\"card-entry__subheadline card-entry__title person-job \">\n\t\t\t\t\tBSc (Hons) AA Dipl.\nArquiteto \n\t\t\t\t<\/span>\n\t\t\t\n\t\t\t\n\t\t\t\t\t\t\t<h3 class=\"card-entry__headline person-name \">\n\t\t\t\t\t<span class=\"name-first\">Oliver <\/span><span class=\"name-last\">Blumschein<\/span>\n\t\t\t\t<\/h3>\n\t\t\t\n\t\t\t\t\t\t\t<span class=\"card-entry__subheadline person-job \">\n\t\t\t\t\tGest\u00e3o de equipas e projectos\n\t\t\t\t<\/span>\n\t\t\t\n\t\t\n\t<\/div>\n<\/div>\n\t\t\n\n\t\t\t\t\t<div class=\"card-entry__content content-type-default\">\n\t\t\t\t<div class=\"card-entry__content-inner\">\n\t\t\t\t\t<h3 class=\"popup-headline\">Foco na SHA<\/h3>\n\t\t\t\t\t<p class=\"card-entry__contents desc\">\n\t\t\t\t\t\tOliver Blumschein trabalha como chefe de equipa no nosso est\u00fadio de Berlim desde 2022.\nAtualmente, desempenha um papel fundamental como gestor de projeto no novo projeto do edif\u00edcio de escrit\u00f3rios RB Leipzig, onde contribui com os seus muitos anos de experi\u00eancia. \n\t\t\t\t\t<\/p>\n\t\t\t\t<\/div>\n\t\t\t<\/div>\n\t\t\n\t<\/div>\n\n\t<\/div>\n<\/article>\n\t<\/div>\n\n\t<div class=\"popup-columns-wrap flex_column  av_one_half\">\n\t\t<div class=\"popup-column popup-column-career flex_column  av_one_full first bg-alternate\">\n\t\t\t<h2 class=\"popup-headline\">Carreira<\/h2>\n\t\t\t<ul class=\"popup-list popup-list-career\">\n\t\t\t\t\t\t\t\t\t\t\t\t\t\t\t\t\t\t\t\t\t\t<li class=\"popup-list__headline popup-list__headline-career\">\n\t\t\t\t\t\t\t\t<span class=\"popup-point popup-point--career headline\">Trabalho<\/span>\n\t\t\t\t\t\t\t<\/li>\n\t\t\t\t\t\t\t\t\t\t\t\t\t\t\t\t\t\t\t\t\t\t\t\t<li class=\"popup-list__item popup-list__item-career\">\n\t\t\t\t\t\t\t\t<span class=\"popup-point popup-point--career timespan\">desde 2022<\/span>\n\t\t\t\t\t\t\t\t<span class=\"popup-point popup-point--career point\">SHA Scheffler Helbich Architekten GmbH, Berlim<\/span>\n\t\t\t\t\t\t\t<\/li>\n\t\t\t\t\t\t\t\t\t\t\t\t\t\t\t\t\t\t\t\t\t\t\t\t<li class=\"popup-list__item popup-list__item-career\">\n\t\t\t\t\t\t\t\t<span class=\"popup-point popup-point--career timespan\">2016 - 2022<\/span>\n\t\t\t\t\t\t\t\t<span class=\"popup-point popup-point--career point\">Eike Becker Architects, Berlim<\/span>\n\t\t\t\t\t\t\t<\/li>\n\t\t\t\t\t\t\t\t\t\t\t\t\t\t\t\t\t\t\t\t\t\t\t\t<li class=\"popup-list__item popup-list__item-career\">\n\t\t\t\t\t\t\t\t<span class=\"popup-point popup-point--career timespan\">2009 - 2016<\/span>\n\t\t\t\t\t\t\t\t<span class=\"popup-point popup-point--career point\">Bogle Arquitectos, Praga<\/span>\n\t\t\t\t\t\t\t<\/li>\n\t\t\t\t\t\t\t\t\t\t\t\t\t\t\t\t\t\t\t\t\t\t\t\t<li class=\"popup-list__item popup-list__item-career\">\n\t\t\t\t\t\t\t\t<span class=\"popup-point popup-point--career timespan\">2006 - 2009<\/span>\n\t\t\t\t\t\t\t\t<span class=\"popup-point popup-point--career point\">Chapman Taylor, Praga<\/span>\n\t\t\t\t\t\t\t<\/li>\n\t\t\t\t\t\t\t\t\t\t\t\t\t\t\t\t\t\t\t\t\t\t\t\t<li class=\"popup-list__item popup-list__item-career\">\n\t\t\t\t\t\t\t\t<span class=\"popup-point popup-point--career timespan\">2004 - 2006<\/span>\n\t\t\t\t\t\t\t\t<span class=\"popup-point popup-point--career point\">Hamilton Associates, Londres<\/span>\n\t\t\t\t\t\t\t<\/li>\n\t\t\t\t\t\t\t\t\t\t\t\t\t\t\t\t\t\t\t\t\t\t\t\t<li class=\"popup-list__item popup-list__item-career\">\n\t\t\t\t\t\t\t\t<span class=\"popup-point popup-point--career timespan\">2000 - 2004<\/span>\n\t\t\t\t\t\t\t\t<span class=\"popup-point popup-point--career point\">Alsop Architects, Londres<\/span>\n\t\t\t\t\t\t\t<\/li>\n\t\t\t\t\t\t\t\t\t\t\t\t\t\t\t\t\t\t\t\t\t\t\t\t<li class=\"popup-list__item popup-list__item-career\">\n\t\t\t\t\t\t\t\t<span class=\"popup-point popup-point--career timespan\">1997 - 2000<\/span>\n\t\t\t\t\t\t\t\t<span class=\"popup-point popup-point--career point\">Alsop Zogolovitch, Londres<\/span>\n\t\t\t\t\t\t\t<\/li>\n\t\t\t\t\t\t\t\t\t\t\t\t\t\t\t\t\t\t\t\t\t\t\t\t<li class=\"popup-list__headline popup-list__headline-career\">\n\t\t\t\t\t\t\t\t<span class=\"popup-point popup-point--career headline\">Estudo e forma\u00e7\u00e3o<\/span>\n\t\t\t\t\t\t\t<\/li>\n\t\t\t\t\t\t\t\t\t\t\t\t\t\t\t\t\t\t\t\t\t\t\t\t<li class=\"popup-list__item popup-list__item-career\">\n\t\t\t\t\t\t\t\t<span class=\"popup-point popup-point--career timespan\">1991 - 1994<\/span>\n\t\t\t\t\t\t\t\t<span class=\"popup-point popup-point--career point\">Bartlett School of Architecture Building and Planning, University College, Londres  <\/span>\n\t\t\t\t\t\t\t<\/li>\n\t\t\t\t\t\t\t\t\t\t\t\t\t\t\t\t\t\t\t\t\t\t\t\t<li class=\"popup-list__item popup-list__item-career\">\n\t\t\t\t\t\t\t\t<span class=\"popup-point popup-point--career timespan\">1995 - 1997<\/span>\n\t\t\t\t\t\t\t\t<span class=\"popup-point popup-point--career point\">Architectural Association (AA), Londres<\/span>\n\t\t\t\t\t\t\t<\/li>\n\t\t\t\t\t\t\t\t\t\t\t\t\t\t\t\t\t\t<\/ul>\n\t\t<\/div>\n\t\t\t<\/div>\n<\/div>\n\n\t\t\t\t\t\t\t\n\t\t\t\t\t\t\t\t\t\t\t\t\t\t\n\t\t\t\t\t\t\t\t\t\t\t\t\t<div class=\"flex_column av_one_third bg-alternate teamgrid-column  column-top-margin\">\n\t\t\t\t\t\t\t\t<article id=\"\" class=\"card-entry person-entry   text-align-left     has-button \">\n\t<div class=\"card-entry__inner\">\n\t\t\n\t<div class=\"card-entry__media media-type-\">\n\t\t<div class=\"card-entry__media-inner\">\n\t\t\t\t\t\t\t<div class=\"card-entry__action\">\n\t<div class=\"card-entry__action-inner\">\n\t\t<div class=\"card-entry__button-wrap avia-button-wrap avia-button-right theme-fill\">\n\t\t\t\t\t\t\t<a class=\"card-entry__button avia-button avia-button color-ci-black hover-yellow avia-size-small popup-toggle avia-position-right no-scroll\" href=\"#team-popup-37300\">\n\t\t\t\t\t<span class=\"button-icon\"><i class=\"icon-arrow_next\"><\/i><\/span><span class=\"button-text\">Saiba mais<\/span>\n\t\t\t\t<\/a>\n\t\t\t\t\t<\/div>\n\t<\/div>\n<\/div>\n\t\t\t\t\t\t\t\t\t\t\t\t\t\t\t<img decoding=\"async\" src=\"https:\/\/sha-luzern.ch\/wp-content\/uploads\/706x313-Team-Manneck-706x313.jpg\" \/>\n\t\t\t\t\t\t\t\t\t<\/div>\n\t<\/div>\n\n\t<div class=\"card_entry__content-wrap\">\n\t\t\t\t\t<div class=\"card-entry__heading\">\n\t<div class=\"card-entry__heading-inner\">\n\n\n\t\t\t\n\t\t\t\t\t\t\t<span class=\"card-entry__subheadline card-entry__title person-job \">\n\t\t\t\t\tArquiteto, Master of Science\n\t\t\t\t<\/span>\n\t\t\t\n\t\t\t\n\t\t\t\t\t\t\t<h3 class=\"card-entry__headline person-name \">\n\t\t\t\t\t<span class=\"name-first\">Julia <\/span><span class=\"name-last\">Manneck<\/span>\n\t\t\t\t<\/h3>\n\t\t\t\n\t\t\t\t\t\t\t<span class=\"card-entry__subheadline person-job \">\n\t\t\t\t\tGest\u00e3o de equipas e projectos\n\t\t\t\t<\/span>\n\t\t\t\n\t\t\n\t<\/div>\n<\/div>\n\t\t\t\t\t\t\t\t<div class=\"card-entry__content content-type-default\">\n\t\t<div class=\"card-entry__content-inner\">\n\t\t\t<p class=\"card-entry__contents\">\n\t\t\t\t\t\t\t\t\t\t\t\t\t\t\t\t\t\t\t\t\t\t<span class=\"content-phone\"><span class=\"contact-pre\">T<\/span> <a href=\"tel:+4923144202041\">+49 (231) 44 20 20 41<\/a><\/span>\n\t\t\t\t\t\t\t\t\t\t\t\t\t\t\t\t\t\t\t\t\t\t\t\t<span class=\"content-mail\"><br\/><span class=\"contact-pre\">E<\/span>  <a href=\"javascript:secureDecryptAndNavigate('hDd6TIua3yF11KDA0StprhET5G\/MsW5WSUnYVgaZ99k+5mptGLeztLaKb4q1EunRx94TfF5WNfEzIEN15IPG7d3k81s5vAA=', '7fb6b0a631c756e2798c0419dd401ac6392a180022e45865affe1bd81a905598')\">j.manneck@sha.de<\/a><\/span>\n\t\t\t\t\t\t\t\t\t\t\t\t\t\t\t\t\t\t<\/p>\n\t\t<\/div>\n\t<\/div>\n\t\t\t<\/div>\n\n\t<\/div>\n<\/article>\n\t\t\t\t\t\t\t<\/div>\n\t\t\t\t\t\t\t<div id=\"team-popup-37300\" class=\"popup person-popup  person-popup-small popup-wrap bg-alternate fullwidth p-default mfp-hide\">\n\t<div class=\"popup-column popup-column-person card-entry person-entry bg-main flex_column  av_one_half first\">\n\t\t<article id=\"\" class=\"   text-align-     \">\n\t<div class=\"card-entry__inner\">\n\t\t\n\t<div class=\"card-entry__media media-type-\">\n\t\t<div class=\"card-entry__media-inner\">\n\t\t\t\t\t\t\t<img decoding=\"async\" src=\"https:\/\/sha-luzern.ch\/wp-content\/uploads\/706x313-Team-Manneck-706x313.jpg\" \/>\n\t\t\t\t\t<\/div>\n\t<\/div>\n\n\t<div class=\"card_entry__content-wrap\">\n\t\t\t\t\t<div class=\"card-entry__heading\">\n\t<div class=\"card-entry__heading-inner\">\n\n\n\t\t\t\n\t\t\t\t\t\t\t<span class=\"card-entry__subheadline card-entry__title person-job \">\n\t\t\t\t\tArquiteto, Master of Science\n\t\t\t\t<\/span>\n\t\t\t\n\t\t\t\n\t\t\t\t\t\t\t<h3 class=\"card-entry__headline person-name \">\n\t\t\t\t\t<span class=\"name-first\">Julia <\/span><span class=\"name-last\">Manneck<\/span>\n\t\t\t\t<\/h3>\n\t\t\t\n\t\t\t\t\t\t\t<span class=\"card-entry__subheadline person-job \">\n\t\t\t\t\tGest\u00e3o de equipas e projectos\n\t\t\t\t<\/span>\n\t\t\t\n\t\t\n\t<\/div>\n<\/div>\n\t\t\n\n\t\t\t\t\t<div class=\"card-entry__content content-type-default\">\n\t\t\t\t<div class=\"card-entry__content-inner\">\n\t\t\t\t\t<h3 class=\"popup-headline\">Foco na SHA<\/h3>\n\t\t\t\t\t<p class=\"card-entry__contents desc\">\n\t\t\t\t\t\tJulia Manneck \u00e9 respons\u00e1vel pela implementa\u00e7\u00e3o e planeamento detalhado, especializando-se em edif\u00edcios de escrit\u00f3rios e administrativos.\nO seu primeiro projeto no nosso gabinete foi o planeamento do gabinete \"Sport\" para o clube da Bundesliga Borussia Dortmund.\nAtualmente, \u00e9 chefe de equipa e de projeto do projeto do campus escolar em D\u00fcsseldorf-Benrath.    \n\t\t\t\t\t<\/p>\n\t\t\t\t<\/div>\n\t\t\t<\/div>\n\t\t\n\t<\/div>\n\n\t<\/div>\n<\/article>\n\t<\/div>\n\n\t<div class=\"popup-columns-wrap flex_column  av_one_half\">\n\t\t<div class=\"popup-column popup-column-career flex_column  av_one_full first bg-alternate\">\n\t\t\t<h2 class=\"popup-headline\">Carreira<\/h2>\n\t\t\t<ul class=\"popup-list popup-list-career\">\n\t\t\t\t\t\t\t\t\t\t\t\t\t\t\t\t\t\t\t\t\t\t<li class=\"popup-list__headline popup-list__headline-career\">\n\t\t\t\t\t\t\t\t<span class=\"popup-point popup-point--career headline\">Trabalho<\/span>\n\t\t\t\t\t\t\t<\/li>\n\t\t\t\t\t\t\t\t\t\t\t\t\t\t\t\t\t\t\t\t\t\t\t\t<li class=\"popup-list__item popup-list__item-career\">\n\t\t\t\t\t\t\t\t<span class=\"popup-point popup-point--career timespan\">desde 2018<\/span>\n\t\t\t\t\t\t\t\t<span class=\"popup-point popup-point--career point\">SHA Scheffler Helbich Architekten GmbH<\/span>\n\t\t\t\t\t\t\t<\/li>\n\t\t\t\t\t\t\t\t\t\t\t\t\t\t\t\t\t\t\t\t\t\t\t\t<li class=\"popup-list__item popup-list__item-career\">\n\t\t\t\t\t\t\t\t<span class=\"popup-point popup-point--career timespan\">2015 - 2018<\/span>\n\t\t\t\t\t\t\t\t<span class=\"popup-point popup-point--career point\">Frielinghaus Sch\u00fcren Architects, Witten  <\/span>\n\t\t\t\t\t\t\t<\/li>\n\t\t\t\t\t\t\t\t\t\t\t\t\t\t\t\t\t\t\t\t\t\t\t\t<li class=\"popup-list__item popup-list__item-career\">\n\t\t\t\t\t\t\t\t<span class=\"popup-point popup-point--career timespan\">2014 - 2015  <\/span>\n\t\t\t\t\t\t\t\t<span class=\"popup-point popup-point--career point\">G\u00fcldenberg Architecture, Gelsenkirchen<\/span>\n\t\t\t\t\t\t\t<\/li>\n\t\t\t\t\t\t\t\t\t\t\t\t\t\t\t\t\t\t\t\t\t\t\t\t<li class=\"popup-list__item popup-list__item-career\">\n\t\t\t\t\t\t\t\t<span class=\"popup-point popup-point--career timespan\">2013 - 2014<\/span>\n\t\t\t\t\t\t\t\t<span class=\"popup-point popup-point--career point\">Heiderich Architects, L\u00fcnen<\/span>\n\t\t\t\t\t\t\t<\/li>\n\t\t\t\t\t\t\t\t\t\t\t\t\t\t\t\t\t\t\t\t\t\t\t\t<li class=\"popup-list__headline popup-list__headline-career\">\n\t\t\t\t\t\t\t\t<span class=\"popup-point popup-point--career headline\">Estudo e forma\u00e7\u00e3o<\/span>\n\t\t\t\t\t\t\t<\/li>\n\t\t\t\t\t\t\t\t\t\t\t\t\t\t\t\t\t\t\t\t\t\t\t\t<li class=\"popup-list__item popup-list__item-career\">\n\t\t\t\t\t\t\t\t<span class=\"popup-point popup-point--career timespan\">2012 - 2015  <\/span>\n\t\t\t\t\t\t\t\t<span class=\"popup-point popup-point--career point\">Mestrado em Ci\u00eancias, TU Dortmund, Arquitetura e Planeamento Urbano, especializa\u00e7\u00e3o: Constru\u00e7\u00e3o Civil<\/span>\n\t\t\t\t\t\t\t<\/li>\n\t\t\t\t\t\t\t\t\t\t\t\t\t\t\t\t\t\t\t\t\t\t\t\t<li class=\"popup-list__item popup-list__item-career\">\n\t\t\t\t\t\t\t\t<span class=\"popup-point popup-point--career timespan\">2008 - 2012<\/span>\n\t\t\t\t\t\t\t\t<span class=\"popup-point popup-point--career point\">Licenciatura em Ci\u00eancias, Universidade TU Dortmund, Arquitetura e Planeamento Urbano<\/span>\n\t\t\t\t\t\t\t<\/li>\n\t\t\t\t\t\t\t\t\t\t\t\t\t\t\t\t\t\t<\/ul>\n\t\t<\/div>\n\t\t\t<\/div>\n<\/div>\n\n\t\t\t\t\t\t\t\n\t\t\t\t\t\t\t\t\t\t\t\t\t\t\n\t\t\t\t\t\t\t\t\t\t\t\t\t<div class=\"flex_column av_one_third bg-alternate teamgrid-column first column-top-margin\">\n\t\t\t\t\t\t\t\t<article id=\"\" class=\"card-entry person-entry   text-align-left     has-button \">\n\t<div class=\"card-entry__inner\">\n\t\t\n\t<div class=\"card-entry__media media-type-\">\n\t\t<div class=\"card-entry__media-inner\">\n\t\t\t\t\t\t\t<div class=\"card-entry__action\">\n\t<div class=\"card-entry__action-inner\">\n\t\t<div class=\"card-entry__button-wrap avia-button-wrap avia-button-right theme-fill\">\n\t\t\t\t\t\t\t<a class=\"card-entry__button avia-button avia-button color-ci-black hover-yellow avia-size-small popup-toggle avia-position-right no-scroll\" href=\"#team-popup-37302\">\n\t\t\t\t\t<span class=\"button-icon\"><i class=\"icon-arrow_next\"><\/i><\/span><span class=\"button-text\">Saiba mais<\/span>\n\t\t\t\t<\/a>\n\t\t\t\t\t<\/div>\n\t<\/div>\n<\/div>\n\t\t\t\t\t\t\t\t\t\t\t\t\t\t\t<img decoding=\"async\" src=\"https:\/\/sha-luzern.ch\/wp-content\/uploads\/004-Heitkemper-Portrait-SHA-Dortmund-Juni-2021_3-706x313.jpg\" \/>\n\t\t\t\t\t\t\t\t\t<\/div>\n\t<\/div>\n\n\t<div class=\"card_entry__content-wrap\">\n\t\t\t\t\t<div class=\"card-entry__heading\">\n\t<div class=\"card-entry__heading-inner\">\n\n\n\t\t\t\n\t\t\t\t\t\t\t<span class=\"card-entry__subheadline card-entry__title person-job \">\n\t\t\t\t\tArquiteto Diplomado\n\t\t\t\t<\/span>\n\t\t\t\n\t\t\t\n\t\t\t\t\t\t\t<h3 class=\"card-entry__headline person-name \">\n\t\t\t\t\t<span class=\"name-first\">Pia <\/span><span class=\"name-last\">Heitkemper<\/span>\n\t\t\t\t<\/h3>\n\t\t\t\n\t\t\t\t\t\t\t<span class=\"card-entry__subheadline person-job \">\n\t\t\t\t\tGest\u00e3o de equipas e projectos\n\t\t\t\t<\/span>\n\t\t\t\n\t\t\n\t<\/div>\n<\/div>\n\t\t\t\t\t\t\t\t<div class=\"card-entry__content content-type-default\">\n\t\t<div class=\"card-entry__content-inner\">\n\t\t\t<p class=\"card-entry__contents\">\n\t\t\t\t\t\t\t\t\t\t\t\t\t\t\t\t\t\t\t\t\t\t<span class=\"content-phone\"><span class=\"contact-pre\">T<\/span> <a href=\"tel:+4923144202033\">+49 (231) 44 20 20 33<\/a><\/span>\n\t\t\t\t\t\t\t\t\t\t\t\t\t\t\t\t\t\t\t\t\t\t\t\t<span class=\"content-mail\"><br\/><span class=\"contact-pre\">E<\/span>  <a href=\"javascript:secureDecryptAndNavigate('GYPViXCZbt1c0U0OZX8RFwPIgQQdJQu7UpuOpf6Z2wD\/yW+UwdVm7RrgkM04MMBmneEREnr3ajm2MdFm1\/93mrrQudBzwIn342A=', '7fb6b0a631c756e2798c0419dd401ac6392a180022e45865affe1bd81a905598')\">p.heitkemper@sha.de<\/a><\/span>\n\t\t\t\t\t\t\t\t\t\t\t\t\t\t\t\t\t\t<\/p>\n\t\t<\/div>\n\t<\/div>\n\t\t\t<\/div>\n\n\t<\/div>\n<\/article>\n\t\t\t\t\t\t\t<\/div>\n\t\t\t\t\t\t\t<div id=\"team-popup-37302\" class=\"popup person-popup  person-popup-small popup-wrap bg-alternate fullwidth p-default mfp-hide\">\n\t<div class=\"popup-column popup-column-person card-entry person-entry bg-main flex_column  av_one_half first\">\n\t\t<article id=\"\" class=\"   text-align-     \">\n\t<div class=\"card-entry__inner\">\n\t\t\n\t<div class=\"card-entry__media media-type-\">\n\t\t<div class=\"card-entry__media-inner\">\n\t\t\t\t\t\t\t<img decoding=\"async\" src=\"https:\/\/sha-luzern.ch\/wp-content\/uploads\/004-Heitkemper-Portrait-SHA-Dortmund-Juni-2021_3-706x313.jpg\" \/>\n\t\t\t\t\t<\/div>\n\t<\/div>\n\n\t<div class=\"card_entry__content-wrap\">\n\t\t\t\t\t<div class=\"card-entry__heading\">\n\t<div class=\"card-entry__heading-inner\">\n\n\n\t\t\t\n\t\t\t\t\t\t\t<span class=\"card-entry__subheadline card-entry__title person-job \">\n\t\t\t\t\tArquiteto Diplomado\n\t\t\t\t<\/span>\n\t\t\t\n\t\t\t\n\t\t\t\t\t\t\t<h3 class=\"card-entry__headline person-name \">\n\t\t\t\t\t<span class=\"name-first\">Pia <\/span><span class=\"name-last\">Heitkemper<\/span>\n\t\t\t\t<\/h3>\n\t\t\t\n\t\t\t\t\t\t\t<span class=\"card-entry__subheadline person-job \">\n\t\t\t\t\tGest\u00e3o de equipas e projectos\n\t\t\t\t<\/span>\n\t\t\t\n\t\t\n\t<\/div>\n<\/div>\n\t\t\n\n\t\t\t\t\t<div class=\"card-entry__content content-type-default\">\n\t\t\t\t<div class=\"card-entry__content-inner\">\n\t\t\t\t\t<h3 class=\"popup-headline\">Foco na SHA<\/h3>\n\t\t\t\t\t<p class=\"card-entry__contents desc\">\n\t\t\t\t\t\tPia Heitkemper est\u00e1 na SHA desde 2014.\nEst\u00e1 a gerir a convers\u00e3o de um antigo edif\u00edcio de armaz\u00e9ns no porto de Dortmund no \"Lensing Media Port\".\nComo parte da equipa, cuida da organiza\u00e7\u00e3o interna do escrit\u00f3rio e dos fluxos de trabalho normalizados para os nossos projectos de constru\u00e7\u00e3o.    \n\t\t\t\t\t<\/p>\n\t\t\t\t<\/div>\n\t\t\t<\/div>\n\t\t\n\t<\/div>\n\n\t<\/div>\n<\/article>\n\t<\/div>\n\n\t<div class=\"popup-columns-wrap flex_column  av_one_half\">\n\t\t<div class=\"popup-column popup-column-career flex_column  av_one_full first bg-alternate\">\n\t\t\t<h2 class=\"popup-headline\">Carreira<\/h2>\n\t\t\t<ul class=\"popup-list popup-list-career\">\n\t\t\t\t\t\t\t\t\t\t\t\t\t\t\t\t\t\t\t\t\t\t<li class=\"popup-list__headline popup-list__headline-career\">\n\t\t\t\t\t\t\t\t<span class=\"popup-point popup-point--career headline\">Trabalho  <\/span>\n\t\t\t\t\t\t\t<\/li>\n\t\t\t\t\t\t\t\t\t\t\t\t\t\t\t\t\t\t\t\t\t\t\t\t<li class=\"popup-list__item popup-list__item-career\">\n\t\t\t\t\t\t\t\t<span class=\"popup-point popup-point--career timespan\">desde 2014<\/span>\n\t\t\t\t\t\t\t\t<span class=\"popup-point popup-point--career point\">SHA Scheffler Helbich Architekten GmbH<\/span>\n\t\t\t\t\t\t\t<\/li>\n\t\t\t\t\t\t\t\t\t\t\t\t\t\t\t\t\t\t\t\t\t\t\t\t<li class=\"popup-list__item popup-list__item-career\">\n\t\t\t\t\t\t\t\t<span class=\"popup-point popup-point--career timespan\">2011 - 2014<\/span>\n\t\t\t\t\t\t\t\t<span class=\"popup-point popup-point--career point\">  BM+P Architekten Hesse Haselhoff GbR, D\u00fcsseldorf<\/span>\n\t\t\t\t\t\t\t<\/li>\n\t\t\t\t\t\t\t\t\t\t\t\t\t\t\t\t\t\t\t\t\t\t\t\t<li class=\"popup-list__item popup-list__item-career\">\n\t\t\t\t\t\t\t\t<span class=\"popup-point popup-point--career timespan\">2009 - 2011<\/span>\n\t\t\t\t\t\t\t\t<span class=\"popup-point popup-point--career point\">Assistente de investiga\u00e7\u00e3o e tutor no Departamento de Constru\u00e7\u00e3o Civil da Universidade de Ci\u00eancias Aplicadas e Artes de Dortmund<\/span>\n\t\t\t\t\t\t\t<\/li>\n\t\t\t\t\t\t\t\t\t\t\t\t\t\t\t\t\t\t\t\t\t\t\t\t<li class=\"popup-list__headline popup-list__headline-career\">\n\t\t\t\t\t\t\t\t<span class=\"popup-point popup-point--career headline\">Estudo e forma\u00e7\u00e3o<\/span>\n\t\t\t\t\t\t\t<\/li>\n\t\t\t\t\t\t\t\t\t\t\t\t\t\t\t\t\t\t\t\t\t\t\t\t<li class=\"popup-list__item popup-list__item-career\">\n\t\t\t\t\t\t\t\t<span class=\"popup-point popup-point--career timespan\">2011<\/span>\n\t\t\t\t\t\t\t\t<span class=\"popup-point popup-point--career point\">Diploma<\/span>\n\t\t\t\t\t\t\t<\/li>\n\t\t\t\t\t\t\t\t\t\t\t\t\t\t\t\t\t\t\t\t\t\t\t\t<li class=\"popup-list__item popup-list__item-career\">\n\t\t\t\t\t\t\t\t<span class=\"popup-point popup-point--career timespan\">2006 - 2011<\/span>\n\t\t\t\t\t\t\t\t<span class=\"popup-point popup-point--career point\">Estudou arquitetura na Universidade de Ci\u00eancias Aplicadas e Artes de Dortmund<\/span>\n\t\t\t\t\t\t\t<\/li>\n\t\t\t\t\t\t\t\t\t\t\t\t\t\t\t\t\t\t<\/ul>\n\t\t<\/div>\n\t\t\t<\/div>\n<\/div>\n\n\t\t\t\t\t\t\t\n\t\t\t\t\t\t\t\t\t\t\t\t\t\t\n\t\t\t\t\t\t\t\t\t\t\t\t\t<div class=\"flex_column av_one_third bg-alternate teamgrid-column  column-top-margin\">\n\t\t\t\t\t\t\t\t<article id=\"\" class=\"card-entry person-entry   text-align-left     has-button \">\n\t<div class=\"card-entry__inner\">\n\t\t\n\t<div class=\"card-entry__media media-type-\">\n\t\t<div class=\"card-entry__media-inner\">\n\t\t\t\t\t\t\t<div class=\"card-entry__action\">\n\t<div class=\"card-entry__action-inner\">\n\t\t<div class=\"card-entry__button-wrap avia-button-wrap avia-button-right theme-fill\">\n\t\t\t\t\t\t\t<a class=\"card-entry__button avia-button avia-button color-ci-black hover-yellow avia-size-small popup-toggle avia-position-right no-scroll\" href=\"#team-popup-37106\">\n\t\t\t\t\t<span class=\"button-icon\"><i class=\"icon-arrow_next\"><\/i><\/span><span class=\"button-text\">Saiba mais<\/span>\n\t\t\t\t<\/a>\n\t\t\t\t\t<\/div>\n\t<\/div>\n<\/div>\n\t\t\t\t\t\t\t\t\t\t\t\t\t\t\t<img decoding=\"async\" src=\"https:\/\/sha-luzern.ch\/wp-content\/uploads\/706x313-Stoschek-706x313.jpg\" \/>\n\t\t\t\t\t\t\t\t\t<\/div>\n\t<\/div>\n\n\t<div class=\"card_entry__content-wrap\">\n\t\t\t\t\t<div class=\"card-entry__heading\">\n\t<div class=\"card-entry__heading-inner\">\n\n\n\t\t\t\n\t\t\t\t\t\t\t<span class=\"card-entry__subheadline card-entry__title person-job \">\n\t\t\t\t\tEngenheiro civil diplomado  \n\t\t\t\t<\/span>\n\t\t\t\n\t\t\t\n\t\t\t\t\t\t\t<h3 class=\"card-entry__headline person-name \">\n\t\t\t\t\t<span class=\"name-first\">Thorsten <\/span><span class=\"name-last\">Stoschek<\/span>\n\t\t\t\t<\/h3>\n\t\t\t\n\t\t\t\t\t\t\t<span class=\"card-entry__subheadline person-job \">\n\t\t\t\t\tGest\u00e3o da equipa e do local\n\t\t\t\t<\/span>\n\t\t\t\n\t\t\n\t<\/div>\n<\/div>\n\t\t\t\t\t\t\t\t<div class=\"card-entry__content content-type-default\">\n\t\t<div class=\"card-entry__content-inner\">\n\t\t\t<p class=\"card-entry__contents\">\n\t\t\t\t\t\t\t\t\t\t\t\t\t\t\t\t\t\t\t\t\t\t<span class=\"content-phone\"><span class=\"contact-pre\">T<\/span> <a href=\"tel:+4923144202032\">+49 (231) 44 20 20 32<\/a><\/span>\n\t\t\t\t\t\t\t\t\t\t\t\t\t\t\t\t\t\t\t\t\t\t\t\t<span class=\"content-mail\"><br\/><span class=\"contact-pre\">E<\/span>  <a href=\"javascript:secureDecryptAndNavigate('ziERSBYUCK1L\/i+R3\/Y66rp2Cf\/0J3pqHs32sIPW1kp+R\/kIyNfftf3l6MBT\/C1eSEj4vhJlSYX49ZxrJW7ijoh+Nain19qj', '7fb6b0a631c756e2798c0419dd401ac6392a180022e45865affe1bd81a905598')\">t.stoschek@sha.de<\/a><\/span>\n\t\t\t\t\t\t\t\t\t\t\t\t\t\t\t\t\t\t<\/p>\n\t\t<\/div>\n\t<\/div>\n\t\t\t<\/div>\n\n\t<\/div>\n<\/article>\n\t\t\t\t\t\t\t<\/div>\n\t\t\t\t\t\t\t<div id=\"team-popup-37106\" class=\"popup person-popup  person-popup-small popup-wrap bg-alternate fullwidth p-default mfp-hide\">\n\t<div class=\"popup-column popup-column-person card-entry person-entry bg-main flex_column  av_one_half first\">\n\t\t<article id=\"\" class=\"   text-align-     \">\n\t<div class=\"card-entry__inner\">\n\t\t\n\t<div class=\"card-entry__media media-type-\">\n\t\t<div class=\"card-entry__media-inner\">\n\t\t\t\t\t\t\t<img decoding=\"async\" src=\"https:\/\/sha-luzern.ch\/wp-content\/uploads\/706x313-Stoschek-706x313.jpg\" \/>\n\t\t\t\t\t<\/div>\n\t<\/div>\n\n\t<div class=\"card_entry__content-wrap\">\n\t\t\t\t\t<div class=\"card-entry__heading\">\n\t<div class=\"card-entry__heading-inner\">\n\n\n\t\t\t\n\t\t\t\t\t\t\t<span class=\"card-entry__subheadline card-entry__title person-job \">\n\t\t\t\t\tEngenheiro civil diplomado  \n\t\t\t\t<\/span>\n\t\t\t\n\t\t\t\n\t\t\t\t\t\t\t<h3 class=\"card-entry__headline person-name \">\n\t\t\t\t\t<span class=\"name-first\">Thorsten <\/span><span class=\"name-last\">Stoschek<\/span>\n\t\t\t\t<\/h3>\n\t\t\t\n\t\t\t\t\t\t\t<span class=\"card-entry__subheadline person-job \">\n\t\t\t\t\tGest\u00e3o da equipa e do local\n\t\t\t\t<\/span>\n\t\t\t\n\t\t\n\t<\/div>\n<\/div>\n\t\t\n\n\t\t\t\t\t<div class=\"card-entry__content content-type-default\">\n\t\t\t\t<div class=\"card-entry__content-inner\">\n\t\t\t\t\t<h3 class=\"popup-headline\">Foco na SHA<\/h3>\n\t\t\t\t\t<p class=\"card-entry__contents desc\">\n\t\t\t\t\t\tThorsten Stoschek est\u00e1 no local para n\u00f3s em toda a Alemanha e utiliza os seus vastos conhecimentos e muitos anos de experi\u00eancia profissional para garantir que todos os envolvidos no local de constru\u00e7\u00e3o trabalham em conjunto.\nComo \"zelador\", apoia os clientes e coordena todos os processos para garantir um processo de constru\u00e7\u00e3o sem problemas.   \n\t\t\t\t\t<\/p>\n\t\t\t\t<\/div>\n\t\t\t<\/div>\n\t\t\n\t<\/div>\n\n\t<\/div>\n<\/article>\n\t<\/div>\n\n\t<div class=\"popup-columns-wrap flex_column  av_one_half\">\n\t\t<div class=\"popup-column popup-column-career flex_column  av_one_full first bg-alternate\">\n\t\t\t<h2 class=\"popup-headline\">Carreira<\/h2>\n\t\t\t<ul class=\"popup-list popup-list-career\">\n\t\t\t\t\t\t\t\t\t\t\t\t\t\t\t\t\t\t\t\t\t\t<li class=\"popup-list__headline popup-list__headline-career\">\n\t\t\t\t\t\t\t\t<span class=\"popup-point popup-point--career headline\">Trabalho<\/span>\n\t\t\t\t\t\t\t<\/li>\n\t\t\t\t\t\t\t\t\t\t\t\t\t\t\t\t\t\t\t\t\t\t\t\t<li class=\"popup-list__item popup-list__item-career\">\n\t\t\t\t\t\t\t\t<span class=\"popup-point popup-point--career timespan\">desde 2016<\/span>\n\t\t\t\t\t\t\t\t<span class=\"popup-point popup-point--career point\">SHA Scheffler Helbich Architekten GmbH<\/span>\n\t\t\t\t\t\t\t<\/li>\n\t\t\t\t\t\t\t\t\t\t\t\t\t\t\t\t\t\t\t\t\t\t\t\t<li class=\"popup-list__item popup-list__item-career\">\n\t\t\t\t\t\t\t\t<span class=\"popup-point popup-point--career timespan\">2009 - 2016<\/span>\n\t\t\t\t\t\t\t\t<span class=\"popup-point popup-point--career point\">Haus und Grund Immobilien GmbH, Dortmund, Diretor do Departamento T\u00e9cnico<\/span>\n\t\t\t\t\t\t\t<\/li>\n\t\t\t\t\t\t\t\t\t\t\t\t\t\t\t\t\t\t\t\t\t\t\t\t<li class=\"popup-list__item popup-list__item-career\">\n\t\t\t\t\t\t\t\t<span class=\"popup-point popup-point--career timespan\">2007 - 2009<\/span>\n\t\t\t\t\t\t\t\t<span class=\"popup-point popup-point--career point\">Terra Heimbau Hausverwaltungs GmbH, Dortmund, projetista e diretor de obra<\/span>\n\t\t\t\t\t\t\t<\/li>\n\t\t\t\t\t\t\t\t\t\t\t\t\t\t\t\t\t\t\t\t\t\t\t\t<li class=\"popup-list__item popup-list__item-career\">\n\t\t\t\t\t\t\t\t<span class=\"popup-point popup-point--career timespan\">2002 - 2007<\/span>\n\t\t\t\t\t\t\t\t<span class=\"popup-point popup-point--career point\">Residenz Stormstr.\nGmbH & Co KG, Dortmund, co-s\u00f3cio e diretor executivo <\/span>\n\t\t\t\t\t\t\t<\/li>\n\t\t\t\t\t\t\t\t\t\t\t\t\t\t\t\t\t\t\t\t\t\t\t\t<li class=\"popup-list__item popup-list__item-career\">\n\t\t\t\t\t\t\t\t<span class=\"popup-point popup-point--career timespan\">2000 - 2007<\/span>\n\t\t\t\t\t\t\t\t<span class=\"popup-point popup-point--career point\">ploon GmbH, Dortmund, co-s\u00f3cio e diretor executivo<\/span>\n\t\t\t\t\t\t\t<\/li>\n\t\t\t\t\t\t\t\t\t\t\t\t\t\t\t\t\t\t\t\t\t\t\t\t<li class=\"popup-list__item popup-list__item-career\">\n\t\t\t\t\t\t\t\t<span class=\"popup-point popup-point--career timespan\">1993 - 2005<\/span>\n\t\t\t\t\t\t\t\t<span class=\"popup-point popup-point--career point\">Tecta Nova Wohnungsbau GmbH, Dortmund, s\u00f3cio-gerente<\/span>\n\t\t\t\t\t\t\t<\/li>\n\t\t\t\t\t\t\t\t\t\t\t\t\t\t\t\t\t\t\t\t\t\t\t\t<li class=\"popup-list__item popup-list__item-career\">\n\t\t\t\t\t\t\t\t<span class=\"popup-point popup-point--career timespan\">1990 - 1993  <\/span>\n\t\t\t\t\t\t\t\t<span class=\"popup-point popup-point--career point\">Terra Heimbau Wohnungsbau GmbH & CoKG, Dortmund, diretor de obra e controlador<\/span>\n\t\t\t\t\t\t\t<\/li>\n\t\t\t\t\t\t\t\t\t\t\t\t\t\t\t\t\t\t\t\t\t\t\t\t<li class=\"popup-list__headline popup-list__headline-career\">\n\t\t\t\t\t\t\t\t<span class=\"popup-point popup-point--career headline\">Estudo e forma\u00e7\u00e3o<\/span>\n\t\t\t\t\t\t\t<\/li>\n\t\t\t\t\t\t\t\t\t\t\t\t\t\t\t\t\t\t\t\t\t\t\t\t<li class=\"popup-list__item popup-list__item-career\">\n\t\t\t\t\t\t\t\t<span class=\"popup-point popup-point--career timespan\">1993<\/span>\n\t\t\t\t\t\t\t\t<span class=\"popup-point popup-point--career point\">Obten\u00e7\u00e3o da autoriza\u00e7\u00e3o de projeto de constru\u00e7\u00e3o<\/span>\n\t\t\t\t\t\t\t<\/li>\n\t\t\t\t\t\t\t\t\t\t\t\t\t\t\t\t\t\t\t\t\t\t\t\t<li class=\"popup-list__item popup-list__item-career\">\n\t\t\t\t\t\t\t\t<span class=\"popup-point popup-point--career timespan\">1983 - 1990<\/span>\n\t\t\t\t\t\t\t\t<span class=\"popup-point popup-point--career point\">Estudou engenharia civil, com especializa\u00e7\u00e3o em engenharia de estruturas, na Universidade Ruhr de Bochum<\/span>\n\t\t\t\t\t\t\t<\/li>\n\t\t\t\t\t\t\t\t\t\t\t\t\t\t\t\t\t\t<\/ul>\n\t\t<\/div>\n\t\t\t<\/div>\n<\/div>\n\n\t\t\t\t\t\t\t\n\t\t\t\t\t\t\t\t\t\t\t\t\t\t\n\t\t\t\t\t\t\t\t\t\t\t\t\t<div class=\"flex_column av_one_third bg-alternate teamgrid-column  column-top-margin\">\n\t\t\t\t\t\t\t\t<article id=\"\" class=\"card-entry person-entry   text-align-left     has-button \">\n\t<div class=\"card-entry__inner\">\n\t\t\n\t<div class=\"card-entry__media media-type-\">\n\t\t<div class=\"card-entry__media-inner\">\n\t\t\t\t\t\t\t<div class=\"card-entry__action\">\n\t<div class=\"card-entry__action-inner\">\n\t\t<div class=\"card-entry__button-wrap avia-button-wrap avia-button-right theme-fill\">\n\t\t\t\t\t\t\t<a class=\"card-entry__button avia-button avia-button color-ci-black hover-yellow avia-size-small popup-toggle avia-position-right no-scroll\" href=\"#team-popup-37118\">\n\t\t\t\t\t<span class=\"button-icon\"><i class=\"icon-arrow_next\"><\/i><\/span><span class=\"button-text\">Saiba mais<\/span>\n\t\t\t\t<\/a>\n\t\t\t\t\t<\/div>\n\t<\/div>\n<\/div>\n\t\t\t\t\t\t\t\t\t\t\t\t\t\t\t<img decoding=\"async\" src=\"https:\/\/sha-luzern.ch\/wp-content\/uploads\/706x313-Team-Haak-706x313.jpg\" \/>\n\t\t\t\t\t\t\t\t\t<\/div>\n\t<\/div>\n\n\t<div class=\"card_entry__content-wrap\">\n\t\t\t\t\t<div class=\"card-entry__heading\">\n\t<div class=\"card-entry__heading-inner\">\n\n\n\t\t\t\n\t\t\t\t\t\t\t<span class=\"card-entry__subheadline card-entry__title person-job \">\n\t\t\t\t\tArquiteto diplomado\n\t\t\t\t<\/span>\n\t\t\t\n\t\t\t\n\t\t\t\t\t\t\t<h3 class=\"card-entry__headline person-name \">\n\t\t\t\t\t<span class=\"name-first\">Mathias <\/span><span class=\"name-last\">Haak<\/span>\n\t\t\t\t<\/h3>\n\t\t\t\n\t\t\t\t\t\t\t<span class=\"card-entry__subheadline person-job \">\n\t\t\t\t\tGest\u00e3o da equipa e do local\n\t\t\t\t<\/span>\n\t\t\t\n\t\t\n\t<\/div>\n<\/div>\n\t\t\t\t\t\t\t\t<div class=\"card-entry__content content-type-default\">\n\t\t<div class=\"card-entry__content-inner\">\n\t\t\t<p class=\"card-entry__contents\">\n\t\t\t\t\t\t\t\t\t\t\t\t\t\t\t\t\t\t\t\t\t\t<span class=\"content-phone\"><span class=\"contact-pre\">T<\/span> <a href=\"tel:+4923144202043\">+49 (231) 44 20 20 43<\/a><\/span>\n\t\t\t\t\t\t\t\t\t\t\t\t\t\t\t\t\t\t\t\t\t\t\t\t<span class=\"content-mail\"><br\/><span class=\"contact-pre\">E<\/span>  <a href=\"javascript:secureDecryptAndNavigate('LPOX99sJeZGDT28xnMuMGq2UxbnUwuBnKJUng3oJB2\/Kw7CVxPM13B\/a5sbNqzH5BahtjS8G51gJgbkfwVge7f8Kdu0=', '7fb6b0a631c756e2798c0419dd401ac6392a180022e45865affe1bd81a905598')\">m.haak@sha.de<\/a><\/span>\n\t\t\t\t\t\t\t\t\t\t\t\t\t\t\t\t\t\t<\/p>\n\t\t<\/div>\n\t<\/div>\n\t\t\t<\/div>\n\n\t<\/div>\n<\/article>\n\t\t\t\t\t\t\t<\/div>\n\t\t\t\t\t\t\t<div id=\"team-popup-37118\" class=\"popup person-popup  person-popup-small popup-wrap bg-alternate fullwidth p-default mfp-hide\">\n\t<div class=\"popup-column popup-column-person card-entry person-entry bg-main flex_column  av_one_half first\">\n\t\t<article id=\"\" class=\"   text-align-     \">\n\t<div class=\"card-entry__inner\">\n\t\t\n\t<div class=\"card-entry__media media-type-\">\n\t\t<div class=\"card-entry__media-inner\">\n\t\t\t\t\t\t\t<img decoding=\"async\" src=\"https:\/\/sha-luzern.ch\/wp-content\/uploads\/706x313-Team-Haak-706x313.jpg\" \/>\n\t\t\t\t\t<\/div>\n\t<\/div>\n\n\t<div class=\"card_entry__content-wrap\">\n\t\t\t\t\t<div class=\"card-entry__heading\">\n\t<div class=\"card-entry__heading-inner\">\n\n\n\t\t\t\n\t\t\t\t\t\t\t<span class=\"card-entry__subheadline card-entry__title person-job \">\n\t\t\t\t\tArquiteto diplomado\n\t\t\t\t<\/span>\n\t\t\t\n\t\t\t\n\t\t\t\t\t\t\t<h3 class=\"card-entry__headline person-name \">\n\t\t\t\t\t<span class=\"name-first\">Mathias <\/span><span class=\"name-last\">Haak<\/span>\n\t\t\t\t<\/h3>\n\t\t\t\n\t\t\t\t\t\t\t<span class=\"card-entry__subheadline person-job \">\n\t\t\t\t\tGest\u00e3o da equipa e do local\n\t\t\t\t<\/span>\n\t\t\t\n\t\t\n\t<\/div>\n<\/div>\n\t\t\n\n\t\t\t\t\t<div class=\"card-entry__content content-type-default\">\n\t\t\t\t<div class=\"card-entry__content-inner\">\n\t\t\t\t\t<h3 class=\"popup-headline\">Foco na SHA<\/h3>\n\t\t\t\t\t<p class=\"card-entry__contents desc\">\n\t\t\t\t\t\tEstruturado, assertivo e direto: Mathias Haak controla os custos e os prazos no local e assegura que o planeamento \u00e9 sincronizado com a realidade do local de constru\u00e7\u00e3o.\n\u00c9 o nosso especialista em remodela\u00e7\u00f5es em edif\u00edcios existentes. \n\t\t\t\t\t<\/p>\n\t\t\t\t<\/div>\n\t\t\t<\/div>\n\t\t\n\t<\/div>\n\n\t<\/div>\n<\/article>\n\t<\/div>\n\n\t<div class=\"popup-columns-wrap flex_column  av_one_half\">\n\t\t<div class=\"popup-column popup-column-career flex_column  av_one_full first bg-alternate\">\n\t\t\t<h2 class=\"popup-headline\">Carreira<\/h2>\n\t\t\t<ul class=\"popup-list popup-list-career\">\n\t\t\t\t\t\t\t\t\t\t\t\t\t\t\t\t\t\t\t\t\t\t<li class=\"popup-list__headline popup-list__headline-career\">\n\t\t\t\t\t\t\t\t<span class=\"popup-point popup-point--career headline\">Trabalho<\/span>\n\t\t\t\t\t\t\t<\/li>\n\t\t\t\t\t\t\t\t\t\t\t\t\t\t\t\t\t\t\t\t\t\t\t\t<li class=\"popup-list__item popup-list__item-career\">\n\t\t\t\t\t\t\t\t<span class=\"popup-point popup-point--career timespan\">desde 2018<\/span>\n\t\t\t\t\t\t\t\t<span class=\"popup-point popup-point--career point\">SHA Scheffler Helbich Architekten GmbH<\/span>\n\t\t\t\t\t\t\t<\/li>\n\t\t\t\t\t\t\t\t\t\t\t\t\t\t\t\t\t\t\t\t\t\t\t\t<li class=\"popup-list__item popup-list__item-career\">\n\t\t\t\t\t\t\t\t<span class=\"popup-point popup-point--career timespan\">2016 - 2018<\/span>\n\t\t\t\t\t\t\t\t<span class=\"popup-point popup-point--career point\">Gerber Architekten GmbH, Dortmund<\/span>\n\t\t\t\t\t\t\t<\/li>\n\t\t\t\t\t\t\t\t\t\t\t\t\t\t\t\t\t\t\t\t\t\t\t\t<li class=\"popup-list__item popup-list__item-career\">\n\t\t\t\t\t\t\t\t<span class=\"popup-point popup-point--career timespan\">2007 - 2016<\/span>\n\t\t\t\t\t\t\t\t<span class=\"popup-point popup-point--career point\">Plattenhardt + Wirth GmbH<\/span>\n\t\t\t\t\t\t\t<\/li>\n\t\t\t\t\t\t\t\t\t\t\t\t\t\t\t\t\t\t\t\t\t\t\t\t<li class=\"popup-list__headline popup-list__headline-career\">\n\t\t\t\t\t\t\t\t<span class=\"popup-point popup-point--career headline\">Estudo e forma\u00e7\u00e3o<\/span>\n\t\t\t\t\t\t\t<\/li>\n\t\t\t\t\t\t\t\t\t\t\t\t\t\t\t\t\t\t\t\t\t\t\t\t<li class=\"popup-list__item popup-list__item-career\">\n\t\t\t\t\t\t\t\t<span class=\"popup-point popup-point--career timespan\">1995 - 2006<\/span>\n\t\t\t\t\t\t\t\t<span class=\"popup-point popup-point--career point\">Estudou arquitetura na Universidade de Tecnologia de Dortmund<\/span>\n\t\t\t\t\t\t\t<\/li>\n\t\t\t\t\t\t\t\t\t\t\t\t\t\t\t\t\t\t<\/ul>\n\t\t<\/div>\n\t\t\t<\/div>\n<\/div>\n\n\t\t\t\t\t\t\t\n\t\t\t\t\t\t\t\t\t\t\t\t\t\t\n\t\t\t\t\t\t\t\t\t\t\t\t\t<div class=\"flex_column av_one_third bg-alternate teamgrid-column first column-top-margin\">\n\t\t\t\t\t\t\t\t<article id=\"\" class=\"card-entry person-entry   text-align-left     has-button \">\n\t<div class=\"card-entry__inner\">\n\t\t\n\t<div class=\"card-entry__media media-type-\">\n\t\t<div class=\"card-entry__media-inner\">\n\t\t\t\t\t\t\t<div class=\"card-entry__action\">\n\t<div class=\"card-entry__action-inner\">\n\t\t<div class=\"card-entry__button-wrap avia-button-wrap avia-button-right theme-fill\">\n\t\t\t\t\t\t\t<a class=\"card-entry__button avia-button avia-button color-ci-black hover-yellow avia-size-small popup-toggle avia-position-right no-scroll\" href=\"#team-popup-37059\">\n\t\t\t\t\t<span class=\"button-icon\"><i class=\"icon-arrow_next\"><\/i><\/span><span class=\"button-text\">Saiba mais<\/span>\n\t\t\t\t<\/a>\n\t\t\t\t\t<\/div>\n\t<\/div>\n<\/div>\n\t\t\t\t\t\t\t\t\t\t\t\t\t\t\t<img decoding=\"async\" src=\"https:\/\/sha-luzern.ch\/wp-content\/uploads\/elena-stadel.png\" \/>\n\t\t\t\t\t\t\t\t\t<\/div>\n\t<\/div>\n\n\t<div class=\"card_entry__content-wrap\">\n\t\t\t\t\t<div class=\"card-entry__heading\">\n\t<div class=\"card-entry__heading-inner\">\n\n\n\t\t\t\n\t\t\t\t\t\t\t<span class=\"card-entry__subheadline card-entry__title person-job \">\n\t\t\t\t\tMestrado em Ci\u00eancias\n\t\t\t\t<\/span>\n\t\t\t\n\t\t\t\n\t\t\t\t\t\t\t<h3 class=\"card-entry__headline person-name \">\n\t\t\t\t\t<span class=\"name-first\">Elena <\/span><span class=\"name-last\">Stadel<\/span>\n\t\t\t\t<\/h3>\n\t\t\t\n\t\t\t\t\t\t\t<span class=\"card-entry__subheadline person-job \">\n\t\t\t\t\tChefe de Equipa de Comunica\u00e7\u00f5es Empresariais\n\t\t\t\t<\/span>\n\t\t\t\n\t\t\n\t<\/div>\n<\/div>\n\t\t\t\t\t\t\t\t<div class=\"card-entry__content content-type-default\">\n\t\t<div class=\"card-entry__content-inner\">\n\t\t\t<p class=\"card-entry__contents\">\n\t\t\t\t\t\t\t\t\t\t\t\t\t\t\t\t\t\t\t\t\t\t<span class=\"content-phone\"><span class=\"contact-pre\">T<\/span> <a href=\"tel:+4923144202035\">+49 (231) 44 20 20 35<\/a><\/span>\n\t\t\t\t\t\t\t\t\t\t\t\t\t\t\t\t\t\t\t\t\t\t\t\t<span class=\"content-mail\"><br\/><span class=\"contact-pre\">E<\/span>  <a href=\"javascript:secureDecryptAndNavigate('5YbMiuYFMAB6BKBpnd4kK7+g0ZLhlCIJdcyMUDLN3OAxazeqXAZm8LtDzwec3bwq5spMkL+wjg8zMTQEqzBCtpTXuJ7aEw==', '7fb6b0a631c756e2798c0419dd401ac6392a180022e45865affe1bd81a905598')\">e.stadel@sha.de<\/a><\/span>\n\t\t\t\t\t\t\t\t\t\t\t\t\t\t\t\t\t\t<\/p>\n\t\t<\/div>\n\t<\/div>\n\t\t\t<\/div>\n\n\t<\/div>\n<\/article>\n\t\t\t\t\t\t\t<\/div>\n\t\t\t\t\t\t\t<div id=\"team-popup-37059\" class=\"popup person-popup  person-popup-small popup-wrap bg-alternate fullwidth p-default mfp-hide\">\n\t<div class=\"popup-column popup-column-person card-entry person-entry bg-main flex_column  av_one_half first\">\n\t\t<article id=\"\" class=\"   text-align-     \">\n\t<div class=\"card-entry__inner\">\n\t\t\n\t<div class=\"card-entry__media media-type-\">\n\t\t<div class=\"card-entry__media-inner\">\n\t\t\t\t\t\t\t<img decoding=\"async\" src=\"https:\/\/sha-luzern.ch\/wp-content\/uploads\/elena-stadel.png\" \/>\n\t\t\t\t\t<\/div>\n\t<\/div>\n\n\t<div class=\"card_entry__content-wrap\">\n\t\t\t\t\t<div class=\"card-entry__heading\">\n\t<div class=\"card-entry__heading-inner\">\n\n\n\t\t\t\n\t\t\t\t\t\t\t<span class=\"card-entry__subheadline card-entry__title person-job \">\n\t\t\t\t\tMestrado em Ci\u00eancias\n\t\t\t\t<\/span>\n\t\t\t\n\t\t\t\n\t\t\t\t\t\t\t<h3 class=\"card-entry__headline person-name \">\n\t\t\t\t\t<span class=\"name-first\">Elena <\/span><span class=\"name-last\">Stadel<\/span>\n\t\t\t\t<\/h3>\n\t\t\t\n\t\t\t\t\t\t\t<span class=\"card-entry__subheadline person-job \">\n\t\t\t\t\tChefe de Equipa de Comunica\u00e7\u00f5es Empresariais\n\t\t\t\t<\/span>\n\t\t\t\n\t\t\n\t<\/div>\n<\/div>\n\t\t\n\n\t\t\t\t\t<div class=\"card-entry__content content-type-default\">\n\t\t\t\t<div class=\"card-entry__content-inner\">\n\t\t\t\t\t<h3 class=\"popup-headline\">Foco na SHA<\/h3>\n\t\t\t\t\t<p class=\"card-entry__contents desc\">\n\t\t\t\t\t\tElena Stadel \u00e9 respons\u00e1vel pelas comunica\u00e7\u00f5es da empresa e \u00e9 o seu contacto para quest\u00f5es relacionadas com a imprensa, a presen\u00e7a em linha e os produtos impressos relacionados com a SHA.  \n\t\t\t\t\t<\/p>\n\t\t\t\t<\/div>\n\t\t\t<\/div>\n\t\t\n\t<\/div>\n\n\t<\/div>\n<\/article>\n\t<\/div>\n\n\t<div class=\"popup-columns-wrap flex_column  av_one_half\">\n\t\t<div class=\"popup-column popup-column-career flex_column  av_one_full first bg-alternate\">\n\t\t\t<h2 class=\"popup-headline\">Carreira<\/h2>\n\t\t\t<ul class=\"popup-list popup-list-career\">\n\t\t\t\t\t\t\t\t\t\t\t\t\t\t\t\t\t\t\t\t\t\t<li class=\"popup-list__headline popup-list__headline-career\">\n\t\t\t\t\t\t\t\t<span class=\"popup-point popup-point--career headline\">Trabalho<\/span>\n\t\t\t\t\t\t\t<\/li>\n\t\t\t\t\t\t\t\t\t\t\t\t\t\t\t\t\t\t\t\t\t\t\t\t<li class=\"popup-list__item popup-list__item-career\">\n\t\t\t\t\t\t\t\t<span class=\"popup-point popup-point--career timespan\">desde 2022<\/span>\n\t\t\t\t\t\t\t\t<span class=\"popup-point popup-point--career point\">  SHA Scheffler Helbich Arquitectos  <\/span>\n\t\t\t\t\t\t\t<\/li>\n\t\t\t\t\t\t\t\t\t\t\t\t\t\t\t\t\t\t\t\t\t\t\t\t<li class=\"popup-list__item popup-list__item-career\">\n\t\t\t\t\t\t\t\t<span class=\"popup-point popup-point--career timespan\">2020-2022<\/span>\n\t\t\t\t\t\t\t\t<span class=\"popup-point popup-point--career point\">Arquitetura | Marketing | RH, CP Bauteam GmbH, Aachen  <\/span>\n\t\t\t\t\t\t\t<\/li>\n\t\t\t\t\t\t\t\t\t\t\t\t\t\t\t\t\t\t\t\t\t\t\t\t<li class=\"popup-list__item popup-list__item-career\">\n\t\t\t\t\t\t\t\t<span class=\"popup-point popup-point--career timespan\">2015-2019<\/span>\n\t\t\t\t\t\t\t\t<span class=\"popup-point popup-point--career point\">SHA Scheffler Helbich Arquitectos<\/span>\n\t\t\t\t\t\t\t<\/li>\n\t\t\t\t\t\t\t\t\t\t\t\t\t\t\t\t\t\t\t\t\t\t\t\t<li class=\"popup-list__item popup-list__item-career\">\n\t\t\t\t\t\t\t\t<span class=\"popup-point popup-point--career timespan\">2013-2015<\/span>\n\t\t\t\t\t\t\t\t<span class=\"popup-point popup-point--career point\">Comunica\u00e7\u00f5es empresariais, Gerber Architects, Dortmund<\/span>\n\t\t\t\t\t\t\t<\/li>\n\t\t\t\t\t\t\t\t\t\t\t\t\t\t\t\t\t\t\t\t\t\t\t\t<li class=\"popup-list__headline popup-list__headline-career\">\n\t\t\t\t\t\t\t\t<span class=\"popup-point popup-point--career headline\">Estudo e forma\u00e7\u00e3o<\/span>\n\t\t\t\t\t\t\t<\/li>\n\t\t\t\t\t\t\t\t\t\t\t\t\t\t\t\t\t\t\t\t\t\t\t\t<li class=\"popup-list__item popup-list__item-career\">\n\t\t\t\t\t\t\t\t<span class=\"popup-point popup-point--career timespan\">2012-2013<\/span>\n\t\t\t\t\t\t\t\t<span class=\"popup-point popup-point--career point\">Mestrado em \"Gest\u00e3o dos Meios de Comunica\u00e7\u00e3o Arquitect\u00f3nicos\", Universidade de Ci\u00eancias Aplicadas de Bochum<\/span>\n\t\t\t\t\t\t\t<\/li>\n\t\t\t\t\t\t\t\t\t\t\t\t\t\t\t\t\t\t\t\t\t\t\t\t<li class=\"popup-list__item popup-list__item-career\">\n\t\t\t\t\t\t\t\t<span class=\"popup-point popup-point--career timespan\">2010<\/span>\n\t\t\t\t\t\t\t\t<span class=\"popup-point popup-point--career point\">Semestre no estrangeiro Arquitetura, Universidade Udayana Denpasar<\/span>\n\t\t\t\t\t\t\t<\/li>\n\t\t\t\t\t\t\t\t\t\t\t\t\t\t\t\t\t\t\t\t\t\t\t\t<li class=\"popup-list__item popup-list__item-career\">\n\t\t\t\t\t\t\t\t<span class=\"popup-point popup-point--career timespan\">2006-2012<\/span>\n\t\t\t\t\t\t\t\t<span class=\"popup-point popup-point--career point\">Licenciatura em \"Arquitetura e Urbanismo\", Universidade de Siegen<\/span>\n\t\t\t\t\t\t\t<\/li>\n\t\t\t\t\t\t\t\t\t\t\t\t\t\t\t\t\t\t<\/ul>\n\t\t<\/div>\n\t\t\t<\/div>\n<\/div>\n\n\t\t\t\t\t\t\t\n\t\t\t\t\t\t\t\t\t\t\t\t\t\t\n\t\t\t\t\t\t\t\t\t\t\t\t\t<div class=\"flex_column av_one_third bg-alternate teamgrid-column  column-top-margin\">\n\t\t\t\t\t\t\t\t<article id=\"\" class=\"card-entry person-entry   text-align-left     has-button \">\n\t<div class=\"card-entry__inner\">\n\t\t\n\t<div class=\"card-entry__media media-type-\">\n\t\t<div class=\"card-entry__media-inner\">\n\t\t\t\t\t\t\t<div class=\"card-entry__action\">\n\t<div class=\"card-entry__action-inner\">\n\t\t<div class=\"card-entry__button-wrap avia-button-wrap avia-button-right theme-fill\">\n\t\t\t\t\t\t\t<a class=\"card-entry__button avia-button avia-button color-ci-black hover-yellow avia-size-small popup-toggle avia-position-right no-scroll\" href=\"#team-popup-37285\">\n\t\t\t\t\t<span class=\"button-icon\"><i class=\"icon-arrow_next\"><\/i><\/span><span class=\"button-text\">Saiba mais<\/span>\n\t\t\t\t<\/a>\n\t\t\t\t\t<\/div>\n\t<\/div>\n<\/div>\n\t\t\t\t\t\t\t\t\t\t\t\t\t\t\t<img decoding=\"async\" src=\"https:\/\/sha-luzern.ch\/wp-content\/uploads\/706x313-Team-Fraile-706x313.jpg\" \/>\n\t\t\t\t\t\t\t\t\t<\/div>\n\t<\/div>\n\n\t<div class=\"card_entry__content-wrap\">\n\t\t\t\t\t<div class=\"card-entry__heading\">\n\t<div class=\"card-entry__heading-inner\">\n\n\n\t\t\t\n\t\t\t\t\t\t\t<span class=\"card-entry__subheadline card-entry__title person-job \">\n\t\t\t\t\tArquiteto Diplomado\n\t\t\t\t<\/span>\n\t\t\t\n\t\t\t\n\t\t\t\t\t\t\t<h3 class=\"card-entry__headline person-name \">\n\t\t\t\t\t<span class=\"name-first\">Birgit <\/span><span class=\"name-last\">Fraile<\/span>\n\t\t\t\t<\/h3>\n\t\t\t\n\t\t\t\t\t\t\t<span class=\"card-entry__subheadline person-job \">\n\t\t\t\t\tGest\u00e3o de projectos\n\t\t\t\t<\/span>\n\t\t\t\n\t\t\n\t<\/div>\n<\/div>\n\t\t\t\t\t\t\t\t<div class=\"card-entry__content content-type-default\">\n\t\t<div class=\"card-entry__content-inner\">\n\t\t\t<p class=\"card-entry__contents\">\n\t\t\t\t\t\t\t\t\t\t\t\t\t\t\t\t\t\t\t\t\t\t<span class=\"content-phone\"><span class=\"contact-pre\">T<\/span> <a href=\"tel:+4923144202026\">+49 (231) 44 20 20 26<\/a><\/span>\n\t\t\t\t\t\t\t\t\t\t\t\t\t\t\t\t\t\t\t\t\t\t\t\t<span class=\"content-mail\"><br\/><span class=\"contact-pre\">E<\/span>  <a href=\"javascript:secureDecryptAndNavigate('S5\/WywsZga+aHfGOda4e7WI70dTAAfcr451hQMv3pONwvJhmwQWKxP9o1phHTSTSZ1viXhIeHb2aOeAQc\/Pb4Qk3+bj8ag==', '7fb6b0a631c756e2798c0419dd401ac6392a180022e45865affe1bd81a905598')\">b.fraile@sha.de<\/a><\/span>\n\t\t\t\t\t\t\t\t\t\t\t\t\t\t\t\t\t\t<\/p>\n\t\t<\/div>\n\t<\/div>\n\t\t\t<\/div>\n\n\t<\/div>\n<\/article>\n\t\t\t\t\t\t\t<\/div>\n\t\t\t\t\t\t\t<div id=\"team-popup-37285\" class=\"popup person-popup  person-popup-small popup-wrap bg-alternate fullwidth p-default mfp-hide\">\n\t<div class=\"popup-column popup-column-person card-entry person-entry bg-main flex_column  av_one_half first\">\n\t\t<article id=\"\" class=\"   text-align-     \">\n\t<div class=\"card-entry__inner\">\n\t\t\n\t<div class=\"card-entry__media media-type-\">\n\t\t<div class=\"card-entry__media-inner\">\n\t\t\t\t\t\t\t<img decoding=\"async\" src=\"https:\/\/sha-luzern.ch\/wp-content\/uploads\/706x313-Team-Fraile-706x313.jpg\" \/>\n\t\t\t\t\t<\/div>\n\t<\/div>\n\n\t<div class=\"card_entry__content-wrap\">\n\t\t\t\t\t<div class=\"card-entry__heading\">\n\t<div class=\"card-entry__heading-inner\">\n\n\n\t\t\t\n\t\t\t\t\t\t\t<span class=\"card-entry__subheadline card-entry__title person-job \">\n\t\t\t\t\tArquiteto Diplomado\n\t\t\t\t<\/span>\n\t\t\t\n\t\t\t\n\t\t\t\t\t\t\t<h3 class=\"card-entry__headline person-name \">\n\t\t\t\t\t<span class=\"name-first\">Birgit <\/span><span class=\"name-last\">Fraile<\/span>\n\t\t\t\t<\/h3>\n\t\t\t\n\t\t\t\t\t\t\t<span class=\"card-entry__subheadline person-job \">\n\t\t\t\t\tGest\u00e3o de projectos\n\t\t\t\t<\/span>\n\t\t\t\n\t\t\n\t<\/div>\n<\/div>\n\t\t\n\n\t\t\t\t\t<div class=\"card-entry__content content-type-default\">\n\t\t\t\t<div class=\"card-entry__content-inner\">\n\t\t\t\t\t<h3 class=\"popup-headline\">Foco na SHA<\/h3>\n\t\t\t\t\t<p class=\"card-entry__contents desc\">\n\t\t\t\t\t\tBirgit Fraile faz parte da equipa desde 2012 e \u00e9 especialista em planeamento e execu\u00e7\u00e3o.\nCom a sua vasta experi\u00eancia, h\u00e1 muitos anos que se ocupa dos nossos grandes edif\u00edcios industriais e comerciais a partir do escrit\u00f3rio de Dortmund - desde a constru\u00e7\u00e3o de sistemas at\u00e9 \u00e0s solu\u00e7\u00f5es personalizadas.\nAtualmente, trabalha como gestora de equipa e de projeto no projeto do campus escolar em D\u00fcsseldorf-Benrath.    \n\t\t\t\t\t<\/p>\n\t\t\t\t<\/div>\n\t\t\t<\/div>\n\t\t\n\t<\/div>\n\n\t<\/div>\n<\/article>\n\t<\/div>\n\n\t<div class=\"popup-columns-wrap flex_column  av_one_half\">\n\t\t<div class=\"popup-column popup-column-career flex_column  av_one_full first bg-alternate\">\n\t\t\t<h2 class=\"popup-headline\">Carreira<\/h2>\n\t\t\t<ul class=\"popup-list popup-list-career\">\n\t\t\t\t\t\t\t\t\t\t\t\t\t\t\t\t\t\t\t\t\t\t<li class=\"popup-list__headline popup-list__headline-career\">\n\t\t\t\t\t\t\t\t<span class=\"popup-point popup-point--career headline\">Trabalho<\/span>\n\t\t\t\t\t\t\t<\/li>\n\t\t\t\t\t\t\t\t\t\t\t\t\t\t\t\t\t\t\t\t\t\t\t\t<li class=\"popup-list__item popup-list__item-career\">\n\t\t\t\t\t\t\t\t<span class=\"popup-point popup-point--career timespan\">desde 2012<\/span>\n\t\t\t\t\t\t\t\t<span class=\"popup-point popup-point--career point\">SHA Scheffler Helbich Architekten GmbH<\/span>\n\t\t\t\t\t\t\t<\/li>\n\t\t\t\t\t\t\t\t\t\t\t\t\t\t\t\t\t\t\t\t\t\t\t\t<li class=\"popup-list__item popup-list__item-career\">\n\t\t\t\t\t\t\t\t<span class=\"popup-point popup-point--career timespan\">1999 - 2010  <\/span>\n\t\t\t\t\t\t\t\t<span class=\"popup-point popup-point--career point\">Architekturb\u00fcro Planungsgruppe Drahtler GmbH, Dortmund<\/span>\n\t\t\t\t\t\t\t<\/li>\n\t\t\t\t\t\t\t\t\t\t\t\t\t\t\t\t\t\t\t\t\t\t\t\t<li class=\"popup-list__item popup-list__item-career\">\n\t\t\t\t\t\t\t\t<span class=\"popup-point popup-point--career timespan\">1992 - 1999<\/span>\n\t\t\t\t\t\t\t\t<span class=\"popup-point popup-point--career point\">Arquitectos Gustav Schulze and Partners, Dortmund<\/span>\n\t\t\t\t\t\t\t<\/li>\n\t\t\t\t\t\t\t\t\t\t\t\t\t\t\t\t\t\t\t\t\t\t\t\t<li class=\"popup-list__item popup-list__item-career\">\n\t\t\t\t\t\t\t\t<span class=\"popup-point popup-point--career timespan\">1992 <\/span>\n\t\t\t\t\t\t\t\t<span class=\"popup-point popup-point--career point\">Gabinete de arquitetura Sramek e Weide, Hagen<\/span>\n\t\t\t\t\t\t\t<\/li>\n\t\t\t\t\t\t\t\t\t\t\t\t\t\t\t\t\t\t\t\t\t\t\t\t<li class=\"popup-list__item popup-list__item-career\">\n\t\t\t\t\t\t\t\t<span class=\"popup-point popup-point--career timespan\">1992<\/span>\n\t\t\t\t\t\t\t\t<span class=\"popup-point popup-point--career point\">Viagem de estudo aos EUA<\/span>\n\t\t\t\t\t\t\t<\/li>\n\t\t\t\t\t\t\t\t\t\t\t\t\t\t\t\t\t\t\t\t\t\t\t\t<li class=\"popup-list__item popup-list__item-career\">\n\t\t\t\t\t\t\t\t<span class=\"popup-point popup-point--career timespan\">1989 - 1991<\/span>\n\t\t\t\t\t\t\t\t<span class=\"popup-point popup-point--career point\">Gabinete de Engenharia para a prote\u00e7\u00e3o contra inc\u00eandios e tecnologia de seguran\u00e7a, Dortmund<\/span>\n\t\t\t\t\t\t\t<\/li>\n\t\t\t\t\t\t\t\t\t\t\t\t\t\t\t\t\t\t\t\t\t\t\t\t<li class=\"popup-list__headline popup-list__headline-career\">\n\t\t\t\t\t\t\t\t<span class=\"popup-point popup-point--career headline\">Estudo e forma\u00e7\u00e3o<\/span>\n\t\t\t\t\t\t\t<\/li>\n\t\t\t\t\t\t\t\t\t\t\t\t\t\t\t\t\t\t\t\t\t\t\t\t<li class=\"popup-list__item popup-list__item-career\">\n\t\t\t\t\t\t\t\t<span class=\"popup-point popup-point--career timespan\">1984 - 1989<\/span>\n\t\t\t\t\t\t\t\t<span class=\"popup-point popup-point--career point\">Estudou na Universidade de Ci\u00eancias Aplicadas e Artes de Dortmund, Faculdade de Arquitetura.\nGrau: Diplom-Ingenieurin <\/span>\n\t\t\t\t\t\t\t<\/li>\n\t\t\t\t\t\t\t\t\t\t\t\t\t\t\t\t\t\t<\/ul>\n\t\t<\/div>\n\t\t\t<\/div>\n<\/div>\n\n\t\t\t\t\t\t\t\n\t\t\t\t\t\t\t\t\t\t\t\t\t\t\n\t\t\t\t\t\t\t\t\t\t\t\t\t<div class=\"flex_column av_one_third bg-alternate teamgrid-column  column-top-margin\">\n\t\t\t\t\t\t\t\t<article id=\"\" class=\"card-entry person-entry   text-align-left     \">\n\t<div class=\"card-entry__inner\">\n\t\t\n\t<div class=\"card-entry__media media-type-\">\n\t\t<div class=\"card-entry__media-inner\">\n\t\t\t\t\t\t\t\t\t\t\t\t\t\t\t<img decoding=\"async\" src=\"https:\/\/sha-luzern.ch\/wp-content\/uploads\/Ahmetovic-Stemberger_Web-706x313.jpg\" \/>\n\t\t\t\t\t\t\t\t\t<\/div>\n\t<\/div>\n\n\t<div class=\"card_entry__content-wrap\">\n\t\t\t\t\t<div class=\"card-entry__heading\">\n\t<div class=\"card-entry__heading-inner\">\n\n\n\t\t\t\n\t\t\t\t\t\t\t<span class=\"card-entry__subheadline card-entry__title person-job \">\n\t\t\t\t\tmag.ing.arch.\narquiteto \n\t\t\t\t<\/span>\n\t\t\t\n\t\t\t\n\t\t\t\t\t\t\t<h3 class=\"card-entry__headline person-name \">\n\t\t\t\t\t<span class=\"name-first\">Mladena <\/span><span class=\"name-last\">Ahmetovic Stemberger<\/span>\n\t\t\t\t<\/h3>\n\t\t\t\n\t\t\t\t\t\t\t<span class=\"card-entry__subheadline person-job \">\n\t\t\t\t\tGest\u00e3o de projectos\n\t\t\t\t<\/span>\n\t\t\t\n\t\t\n\t<\/div>\n<\/div>\n\t\t\t\t\t\t\t\t<div class=\"card-entry__content content-type-default\">\n\t\t<div class=\"card-entry__content-inner\">\n\t\t\t<p class=\"card-entry__contents\">\n\t\t\t\t\t\t\t\t\t\t\t\t\t\t\t\t\t\t\t\t\t\t<span class=\"content-phone\"><span class=\"contact-pre\">T<\/span> <a href=\"tel:+4930233275762\">+49 (30) 23 32 757 62<\/a><\/span>\n\t\t\t\t\t\t\t\t\t\t\t\t\t\t\t\t\t\t\t\t\t\t\t\t<span class=\"content-mail\"><br\/><span class=\"contact-pre\">E<\/span>  <a href=\"javascript:secureDecryptAndNavigate('vFlLiRLU3WdCWjaZkEOmlBrRMWm8A5SiaZQ7RG\/QMBFdBYTO4zLUgoK\/EtwDSxncHK4uNqS6mCPOyxU35ngd9ce2+Rv5G7B+6Q==', '7fb6b0a631c756e2798c0419dd401ac6392a180022e45865affe1bd81a905598')\">m.ahmetovic@sha.de<\/a><\/span>\n\t\t\t\t\t\t\t\t\t\t\t\t\t\t\t\t\t\t<\/p>\n\t\t<\/div>\n\t<\/div>\n\t\t\t<\/div>\n\n\t<\/div>\n<\/article>\n\t\t\t\t\t\t\t<\/div>\n\t\t\t\t\t\t\t<div id=\"team-popup-37284\" class=\"popup person-popup  person-popup-small popup-wrap bg-alternate fullwidth p-default mfp-hide\">\n\t<div class=\"popup-column popup-column-person card-entry person-entry bg-main flex_column  av_one_half first\">\n\t\t<article id=\"\" class=\"   text-align-     \">\n\t<div class=\"card-entry__inner\">\n\t\t\n\t<div class=\"card-entry__media media-type-\">\n\t\t<div class=\"card-entry__media-inner\">\n\t\t\t\t\t\t\t<img decoding=\"async\" src=\"https:\/\/sha-luzern.ch\/wp-content\/uploads\/Ahmetovic-Stemberger_Web-706x313.jpg\" \/>\n\t\t\t\t\t<\/div>\n\t<\/div>\n\n\t<div class=\"card_entry__content-wrap\">\n\t\t\t\t\t<div class=\"card-entry__heading\">\n\t<div class=\"card-entry__heading-inner\">\n\n\n\t\t\t\n\t\t\t\t\t\t\t<span class=\"card-entry__subheadline card-entry__title person-job \">\n\t\t\t\t\tmag.ing.arch.\narquiteto \n\t\t\t\t<\/span>\n\t\t\t\n\t\t\t\n\t\t\t\t\t\t\t<h3 class=\"card-entry__headline person-name \">\n\t\t\t\t\t<span class=\"name-first\">Mladena <\/span><span class=\"name-last\">Ahmetovic Stemberger<\/span>\n\t\t\t\t<\/h3>\n\t\t\t\n\t\t\t\t\t\t\t<span class=\"card-entry__subheadline person-job \">\n\t\t\t\t\tGest\u00e3o de projectos\n\t\t\t\t<\/span>\n\t\t\t\n\t\t\n\t<\/div>\n<\/div>\n\t\t\n\n\t\t\t\t\t<div class=\"card-entry__content content-type-default\">\n\t\t\t\t<div class=\"card-entry__content-inner\">\n\t\t\t\t\t<h3 class=\"popup-headline\">Foco na SHA<\/h3>\n\t\t\t\t\t<p class=\"card-entry__contents desc\">\n\t\t\t\t\t\tQuang Sinh Nguyen juntou-se \u00e0 equipa SHA na primavera de 2020, com a cria\u00e7\u00e3o do escrit\u00f3rio de Berlim.\nO seu foco \u00e9 a conce\u00e7\u00e3o e a participa\u00e7\u00e3o em concursos, bem como o desenvolvimento de conceitos e estudos de viabilidade para o nosso escrit\u00f3rio na capital. \n\t\t\t\t\t<\/p>\n\t\t\t\t<\/div>\n\t\t\t<\/div>\n\t\t\n\t<\/div>\n\n\t<\/div>\n<\/article>\n\t<\/div>\n\n\t<div class=\"popup-columns-wrap flex_column  av_one_half\">\n\t\t<div class=\"popup-column popup-column-career flex_column  av_one_full first bg-alternate\">\n\t\t\t<h2 class=\"popup-headline\">Carreira<\/h2>\n\t\t\t<ul class=\"popup-list popup-list-career\">\n\t\t\t\t\t\t\t\t\t\t\t\t\t\t\t\t\t\t\t\t\t\t<li class=\"popup-list__headline popup-list__headline-career\">\n\t\t\t\t\t\t\t\t<span class=\"popup-point popup-point--career headline\">Trabalho<\/span>\n\t\t\t\t\t\t\t<\/li>\n\t\t\t\t\t\t\t\t\t\t\t\t\t\t\t\t\t\t\t\t\t\t\t\t<li class=\"popup-list__item popup-list__item-career\">\n\t\t\t\t\t\t\t\t<span class=\"popup-point popup-point--career timespan\">desde 2020<\/span>\n\t\t\t\t\t\t\t\t<span class=\"popup-point popup-point--career point\">SHA Scheffler Helbich Architekten GmbH, Berlim<\/span>\n\t\t\t\t\t\t\t<\/li>\n\t\t\t\t\t\t\t\t\t\t\t\t\t\t\t\t\t\t\t\t\t\t\t\t<li class=\"popup-list__item popup-list__item-career\">\n\t\t\t\t\t\t\t\t<span class=\"popup-point popup-point--career timespan\">2015 - 2020<\/span>\n\t\t\t\t\t\t\t\t<span class=\"popup-point popup-point--career point\">Arquiteto freelancer, Berlim<\/span>\n\t\t\t\t\t\t\t<\/li>\n\t\t\t\t\t\t\t\t\t\t\t\t\t\t\t\t\t\t\t\t\t\t\t\t<li class=\"popup-list__item popup-list__item-career\">\n\t\t\t\t\t\t\t\t<span class=\"popup-point popup-point--career timespan\">2014 - 2015<\/span>\n\t\t\t\t\t\t\t\t<span class=\"popup-point popup-point--career point\">BCK Architektur GmbH, Berlim<\/span>\n\t\t\t\t\t\t\t<\/li>\n\t\t\t\t\t\t\t\t\t\t\t\t\t\t\t\t\t\t\t\t\t\t\t\t<li class=\"popup-list__item popup-list__item-career\">\n\t\t\t\t\t\t\t\t<span class=\"popup-point popup-point--career timespan\">2010 - 2011<\/span>\n\t\t\t\t\t\t\t\t<span class=\"popup-point popup-point--career point\">Royal Haskoning DHV, Vietname<\/span>\n\t\t\t\t\t\t\t<\/li>\n\t\t\t\t\t\t\t\t\t\t\t\t\t\t\t\t\t\t\t\t\t\t\t\t<li class=\"popup-list__item popup-list__item-career\">\n\t\t\t\t\t\t\t\t<span class=\"popup-point popup-point--career timespan\">2009 - 2010<\/span>\n\t\t\t\t\t\t\t\t<span class=\"popup-point popup-point--career point\">Transform Architecture, Vietname<\/span>\n\t\t\t\t\t\t\t<\/li>\n\t\t\t\t\t\t\t\t\t\t\t\t\t\t\t\t\t\t\t\t\t\t\t\t<li class=\"popup-list__headline popup-list__headline-career\">\n\t\t\t\t\t\t\t\t<span class=\"popup-point popup-point--career headline\">Estudo e forma\u00e7\u00e3o<\/span>\n\t\t\t\t\t\t\t<\/li>\n\t\t\t\t\t\t\t\t\t\t\t\t\t\t\t\t\t\t\t\t\t\t\t\t<li class=\"popup-list__item popup-list__item-career\">\n\t\t\t\t\t\t\t\t<span class=\"popup-point popup-point--career timespan\">2011 - 2013<\/span>\n\t\t\t\t\t\t\t\t<span class=\"popup-point popup-point--career point\">Programa de Mestrado em Gest\u00e3o da Constru\u00e7\u00e3o e do Imobili\u00e1rio, HTW Berlin e Universidade de Ci\u00eancias Aplicadas de Hels\u00ednquia Metropolia  <\/span>\n\t\t\t\t\t\t\t<\/li>\n\t\t\t\t\t\t\t\t\t\t\t\t\t\t\t\t\t\t\t\t\t\t\t\t<li class=\"popup-list__item popup-list__item-career\">\n\t\t\t\t\t\t\t\t<span class=\"popup-point popup-point--career timespan\">2003 - 2008<\/span>\n\t\t\t\t\t\t\t\t<span class=\"popup-point popup-point--career point\">Licenciatura em Arquitetura, Universidade de Arquitetura da Cidade de Ho Chi Minh<\/span>\n\t\t\t\t\t\t\t<\/li>\n\t\t\t\t\t\t\t\t\t\t\t\t\t\t\t\t\t\t<\/ul>\n\t\t<\/div>\n\t\t\t<\/div>\n<\/div>\n\n\t\t\t\t\t\t\t\n\t\t\t\t\t\t\t\t\t\t\t\t\t\t\n\t\t\t\t\t\t\t\t\t\t\t\t\t<div class=\"flex_column av_one_third bg-alternate teamgrid-column first column-top-margin\">\n\t\t\t\t\t\t\t\t<article id=\"\" class=\"card-entry person-entry   text-align-left     has-button \">\n\t<div class=\"card-entry__inner\">\n\t\t\n\t<div class=\"card-entry__media media-type-\">\n\t\t<div class=\"card-entry__media-inner\">\n\t\t\t\t\t\t\t<div class=\"card-entry__action\">\n\t<div class=\"card-entry__action-inner\">\n\t\t<div class=\"card-entry__button-wrap avia-button-wrap avia-button-right theme-fill\">\n\t\t\t\t\t\t\t<a class=\"card-entry__button avia-button avia-button color-ci-black hover-yellow avia-size-small popup-toggle avia-position-right no-scroll\" href=\"#team-popup-37271\">\n\t\t\t\t\t<span class=\"button-icon\"><i class=\"icon-arrow_next\"><\/i><\/span><span class=\"button-text\">Saiba mais<\/span>\n\t\t\t\t<\/a>\n\t\t\t\t\t<\/div>\n\t<\/div>\n<\/div>\n\t\t\t\t\t\t\t\t\t\t\t\t\t\t\t<img decoding=\"async\" src=\"https:\/\/sha-luzern.ch\/wp-content\/uploads\/706x313-Team-Broer-706x313.jpg\" \/>\n\t\t\t\t\t\t\t\t\t<\/div>\n\t<\/div>\n\n\t<div class=\"card_entry__content-wrap\">\n\t\t\t\t\t<div class=\"card-entry__heading\">\n\t<div class=\"card-entry__heading-inner\">\n\n\n\t\t\t\n\t\t\t\t\t\t\t<span class=\"card-entry__subheadline card-entry__title person-job \">\n\t\t\t\t\tArquiteto, Master of Arts\n\t\t\t\t<\/span>\n\t\t\t\n\t\t\t\n\t\t\t\t\t\t\t<h3 class=\"card-entry__headline person-name \">\n\t\t\t\t\t<span class=\"name-first\">Felix <\/span><span class=\"name-last\">Broer<\/span>\n\t\t\t\t<\/h3>\n\t\t\t\n\t\t\t\t\t\t\t<span class=\"card-entry__subheadline person-job \">\n\t\t\t\t\tGest\u00e3o de projectos\n\t\t\t\t<\/span>\n\t\t\t\n\t\t\n\t<\/div>\n<\/div>\n\t\t\t\t\t\t\t\t<div class=\"card-entry__content content-type-default\">\n\t\t<div class=\"card-entry__content-inner\">\n\t\t\t<p class=\"card-entry__contents\">\n\t\t\t\t\t\t\t\t\t\t\t\t\t\t\t\t\t\t\t\t\t\t<span class=\"content-phone\"><span class=\"contact-pre\">T<\/span> <a href=\"tel:+4923144202012\">+49 (231) 44 20 20 12<\/a><\/span>\n\t\t\t\t\t\t\t\t\t\t\t\t\t\t\t\t\t\t\t\t\t\t\t\t<span class=\"content-mail\"><br\/><span class=\"contact-pre\">E<\/span>  <a href=\"javascript:secureDecryptAndNavigate('0X\/X1GlrPMW4AitbRnOgxyAMmpWDokLVHIWXQNJjqHiFfyxBL+T8BVVt853wUVgqou739iNLuYCNGxLF6RxkS\/TfWO66', '7fb6b0a631c756e2798c0419dd401ac6392a180022e45865affe1bd81a905598')\">f.broer@sha.de<\/a><\/span>\n\t\t\t\t\t\t\t\t\t\t\t\t\t\t\t\t\t\t<\/p>\n\t\t<\/div>\n\t<\/div>\n\t\t\t<\/div>\n\n\t<\/div>\n<\/article>\n\t\t\t\t\t\t\t<\/div>\n\t\t\t\t\t\t\t<div id=\"team-popup-37271\" class=\"popup person-popup  person-popup-small popup-wrap bg-alternate fullwidth p-default mfp-hide\">\n\t<div class=\"popup-column popup-column-person card-entry person-entry bg-main flex_column  av_one_half first\">\n\t\t<article id=\"\" class=\"   text-align-     \">\n\t<div class=\"card-entry__inner\">\n\t\t\n\t<div class=\"card-entry__media media-type-\">\n\t\t<div class=\"card-entry__media-inner\">\n\t\t\t\t\t\t\t<img decoding=\"async\" src=\"https:\/\/sha-luzern.ch\/wp-content\/uploads\/706x313-Team-Broer-706x313.jpg\" \/>\n\t\t\t\t\t<\/div>\n\t<\/div>\n\n\t<div class=\"card_entry__content-wrap\">\n\t\t\t\t\t<div class=\"card-entry__heading\">\n\t<div class=\"card-entry__heading-inner\">\n\n\n\t\t\t\n\t\t\t\t\t\t\t<span class=\"card-entry__subheadline card-entry__title person-job \">\n\t\t\t\t\tArquiteto, Master of Arts\n\t\t\t\t<\/span>\n\t\t\t\n\t\t\t\n\t\t\t\t\t\t\t<h3 class=\"card-entry__headline person-name \">\n\t\t\t\t\t<span class=\"name-first\">Felix <\/span><span class=\"name-last\">Broer<\/span>\n\t\t\t\t<\/h3>\n\t\t\t\n\t\t\t\t\t\t\t<span class=\"card-entry__subheadline person-job \">\n\t\t\t\t\tGest\u00e3o de projectos\n\t\t\t\t<\/span>\n\t\t\t\n\t\t\n\t<\/div>\n<\/div>\n\t\t\n\n\t\t\t\t\t<div class=\"card-entry__content content-type-default\">\n\t\t\t\t<div class=\"card-entry__content-inner\">\n\t\t\t\t\t<h3 class=\"popup-headline\">Foco na SHA<\/h3>\n\t\t\t\t\t<p class=\"card-entry__contents desc\">\n\t\t\t\t\t\tFelix Broer juntou-se \u00e0 equipa em 2016 e trabalha na gest\u00e3o de projectos.\n\t\t\t\t\t<\/p>\n\t\t\t\t<\/div>\n\t\t\t<\/div>\n\t\t\n\t<\/div>\n\n\t<\/div>\n<\/article>\n\t<\/div>\n\n\t<div class=\"popup-columns-wrap flex_column  av_one_half\">\n\t\t<div class=\"popup-column popup-column-career flex_column  av_one_full first bg-alternate\">\n\t\t\t<h2 class=\"popup-headline\">Carreira<\/h2>\n\t\t\t<ul class=\"popup-list popup-list-career\">\n\t\t\t\t\t\t\t\t\t\t\t\t\t\t\t\t\t\t\t\t\t\t<li class=\"popup-list__headline popup-list__headline-career\">\n\t\t\t\t\t\t\t\t<span class=\"popup-point popup-point--career headline\">Trabalho<\/span>\n\t\t\t\t\t\t\t<\/li>\n\t\t\t\t\t\t\t\t\t\t\t\t\t\t\t\t\t\t\t\t\t\t\t\t<li class=\"popup-list__item popup-list__item-career\">\n\t\t\t\t\t\t\t\t<span class=\"popup-point popup-point--career timespan\">desde 2016<\/span>\n\t\t\t\t\t\t\t\t<span class=\"popup-point popup-point--career point\">SHA Scheffler Helbich Architekten GmbH<\/span>\n\t\t\t\t\t\t\t<\/li>\n\t\t\t\t\t\t\t\t\t\t\t\t\t\t\t\t\t\t\t\t\t\t\t\t<li class=\"popup-list__item popup-list__item-career\">\n\t\t\t\t\t\t\t\t<span class=\"popup-point popup-point--career timespan\">2015 - 2016<\/span>\n\t\t\t\t\t\t\t\t<span class=\"popup-point popup-point--career point\">Gabinete de arquitetura PlanKonzept, Dortmund  <\/span>\n\t\t\t\t\t\t\t<\/li>\n\t\t\t\t\t\t\t\t\t\t\t\t\t\t\t\t\t\t\t\t\t\t\t\t<li class=\"popup-list__headline popup-list__headline-career\">\n\t\t\t\t\t\t\t\t<span class=\"popup-point popup-point--career headline\">Estudo e forma\u00e7\u00e3o<\/span>\n\t\t\t\t\t\t\t<\/li>\n\t\t\t\t\t\t\t\t\t\t\t\t\t\t\t\t\t\t\t\t\t\t\t\t<li class=\"popup-list__item popup-list__item-career\">\n\t\t\t\t\t\t\t\t<span class=\"popup-point popup-point--career timespan\">2018 - 2021<\/span>\n\t\t\t\t\t\t\t\t<span class=\"popup-point popup-point--career point\">Programa de Mestrado na Universidade de Ci\u00eancias Aplicadas e Artes de Dortmund  <\/span>\n\t\t\t\t\t\t\t<\/li>\n\t\t\t\t\t\t\t\t\t\t\t\t\t\t\t\t\t\t\t\t\t\t\t\t<li class=\"popup-list__item popup-list__item-career\">\n\t\t\t\t\t\t\t\t<span class=\"popup-point popup-point--career timespan\">2011 - 2016<\/span>\n\t\t\t\t\t\t\t\t<span class=\"popup-point popup-point--career point\">Programa de licenciatura na Universidade de Ci\u00eancias Aplicadas e Artes de Dortmund  <\/span>\n\t\t\t\t\t\t\t<\/li>\n\t\t\t\t\t\t\t\t\t\t\t\t\t\t\t\t\t\t<\/ul>\n\t\t<\/div>\n\t\t\t<\/div>\n<\/div>\n\n\t\t\t\t\t\t\t\n\t\t\t\t\t\t\t\t\t\t\t\t\t\t\n\t\t\t\t\t\t\t\t\t\t\t\t\t<div class=\"flex_column av_one_third bg-alternate teamgrid-column  column-top-margin\">\n\t\t\t\t\t\t\t\t<article id=\"\" class=\"card-entry person-entry   text-align-left     has-button \">\n\t<div class=\"card-entry__inner\">\n\t\t\n\t<div class=\"card-entry__media media-type-\">\n\t\t<div class=\"card-entry__media-inner\">\n\t\t\t\t\t\t\t<div class=\"card-entry__action\">\n\t<div class=\"card-entry__action-inner\">\n\t\t<div class=\"card-entry__button-wrap avia-button-wrap avia-button-right theme-fill\">\n\t\t\t\t\t\t\t<a class=\"card-entry__button avia-button avia-button color-ci-black hover-yellow avia-size-small popup-toggle avia-position-right no-scroll\" href=\"#team-popup-37268\">\n\t\t\t\t\t<span class=\"button-icon\"><i class=\"icon-arrow_next\"><\/i><\/span><span class=\"button-text\">Saiba mais<\/span>\n\t\t\t\t<\/a>\n\t\t\t\t\t<\/div>\n\t<\/div>\n<\/div>\n\t\t\t\t\t\t\t\t\t\t\t\t\t\t\t<img decoding=\"async\" src=\"https:\/\/sha-luzern.ch\/wp-content\/uploads\/706x313-Team-Saussen-706x313.jpg\" \/>\n\t\t\t\t\t\t\t\t\t<\/div>\n\t<\/div>\n\n\t<div class=\"card_entry__content-wrap\">\n\t\t\t\t\t<div class=\"card-entry__heading\">\n\t<div class=\"card-entry__heading-inner\">\n\n\n\t\t\t\n\t\t\t\t\t\t\t<span class=\"card-entry__subheadline card-entry__title person-job \">\n\t\t\t\t\tArquiteto Diplomado\n\t\t\t\t<\/span>\n\t\t\t\n\t\t\t\n\t\t\t\t\t\t\t<h3 class=\"card-entry__headline person-name \">\n\t\t\t\t\t<span class=\"name-first\">Katrin <\/span><span class=\"name-last\">Saussen<\/span>\n\t\t\t\t<\/h3>\n\t\t\t\n\t\t\t\t\t\t\t<span class=\"card-entry__subheadline person-job \">\n\t\t\t\t\tGest\u00e3o de projectos\n\t\t\t\t<\/span>\n\t\t\t\n\t\t\n\t<\/div>\n<\/div>\n\t\t\t\t\t\t\t\t<div class=\"card-entry__content content-type-default\">\n\t\t<div class=\"card-entry__content-inner\">\n\t\t\t<p class=\"card-entry__contents\">\n\t\t\t\t\t\t\t\t\t\t\t\t\t\t\t\t\t\t\t\t\t\t<span class=\"content-phone\"><span class=\"contact-pre\">T<\/span> <a href=\"tel:+4923144202023\">+49 (231) 44 20 20 23<\/a><\/span>\n\t\t\t\t\t\t\t\t\t\t\t\t\t\t\t\t\t\t\t\t\t\t\t\t<span class=\"content-mail\"><br\/><span class=\"contact-pre\">E<\/span>  <a href=\"javascript:secureDecryptAndNavigate('J2befC0UzerybJYcoMIg81mYuBdAUlHm6x\/761wZEtYtpmICGvfVF4jM5mDRFxHaJ6dTKBlEQcip9YSXJKy0U8Qtky\/KZSM=', '7fb6b0a631c756e2798c0419dd401ac6392a180022e45865affe1bd81a905598')\">k.saussen@sha.de<\/a><\/span>\n\t\t\t\t\t\t\t\t\t\t\t\t\t\t\t\t\t\t<\/p>\n\t\t<\/div>\n\t<\/div>\n\t\t\t<\/div>\n\n\t<\/div>\n<\/article>\n\t\t\t\t\t\t\t<\/div>\n\t\t\t\t\t\t\t<div id=\"team-popup-37268\" class=\"popup person-popup  person-popup-small popup-wrap bg-alternate fullwidth p-default mfp-hide\">\n\t<div class=\"popup-column popup-column-person card-entry person-entry bg-main flex_column  av_one_half first\">\n\t\t<article id=\"\" class=\"   text-align-     \">\n\t<div class=\"card-entry__inner\">\n\t\t\n\t<div class=\"card-entry__media media-type-\">\n\t\t<div class=\"card-entry__media-inner\">\n\t\t\t\t\t\t\t<img decoding=\"async\" src=\"https:\/\/sha-luzern.ch\/wp-content\/uploads\/706x313-Team-Saussen-706x313.jpg\" \/>\n\t\t\t\t\t<\/div>\n\t<\/div>\n\n\t<div class=\"card_entry__content-wrap\">\n\t\t\t\t\t<div class=\"card-entry__heading\">\n\t<div class=\"card-entry__heading-inner\">\n\n\n\t\t\t\n\t\t\t\t\t\t\t<span class=\"card-entry__subheadline card-entry__title person-job \">\n\t\t\t\t\tArquiteto Diplomado\n\t\t\t\t<\/span>\n\t\t\t\n\t\t\t\n\t\t\t\t\t\t\t<h3 class=\"card-entry__headline person-name \">\n\t\t\t\t\t<span class=\"name-first\">Katrin <\/span><span class=\"name-last\">Saussen<\/span>\n\t\t\t\t<\/h3>\n\t\t\t\n\t\t\t\t\t\t\t<span class=\"card-entry__subheadline person-job \">\n\t\t\t\t\tGest\u00e3o de projectos\n\t\t\t\t<\/span>\n\t\t\t\n\t\t\n\t<\/div>\n<\/div>\n\t\t\n\n\t\t\t\t\t<div class=\"card-entry__content content-type-default\">\n\t\t\t\t<div class=\"card-entry__content-inner\">\n\t\t\t\t\t<h3 class=\"popup-headline\">Foco na SHA<\/h3>\n\t\t\t\t\t<p class=\"card-entry__contents desc\">\n\t\t\t\t\t\tKatrin Saussen, que trabalha na SHA desde 2008, \u00e9 especialista em planeamento de execu\u00e7\u00e3o.\nFoi respons\u00e1vel pela constru\u00e7\u00e3o da nova bancada principal do est\u00e1dio Millerntor em St. Pauli e \u00e9 tamb\u00e9m a nossa especialista de longa data em projectos no sector dos materiais de constru\u00e7\u00e3o.\nNo escrit\u00f3rio, \u00e9 a pessoa de contacto para todos os assuntos relacionados com as TI.    \n\t\t\t\t\t<\/p>\n\t\t\t\t<\/div>\n\t\t\t<\/div>\n\t\t\n\t<\/div>\n\n\t<\/div>\n<\/article>\n\t<\/div>\n\n\t<div class=\"popup-columns-wrap flex_column  av_one_half\">\n\t\t<div class=\"popup-column popup-column-career flex_column  av_one_full first bg-alternate\">\n\t\t\t<h2 class=\"popup-headline\">Carreira<\/h2>\n\t\t\t<ul class=\"popup-list popup-list-career\">\n\t\t\t\t\t\t\t\t\t\t\t\t\t\t\t\t\t\t\t\t\t\t<li class=\"popup-list__headline popup-list__headline-career\">\n\t\t\t\t\t\t\t\t<span class=\"popup-point popup-point--career headline\">Trabalho<\/span>\n\t\t\t\t\t\t\t<\/li>\n\t\t\t\t\t\t\t\t\t\t\t\t\t\t\t\t\t\t\t\t\t\t\t\t<li class=\"popup-list__item popup-list__item-career\">\n\t\t\t\t\t\t\t\t<span class=\"popup-point popup-point--career timespan\">desde 2008<\/span>\n\t\t\t\t\t\t\t\t<span class=\"popup-point popup-point--career point\">SHA Scheffler Helbich Architekten GmbH<\/span>\n\t\t\t\t\t\t\t<\/li>\n\t\t\t\t\t\t\t\t\t\t\t\t\t\t\t\t\t\t\t\t\t\t\t\t<li class=\"popup-list__item popup-list__item-career\">\n\t\t\t\t\t\t\t\t<span class=\"popup-point popup-point--career timespan\">2005 - 2008<\/span>\n\t\t\t\t\t\t\t\t<span class=\"popup-point popup-point--career point\">Assistente de investiga\u00e7\u00e3o e tutor no Instituto de Design e Teoria Arquitet\u00f3nica; Leibniz Universit\u00e4t Hannover<\/span>\n\t\t\t\t\t\t\t<\/li>\n\t\t\t\t\t\t\t\t\t\t\t\t\t\t\t\t\t\t\t\t\t\t\t\t<li class=\"popup-list__item popup-list__item-career\">\n\t\t\t\t\t\t\t\t<span class=\"popup-point popup-point--career timespan\">2007<\/span>\n\t\t\t\t\t\t\t\t<span class=\"popup-point popup-point--career point\">Gabinete de arquitetura Ralf del Bianco - werk\u00b3, Hanover  <\/span>\n\t\t\t\t\t\t\t<\/li>\n\t\t\t\t\t\t\t\t\t\t\t\t\t\t\t\t\t\t\t\t\t\t\t\t<li class=\"popup-list__headline popup-list__headline-career\">\n\t\t\t\t\t\t\t\t<span class=\"popup-point popup-point--career headline\">Estudo e forma\u00e7\u00e3o<\/span>\n\t\t\t\t\t\t\t<\/li>\n\t\t\t\t\t\t\t\t\t\t\t\t\t\t\t\t\t\t\t\t\t\t\t\t<li class=\"popup-list__item popup-list__item-career\">\n\t\t\t\t\t\t\t\t<span class=\"popup-point popup-point--career timespan\">2008<\/span>\n\t\t\t\t\t\t\t\t<span class=\"popup-point popup-point--career point\">Tese de licenciatura<\/span>\n\t\t\t\t\t\t\t<\/li>\n\t\t\t\t\t\t\t\t\t\t\t\t\t\t\t\t\t\t\t\t\t\t\t\t<li class=\"popup-list__item popup-list__item-career\">\n\t\t\t\t\t\t\t\t<span class=\"popup-point popup-point--career timespan\">2002 - 2008  <\/span>\n\t\t\t\t\t\t\t\t<span class=\"popup-point popup-point--career point\">Estudou arquitetura na Universidade Leibniz de Hanover<\/span>\n\t\t\t\t\t\t\t<\/li>\n\t\t\t\t\t\t\t\t\t\t\t\t\t\t\t\t\t\t<\/ul>\n\t\t<\/div>\n\t\t\t<\/div>\n<\/div>\n\n\t\t\t\t\t\t\t\n\t\t\t\t\t\t\t\t\t\t\t\t\t\t\n\t\t\t\t\t\t\t\t\t\t\t\t\t<div class=\"flex_column av_one_third bg-alternate teamgrid-column  column-top-margin\">\n\t\t\t\t\t\t\t\t<article id=\"\" class=\"card-entry person-entry   text-align-left     has-button \">\n\t<div class=\"card-entry__inner\">\n\t\t\n\t<div class=\"card-entry__media media-type-\">\n\t\t<div class=\"card-entry__media-inner\">\n\t\t\t\t\t\t\t<div class=\"card-entry__action\">\n\t<div class=\"card-entry__action-inner\">\n\t\t<div class=\"card-entry__button-wrap avia-button-wrap avia-button-right theme-fill\">\n\t\t\t\t\t\t\t<a class=\"card-entry__button avia-button avia-button color-ci-black hover-yellow avia-size-small popup-toggle avia-position-right no-scroll\" href=\"#team-popup-37256\">\n\t\t\t\t\t<span class=\"button-icon\"><i class=\"icon-arrow_next\"><\/i><\/span><span class=\"button-text\">Saiba mais<\/span>\n\t\t\t\t<\/a>\n\t\t\t\t\t<\/div>\n\t<\/div>\n<\/div>\n\t\t\t\t\t\t\t\t\t\t\t\t\t\t\t<img decoding=\"async\" src=\"https:\/\/sha-luzern.ch\/wp-content\/uploads\/Schachtrup-2-706x313-1-706x313.jpg\" \/>\n\t\t\t\t\t\t\t\t\t<\/div>\n\t<\/div>\n\n\t<div class=\"card_entry__content-wrap\">\n\t\t\t\t\t<div class=\"card-entry__heading\">\n\t<div class=\"card-entry__heading-inner\">\n\n\n\t\t\t\n\t\t\t\t\t\t\t<span class=\"card-entry__subheadline card-entry__title person-job \">\n\t\t\t\t\tArquiteto Diplomado\n\t\t\t\t<\/span>\n\t\t\t\n\t\t\t\n\t\t\t\t\t\t\t<h3 class=\"card-entry__headline person-name \">\n\t\t\t\t\t<span class=\"name-first\">Bettina  <\/span><span class=\"name-last\">Schachtrup <\/span>\n\t\t\t\t<\/h3>\n\t\t\t\n\t\t\t\t\t\t\t<span class=\"card-entry__subheadline person-job \">\n\t\t\t\t\tGest\u00e3o de projectos\n\t\t\t\t<\/span>\n\t\t\t\n\t\t\n\t<\/div>\n<\/div>\n\t\t\t\t\t\t\t\t<div class=\"card-entry__content content-type-default\">\n\t\t<div class=\"card-entry__content-inner\">\n\t\t\t<p class=\"card-entry__contents\">\n\t\t\t\t\t\t\t\t\t\t\t\t\t\t\t\t\t\t\t\t\t\t<span class=\"content-phone\"><span class=\"contact-pre\">T<\/span> <a href=\"tel:+4923144202059\">+49 (231) 44 20 20 59<\/a><\/span>\n\t\t\t\t\t\t\t\t\t\t\t\t\t\t\t\t\t\t\t\t\t\t\t\t<span class=\"content-mail\"><br\/><span class=\"contact-pre\">E<\/span>  <a href=\"javascript:secureDecryptAndNavigate('dk1nMW89HilQTUI3kqcXMfq3ZRF8id6x0ZIAqiQlXnSdhSObT456G4hFpTFn1celP4WO3jZTeeJraUxuIE3NxwVuI1JcbOozh3Y=', '7fb6b0a631c756e2798c0419dd401ac6392a180022e45865affe1bd81a905598')\">b.schachtrup@sha.de<\/a><\/span>\n\t\t\t\t\t\t\t\t\t\t\t\t\t\t\t\t\t\t<\/p>\n\t\t<\/div>\n\t<\/div>\n\t\t\t<\/div>\n\n\t<\/div>\n<\/article>\n\t\t\t\t\t\t\t<\/div>\n\t\t\t\t\t\t\t<div id=\"team-popup-37256\" class=\"popup person-popup  person-popup-small popup-wrap bg-alternate fullwidth p-default mfp-hide\">\n\t<div class=\"popup-column popup-column-person card-entry person-entry bg-main flex_column  av_one_half first\">\n\t\t<article id=\"\" class=\"   text-align-     \">\n\t<div class=\"card-entry__inner\">\n\t\t\n\t<div class=\"card-entry__media media-type-\">\n\t\t<div class=\"card-entry__media-inner\">\n\t\t\t\t\t\t\t<img decoding=\"async\" src=\"https:\/\/sha-luzern.ch\/wp-content\/uploads\/Schachtrup-2-706x313-1-706x313.jpg\" \/>\n\t\t\t\t\t<\/div>\n\t<\/div>\n\n\t<div class=\"card_entry__content-wrap\">\n\t\t\t\t\t<div class=\"card-entry__heading\">\n\t<div class=\"card-entry__heading-inner\">\n\n\n\t\t\t\n\t\t\t\t\t\t\t<span class=\"card-entry__subheadline card-entry__title person-job \">\n\t\t\t\t\tArquiteto Diplomado\n\t\t\t\t<\/span>\n\t\t\t\n\t\t\t\n\t\t\t\t\t\t\t<h3 class=\"card-entry__headline person-name \">\n\t\t\t\t\t<span class=\"name-first\">Bettina  <\/span><span class=\"name-last\">Schachtrup <\/span>\n\t\t\t\t<\/h3>\n\t\t\t\n\t\t\t\t\t\t\t<span class=\"card-entry__subheadline person-job \">\n\t\t\t\t\tGest\u00e3o de projectos\n\t\t\t\t<\/span>\n\t\t\t\n\t\t\n\t<\/div>\n<\/div>\n\t\t\n\n\t\t\t\t\t<div class=\"card-entry__content content-type-default\">\n\t\t\t\t<div class=\"card-entry__content-inner\">\n\t\t\t\t\t<h3 class=\"popup-headline\">Foco na SHA<\/h3>\n\t\t\t\t\t<p class=\"card-entry__contents desc\">\n\t\t\t\t\t\tBettina Schachtrup juntou-se \u00e0 nossa equipa SHA em 2021 e tem trabalhado na gest\u00e3o de projectos desde 2023.\n\t\t\t\t\t<\/p>\n\t\t\t\t<\/div>\n\t\t\t<\/div>\n\t\t\n\t<\/div>\n\n\t<\/div>\n<\/article>\n\t<\/div>\n\n\t<div class=\"popup-columns-wrap flex_column  av_one_half\">\n\t\t<div class=\"popup-column popup-column-career flex_column  av_one_full first bg-alternate\">\n\t\t\t<h2 class=\"popup-headline\">Carreira<\/h2>\n\t\t\t<ul class=\"popup-list popup-list-career\">\n\t\t\t\t\t\t\t\t\t\t\t\t\t\t\t\t\t\t\t\t\t\t<li class=\"popup-list__headline popup-list__headline-career\">\n\t\t\t\t\t\t\t\t<span class=\"popup-point popup-point--career headline\">Trabalho<\/span>\n\t\t\t\t\t\t\t<\/li>\n\t\t\t\t\t\t\t\t\t\t\t\t\t\t\t\t\t\t\t\t\t\t\t\t<li class=\"popup-list__item popup-list__item-career\">\n\t\t\t\t\t\t\t\t<span class=\"popup-point popup-point--career timespan\">desde 2021<\/span>\n\t\t\t\t\t\t\t\t<span class=\"popup-point popup-point--career point\">SHA Scheffler Helbich Architekten GmbH<\/span>\n\t\t\t\t\t\t\t<\/li>\n\t\t\t\t\t\t\t\t\t\t\t\t\t\t\t\t\t\t\t\t\t\t\t\t<li class=\"popup-list__item popup-list__item-career\">\n\t\t\t\t\t\t\t\t<span class=\"popup-point popup-point--career timespan\">desde 2010<\/span>\n\t\t\t\t\t\t\t\t<span class=\"popup-point popup-point--career point\">Trabalhou como arquiteto de projectos em H\u00f6xter e Bochum<\/span>\n\t\t\t\t\t\t\t<\/li>\n\t\t\t\t\t\t\t\t\t\t\t\t\t\t\t\t\t\t\t\t\t\t\t\t<li class=\"popup-list__item popup-list__item-career\">\n\t\t\t\t\t\t\t\t<span class=\"popup-point popup-point--career timespan\">2008 - 2009<\/span>\n\t\t\t\t\t\t\t\t<span class=\"popup-point popup-point--career point\">Assistente de investiga\u00e7\u00e3o e tutor no Departamento de Constru\u00e7\u00e3o Civil, Universidade de Kassel\n<\/span>\n\t\t\t\t\t\t\t<\/li>\n\t\t\t\t\t\t\t\t\t\t\t\t\t\t\t\t\t\t\t\t\t\t\t\t<li class=\"popup-list__item popup-list__item-career\">\n\t\t\t\t\t\t\t\t<span class=\"popup-point popup-point--career timespan\">2007 - 2008<\/span>\n\t\t\t\t\t\t\t\t<span class=\"popup-point popup-point--career point\">Assistente de investiga\u00e7\u00e3o e tutor no departamento  \nDesign, Universidade de Kassel<\/span>\n\t\t\t\t\t\t\t<\/li>\n\t\t\t\t\t\t\t\t\t\t\t\t\t\t\t\t\t\t\t\t\t\t\t\t<li class=\"popup-list__headline popup-list__headline-career\">\n\t\t\t\t\t\t\t\t<span class=\"popup-point popup-point--career headline\">Estudo e forma\u00e7\u00e3o<\/span>\n\t\t\t\t\t\t\t<\/li>\n\t\t\t\t\t\t\t\t\t\t\t\t\t\t\t\t\t\t\t\t\t\t\t\t<li class=\"popup-list__item popup-list__item-career\">\n\t\t\t\t\t\t\t\t<span class=\"popup-point popup-point--career timespan\">desde 2014<\/span>\n\t\t\t\t\t\t\t\t<span class=\"popup-point popup-point--career point\">Membro da C\u00e2mara de Arquitectos da Ren\u00e2nia do Norte-Vestef\u00e1lia  <\/span>\n\t\t\t\t\t\t\t<\/li>\n\t\t\t\t\t\t\t\t\t\t\t\t\t\t\t\t\t\t\t\t\t\t\t\t<li class=\"popup-list__item popup-list__item-career\">\n\t\t\t\t\t\t\t\t<span class=\"popup-point popup-point--career timespan\">2005 - 2010<\/span>\n\t\t\t\t\t\t\t\t<span class=\"popup-point popup-point--career point\">Estudou na Universidade de Kassel, Faculdade de Arquitetura; Grau: Diplom-Ingenieurin<\/span>\n\t\t\t\t\t\t\t<\/li>\n\t\t\t\t\t\t\t\t\t\t\t\t\t\t\t\t\t\t\t\t\t\t\t\t<li class=\"popup-list__item popup-list__item-career\">\n\t\t\t\t\t\t\t\t<span class=\"popup-point popup-point--career timespan\">2003 - 2004<\/span>\n\t\t\t\t\t\t\t\t<span class=\"popup-point popup-point--career point\">Centro de Jornalismo Haus Busch, Hagen<\/span>\n\t\t\t\t\t\t\t<\/li>\n\t\t\t\t\t\t\t\t\t\t\t\t\t\t\t\t\t\t\t\t\t\t\t\t<li class=\"popup-list__item popup-list__item-career\">\n\t\t\t\t\t\t\t\t<span class=\"popup-point popup-point--career timespan\">1996 - 2001<\/span>\n\t\t\t\t\t\t\t\t<span class=\"popup-point popup-point--career point\">Estudou na Universidade de Ci\u00eancias Aplicadas de Aachen; Grau: Diploma em Design de Produto\n<\/span>\n\t\t\t\t\t\t\t<\/li>\n\t\t\t\t\t\t\t\t\t\t\t\t\t\t\t\t\t\t<\/ul>\n\t\t<\/div>\n\t\t\t<\/div>\n<\/div>\n\n\t\t\t\t\t\t\t\n\t\t\t\t\t\t\t\t\t\t\t\t\t\t\n\t\t\t\t\t\t\t\t\t\t\t\t\t<div class=\"flex_column av_one_third bg-alternate teamgrid-column first column-top-margin\">\n\t\t\t\t\t\t\t\t<article id=\"\" class=\"card-entry person-entry   text-align-left     has-button \">\n\t<div class=\"card-entry__inner\">\n\t\t\n\t<div class=\"card-entry__media media-type-\">\n\t\t<div class=\"card-entry__media-inner\">\n\t\t\t\t\t\t\t<div class=\"card-entry__action\">\n\t<div class=\"card-entry__action-inner\">\n\t\t<div class=\"card-entry__button-wrap avia-button-wrap avia-button-right theme-fill\">\n\t\t\t\t\t\t\t<a class=\"card-entry__button avia-button avia-button color-ci-black hover-yellow avia-size-small popup-toggle avia-position-right no-scroll\" href=\"#team-popup-37209\">\n\t\t\t\t\t<span class=\"button-icon\"><i class=\"icon-arrow_next\"><\/i><\/span><span class=\"button-text\">Saiba mais<\/span>\n\t\t\t\t<\/a>\n\t\t\t\t\t<\/div>\n\t<\/div>\n<\/div>\n\t\t\t\t\t\t\t\t\t\t\t\t\t\t\t<img decoding=\"async\" src=\"https:\/\/sha-luzern.ch\/wp-content\/uploads\/fuhr-706x313-1-706x313.jpg\" \/>\n\t\t\t\t\t\t\t\t\t<\/div>\n\t<\/div>\n\n\t<div class=\"card_entry__content-wrap\">\n\t\t\t\t\t<div class=\"card-entry__heading\">\n\t<div class=\"card-entry__heading-inner\">\n\n\n\t\t\t\n\t\t\t\t\t\t\t<span class=\"card-entry__subheadline card-entry__title person-job \">\n\t\t\t\t\tArquiteto, Master of Science\n\t\t\t\t<\/span>\n\t\t\t\n\t\t\t\n\t\t\t\t\t\t\t<h3 class=\"card-entry__headline person-name \">\n\t\t\t\t\t<span class=\"name-first\">Katharina <\/span><span class=\"name-last\">Fuhr<\/span>\n\t\t\t\t<\/h3>\n\t\t\t\n\t\t\t\t\t\t\t<span class=\"card-entry__subheadline person-job \">\n\t\t\t\t\tGest\u00e3o de projectos\n\t\t\t\t<\/span>\n\t\t\t\n\t\t\n\t<\/div>\n<\/div>\n\t\t\t\t\t\t\t\t<div class=\"card-entry__content content-type-default\">\n\t\t<div class=\"card-entry__content-inner\">\n\t\t\t<p class=\"card-entry__contents\">\n\t\t\t\t\t\t\t\t\t\t\t\t\t\t\t\t\t\t\t\t\t\t<span class=\"content-phone\"><span class=\"contact-pre\">T<\/span> <a href=\"tel:+4923144202042\">+49 (231) 44 20 20 42<\/a><\/span>\n\t\t\t\t\t\t\t\t\t\t\t\t\t\t\t\t\t\t\t\t\t\t\t\t<span class=\"content-mail\"><br\/><span class=\"contact-pre\">E<\/span>  <a href=\"javascript:secureDecryptAndNavigate('neSizZ+k4f6gfmLrs58UWsU\/KKHW09myjdLhRzp2VjTqA2FwGOUuDvtO\/6v2ejyaLVKW1NuVYIT7e6TWkghtosl0lHc=', '7fb6b0a631c756e2798c0419dd401ac6392a180022e45865affe1bd81a905598')\">k.fuhr@sha.de<\/a><\/span>\n\t\t\t\t\t\t\t\t\t\t\t\t\t\t\t\t\t\t<\/p>\n\t\t<\/div>\n\t<\/div>\n\t\t\t<\/div>\n\n\t<\/div>\n<\/article>\n\t\t\t\t\t\t\t<\/div>\n\t\t\t\t\t\t\t<div id=\"team-popup-37209\" class=\"popup person-popup  person-popup-small popup-wrap bg-alternate fullwidth p-default mfp-hide\">\n\t<div class=\"popup-column popup-column-person card-entry person-entry bg-main flex_column  av_one_half first\">\n\t\t<article id=\"\" class=\"   text-align-     \">\n\t<div class=\"card-entry__inner\">\n\t\t\n\t<div class=\"card-entry__media media-type-\">\n\t\t<div class=\"card-entry__media-inner\">\n\t\t\t\t\t\t\t<img decoding=\"async\" src=\"https:\/\/sha-luzern.ch\/wp-content\/uploads\/fuhr-706x313-1-706x313.jpg\" \/>\n\t\t\t\t\t<\/div>\n\t<\/div>\n\n\t<div class=\"card_entry__content-wrap\">\n\t\t\t\t\t<div class=\"card-entry__heading\">\n\t<div class=\"card-entry__heading-inner\">\n\n\n\t\t\t\n\t\t\t\t\t\t\t<span class=\"card-entry__subheadline card-entry__title person-job \">\n\t\t\t\t\tArquiteto, Master of Science\n\t\t\t\t<\/span>\n\t\t\t\n\t\t\t\n\t\t\t\t\t\t\t<h3 class=\"card-entry__headline person-name \">\n\t\t\t\t\t<span class=\"name-first\">Katharina <\/span><span class=\"name-last\">Fuhr<\/span>\n\t\t\t\t<\/h3>\n\t\t\t\n\t\t\t\t\t\t\t<span class=\"card-entry__subheadline person-job \">\n\t\t\t\t\tGest\u00e3o de projectos\n\t\t\t\t<\/span>\n\t\t\t\n\t\t\n\t<\/div>\n<\/div>\n\t\t\n\n\t\t\t\t\t<div class=\"card-entry__content content-type-default\">\n\t\t\t\t<div class=\"card-entry__content-inner\">\n\t\t\t\t\t<h3 class=\"popup-headline\">Foco na SHA<\/h3>\n\t\t\t\t\t<p class=\"card-entry__contents desc\">\n\t\t\t\t\t\tKatharina Fuhr faz parte da equipa da SHA desde 2018.\nAnteriormente, concluiu o seu mestrado especializado em planeamento urbano.\nNa SHA, \u00e9 respons\u00e1vel pelo planeamento da conce\u00e7\u00e3o e implementa\u00e7\u00e3o na equipa de planeamento e \u00e9 a gestora do projeto de convers\u00e3o Lensing-Media-Port desde 2023.  \n\t\t\t\t\t<\/p>\n\t\t\t\t<\/div>\n\t\t\t<\/div>\n\t\t\n\t<\/div>\n\n\t<\/div>\n<\/article>\n\t<\/div>\n\n\t<div class=\"popup-columns-wrap flex_column  av_one_half\">\n\t\t<div class=\"popup-column popup-column-career flex_column  av_one_full first bg-alternate\">\n\t\t\t<h2 class=\"popup-headline\">Carreira<\/h2>\n\t\t\t<ul class=\"popup-list popup-list-career\">\n\t\t\t\t\t\t\t\t\t\t\t\t\t\t\t\t\t\t\t\t\t\t<li class=\"popup-list__headline popup-list__headline-career\">\n\t\t\t\t\t\t\t\t<span class=\"popup-point popup-point--career headline\">Trabalho<\/span>\n\t\t\t\t\t\t\t<\/li>\n\t\t\t\t\t\t\t\t\t\t\t\t\t\t\t\t\t\t\t\t\t\t\t\t<li class=\"popup-list__item popup-list__item-career\">\n\t\t\t\t\t\t\t\t<span class=\"popup-point popup-point--career timespan\">desde 2018<\/span>\n\t\t\t\t\t\t\t\t<span class=\"popup-point popup-point--career point\">SHA Scheffler Helbich Architekten GmbH<\/span>\n\t\t\t\t\t\t\t<\/li>\n\t\t\t\t\t\t\t\t\t\t\t\t\t\t\t\t\t\t\t\t\t\t\t\t<li class=\"popup-list__item popup-list__item-career\">\n\t\t\t\t\t\t\t\t<span class=\"popup-point popup-point--career timespan\">2015 - 2018<\/span>\n\t\t\t\t\t\t\t\t<span class=\"popup-point popup-point--career point\">Estudante estagi\u00e1rio na Wilo SE, Dortmund<\/span>\n\t\t\t\t\t\t\t<\/li>\n\t\t\t\t\t\t\t\t\t\t\t\t\t\t\t\t\t\t\t\t\t\t\t\t<li class=\"popup-list__item popup-list__item-career\">\n\t\t\t\t\t\t\t\t<span class=\"popup-point popup-point--career timespan\">2014 - 2015<\/span>\n\t\t\t\t\t\t\t\t<span class=\"popup-point popup-point--career point\">Estagi\u00e1rio na Thei\u00dfen Architekten, Dortmund<\/span>\n\t\t\t\t\t\t\t<\/li>\n\t\t\t\t\t\t\t\t\t\t\t\t\t\t\t\t\t\t\t\t\t\t\t\t<li class=\"popup-list__headline popup-list__headline-career\">\n\t\t\t\t\t\t\t\t<span class=\"popup-point popup-point--career headline\">Estudo e forma\u00e7\u00e3o<\/span>\n\t\t\t\t\t\t\t<\/li>\n\t\t\t\t\t\t\t\t\t\t\t\t\t\t\t\t\t\t\t\t\t\t\t\t<li class=\"popup-list__item popup-list__item-career\">\n\t\t\t\t\t\t\t\t<span class=\"popup-point popup-point--career timespan\">2015 - 2018  <\/span>\n\t\t\t\t\t\t\t\t<span class=\"popup-point popup-point--career point\">Mestrado em Arquitetura e Planeamento Urbano, TU Dortmund<\/span>\n\t\t\t\t\t\t\t<\/li>\n\t\t\t\t\t\t\t\t\t\t\t\t\t\t\t\t\t\t\t\t\t\t\t\t<li class=\"popup-list__item popup-list__item-career\">\n\t\t\t\t\t\t\t\t<span class=\"popup-point popup-point--career timespan\">2010 - 2015<\/span>\n\t\t\t\t\t\t\t\t<span class=\"popup-point popup-point--career point\">Licenciatura em Arquitetura e Planeamento Urbano, Universidade TU Dortmund<\/span>\n\t\t\t\t\t\t\t<\/li>\n\t\t\t\t\t\t\t\t\t\t\t\t\t\t\t\t\t\t<\/ul>\n\t\t<\/div>\n\t\t\t<\/div>\n<\/div>\n\n\t\t\t\t\t\t\t\n\t\t\t\t\t\t\t\t\t\t\t\t\t\t\n\t\t\t\t\t\t\t\t\t\t\t\t\t<div class=\"flex_column av_one_third bg-alternate teamgrid-column  column-top-margin\">\n\t\t\t\t\t\t\t\t<article id=\"\" class=\"card-entry person-entry   text-align-left     has-button \">\n\t<div class=\"card-entry__inner\">\n\t\t\n\t<div class=\"card-entry__media media-type-\">\n\t\t<div class=\"card-entry__media-inner\">\n\t\t\t\t\t\t\t<div class=\"card-entry__action\">\n\t<div class=\"card-entry__action-inner\">\n\t\t<div class=\"card-entry__button-wrap avia-button-wrap avia-button-right theme-fill\">\n\t\t\t\t\t\t\t<a class=\"card-entry__button avia-button avia-button color-ci-black hover-yellow avia-size-small popup-toggle avia-position-right no-scroll\" href=\"#team-popup-37254\">\n\t\t\t\t\t<span class=\"button-icon\"><i class=\"icon-arrow_next\"><\/i><\/span><span class=\"button-text\">Saiba mais<\/span>\n\t\t\t\t<\/a>\n\t\t\t\t\t<\/div>\n\t<\/div>\n<\/div>\n\t\t\t\t\t\t\t\t\t\t\t\t\t\t\t<img decoding=\"async\" src=\"https:\/\/sha-luzern.ch\/wp-content\/uploads\/Laura-Spickenheier-706x313.jpg\" \/>\n\t\t\t\t\t\t\t\t\t<\/div>\n\t<\/div>\n\n\t<div class=\"card_entry__content-wrap\">\n\t\t\t\t\t<div class=\"card-entry__heading\">\n\t<div class=\"card-entry__heading-inner\">\n\n\n\t\t\t\n\t\t\t\t\t\t\t<span class=\"card-entry__subheadline card-entry__title person-job \">\n\t\t\t\t\tArquiteto, Master of Arts  \n\t\t\t\t<\/span>\n\t\t\t\n\t\t\t\n\t\t\t\t\t\t\t<h3 class=\"card-entry__headline person-name \">\n\t\t\t\t\t<span class=\"name-first\">Laura <\/span><span class=\"name-last\">Spickenheier<\/span>\n\t\t\t\t<\/h3>\n\t\t\t\n\t\t\t\t\t\t\t<span class=\"card-entry__subheadline person-job \">\n\t\t\t\t\tGest\u00e3o de projectos, auditor da DGNB\n\t\t\t\t<\/span>\n\t\t\t\n\t\t\n\t<\/div>\n<\/div>\n\t\t\t\t\t\t\t\t<div class=\"card-entry__content content-type-default\">\n\t\t<div class=\"card-entry__content-inner\">\n\t\t\t<p class=\"card-entry__contents\">\n\t\t\t\t\t\t\t\t\t\t\t\t\t\t\t\t\t\t\t\t\t\t<span class=\"content-phone\"><span class=\"contact-pre\">T<\/span> <a href=\"tel:+4923144202065\">+49 (231) 44 20 20 65<\/a><\/span>\n\t\t\t\t\t\t\t\t\t\t\t\t\t\t\t\t\t\t\t\t\t\t\t\t<span class=\"content-mail\"><br\/><span class=\"contact-pre\">E<\/span>  <a href=\"javascript:secureDecryptAndNavigate('YLYLwcnYbM8UADKFMRK4BIAnmctbHqVngtx9PQ2qJj6TOn1P3ZIUIzkY1djAe3g7VJ1fpzZzrCIrf9GONQ58YRlRU1zNNS2sOPoBOg==', '7fb6b0a631c756e2798c0419dd401ac6392a180022e45865affe1bd81a905598')\">l.spickenheier@sha.de<\/a><\/span>\n\t\t\t\t\t\t\t\t\t\t\t\t\t\t\t\t\t\t<\/p>\n\t\t<\/div>\n\t<\/div>\n\t\t\t<\/div>\n\n\t<\/div>\n<\/article>\n\t\t\t\t\t\t\t<\/div>\n\t\t\t\t\t\t\t<div id=\"team-popup-37254\" class=\"popup person-popup  person-popup-small popup-wrap bg-alternate fullwidth p-default mfp-hide\">\n\t<div class=\"popup-column popup-column-person card-entry person-entry bg-main flex_column  av_one_half first\">\n\t\t<article id=\"\" class=\"   text-align-     \">\n\t<div class=\"card-entry__inner\">\n\t\t\n\t<div class=\"card-entry__media media-type-\">\n\t\t<div class=\"card-entry__media-inner\">\n\t\t\t\t\t\t\t<img decoding=\"async\" src=\"https:\/\/sha-luzern.ch\/wp-content\/uploads\/Laura-Spickenheier-706x313.jpg\" \/>\n\t\t\t\t\t<\/div>\n\t<\/div>\n\n\t<div class=\"card_entry__content-wrap\">\n\t\t\t\t\t<div class=\"card-entry__heading\">\n\t<div class=\"card-entry__heading-inner\">\n\n\n\t\t\t\n\t\t\t\t\t\t\t<span class=\"card-entry__subheadline card-entry__title person-job \">\n\t\t\t\t\tArquiteto, Master of Arts  \n\t\t\t\t<\/span>\n\t\t\t\n\t\t\t\n\t\t\t\t\t\t\t<h3 class=\"card-entry__headline person-name \">\n\t\t\t\t\t<span class=\"name-first\">Laura <\/span><span class=\"name-last\">Spickenheier<\/span>\n\t\t\t\t<\/h3>\n\t\t\t\n\t\t\t\t\t\t\t<span class=\"card-entry__subheadline person-job \">\n\t\t\t\t\tGest\u00e3o de projectos, auditor da DGNB\n\t\t\t\t<\/span>\n\t\t\t\n\t\t\n\t<\/div>\n<\/div>\n\t\t\n\n\t\t\t\t\t<div class=\"card-entry__content content-type-default\">\n\t\t\t\t<div class=\"card-entry__content-inner\">\n\t\t\t\t\t<h3 class=\"popup-headline\">Foco na SHA<\/h3>\n\t\t\t\t\t<p class=\"card-entry__contents desc\">\n\t\t\t\t\t\tLaura Spickenheier entrou para o gabinete em 2021 e \u00e9 gestora de projectos e auditora da DGNB desde 2023.\nApicultora apaixonada, tamb\u00e9m se interessa muito por temas como a biodiversidade e a resili\u00eancia clim\u00e1tica nos seus tempos livres.\nComo chefe da equipa interna do gabinete para os recursos e a sustentabilidade, promove o interc\u00e2mbio de conhecimentos rec\u00e9m-adquiridos, estabelecendo assim uma compreens\u00e3o ecol\u00f3gica no seio da equipa SHA.    \n\t\t\t\t\t<\/p>\n\t\t\t\t<\/div>\n\t\t\t<\/div>\n\t\t\n\t<\/div>\n\n\t<\/div>\n<\/article>\n\t<\/div>\n\n\t<div class=\"popup-columns-wrap flex_column  av_one_half\">\n\t\t<div class=\"popup-column popup-column-career flex_column  av_one_full first bg-alternate\">\n\t\t\t<h2 class=\"popup-headline\">Carreira<\/h2>\n\t\t\t<ul class=\"popup-list popup-list-career\">\n\t\t\t\t\t\t\t\t\t\t\t\t\t\t\t\t\t\t\t\t\t\t<li class=\"popup-list__headline popup-list__headline-career\">\n\t\t\t\t\t\t\t\t<span class=\"popup-point popup-point--career headline\">Trabalho<\/span>\n\t\t\t\t\t\t\t<\/li>\n\t\t\t\t\t\t\t\t\t\t\t\t\t\t\t\t\t\t\t\t\t\t\t\t<li class=\"popup-list__item popup-list__item-career\">\n\t\t\t\t\t\t\t\t<span class=\"popup-point popup-point--career timespan\">desde 12\/2023<\/span>\n\t\t\t\t\t\t\t\t<span class=\"popup-point popup-point--career point\">Auditor da DGNB<\/span>\n\t\t\t\t\t\t\t<\/li>\n\t\t\t\t\t\t\t\t\t\t\t\t\t\t\t\t\t\t\t\t\t\t\t\t<li class=\"popup-list__item popup-list__item-career\">\n\t\t\t\t\t\t\t\t<span class=\"popup-point popup-point--career timespan\">desde 2021<\/span>\n\t\t\t\t\t\t\t\t<span class=\"popup-point popup-point--career point\">SHA Scheffler Helbich Architekten GmbH<\/span>\n\t\t\t\t\t\t\t<\/li>\n\t\t\t\t\t\t\t\t\t\t\t\t\t\t\t\t\t\t\t\t\t\t\t\t<li class=\"popup-list__item popup-list__item-career\">\n\t\t\t\t\t\t\t\t<span class=\"popup-point popup-point--career timespan\">2017 - 2021<\/span>\n\t\t\t\t\t\t\t\t<span class=\"popup-point popup-point--career point\">henke.siassi architekten PartG mbB, Dortmund<\/span>\n\t\t\t\t\t\t\t<\/li>\n\t\t\t\t\t\t\t\t\t\t\t\t\t\t\t\t\t\t\t\t\t\t\t\t<li class=\"popup-list__item popup-list__item-career\">\n\t\t\t\t\t\t\t\t<span class=\"popup-point popup-point--career timespan\">2015 - 2016<\/span>\n\t\t\t\t\t\t\t\t<span class=\"popup-point popup-point--career point\">bkp GmbH, D\u00fcsseldorf<\/span>\n\t\t\t\t\t\t\t<\/li>\n\t\t\t\t\t\t\t\t\t\t\t\t\t\t\t\t\t\t\t\t\t\t\t\t<li class=\"popup-list__headline popup-list__headline-career\">\n\t\t\t\t\t\t\t\t<span class=\"popup-point popup-point--career headline\">Estudo e forma\u00e7\u00e3o<\/span>\n\t\t\t\t\t\t\t<\/li>\n\t\t\t\t\t\t\t\t\t\t\t\t\t\t\t\t\t\t\t\t\t\t\t\t<li class=\"popup-list__item popup-list__item-career\">\n\t\t\t\t\t\t\t\t<span class=\"popup-point popup-point--career timespan\">2012 - 2017<\/span>\n\t\t\t\t\t\t\t\t<span class=\"popup-point popup-point--career point\">Mestrado em Artes na TH K\u00f6ln, Faculdade de Arquitetura, especializa\u00e7\u00e3o em Arquitetura Empresarial<\/span>\n\t\t\t\t\t\t\t<\/li>\n\t\t\t\t\t\t\t\t\t\t\t\t\t\t\t\t\t\t\t\t\t\t\t\t<li class=\"popup-list__item popup-list__item-career\">\n\t\t\t\t\t\t\t\t<span class=\"popup-point popup-point--career timespan\">2008 - 2011  <\/span>\n\t\t\t\t\t\t\t\t<span class=\"popup-point popup-point--career point\">Licenciatura em Artes na FH D\u00fcsseldorf, Faculdade de Arquitetura e Design de Interiores<\/span>\n\t\t\t\t\t\t\t<\/li>\n\t\t\t\t\t\t\t\t\t\t\t\t\t\t\t\t\t\t<\/ul>\n\t\t<\/div>\n\t\t\t<\/div>\n<\/div>\n\n\t\t\t\t\t\t\t\n\t\t\t\t\t\t\t\t\t\t\t\t\t\t\n\t\t\t\t\t\t\t\t\t\t\t\t\t<div class=\"flex_column av_one_third bg-alternate teamgrid-column  column-top-margin\">\n\t\t\t\t\t\t\t\t<article id=\"\" class=\"card-entry person-entry   text-align-left     has-button \">\n\t<div class=\"card-entry__inner\">\n\t\t\n\t<div class=\"card-entry__media media-type-\">\n\t\t<div class=\"card-entry__media-inner\">\n\t\t\t\t\t\t\t<div class=\"card-entry__action\">\n\t<div class=\"card-entry__action-inner\">\n\t\t<div class=\"card-entry__button-wrap avia-button-wrap avia-button-right theme-fill\">\n\t\t\t\t\t\t\t<a class=\"card-entry__button avia-button avia-button color-ci-black hover-yellow avia-size-small popup-toggle avia-position-right no-scroll\" href=\"#team-popup-37239\">\n\t\t\t\t\t<span class=\"button-icon\"><i class=\"icon-arrow_next\"><\/i><\/span><span class=\"button-text\">Saiba mais<\/span>\n\t\t\t\t<\/a>\n\t\t\t\t\t<\/div>\n\t<\/div>\n<\/div>\n\t\t\t\t\t\t\t\t\t\t\t\t\t\t\t<img decoding=\"async\" src=\"https:\/\/sha-luzern.ch\/wp-content\/uploads\/706x313-Team-Wegener-706x313.jpg\" \/>\n\t\t\t\t\t\t\t\t\t<\/div>\n\t<\/div>\n\n\t<div class=\"card_entry__content-wrap\">\n\t\t\t\t\t<div class=\"card-entry__heading\">\n\t<div class=\"card-entry__heading-inner\">\n\n\n\t\t\t\n\t\t\t\t\t\t\t<span class=\"card-entry__subheadline card-entry__title person-job \">\n\t\t\t\t\tArquiteto, Master of Science\n\t\t\t\t<\/span>\n\t\t\t\n\t\t\t\n\t\t\t\t\t\t\t<h3 class=\"card-entry__headline person-name \">\n\t\t\t\t\t<span class=\"name-first\">Robin M. <\/span><span class=\"name-last\">Wegener<\/span>\n\t\t\t\t<\/h3>\n\t\t\t\n\t\t\t\t\t\t\t<span class=\"card-entry__subheadline person-job \">\n\t\t\t\t\tGest\u00e3o de projectos\n\t\t\t\t<\/span>\n\t\t\t\n\t\t\n\t<\/div>\n<\/div>\n\t\t\t\t\t\t\t\t<div class=\"card-entry__content content-type-default\">\n\t\t<div class=\"card-entry__content-inner\">\n\t\t\t<p class=\"card-entry__contents\">\n\t\t\t\t\t\t\t\t\t\t\t\t\t\t\t\t\t\t\t\t\t\t<span class=\"content-phone\"><span class=\"contact-pre\">T<\/span> <a href=\"tel:+4923144202036\">+49 (231) 44 20 20 36<\/a><\/span>\n\t\t\t\t\t\t\t\t\t\t\t\t\t\t\t\t\t\t\t\t\t\t\t\t<span class=\"content-mail\"><br\/><span class=\"contact-pre\">E<\/span>  <a href=\"javascript:secureDecryptAndNavigate('Qqe+ziunB\/JBPTiq3ankvN7jDojFuxy3NIEW5vzJy2s7Xaqc7kztI\/FyFB2h9+3gM8\/fNsVQ1\/SzNecgE8gqAbHxbSo5i9g=', '7fb6b0a631c756e2798c0419dd401ac6392a180022e45865affe1bd81a905598')\">r.wegener@sha.de<\/a><\/span>\n\t\t\t\t\t\t\t\t\t\t\t\t\t\t\t\t\t\t<\/p>\n\t\t<\/div>\n\t<\/div>\n\t\t\t<\/div>\n\n\t<\/div>\n<\/article>\n\t\t\t\t\t\t\t<\/div>\n\t\t\t\t\t\t\t<div id=\"team-popup-37239\" class=\"popup person-popup  person-popup-small popup-wrap bg-alternate fullwidth p-default mfp-hide\">\n\t<div class=\"popup-column popup-column-person card-entry person-entry bg-main flex_column  av_one_half first\">\n\t\t<article id=\"\" class=\"   text-align-     \">\n\t<div class=\"card-entry__inner\">\n\t\t\n\t<div class=\"card-entry__media media-type-\">\n\t\t<div class=\"card-entry__media-inner\">\n\t\t\t\t\t\t\t<img decoding=\"async\" src=\"https:\/\/sha-luzern.ch\/wp-content\/uploads\/706x313-Team-Wegener-706x313.jpg\" \/>\n\t\t\t\t\t<\/div>\n\t<\/div>\n\n\t<div class=\"card_entry__content-wrap\">\n\t\t\t\t\t<div class=\"card-entry__heading\">\n\t<div class=\"card-entry__heading-inner\">\n\n\n\t\t\t\n\t\t\t\t\t\t\t<span class=\"card-entry__subheadline card-entry__title person-job \">\n\t\t\t\t\tArquiteto, Master of Science\n\t\t\t\t<\/span>\n\t\t\t\n\t\t\t\n\t\t\t\t\t\t\t<h3 class=\"card-entry__headline person-name \">\n\t\t\t\t\t<span class=\"name-first\">Robin M. <\/span><span class=\"name-last\">Wegener<\/span>\n\t\t\t\t<\/h3>\n\t\t\t\n\t\t\t\t\t\t\t<span class=\"card-entry__subheadline person-job \">\n\t\t\t\t\tGest\u00e3o de projectos\n\t\t\t\t<\/span>\n\t\t\t\n\t\t\n\t<\/div>\n<\/div>\n\t\t\n\n\t\t\t\t\t<div class=\"card-entry__content content-type-default\">\n\t\t\t\t<div class=\"card-entry__content-inner\">\n\t\t\t\t\t<h3 class=\"popup-headline\">Foco na SHA<\/h3>\n\t\t\t\t\t<p class=\"card-entry__contents desc\">\n\t\t\t\t\t\tRobin Wegener est\u00e1 envolvido em todo o processo de planeamento, principalmente para edif\u00edcios comerciais, de produ\u00e7\u00e3o e industriais.\nFaz parte da equipa da SHA desde 2016.\nMais recentemente, trabalhou na expans\u00e3o de uma f\u00e1brica de produ\u00e7\u00e3o de metalurgia em Dortmund.    \n\t\t\t\t\t<\/p>\n\t\t\t\t<\/div>\n\t\t\t<\/div>\n\t\t\n\t<\/div>\n\n\t<\/div>\n<\/article>\n\t<\/div>\n\n\t<div class=\"popup-columns-wrap flex_column  av_one_half\">\n\t\t<div class=\"popup-column popup-column-career flex_column  av_one_full first bg-alternate\">\n\t\t\t<h2 class=\"popup-headline\">Carreira<\/h2>\n\t\t\t<ul class=\"popup-list popup-list-career\">\n\t\t\t\t\t\t\t\t\t\t\t\t\t\t\t\t\t\t\t\t\t\t<li class=\"popup-list__headline popup-list__headline-career\">\n\t\t\t\t\t\t\t\t<span class=\"popup-point popup-point--career headline\">Trabalho<\/span>\n\t\t\t\t\t\t\t<\/li>\n\t\t\t\t\t\t\t\t\t\t\t\t\t\t\t\t\t\t\t\t\t\t\t\t<li class=\"popup-list__item popup-list__item-career\">\n\t\t\t\t\t\t\t\t<span class=\"popup-point popup-point--career timespan\">desde 2016<\/span>\n\t\t\t\t\t\t\t\t<span class=\"popup-point popup-point--career point\">SHA Scheffler Helbich Architekten GmbH<\/span>\n\t\t\t\t\t\t\t<\/li>\n\t\t\t\t\t\t\t\t\t\t\t\t\t\t\t\t\t\t\t\t\t\t\t\t<li class=\"popup-list__item popup-list__item-career\">\n\t\t\t\t\t\t\t\t<span class=\"popup-point popup-point--career timespan\">2013<\/span>\n\t\t\t\t\t\t\t\t<span class=\"popup-point popup-point--career point\">Gatermann + Schossig, Col\u00f3nia<\/span>\n\t\t\t\t\t\t\t<\/li>\n\t\t\t\t\t\t\t\t\t\t\t\t\t\t\t\t\t\t\t\t\t\t\t\t<li class=\"popup-list__headline popup-list__headline-career\">\n\t\t\t\t\t\t\t\t<span class=\"popup-point popup-point--career headline\">Estudo e forma\u00e7\u00e3o<\/span>\n\t\t\t\t\t\t\t<\/li>\n\t\t\t\t\t\t\t\t\t\t\t\t\t\t\t\t\t\t\t\t\t\t\t\t<li class=\"popup-list__item popup-list__item-career\">\n\t\t\t\t\t\t\t\t<span class=\"popup-point popup-point--career timespan\">2015 - 2017<\/span>\n\t\t\t\t\t\t\t\t<span class=\"popup-point popup-point--career point\">Mestrado em Arquitetura e Planeamento Urbano, Universidade TU Dortmund<\/span>\n\t\t\t\t\t\t\t<\/li>\n\t\t\t\t\t\t\t\t\t\t\t\t\t\t\t\t\t\t\t\t\t\t\t\t<li class=\"popup-list__item popup-list__item-career\">\n\t\t\t\t\t\t\t\t<span class=\"popup-point popup-point--career timespan\">2011 - 2015<\/span>\n\t\t\t\t\t\t\t\t<span class=\"popup-point popup-point--career point\">Licenciatura, Universidade de Ci\u00eancias Aplicadas de Col\u00f3nia<\/span>\n\t\t\t\t\t\t\t<\/li>\n\t\t\t\t\t\t\t\t\t\t\t\t\t\t\t\t\t\t<\/ul>\n\t\t<\/div>\n\t\t\t<\/div>\n<\/div>\n\n\t\t\t\t\t\t\t\n\t\t\t\t\t\t\t\t\t\t\t\t\t\t\n\t\t\t\t\t\t\t\t\t\t\t\t\t<div class=\"flex_column av_one_third bg-alternate teamgrid-column first column-top-margin\">\n\t\t\t\t\t\t\t\t<article id=\"\" class=\"card-entry person-entry   text-align-left     has-button \">\n\t<div class=\"card-entry__inner\">\n\t\t\n\t<div class=\"card-entry__media media-type-\">\n\t\t<div class=\"card-entry__media-inner\">\n\t\t\t\t\t\t\t<div class=\"card-entry__action\">\n\t<div class=\"card-entry__action-inner\">\n\t\t<div class=\"card-entry__button-wrap avia-button-wrap avia-button-right theme-fill\">\n\t\t\t\t\t\t\t<a class=\"card-entry__button avia-button avia-button color-ci-black hover-yellow avia-size-small popup-toggle avia-position-right no-scroll\" href=\"#team-popup-37225\">\n\t\t\t\t\t<span class=\"button-icon\"><i class=\"icon-arrow_next\"><\/i><\/span><span class=\"button-text\">Saiba mais<\/span>\n\t\t\t\t<\/a>\n\t\t\t\t\t<\/div>\n\t<\/div>\n<\/div>\n\t\t\t\t\t\t\t\t\t\t\t\t\t\t\t<img decoding=\"async\" src=\"https:\/\/sha-luzern.ch\/wp-content\/uploads\/003-Centler-Portrait-SHA-Dortmund-Juni-2020-706x313.jpg\" \/>\n\t\t\t\t\t\t\t\t\t<\/div>\n\t<\/div>\n\n\t<div class=\"card_entry__content-wrap\">\n\t\t\t\t\t<div class=\"card-entry__heading\">\n\t<div class=\"card-entry__heading-inner\">\n\n\n\t\t\t\n\t\t\t\t\t\t\t<span class=\"card-entry__subheadline card-entry__title person-job \">\n\t\t\t\t\tArquiteto, Licenciatura em Artes\n\t\t\t\t<\/span>\n\t\t\t\n\t\t\t\n\t\t\t\t\t\t\t<h3 class=\"card-entry__headline person-name \">\n\t\t\t\t\t<span class=\"name-first\">Sandra  <\/span><span class=\"name-last\">Centler<\/span>\n\t\t\t\t<\/h3>\n\t\t\t\n\t\t\t\t\t\t\t<span class=\"card-entry__subheadline person-job \">\n\t\t\t\t\tArquiteto do projeto\n\t\t\t\t<\/span>\n\t\t\t\n\t\t\n\t<\/div>\n<\/div>\n\t\t\t\t\t\t\t\t<div class=\"card-entry__content content-type-default\">\n\t\t<div class=\"card-entry__content-inner\">\n\t\t\t<p class=\"card-entry__contents\">\n\t\t\t\t\t\t\t\t\t\t\t\t\t\t\t\t\t\t\t\t\t\t<span class=\"content-phone\"><span class=\"contact-pre\">T<\/span> <a href=\"tel:+4923144202024\">+49 (231) 44 20 20 24<\/a><\/span>\n\t\t\t\t\t\t\t\t\t\t\t\t\t\t\t\t\t\t\t\t\t\t\t\t<span class=\"content-mail\"><br\/><span class=\"contact-pre\">E<\/span>  <a href=\"javascript:secureDecryptAndNavigate('FUfF4ZluPMnPWVjFCM5HZmkJy\/B7Ba45Tl8EXqjge0naSUBI3lYDT+eWupdwsqIeiGH9mxxuhqUIPWUdW0b9IXNAKPyEhJw=', '7fb6b0a631c756e2798c0419dd401ac6392a180022e45865affe1bd81a905598')\">s.centler@sha.de<\/a><\/span>\n\t\t\t\t\t\t\t\t\t\t\t\t\t\t\t\t\t\t<\/p>\n\t\t<\/div>\n\t<\/div>\n\t\t\t<\/div>\n\n\t<\/div>\n<\/article>\n\t\t\t\t\t\t\t<\/div>\n\t\t\t\t\t\t\t<div id=\"team-popup-37225\" class=\"popup person-popup  person-popup-small popup-wrap bg-alternate fullwidth p-default mfp-hide\">\n\t<div class=\"popup-column popup-column-person card-entry person-entry bg-main flex_column  av_one_half first\">\n\t\t<article id=\"\" class=\"   text-align-     \">\n\t<div class=\"card-entry__inner\">\n\t\t\n\t<div class=\"card-entry__media media-type-\">\n\t\t<div class=\"card-entry__media-inner\">\n\t\t\t\t\t\t\t<img decoding=\"async\" src=\"https:\/\/sha-luzern.ch\/wp-content\/uploads\/003-Centler-Portrait-SHA-Dortmund-Juni-2020-706x313.jpg\" \/>\n\t\t\t\t\t<\/div>\n\t<\/div>\n\n\t<div class=\"card_entry__content-wrap\">\n\t\t\t\t\t<div class=\"card-entry__heading\">\n\t<div class=\"card-entry__heading-inner\">\n\n\n\t\t\t\n\t\t\t\t\t\t\t<span class=\"card-entry__subheadline card-entry__title person-job \">\n\t\t\t\t\tArquiteto, Licenciatura em Artes\n\t\t\t\t<\/span>\n\t\t\t\n\t\t\t\n\t\t\t\t\t\t\t<h3 class=\"card-entry__headline person-name \">\n\t\t\t\t\t<span class=\"name-first\">Sandra  <\/span><span class=\"name-last\">Centler<\/span>\n\t\t\t\t<\/h3>\n\t\t\t\n\t\t\t\t\t\t\t<span class=\"card-entry__subheadline person-job \">\n\t\t\t\t\tArquiteto do projeto\n\t\t\t\t<\/span>\n\t\t\t\n\t\t\n\t<\/div>\n<\/div>\n\t\t\n\n\t\t\t\t\t<div class=\"card-entry__content content-type-default\">\n\t\t\t\t<div class=\"card-entry__content-inner\">\n\t\t\t\t\t<h3 class=\"popup-headline\">Foco na SHA<\/h3>\n\t\t\t\t\t<p class=\"card-entry__contents desc\">\n\t\t\t\t\t\tSandra Centler \u00e9 especialista em planeamento detalhado e de implementa\u00e7\u00e3o.\nAtualmente, desempenha um papel fundamental na conce\u00e7\u00e3o de um edif\u00edcio comercial em Recklinghausen.\nEste projeto inclui n\u00e3o s\u00f3 armaz\u00e9ns e salas de produ\u00e7\u00e3o, mas tamb\u00e9m uma \u00e1rea espa\u00e7osa para administra\u00e7\u00e3o e escrit\u00f3rios.\nA sustentabilidade est\u00e1 no centro deste projeto, tanto em termos dos materiais de constru\u00e7\u00e3o utilizados como da execu\u00e7\u00e3o do projeto de constru\u00e7\u00e3o.   \n\t\t\t\t\t<\/p>\n\t\t\t\t<\/div>\n\t\t\t<\/div>\n\t\t\n\t<\/div>\n\n\t<\/div>\n<\/article>\n\t<\/div>\n\n\t<div class=\"popup-columns-wrap flex_column  av_one_half\">\n\t\t<div class=\"popup-column popup-column-career flex_column  av_one_full first bg-alternate\">\n\t\t\t<h2 class=\"popup-headline\">Carreira<\/h2>\n\t\t\t<ul class=\"popup-list popup-list-career\">\n\t\t\t\t\t\t\t\t\t\t\t\t\t\t\t\t\t\t\t\t\t\t<li class=\"popup-list__headline popup-list__headline-career\">\n\t\t\t\t\t\t\t\t<span class=\"popup-point popup-point--career headline\">Trabalho<\/span>\n\t\t\t\t\t\t\t<\/li>\n\t\t\t\t\t\t\t\t\t\t\t\t\t\t\t\t\t\t\t\t\t\t\t\t<li class=\"popup-list__item popup-list__item-career\">\n\t\t\t\t\t\t\t\t<span class=\"popup-point popup-point--career timespan\">desde 2016<\/span>\n\t\t\t\t\t\t\t\t<span class=\"popup-point popup-point--career point\">SHA Scheffler Helbich Architekten GmbH<\/span>\n\t\t\t\t\t\t\t<\/li>\n\t\t\t\t\t\t\t\t\t\t\t\t\t\t\t\t\t\t\t\t\t\t\t\t<li class=\"popup-list__headline popup-list__headline-career\">\n\t\t\t\t\t\t\t\t<span class=\"popup-point popup-point--career headline\">Estudo e forma\u00e7\u00e3o<\/span>\n\t\t\t\t\t\t\t<\/li>\n\t\t\t\t\t\t\t\t\t\t\t\t\t\t\t\t\t\t\t\t\t\t\t\t<li class=\"popup-list__item popup-list__item-career\">\n\t\t\t\t\t\t\t\t<span class=\"popup-point popup-point--career timespan\">2011 - 2016<\/span>\n\t\t\t\t\t\t\t\t<span class=\"popup-point popup-point--career point\">Estudou arquitetura na Universidade de Ci\u00eancias Aplicadas e Artes de Dortmund<\/span>\n\t\t\t\t\t\t\t<\/li>\n\t\t\t\t\t\t\t\t\t\t\t\t\t\t\t\t\t\t<\/ul>\n\t\t<\/div>\n\t\t\t<\/div>\n<\/div>\n\n\t\t\t\t\t\t\t\n\t\t\t\t\t\t\t\t\t\t\t\t\t\t\n\t\t\t\t\t\t\t\t\t\t\t\t\t<div class=\"flex_column av_one_third bg-alternate teamgrid-column  column-top-margin\">\n\t\t\t\t\t\t\t\t<article id=\"\" class=\"card-entry person-entry   text-align-left     has-button \">\n\t<div class=\"card-entry__inner\">\n\t\t\n\t<div class=\"card-entry__media media-type-\">\n\t\t<div class=\"card-entry__media-inner\">\n\t\t\t\t\t\t\t<div class=\"card-entry__action\">\n\t<div class=\"card-entry__action-inner\">\n\t\t<div class=\"card-entry__button-wrap avia-button-wrap avia-button-right theme-fill\">\n\t\t\t\t\t\t\t<a class=\"card-entry__button avia-button avia-button color-ci-black hover-yellow avia-size-small popup-toggle avia-position-right no-scroll\" href=\"#team-popup-37179\">\n\t\t\t\t\t<span class=\"button-icon\"><i class=\"icon-arrow_next\"><\/i><\/span><span class=\"button-text\">Saiba mais<\/span>\n\t\t\t\t<\/a>\n\t\t\t\t\t<\/div>\n\t<\/div>\n<\/div>\n\t\t\t\t\t\t\t\t\t\t\t\t\t\t\t<img decoding=\"async\" src=\"https:\/\/sha-luzern.ch\/wp-content\/uploads\/Lauer-706x313-1-706x313.jpg\" \/>\n\t\t\t\t\t\t\t\t\t<\/div>\n\t<\/div>\n\n\t<div class=\"card_entry__content-wrap\">\n\t\t\t\t\t<div class=\"card-entry__heading\">\n\t<div class=\"card-entry__heading-inner\">\n\n\n\t\t\t\n\t\t\t\t\t\t\t<span class=\"card-entry__subheadline card-entry__title person-job \">\n\t\t\t\t\tArquiteto, Master of Science\n\t\t\t\t<\/span>\n\t\t\t\n\t\t\t\n\t\t\t\t\t\t\t<h3 class=\"card-entry__headline person-name \">\n\t\t\t\t\t<span class=\"name-first\">Katharina  <\/span><span class=\"name-last\">Lauer<\/span>\n\t\t\t\t<\/h3>\n\t\t\t\n\t\t\t\t\t\t\t<span class=\"card-entry__subheadline person-job \">\n\t\t\t\t\tArquiteto do projeto\n\t\t\t\t<\/span>\n\t\t\t\n\t\t\n\t<\/div>\n<\/div>\n\t\t\t\t\t\t\t\t<div class=\"card-entry__content content-type-default\">\n\t\t<div class=\"card-entry__content-inner\">\n\t\t\t<p class=\"card-entry__contents\">\n\t\t\t\t\t\t\t\t\t\t\t\t\t\t\t\t\t\t\t\t\t\t<span class=\"content-phone\"><span class=\"contact-pre\">T<\/span> <a href=\"tel:+4923144202037\">+49 (231) 44 20 20 37<\/a><\/span>\n\t\t\t\t\t\t\t\t\t\t\t\t\t\t\t\t\t\t\t\t\t\t\t\t<span class=\"content-mail\"><br\/><span class=\"contact-pre\">E<\/span>  <a href=\"javascript:secureDecryptAndNavigate('h\/\/yIzCVd72OTlx6GzrkwTbruVBJtpM0TflpvGn9uz7qwisatd\/AEAXKKMni2uDh8jAjVIAj+el\/Jed0XbGKNIGIKDa+', '7fb6b0a631c756e2798c0419dd401ac6392a180022e45865affe1bd81a905598')\">k.lauer@sha.de<\/a><\/span>\n\t\t\t\t\t\t\t\t\t\t\t\t\t\t\t\t\t\t<\/p>\n\t\t<\/div>\n\t<\/div>\n\t\t\t<\/div>\n\n\t<\/div>\n<\/article>\n\t\t\t\t\t\t\t<\/div>\n\t\t\t\t\t\t\t<div id=\"team-popup-37179\" class=\"popup person-popup  person-popup-small popup-wrap bg-alternate fullwidth p-default mfp-hide\">\n\t<div class=\"popup-column popup-column-person card-entry person-entry bg-main flex_column  av_one_half first\">\n\t\t<article id=\"\" class=\"   text-align-     \">\n\t<div class=\"card-entry__inner\">\n\t\t\n\t<div class=\"card-entry__media media-type-\">\n\t\t<div class=\"card-entry__media-inner\">\n\t\t\t\t\t\t\t<img decoding=\"async\" src=\"https:\/\/sha-luzern.ch\/wp-content\/uploads\/Lauer-706x313-1-706x313.jpg\" \/>\n\t\t\t\t\t<\/div>\n\t<\/div>\n\n\t<div class=\"card_entry__content-wrap\">\n\t\t\t\t\t<div class=\"card-entry__heading\">\n\t<div class=\"card-entry__heading-inner\">\n\n\n\t\t\t\n\t\t\t\t\t\t\t<span class=\"card-entry__subheadline card-entry__title person-job \">\n\t\t\t\t\tArquiteto, Master of Science\n\t\t\t\t<\/span>\n\t\t\t\n\t\t\t\n\t\t\t\t\t\t\t<h3 class=\"card-entry__headline person-name \">\n\t\t\t\t\t<span class=\"name-first\">Katharina  <\/span><span class=\"name-last\">Lauer<\/span>\n\t\t\t\t<\/h3>\n\t\t\t\n\t\t\t\t\t\t\t<span class=\"card-entry__subheadline person-job \">\n\t\t\t\t\tArquiteto do projeto\n\t\t\t\t<\/span>\n\t\t\t\n\t\t\n\t<\/div>\n<\/div>\n\t\t\n\n\t\t\t\t\t<div class=\"card-entry__content content-type-default\">\n\t\t\t\t<div class=\"card-entry__content-inner\">\n\t\t\t\t\t<h3 class=\"popup-headline\">Foco na SHA<\/h3>\n\t\t\t\t\t<p class=\"card-entry__contents desc\">\n\t\t\t\t\t\tKatharina Lauer juntou-se \u00e0 nossa equipa em 2021 como arquiteta de projectos.\n\t\t\t\t\t<\/p>\n\t\t\t\t<\/div>\n\t\t\t<\/div>\n\t\t\n\t<\/div>\n\n\t<\/div>\n<\/article>\n\t<\/div>\n\n\t<div class=\"popup-columns-wrap flex_column  av_one_half\">\n\t\t<div class=\"popup-column popup-column-career flex_column  av_one_full first bg-alternate\">\n\t\t\t<h2 class=\"popup-headline\">Carreira<\/h2>\n\t\t\t<ul class=\"popup-list popup-list-career\">\n\t\t\t\t\t\t\t\t\t\t\t\t\t\t\t\t\t\t\t\t\t\t<li class=\"popup-list__headline popup-list__headline-career\">\n\t\t\t\t\t\t\t\t<span class=\"popup-point popup-point--career headline\">Trabalho<\/span>\n\t\t\t\t\t\t\t<\/li>\n\t\t\t\t\t\t\t\t\t\t\t\t\t\t\t\t\t\t\t\t\t\t\t\t<li class=\"popup-list__item popup-list__item-career\">\n\t\t\t\t\t\t\t\t<span class=\"popup-point popup-point--career timespan\">desde 2021<\/span>\n\t\t\t\t\t\t\t\t<span class=\"popup-point popup-point--career point\">SHA Scheffler Helbich Architekten GmbH<\/span>\n\t\t\t\t\t\t\t<\/li>\n\t\t\t\t\t\t\t\t\t\t\t\t\t\t\t\t\t\t\t\t\t\t\t\t<li class=\"popup-list__item popup-list__item-career\">\n\t\t\t\t\t\t\t\t<span class=\"popup-point popup-point--career timespan\">2018 - 2021<\/span>\n\t\t\t\t\t\t\t\t<span class=\"popup-point popup-point--career point\">Marcus Patrias Architects BDA, Gestor de projeto<\/span>\n\t\t\t\t\t\t\t<\/li>\n\t\t\t\t\t\t\t\t\t\t\t\t\t\t\t\t\t\t\t\t\t\t\t\t<li class=\"popup-list__item popup-list__item-career\">\n\t\t\t\t\t\t\t\t<span class=\"popup-point popup-point--career timespan\">2014 - 2018<\/span>\n\t\t\t\t\t\t\t\t<span class=\"popup-point popup-point--career point\">Marcus Patrias Architects BDA, assistente de estudantes<\/span>\n\t\t\t\t\t\t\t<\/li>\n\t\t\t\t\t\t\t\t\t\t\t\t\t\t\t\t\t\t\t\t\t\t\t\t<li class=\"popup-list__headline popup-list__headline-career\">\n\t\t\t\t\t\t\t\t<span class=\"popup-point popup-point--career headline\">Estudo e forma\u00e7\u00e3o<\/span>\n\t\t\t\t\t\t\t<\/li>\n\t\t\t\t\t\t\t\t\t\t\t\t\t\t\t\t\t\t\t\t\t\t\t\t<li class=\"popup-list__item popup-list__item-career\">\n\t\t\t\t\t\t\t\t<span class=\"popup-point popup-point--career timespan\">2015 - 2018<\/span>\n\t\t\t\t\t\t\t\t<span class=\"popup-point popup-point--career point\">Universidade TU Dortmund, Arquitetura e Planeamento Urbano, Mestrado em Ci\u00eancias<\/span>\n\t\t\t\t\t\t\t<\/li>\n\t\t\t\t\t\t\t\t\t\t\t\t\t\t\t\t\t\t\t\t\t\t\t\t<li class=\"popup-list__item popup-list__item-career\">\n\t\t\t\t\t\t\t\t<span class=\"popup-point popup-point--career timespan\">2011 - 2015<\/span>\n\t\t\t\t\t\t\t\t<span class=\"popup-point popup-point--career point\">Universidade TU Dortmund, Arquitetura e Planeamento Urbano, Licenciatura<\/span>\n\t\t\t\t\t\t\t<\/li>\n\t\t\t\t\t\t\t\t\t\t\t\t\t\t\t\t\t\t<\/ul>\n\t\t<\/div>\n\t\t\t<\/div>\n<\/div>\n\n\t\t\t\t\t\t\t\n\t\t\t\t\t\t\t\t\t\t\t\t\t\t\n\t\t\t\t\t\t\t\t\t\t\t\t\t<div class=\"flex_column av_one_third bg-alternate teamgrid-column  column-top-margin\">\n\t\t\t\t\t\t\t\t<article id=\"\" class=\"card-entry person-entry   text-align-left     has-button \">\n\t<div class=\"card-entry__inner\">\n\t\t\n\t<div class=\"card-entry__media media-type-\">\n\t\t<div class=\"card-entry__media-inner\">\n\t\t\t\t\t\t\t<div class=\"card-entry__action\">\n\t<div class=\"card-entry__action-inner\">\n\t\t<div class=\"card-entry__button-wrap avia-button-wrap avia-button-right theme-fill\">\n\t\t\t\t\t\t\t<a class=\"card-entry__button avia-button avia-button color-ci-black hover-yellow avia-size-small popup-toggle avia-position-right no-scroll\" href=\"#team-popup-37165\">\n\t\t\t\t\t<span class=\"button-icon\"><i class=\"icon-arrow_next\"><\/i><\/span><span class=\"button-text\">Saiba mais<\/span>\n\t\t\t\t<\/a>\n\t\t\t\t\t<\/div>\n\t<\/div>\n<\/div>\n\t\t\t\t\t\t\t\t\t\t\t\t\t\t\t<img decoding=\"async\" src=\"https:\/\/sha-luzern.ch\/wp-content\/uploads\/web-005-sha-dortmund-verene-meese_1-706x313.jpg\" \/>\n\t\t\t\t\t\t\t\t\t<\/div>\n\t<\/div>\n\n\t<div class=\"card_entry__content-wrap\">\n\t\t\t\t\t<div class=\"card-entry__heading\">\n\t<div class=\"card-entry__heading-inner\">\n\n\n\t\t\t\n\t\t\t\t\t\t\t<span class=\"card-entry__subheadline card-entry__title person-job \">\n\t\t\t\t\tArquiteto, Licenciatura em Ci\u00eancias\n\t\t\t\t<\/span>\n\t\t\t\n\t\t\t\n\t\t\t\t\t\t\t<h3 class=\"card-entry__headline person-name \">\n\t\t\t\t\t<span class=\"name-first\">Verena  <\/span><span class=\"name-last\">Meese<\/span>\n\t\t\t\t<\/h3>\n\t\t\t\n\t\t\t\t\t\t\t<span class=\"card-entry__subheadline person-job \">\n\t\t\t\t\tArquiteto do projeto\n\t\t\t\t<\/span>\n\t\t\t\n\t\t\n\t<\/div>\n<\/div>\n\t\t\t\t\t\t\t\t<div class=\"card-entry__content content-type-default\">\n\t\t<div class=\"card-entry__content-inner\">\n\t\t\t<p class=\"card-entry__contents\">\n\t\t\t\t\t\t\t\t\t\t\t\t\t\t\t\t\t\t\t\t\t\t<span class=\"content-phone\"><span class=\"contact-pre\">T<\/span> <a href=\"tel:+4923144202028\">+49 (231) 44 20 20 28<\/a><\/span>\n\t\t\t\t\t\t\t\t\t\t\t\t\t\t\t\t\t\t\t\t\t\t\t\t<span class=\"content-mail\"><br\/><span class=\"contact-pre\">E<\/span>  <a href=\"javascript:secureDecryptAndNavigate('1fsd1EV8Rjnb2VE1wLPLkIFxNLerDk1+IXzHf33T6AvmGnuMkgQmTBg1Z4oLEk+ysUzEO4\/9vOK3X\/vt+Cpff04Yg0I4', '7fb6b0a631c756e2798c0419dd401ac6392a180022e45865affe1bd81a905598')\">v.meese@sha.de<\/a><\/span>\n\t\t\t\t\t\t\t\t\t\t\t\t\t\t\t\t\t\t<\/p>\n\t\t<\/div>\n\t<\/div>\n\t\t\t<\/div>\n\n\t<\/div>\n<\/article>\n\t\t\t\t\t\t\t<\/div>\n\t\t\t\t\t\t\t<div id=\"team-popup-37165\" class=\"popup person-popup  person-popup-small popup-wrap bg-alternate fullwidth p-default mfp-hide\">\n\t<div class=\"popup-column popup-column-person card-entry person-entry bg-main flex_column  av_one_half first\">\n\t\t<article id=\"\" class=\"   text-align-     \">\n\t<div class=\"card-entry__inner\">\n\t\t\n\t<div class=\"card-entry__media media-type-\">\n\t\t<div class=\"card-entry__media-inner\">\n\t\t\t\t\t\t\t<img decoding=\"async\" src=\"https:\/\/sha-luzern.ch\/wp-content\/uploads\/web-005-sha-dortmund-verene-meese_1-706x313.jpg\" \/>\n\t\t\t\t\t<\/div>\n\t<\/div>\n\n\t<div class=\"card_entry__content-wrap\">\n\t\t\t\t\t<div class=\"card-entry__heading\">\n\t<div class=\"card-entry__heading-inner\">\n\n\n\t\t\t\n\t\t\t\t\t\t\t<span class=\"card-entry__subheadline card-entry__title person-job \">\n\t\t\t\t\tArquiteto, Licenciatura em Ci\u00eancias\n\t\t\t\t<\/span>\n\t\t\t\n\t\t\t\n\t\t\t\t\t\t\t<h3 class=\"card-entry__headline person-name \">\n\t\t\t\t\t<span class=\"name-first\">Verena  <\/span><span class=\"name-last\">Meese<\/span>\n\t\t\t\t<\/h3>\n\t\t\t\n\t\t\t\t\t\t\t<span class=\"card-entry__subheadline person-job \">\n\t\t\t\t\tArquiteto do projeto\n\t\t\t\t<\/span>\n\t\t\t\n\t\t\n\t<\/div>\n<\/div>\n\t\t\n\n\t\t\n\t<\/div>\n\n\t<\/div>\n<\/article>\n\t<\/div>\n\n\t<div class=\"popup-columns-wrap flex_column  av_one_half\">\n\t\t<div class=\"popup-column popup-column-career flex_column  av_one_full first bg-alternate\">\n\t\t\t<h2 class=\"popup-headline\">Carreira<\/h2>\n\t\t\t<ul class=\"popup-list popup-list-career\">\n\t\t\t\t\t\t\t\t\t\t\t\t\t\t\t\t\t\t\t\t\t\t<li class=\"popup-list__headline popup-list__headline-career\">\n\t\t\t\t\t\t\t\t<span class=\"popup-point popup-point--career headline\">Trabalho<\/span>\n\t\t\t\t\t\t\t<\/li>\n\t\t\t\t\t\t\t\t\t\t\t\t\t\t\t\t\t\t\t\t\t\t\t\t<li class=\"popup-list__item popup-list__item-career\">\n\t\t\t\t\t\t\t\t<span class=\"popup-point popup-point--career timespan\">desde 2023<\/span>\n\t\t\t\t\t\t\t\t<span class=\"popup-point popup-point--career point\">SHA Scheffler Helbich Architekten GmbH<\/span>\n\t\t\t\t\t\t\t<\/li>\n\t\t\t\t\t\t\t\t\t\t\t\t\t\t\t\t\t\t\t\t\t\t\t\t<li class=\"popup-list__item popup-list__item-career\">\n\t\t\t\t\t\t\t\t<span class=\"popup-point popup-point--career timespan\">2023<\/span>\n\t\t\t\t\t\t\t\t<span class=\"popup-point popup-point--career point\">P+ Arquitectos, Dortmund<\/span>\n\t\t\t\t\t\t\t<\/li>\n\t\t\t\t\t\t\t\t\t\t\t\t\t\t\t\t\t\t\t\t\t\t\t\t<li class=\"popup-list__item popup-list__item-career\">\n\t\t\t\t\t\t\t\t<span class=\"popup-point popup-point--career timespan\">2017 - 2022<\/span>\n\t\t\t\t\t\t\t\t<span class=\"popup-point popup-point--career point\">Engelhardt Architects, Dortmund<\/span>\n\t\t\t\t\t\t\t<\/li>\n\t\t\t\t\t\t\t\t\t\t\t\t\t\t\t\t\t\t\t\t\t\t\t\t<li class=\"popup-list__headline popup-list__headline-career\">\n\t\t\t\t\t\t\t\t<span class=\"popup-point popup-point--career headline\">Estudo e forma\u00e7\u00e3o<\/span>\n\t\t\t\t\t\t\t<\/li>\n\t\t\t\t\t\t\t\t\t\t\t\t\t\t\t\t\t\t\t\t\t\t\t\t<li class=\"popup-list__item popup-list__item-career\">\n\t\t\t\t\t\t\t\t<span class=\"popup-point popup-point--career timespan\">2011 - 2016<\/span>\n\t\t\t\t\t\t\t\t<span class=\"popup-point popup-point--career point\">Licenciatura em Arquitetura, Universidade de Ci\u00eancias Aplicadas de Bochum<\/span>\n\t\t\t\t\t\t\t<\/li>\n\t\t\t\t\t\t\t\t\t\t\t\t\t\t\t\t\t\t<\/ul>\n\t\t<\/div>\n\t\t\t<\/div>\n<\/div>\n\n\t\t\t\t\t\t\t\n\t\t\t\t\t\t\t\t\t\t\t\t\t\t\n\t\t\t\t\t\t\t\t\t\t\t\t\t<div class=\"flex_column av_one_third bg-alternate teamgrid-column first column-top-margin\">\n\t\t\t\t\t\t\t\t<article id=\"\" class=\"card-entry person-entry   text-align-left     has-button \">\n\t<div class=\"card-entry__inner\">\n\t\t\n\t<div class=\"card-entry__media media-type-\">\n\t\t<div class=\"card-entry__media-inner\">\n\t\t\t\t\t\t\t<div class=\"card-entry__action\">\n\t<div class=\"card-entry__action-inner\">\n\t\t<div class=\"card-entry__button-wrap avia-button-wrap avia-button-right theme-fill\">\n\t\t\t\t\t\t\t<a class=\"card-entry__button avia-button avia-button color-ci-black hover-yellow avia-size-small popup-toggle avia-position-right no-scroll\" href=\"#team-popup-37164\">\n\t\t\t\t\t<span class=\"button-icon\"><i class=\"icon-arrow_next\"><\/i><\/span><span class=\"button-text\">Saiba mais<\/span>\n\t\t\t\t<\/a>\n\t\t\t\t\t<\/div>\n\t<\/div>\n<\/div>\n\t\t\t\t\t\t\t\t\t\t\t\t\t\t\t<img decoding=\"async\" src=\"https:\/\/sha-luzern.ch\/wp-content\/uploads\/706x313-Team-Mogga-706x313.jpg\" \/>\n\t\t\t\t\t\t\t\t\t<\/div>\n\t<\/div>\n\n\t<div class=\"card_entry__content-wrap\">\n\t\t\t\t\t<div class=\"card-entry__heading\">\n\t<div class=\"card-entry__heading-inner\">\n\n\n\t\t\t\n\t\t\t\t\t\t\t<span class=\"card-entry__subheadline card-entry__title person-job \">\n\t\t\t\t\tArquiteto, Master of Science\n\t\t\t\t<\/span>\n\t\t\t\n\t\t\t\n\t\t\t\t\t\t\t<h3 class=\"card-entry__headline person-name \">\n\t\t\t\t\t<span class=\"name-first\">Michael <\/span><span class=\"name-last\">Mogga<\/span>\n\t\t\t\t<\/h3>\n\t\t\t\n\t\t\t\t\t\t\t<span class=\"card-entry__subheadline person-job \">\n\t\t\t\t\tArquiteto do projeto\n\t\t\t\t<\/span>\n\t\t\t\n\t\t\n\t<\/div>\n<\/div>\n\t\t\t\t\t\t\t\t<div class=\"card-entry__content content-type-default\">\n\t\t<div class=\"card-entry__content-inner\">\n\t\t\t<p class=\"card-entry__contents\">\n\t\t\t\t\t\t\t\t\t\t\t\t\t\t\t\t\t\t\t\t\t\t<span class=\"content-phone\"><span class=\"contact-pre\">T<\/span> <a href=\"tel:+4923144202014\">+49 (231) 44 20 20 14<\/a><\/span>\n\t\t\t\t\t\t\t\t\t\t\t\t\t\t\t\t\t\t\t\t\t\t\t\t<span class=\"content-mail\"><br\/><span class=\"contact-pre\">E<\/span>  <a href=\"javascript:secureDecryptAndNavigate('ozMD3BvCRSHqjpCw4EZgfGZlrgg1ftTWgBlRV3ucexo+bUmlJ0jNnwzOQe1nUqHNHhW6OAh6RIR1\/oMwXJNu4DnNsuat', '7fb6b0a631c756e2798c0419dd401ac6392a180022e45865affe1bd81a905598')\">m.mogga@sha.de<\/a><\/span>\n\t\t\t\t\t\t\t\t\t\t\t\t\t\t\t\t\t\t<\/p>\n\t\t<\/div>\n\t<\/div>\n\t\t\t<\/div>\n\n\t<\/div>\n<\/article>\n\t\t\t\t\t\t\t<\/div>\n\t\t\t\t\t\t\t<div id=\"team-popup-37164\" class=\"popup person-popup  person-popup-small popup-wrap bg-alternate fullwidth p-default mfp-hide\">\n\t<div class=\"popup-column popup-column-person card-entry person-entry bg-main flex_column  av_one_half first\">\n\t\t<article id=\"\" class=\"   text-align-     \">\n\t<div class=\"card-entry__inner\">\n\t\t\n\t<div class=\"card-entry__media media-type-\">\n\t\t<div class=\"card-entry__media-inner\">\n\t\t\t\t\t\t\t<img decoding=\"async\" src=\"https:\/\/sha-luzern.ch\/wp-content\/uploads\/706x313-Team-Mogga-706x313.jpg\" \/>\n\t\t\t\t\t<\/div>\n\t<\/div>\n\n\t<div class=\"card_entry__content-wrap\">\n\t\t\t\t\t<div class=\"card-entry__heading\">\n\t<div class=\"card-entry__heading-inner\">\n\n\n\t\t\t\n\t\t\t\t\t\t\t<span class=\"card-entry__subheadline card-entry__title person-job \">\n\t\t\t\t\tArquiteto, Master of Science\n\t\t\t\t<\/span>\n\t\t\t\n\t\t\t\n\t\t\t\t\t\t\t<h3 class=\"card-entry__headline person-name \">\n\t\t\t\t\t<span class=\"name-first\">Michael <\/span><span class=\"name-last\">Mogga<\/span>\n\t\t\t\t<\/h3>\n\t\t\t\n\t\t\t\t\t\t\t<span class=\"card-entry__subheadline person-job \">\n\t\t\t\t\tArquiteto do projeto\n\t\t\t\t<\/span>\n\t\t\t\n\t\t\n\t<\/div>\n<\/div>\n\t\t\n\n\t\t\t\t\t<div class=\"card-entry__content content-type-default\">\n\t\t\t\t<div class=\"card-entry__content-inner\">\n\t\t\t\t\t<h3 class=\"popup-headline\">Foco na SHA<\/h3>\n\t\t\t\t\t<p class=\"card-entry__contents desc\">\n\t\t\t\t\t\tMichael Mogga trabalha na SHA desde 2014.\n\u00c9 especialista em planeamento de implementa\u00e7\u00e3o.\nMais recentemente, foi respons\u00e1vel por um projeto de constru\u00e7\u00e3o residencial em Ottobrunn e pela constru\u00e7\u00e3o de um armaz\u00e9m de um centro de log\u00edstica em Kassel.\nNo escrit\u00f3rio, assegura que todos est\u00e3o sempre actualizados com o ArchiCAD.     \n\t\t\t\t\t<\/p>\n\t\t\t\t<\/div>\n\t\t\t<\/div>\n\t\t\n\t<\/div>\n\n\t<\/div>\n<\/article>\n\t<\/div>\n\n\t<div class=\"popup-columns-wrap flex_column  av_one_half\">\n\t\t<div class=\"popup-column popup-column-career flex_column  av_one_full first bg-alternate\">\n\t\t\t<h2 class=\"popup-headline\">Carreira<\/h2>\n\t\t\t<ul class=\"popup-list popup-list-career\">\n\t\t\t\t\t\t\t\t\t\t\t\t\t\t\t\t\t\t\t\t\t\t<li class=\"popup-list__headline popup-list__headline-career\">\n\t\t\t\t\t\t\t\t<span class=\"popup-point popup-point--career headline\">Trabalho<\/span>\n\t\t\t\t\t\t\t<\/li>\n\t\t\t\t\t\t\t\t\t\t\t\t\t\t\t\t\t\t\t\t\t\t\t\t<li class=\"popup-list__item popup-list__item-career\">\n\t\t\t\t\t\t\t\t<span class=\"popup-point popup-point--career timespan\">desde 2014<\/span>\n\t\t\t\t\t\t\t\t<span class=\"popup-point popup-point--career point\">SHA Scheffler Helbich Architekten GmbH<\/span>\n\t\t\t\t\t\t\t<\/li>\n\t\t\t\t\t\t\t\t\t\t\t\t\t\t\t\t\t\t\t\t\t\t\t\t<li class=\"popup-list__item popup-list__item-career\">\n\t\t\t\t\t\t\t\t<span class=\"popup-point popup-point--career timespan\">2012 - 2014<\/span>\n\t\t\t\t\t\t\t\t<span class=\"popup-point popup-point--career point\">Gerber Arquitectos<\/span>\n\t\t\t\t\t\t\t<\/li>\n\t\t\t\t\t\t\t\t\t\t\t\t\t\t\t\t\t\t\t\t\t\t\t\t<li class=\"popup-list__headline popup-list__headline-career\">\n\t\t\t\t\t\t\t\t<span class=\"popup-point popup-point--career headline\">Estudo e forma\u00e7\u00e3o<\/span>\n\t\t\t\t\t\t\t<\/li>\n\t\t\t\t\t\t\t\t\t\t\t\t\t\t\t\t\t\t\t\t\t\t\t\t<li class=\"popup-list__item popup-list__item-career\">\n\t\t\t\t\t\t\t\t<span class=\"popup-point popup-point--career timespan\">2014<\/span>\n\t\t\t\t\t\t\t\t<span class=\"popup-point popup-point--career point\">Tese de mestrado<\/span>\n\t\t\t\t\t\t\t<\/li>\n\t\t\t\t\t\t\t\t\t\t\t\t\t\t\t\t\t\t\t\t\t\t\t\t<li class=\"popup-list__item popup-list__item-career\">\n\t\t\t\t\t\t\t\t<span class=\"popup-point popup-point--career timespan\">2012 - 2014<\/span>\n\t\t\t\t\t\t\t\t<span class=\"popup-point popup-point--career point\">Mestrado na Universidade de Ci\u00eancias Aplicadas de Bochum, desenvolvimento de projectos<\/span>\n\t\t\t\t\t\t\t<\/li>\n\t\t\t\t\t\t\t\t\t\t\t\t\t\t\t\t\t\t\t\t\t\t\t\t<li class=\"popup-list__item popup-list__item-career\">\n\t\t\t\t\t\t\t\t<span class=\"popup-point popup-point--career timespan\">2012<\/span>\n\t\t\t\t\t\t\t\t<span class=\"popup-point popup-point--career point\">Tese de licenciatura<\/span>\n\t\t\t\t\t\t\t<\/li>\n\t\t\t\t\t\t\t\t\t\t\t\t\t\t\t\t\t\t\t\t\t\t\t\t<li class=\"popup-list__item popup-list__item-career\">\n\t\t\t\t\t\t\t\t<span class=\"popup-point popup-point--career timespan\">2006 - 2012<\/span>\n\t\t\t\t\t\t\t\t<span class=\"popup-point popup-point--career point\">Estudos de licenciatura na Universidade de Siegen, Arquitetura<\/span>\n\t\t\t\t\t\t\t<\/li>\n\t\t\t\t\t\t\t\t\t\t\t\t\t\t\t\t\t\t\t\t\t\t\t\t<li class=\"popup-list__item popup-list__item-career\">\n\t\t\t\t\t\t\t\t<span class=\"popup-point popup-point--career timespan\">2002 <\/span>\n\t\t\t\t\t\t\t\t<span class=\"popup-point popup-point--career point\">Forma\u00e7\u00e3o como assistente de design, com especializa\u00e7\u00e3o em gr\u00e1ficos, Iserlohn<\/span>\n\t\t\t\t\t\t\t<\/li>\n\t\t\t\t\t\t\t\t\t\t\t\t\t\t\t\t\t\t<\/ul>\n\t\t<\/div>\n\t\t\t<\/div>\n<\/div>\n\n\t\t\t\t\t\t\t\n\t\t\t\t\t\t\t\t\t\t\t\t\t\t\n\t\t\t\t\t\t\t\t\t\t\t\t\t<div class=\"flex_column av_one_third bg-alternate teamgrid-column  column-top-margin\">\n\t\t\t\t\t\t\t\t<article id=\"\" class=\"card-entry person-entry   text-align-left     has-button \">\n\t<div class=\"card-entry__inner\">\n\t\t\n\t<div class=\"card-entry__media media-type-\">\n\t\t<div class=\"card-entry__media-inner\">\n\t\t\t\t\t\t\t<div class=\"card-entry__action\">\n\t<div class=\"card-entry__action-inner\">\n\t\t<div class=\"card-entry__button-wrap avia-button-wrap avia-button-right theme-fill\">\n\t\t\t\t\t\t\t<a class=\"card-entry__button avia-button avia-button color-ci-black hover-yellow avia-size-small popup-toggle avia-position-right no-scroll\" href=\"#team-popup-37148\">\n\t\t\t\t\t<span class=\"button-icon\"><i class=\"icon-arrow_next\"><\/i><\/span><span class=\"button-text\">Saiba mais<\/span>\n\t\t\t\t<\/a>\n\t\t\t\t\t<\/div>\n\t<\/div>\n<\/div>\n\t\t\t\t\t\t\t\t\t\t\t\t\t\t\t<img decoding=\"async\" src=\"https:\/\/sha-luzern.ch\/wp-content\/uploads\/706x313-Team-Reimer-706x313.jpg\" \/>\n\t\t\t\t\t\t\t\t\t<\/div>\n\t<\/div>\n\n\t<div class=\"card_entry__content-wrap\">\n\t\t\t\t\t<div class=\"card-entry__heading\">\n\t<div class=\"card-entry__heading-inner\">\n\n\n\t\t\t\n\t\t\t\t\t\t\t<span class=\"card-entry__subheadline card-entry__title person-job \">\n\t\t\t\t\tArquiteto, Licenciatura em Ci\u00eancias\n\t\t\t\t<\/span>\n\t\t\t\n\t\t\t\n\t\t\t\t\t\t\t<h3 class=\"card-entry__headline person-name \">\n\t\t\t\t\t<span class=\"name-first\">Peter <\/span><span class=\"name-last\">Reimer<\/span>\n\t\t\t\t<\/h3>\n\t\t\t\n\t\t\t\t\t\t\t<span class=\"card-entry__subheadline person-job \">\n\t\t\t\t\tPlaneamento\n\t\t\t\t<\/span>\n\t\t\t\n\t\t\n\t<\/div>\n<\/div>\n\t\t\t\t\t\t\t\t<div class=\"card-entry__content content-type-default\">\n\t\t<div class=\"card-entry__content-inner\">\n\t\t\t<p class=\"card-entry__contents\">\n\t\t\t\t\t\t\t\t\t\t\t\t\t\t\t\t\t\t\t\t\t\t<span class=\"content-phone\"><span class=\"contact-pre\">T<\/span> <a href=\"tel:+4923144202038\">+49 (231) 44 20 20 38<\/a><\/span>\n\t\t\t\t\t\t\t\t\t\t\t\t\t\t\t\t\t\t\t\t\t\t\t\t<span class=\"content-mail\"><br\/><span class=\"contact-pre\">E<\/span>  <a href=\"javascript:secureDecryptAndNavigate('v2mYMC6rQdOPZjvHJhpcHDoUtZY2oKHkDpI89zek+bCIFHvfQMydFUnd3BTaM+DtW6LSDTEzzBQvarxLfbH2zSOWapy7Cg==', '7fb6b0a631c756e2798c0419dd401ac6392a180022e45865affe1bd81a905598')\">p.reimer@sha.de<\/a><\/span>\n\t\t\t\t\t\t\t\t\t\t\t\t\t\t\t\t\t\t<\/p>\n\t\t<\/div>\n\t<\/div>\n\t\t\t<\/div>\n\n\t<\/div>\n<\/article>\n\t\t\t\t\t\t\t<\/div>\n\t\t\t\t\t\t\t<div id=\"team-popup-37148\" class=\"popup person-popup  person-popup-small popup-wrap bg-alternate fullwidth p-default mfp-hide\">\n\t<div class=\"popup-column popup-column-person card-entry person-entry bg-main flex_column  av_one_half first\">\n\t\t<article id=\"\" class=\"   text-align-     \">\n\t<div class=\"card-entry__inner\">\n\t\t\n\t<div class=\"card-entry__media media-type-\">\n\t\t<div class=\"card-entry__media-inner\">\n\t\t\t\t\t\t\t<img decoding=\"async\" src=\"https:\/\/sha-luzern.ch\/wp-content\/uploads\/706x313-Team-Reimer-706x313.jpg\" \/>\n\t\t\t\t\t<\/div>\n\t<\/div>\n\n\t<div class=\"card_entry__content-wrap\">\n\t\t\t\t\t<div class=\"card-entry__heading\">\n\t<div class=\"card-entry__heading-inner\">\n\n\n\t\t\t\n\t\t\t\t\t\t\t<span class=\"card-entry__subheadline card-entry__title person-job \">\n\t\t\t\t\tArquiteto, Licenciatura em Ci\u00eancias\n\t\t\t\t<\/span>\n\t\t\t\n\t\t\t\n\t\t\t\t\t\t\t<h3 class=\"card-entry__headline person-name \">\n\t\t\t\t\t<span class=\"name-first\">Peter <\/span><span class=\"name-last\">Reimer<\/span>\n\t\t\t\t<\/h3>\n\t\t\t\n\t\t\t\t\t\t\t<span class=\"card-entry__subheadline person-job \">\n\t\t\t\t\tPlaneamento\n\t\t\t\t<\/span>\n\t\t\t\n\t\t\n\t<\/div>\n<\/div>\n\t\t\n\n\t\t\t\t\t<div class=\"card-entry__content content-type-default\">\n\t\t\t\t<div class=\"card-entry__content-inner\">\n\t\t\t\t\t<h3 class=\"popup-headline\">Foco na SHA<\/h3>\n\t\t\t\t\t<p class=\"card-entry__contents desc\">\n\t\t\t\t\t\tPeter Reimer faz parte da equipa da SHA desde 2018.\nInicialmente juntou-se a n\u00f3s para o seu semestre pr\u00e1tico e depois apoiou-nos como estudante trabalhador.\nDepois de concluir os seus estudos, come\u00e7ou finalmente a trabalhar na equipa de planeamento.\n\u00c9 o principal respons\u00e1vel pelos planos de conce\u00e7\u00e3o e execu\u00e7\u00e3o.   \n\t\t\t\t\t<\/p>\n\t\t\t\t<\/div>\n\t\t\t<\/div>\n\t\t\n\t<\/div>\n\n\t<\/div>\n<\/article>\n\t<\/div>\n\n\t<div class=\"popup-columns-wrap flex_column  av_one_half\">\n\t\t<div class=\"popup-column popup-column-career flex_column  av_one_full first bg-alternate\">\n\t\t\t<h2 class=\"popup-headline\">Carreira<\/h2>\n\t\t\t<ul class=\"popup-list popup-list-career\">\n\t\t\t\t\t\t\t\t\t\t\t\t\t\t\t\t\t\t\t\t\t\t<li class=\"popup-list__headline popup-list__headline-career\">\n\t\t\t\t\t\t\t\t<span class=\"popup-point popup-point--career headline\">Trabalho<\/span>\n\t\t\t\t\t\t\t<\/li>\n\t\t\t\t\t\t\t\t\t\t\t\t\t\t\t\t\t\t\t\t\t\t\t\t<li class=\"popup-list__item popup-list__item-career\">\n\t\t\t\t\t\t\t\t<span class=\"popup-point popup-point--career timespan\">desde 2018  <\/span>\n\t\t\t\t\t\t\t\t<span class=\"popup-point popup-point--career point\">SHA Scheffler Helbich Architekten GmbH<\/span>\n\t\t\t\t\t\t\t<\/li>\n\t\t\t\t\t\t\t\t\t\t\t\t\t\t\t\t\t\t\t\t\t\t\t\t<li class=\"popup-list__headline popup-list__headline-career\">\n\t\t\t\t\t\t\t\t<span class=\"popup-point popup-point--career headline\">Estudo e forma\u00e7\u00e3o<\/span>\n\t\t\t\t\t\t\t<\/li>\n\t\t\t\t\t\t\t\t\t\t\t\t\t\t\t\t\t\t\t\t\t\t\t\t<li class=\"popup-list__item popup-list__item-career\">\n\t\t\t\t\t\t\t\t<span class=\"popup-point popup-point--career timespan\">2016 - 2021<\/span>\n\t\t\t\t\t\t\t\t<span class=\"popup-point popup-point--career point\">Estudo de arquitetura, FH Dortmund  <\/span>\n\t\t\t\t\t\t\t<\/li>\n\t\t\t\t\t\t\t\t\t\t\t\t\t\t\t\t\t\t\t\t\t\t\t\t<li class=\"popup-list__item popup-list__item-career\">\n\t\t\t\t\t\t\t\t<span class=\"popup-point popup-point--career timespan\">2013 - 2016<\/span>\n\t\t\t\t\t\t\t\t<span class=\"popup-point popup-point--career point\">Aprendizagem como desenhador, Hallenbau Timmermann GmbH, Kamen<\/span>\n\t\t\t\t\t\t\t<\/li>\n\t\t\t\t\t\t\t\t\t\t\t\t\t\t\t\t\t\t<\/ul>\n\t\t<\/div>\n\t\t\t<\/div>\n<\/div>\n\n\t\t\t\t\t\t\t\n\t\t\t\t\t\t\t\t\t\t\t\t\t\t\n\t\t\t\t\t\t\t\t\t\t\t\t\t<div class=\"flex_column av_one_third bg-alternate teamgrid-column  column-top-margin\">\n\t\t\t\t\t\t\t\t<article id=\"\" class=\"card-entry person-entry   text-align-left     has-button \">\n\t<div class=\"card-entry__inner\">\n\t\t\n\t<div class=\"card-entry__media media-type-\">\n\t\t<div class=\"card-entry__media-inner\">\n\t\t\t\t\t\t\t<div class=\"card-entry__action\">\n\t<div class=\"card-entry__action-inner\">\n\t\t<div class=\"card-entry__button-wrap avia-button-wrap avia-button-right theme-fill\">\n\t\t\t\t\t\t\t<a class=\"card-entry__button avia-button avia-button color-ci-black hover-yellow avia-size-small popup-toggle avia-position-right no-scroll\" href=\"#team-popup-37297\">\n\t\t\t\t\t<span class=\"button-icon\"><i class=\"icon-arrow_next\"><\/i><\/span><span class=\"button-text\">Saiba mais<\/span>\n\t\t\t\t<\/a>\n\t\t\t\t\t<\/div>\n\t<\/div>\n<\/div>\n\t\t\t\t\t\t\t\t\t\t\t\t\t\t\t<img decoding=\"async\" src=\"https:\/\/sha-luzern.ch\/wp-content\/uploads\/706x313-Team-Schlegel-706x313.jpg\" \/>\n\t\t\t\t\t\t\t\t\t<\/div>\n\t<\/div>\n\n\t<div class=\"card_entry__content-wrap\">\n\t\t\t\t\t<div class=\"card-entry__heading\">\n\t<div class=\"card-entry__heading-inner\">\n\n\n\t\t\t\n\t\t\t\t\t\t\t<span class=\"card-entry__subheadline card-entry__title person-job \">\n\t\t\t\t\tDipl.-Ing. Arquiteto\n\t\t\t\t<\/span>\n\t\t\t\n\t\t\t\n\t\t\t\t\t\t\t<h3 class=\"card-entry__headline person-name \">\n\t\t\t\t\t<span class=\"name-first\">Marcel <\/span><span class=\"name-last\">Schlegel<\/span>\n\t\t\t\t<\/h3>\n\t\t\t\n\t\t\t\t\t\t\t<span class=\"card-entry__subheadline person-job \">\n\t\t\t\t\tArquiteto do projeto\n\t\t\t\t<\/span>\n\t\t\t\n\t\t\n\t<\/div>\n<\/div>\n\t\t\t\t\t\t\t\t<div class=\"card-entry__content content-type-default\">\n\t\t<div class=\"card-entry__content-inner\">\n\t\t\t<p class=\"card-entry__contents\">\n\t\t\t\t\t\t\t\t\t\t\t\t\t\t\t\t\t\t\t\t\t\t<span class=\"content-phone\"><span class=\"contact-pre\">T<\/span> <a href=\"tel:+4923144202027\">+49 (231) 44 20 20 27<\/a><\/span>\n\t\t\t\t\t\t\t\t\t\t\t\t\t\t\t\t\t\t\t\t\t\t\t\t<span class=\"content-mail\"><br\/><span class=\"contact-pre\">E<\/span>  <a href=\"javascript:secureDecryptAndNavigate('cFeZmWNF1Gg1\/IvSH5Q8voIgGK8M+h3opy0TGaisg8PzsRZAO7X4hBFw9640R+gupl0f\/1M9tt8\/wvUBMlkPoCEhqEAMYALG', '7fb6b0a631c756e2798c0419dd401ac6392a180022e45865affe1bd81a905598')\">m.schlegel@sha.de<\/a><\/span>\n\t\t\t\t\t\t\t\t\t\t\t\t\t\t\t\t\t\t<\/p>\n\t\t<\/div>\n\t<\/div>\n\t\t\t<\/div>\n\n\t<\/div>\n<\/article>\n\t\t\t\t\t\t\t<\/div>\n\t\t\t\t\t\t\t<div id=\"team-popup-37297\" class=\"popup person-popup  person-popup-small popup-wrap bg-alternate fullwidth p-default mfp-hide\">\n\t<div class=\"popup-column popup-column-person card-entry person-entry bg-main flex_column  av_one_half first\">\n\t\t<article id=\"\" class=\"   text-align-     \">\n\t<div class=\"card-entry__inner\">\n\t\t\n\t<div class=\"card-entry__media media-type-\">\n\t\t<div class=\"card-entry__media-inner\">\n\t\t\t\t\t\t\t<img decoding=\"async\" src=\"https:\/\/sha-luzern.ch\/wp-content\/uploads\/706x313-Team-Schlegel-706x313.jpg\" \/>\n\t\t\t\t\t<\/div>\n\t<\/div>\n\n\t<div class=\"card_entry__content-wrap\">\n\t\t\t\t\t<div class=\"card-entry__heading\">\n\t<div class=\"card-entry__heading-inner\">\n\n\n\t\t\t\n\t\t\t\t\t\t\t<span class=\"card-entry__subheadline card-entry__title person-job \">\n\t\t\t\t\tDipl.-Ing. Arquiteto\n\t\t\t\t<\/span>\n\t\t\t\n\t\t\t\n\t\t\t\t\t\t\t<h3 class=\"card-entry__headline person-name \">\n\t\t\t\t\t<span class=\"name-first\">Marcel <\/span><span class=\"name-last\">Schlegel<\/span>\n\t\t\t\t<\/h3>\n\t\t\t\n\t\t\t\t\t\t\t<span class=\"card-entry__subheadline person-job \">\n\t\t\t\t\tArquiteto do projeto\n\t\t\t\t<\/span>\n\t\t\t\n\t\t\n\t<\/div>\n<\/div>\n\t\t\n\n\t\t\t\t\t<div class=\"card-entry__content content-type-default\">\n\t\t\t\t<div class=\"card-entry__content-inner\">\n\t\t\t\t\t<h3 class=\"popup-headline\">Foco na SHA<\/h3>\n\t\t\t\t\t<p class=\"card-entry__contents desc\">\n\t\t\t\t\t\tMarcel Schlegel \u00e9 um especialista reconhecido na constru\u00e7\u00e3o de instala\u00e7\u00f5es desportivas e nos grandes centros de treino que a SHA realizou. Trabalha no nosso escrit\u00f3rio desde os tempos de estudante. \n\t\t\t\t\t<\/p>\n\t\t\t\t<\/div>\n\t\t\t<\/div>\n\t\t\n\t<\/div>\n\n\t<\/div>\n<\/article>\n\t<\/div>\n\n\t<div class=\"popup-columns-wrap flex_column  av_one_half\">\n\t\t<div class=\"popup-column popup-column-career flex_column  av_one_full first bg-alternate\">\n\t\t\t<h2 class=\"popup-headline\">Carreira<\/h2>\n\t\t\t<ul class=\"popup-list popup-list-career\">\n\t\t\t\t\t\t\t\t\t\t\t\t\t\t\t\t\t\t\t\t\t\t<li class=\"popup-list__headline popup-list__headline-career\">\n\t\t\t\t\t\t\t\t<span class=\"popup-point popup-point--career headline\">Trabalho<\/span>\n\t\t\t\t\t\t\t<\/li>\n\t\t\t\t\t\t\t\t\t\t\t\t\t\t\t\t\t\t\t\t\t\t\t\t<li class=\"popup-list__item popup-list__item-career\">\n\t\t\t\t\t\t\t\t<span class=\"popup-point popup-point--career timespan\">desde 2012<\/span>\n\t\t\t\t\t\t\t\t<span class=\"popup-point popup-point--career point\">SHA Scheffler Helbich Architekten GmbH<\/span>\n\t\t\t\t\t\t\t<\/li>\n\t\t\t\t\t\t\t\t\t\t\t\t\t\t\t\t\t\t\t\t\t\t\t\t<li class=\"popup-list__item popup-list__item-career\">\n\t\t\t\t\t\t\t\t<span class=\"popup-point popup-point--career timespan\">2010 - 2012<\/span>\n\t\t\t\t\t\t\t\t<span class=\"popup-point popup-point--career point\">colabora\u00e7\u00e3o estudantil no escrit\u00f3rio SHA Scheffler Helbich Architekten GmbH<\/span>\n\t\t\t\t\t\t\t<\/li>\n\t\t\t\t\t\t\t\t\t\t\t\t\t\t\t\t\t\t\t\t\t\t\t\t<li class=\"popup-list__item popup-list__item-career\">\n\t\t\t\t\t\t\t\t<span class=\"popup-point popup-point--career timespan\">2008 - 2010<\/span>\n\t\t\t\t\t\t\t\t<span class=\"popup-point popup-point--career point\">Assistente de estudantes no gabinete Kussel e Schlegel, Dortmund<\/span>\n\t\t\t\t\t\t\t<\/li>\n\t\t\t\t\t\t\t\t\t\t\t\t\t\t\t\t\t\t\t\t\t\t\t\t<li class=\"popup-list__headline popup-list__headline-career\">\n\t\t\t\t\t\t\t\t<span class=\"popup-point popup-point--career headline\">Estudo e forma\u00e7\u00e3o<\/span>\n\t\t\t\t\t\t\t<\/li>\n\t\t\t\t\t\t\t\t\t\t\t\t\t\t\t\t\t\t\t\t\t\t\t\t<li class=\"popup-list__item popup-list__item-career\">\n\t\t\t\t\t\t\t\t<span class=\"popup-point popup-point--career timespan\">2006 - 2012<\/span>\n\t\t\t\t\t\t\t\t<span class=\"popup-point popup-point--career point\">Estudou arquitetura na Universidade de Ci\u00eancias Aplicadas e Artes de Dortmund<\/span>\n\t\t\t\t\t\t\t<\/li>\n\t\t\t\t\t\t\t\t\t\t\t\t\t\t\t\t\t\t\t\t\t\t\t\t<li class=\"popup-list__item popup-list__item-career\">\n\t\t\t\t\t\t\t\t<span class=\"popup-point popup-point--career timespan\">2002 - 2005<\/span>\n\t\t\t\t\t\t\t\t<span class=\"popup-point popup-point--career point\">Forma\u00e7\u00e3o de desenhador<\/span>\n\t\t\t\t\t\t\t<\/li>\n\t\t\t\t\t\t\t\t\t\t\t\t\t\t\t\t\t\t<\/ul>\n\t\t<\/div>\n\t\t\t<\/div>\n<\/div>\n\n\t\t\t\t\t\t\t\n\t\t\t\t\t\t\t\t\t\t\t\t\t\t\n\t\t\t\t\t\t\t\t\t\t\t\t\t<div class=\"flex_column av_one_third bg-alternate teamgrid-column first column-top-margin\">\n\t\t\t\t\t\t\t\t<article id=\"\" class=\"card-entry person-entry   text-align-left     has-button \">\n\t<div class=\"card-entry__inner\">\n\t\t\n\t<div class=\"card-entry__media media-type-\">\n\t\t<div class=\"card-entry__media-inner\">\n\t\t\t\t\t\t\t<div class=\"card-entry__action\">\n\t<div class=\"card-entry__action-inner\">\n\t\t<div class=\"card-entry__button-wrap avia-button-wrap avia-button-right theme-fill\">\n\t\t\t\t\t\t\t<a class=\"card-entry__button avia-button avia-button color-ci-black hover-yellow avia-size-small popup-toggle avia-position-right no-scroll\" href=\"#team-popup-37194\">\n\t\t\t\t\t<span class=\"button-icon\"><i class=\"icon-arrow_next\"><\/i><\/span><span class=\"button-text\">Saiba mais<\/span>\n\t\t\t\t<\/a>\n\t\t\t\t\t<\/div>\n\t<\/div>\n<\/div>\n\t\t\t\t\t\t\t\t\t\t\t\t\t\t\t<img decoding=\"async\" src=\"https:\/\/sha-luzern.ch\/wp-content\/uploads\/Janthivanont1-706x313-1-706x313.jpg\" \/>\n\t\t\t\t\t\t\t\t\t<\/div>\n\t<\/div>\n\n\t<div class=\"card_entry__content-wrap\">\n\t\t\t\t\t<div class=\"card-entry__heading\">\n\t<div class=\"card-entry__heading-inner\">\n\n\n\t\t\t\n\t\t\t\t\t\t\t<span class=\"card-entry__subheadline card-entry__title person-job \">\n\t\t\t\t\tMestrado em Ci\u00eancias\n\t\t\t\t<\/span>\n\t\t\t\n\t\t\t\n\t\t\t\t\t\t\t<h3 class=\"card-entry__headline person-name \">\n\t\t\t\t\t<span class=\"name-first\">Chanadda <\/span><span class=\"name-last\">Janthivanont <\/span>\n\t\t\t\t<\/h3>\n\t\t\t\n\t\t\t\t\t\t\t<span class=\"card-entry__subheadline person-job \">\n\t\t\t\t\tPlaneamento\n\t\t\t\t<\/span>\n\t\t\t\n\t\t\n\t<\/div>\n<\/div>\n\t\t\t\t\t\t\t\t<div class=\"card-entry__content content-type-default\">\n\t\t<div class=\"card-entry__content-inner\">\n\t\t\t<p class=\"card-entry__contents\">\n\t\t\t\t\t\t\t\t\t\t\t\t\t\t\t\t\t\t\t\t\t\t<span class=\"content-phone\"><span class=\"contact-pre\">T<\/span> <a href=\"tel:+4930233275754\">+49 (30) 23 32 757 54<\/a><\/span>\n\t\t\t\t\t\t\t\t\t\t\t\t\t\t\t\t\t\t\t\t\t\t\t\t<span class=\"content-mail\"><br\/><span class=\"contact-pre\">E<\/span>  <a href=\"javascript:secureDecryptAndNavigate('0SI\/z3VhZRWaZaEAHvQUAyxJAAlPTaVrfgHXs5RFrOQLcRQvYq5zSa24IeswQQnXA8FBbbIwCxHj2ggIBa0oB7xYdkb37lOTvycmCg==', '7fb6b0a631c756e2798c0419dd401ac6392a180022e45865affe1bd81a905598')\">c.janthivanont@sha.de<\/a><\/span>\n\t\t\t\t\t\t\t\t\t\t\t\t\t\t\t\t\t\t<\/p>\n\t\t<\/div>\n\t<\/div>\n\t\t\t<\/div>\n\n\t<\/div>\n<\/article>\n\t\t\t\t\t\t\t<\/div>\n\t\t\t\t\t\t\t<div id=\"team-popup-37194\" class=\"popup person-popup  person-popup-small popup-wrap bg-alternate fullwidth p-default mfp-hide\">\n\t<div class=\"popup-column popup-column-person card-entry person-entry bg-main flex_column  av_one_half first\">\n\t\t<article id=\"\" class=\"   text-align-     \">\n\t<div class=\"card-entry__inner\">\n\t\t\n\t<div class=\"card-entry__media media-type-\">\n\t\t<div class=\"card-entry__media-inner\">\n\t\t\t\t\t\t\t<img decoding=\"async\" src=\"https:\/\/sha-luzern.ch\/wp-content\/uploads\/Janthivanont1-706x313-1-706x313.jpg\" \/>\n\t\t\t\t\t<\/div>\n\t<\/div>\n\n\t<div class=\"card_entry__content-wrap\">\n\t\t\t\t\t<div class=\"card-entry__heading\">\n\t<div class=\"card-entry__heading-inner\">\n\n\n\t\t\t\n\t\t\t\t\t\t\t<span class=\"card-entry__subheadline card-entry__title person-job \">\n\t\t\t\t\tMestrado em Ci\u00eancias\n\t\t\t\t<\/span>\n\t\t\t\n\t\t\t\n\t\t\t\t\t\t\t<h3 class=\"card-entry__headline person-name \">\n\t\t\t\t\t<span class=\"name-first\">Chanadda <\/span><span class=\"name-last\">Janthivanont <\/span>\n\t\t\t\t<\/h3>\n\t\t\t\n\t\t\t\t\t\t\t<span class=\"card-entry__subheadline person-job \">\n\t\t\t\t\tPlaneamento\n\t\t\t\t<\/span>\n\t\t\t\n\t\t\n\t<\/div>\n<\/div>\n\t\t\n\n\t\t\t\t\t<div class=\"card-entry__content content-type-default\">\n\t\t\t\t<div class=\"card-entry__content-inner\">\n\t\t\t\t\t<h3 class=\"popup-headline\">Foco na SHA<\/h3>\n\t\t\t\t\t<p class=\"card-entry__contents desc\">\n\t\t\t\t\t\tChanadda Janthivanont tem vindo a apoiar a nossa equipa SHA em Berlim desde 2022.\nAtualmente, trabalha com a equipa no planeamento detalhado e de execu\u00e7\u00e3o de um edif\u00edcio administrativo.\nOs seus pontos fortes incluem tamb\u00e9m o desenvolvimento de conceitos e estudos de viabilidade.    \n\t\t\t\t\t<\/p>\n\t\t\t\t<\/div>\n\t\t\t<\/div>\n\t\t\n\t<\/div>\n\n\t<\/div>\n<\/article>\n\t<\/div>\n\n\t<div class=\"popup-columns-wrap flex_column  av_one_half\">\n\t\t<div class=\"popup-column popup-column-career flex_column  av_one_full first bg-alternate\">\n\t\t\t<h2 class=\"popup-headline\">Carreira<\/h2>\n\t\t\t<ul class=\"popup-list popup-list-career\">\n\t\t\t\t\t\t\t\t\t\t\t\t\t\t\t\t\t\t\t\t\t\t<li class=\"popup-list__headline popup-list__headline-career\">\n\t\t\t\t\t\t\t\t<span class=\"popup-point popup-point--career headline\">Trabalho<\/span>\n\t\t\t\t\t\t\t<\/li>\n\t\t\t\t\t\t\t\t\t\t\t\t\t\t\t\t\t\t\t\t\t\t\t\t<li class=\"popup-list__item popup-list__item-career\">\n\t\t\t\t\t\t\t\t<span class=\"popup-point popup-point--career timespan\">desde 2022<\/span>\n\t\t\t\t\t\t\t\t<span class=\"popup-point popup-point--career point\">SHA Scheffler Helbich Architekten GmbH, Berlim<\/span>\n\t\t\t\t\t\t\t<\/li>\n\t\t\t\t\t\t\t\t\t\t\t\t\t\t\t\t\t\t\t\t\t\t\t\t<li class=\"popup-list__item popup-list__item-career\">\n\t\t\t\t\t\t\t\t<span class=\"popup-point popup-point--career timespan\">2021-2022<\/span>\n\t\t\t\t\t\t\t\t<span class=\"popup-point popup-point--career point\">Nauerschnig Architects, Berlim<\/span>\n\t\t\t\t\t\t\t<\/li>\n\t\t\t\t\t\t\t\t\t\t\t\t\t\t\t\t\t\t\t\t\t\t\t\t<li class=\"popup-list__item popup-list__item-career\">\n\t\t\t\t\t\t\t\t<span class=\"popup-point popup-point--career timespan\">2017-2018<\/span>\n\t\t\t\t\t\t\t\t<span class=\"popup-point popup-point--career point\">Arquiteto independente, Banguecoque<\/span>\n\t\t\t\t\t\t\t<\/li>\n\t\t\t\t\t\t\t\t\t\t\t\t\t\t\t\t\t\t\t\t\t\t\t\t<li class=\"popup-list__item popup-list__item-career\">\n\t\t\t\t\t\t\t\t<span class=\"popup-point popup-point--career timespan\">2014-2017<\/span>\n\t\t\t\t\t\t\t\t<span class=\"popup-point popup-point--career point\">Create Great Design Company Ltd, Banguecoque<\/span>\n\t\t\t\t\t\t\t<\/li>\n\t\t\t\t\t\t\t\t\t\t\t\t\t\t\t\t\t\t\t\t\t\t\t\t<li class=\"popup-list__headline popup-list__headline-career\">\n\t\t\t\t\t\t\t\t<span class=\"popup-point popup-point--career headline\">Estudo e forma\u00e7\u00e3o<\/span>\n\t\t\t\t\t\t\t<\/li>\n\t\t\t\t\t\t\t\t\t\t\t\t\t\t\t\t\t\t\t\t\t\t\t\t<li class=\"popup-list__item popup-list__item-career\">\n\t\t\t\t\t\t\t\t<span class=\"popup-point popup-point--career timespan\">2018-2021<\/span>\n\t\t\t\t\t\t\t\t<span class=\"popup-point popup-point--career point\">Mestrado em Arquitetura dos Media, Universidade Bauhaus, Weimar  <\/span>\n\t\t\t\t\t\t\t<\/li>\n\t\t\t\t\t\t\t\t\t\t\t\t\t\t\t\t\t\t\t\t\t\t\t\t<li class=\"popup-list__item popup-list__item-career\">\n\t\t\t\t\t\t\t\t<span class=\"popup-point popup-point--career timespan\">2010-2014<\/span>\n\t\t\t\t\t\t\t\t<span class=\"popup-point popup-point--career point\">Licenciatura em Arquitetura, Universidade de Thammasat, Campus de Rangsit, Tail\u00e2ndia<\/span>\n\t\t\t\t\t\t\t<\/li>\n\t\t\t\t\t\t\t\t\t\t\t\t\t\t\t\t\t\t<\/ul>\n\t\t<\/div>\n\t\t\t<\/div>\n<\/div>\n\n\t\t\t\t\t\t\t\n\t\t\t\t\t\t\t\t\t\t\t\t\t\t\n\t\t\t\t\t\t\t\t\t\t\t\t\t<div class=\"flex_column av_one_third bg-alternate teamgrid-column  column-top-margin\">\n\t\t\t\t\t\t\t\t<article id=\"\" class=\"card-entry person-entry   text-align-left     has-button \">\n\t<div class=\"card-entry__inner\">\n\t\t\n\t<div class=\"card-entry__media media-type-\">\n\t\t<div class=\"card-entry__media-inner\">\n\t\t\t\t\t\t\t<div class=\"card-entry__action\">\n\t<div class=\"card-entry__action-inner\">\n\t\t<div class=\"card-entry__button-wrap avia-button-wrap avia-button-right theme-fill\">\n\t\t\t\t\t\t\t<a class=\"card-entry__button avia-button avia-button color-ci-black hover-yellow avia-size-small popup-toggle avia-position-right no-scroll\" href=\"#team-popup-37177\">\n\t\t\t\t\t<span class=\"button-icon\"><i class=\"icon-arrow_next\"><\/i><\/span><span class=\"button-text\">Saiba mais<\/span>\n\t\t\t\t<\/a>\n\t\t\t\t\t<\/div>\n\t<\/div>\n<\/div>\n\t\t\t\t\t\t\t\t\t\t\t\t\t\t\t<img decoding=\"async\" src=\"https:\/\/sha-luzern.ch\/wp-content\/uploads\/706x313-Team-Lauersdorf-706x313.jpg\" \/>\n\t\t\t\t\t\t\t\t\t<\/div>\n\t<\/div>\n\n\t<div class=\"card_entry__content-wrap\">\n\t\t\t\t\t<div class=\"card-entry__heading\">\n\t<div class=\"card-entry__heading-inner\">\n\n\n\t\t\t\n\t\t\t\t\t\t\t<span class=\"card-entry__subheadline card-entry__title person-job \">\n\t\t\t\t\tMestrado em Ci\u00eancias\n\t\t\t\t<\/span>\n\t\t\t\n\t\t\t\n\t\t\t\t\t\t\t<h3 class=\"card-entry__headline person-name \">\n\t\t\t\t\t<span class=\"name-first\">Madlen <\/span><span class=\"name-last\">Lauersdorf<\/span>\n\t\t\t\t<\/h3>\n\t\t\t\n\t\t\t\t\t\t\t<span class=\"card-entry__subheadline person-job \">\n\t\t\t\t\tPlaneamento  \n\t\t\t\t<\/span>\n\t\t\t\n\t\t\n\t<\/div>\n<\/div>\n\t\t\t\t\t\t\t\t<div class=\"card-entry__content content-type-default\">\n\t\t<div class=\"card-entry__content-inner\">\n\t\t\t<p class=\"card-entry__contents\">\n\t\t\t\t\t\t\t\t\t\t\t\t\t\t\t\t\t\t\t\t\t\t<span class=\"content-phone\"><span class=\"contact-pre\">T<\/span> <a href=\"tel:+4923144202051\">+49 (231) 44 20 20 51<\/a><\/span>\n\t\t\t\t\t\t\t\t\t\t\t\t\t\t\t\t\t\t\t\t\t\t\t\t<span class=\"content-mail\"><br\/><span class=\"contact-pre\">E<\/span>  <a href=\"javascript:secureDecryptAndNavigate('IpqfP8iGiS8ffTUp\/psIswo3dZ6YO2tz5fOm97TnoH5N0CBI41bMquaDh1X2wE8xPkGLS7FLQhoo7268QnZFGJt0wnHWQiqD2hI=', '7fb6b0a631c756e2798c0419dd401ac6392a180022e45865affe1bd81a905598')\">m.lauersdorf@sha.de<\/a><\/span>\n\t\t\t\t\t\t\t\t\t\t\t\t\t\t\t\t\t\t<\/p>\n\t\t<\/div>\n\t<\/div>\n\t\t\t<\/div>\n\n\t<\/div>\n<\/article>\n\t\t\t\t\t\t\t<\/div>\n\t\t\t\t\t\t\t<div id=\"team-popup-37177\" class=\"popup person-popup  person-popup-small popup-wrap bg-alternate fullwidth p-default mfp-hide\">\n\t<div class=\"popup-column popup-column-person card-entry person-entry bg-main flex_column  av_one_half first\">\n\t\t<article id=\"\" class=\"   text-align-     \">\n\t<div class=\"card-entry__inner\">\n\t\t\n\t<div class=\"card-entry__media media-type-\">\n\t\t<div class=\"card-entry__media-inner\">\n\t\t\t\t\t\t\t<img decoding=\"async\" src=\"https:\/\/sha-luzern.ch\/wp-content\/uploads\/706x313-Team-Lauersdorf-706x313.jpg\" \/>\n\t\t\t\t\t<\/div>\n\t<\/div>\n\n\t<div class=\"card_entry__content-wrap\">\n\t\t\t\t\t<div class=\"card-entry__heading\">\n\t<div class=\"card-entry__heading-inner\">\n\n\n\t\t\t\n\t\t\t\t\t\t\t<span class=\"card-entry__subheadline card-entry__title person-job \">\n\t\t\t\t\tMestrado em Ci\u00eancias\n\t\t\t\t<\/span>\n\t\t\t\n\t\t\t\n\t\t\t\t\t\t\t<h3 class=\"card-entry__headline person-name \">\n\t\t\t\t\t<span class=\"name-first\">Madlen <\/span><span class=\"name-last\">Lauersdorf<\/span>\n\t\t\t\t<\/h3>\n\t\t\t\n\t\t\t\t\t\t\t<span class=\"card-entry__subheadline person-job \">\n\t\t\t\t\tPlaneamento  \n\t\t\t\t<\/span>\n\t\t\t\n\t\t\n\t<\/div>\n<\/div>\n\t\t\n\n\t\t\t\t\t<div class=\"card-entry__content content-type-default\">\n\t\t\t\t<div class=\"card-entry__content-inner\">\n\t\t\t\t\t<h3 class=\"popup-headline\">Foco na SHA<\/h3>\n\t\t\t\t\t<p class=\"card-entry__contents desc\">\n\t\t\t\t\t\tDesde que concluiu o seu mestrado em 2022, Madlen Lauersdorf tem apoiado o planeamento nas fases de conce\u00e7\u00e3o e execu\u00e7\u00e3o como funcion\u00e1ria permanente.\n\t\t\t\t\t<\/p>\n\t\t\t\t<\/div>\n\t\t\t<\/div>\n\t\t\n\t<\/div>\n\n\t<\/div>\n<\/article>\n\t<\/div>\n\n\t<div class=\"popup-columns-wrap flex_column  av_one_half\">\n\t\t<div class=\"popup-column popup-column-career flex_column  av_one_full first bg-alternate\">\n\t\t\t<h2 class=\"popup-headline\">Carreira<\/h2>\n\t\t\t<ul class=\"popup-list popup-list-career\">\n\t\t\t\t\t\t\t\t\t\t\t\t\t\t\t\t\t\t\t\t\t\t<li class=\"popup-list__headline popup-list__headline-career\">\n\t\t\t\t\t\t\t\t<span class=\"popup-point popup-point--career headline\">Trabalho<\/span>\n\t\t\t\t\t\t\t<\/li>\n\t\t\t\t\t\t\t\t\t\t\t\t\t\t\t\t\t\t\t\t\t\t\t\t<li class=\"popup-list__item popup-list__item-career\">\n\t\t\t\t\t\t\t\t<span class=\"popup-point popup-point--career timespan\">desde 2022<\/span>\n\t\t\t\t\t\t\t\t<span class=\"popup-point popup-point--career point\">SHA Scheffler Helbich Architects, Planeamento<\/span>\n\t\t\t\t\t\t\t<\/li>\n\t\t\t\t\t\t\t\t\t\t\t\t\t\t\t\t\t\t\t\t\t\t\t\t<li class=\"popup-list__item popup-list__item-career\">\n\t\t\t\t\t\t\t\t<span class=\"popup-point popup-point--career timespan\">2018 - 2022<\/span>\n\t\t\t\t\t\t\t\t<span class=\"popup-point popup-point--career point\">SHA Scheffler Helbich Arquitectos, estudante  <\/span>\n\t\t\t\t\t\t\t<\/li>\n\t\t\t\t\t\t\t\t\t\t\t\t\t\t\t\t\t\t\t\t\t\t\t\t<li class=\"popup-list__item popup-list__item-career\">\n\t\t\t\t\t\t\t\t<span class=\"popup-point popup-point--career timespan\">2015<\/span>\n\t\t\t\t\t\t\t\t<span class=\"popup-point popup-point--career point\">Est\u00e1gio na Gerhard Mohr W\u00e4rmeschutz GmbH, Bochum<\/span>\n\t\t\t\t\t\t\t<\/li>\n\t\t\t\t\t\t\t\t\t\t\t\t\t\t\t\t\t\t\t\t\t\t\t\t<li class=\"popup-list__item popup-list__item-career\">\n\t\t\t\t\t\t\t\t<span class=\"popup-point popup-point--career timespan\">2014<\/span>\n\t\t\t\t\t\t\t\t<span class=\"popup-point popup-point--career point\">Est\u00e1gio com o mestre carpinteiro Andreas Schnell, Wetter<\/span>\n\t\t\t\t\t\t\t<\/li>\n\t\t\t\t\t\t\t\t\t\t\t\t\t\t\t\t\t\t\t\t\t\t\t\t<li class=\"popup-list__item popup-list__item-career\">\n\t\t\t\t\t\t\t\t<span class=\"popup-point popup-point--career timespan\">2011<\/span>\n\t\t\t\t\t\t\t\t<span class=\"popup-point popup-point--career point\">Est\u00e1gio na Architekten BDA, RDS Partner, Wetter<\/span>\n\t\t\t\t\t\t\t<\/li>\n\t\t\t\t\t\t\t\t\t\t\t\t\t\t\t\t\t\t\t\t\t\t\t\t<li class=\"popup-list__headline popup-list__headline-career\">\n\t\t\t\t\t\t\t\t<span class=\"popup-point popup-point--career headline\">Estudo e forma\u00e7\u00e3o<\/span>\n\t\t\t\t\t\t\t<\/li>\n\t\t\t\t\t\t\t\t\t\t\t\t\t\t\t\t\t\t\t\t\t\t\t\t<li class=\"popup-list__item popup-list__item-career\">\n\t\t\t\t\t\t\t\t<span class=\"popup-point popup-point--career timespan\">2020 - 2022<\/span>\n\t\t\t\t\t\t\t\t<span class=\"popup-point popup-point--career point\">Estudou na Universidade de Ci\u00eancias Aplicadas de Bochum, especializando-se em desenvolvimento de projectos, Mestrado em Ci\u00eancias<\/span>\n\t\t\t\t\t\t\t<\/li>\n\t\t\t\t\t\t\t\t\t\t\t\t\t\t\t\t\t\t\t\t\t\t\t\t<li class=\"popup-list__item popup-list__item-career\">\n\t\t\t\t\t\t\t\t<span class=\"popup-point popup-point--career timespan\">2014 - 2020<\/span>\n\t\t\t\t\t\t\t\t<span class=\"popup-point popup-point--career point\">Estudou na Universidade de Ci\u00eancias Aplicadas e Artes de Dortmund, Faculdade de Arquitetura,\nLicenciatura em Ci\u00eancias<\/span>\n\t\t\t\t\t\t\t<\/li>\n\t\t\t\t\t\t\t\t\t\t\t\t\t\t\t\t\t\t\t\t\t\t\t\t<li class=\"popup-list__item popup-list__item-career\">\n\t\t\t\t\t\t\t\t<span class=\"popup-point popup-point--career timespan\">2016<\/span>\n\t\t\t\t\t\t\t\t<span class=\"popup-point popup-point--career point\">Semestre no estrangeiro na Universidade de Newcastle, Austr\u00e1lia<\/span>\n\t\t\t\t\t\t\t<\/li>\n\t\t\t\t\t\t\t\t\t\t\t\t\t\t\t\t\t\t<\/ul>\n\t\t<\/div>\n\t\t\t<\/div>\n<\/div>\n\n\t\t\t\t\t\t\t\n\t\t\t\t\t\t\t\t\t\t\t\t\t\t\n\t\t\t\t\t\t\t\t\t\t\t\t\t<div class=\"flex_column av_one_third bg-alternate teamgrid-column  column-top-margin\">\n\t\t\t\t\t\t\t\t<article id=\"\" class=\"card-entry person-entry   text-align-left     has-button \">\n\t<div class=\"card-entry__inner\">\n\t\t\n\t<div class=\"card-entry__media media-type-\">\n\t\t<div class=\"card-entry__media-inner\">\n\t\t\t\t\t\t\t<div class=\"card-entry__action\">\n\t<div class=\"card-entry__action-inner\">\n\t\t<div class=\"card-entry__button-wrap avia-button-wrap avia-button-right theme-fill\">\n\t\t\t\t\t\t\t<a class=\"card-entry__button avia-button avia-button color-ci-black hover-yellow avia-size-small popup-toggle avia-position-right no-scroll\" href=\"#team-popup-55341\">\n\t\t\t\t\t<span class=\"button-icon\"><i class=\"icon-arrow_next\"><\/i><\/span><span class=\"button-text\">Saiba mais<\/span>\n\t\t\t\t<\/a>\n\t\t\t\t\t<\/div>\n\t<\/div>\n<\/div>\n\t\t\t\t\t\t\t\t\t\t\t\t\t\t\t<img decoding=\"async\" src=\"https:\/\/sha-luzern.ch\/wp-content\/uploads\/web-005-\u00a9gescheschmidt-sha-4.11.25-julius-mueller-e1762338909979-706x313.jpg\" \/>\n\t\t\t\t\t\t\t\t\t<\/div>\n\t<\/div>\n\n\t<div class=\"card_entry__content-wrap\">\n\t\t\t\t\t<div class=\"card-entry__heading\">\n\t<div class=\"card-entry__heading-inner\">\n\n\n\t\t\t\n\t\t\t\n\t\t\t\n\t\t\t\t\t\t\t<h3 class=\"card-entry__headline person-name \">\n\t\t\t\t\t<span class=\"name-first\">Julius <\/span><span class=\"name-last\">M\u00fcller<\/span>\n\t\t\t\t<\/h3>\n\t\t\t\n\t\t\t\t\t\t\t<span class=\"card-entry__subheadline person-job \">\n\t\t\t\t\tPlaneamento\n\t\t\t\t<\/span>\n\t\t\t\n\t\t\n\t<\/div>\n<\/div>\n\t\t\t\t\t\t\t\t<div class=\"card-entry__content content-type-default\">\n\t\t<div class=\"card-entry__content-inner\">\n\t\t\t<p class=\"card-entry__contents\">\n\t\t\t\t\t\t\t\t\t\t\t\t\t\t\t\t\t\t\t\t\t\t<span class=\"content-phone\"><span class=\"contact-pre\">T<\/span> <a href=\"tel:+4923144202053\">+49 (231) 44 20 20 53<\/a><\/span>\n\t\t\t\t\t\t\t\t\t\t\t\t\t\t\t\t\t\t\t\t\t\t\t\t<span class=\"content-mail\"><br\/><span class=\"contact-pre\">E<\/span>  <a href=\"javascript:secureDecryptAndNavigate('dnpjeYOV6UXJKJYGQpQJmf+781lW7QOY0n8OMkdnm0djmmRACeAhcRg\/wMAekcIKU8WBgQqT1Aw4cPGysM8ftojP488J4xE=', '7fb6b0a631c756e2798c0419dd401ac6392a180022e45865affe1bd81a905598')\">j.mueller@sha.de<\/a><\/span>\n\t\t\t\t\t\t\t\t\t\t\t\t\t\t\t\t\t\t<\/p>\n\t\t<\/div>\n\t<\/div>\n\t\t\t<\/div>\n\n\t<\/div>\n<\/article>\n\t\t\t\t\t\t\t<\/div>\n\t\t\t\t\t\t\t<div id=\"team-popup-55341\" class=\"popup person-popup  person-popup-small popup-wrap bg-alternate fullwidth p-default mfp-hide\">\n\t<div class=\"popup-column popup-column-person card-entry person-entry bg-main flex_column  av_one_half first\">\n\t\t<article id=\"\" class=\"   text-align-     \">\n\t<div class=\"card-entry__inner\">\n\t\t\n\t<div class=\"card-entry__media media-type-\">\n\t\t<div class=\"card-entry__media-inner\">\n\t\t\t\t\t\t\t<img decoding=\"async\" src=\"https:\/\/sha-luzern.ch\/wp-content\/uploads\/web-005-\u00a9gescheschmidt-sha-4.11.25-julius-mueller-e1762338909979-706x313.jpg\" \/>\n\t\t\t\t\t<\/div>\n\t<\/div>\n\n\t<div class=\"card_entry__content-wrap\">\n\t\t\t\t\t<div class=\"card-entry__heading\">\n\t<div class=\"card-entry__heading-inner\">\n\n\n\t\t\t\n\t\t\t\n\t\t\t\n\t\t\t\t\t\t\t<h3 class=\"card-entry__headline person-name \">\n\t\t\t\t\t<span class=\"name-first\">Julius <\/span><span class=\"name-last\">M\u00fcller<\/span>\n\t\t\t\t<\/h3>\n\t\t\t\n\t\t\t\t\t\t\t<span class=\"card-entry__subheadline person-job \">\n\t\t\t\t\tPlaneamento\n\t\t\t\t<\/span>\n\t\t\t\n\t\t\n\t<\/div>\n<\/div>\n\t\t\n\n\t\t\n\t<\/div>\n\n\t<\/div>\n<\/article>\n\t<\/div>\n\n\t<div class=\"popup-columns-wrap flex_column  av_one_half\">\n\t\t<div class=\"popup-column popup-column-career flex_column  av_one_full first bg-alternate\">\n\t\t\t<h2 class=\"popup-headline\">Carreira<\/h2>\n\t\t\t<ul class=\"popup-list popup-list-career\">\n\t\t\t\t\t\t\t\t\t\t\t\t\t\t\t\t\t\t\t\t\t\t<li class=\"popup-list__headline popup-list__headline-career\">\n\t\t\t\t\t\t\t\t<span class=\"popup-point popup-point--career headline\">Trabalho<\/span>\n\t\t\t\t\t\t\t<\/li>\n\t\t\t\t\t\t\t\t\t\t\t\t\t\t\t\t\t\t\t\t\t\t\t\t<li class=\"popup-list__item popup-list__item-career\">\n\t\t\t\t\t\t\t\t<span class=\"popup-point popup-point--career timespan\">desde 2025<\/span>\n\t\t\t\t\t\t\t\t<span class=\"popup-point popup-point--career point\">SHA Scheffler Helbich Architekten GmbH<\/span>\n\t\t\t\t\t\t\t<\/li>\n\t\t\t\t\t\t\t\t\t\t\t\t\t\t\t\t\t\t\t\t\t\t\t\t<li class=\"popup-list__item popup-list__item-career\">\n\t\t\t\t\t\t\t\t<span class=\"popup-point popup-point--career timespan\">2024 - 2025<\/span>\n\t\t\t\t\t\t\t\t<span class=\"popup-point popup-point--career point\">Daiwa House Modular Europe GmbH, Bochum<\/span>\n\t\t\t\t\t\t\t<\/li>\n\t\t\t\t\t\t\t\t\t\t\t\t\t\t\t\t\t\t\t\t\t\t\t\t<li class=\"popup-list__item popup-list__item-career\">\n\t\t\t\t\t\t\t\t<span class=\"popup-point popup-point--career timespan\">2016 - 2023<\/span>\n\t\t\t\t\t\t\t\t<span class=\"popup-point popup-point--career point\">beta Eigenheim, Bergkamen<\/span>\n\t\t\t\t\t\t\t<\/li>\n\t\t\t\t\t\t\t\t\t\t\t\t\t\t\t\t\t\t\t\t\t\t\t\t<li class=\"popup-list__headline popup-list__headline-career\">\n\t\t\t\t\t\t\t\t<span class=\"popup-point popup-point--career headline\">Estudo e forma\u00e7\u00e3o<\/span>\n\t\t\t\t\t\t\t<\/li>\n\t\t\t\t\t\t\t\t\t\t\t\t\t\t\t\t\t\t\t\t\t\t\t\t<li class=\"popup-list__item popup-list__item-career\">\n\t\t\t\t\t\t\t\t<span class=\"popup-point popup-point--career timespan\">2016 - 2019<\/span>\n\t\t\t\t\t\t\t\t<span class=\"popup-point popup-point--career point\">Forma\u00e7\u00e3o de desenhador<\/span>\n\t\t\t\t\t\t\t<\/li>\n\t\t\t\t\t\t\t\t\t\t\t\t\t\t\t\t\t\t<\/ul>\n\t\t<\/div>\n\t\t\t<\/div>\n<\/div>\n\n\t\t\t\t\t\t\t\n\t\t\t\t\t\t\t\t\t\t\t\t\t\t\n\t\t\t\t\t\t\t\t\t\t\t\t\t<div class=\"flex_column av_one_third bg-alternate teamgrid-column first column-top-margin\">\n\t\t\t\t\t\t\t\t<article id=\"\" class=\"card-entry person-entry   text-align-left     has-button \">\n\t<div class=\"card-entry__inner\">\n\t\t\n\t<div class=\"card-entry__media media-type-\">\n\t\t<div class=\"card-entry__media-inner\">\n\t\t\t\t\t\t\t<div class=\"card-entry__action\">\n\t<div class=\"card-entry__action-inner\">\n\t\t<div class=\"card-entry__button-wrap avia-button-wrap avia-button-right theme-fill\">\n\t\t\t\t\t\t\t<a class=\"card-entry__button avia-button avia-button color-ci-black hover-yellow avia-size-small popup-toggle avia-position-right no-scroll\" href=\"#team-popup-37135\">\n\t\t\t\t\t<span class=\"button-icon\"><i class=\"icon-arrow_next\"><\/i><\/span><span class=\"button-text\">Saiba mais<\/span>\n\t\t\t\t<\/a>\n\t\t\t\t\t<\/div>\n\t<\/div>\n<\/div>\n\t\t\t\t\t\t\t\t\t\t\t\t\t\t\t<img decoding=\"async\" src=\"https:\/\/sha-luzern.ch\/wp-content\/uploads\/706x313-Team-Rohpeter-706x313.jpg\" \/>\n\t\t\t\t\t\t\t\t\t<\/div>\n\t<\/div>\n\n\t<div class=\"card_entry__content-wrap\">\n\t\t\t\t\t<div class=\"card-entry__heading\">\n\t<div class=\"card-entry__heading-inner\">\n\n\n\t\t\t\n\t\t\t\t\t\t\t<span class=\"card-entry__subheadline card-entry__title person-job \">\n\t\t\t\t\tLicenciatura em Artes\n\t\t\t\t<\/span>\n\t\t\t\n\t\t\t\n\t\t\t\t\t\t\t<h3 class=\"card-entry__headline person-name \">\n\t\t\t\t\t<span class=\"name-first\">Jasmin <\/span><span class=\"name-last\">Rohpeter<\/span>\n\t\t\t\t<\/h3>\n\t\t\t\n\t\t\t\t\t\t\t<span class=\"card-entry__subheadline person-job \">\n\t\t\t\t\tPlaneamento  \n\t\t\t\t<\/span>\n\t\t\t\n\t\t\n\t<\/div>\n<\/div>\n\t\t\t\t\t\t\t\t<div class=\"card-entry__content content-type-default\">\n\t\t<div class=\"card-entry__content-inner\">\n\t\t\t<p class=\"card-entry__contents\">\n\t\t\t\t\t\t\t\t\t\t\t\t\t\t\t\t\t\t\t\t\t\t<span class=\"content-phone\"><span class=\"contact-pre\">T<\/span> <a href=\"tel:+4923144202022\">+49 (231) 44 20 20 22<\/a><\/span>\n\t\t\t\t\t\t\t\t\t\t\t\t\t\t\t\t\t\t\t\t\t\t\t\t<span class=\"content-mail\"><br\/><span class=\"contact-pre\">E<\/span>  <a href=\"javascript:secureDecryptAndNavigate('olHbXKWfJfvcbt4nuFxg9iJrpzUrqZ8qVIDVaybHqOOa8+AIKqkSdRy7EXxYAGliTcTPsiBHPgYXIjKhz8pi4e0oEvhiCz2Q', '7fb6b0a631c756e2798c0419dd401ac6392a180022e45865affe1bd81a905598')\">j.rohpeter@sha.de<\/a><\/span>\n\t\t\t\t\t\t\t\t\t\t\t\t\t\t\t\t\t\t<\/p>\n\t\t<\/div>\n\t<\/div>\n\t\t\t<\/div>\n\n\t<\/div>\n<\/article>\n\t\t\t\t\t\t\t<\/div>\n\t\t\t\t\t\t\t<div id=\"team-popup-37135\" class=\"popup person-popup  person-popup-small popup-wrap bg-alternate fullwidth p-default mfp-hide\">\n\t<div class=\"popup-column popup-column-person card-entry person-entry bg-main flex_column  av_one_half first\">\n\t\t<article id=\"\" class=\"   text-align-     \">\n\t<div class=\"card-entry__inner\">\n\t\t\n\t<div class=\"card-entry__media media-type-\">\n\t\t<div class=\"card-entry__media-inner\">\n\t\t\t\t\t\t\t<img decoding=\"async\" src=\"https:\/\/sha-luzern.ch\/wp-content\/uploads\/706x313-Team-Rohpeter-706x313.jpg\" \/>\n\t\t\t\t\t<\/div>\n\t<\/div>\n\n\t<div class=\"card_entry__content-wrap\">\n\t\t\t\t\t<div class=\"card-entry__heading\">\n\t<div class=\"card-entry__heading-inner\">\n\n\n\t\t\t\n\t\t\t\t\t\t\t<span class=\"card-entry__subheadline card-entry__title person-job \">\n\t\t\t\t\tLicenciatura em Artes\n\t\t\t\t<\/span>\n\t\t\t\n\t\t\t\n\t\t\t\t\t\t\t<h3 class=\"card-entry__headline person-name \">\n\t\t\t\t\t<span class=\"name-first\">Jasmin <\/span><span class=\"name-last\">Rohpeter<\/span>\n\t\t\t\t<\/h3>\n\t\t\t\n\t\t\t\t\t\t\t<span class=\"card-entry__subheadline person-job \">\n\t\t\t\t\tPlaneamento  \n\t\t\t\t<\/span>\n\t\t\t\n\t\t\n\t<\/div>\n<\/div>\n\t\t\n\n\t\t\t\t\t<div class=\"card-entry__content content-type-default\">\n\t\t\t\t<div class=\"card-entry__content-inner\">\n\t\t\t\t\t<h3 class=\"popup-headline\">Foco na SHA<\/h3>\n\t\t\t\t\t<p class=\"card-entry__contents desc\">\n\t\t\t\t\t\tJasmin Rohpeter trabalha na SHA desde 2017.\nComo parte da equipa de planeamento, \u00e9 respons\u00e1vel pelo planeamento da conce\u00e7\u00e3o e implementa\u00e7\u00e3o, mais recentemente para projectos relacionados com o BVB.   \n\t\t\t\t\t<\/p>\n\t\t\t\t<\/div>\n\t\t\t<\/div>\n\t\t\n\t<\/div>\n\n\t<\/div>\n<\/article>\n\t<\/div>\n\n\t<div class=\"popup-columns-wrap flex_column  av_one_half\">\n\t\t<div class=\"popup-column popup-column-career flex_column  av_one_full first bg-alternate\">\n\t\t\t<h2 class=\"popup-headline\">Carreira<\/h2>\n\t\t\t<ul class=\"popup-list popup-list-career\">\n\t\t\t\t\t\t\t\t\t\t\t\t\t\t\t\t\t\t\t\t\t\t<li class=\"popup-list__headline popup-list__headline-career\">\n\t\t\t\t\t\t\t\t<span class=\"popup-point popup-point--career headline\">Trabalho<\/span>\n\t\t\t\t\t\t\t<\/li>\n\t\t\t\t\t\t\t\t\t\t\t\t\t\t\t\t\t\t\t\t\t\t\t\t<li class=\"popup-list__item popup-list__item-career\">\n\t\t\t\t\t\t\t\t<span class=\"popup-point popup-point--career timespan\">desde 2018<\/span>\n\t\t\t\t\t\t\t\t<span class=\"popup-point popup-point--career point\">SHA Scheffler Helbich Architekten GmbH<\/span>\n\t\t\t\t\t\t\t<\/li>\n\t\t\t\t\t\t\t\t\t\t\t\t\t\t\t\t\t\t\t\t\t\t\t\t<li class=\"popup-list__item popup-list__item-career\">\n\t\t\t\t\t\t\t\t<span class=\"popup-point popup-point--career timespan\">2018<\/span>\n\t\t\t\t\t\t\t\t<span class=\"popup-point popup-point--career point\">K\u00f6hler Architects, Dortmund<\/span>\n\t\t\t\t\t\t\t<\/li>\n\t\t\t\t\t\t\t\t\t\t\t\t\t\t\t\t\t\t\t\t\t\t\t\t<li class=\"popup-list__item popup-list__item-career\">\n\t\t\t\t\t\t\t\t<span class=\"popup-point popup-point--career timespan\">2017-2018<\/span>\n\t\t\t\t\t\t\t\t<span class=\"popup-point popup-point--career point\">SHA Scheffler Helbich Architekten GmbH<\/span>\n\t\t\t\t\t\t\t<\/li>\n\t\t\t\t\t\t\t\t\t\t\t\t\t\t\t\t\t\t\t\t\t\t\t\t<li class=\"popup-list__item popup-list__item-career\">\n\t\t\t\t\t\t\t\t<span class=\"popup-point popup-point--career timespan\">2016<\/span>\n\t\t\t\t\t\t\t\t<span class=\"popup-point popup-point--career point\">Est\u00e1gio na Kirschnick Architektur bda, Dortmund<\/span>\n\t\t\t\t\t\t\t<\/li>\n\t\t\t\t\t\t\t\t\t\t\t\t\t\t\t\t\t\t\t\t\t\t\t\t<li class=\"popup-list__headline popup-list__headline-career\">\n\t\t\t\t\t\t\t\t<span class=\"popup-point popup-point--career headline\">Estudo e forma\u00e7\u00e3o<\/span>\n\t\t\t\t\t\t\t<\/li>\n\t\t\t\t\t\t\t\t\t\t\t\t\t\t\t\t\t\t\t\t\t\t\t\t<li class=\"popup-list__item popup-list__item-career\">\n\t\t\t\t\t\t\t\t<span class=\"popup-point popup-point--career timespan\">2011 - 2017<\/span>\n\t\t\t\t\t\t\t\t<span class=\"popup-point popup-point--career point\">Estudou arquitetura na Universidade de Ci\u00eancias Aplicadas e Artes de Dortmund<\/span>\n\t\t\t\t\t\t\t<\/li>\n\t\t\t\t\t\t\t\t\t\t\t\t\t\t\t\t\t\t<\/ul>\n\t\t<\/div>\n\t\t\t<\/div>\n<\/div>\n\n\t\t\t\t\t\t\t\n\t\t\t\t\t\t\t\t\t\t\t\t\t\t\n\t\t\t\t\t\t\t\t\t\t\t\t\t<div class=\"flex_column av_one_third bg-alternate teamgrid-column  column-top-margin\">\n\t\t\t\t\t\t\t\t<article id=\"\" class=\"card-entry person-entry   text-align-left     has-button \">\n\t<div class=\"card-entry__inner\">\n\t\t\n\t<div class=\"card-entry__media media-type-\">\n\t\t<div class=\"card-entry__media-inner\">\n\t\t\t\t\t\t\t<div class=\"card-entry__action\">\n\t<div class=\"card-entry__action-inner\">\n\t\t<div class=\"card-entry__button-wrap avia-button-wrap avia-button-right theme-fill\">\n\t\t\t\t\t\t\t<a class=\"card-entry__button avia-button avia-button color-ci-black hover-yellow avia-size-small popup-toggle avia-position-right no-scroll\" href=\"#team-popup-55334\">\n\t\t\t\t\t<span class=\"button-icon\"><i class=\"icon-arrow_next\"><\/i><\/span><span class=\"button-text\">Saiba mais<\/span>\n\t\t\t\t<\/a>\n\t\t\t\t\t<\/div>\n\t<\/div>\n<\/div>\n\t\t\t\t\t\t\t\t\t\t\t\t\t\t\t<img decoding=\"async\" src=\"https:\/\/sha-luzern.ch\/wp-content\/uploads\/web-010-\u00a9gescheschmidt-sha-4.11.25-3-e1762434571689-706x313.jpg\" \/>\n\t\t\t\t\t\t\t\t\t<\/div>\n\t<\/div>\n\n\t<div class=\"card_entry__content-wrap\">\n\t\t\t\t\t<div class=\"card-entry__heading\">\n\t<div class=\"card-entry__heading-inner\">\n\n\n\t\t\t\n\t\t\t\t\t\t\t<span class=\"card-entry__subheadline card-entry__title person-job \">\n\t\t\t\t\tMestrado em Ci\u00eancias\n\t\t\t\t<\/span>\n\t\t\t\n\t\t\t\n\t\t\t\t\t\t\t<h3 class=\"card-entry__headline person-name \">\n\t\t\t\t\t<span class=\"name-first\">Carmen <\/span><span class=\"name-last\">Stork<\/span>\n\t\t\t\t<\/h3>\n\t\t\t\n\t\t\t\t\t\t\t<span class=\"card-entry__subheadline person-job \">\n\t\t\t\t\tPlaneamento  \n\t\t\t\t<\/span>\n\t\t\t\n\t\t\n\t<\/div>\n<\/div>\n\t\t\t\t\t\t\t\t<div class=\"card-entry__content content-type-default\">\n\t\t<div class=\"card-entry__content-inner\">\n\t\t\t<p class=\"card-entry__contents\">\n\t\t\t\t\t\t\t\t\t\t\t\t\t\t\t\t\t\t\t\t\t\t<span class=\"content-phone\"><span class=\"contact-pre\">T<\/span> <a href=\"tel:+4923144202061\">+49 (231) 44 20 20 61<\/a><\/span>\n\t\t\t\t\t\t\t\t\t\t\t\t\t\t\t\t\t\t\t\t\t\t\t\t<span class=\"content-mail\"><br\/><span class=\"contact-pre\">E<\/span>  <a href=\"javascript:secureDecryptAndNavigate('\/I0weGCWAlaSJLq6SLh\/N6ikY0CzzI7TAy4JwMdV0NGMwv2G4Z2EmLZPWqAHAdnCXbAqgTw8WmIX6PEQ\/f8Wev9m0vzf', '7fb6b0a631c756e2798c0419dd401ac6392a180022e45865affe1bd81a905598')\">c.stork@sha.de<\/a><\/span>\n\t\t\t\t\t\t\t\t\t\t\t\t\t\t\t\t\t\t<\/p>\n\t\t<\/div>\n\t<\/div>\n\t\t\t<\/div>\n\n\t<\/div>\n<\/article>\n\t\t\t\t\t\t\t<\/div>\n\t\t\t\t\t\t\t<div id=\"team-popup-55334\" class=\"popup person-popup  person-popup-small popup-wrap bg-alternate fullwidth p-default mfp-hide\">\n\t<div class=\"popup-column popup-column-person card-entry person-entry bg-main flex_column  av_one_half first\">\n\t\t<article id=\"\" class=\"   text-align-     \">\n\t<div class=\"card-entry__inner\">\n\t\t\n\t<div class=\"card-entry__media media-type-\">\n\t\t<div class=\"card-entry__media-inner\">\n\t\t\t\t\t\t\t<img decoding=\"async\" src=\"https:\/\/sha-luzern.ch\/wp-content\/uploads\/web-010-\u00a9gescheschmidt-sha-4.11.25-3-e1762434571689-706x313.jpg\" \/>\n\t\t\t\t\t<\/div>\n\t<\/div>\n\n\t<div class=\"card_entry__content-wrap\">\n\t\t\t\t\t<div class=\"card-entry__heading\">\n\t<div class=\"card-entry__heading-inner\">\n\n\n\t\t\t\n\t\t\t\t\t\t\t<span class=\"card-entry__subheadline card-entry__title person-job \">\n\t\t\t\t\tMestrado em Ci\u00eancias\n\t\t\t\t<\/span>\n\t\t\t\n\t\t\t\n\t\t\t\t\t\t\t<h3 class=\"card-entry__headline person-name \">\n\t\t\t\t\t<span class=\"name-first\">Carmen <\/span><span class=\"name-last\">Stork<\/span>\n\t\t\t\t<\/h3>\n\t\t\t\n\t\t\t\t\t\t\t<span class=\"card-entry__subheadline person-job \">\n\t\t\t\t\tPlaneamento  \n\t\t\t\t<\/span>\n\t\t\t\n\t\t\n\t<\/div>\n<\/div>\n\t\t\n\n\t\t\n\t<\/div>\n\n\t<\/div>\n<\/article>\n\t<\/div>\n\n\t<div class=\"popup-columns-wrap flex_column  av_one_half\">\n\t\t<div class=\"popup-column popup-column-career flex_column  av_one_full first bg-alternate\">\n\t\t\t<h2 class=\"popup-headline\">Carreira<\/h2>\n\t\t\t<ul class=\"popup-list popup-list-career\">\n\t\t\t\t\t\t\t\t\t\t\t\t\t\t\t\t\t\t\t\t\t\t<li class=\"popup-list__headline popup-list__headline-career\">\n\t\t\t\t\t\t\t\t<span class=\"popup-point popup-point--career headline\">Trabalho<\/span>\n\t\t\t\t\t\t\t<\/li>\n\t\t\t\t\t\t\t\t\t\t\t\t\t\t\t\t\t\t\t\t\t\t\t\t<li class=\"popup-list__item popup-list__item-career\">\n\t\t\t\t\t\t\t\t<span class=\"popup-point popup-point--career timespan\">desde 2025<\/span>\n\t\t\t\t\t\t\t\t<span class=\"popup-point popup-point--career point\">SHA Scheffler Helbich Arquitectos<\/span>\n\t\t\t\t\t\t\t<\/li>\n\t\t\t\t\t\t\t\t\t\t\t\t\t\t\t\t\t\t\t\t\t\t\t\t<li class=\"popup-list__headline popup-list__headline-career\">\n\t\t\t\t\t\t\t\t<span class=\"popup-point popup-point--career headline\">Estudo e forma\u00e7\u00e3o<\/span>\n\t\t\t\t\t\t\t<\/li>\n\t\t\t\t\t\t\t\t\t\t\t\t\t\t\t\t\t\t\t\t\t\t\t\t<li class=\"popup-list__item popup-list__item-career\">\n\t\t\t\t\t\t\t\t<span class=\"popup-point popup-point--career timespan\">2023 - 2025<\/span>\n\t\t\t\t\t\t\t\t<span class=\"popup-point popup-point--career point\">Mestrado em Arquitetura, KTH Royal Institute of Technology Estocolmo<\/span>\n\t\t\t\t\t\t\t<\/li>\n\t\t\t\t\t\t\t\t\t\t\t\t\t\t\t\t\t\t\t\t\t\t\t\t<li class=\"popup-list__item popup-list__item-career\">\n\t\t\t\t\t\t\t\t<span class=\"popup-point popup-point--career timespan\">2018 - 2022<\/span>\n\t\t\t\t\t\t\t\t<span class=\"popup-point popup-point--career point\"> Licenciatura em Arquitetura e Urbanismo, TU Dortmund<\/span>\n\t\t\t\t\t\t\t<\/li>\n\t\t\t\t\t\t\t\t\t\t\t\t\t\t\t\t\t\t<\/ul>\n\t\t<\/div>\n\t\t\t<\/div>\n<\/div>\n\n\t\t\t\t\t\t\t\n\t\t\t\t\t\t\t\t\t\t\t\t\t\t\n\t\t\t\t\t\t\t\t\t\t\t\t\t<div class=\"flex_column av_one_third bg-alternate teamgrid-column  column-top-margin\">\n\t\t\t\t\t\t\t\t<article id=\"\" class=\"card-entry person-entry   text-align-left     has-button \">\n\t<div class=\"card-entry__inner\">\n\t\t\n\t<div class=\"card-entry__media media-type-\">\n\t\t<div class=\"card-entry__media-inner\">\n\t\t\t\t\t\t\t<div class=\"card-entry__action\">\n\t<div class=\"card-entry__action-inner\">\n\t\t<div class=\"card-entry__button-wrap avia-button-wrap avia-button-right theme-fill\">\n\t\t\t\t\t\t\t<a class=\"card-entry__button avia-button avia-button color-ci-black hover-yellow avia-size-small popup-toggle avia-position-right no-scroll\" href=\"#team-popup-37134\">\n\t\t\t\t\t<span class=\"button-icon\"><i class=\"icon-arrow_next\"><\/i><\/span><span class=\"button-text\">Saiba mais<\/span>\n\t\t\t\t<\/a>\n\t\t\t\t\t<\/div>\n\t<\/div>\n<\/div>\n\t\t\t\t\t\t\t\t\t\t\t\t\t\t\t<img decoding=\"async\" src=\"https:\/\/sha-luzern.ch\/wp-content\/uploads\/706x313-Tenhumberg-Chiara-706x313.jpg\" \/>\n\t\t\t\t\t\t\t\t\t<\/div>\n\t<\/div>\n\n\t<div class=\"card_entry__content-wrap\">\n\t\t\t\t\t<div class=\"card-entry__heading\">\n\t<div class=\"card-entry__heading-inner\">\n\n\n\t\t\t\n\t\t\t\n\t\t\t\n\t\t\t\t\t\t\t<h3 class=\"card-entry__headline person-name \">\n\t\t\t\t\t<span class=\"name-first\">Chiara <\/span><span class=\"name-last\">Tenhumberg<\/span>\n\t\t\t\t<\/h3>\n\t\t\t\n\t\t\t\t\t\t\t<span class=\"card-entry__subheadline person-job \">\n\t\t\t\t\tPlaneamento\n\t\t\t\t<\/span>\n\t\t\t\n\t\t\n\t<\/div>\n<\/div>\n\t\t\t\t\t\t\t\t<div class=\"card-entry__content content-type-default\">\n\t\t<div class=\"card-entry__content-inner\">\n\t\t\t<p class=\"card-entry__contents\">\n\t\t\t\t\t\t\t\t\t\t\t\t\t\t\t\t\t\t\t\t\t\t<span class=\"content-phone\"><span class=\"contact-pre\">T<\/span> <a href=\"tel:+4923144202073\">+49 (231) 44 20 20 73<\/a><\/span>\n\t\t\t\t\t\t\t\t\t\t\t\t\t\t\t\t\t\t\t\t\t\t\t\t<span class=\"content-mail\"><br\/><span class=\"contact-pre\">E<\/span>  <a href=\"javascript:secureDecryptAndNavigate('Bnt+vo18\/pPdRKlY68rZHBSbHGmN92Luh\/9XEIYJZTRCmxSseVn3t\/KM3PI3iT+vJv276Hbz2BMo2uiwWAwlbvaufo70ExOJlks=', '7fb6b0a631c756e2798c0419dd401ac6392a180022e45865affe1bd81a905598')\">c.tenhumberg@sha.de<\/a><\/span>\n\t\t\t\t\t\t\t\t\t\t\t\t\t\t\t\t\t\t<\/p>\n\t\t<\/div>\n\t<\/div>\n\t\t\t<\/div>\n\n\t<\/div>\n<\/article>\n\t\t\t\t\t\t\t<\/div>\n\t\t\t\t\t\t\t<div id=\"team-popup-37134\" class=\"popup person-popup  person-popup-small popup-wrap bg-alternate fullwidth p-default mfp-hide\">\n\t<div class=\"popup-column popup-column-person card-entry person-entry bg-main flex_column  av_one_half first\">\n\t\t<article id=\"\" class=\"   text-align-     \">\n\t<div class=\"card-entry__inner\">\n\t\t\n\t<div class=\"card-entry__media media-type-\">\n\t\t<div class=\"card-entry__media-inner\">\n\t\t\t\t\t\t\t<img decoding=\"async\" src=\"https:\/\/sha-luzern.ch\/wp-content\/uploads\/706x313-Tenhumberg-Chiara-706x313.jpg\" \/>\n\t\t\t\t\t<\/div>\n\t<\/div>\n\n\t<div class=\"card_entry__content-wrap\">\n\t\t\t\t\t<div class=\"card-entry__heading\">\n\t<div class=\"card-entry__heading-inner\">\n\n\n\t\t\t\n\t\t\t\n\t\t\t\n\t\t\t\t\t\t\t<h3 class=\"card-entry__headline person-name \">\n\t\t\t\t\t<span class=\"name-first\">Chiara <\/span><span class=\"name-last\">Tenhumberg<\/span>\n\t\t\t\t<\/h3>\n\t\t\t\n\t\t\t\t\t\t\t<span class=\"card-entry__subheadline person-job \">\n\t\t\t\t\tPlaneamento\n\t\t\t\t<\/span>\n\t\t\t\n\t\t\n\t<\/div>\n<\/div>\n\t\t\n\n\t\t\n\t<\/div>\n\n\t<\/div>\n<\/article>\n\t<\/div>\n\n\t<div class=\"popup-columns-wrap flex_column  av_one_half\">\n\t\t<div class=\"popup-column popup-column-career flex_column  av_one_full first bg-alternate\">\n\t\t\t<h2 class=\"popup-headline\">Carreira<\/h2>\n\t\t\t<ul class=\"popup-list popup-list-career\">\n\t\t\t\t\t\t\t\t\t\t\t\t\t\t\t\t\t\t\t\t\t\t<li class=\"popup-list__headline popup-list__headline-career\">\n\t\t\t\t\t\t\t\t<span class=\"popup-point popup-point--career headline\">Estudo e forma\u00e7\u00e3o<\/span>\n\t\t\t\t\t\t\t<\/li>\n\t\t\t\t\t\t\t\t\t\t\t\t\t\t\t\t\t\t\t\t\t\t\t\t<li class=\"popup-list__item popup-list__item-career\">\n\t\t\t\t\t\t\t\t<span class=\"popup-point popup-point--career timespan\">desde 2025<\/span>\n\t\t\t\t\t\t\t\t<span class=\"popup-point popup-point--career point\">Desenhadora, SHA Scheffler Helbich Architekten GmbH<\/span>\n\t\t\t\t\t\t\t<\/li>\n\t\t\t\t\t\t\t\t\t\t\t\t\t\t\t\t\t\t\t\t\t\t\t\t<li class=\"popup-list__item popup-list__item-career\">\n\t\t\t\t\t\t\t\t<span class=\"popup-point popup-point--career timespan\">2022 - 2025<\/span>\n\t\t\t\t\t\t\t\t<span class=\"popup-point popup-point--career point\">Aprendizagem como desenhadora, SHA Scheffler Helbich Architekten GmbH<\/span>\n\t\t\t\t\t\t\t<\/li>\n\t\t\t\t\t\t\t\t\t\t\t\t\t\t\t\t\t\t<\/ul>\n\t\t<\/div>\n\t\t\t<\/div>\n<\/div>\n\n\t\t\t\t\t\t\t\n\t\t\t\t\t\t\t\t\t\t\t\t\t\t\n\t\t\t\t\t\t\t\t\t\t\t\t\t<div class=\"flex_column av_one_third bg-alternate teamgrid-column first column-top-margin\">\n\t\t\t\t\t\t\t\t<article id=\"\" class=\"card-entry person-entry   text-align-left     has-button \">\n\t<div class=\"card-entry__inner\">\n\t\t\n\t<div class=\"card-entry__media media-type-\">\n\t\t<div class=\"card-entry__media-inner\">\n\t\t\t\t\t\t\t<div class=\"card-entry__action\">\n\t<div class=\"card-entry__action-inner\">\n\t\t<div class=\"card-entry__button-wrap avia-button-wrap avia-button-right theme-fill\">\n\t\t\t\t\t\t\t<a class=\"card-entry__button avia-button avia-button color-ci-black hover-yellow avia-size-small popup-toggle avia-position-right no-scroll\" href=\"#team-popup-37120\">\n\t\t\t\t\t<span class=\"button-icon\"><i class=\"icon-arrow_next\"><\/i><\/span><span class=\"button-text\">Saiba mais<\/span>\n\t\t\t\t<\/a>\n\t\t\t\t\t<\/div>\n\t<\/div>\n<\/div>\n\t\t\t\t\t\t\t\t\t\t\t\t\t\t\t<img decoding=\"async\" src=\"https:\/\/sha-luzern.ch\/wp-content\/uploads\/004-SHA-Dortmund-Florian-Zimmermann-Web_2-706x313.jpg\" \/>\n\t\t\t\t\t\t\t\t\t<\/div>\n\t<\/div>\n\n\t<div class=\"card_entry__content-wrap\">\n\t\t\t\t\t<div class=\"card-entry__heading\">\n\t<div class=\"card-entry__heading-inner\">\n\n\n\t\t\t\n\t\t\t\t\t\t\t<span class=\"card-entry__subheadline card-entry__title person-job \">\n\t\t\t\t\tMestrado em Artes\n\t\t\t\t<\/span>\n\t\t\t\n\t\t\t\n\t\t\t\t\t\t\t<h3 class=\"card-entry__headline person-name \">\n\t\t\t\t\t<span class=\"name-first\">Florian  <\/span><span class=\"name-last\">Zimmermann<\/span>\n\t\t\t\t<\/h3>\n\t\t\t\n\t\t\t\t\t\t\t<span class=\"card-entry__subheadline person-job \">\n\t\t\t\t\tPlaneamento e conce\u00e7\u00e3o\n\t\t\t\t<\/span>\n\t\t\t\n\t\t\n\t<\/div>\n<\/div>\n\t\t\t\t\t\t\t\t<div class=\"card-entry__content content-type-default\">\n\t\t<div class=\"card-entry__content-inner\">\n\t\t\t<p class=\"card-entry__contents\">\n\t\t\t\t\t\t\t\t\t\t\t\t\t\t\t\t\t\t\t\t\t\t<span class=\"content-phone\"><span class=\"contact-pre\">T<\/span> <a href=\"tel:+4923144202066\">+49 (231) 44 20 20 66<\/a><\/span>\n\t\t\t\t\t\t\t\t\t\t\t\t\t\t\t\t\t\t\t\t\t\t\t\t<span class=\"content-mail\"><br\/><span class=\"contact-pre\">E<\/span>  <a href=\"javascript:secureDecryptAndNavigate('o8tt8T8xCL7EuNE5Kl3UHk0KOBhAvhGT3xbb6QSKagwvynF34DHvlnwIasBWY58kVD4pjA9WoS+C84E4ix6w912idgtcbKkeNNU=', '7fb6b0a631c756e2798c0419dd401ac6392a180022e45865affe1bd81a905598')\">f.zimmermann@sha.de<\/a><\/span>\n\t\t\t\t\t\t\t\t\t\t\t\t\t\t\t\t\t\t<\/p>\n\t\t<\/div>\n\t<\/div>\n\t\t\t<\/div>\n\n\t<\/div>\n<\/article>\n\t\t\t\t\t\t\t<\/div>\n\t\t\t\t\t\t\t<div id=\"team-popup-37120\" class=\"popup person-popup  person-popup-small popup-wrap bg-alternate fullwidth p-default mfp-hide\">\n\t<div class=\"popup-column popup-column-person card-entry person-entry bg-main flex_column  av_one_half first\">\n\t\t<article id=\"\" class=\"   text-align-     \">\n\t<div class=\"card-entry__inner\">\n\t\t\n\t<div class=\"card-entry__media media-type-\">\n\t\t<div class=\"card-entry__media-inner\">\n\t\t\t\t\t\t\t<img decoding=\"async\" src=\"https:\/\/sha-luzern.ch\/wp-content\/uploads\/004-SHA-Dortmund-Florian-Zimmermann-Web_2-706x313.jpg\" \/>\n\t\t\t\t\t<\/div>\n\t<\/div>\n\n\t<div class=\"card_entry__content-wrap\">\n\t\t\t\t\t<div class=\"card-entry__heading\">\n\t<div class=\"card-entry__heading-inner\">\n\n\n\t\t\t\n\t\t\t\t\t\t\t<span class=\"card-entry__subheadline card-entry__title person-job \">\n\t\t\t\t\tMestrado em Artes\n\t\t\t\t<\/span>\n\t\t\t\n\t\t\t\n\t\t\t\t\t\t\t<h3 class=\"card-entry__headline person-name \">\n\t\t\t\t\t<span class=\"name-first\">Florian  <\/span><span class=\"name-last\">Zimmermann<\/span>\n\t\t\t\t<\/h3>\n\t\t\t\n\t\t\t\t\t\t\t<span class=\"card-entry__subheadline person-job \">\n\t\t\t\t\tPlaneamento e conce\u00e7\u00e3o\n\t\t\t\t<\/span>\n\t\t\t\n\t\t\n\t<\/div>\n<\/div>\n\t\t\n\n\t\t\t\t\t<div class=\"card-entry__content content-type-default\">\n\t\t\t\t<div class=\"card-entry__content-inner\">\n\t\t\t\t\t<h3 class=\"popup-headline\">Foco na SHA<\/h3>\n\t\t\t\t\t<p class=\"card-entry__contents desc\">\n\t\t\t\t\t\tFlorian Zimmermann faz parte da nossa equipa desde 2023.\nPara al\u00e9m de participar em concursos, est\u00e1 tamb\u00e9m envolvido em projectos. \n\t\t\t\t\t<\/p>\n\t\t\t\t<\/div>\n\t\t\t<\/div>\n\t\t\n\t<\/div>\n\n\t<\/div>\n<\/article>\n\t<\/div>\n\n\t<div class=\"popup-columns-wrap flex_column  av_one_half\">\n\t\t<div class=\"popup-column popup-column-career flex_column  av_one_full first bg-alternate\">\n\t\t\t<h2 class=\"popup-headline\">Carreira<\/h2>\n\t\t\t<ul class=\"popup-list popup-list-career\">\n\t\t\t\t\t\t\t\t\t\t\t\t\t\t\t\t\t\t\t\t\t\t<li class=\"popup-list__headline popup-list__headline-career\">\n\t\t\t\t\t\t\t\t<span class=\"popup-point popup-point--career headline\">Trabalho<\/span>\n\t\t\t\t\t\t\t<\/li>\n\t\t\t\t\t\t\t\t\t\t\t\t\t\t\t\t\t\t\t\t\t\t\t\t<li class=\"popup-list__item popup-list__item-career\">\n\t\t\t\t\t\t\t\t<span class=\"popup-point popup-point--career timespan\">desde 2023<\/span>\n\t\t\t\t\t\t\t\t<span class=\"popup-point popup-point--career point\">SHA Scheffler Helbich Architekten GmbH<\/span>\n\t\t\t\t\t\t\t<\/li>\n\t\t\t\t\t\t\t\t\t\t\t\t\t\t\t\t\t\t\t\t\t\t\t\t<li class=\"popup-list__headline popup-list__headline-career\">\n\t\t\t\t\t\t\t\t<span class=\"popup-point popup-point--career headline\">Estudo e forma\u00e7\u00e3o<\/span>\n\t\t\t\t\t\t\t<\/li>\n\t\t\t\t\t\t\t\t\t\t\t\t\t\t\t\t\t\t\t\t\t\t\t\t<li class=\"popup-list__item popup-list__item-career\">\n\t\t\t\t\t\t\t\t<span class=\"popup-point popup-point--career timespan\">2020 - 2023<\/span>\n\t\t\t\t\t\t\t\t<span class=\"popup-point popup-point--career point\">Mestrado em arquitetura, FH Dortmund<\/span>\n\t\t\t\t\t\t\t<\/li>\n\t\t\t\t\t\t\t\t\t\t\t\t\t\t\t\t\t\t\t\t\t\t\t\t<li class=\"popup-list__item popup-list__item-career\">\n\t\t\t\t\t\t\t\t<span class=\"popup-point popup-point--career timespan\">2016 - 2020<\/span>\n\t\t\t\t\t\t\t\t<span class=\"popup-point popup-point--career point\">Licenciatura em Arquitetura, FH Dortmund<\/span>\n\t\t\t\t\t\t\t<\/li>\n\t\t\t\t\t\t\t\t\t\t\t\t\t\t\t\t\t\t<\/ul>\n\t\t<\/div>\n\t\t\t<\/div>\n<\/div>\n\n\t\t\t\t\t\t\t\n\t\t\t\t\t\t\t\t\t\t\t\t\t\t\n\t\t\t\t\t\t\t\t\t\t\t\t\t<div class=\"flex_column av_one_third bg-alternate teamgrid-column  column-top-margin\">\n\t\t\t\t\t\t\t\t<article id=\"\" class=\"card-entry person-entry   text-align-left     has-button \">\n\t<div class=\"card-entry__inner\">\n\t\t\n\t<div class=\"card-entry__media media-type-\">\n\t\t<div class=\"card-entry__media-inner\">\n\t\t\t\t\t\t\t<div class=\"card-entry__action\">\n\t<div class=\"card-entry__action-inner\">\n\t\t<div class=\"card-entry__button-wrap avia-button-wrap avia-button-right theme-fill\">\n\t\t\t\t\t\t\t<a class=\"card-entry__button avia-button avia-button color-ci-black hover-yellow avia-size-small popup-toggle avia-position-right no-scroll\" href=\"#team-popup-53639\">\n\t\t\t\t\t<span class=\"button-icon\"><i class=\"icon-arrow_next\"><\/i><\/span><span class=\"button-text\">Saiba mais<\/span>\n\t\t\t\t<\/a>\n\t\t\t\t\t<\/div>\n\t<\/div>\n<\/div>\n\t\t\t\t\t\t\t\t\t\t\t\t\t\t\t<img decoding=\"async\" src=\"https:\/\/sha-luzern.ch\/wp-content\/uploads\/Dummy-706x313.jpg\" \/>\n\t\t\t\t\t\t\t\t\t<\/div>\n\t<\/div>\n\n\t<div class=\"card_entry__content-wrap\">\n\t\t\t\t\t<div class=\"card-entry__heading\">\n\t<div class=\"card-entry__heading-inner\">\n\n\n\t\t\t\n\t\t\t\t\t\t\t<span class=\"card-entry__subheadline card-entry__title person-job \">\n\t\t\t\t\tDiplomata (FH)\n\t\t\t\t<\/span>\n\t\t\t\n\t\t\t\n\t\t\t\t\t\t\t<h3 class=\"card-entry__headline person-name \">\n\t\t\t\t\t<span class=\"name-first\">A. <\/span><span class=\"name-last\">Sch\u00fctte<\/span>\n\t\t\t\t<\/h3>\n\t\t\t\n\t\t\t\t\t\t\t<span class=\"card-entry__subheadline person-job \">\n\t\t\t\t\tGest\u00e3o da constru\u00e7\u00e3o\n\t\t\t\t<\/span>\n\t\t\t\n\t\t\n\t<\/div>\n<\/div>\n\t\t\t\t\t\t\t\t<div class=\"card-entry__content content-type-default\">\n\t\t<div class=\"card-entry__content-inner\">\n\t\t\t<p class=\"card-entry__contents\">\n\t\t\t\t\t\t\t\t\t\t\t\t\t\t\t\t\t\t\t\t\t\t<span class=\"content-phone\"><span class=\"contact-pre\">T<\/span> <a href=\"tel:+4923144202045\">+49 (231) 44 20 20 45<\/a><\/span>\n\t\t\t\t\t\t\t\t\t\t\t\t\t\t\t\t\t\t\t\t\t\t\t\t<span class=\"content-mail\"><br\/><span class=\"contact-pre\">E<\/span>  <a href=\"javascript:secureDecryptAndNavigate('ksbUWTZUkY26+ERJox59S\/3EP9VIPbyjY\/c2XomXtwCfw3blSaMDKw1avjhILgJOit52T5qtb2oGYDHe487dM0uGMvObjv9p', '7fb6b0a631c756e2798c0419dd401ac6392a180022e45865affe1bd81a905598')\">a.schuette@sha.de<\/a><\/span>\n\t\t\t\t\t\t\t\t\t\t\t\t\t\t\t\t\t\t<\/p>\n\t\t<\/div>\n\t<\/div>\n\t\t\t<\/div>\n\n\t<\/div>\n<\/article>\n\t\t\t\t\t\t\t<\/div>\n\t\t\t\t\t\t\t<div id=\"team-popup-53639\" class=\"popup person-popup  person-popup-small popup-wrap bg-alternate fullwidth p-default mfp-hide\">\n\t<div class=\"popup-column popup-column-person card-entry person-entry bg-main flex_column  av_one_half first\">\n\t\t<article id=\"\" class=\"   text-align-     \">\n\t<div class=\"card-entry__inner\">\n\t\t\n\t<div class=\"card-entry__media media-type-\">\n\t\t<div class=\"card-entry__media-inner\">\n\t\t\t\t\t\t\t<img decoding=\"async\" src=\"https:\/\/sha-luzern.ch\/wp-content\/uploads\/Dummy-706x313.jpg\" \/>\n\t\t\t\t\t<\/div>\n\t<\/div>\n\n\t<div class=\"card_entry__content-wrap\">\n\t\t\t\t\t<div class=\"card-entry__heading\">\n\t<div class=\"card-entry__heading-inner\">\n\n\n\t\t\t\n\t\t\t\t\t\t\t<span class=\"card-entry__subheadline card-entry__title person-job \">\n\t\t\t\t\tDiplomata (FH)\n\t\t\t\t<\/span>\n\t\t\t\n\t\t\t\n\t\t\t\t\t\t\t<h3 class=\"card-entry__headline person-name \">\n\t\t\t\t\t<span class=\"name-first\">A. <\/span><span class=\"name-last\">Sch\u00fctte<\/span>\n\t\t\t\t<\/h3>\n\t\t\t\n\t\t\t\t\t\t\t<span class=\"card-entry__subheadline person-job \">\n\t\t\t\t\tGest\u00e3o da constru\u00e7\u00e3o\n\t\t\t\t<\/span>\n\t\t\t\n\t\t\n\t<\/div>\n<\/div>\n\t\t\n\n\t\t\n\t<\/div>\n\n\t<\/div>\n<\/article>\n\t<\/div>\n\n\t<div class=\"popup-columns-wrap flex_column  av_one_half\">\n\t\t<div class=\"popup-column popup-column-career flex_column  av_one_full first bg-alternate\">\n\t\t\t<h2 class=\"popup-headline\">Carreira<\/h2>\n\t\t\t<ul class=\"popup-list popup-list-career\">\n\t\t\t\t\t\t\t\t\t\t\t\t\t\t\t\t\t\t\t\t\t\t<li class=\"popup-list__headline popup-list__headline-career\">\n\t\t\t\t\t\t\t\t<span class=\"popup-point popup-point--career headline\">Trabalho<\/span>\n\t\t\t\t\t\t\t<\/li>\n\t\t\t\t\t\t\t\t\t\t\t\t\t\t\t\t\t\t\t\t\t\t\t\t<li class=\"popup-list__item popup-list__item-career\">\n\t\t\t\t\t\t\t\t<span class=\"popup-point popup-point--career timespan\">desde 2025<\/span>\n\t\t\t\t\t\t\t\t<span class=\"popup-point popup-point--career point\">SHA Scheffler Helbich Architekten GmbH<\/span>\n\t\t\t\t\t\t\t<\/li>\n\t\t\t\t\t\t\t\t\t\t\t\t\t\t\t\t\t\t\t\t\t\t\t\t<li class=\"popup-list__item popup-list__item-career\">\n\t\t\t\t\t\t\t\t<span class=\"popup-point popup-point--career timespan\">2021 - 2025<\/span>\n\t\t\t\t\t\t\t\t<span class=\"popup-point popup-point--career point\">Gabinete de arquitetura KW, Heide<\/span>\n\t\t\t\t\t\t\t<\/li>\n\t\t\t\t\t\t\t\t\t\t\t\t\t\t\t\t\t\t\t\t\t\t\t\t<li class=\"popup-list__item popup-list__item-career\">\n\t\t\t\t\t\t\t\t<span class=\"popup-point popup-point--career timespan\">2014 - 2021<\/span>\n\t\t\t\t\t\t\t\t<span class=\"popup-point popup-point--career point\">KKP Arquitectos, Hamburgo  <\/span>\n\t\t\t\t\t\t\t<\/li>\n\t\t\t\t\t\t\t\t\t\t\t\t\t\t\t\t\t\t\t\t\t\t\t\t<li class=\"popup-list__item popup-list__item-career\">\n\t\t\t\t\t\t\t\t<span class=\"popup-point popup-point--career timespan\">2012 - 2014<\/span>\n\t\t\t\t\t\t\t\t<span class=\"popup-point popup-point--career point\">SHA Scheffler Helbich Architekten GmbH<\/span>\n\t\t\t\t\t\t\t<\/li>\n\t\t\t\t\t\t\t\t\t\t\t\t\t\t\t\t\t\t\t\t\t\t\t\t<li class=\"popup-list__item popup-list__item-career\">\n\t\t\t\t\t\t\t\t<span class=\"popup-point popup-point--career timespan\">2009 - 2011<\/span>\n\t\t\t\t\t\t\t\t<span class=\"popup-point popup-point--career point\">vahle baumanagement, Bochum<\/span>\n\t\t\t\t\t\t\t<\/li>\n\t\t\t\t\t\t\t\t\t\t\t\t\t\t\t\t\t\t\t\t\t\t\t\t<li class=\"popup-list__item popup-list__item-career\">\n\t\t\t\t\t\t\t\t<span class=\"popup-point popup-point--career timespan\">2007 - 2009<\/span>\n\t\t\t\t\t\t\t\t<span class=\"popup-point popup-point--career point\">Zarinfar Construction Management, Col\u00f3nia<\/span>\n\t\t\t\t\t\t\t<\/li>\n\t\t\t\t\t\t\t\t\t\t\t\t\t\t\t\t\t\t\t\t\t\t\t\t<li class=\"popup-list__headline popup-list__headline-career\">\n\t\t\t\t\t\t\t\t<span class=\"popup-point popup-point--career headline\">Estudo e forma\u00e7\u00e3o<\/span>\n\t\t\t\t\t\t\t<\/li>\n\t\t\t\t\t\t\t\t\t\t\t\t\t\t\t\t\t\t\t\t\t\t\t\t<li class=\"popup-list__item popup-list__item-career\">\n\t\t\t\t\t\t\t\t<span class=\"popup-point popup-point--career timespan\">1993 - 1998<\/span>\n\t\t\t\t\t\t\t\t<span class=\"popup-point popup-point--career point\">Estudou arquitetura, HTWK Leipzig<\/span>\n\t\t\t\t\t\t\t<\/li>\n\t\t\t\t\t\t\t\t\t\t\t\t\t\t\t\t\t\t<\/ul>\n\t\t<\/div>\n\t\t\t<\/div>\n<\/div>\n\n\t\t\t\t\t\t\t\n\t\t\t\t\t\t\t\t\t\t\t\t\t\t\n\t\t\t\t\t\t\t\t\t\t\t\t\t<div class=\"flex_column av_one_third bg-alternate teamgrid-column  column-top-margin\">\n\t\t\t\t\t\t\t\t<article id=\"\" class=\"card-entry person-entry   text-align-left     has-button \">\n\t<div class=\"card-entry__inner\">\n\t\t\n\t<div class=\"card-entry__media media-type-\">\n\t\t<div class=\"card-entry__media-inner\">\n\t\t\t\t\t\t\t<div class=\"card-entry__action\">\n\t<div class=\"card-entry__action-inner\">\n\t\t<div class=\"card-entry__button-wrap avia-button-wrap avia-button-right theme-fill\">\n\t\t\t\t\t\t\t<a class=\"card-entry__button avia-button avia-button color-ci-black hover-yellow avia-size-small popup-toggle avia-position-right no-scroll\" href=\"#team-popup-37058\">\n\t\t\t\t\t<span class=\"button-icon\"><i class=\"icon-arrow_next\"><\/i><\/span><span class=\"button-text\">Saiba mais<\/span>\n\t\t\t\t<\/a>\n\t\t\t\t\t<\/div>\n\t<\/div>\n<\/div>\n\t\t\t\t\t\t\t\t\t\t\t\t\t\t\t<img decoding=\"async\" src=\"https:\/\/sha-luzern.ch\/wp-content\/uploads\/max_frittgen-706x313.jpg\" \/>\n\t\t\t\t\t\t\t\t\t<\/div>\n\t<\/div>\n\n\t<div class=\"card_entry__content-wrap\">\n\t\t\t\t\t<div class=\"card-entry__heading\">\n\t<div class=\"card-entry__heading-inner\">\n\n\n\t\t\t\n\t\t\t\t\t\t\t<span class=\"card-entry__subheadline card-entry__title person-job \">\n\t\t\t\t\tMestrado em Ci\u00eancias\n\t\t\t\t<\/span>\n\t\t\t\n\t\t\t\n\t\t\t\t\t\t\t<h3 class=\"card-entry__headline person-name \">\n\t\t\t\t\t<span class=\"name-first\">Max <\/span><span class=\"name-last\">Frittgen<\/span>\n\t\t\t\t<\/h3>\n\t\t\t\n\t\t\t\t\t\t\t<span class=\"card-entry__subheadline person-job \">\n\t\t\t\t\tComunica\u00e7\u00f5es empresariais\n\t\t\t\t<\/span>\n\t\t\t\n\t\t\n\t<\/div>\n<\/div>\n\t\t\t\t\t\t\t\t<div class=\"card-entry__content content-type-default\">\n\t\t<div class=\"card-entry__content-inner\">\n\t\t\t<p class=\"card-entry__contents\">\n\t\t\t\t\t\t\t\t\t\t\t\t\t\t\t\t\t\t\t\t\t\t<span class=\"content-phone\"><span class=\"contact-pre\">T<\/span> <a href=\"tel:+4923144202084\">+49 (231) 44 20 20 84<\/a><\/span>\n\t\t\t\t\t\t\t\t\t\t\t\t\t\t\t\t\t\t\t\t\t\t\t\t<span class=\"content-mail\"><br\/><span class=\"contact-pre\">E<\/span>  <a href=\"javascript:secureDecryptAndNavigate('Eav8k7YvnNAU\/hDcoibf0A8wWVt+goiFvuLc3kEgoo88hENGFZI0TkfrgHdx1zj0lbP5DvDlAiKZYH0D44PzVsSMZupRxudv', '7fb6b0a631c756e2798c0419dd401ac6392a180022e45865affe1bd81a905598')\">m.frittgen@sha.de<\/a><\/span>\n\t\t\t\t\t\t\t\t\t\t\t\t\t\t\t\t\t\t<\/p>\n\t\t<\/div>\n\t<\/div>\n\t\t\t<\/div>\n\n\t<\/div>\n<\/article>\n\t\t\t\t\t\t\t<\/div>\n\t\t\t\t\t\t\t<div id=\"team-popup-37058\" class=\"popup person-popup  person-popup-small popup-wrap bg-alternate fullwidth p-default mfp-hide\">\n\t<div class=\"popup-column popup-column-person card-entry person-entry bg-main flex_column  av_one_half first\">\n\t\t<article id=\"\" class=\"   text-align-     \">\n\t<div class=\"card-entry__inner\">\n\t\t\n\t<div class=\"card-entry__media media-type-\">\n\t\t<div class=\"card-entry__media-inner\">\n\t\t\t\t\t\t\t<img decoding=\"async\" src=\"https:\/\/sha-luzern.ch\/wp-content\/uploads\/max_frittgen-706x313.jpg\" \/>\n\t\t\t\t\t<\/div>\n\t<\/div>\n\n\t<div class=\"card_entry__content-wrap\">\n\t\t\t\t\t<div class=\"card-entry__heading\">\n\t<div class=\"card-entry__heading-inner\">\n\n\n\t\t\t\n\t\t\t\t\t\t\t<span class=\"card-entry__subheadline card-entry__title person-job \">\n\t\t\t\t\tMestrado em Ci\u00eancias\n\t\t\t\t<\/span>\n\t\t\t\n\t\t\t\n\t\t\t\t\t\t\t<h3 class=\"card-entry__headline person-name \">\n\t\t\t\t\t<span class=\"name-first\">Max <\/span><span class=\"name-last\">Frittgen<\/span>\n\t\t\t\t<\/h3>\n\t\t\t\n\t\t\t\t\t\t\t<span class=\"card-entry__subheadline person-job \">\n\t\t\t\t\tComunica\u00e7\u00f5es empresariais\n\t\t\t\t<\/span>\n\t\t\t\n\t\t\n\t<\/div>\n<\/div>\n\t\t\n\n\t\t\n\t<\/div>\n\n\t<\/div>\n<\/article>\n\t<\/div>\n\n\t<div class=\"popup-columns-wrap flex_column  av_one_half\">\n\t\t<div class=\"popup-column popup-column-career flex_column  av_one_full first bg-alternate\">\n\t\t\t<h2 class=\"popup-headline\">Carreira<\/h2>\n\t\t\t<ul class=\"popup-list popup-list-career\">\n\t\t\t\t\t\t\t\t\t\t\t\t\t\t\t\t\t\t\t\t\t\t<li class=\"popup-list__headline popup-list__headline-career\">\n\t\t\t\t\t\t\t\t<span class=\"popup-point popup-point--career headline\">Trabalho<\/span>\n\t\t\t\t\t\t\t<\/li>\n\t\t\t\t\t\t\t\t\t\t\t\t\t\t\t\t\t\t\t\t\t\t\t\t<li class=\"popup-list__item popup-list__item-career\">\n\t\t\t\t\t\t\t\t<span class=\"popup-point popup-point--career timespan\">desde 2023<\/span>\n\t\t\t\t\t\t\t\t<span class=\"popup-point popup-point--career point\">  SHA Scheffler Helbich Arquitectos  <\/span>\n\t\t\t\t\t\t\t<\/li>\n\t\t\t\t\t\t\t\t\t\t\t\t\t\t\t\t\t\t\t\t\t\t\t\t<li class=\"popup-list__headline popup-list__headline-career\">\n\t\t\t\t\t\t\t\t<span class=\"popup-point popup-point--career headline\">Estudo e forma\u00e7\u00e3o<\/span>\n\t\t\t\t\t\t\t<\/li>\n\t\t\t\t\t\t\t\t\t\t\t\t\t\t\t\t\t\t\t\t\t\t\t\t<li class=\"popup-list__item popup-list__item-career\">\n\t\t\t\t\t\t\t\t<span class=\"popup-point popup-point--career timespan\">2022-2023<\/span>\n\t\t\t\t\t\t\t\t<span class=\"popup-point popup-point--career point\">Mestrado em Gest\u00e3o dos Meios de Comunica\u00e7\u00e3o em Arquitetura, Universidade de Ci\u00eancias Aplicadas de Bochum<\/span>\n\t\t\t\t\t\t\t<\/li>\n\t\t\t\t\t\t\t\t\t\t\t\t\t\t\t\t\t\t\t\t\t\t\t\t<li class=\"popup-list__item popup-list__item-career\">\n\t\t\t\t\t\t\t\t<span class=\"popup-point popup-point--career timespan\">2017-2022<\/span>\n\t\t\t\t\t\t\t\t<span class=\"popup-point popup-point--career point\">Licenciatura em Arquitetura, Universidade de Ci\u00eancias Aplicadas e Artes de Dortmund<\/span>\n\t\t\t\t\t\t\t<\/li>\n\t\t\t\t\t\t\t\t\t\t\t\t\t\t\t\t\t\t<\/ul>\n\t\t<\/div>\n\t\t\t<\/div>\n<\/div>\n\n\t\t\t\t\t\t\t\n\t\t\t\t\t\t\t\t\t\t\t\t\t\t\n\t\t\t\t\t\t\t\t\t\t\t\t\t<div class=\"flex_column av_one_third bg-alternate teamgrid-column first column-top-margin\">\n\t\t\t\t\t\t\t\t<article id=\"\" class=\"card-entry person-entry   text-align-left     has-button \">\n\t<div class=\"card-entry__inner\">\n\t\t\n\t<div class=\"card-entry__media media-type-\">\n\t\t<div class=\"card-entry__media-inner\">\n\t\t\t\t\t\t\t<div class=\"card-entry__action\">\n\t<div class=\"card-entry__action-inner\">\n\t\t<div class=\"card-entry__button-wrap avia-button-wrap avia-button-right theme-fill\">\n\t\t\t\t\t\t\t<a class=\"card-entry__button avia-button avia-button color-ci-black hover-yellow avia-size-small popup-toggle avia-position-right no-scroll\" href=\"#team-popup-37208\">\n\t\t\t\t\t<span class=\"button-icon\"><i class=\"icon-arrow_next\"><\/i><\/span><span class=\"button-text\">Saiba mais<\/span>\n\t\t\t\t<\/a>\n\t\t\t\t\t<\/div>\n\t<\/div>\n<\/div>\n\t\t\t\t\t\t\t\t\t\t\t\t\t\t\t<img decoding=\"async\" src=\"https:\/\/sha-luzern.ch\/wp-content\/uploads\/web-007-sha-dortmund-anna-maria_WS-706x313.jpg\" \/>\n\t\t\t\t\t\t\t\t\t<\/div>\n\t<\/div>\n\n\t<div class=\"card_entry__content-wrap\">\n\t\t\t\t\t<div class=\"card-entry__heading\">\n\t<div class=\"card-entry__heading-inner\">\n\n\n\t\t\t\n\t\t\t\n\t\t\t\n\t\t\t\t\t\t\t<h3 class=\"card-entry__headline person-name \">\n\t\t\t\t\t<span class=\"name-first\">Anna-Maria  <\/span><span class=\"name-last\">Gyftopoulou<\/span>\n\t\t\t\t<\/h3>\n\t\t\t\n\t\t\t\t\t\t\t<span class=\"card-entry__subheadline person-job \">\n\t\t\t\t\tAprendizes\n\t\t\t\t<\/span>\n\t\t\t\n\t\t\n\t<\/div>\n<\/div>\n\t\t\t\t\t\t\t\t<div class=\"card-entry__content content-type-default\">\n\t\t<div class=\"card-entry__content-inner\">\n\t\t\t<p class=\"card-entry__contents\">\n\t\t\t\t\t\t\t\t\t\t\t\t\t\t\t\t\t\t\t\t\t\t<span class=\"content-phone\"><span class=\"contact-pre\">T<\/span> <a href=\"tel:+4923144202081\">+49 (231) 44 20 20 81<\/a><\/span>\n\t\t\t\t\t\t\t\t\t\t\t\t\t\t\t\t\t\t\t\t\t\t\t\t<span class=\"content-mail\"><br\/><span class=\"contact-pre\">E<\/span>  <a href=\"javascript:secureDecryptAndNavigate('vBPG0ZEcw2R4miG7xoUFnmnsex14QRA8QuinBRWQab3pjSTDf\/9wXshkKl6V8vyjGGOV45+MDF6AbQDnEM\/kNMov7rrjvnj2R5Vj', '7fb6b0a631c756e2798c0419dd401ac6392a180022e45865affe1bd81a905598')\">a.gyftopoulou@sha.de<\/a><\/span>\n\t\t\t\t\t\t\t\t\t\t\t\t\t\t\t\t\t\t<\/p>\n\t\t<\/div>\n\t<\/div>\n\t\t\t<\/div>\n\n\t<\/div>\n<\/article>\n\t\t\t\t\t\t\t<\/div>\n\t\t\t\t\t\t\t<div id=\"team-popup-37208\" class=\"popup person-popup  person-popup-small popup-wrap bg-alternate fullwidth p-default mfp-hide\">\n\t<div class=\"popup-column popup-column-person card-entry person-entry bg-main flex_column  av_one_half first\">\n\t\t<article id=\"\" class=\"   text-align-     \">\n\t<div class=\"card-entry__inner\">\n\t\t\n\t<div class=\"card-entry__media media-type-\">\n\t\t<div class=\"card-entry__media-inner\">\n\t\t\t\t\t\t\t<img decoding=\"async\" src=\"https:\/\/sha-luzern.ch\/wp-content\/uploads\/web-007-sha-dortmund-anna-maria_WS-706x313.jpg\" \/>\n\t\t\t\t\t<\/div>\n\t<\/div>\n\n\t<div class=\"card_entry__content-wrap\">\n\t\t\t\t\t<div class=\"card-entry__heading\">\n\t<div class=\"card-entry__heading-inner\">\n\n\n\t\t\t\n\t\t\t\n\t\t\t\n\t\t\t\t\t\t\t<h3 class=\"card-entry__headline person-name \">\n\t\t\t\t\t<span class=\"name-first\">Anna-Maria  <\/span><span class=\"name-last\">Gyftopoulou<\/span>\n\t\t\t\t<\/h3>\n\t\t\t\n\t\t\t\t\t\t\t<span class=\"card-entry__subheadline person-job \">\n\t\t\t\t\tAprendizes\n\t\t\t\t<\/span>\n\t\t\t\n\t\t\n\t<\/div>\n<\/div>\n\t\t\n\n\t\t\n\t<\/div>\n\n\t<\/div>\n<\/article>\n\t<\/div>\n\n\t<div class=\"popup-columns-wrap flex_column  av_one_half\">\n\t\t<div class=\"popup-column popup-column-career flex_column  av_one_full first bg-alternate\">\n\t\t\t<h2 class=\"popup-headline\">Carreira<\/h2>\n\t\t\t<ul class=\"popup-list popup-list-career\">\n\t\t\t\t\t\t\t\t\t\t\t\t\t\t\t\t\t\t\t\t\t\t<li class=\"popup-list__headline popup-list__headline-career\">\n\t\t\t\t\t\t\t\t<span class=\"popup-point popup-point--career headline\">Estudo e forma\u00e7\u00e3o<\/span>\n\t\t\t\t\t\t\t<\/li>\n\t\t\t\t\t\t\t\t\t\t\t\t\t\t\t\t\t\t\t\t\t\t\t\t<li class=\"popup-list__item popup-list__item-career\">\n\t\t\t\t\t\t\t\t<span class=\"popup-point popup-point--career timespan\">desde 2023<\/span>\n\t\t\t\t\t\t\t\t<span class=\"popup-point popup-point--career point\">Aprendizagem como desenhadora, SHA Scheffler Helbich Architekten GmbH<\/span>\n\t\t\t\t\t\t\t<\/li>\n\t\t\t\t\t\t\t\t\t\t\t\t\t\t\t\t\t\t\t\t\t\t\t\t<li class=\"popup-list__item popup-list__item-career\">\n\t\t\t\t\t\t\t\t<span class=\"popup-point popup-point--career timespan\">2020 - 2023<\/span>\n\t\t\t\t\t\t\t\t<span class=\"popup-point popup-point--career point\">Assistente de design especializado em design gr\u00e1fico e design de objectos, escola profissional do M\u00e4rkischer Kreis em Iserlohn<\/span>\n\t\t\t\t\t\t\t<\/li>\n\t\t\t\t\t\t\t\t\t\t\t\t\t\t\t\t\t\t<\/ul>\n\t\t<\/div>\n\t\t\t<\/div>\n<\/div>\n\n\t\t\t\t\t\t\t\n\t\t\t\t\t\t\t\t\t\t\t\t\t\t\n\t\t\t\t\t\t\t\t\t\t\t\t\t<div class=\"flex_column av_one_third bg-alternate teamgrid-column  column-top-margin\">\n\t\t\t\t\t\t\t\t<article id=\"\" class=\"card-entry person-entry   text-align-left     has-button \">\n\t<div class=\"card-entry__inner\">\n\t\t\n\t<div class=\"card-entry__media media-type-\">\n\t\t<div class=\"card-entry__media-inner\">\n\t\t\t\t\t\t\t<div class=\"card-entry__action\">\n\t<div class=\"card-entry__action-inner\">\n\t\t<div class=\"card-entry__button-wrap avia-button-wrap avia-button-right theme-fill\">\n\t\t\t\t\t\t\t<a class=\"card-entry__button avia-button avia-button color-ci-black hover-yellow avia-size-small popup-toggle avia-position-right no-scroll\" href=\"#team-popup-37088\">\n\t\t\t\t\t<span class=\"button-icon\"><i class=\"icon-arrow_next\"><\/i><\/span><span class=\"button-text\">Saiba mais<\/span>\n\t\t\t\t<\/a>\n\t\t\t\t\t<\/div>\n\t<\/div>\n<\/div>\n\t\t\t\t\t\t\t\t\t\t\t\t\t\t\t<img decoding=\"async\" src=\"https:\/\/sha-luzern.ch\/wp-content\/uploads\/Nockelmann_2_706x313-706x313.jpg\" \/>\n\t\t\t\t\t\t\t\t\t<\/div>\n\t<\/div>\n\n\t<div class=\"card_entry__content-wrap\">\n\t\t\t\t\t<div class=\"card-entry__heading\">\n\t<div class=\"card-entry__heading-inner\">\n\n\n\t\t\t\n\t\t\t\t\t\t\t<span class=\"card-entry__subheadline card-entry__title person-job \">\n\t\t\t\t\tArquiteto J\u00fanior | Licenciatura em Ci\u00eancias\n\t\t\t\t<\/span>\n\t\t\t\n\t\t\t\n\t\t\t\t\t\t\t<h3 class=\"card-entry__headline person-name \">\n\t\t\t\t\t<span class=\"name-first\">Lucas <\/span><span class=\"name-last\">Nockelmann<\/span>\n\t\t\t\t<\/h3>\n\t\t\t\n\t\t\t\t\t\t\t<span class=\"card-entry__subheadline person-job \">\n\t\t\t\t\tGest\u00e3o da constru\u00e7\u00e3o\n\t\t\t\t<\/span>\n\t\t\t\n\t\t\n\t<\/div>\n<\/div>\n\t\t\t\t\t\t\t\t<div class=\"card-entry__content content-type-default\">\n\t\t<div class=\"card-entry__content-inner\">\n\t\t\t<p class=\"card-entry__contents\">\n\t\t\t\t\t\t\t\t\t\t\t\t\t\t\t\t\t\t\t\t\t\t<span class=\"content-phone\"><span class=\"contact-pre\">T<\/span> <a href=\"tel:+4923144202052\">+49 (231) 44 20 20 52<\/a><\/span>\n\t\t\t\t\t\t\t\t\t\t\t\t\t\t\t\t\t\t\t\t\t\t\t\t<span class=\"content-mail\"><br\/><span class=\"contact-pre\">E<\/span>  <a href=\"javascript:secureDecryptAndNavigate('o2octVPYVufLF2358fGtK4KbCez0YOzxHssknv3iN\/xAl9Kg06bsXbFzOoTLBxrfcXnBhi82Tp4Jnq8BX3wCD6H+X9kHTL6si+Y=', '7fb6b0a631c756e2798c0419dd401ac6392a180022e45865affe1bd81a905598')\">l.nockelmann@sha.de<\/a><\/span>\n\t\t\t\t\t\t\t\t\t\t\t\t\t\t\t\t\t\t<\/p>\n\t\t<\/div>\n\t<\/div>\n\t\t\t<\/div>\n\n\t<\/div>\n<\/article>\n\t\t\t\t\t\t\t<\/div>\n\t\t\t\t\t\t\t<div id=\"team-popup-37088\" class=\"popup person-popup  person-popup-small popup-wrap bg-alternate fullwidth p-default mfp-hide\">\n\t<div class=\"popup-column popup-column-person card-entry person-entry bg-main flex_column  av_one_half first\">\n\t\t<article id=\"\" class=\"   text-align-     \">\n\t<div class=\"card-entry__inner\">\n\t\t\n\t<div class=\"card-entry__media media-type-\">\n\t\t<div class=\"card-entry__media-inner\">\n\t\t\t\t\t\t\t<img decoding=\"async\" src=\"https:\/\/sha-luzern.ch\/wp-content\/uploads\/Nockelmann_2_706x313-706x313.jpg\" \/>\n\t\t\t\t\t<\/div>\n\t<\/div>\n\n\t<div class=\"card_entry__content-wrap\">\n\t\t\t\t\t<div class=\"card-entry__heading\">\n\t<div class=\"card-entry__heading-inner\">\n\n\n\t\t\t\n\t\t\t\t\t\t\t<span class=\"card-entry__subheadline card-entry__title person-job \">\n\t\t\t\t\tArquiteto J\u00fanior | Licenciatura em Ci\u00eancias\n\t\t\t\t<\/span>\n\t\t\t\n\t\t\t\n\t\t\t\t\t\t\t<h3 class=\"card-entry__headline person-name \">\n\t\t\t\t\t<span class=\"name-first\">Lucas <\/span><span class=\"name-last\">Nockelmann<\/span>\n\t\t\t\t<\/h3>\n\t\t\t\n\t\t\t\t\t\t\t<span class=\"card-entry__subheadline person-job \">\n\t\t\t\t\tGest\u00e3o da constru\u00e7\u00e3o\n\t\t\t\t<\/span>\n\t\t\t\n\t\t\n\t<\/div>\n<\/div>\n\t\t\n\n\t\t\t\t\t<div class=\"card-entry__content content-type-default\">\n\t\t\t\t<div class=\"card-entry__content-inner\">\n\t\t\t\t\t<h3 class=\"popup-headline\">Foco na SHA<\/h3>\n\t\t\t\t\t<p class=\"card-entry__contents desc\">\n\t\t\t\t\t\tLucas Nockelmann trabalha para n\u00f3s em toda a Alemanha e assegura, no local, que todos os intervenientes na obra est\u00e3o a trabalhar na mesma dire\u00e7\u00e3o.\nEst\u00e1 ao lado do cliente e coordena todos os processos para garantir a boa execu\u00e7\u00e3o dos nossos projectos de constru\u00e7\u00e3o. \n\t\t\t\t\t<\/p>\n\t\t\t\t<\/div>\n\t\t\t<\/div>\n\t\t\n\t<\/div>\n\n\t<\/div>\n<\/article>\n\t<\/div>\n\n\t<div class=\"popup-columns-wrap flex_column  av_one_half\">\n\t\t<div class=\"popup-column popup-column-career flex_column  av_one_full first bg-alternate\">\n\t\t\t<h2 class=\"popup-headline\">Carreira<\/h2>\n\t\t\t<ul class=\"popup-list popup-list-career\">\n\t\t\t\t\t\t\t\t\t\t\t\t\t\t\t\t\t\t\t\t\t\t<li class=\"popup-list__headline popup-list__headline-career\">\n\t\t\t\t\t\t\t\t<span class=\"popup-point popup-point--career headline\">Trabalho<\/span>\n\t\t\t\t\t\t\t<\/li>\n\t\t\t\t\t\t\t\t\t\t\t\t\t\t\t\t\t\t\t\t\t\t\t\t<li class=\"popup-list__item popup-list__item-career\">\n\t\t\t\t\t\t\t\t<span class=\"popup-point popup-point--career timespan\">desde 2020<\/span>\n\t\t\t\t\t\t\t\t<span class=\"popup-point popup-point--career point\">SHA Scheffler Helbich Architekten GmbH<\/span>\n\t\t\t\t\t\t\t<\/li>\n\t\t\t\t\t\t\t\t\t\t\t\t\t\t\t\t\t\t\t\t\t\t\t\t<li class=\"popup-list__headline popup-list__headline-career\">\n\t\t\t\t\t\t\t\t<span class=\"popup-point popup-point--career headline\">Estudo e forma\u00e7\u00e3o<\/span>\n\t\t\t\t\t\t\t<\/li>\n\t\t\t\t\t\t\t\t\t\t\t\t\t\t\t\t\t\t\t\t\t\t\t\t<li class=\"popup-list__item popup-list__item-career\">\n\t\t\t\t\t\t\t\t<span class=\"popup-point popup-point--career timespan\">2018-2022<\/span>\n\t\t\t\t\t\t\t\t<span class=\"popup-point popup-point--career point\">Estudou na Universidade de Ci\u00eancias Aplicadas e Artes de Dortmund, Faculdade de Arquitetura<\/span>\n\t\t\t\t\t\t\t<\/li>\n\t\t\t\t\t\t\t\t\t\t\t\t\t\t\t\t\t\t\t\t\t\t\t\t<li class=\"popup-list__item popup-list__item-career\">\n\t\t\t\t\t\t\t\t<span class=\"popup-point popup-point--career timespan\">desde 2023<\/span>\n\t\t\t\t\t\t\t\t<span class=\"popup-point popup-point--career point\">Estudos na Universidade de Wuppertal (Gest\u00e3o da Constru\u00e7\u00e3o)<\/span>\n\t\t\t\t\t\t\t<\/li>\n\t\t\t\t\t\t\t\t\t\t\t\t\t\t\t\t\t\t<\/ul>\n\t\t<\/div>\n\t\t\t<\/div>\n<\/div>\n\n\t\t\t\t\t\t\t\n\t\t\t\t\t\t\t\t\t\t\t\t\t\t\n\t\t\t\t\t\t\t\t\t\t\t\t\t<div class=\"flex_column av_one_third bg-alternate teamgrid-column  column-top-margin\">\n\t\t\t\t\t\t\t\t<article id=\"\" class=\"card-entry person-entry   text-align-left     has-button \">\n\t<div class=\"card-entry__inner\">\n\t\t\n\t<div class=\"card-entry__media media-type-\">\n\t\t<div class=\"card-entry__media-inner\">\n\t\t\t\t\t\t\t<div class=\"card-entry__action\">\n\t<div class=\"card-entry__action-inner\">\n\t\t<div class=\"card-entry__button-wrap avia-button-wrap avia-button-right theme-fill\">\n\t\t\t\t\t\t\t<a class=\"card-entry__button avia-button avia-button color-ci-black hover-yellow avia-size-small popup-toggle avia-position-right no-scroll\" href=\"#team-popup-55348\">\n\t\t\t\t\t<span class=\"button-icon\"><i class=\"icon-arrow_next\"><\/i><\/span><span class=\"button-text\">Saiba mais<\/span>\n\t\t\t\t<\/a>\n\t\t\t\t\t<\/div>\n\t<\/div>\n<\/div>\n\t\t\t\t\t\t\t\t\t\t\t\t\t\t\t<img decoding=\"async\" src=\"https:\/\/sha-luzern.ch\/wp-content\/uploads\/web-005-\u00a9gescheschmidt-sha-12.9.25-wladimir-kadryaev-e1762340211734-706x313.jpg\" \/>\n\t\t\t\t\t\t\t\t\t<\/div>\n\t<\/div>\n\n\t<div class=\"card_entry__content-wrap\">\n\t\t\t\t\t<div class=\"card-entry__heading\">\n\t<div class=\"card-entry__heading-inner\">\n\n\n\t\t\t\n\t\t\t\n\t\t\t\n\t\t\t\t\t\t\t<h3 class=\"card-entry__headline person-name \">\n\t\t\t\t\t<span class=\"name-first\">Wladimir <\/span><span class=\"name-last\">Kadryaev<\/span>\n\t\t\t\t<\/h3>\n\t\t\t\n\t\t\t\t\t\t\t<span class=\"card-entry__subheadline person-job \">\n\t\t\t\t\tPlanifica\u00e7\u00e3o do trabalho dos estudantes\n\t\t\t\t<\/span>\n\t\t\t\n\t\t\n\t<\/div>\n<\/div>\n\t\t\t\t\t\t\t\t<div class=\"card-entry__content content-type-default\">\n\t\t<div class=\"card-entry__content-inner\">\n\t\t\t<p class=\"card-entry__contents\">\n\t\t\t\t\t\t\t\t\t\t\t\t\t\t\t\t\t\t\t\t\t\t<span class=\"content-phone\"><span class=\"contact-pre\">T<\/span> <a href=\"tel:+4923144202064\">+49 (231) 44 20 20 64<\/a><\/span>\n\t\t\t\t\t\t\t\t\t\t\t\t\t\t\t\t\t\t\t\t\t\t\t\t<span class=\"content-mail\"><br\/><span class=\"contact-pre\">E<\/span>  <a href=\"javascript:secureDecryptAndNavigate('z946XUHY2VvvJy0faDm4LDdliM52JGMY0jCKlalUG9LXB5hwE9d+b0SkkZV5rBvZhubiNHTqlIfNPCXy69vDmjx1HFf7nZbJ', '7fb6b0a631c756e2798c0419dd401ac6392a180022e45865affe1bd81a905598')\">w.kadryaev@sha.de<\/a><\/span>\n\t\t\t\t\t\t\t\t\t\t\t\t\t\t\t\t\t\t<\/p>\n\t\t<\/div>\n\t<\/div>\n\t\t\t<\/div>\n\n\t<\/div>\n<\/article>\n\t\t\t\t\t\t\t<\/div>\n\t\t\t\t\t\t\t<div id=\"team-popup-55348\" class=\"popup person-popup  person-popup-small popup-wrap bg-alternate fullwidth p-default mfp-hide\">\n\t<div class=\"popup-column popup-column-person card-entry person-entry bg-main flex_column  av_one_half first\">\n\t\t<article id=\"\" class=\"   text-align-     \">\n\t<div class=\"card-entry__inner\">\n\t\t\n\t<div class=\"card-entry__media media-type-\">\n\t\t<div class=\"card-entry__media-inner\">\n\t\t\t\t\t\t\t<img decoding=\"async\" src=\"https:\/\/sha-luzern.ch\/wp-content\/uploads\/web-005-\u00a9gescheschmidt-sha-12.9.25-wladimir-kadryaev-e1762340211734-706x313.jpg\" \/>\n\t\t\t\t\t<\/div>\n\t<\/div>\n\n\t<div class=\"card_entry__content-wrap\">\n\t\t\t\t\t<div class=\"card-entry__heading\">\n\t<div class=\"card-entry__heading-inner\">\n\n\n\t\t\t\n\t\t\t\n\t\t\t\n\t\t\t\t\t\t\t<h3 class=\"card-entry__headline person-name \">\n\t\t\t\t\t<span class=\"name-first\">Wladimir <\/span><span class=\"name-last\">Kadryaev<\/span>\n\t\t\t\t<\/h3>\n\t\t\t\n\t\t\t\t\t\t\t<span class=\"card-entry__subheadline person-job \">\n\t\t\t\t\tPlanifica\u00e7\u00e3o do trabalho dos estudantes\n\t\t\t\t<\/span>\n\t\t\t\n\t\t\n\t<\/div>\n<\/div>\n\t\t\n\n\t\t\t\t\t<div class=\"card-entry__content content-type-default\">\n\t\t\t\t<div class=\"card-entry__content-inner\">\n\t\t\t\t\t<h3 class=\"popup-headline\">Foco na SHA<\/h3>\n\t\t\t\t\t<p class=\"card-entry__contents desc\">\n\t\t\t\t\t\tWladimir Kadryaev apoia a equipa de planeamento na fase de projeto e execu\u00e7\u00e3o. Os nossos assistentes estudantis s\u00e3o utilizados em todos os projetos em curso, conforme necess\u00e1rio.\n\t\t\t\t\t<\/p>\n\t\t\t\t<\/div>\n\t\t\t<\/div>\n\t\t\n\t<\/div>\n\n\t<\/div>\n<\/article>\n\t<\/div>\n\n\t<div class=\"popup-columns-wrap flex_column  av_one_half\">\n\t\t<div class=\"popup-column popup-column-career flex_column  av_one_full first bg-alternate\">\n\t\t\t<h2 class=\"popup-headline\">Carreira<\/h2>\n\t\t\t<ul class=\"popup-list popup-list-career\">\n\t\t\t\t\t\t\t\t\t\t\t\t\t\t\t\t\t\t\t\t\t\t<li class=\"popup-list__headline popup-list__headline-career\">\n\t\t\t\t\t\t\t\t<span class=\"popup-point popup-point--career headline\">Trabalho<\/span>\n\t\t\t\t\t\t\t<\/li>\n\t\t\t\t\t\t\t\t\t\t\t\t\t\t\t\t\t\t\t\t\t\t\t\t<li class=\"popup-list__item popup-list__item-career\">\n\t\t\t\t\t\t\t\t<span class=\"popup-point popup-point--career timespan\">desde 2025<\/span>\n\t\t\t\t\t\t\t\t<span class=\"popup-point popup-point--career point\">SHA Scheffler Helbich Architekten GmbH; Estudante estagi\u00e1rio<\/span>\n\t\t\t\t\t\t\t<\/li>\n\t\t\t\t\t\t\t\t\t\t\t\t\t\t\t\t\t\t\t\t\t\t\t\t<li class=\"popup-list__headline popup-list__headline-career\">\n\t\t\t\t\t\t\t\t<span class=\"popup-point popup-point--career headline\">Estudo e forma\u00e7\u00e3o<\/span>\n\t\t\t\t\t\t\t<\/li>\n\t\t\t\t\t\t\t\t\t\t\t\t\t\t\t\t\t\t\t\t\t\t\t\t<li class=\"popup-list__item popup-list__item-career\">\n\t\t\t\t\t\t\t\t<span class=\"popup-point popup-point--career timespan\">desde 2022<\/span>\n\t\t\t\t\t\t\t\t<span class=\"popup-point popup-point--career point\">Licenciatura em Arquitetura e Urbanismo, FH M\u00fcnster MSA | M\u00fcnster School of Architecture<\/span>\n\t\t\t\t\t\t\t<\/li>\n\t\t\t\t\t\t\t\t\t\t\t\t\t\t\t\t\t\t<\/ul>\n\t\t<\/div>\n\t\t\t<\/div>\n<\/div>\n\n\t\t\t\t\t\t\t\n\t\t\t\t\t\t\t\t\t\t\t\t\t\t\n\t\t\t\t\t\t\t\t\t\t\t\t\t<div class=\"flex_column av_one_third bg-alternate teamgrid-column first column-top-margin\">\n\t\t\t\t\t\t\t\t<article id=\"\" class=\"card-entry person-entry   text-align-left     has-button \">\n\t<div class=\"card-entry__inner\">\n\t\t\n\t<div class=\"card-entry__media media-type-\">\n\t\t<div class=\"card-entry__media-inner\">\n\t\t\t\t\t\t\t<div class=\"card-entry__action\">\n\t<div class=\"card-entry__action-inner\">\n\t\t<div class=\"card-entry__button-wrap avia-button-wrap avia-button-right theme-fill\">\n\t\t\t\t\t\t\t<a class=\"card-entry__button avia-button avia-button color-ci-black hover-yellow avia-size-small popup-toggle avia-position-right no-scroll\" href=\"#team-popup-37062\">\n\t\t\t\t\t<span class=\"button-icon\"><i class=\"icon-arrow_next\"><\/i><\/span><span class=\"button-text\">Saiba mais<\/span>\n\t\t\t\t<\/a>\n\t\t\t\t\t<\/div>\n\t<\/div>\n<\/div>\n\t\t\t\t\t\t\t\t\t\t\t\t\t\t\t<img decoding=\"async\" src=\"https:\/\/sha-luzern.ch\/wp-content\/uploads\/Kaleja2.png\" \/>\n\t\t\t\t\t\t\t\t\t<\/div>\n\t<\/div>\n\n\t<div class=\"card_entry__content-wrap\">\n\t\t\t\t\t<div class=\"card-entry__heading\">\n\t<div class=\"card-entry__heading-inner\">\n\n\n\t\t\t\n\t\t\t\n\t\t\t\n\t\t\t\t\t\t\t<h3 class=\"card-entry__headline person-name \">\n\t\t\t\t\t<span class=\"name-first\">Dorota <\/span><span class=\"name-last\">Kieseheier<\/span>\n\t\t\t\t<\/h3>\n\t\t\t\n\t\t\t\t\t\t\t<span class=\"card-entry__subheadline person-job \">\n\t\t\t\t\tFinan\u00e7as e Controlo\n\t\t\t\t<\/span>\n\t\t\t\n\t\t\n\t<\/div>\n<\/div>\n\t\t\t\t\t\t\t\t<div class=\"card-entry__content content-type-default\">\n\t\t<div class=\"card-entry__content-inner\">\n\t\t\t<p class=\"card-entry__contents\">\n\t\t\t\t\t\t\t\t\t\t\t\t\t\t\t\t\t\t\t\t\t\t<span class=\"content-phone\"><span class=\"contact-pre\">T<\/span> <a href=\"tel:+4923144202088\">+49 (231) 44 20 20 88<\/a><\/span>\n\t\t\t\t\t\t\t\t\t\t\t\t\t\t\t\t\t\t\t\t\t\t\t\t<span class=\"content-mail\"><br\/><span class=\"contact-pre\">E<\/span>  <a href=\"javascript:secureDecryptAndNavigate('OHdSGS4PDlw7dm7DjEbmOCKRbMTDdyqklgg3JiTwZPZTljqkwl0hQONi\/PPkJqkf7X5h4\/OkXBhsl9CH\/OvYZoS1vx6Phtnb4t0=', '7fb6b0a631c756e2798c0419dd401ac6392a180022e45865affe1bd81a905598')\">d.kieseheier@sha.de<\/a><\/span>\n\t\t\t\t\t\t\t\t\t\t\t\t\t\t\t\t\t\t<\/p>\n\t\t<\/div>\n\t<\/div>\n\t\t\t<\/div>\n\n\t<\/div>\n<\/article>\n\t\t\t\t\t\t\t<\/div>\n\t\t\t\t\t\t\t<div id=\"team-popup-37062\" class=\"popup person-popup  person-popup-small popup-wrap bg-alternate fullwidth p-default mfp-hide\">\n\t<div class=\"popup-column popup-column-person card-entry person-entry bg-main flex_column  av_one_half first\">\n\t\t<article id=\"\" class=\"   text-align-     \">\n\t<div class=\"card-entry__inner\">\n\t\t\n\t<div class=\"card-entry__media media-type-\">\n\t\t<div class=\"card-entry__media-inner\">\n\t\t\t\t\t\t\t<img decoding=\"async\" src=\"https:\/\/sha-luzern.ch\/wp-content\/uploads\/Kaleja2.png\" \/>\n\t\t\t\t\t<\/div>\n\t<\/div>\n\n\t<div class=\"card_entry__content-wrap\">\n\t\t\t\t\t<div class=\"card-entry__heading\">\n\t<div class=\"card-entry__heading-inner\">\n\n\n\t\t\t\n\t\t\t\n\t\t\t\n\t\t\t\t\t\t\t<h3 class=\"card-entry__headline person-name \">\n\t\t\t\t\t<span class=\"name-first\">Dorota <\/span><span class=\"name-last\">Kieseheier<\/span>\n\t\t\t\t<\/h3>\n\t\t\t\n\t\t\t\t\t\t\t<span class=\"card-entry__subheadline person-job \">\n\t\t\t\t\tFinan\u00e7as e Controlo\n\t\t\t\t<\/span>\n\t\t\t\n\t\t\n\t<\/div>\n<\/div>\n\t\t\n\n\t\t\n\t<\/div>\n\n\t<\/div>\n<\/article>\n\t<\/div>\n\n\t<div class=\"popup-columns-wrap flex_column  av_one_half\">\n\t\t<div class=\"popup-column popup-column-career flex_column  av_one_full first bg-alternate\">\n\t\t\t<h2 class=\"popup-headline\">Carreira<\/h2>\n\t\t\t<ul class=\"popup-list popup-list-career\">\n\t\t\t\t\t\t\t\t\t\t\t\t\t\t\t\t\t\t\t\t\t\t<li class=\"popup-list__headline popup-list__headline-career\">\n\t\t\t\t\t\t\t\t<span class=\"popup-point popup-point--career headline\">Trabalho<\/span>\n\t\t\t\t\t\t\t<\/li>\n\t\t\t\t\t\t\t\t\t\t\t\t\t\t\t\t\t\t\t\t\t\t\t\t<li class=\"popup-list__item popup-list__item-career\">\n\t\t\t\t\t\t\t\t<span class=\"popup-point popup-point--career timespan\">desde 2024<\/span>\n\t\t\t\t\t\t\t\t<span class=\"popup-point popup-point--career point\">SHA Scheffler Helbich Architekten GmbH<\/span>\n\t\t\t\t\t\t\t<\/li>\n\t\t\t\t\t\t\t\t\t\t\t\t\t\t\t\t\t\t\t\t\t\t\t\t<li class=\"popup-list__item popup-list__item-career\">\n\t\t\t\t\t\t\t\t<span class=\"popup-point popup-point--career timespan\">2017 - 2024<\/span>\n\t\t\t\t\t\t\t\t<span class=\"popup-point popup-point--career point\">Fleischhacker GmbH & Co KG, Schwerte<\/span>\n\t\t\t\t\t\t\t<\/li>\n\t\t\t\t\t\t\t\t\t\t\t\t\t\t\t\t\t\t\t\t\t\t\t\t<li class=\"popup-list__item popup-list__item-career\">\n\t\t\t\t\t\t\t\t<span class=\"popup-point popup-point--career timespan\">2014 - 2016<\/span>\n\t\t\t\t\t\t\t\t<span class=\"popup-point popup-point--career point\">ATLAS GmbH & Co KG, Dortmund<\/span>\n\t\t\t\t\t\t\t<\/li>\n\t\t\t\t\t\t\t\t\t\t\t\t\t\t\t\t\t\t\t\t\t\t\t\t<li class=\"popup-list__item popup-list__item-career\">\n\t\t\t\t\t\t\t\t<span class=\"popup-point popup-point--career timespan\">2008 - 2014<\/span>\n\t\t\t\t\t\t\t\t<span class=\"popup-point popup-point--career point\">HE-SIE K\u00e4ltetechnik GmbH & CO. KG, Dortmund<\/span>\n\t\t\t\t\t\t\t<\/li>\n\t\t\t\t\t\t\t\t\t\t\t\t\t\t\t\t\t\t\t\t\t\t\t\t<li class=\"popup-list__headline popup-list__headline-career\">\n\t\t\t\t\t\t\t\t<span class=\"popup-point popup-point--career headline\">Estudo e forma\u00e7\u00e3o<\/span>\n\t\t\t\t\t\t\t<\/li>\n\t\t\t\t\t\t\t\t\t\t\t\t\t\t\t\t\t\t\t\t\t\t\t\t<li class=\"popup-list__item popup-list__item-career\">\n\t\t\t\t\t\t\t\t<span class=\"popup-point popup-point--career timespan\">2011 - 2014<\/span>\n\t\t\t\t\t\t\t\t<span class=\"popup-point popup-point--career point\">Forma\u00e7\u00e3o complementar como economista de empresas certificada pelo Estado e especializada em contabilidade<\/span>\n\t\t\t\t\t\t\t<\/li>\n\t\t\t\t\t\t\t\t\t\t\t\t\t\t\t\t\t\t\t\t\t\t\t\t<li class=\"popup-list__item popup-list__item-career\">\n\t\t\t\t\t\t\t\t<span class=\"popup-point popup-point--career timespan\">2005 - 2008<\/span>\n\t\t\t\t\t\t\t\t<span class=\"popup-point popup-point--career point\">Aprendizagem como empregado de escrit\u00f3rio<\/span>\n\t\t\t\t\t\t\t<\/li>\n\t\t\t\t\t\t\t\t\t\t\t\t\t\t\t\t\t\t<\/ul>\n\t\t<\/div>\n\t\t\t<\/div>\n<\/div>\n\n\t\t\t\t\t\t\t\n\t\t\t\t\t\t\t\t\t\t\t\t\t\t\n\t\t\t\t\t\t\t\t\t\t\t\t\t<div class=\"flex_column av_one_third bg-alternate teamgrid-column  column-top-margin\">\n\t\t\t\t\t\t\t\t<article id=\"\" class=\"card-entry person-entry   text-align-left     has-button \">\n\t<div class=\"card-entry__inner\">\n\t\t\n\t<div class=\"card-entry__media media-type-\">\n\t\t<div class=\"card-entry__media-inner\">\n\t\t\t\t\t\t\t<div class=\"card-entry__action\">\n\t<div class=\"card-entry__action-inner\">\n\t\t<div class=\"card-entry__button-wrap avia-button-wrap avia-button-right theme-fill\">\n\t\t\t\t\t\t\t<a class=\"card-entry__button avia-button avia-button color-ci-black hover-yellow avia-size-small popup-toggle avia-position-right no-scroll\" href=\"#team-popup-53580\">\n\t\t\t\t\t<span class=\"button-icon\"><i class=\"icon-arrow_next\"><\/i><\/span><span class=\"button-text\">Saiba mais<\/span>\n\t\t\t\t<\/a>\n\t\t\t\t\t<\/div>\n\t<\/div>\n<\/div>\n\t\t\t\t\t\t\t\t\t\t\t\t\t\t\t<img decoding=\"async\" src=\"https:\/\/sha-luzern.ch\/wp-content\/uploads\/Dummy_frau2-1-706x313.jpg\" \/>\n\t\t\t\t\t\t\t\t\t<\/div>\n\t<\/div>\n\n\t<div class=\"card_entry__content-wrap\">\n\t\t\t\t\t<div class=\"card-entry__heading\">\n\t<div class=\"card-entry__heading-inner\">\n\n\n\t\t\t\n\t\t\t\n\t\t\t\n\t\t\t\t\t\t\t<h3 class=\"card-entry__headline person-name \">\n\t\t\t\t\t<span class=\"name-first\">Alessandra <\/span><span class=\"name-last\">Ferreira Leite<\/span>\n\t\t\t\t<\/h3>\n\t\t\t\n\t\t\t\t\t\t\t<span class=\"card-entry__subheadline person-job \">\n\t\t\t\t\tPlaneamento do trabalho dos estudantes\n\t\t\t\t<\/span>\n\t\t\t\n\t\t\n\t<\/div>\n<\/div>\n\t\t\t\t\t\t\t\t<div class=\"card-entry__content content-type-default\">\n\t\t<div class=\"card-entry__content-inner\">\n\t\t\t<p class=\"card-entry__contents\">\n\t\t\t\t\t\t\t\t\t\t\t\t\t\t\t\t\t\t\t\t\t\t<span class=\"content-phone\"><span class=\"contact-pre\">T<\/span> <a href=\"tel:+493023327570\">+49 (30) 23 32 757 0<\/a><\/span>\n\t\t\t\t\t\t\t\t\t\t\t\t\t\t\t\t\t\t\t\t\t\t\t\t<span class=\"content-mail\"><br\/><span class=\"contact-pre\">E<\/span>  <a href=\"javascript:secureDecryptAndNavigate('XiWYRPAf04LSWRb3IsMibvhF0nzzE7su3ESYjxzjJdx\/VJJs\/XDstLsOAo9hQfi9Yn9OsVEpgZJ5+DdnE3ia5sxFpjArK6uoOr+\/UTLm', '7fb6b0a631c756e2798c0419dd401ac6392a180022e45865affe1bd81a905598')\">a.ferreira-leite@sha.de<\/a><\/span>\n\t\t\t\t\t\t\t\t\t\t\t\t\t\t\t\t\t\t<\/p>\n\t\t<\/div>\n\t<\/div>\n\t\t\t<\/div>\n\n\t<\/div>\n<\/article>\n\t\t\t\t\t\t\t<\/div>\n\t\t\t\t\t\t\t<div id=\"team-popup-53580\" class=\"popup person-popup  person-popup-small popup-wrap bg-alternate fullwidth p-default mfp-hide\">\n\t<div class=\"popup-column popup-column-person card-entry person-entry bg-main flex_column  av_one_half first\">\n\t\t<article id=\"\" class=\"   text-align-     \">\n\t<div class=\"card-entry__inner\">\n\t\t\n\t<div class=\"card-entry__media media-type-\">\n\t\t<div class=\"card-entry__media-inner\">\n\t\t\t\t\t\t\t<img decoding=\"async\" src=\"https:\/\/sha-luzern.ch\/wp-content\/uploads\/Dummy_frau2-1-706x313.jpg\" \/>\n\t\t\t\t\t<\/div>\n\t<\/div>\n\n\t<div class=\"card_entry__content-wrap\">\n\t\t\t\t\t<div class=\"card-entry__heading\">\n\t<div class=\"card-entry__heading-inner\">\n\n\n\t\t\t\n\t\t\t\n\t\t\t\n\t\t\t\t\t\t\t<h3 class=\"card-entry__headline person-name \">\n\t\t\t\t\t<span class=\"name-first\">Alessandra <\/span><span class=\"name-last\">Ferreira Leite<\/span>\n\t\t\t\t<\/h3>\n\t\t\t\n\t\t\t\t\t\t\t<span class=\"card-entry__subheadline person-job \">\n\t\t\t\t\tPlaneamento do trabalho dos estudantes\n\t\t\t\t<\/span>\n\t\t\t\n\t\t\n\t<\/div>\n<\/div>\n\t\t\n\n\t\t\n\t<\/div>\n\n\t<\/div>\n<\/article>\n\t<\/div>\n\n\t<div class=\"popup-columns-wrap flex_column  av_one_half\">\n\t\t<div class=\"popup-column popup-column-career flex_column  av_one_full first bg-alternate\">\n\t\t\t<h2 class=\"popup-headline\">Carreira<\/h2>\n\t\t\t<ul class=\"popup-list popup-list-career\">\n\t\t\t\t\t\t\t\t\t\t\t\t\t\t\t\t\t\t\t\t\t\t<li class=\"popup-list__headline popup-list__headline-career\">\n\t\t\t\t\t\t\t\t<span class=\"popup-point popup-point--career headline\">Trabalho<\/span>\n\t\t\t\t\t\t\t<\/li>\n\t\t\t\t\t\t\t\t\t\t\t\t\t\t\t\t\t\t\t\t\t\t\t\t<li class=\"popup-list__item popup-list__item-career\">\n\t\t\t\t\t\t\t\t<span class=\"popup-point popup-point--career timespan\">desde 2025<\/span>\n\t\t\t\t\t\t\t\t<span class=\"popup-point popup-point--career point\">SHA Scheffler Helbich Architekten GmbH<\/span>\n\t\t\t\t\t\t\t<\/li>\n\t\t\t\t\t\t\t\t\t\t\t\t\t\t\t\t\t\t\t\t\t\t\t\t<li class=\"popup-list__item popup-list__item-career\">\n\t\t\t\t\t\t\t\t<span class=\"popup-point popup-point--career timespan\">2024 - 2025<\/span>\n\t\t\t\t\t\t\t\t<span class=\"popup-point popup-point--career point\">raumdeuter GbR<\/span>\n\t\t\t\t\t\t\t<\/li>\n\t\t\t\t\t\t\t\t\t\t\t\t\t\t\t\t\t\t\t\t\t\t\t\t<li class=\"popup-list__headline popup-list__headline-career\">\n\t\t\t\t\t\t\t\t<span class=\"popup-point popup-point--career headline\">Estudo e forma\u00e7\u00e3o<\/span>\n\t\t\t\t\t\t\t<\/li>\n\t\t\t\t\t\t\t\t\t\t\t\t\t\t\t\t\t\t\t\t\t\t\t\t<li class=\"popup-list__item popup-list__item-career\">\n\t\t\t\t\t\t\t\t<span class=\"popup-point popup-point--career timespan\">desde 2025<\/span>\n\t\t\t\t\t\t\t\t<span class=\"popup-point popup-point--career point\">Licenciatura em Engenharia Civil, Universidade T\u00e9cnica de Berlim<\/span>\n\t\t\t\t\t\t\t<\/li>\n\t\t\t\t\t\t\t\t\t\t\t\t\t\t\t\t\t\t\t\t\t\t\t\t<li class=\"popup-list__item popup-list__item-career\">\n\t\t\t\t\t\t\t\t<span class=\"popup-point popup-point--career timespan\">2021 - 2024<\/span>\n\t\t\t\t\t\t\t\t<span class=\"popup-point popup-point--career point\">Licenciatura em Arquitetura, Universidade de Tecnologia de Berlim<\/span>\n\t\t\t\t\t\t\t<\/li>\n\t\t\t\t\t\t\t\t\t\t\t\t\t\t\t\t\t\t<\/ul>\n\t\t<\/div>\n\t\t\t<\/div>\n<\/div>\n\n\t\t\t\t\t\t\t\n\t\t\t\t\t\t\t\t\t\t\t\t\t\t\n\t\t\t\t\t\t\t\t\t\t\t\t\t<div class=\"flex_column av_one_third bg-alternate teamgrid-column  column-top-margin\">\n\t\t\t\t\t\t\t\t<article id=\"\" class=\"card-entry person-entry   text-align-left     has-button \">\n\t<div class=\"card-entry__inner\">\n\t\t\n\t<div class=\"card-entry__media media-type-\">\n\t\t<div class=\"card-entry__media-inner\">\n\t\t\t\t\t\t\t<div class=\"card-entry__action\">\n\t<div class=\"card-entry__action-inner\">\n\t\t<div class=\"card-entry__button-wrap avia-button-wrap avia-button-right theme-fill\">\n\t\t\t\t\t\t\t<a class=\"card-entry__button avia-button avia-button color-ci-black hover-yellow avia-size-small popup-toggle avia-position-right no-scroll\" href=\"#team-popup-55359\">\n\t\t\t\t\t<span class=\"button-icon\"><i class=\"icon-arrow_next\"><\/i><\/span><span class=\"button-text\">Saiba mais<\/span>\n\t\t\t\t<\/a>\n\t\t\t\t\t<\/div>\n\t<\/div>\n<\/div>\n\t\t\t\t\t\t\t\t\t\t\t\t\t\t\t<img decoding=\"async\" src=\"https:\/\/sha-luzern.ch\/wp-content\/uploads\/web-015-\u00a9gescheschmidt-sha-4.11.25-tanja-walbaum-schlosser-e1762348342604-706x313.jpg\" \/>\n\t\t\t\t\t\t\t\t\t<\/div>\n\t<\/div>\n\n\t<div class=\"card_entry__content-wrap\">\n\t\t\t\t\t<div class=\"card-entry__heading\">\n\t<div class=\"card-entry__heading-inner\">\n\n\n\t\t\t\n\t\t\t\n\t\t\t\n\t\t\t\t\t\t\t<h3 class=\"card-entry__headline person-name \">\n\t\t\t\t\t<span class=\"name-first\">Tanja <\/span><span class=\"name-last\">Wallbaum-Schlosser<\/span>\n\t\t\t\t<\/h3>\n\t\t\t\n\t\t\t\t\t\t\t<span class=\"card-entry__subheadline person-job \">\n\t\t\t\t\tAssistente de Equipa | Rece\u00e7\u00e3o \n\t\t\t\t<\/span>\n\t\t\t\n\t\t\n\t<\/div>\n<\/div>\n\t\t\t\t\t\t\t\t<div class=\"card-entry__content content-type-default\">\n\t\t<div class=\"card-entry__content-inner\">\n\t\t\t<p class=\"card-entry__contents\">\n\t\t\t\t\t\t\t\t\t\t\t\t\t\t\t\t\t\t\t\t\t\t<span class=\"content-phone\"><span class=\"contact-pre\">T<\/span> <a href=\"tel:+492314420200\">+49 (231) 44 20 20 0<\/a><\/span>\n\t\t\t\t\t\t\t\t\t\t\t\t\t\t\t\t\t\t\t\t\t\t\t\t<span class=\"content-mail\"><br\/><span class=\"contact-pre\">E<\/span>  <a href=\"javascript:secureDecryptAndNavigate('rC6dxzB+htzCxWvgmfMdmd62mOV3Ym\/aKaLHqav2AXunyAlKrVZLCBkqFACO7AHcce\/TKsngQ6bOgNnlSSk\/0ApavZkJC1n33hAufyJQPfYmSw==', '7fb6b0a631c756e2798c0419dd401ac6392a180022e45865affe1bd81a905598')\">t.wallbaum-schlosser@sha.de<\/a><\/span>\n\t\t\t\t\t\t\t\t\t\t\t\t\t\t\t\t\t\t<\/p>\n\t\t<\/div>\n\t<\/div>\n\t\t\t<\/div>\n\n\t<\/div>\n<\/article>\n\t\t\t\t\t\t\t<\/div>\n\t\t\t\t\t\t\t<div id=\"team-popup-55359\" class=\"popup person-popup  person-popup-small popup-wrap bg-alternate fullwidth p-default mfp-hide\">\n\t<div class=\"popup-column popup-column-person card-entry person-entry bg-main flex_column  av_one_half first\">\n\t\t<article id=\"\" class=\"   text-align-     \">\n\t<div class=\"card-entry__inner\">\n\t\t\n\t<div class=\"card-entry__media media-type-\">\n\t\t<div class=\"card-entry__media-inner\">\n\t\t\t\t\t\t\t<img decoding=\"async\" src=\"https:\/\/sha-luzern.ch\/wp-content\/uploads\/web-015-\u00a9gescheschmidt-sha-4.11.25-tanja-walbaum-schlosser-e1762348342604-706x313.jpg\" \/>\n\t\t\t\t\t<\/div>\n\t<\/div>\n\n\t<div class=\"card_entry__content-wrap\">\n\t\t\t\t\t<div class=\"card-entry__heading\">\n\t<div class=\"card-entry__heading-inner\">\n\n\n\t\t\t\n\t\t\t\n\t\t\t\n\t\t\t\t\t\t\t<h3 class=\"card-entry__headline person-name \">\n\t\t\t\t\t<span class=\"name-first\">Tanja <\/span><span class=\"name-last\">Wallbaum-Schlosser<\/span>\n\t\t\t\t<\/h3>\n\t\t\t\n\t\t\t\t\t\t\t<span class=\"card-entry__subheadline person-job \">\n\t\t\t\t\tAssistente de Equipa | Rece\u00e7\u00e3o \n\t\t\t\t<\/span>\n\t\t\t\n\t\t\n\t<\/div>\n<\/div>\n\t\t\n\n\t\t\t\t\t<div class=\"card-entry__content content-type-default\">\n\t\t\t\t<div class=\"card-entry__content-inner\">\n\t\t\t\t\t<h3 class=\"popup-headline\">Foco na SHA<\/h3>\n\t\t\t\t\t<p class=\"card-entry__contents desc\">\n\t\t\t\t\t\tTanja Wallbaum-Schlosser \u00e9 respons\u00e1vel pelo secretariado e rece\u00e7\u00e3o desde 2025 e organiza o dia a dia do escrit\u00f3rio para n\u00f3s. Ela ter\u00e1 todo o prazer em indicar-lhe o contacto certo para o seu projeto de constru\u00e7\u00e3o. Ligue-nos!\n\t\t\t\t\t<\/p>\n\t\t\t\t<\/div>\n\t\t\t<\/div>\n\t\t\n\t<\/div>\n\n\t<\/div>\n<\/article>\n\t<\/div>\n\n\t<div class=\"popup-columns-wrap flex_column  av_one_half\">\n\t\t<div class=\"popup-column popup-column-career flex_column  av_one_full first bg-alternate\">\n\t\t\t<h2 class=\"popup-headline\">Carreira<\/h2>\n\t\t\t<ul class=\"popup-list popup-list-career\">\n\t\t\t\t\t\t\t\t\t\t\t\t\t\t\t\t\t\t\t\t\t\t<li class=\"popup-list__headline popup-list__headline-career\">\n\t\t\t\t\t\t\t\t<span class=\"popup-point popup-point--career headline\">Trabalho<\/span>\n\t\t\t\t\t\t\t<\/li>\n\t\t\t\t\t\t\t\t\t\t\t\t\t\t\t\t\t\t\t\t\t\t\t\t<li class=\"popup-list__item popup-list__item-career\">\n\t\t\t\t\t\t\t\t<span class=\"popup-point popup-point--career timespan\">desde 2025<\/span>\n\t\t\t\t\t\t\t\t<span class=\"popup-point popup-point--career point\">SHA Scheffler Helbich Architekten GmbH<\/span>\n\t\t\t\t\t\t\t<\/li>\n\t\t\t\t\t\t\t\t\t\t\t\t\t\t\t\t\t\t<\/ul>\n\t\t<\/div>\n\t\t\t<\/div>\n<\/div>\n\n\t\t\t\t\t\t\t\n\t\t\t\t\t\t\t\t\t\t\t\t\t\t\n\t\t\t\t\t\t\t\t\t\t\t\t\t<div class=\"flex_column av_one_third bg-alternate teamgrid-column first column-top-margin\">\n\t\t\t\t\t\t\t\t<article id=\"\" class=\"card-entry person-entry   text-align-left     has-button \">\n\t<div class=\"card-entry__inner\">\n\t\t\n\t<div class=\"card-entry__media media-type-\">\n\t\t<div class=\"card-entry__media-inner\">\n\t\t\t\t\t\t\t<div class=\"card-entry__action\">\n\t<div class=\"card-entry__action-inner\">\n\t\t<div class=\"card-entry__button-wrap avia-button-wrap avia-button-right theme-fill\">\n\t\t\t\t\t\t\t<a class=\"card-entry__button avia-button avia-button color-ci-black hover-yellow avia-size-small popup-toggle avia-position-right no-scroll\" href=\"#team-popup-37045\">\n\t\t\t\t\t<span class=\"button-icon\"><i class=\"icon-arrow_next\"><\/i><\/span><span class=\"button-text\">Saiba mais<\/span>\n\t\t\t\t<\/a>\n\t\t\t\t\t<\/div>\n\t<\/div>\n<\/div>\n\t\t\t\t\t\t\t\t\t\t\t\t\t\t\t<img decoding=\"async\" src=\"https:\/\/sha-luzern.ch\/wp-content\/uploads\/Nitschke.png\" \/>\n\t\t\t\t\t\t\t\t\t<\/div>\n\t<\/div>\n\n\t<div class=\"card_entry__content-wrap\">\n\t\t\t\t\t<div class=\"card-entry__heading\">\n\t<div class=\"card-entry__heading-inner\">\n\n\n\t\t\t\n\t\t\t\n\t\t\t\n\t\t\t\t\t\t\t<h3 class=\"card-entry__headline person-name \">\n\t\t\t\t\t<span class=\"name-first\">Babette <\/span><span class=\"name-last\">Nitschke<\/span>\n\t\t\t\t<\/h3>\n\t\t\t\n\t\t\t\t\t\t\t<span class=\"card-entry__subheadline person-job \">\n\t\t\t\t\tAssist\u00eancia \u00e0 equipa | Rece\u00e7\u00e3o\n\t\t\t\t<\/span>\n\t\t\t\n\t\t\n\t<\/div>\n<\/div>\n\t\t\t\t\t\t\t\t<div class=\"card-entry__content content-type-default\">\n\t\t<div class=\"card-entry__content-inner\">\n\t\t\t<p class=\"card-entry__contents\">\n\t\t\t\t\t\t\t\t\t\t\t\t\t\t\t\t\t\t\t\t\t\t<span class=\"content-phone\"><span class=\"contact-pre\">T<\/span> <a href=\"tel:+492314420200\">+49 (231) 44 20 20 0<\/a><\/span>\n\t\t\t\t\t\t\t\t\t\t\t\t\t\t\t\t\t\t\t\t\t\t\t\t<span class=\"content-mail\"><br\/><span class=\"contact-pre\">E<\/span>  <a href=\"javascript:secureDecryptAndNavigate('zjXheDDoWJ1usr0wTdPsm+uR\/o1uZnJW+0KVuWHnOypw8TZyy7PqM+FyK7bs4qwqMT9rRiKaL7MAPkWr2Cjp01pvHDRU7F63', '7fb6b0a631c756e2798c0419dd401ac6392a180022e45865affe1bd81a905598')\">b.nitschke@sha.de<\/a><\/span>\n\t\t\t\t\t\t\t\t\t\t\t\t\t\t\t\t\t\t<\/p>\n\t\t<\/div>\n\t<\/div>\n\t\t\t<\/div>\n\n\t<\/div>\n<\/article>\n\t\t\t\t\t\t\t<\/div>\n\t\t\t\t\t\t\t<div id=\"team-popup-37045\" class=\"popup person-popup  person-popup-small popup-wrap bg-alternate fullwidth p-default mfp-hide\">\n\t<div class=\"popup-column popup-column-person card-entry person-entry bg-main flex_column  av_one_half first\">\n\t\t<article id=\"\" class=\"   text-align-     \">\n\t<div class=\"card-entry__inner\">\n\t\t\n\t<div class=\"card-entry__media media-type-\">\n\t\t<div class=\"card-entry__media-inner\">\n\t\t\t\t\t\t\t<img decoding=\"async\" src=\"https:\/\/sha-luzern.ch\/wp-content\/uploads\/Nitschke.png\" \/>\n\t\t\t\t\t<\/div>\n\t<\/div>\n\n\t<div class=\"card_entry__content-wrap\">\n\t\t\t\t\t<div class=\"card-entry__heading\">\n\t<div class=\"card-entry__heading-inner\">\n\n\n\t\t\t\n\t\t\t\n\t\t\t\n\t\t\t\t\t\t\t<h3 class=\"card-entry__headline person-name \">\n\t\t\t\t\t<span class=\"name-first\">Babette <\/span><span class=\"name-last\">Nitschke<\/span>\n\t\t\t\t<\/h3>\n\t\t\t\n\t\t\t\t\t\t\t<span class=\"card-entry__subheadline person-job \">\n\t\t\t\t\tAssist\u00eancia \u00e0 equipa | Rece\u00e7\u00e3o\n\t\t\t\t<\/span>\n\t\t\t\n\t\t\n\t<\/div>\n<\/div>\n\t\t\n\n\t\t\t\t\t<div class=\"card-entry__content content-type-default\">\n\t\t\t\t<div class=\"card-entry__content-inner\">\n\t\t\t\t\t<h3 class=\"popup-headline\">Foco na SHA<\/h3>\n\t\t\t\t\t<p class=\"card-entry__contents desc\">\n\t\t\t\t\t\tBabette Nitschke \u00e9 respons\u00e1vel pelo secretariado e pela rece\u00e7\u00e3o desde 2024 e organiza a vida quotidiana do escrit\u00f3rio para n\u00f3s.\nTer\u00e1 todo o gosto em p\u00f4-lo em contacto com a pessoa certa para o seu projeto de constru\u00e7\u00e3o.\nLigue-nos!  \n\t\t\t\t\t<\/p>\n\t\t\t\t<\/div>\n\t\t\t<\/div>\n\t\t\n\t<\/div>\n\n\t<\/div>\n<\/article>\n\t<\/div>\n\n\t<div class=\"popup-columns-wrap flex_column  av_one_half\">\n\t\t<div class=\"popup-column popup-column-career flex_column  av_one_full first bg-alternate\">\n\t\t\t<h2 class=\"popup-headline\">Carreira<\/h2>\n\t\t\t<ul class=\"popup-list popup-list-career\">\n\t\t\t\t\t\t\t\t\t\t\t\t\t\t\t\t\t\t\t\t\t\t<li class=\"popup-list__headline popup-list__headline-career\">\n\t\t\t\t\t\t\t\t<span class=\"popup-point popup-point--career headline\">Trabalho<\/span>\n\t\t\t\t\t\t\t<\/li>\n\t\t\t\t\t\t\t\t\t\t\t\t\t\t\t\t\t\t\t\t\t\t\t\t<li class=\"popup-list__item popup-list__item-career\">\n\t\t\t\t\t\t\t\t<span class=\"popup-point popup-point--career timespan\">desde 2024<\/span>\n\t\t\t\t\t\t\t\t<span class=\"popup-point popup-point--career point\">SHA Scheffler Helbich Architekten GmbH<\/span>\n\t\t\t\t\t\t\t<\/li>\n\t\t\t\t\t\t\t\t\t\t\t\t\t\t\t\t\t\t\t\t\t\t\t\t<li class=\"popup-list__item popup-list__item-career\">\n\t\t\t\t\t\t\t\t<span class=\"popup-point popup-point--career timespan\">2021 - 2023<\/span>\n\t\t\t\t\t\t\t\t<span class=\"popup-point popup-point--career point\">desenvolvimento do projeto bcs-care, Witten<\/span>\n\t\t\t\t\t\t\t<\/li>\n\t\t\t\t\t\t\t\t\t\t\t\t\t\t\t\t\t\t\t\t\t\t\t\t<li class=\"popup-list__item popup-list__item-career\">\n\t\t\t\t\t\t\t\t<span class=\"popup-point popup-point--career timespan\">2020 - 2021<\/span>\n\t\t\t\t\t\t\t\t<span class=\"popup-point popup-point--career point\">Protremo, Sprockh\u00f6vel<\/span>\n\t\t\t\t\t\t\t<\/li>\n\t\t\t\t\t\t\t\t\t\t\t\t\t\t\t\t\t\t\t\t\t\t\t\t<li class=\"popup-list__item popup-list__item-career\">\n\t\t\t\t\t\t\t\t<span class=\"popup-point popup-point--career timespan\">2018 - 2019<\/span>\n\t\t\t\t\t\t\t\t<span class=\"popup-point popup-point--career point\">Ideias para quartos Christoph Oberste, Iserlohn<\/span>\n\t\t\t\t\t\t\t<\/li>\n\t\t\t\t\t\t\t\t\t\t\t\t\t\t\t\t\t\t\t\t\t\t\t\t<li class=\"popup-list__item popup-list__item-career\">\n\t\t\t\t\t\t\t\t<span class=\"popup-point popup-point--career timespan\">2008 - 2017<\/span>\n\t\t\t\t\t\t\t\t<span class=\"popup-point popup-point--career point\">Tengelmann Energie, M\u00fclheim a.d. Ruhr<\/span>\n\t\t\t\t\t\t\t<\/li>\n\t\t\t\t\t\t\t\t\t\t\t\t\t\t\t\t\t\t\t\t\t\t\t\t<li class=\"popup-list__item popup-list__item-career\">\n\t\t\t\t\t\t\t\t<span class=\"popup-point popup-point--career timespan\">1999 - 2008<\/span>\n\t\t\t\t\t\t\t\t<span class=\"popup-point popup-point--career point\">Grupo Tengelmann, M\u00fclheim a.d. Ruhr<\/span>\n\t\t\t\t\t\t\t<\/li>\n\t\t\t\t\t\t\t\t\t\t\t\t\t\t\t\t\t\t<\/ul>\n\t\t<\/div>\n\t\t\t<\/div>\n<\/div>\n\n\t\t\t\t\t\t\t\n\t\t\t\t\t\t\t\t\t\t\t\t\t\t\n\t\t\t\t\t\t\t\t\t\t\t\t\t<div class=\"flex_column av_one_third bg-alternate teamgrid-column  column-top-margin\">\n\t\t\t\t\t\t\t\t<article id=\"\" class=\"card-entry person-entry   text-align-left     has-button \">\n\t<div class=\"card-entry__inner\">\n\t\t\n\t<div class=\"card-entry__media media-type-\">\n\t\t<div class=\"card-entry__media-inner\">\n\t\t\t\t\t\t\t<div class=\"card-entry__action\">\n\t<div class=\"card-entry__action-inner\">\n\t\t<div class=\"card-entry__button-wrap avia-button-wrap avia-button-right theme-fill\">\n\t\t\t\t\t\t\t<a class=\"card-entry__button avia-button avia-button color-ci-black hover-yellow avia-size-small popup-toggle avia-position-right no-scroll\" href=\"#team-popup-37388\">\n\t\t\t\t\t<span class=\"button-icon\"><i class=\"icon-arrow_next\"><\/i><\/span><span class=\"button-text\">Saiba mais<\/span>\n\t\t\t\t<\/a>\n\t\t\t\t\t<\/div>\n\t<\/div>\n<\/div>\n\t\t\t\t\t\t\t\t\t\t\t\t\t\t\t<img decoding=\"async\" src=\"https:\/\/sha-luzern.ch\/wp-content\/uploads\/706x313-Team-Wittrien2-706x313.jpg\" \/>\n\t\t\t\t\t\t\t\t\t<\/div>\n\t<\/div>\n\n\t<div class=\"card_entry__content-wrap\">\n\t\t\t\t\t<div class=\"card-entry__heading\">\n\t<div class=\"card-entry__heading-inner\">\n\n\n\t\t\t\n\t\t\t\n\t\t\t\n\t\t\t\t\t\t\t<h3 class=\"card-entry__headline person-name \">\n\t\t\t\t\t<span class=\"name-first\">Sabine <\/span><span class=\"name-last\">Wittrien<\/span>\n\t\t\t\t<\/h3>\n\t\t\t\n\t\t\t\t\t\t\t<span class=\"card-entry__subheadline person-job \">\n\t\t\t\t\tAssist\u00eancia \u00e0 equipa | Rece\u00e7\u00e3o\n\t\t\t\t<\/span>\n\t\t\t\n\t\t\n\t<\/div>\n<\/div>\n\t\t\t\t\t\t\t\t<div class=\"card-entry__content content-type-default\">\n\t\t<div class=\"card-entry__content-inner\">\n\t\t\t<p class=\"card-entry__contents\">\n\t\t\t\t\t\t\t\t\t\t\t\t\t\t\t\t\t\t\t\t\t\t<span class=\"content-phone\"><span class=\"contact-pre\">T<\/span> <a href=\"tel:+492314420200\">+49 (231) 44 20 20 0<\/a><\/span>\n\t\t\t\t\t\t\t\t\t\t\t\t\t\t\t\t\t\t\t\t\t\t\t\t<span class=\"content-mail\"><br\/><span class=\"contact-pre\">E<\/span>  <a href=\"javascript:secureDecryptAndNavigate('VVsHihkr0xBUwyWqHH440fBDnipOHu0ss63mFEQLrwq6xP4e6LgNPAmUQf68lU0umdhNmfDYwEoDtGOZZt1CJ\/LMo+bTWvI1', '7fb6b0a631c756e2798c0419dd401ac6392a180022e45865affe1bd81a905598')\">s.wittrien@sha.de<\/a><\/span>\n\t\t\t\t\t\t\t\t\t\t\t\t\t\t\t\t\t\t<\/p>\n\t\t<\/div>\n\t<\/div>\n\t\t\t<\/div>\n\n\t<\/div>\n<\/article>\n\t\t\t\t\t\t\t<\/div>\n\t\t\t\t\t\t\t<div id=\"team-popup-37388\" class=\"popup person-popup  person-popup-small popup-wrap bg-alternate fullwidth p-default mfp-hide\">\n\t<div class=\"popup-column popup-column-person card-entry person-entry bg-main flex_column  av_one_half first\">\n\t\t<article id=\"\" class=\"   text-align-     \">\n\t<div class=\"card-entry__inner\">\n\t\t\n\t<div class=\"card-entry__media media-type-\">\n\t\t<div class=\"card-entry__media-inner\">\n\t\t\t\t\t\t\t<img decoding=\"async\" src=\"https:\/\/sha-luzern.ch\/wp-content\/uploads\/706x313-Team-Wittrien2-706x313.jpg\" \/>\n\t\t\t\t\t<\/div>\n\t<\/div>\n\n\t<div class=\"card_entry__content-wrap\">\n\t\t\t\t\t<div class=\"card-entry__heading\">\n\t<div class=\"card-entry__heading-inner\">\n\n\n\t\t\t\n\t\t\t\n\t\t\t\n\t\t\t\t\t\t\t<h3 class=\"card-entry__headline person-name \">\n\t\t\t\t\t<span class=\"name-first\">Sabine <\/span><span class=\"name-last\">Wittrien<\/span>\n\t\t\t\t<\/h3>\n\t\t\t\n\t\t\t\t\t\t\t<span class=\"card-entry__subheadline person-job \">\n\t\t\t\t\tAssist\u00eancia \u00e0 equipa | Rece\u00e7\u00e3o\n\t\t\t\t<\/span>\n\t\t\t\n\t\t\n\t<\/div>\n<\/div>\n\t\t\n\n\t\t\t\t\t<div class=\"card-entry__content content-type-default\">\n\t\t\t\t<div class=\"card-entry__content-inner\">\n\t\t\t\t\t<h3 class=\"popup-headline\">Foco na SHA<\/h3>\n\t\t\t\t\t<p class=\"card-entry__contents desc\">\n\t\t\t\t\t\tSabine Wittrien \u00e9 respons\u00e1vel pelo secretariado e pela rece\u00e7\u00e3o desde 2009 e organiza a nossa vida quotidiana no escrit\u00f3rio.\nTer\u00e1 todo o gosto em p\u00f4-lo em contacto com a pessoa certa para o seu projeto de constru\u00e7\u00e3o.\nLigue-nos!  \n\t\t\t\t\t<\/p>\n\t\t\t\t<\/div>\n\t\t\t<\/div>\n\t\t\n\t<\/div>\n\n\t<\/div>\n<\/article>\n\t<\/div>\n\n\t<div class=\"popup-columns-wrap flex_column  av_one_half\">\n\t\t<div class=\"popup-column popup-column-career flex_column  av_one_full first bg-alternate\">\n\t\t\t<h2 class=\"popup-headline\">Carreira<\/h2>\n\t\t\t<ul class=\"popup-list popup-list-career\">\n\t\t\t\t\t\t\t\t\t\t\t\t\t\t\t\t\t\t\t\t\t\t<li class=\"popup-list__headline popup-list__headline-career\">\n\t\t\t\t\t\t\t\t<span class=\"popup-point popup-point--career headline\">Trabalho<\/span>\n\t\t\t\t\t\t\t<\/li>\n\t\t\t\t\t\t\t\t\t\t\t\t\t\t\t\t\t\t\t\t\t\t\t\t<li class=\"popup-list__item popup-list__item-career\">\n\t\t\t\t\t\t\t\t<span class=\"popup-point popup-point--career timespan\">desde 2009<\/span>\n\t\t\t\t\t\t\t\t<span class=\"popup-point popup-point--career point\">SHA Scheffler Helbich Architekten GmbH<\/span>\n\t\t\t\t\t\t\t<\/li>\n\t\t\t\t\t\t\t\t\t\t\t\t\t\t\t\t\t\t\t\t\t\t\t\t<li class=\"popup-list__item popup-list__item-career\">\n\t\t\t\t\t\t\t\t<span class=\"popup-point popup-point--career timespan\">1992<\/span>\n\t\t\t\t\t\t\t\t<span class=\"popup-point popup-point--career point\">Continentale Krankenversicherung a.G., Gabinete de Corretagem Frankfurt  <\/span>\n\t\t\t\t\t\t\t<\/li>\n\t\t\t\t\t\t\t\t\t\t\t\t\t\t\t\t\t\t\t\t\t\t\t\t<li class=\"popup-list__item popup-list__item-career\">\n\t\t\t\t\t\t\t\t<span class=\"popup-point popup-point--career timespan\">1991 - 1992<\/span>\n\t\t\t\t\t\t\t\t<span class=\"popup-point popup-point--career point\">Continentale Property Insurance, Dortmund<\/span>\n\t\t\t\t\t\t\t<\/li>\n\t\t\t\t\t\t\t\t\t\t\t\t\t\t\t\t\t\t\t\t\t\t\t\t<li class=\"popup-list__item popup-list__item-career\">\n\t\t\t\t\t\t\t\t<span class=\"popup-point popup-point--career timespan\">1984 - 1990  <\/span>\n\t\t\t\t\t\t\t\t<span class=\"popup-point popup-point--career point\">Continentale Property Insurance, Dortmund<\/span>\n\t\t\t\t\t\t\t<\/li>\n\t\t\t\t\t\t\t\t\t\t\t\t\t\t\t\t\t\t<\/ul>\n\t\t<\/div>\n\t\t\t<\/div>\n<\/div>\n\n\t\t\t\t\t\t\t\n\t\t\t\t\t\t\t\t\t\t\t\t\t\t\n\t\t\t\t\t\t\t\t\t\t\t\t\t<div class=\"flex_column av_one_third bg-alternate teamgrid-column  column-top-margin\">\n\t\t\t\t\t\t\t\t<article id=\"\" class=\"card-entry person-entry   text-align-left     \">\n\t<div class=\"card-entry__inner\">\n\t\t\n\t<div class=\"card-entry__media media-type-\">\n\t\t<div class=\"card-entry__media-inner\">\n\t\t\t\t\t\t\t\t\t\t\t\t\t\t\t<img decoding=\"async\" src=\"https:\/\/sha-luzern.ch\/wp-content\/uploads\/Team-Mocca-706x313-2-706x313.jpg\" \/>\n\t\t\t\t\t\t\t\t\t<\/div>\n\t<\/div>\n\n\t<div class=\"card_entry__content-wrap\">\n\t\t\t\t\t<div class=\"card-entry__heading\">\n\t<div class=\"card-entry__heading-inner\">\n\n\n\t\t\t\n\t\t\t\t\t\t\t<span class=\"card-entry__subheadline card-entry__title person-job \">\n\t\t\t\t\tFiador de boa disposi\u00e7\u00e3o\n\t\t\t\t<\/span>\n\t\t\t\n\t\t\t\n\t\t\t\t\t\t\t<h3 class=\"card-entry__headline person-name \">\n\t\t\t\t\t<span class=\"name-first\">Mocca <\/span>\n\t\t\t\t<\/h3>\n\t\t\t\n\t\t\t\t\t\t\t<span class=\"card-entry__subheadline person-job \">\n\t\t\t\t\tC\u00e3o de escrit\u00f3rio\n\t\t\t\t<\/span>\n\t\t\t\n\t\t\n\t<\/div>\n<\/div>\n\t\t\t\t\t\t\t\t<div class=\"card-entry__content content-type-default\">\n\t\t<div class=\"card-entry__content-inner\">\n\t\t\t<p class=\"card-entry__contents\">\n\t\t\t\t\t\t\t\t\t\t\t\t\t\t\t\t\t\t\t\t\t\t<span class=\"content-phone\"><span class=\"contact-pre\">T<\/span> <a href=\"tel:+492314420200\">+49 (231) 44 20 20 0<\/a><\/span>\n\t\t\t\t\t\t\t\t\t\t\t\t\t\t\t\t\t\t\t\t\t\t\t\t<span class=\"content-mail\"><br\/><span class=\"contact-pre\">E<\/span>  <a href=\"javascript:secureDecryptAndNavigate('DU4mI6FORSp5bEocKpbR3sB5PasTkkVbC\/pVaep785KQ+5WBJzlYeIXeU6UTfz9YSyVTsrHwMC0JO1Od3sOnUnQq', '7fb6b0a631c756e2798c0419dd401ac6392a180022e45865affe1bd81a905598')\">info@sha.de<\/a><\/span>\n\t\t\t\t\t\t\t\t\t\t\t\t\t\t\t\t\t\t<\/p>\n\t\t<\/div>\n\t<\/div>\n\t\t\t<\/div>\n\n\t<\/div>\n<\/article>\n\t\t\t\t\t\t\t<\/div>\n\t\t\t\t\t\t\t<div id=\"team-popup-37375\" class=\"popup person-popup  person-popup-small popup-wrap bg-alternate fullwidth p-default mfp-hide\">\n\t<div class=\"popup-column popup-column-person card-entry person-entry bg-main flex_column  av_one_half first\">\n\t\t<article id=\"\" class=\"   text-align-     \">\n\t<div class=\"card-entry__inner\">\n\t\t\n\t<div class=\"card-entry__media media-type-\">\n\t\t<div class=\"card-entry__media-inner\">\n\t\t\t\t\t\t\t<img decoding=\"async\" src=\"https:\/\/sha-luzern.ch\/wp-content\/uploads\/Team-Mocca-706x313-2-706x313.jpg\" \/>\n\t\t\t\t\t<\/div>\n\t<\/div>\n\n\t<div class=\"card_entry__content-wrap\">\n\t\t\t\t\t<div class=\"card-entry__heading\">\n\t<div class=\"card-entry__heading-inner\">\n\n\n\t\t\t\n\t\t\t\t\t\t\t<span class=\"card-entry__subheadline card-entry__title person-job \">\n\t\t\t\t\tFiador de boa disposi\u00e7\u00e3o\n\t\t\t\t<\/span>\n\t\t\t\n\t\t\t\n\t\t\t\t\t\t\t<h3 class=\"card-entry__headline person-name \">\n\t\t\t\t\t<span class=\"name-first\">Mocca <\/span>\n\t\t\t\t<\/h3>\n\t\t\t\n\t\t\t\t\t\t\t<span class=\"card-entry__subheadline person-job \">\n\t\t\t\t\tC\u00e3o de escrit\u00f3rio\n\t\t\t\t<\/span>\n\t\t\t\n\t\t\n\t<\/div>\n<\/div>\n\t\t\n\n\t\t\t\t\t<div class=\"card-entry__content content-type-default\">\n\t\t\t\t<div class=\"card-entry__content-inner\">\n\t\t\t\t\t<h3 class=\"popup-headline\">Foco na SHA<\/h3>\n\t\t\t\t\t<p class=\"card-entry__contents desc\">\n\t\t\t\t\t\tKatharina Flecke especializou-se em gest\u00e3o de processos de constru\u00e7\u00e3o e gest\u00e3o imobili\u00e1ria durante os seus estudos.\nEst\u00e1 na SHA desde 2019 e trabalha no planeamento, principalmente nas fases de servi\u00e7o 1-5. Atualmente, est\u00e1 a trabalhar no centro desportivo e recreativo Hoeschpark em Dortmund.   \n\t\t\t\t\t<\/p>\n\t\t\t\t<\/div>\n\t\t\t<\/div>\n\t\t\n\t<\/div>\n\n\t<\/div>\n<\/article>\n\t<\/div>\n\n\t<div class=\"popup-columns-wrap flex_column  av_one_half\">\n\t\t<div class=\"popup-column popup-column-career flex_column  av_one_full first bg-alternate\">\n\t\t\t<h2 class=\"popup-headline\">Carreira<\/h2>\n\t\t\t<ul class=\"popup-list popup-list-career\">\n\t\t\t\t\t\t\t\t\t\t\t\t\t\t\t\t\t\t\t\t\t\t<li class=\"popup-list__headline popup-list__headline-career\">\n\t\t\t\t\t\t\t\t<span class=\"popup-point popup-point--career headline\">Trabalho<\/span>\n\t\t\t\t\t\t\t<\/li>\n\t\t\t\t\t\t\t\t\t\t\t\t\t\t\t\t\t\t\t\t\t\t\t\t<li class=\"popup-list__item popup-list__item-career\">\n\t\t\t\t\t\t\t\t<span class=\"popup-point popup-point--career timespan\">desde 2019<\/span>\n\t\t\t\t\t\t\t\t<span class=\"popup-point popup-point--career point\">SHA Scheffler Helbich Architekten GmbH<\/span>\n\t\t\t\t\t\t\t<\/li>\n\t\t\t\t\t\t\t\t\t\t\t\t\t\t\t\t\t\t\t\t\t\t\t\t<li class=\"popup-list__item popup-list__item-career\">\n\t\t\t\t\t\t\t\t<span class=\"popup-point popup-point--career timespan\">2013 - 2019<\/span>\n\t\t\t\t\t\t\t\t<span class=\"popup-point popup-point--career point\">bertbielefeld&partner<\/span>\n\t\t\t\t\t\t\t<\/li>\n\t\t\t\t\t\t\t\t\t\t\t\t\t\t\t\t\t\t\t\t\t\t\t\t<li class=\"popup-list__item popup-list__item-career\">\n\t\t\t\t\t\t\t\t<span class=\"popup-point popup-point--career timespan\">2015<\/span>\n\t\t\t\t\t\t\t\t<span class=\"popup-point popup-point--career point\">Assistente de estudante e tutor, Universidade de Ci\u00eancias Aplicadas e Artes de Dortmund  <\/span>\n\t\t\t\t\t\t\t<\/li>\n\t\t\t\t\t\t\t\t\t\t\t\t\t\t\t\t\t\t\t\t\t\t\t\t<li class=\"popup-list__headline popup-list__headline-career\">\n\t\t\t\t\t\t\t\t<span class=\"popup-point popup-point--career headline\">Estudo e forma\u00e7\u00e3o<\/span>\n\t\t\t\t\t\t\t<\/li>\n\t\t\t\t\t\t\t\t\t\t\t\t\t\t\t\t\t\t\t\t\t\t\t\t<li class=\"popup-list__item popup-list__item-career\">\n\t\t\t\t\t\t\t\t<span class=\"popup-point popup-point--career timespan\">2016 - 2019<\/span>\n\t\t\t\t\t\t\t\t<span class=\"popup-point popup-point--career point\">Mestrado em Gest\u00e3o de Processos de Constru\u00e7\u00e3o e Gest\u00e3o Imobili\u00e1ria, Universidade TU Dortmund<\/span>\n\t\t\t\t\t\t\t<\/li>\n\t\t\t\t\t\t\t\t\t\t\t\t\t\t\t\t\t\t\t\t\t\t\t\t<li class=\"popup-list__item popup-list__item-career\">\n\t\t\t\t\t\t\t\t<span class=\"popup-point popup-point--career timespan\">2012 - 2016<\/span>\n\t\t\t\t\t\t\t\t<span class=\"popup-point popup-point--career point\">Licenciatura em Arquitetura, Universidade de Ci\u00eancias Aplicadas e Artes de Dortmund<\/span>\n\t\t\t\t\t\t\t<\/li>\n\t\t\t\t\t\t\t\t\t\t\t\t\t\t\t\t\t\t<\/ul>\n\t\t<\/div>\n\t\t\t<\/div>\n<\/div>\n\n\t\t\t\t\t\t\t\t\t\t\t\t\t\t\t\t\t\t\t\t\t\t<div class=\"career-card grey flex_column av_one_third first column-top-margin\">\n\t\t\t\t\t\t\t\t\t<div class=\"career-card__inner\">\n\t\t\t\t\t\t\t\t\t\t<div class=\"career-card__content h2-h1\">\n\t\t\t\t\t\t\t\t\t\t\t<h2>Os nossos colegas.<\/h2>\n\t\t\t\t\t\t\t\t\t\t\t<h3 class=\"\">Conhe\u00e7a-nos melhor!<\/h3><br\/>\n\t\t\t\t\t\t\t\t\t\t<\/div>\n\t\t\t\t\t\t\t\t\t\t<div class=\"career-card__button\">\n\t\t\t\t\t\t\t\t\t\t\t<div class=\"card-entry__button-wrap avia-button-wrap avia-button- theme-fill\">\n\t\t\t\t\t\t\t\t\t\t\t\t<a class=\"card-entry__button avia-button avia-button color-ci-black hover-white avia-size-medium avia-position-right\" href=\"\/buero\/unser-team\">\n\t\t\t\t\t\t\t\t\t\t\t\t\t<span class=\"button-icon\"><span class=\"button-text\">A equipa SHA<\/span>\n\t\t\t\t\t\t\t\t\t\t\t\t<\/a>\n\t\t\t\t\t\t\t\t\t\t\t<\/div>\n\t\t\t\t\t\t\t\t\t\t<\/div>\n\t\t\t\t\t\t\t\t\t<\/div>\n\t\t\t\t\t\t\t\t<\/div>\n\t\t\t\t\t\t\t\n\t\t\t\t\t\t\t\t\t\t\t\t\t\t\t\t\t\t\t\t\t\t\t\t\t\t\t\t\t\t\t\t\t\t\t\t\t\t<div class=\"career-card flex_column av_one_third first column-top-margin\">\n\t\t\t\t\t\t\t\t\t<div class=\"career-card__inner\">\n\t\t\t\t\t\t\t\t\t\t<div class=\"career-card__content h2-h1\">\n\t\t\t\t\t\t\t\t\t\t\t<h2><br> Procura-se um jogador de equipa.<\/h2>\n\t\t\t\t\t\t\t\t\t\t\t<h3 class=\"\">Gostaria de participar?  <br>  Ent\u00e3o, torne-se parte de n\u00f3s.<\/h3><br\/>\n\t\t\t\t\t\t\t\t\t\t<\/div>\n\t\t\t\t\t\t\t\t\t\t<div class=\"career-card__button\">\n\t\t\t\t\t\t\t\t\t\t\t<div class=\"card-entry__button-wrap avia-button-wrap avia-button- theme-fill\">\n\t\t\t\t\t\t\t\t\t\t\t\t<a class=\"card-entry__button avia-button avia-button color-ci-black hover-white avia-size-medium avia-position-right\" href=\"https:\/\/sha-luzern.ch\/karriere\/stellenangebote\">\n\t\t\t\t\t\t\t\t\t\t\t\t\t<span class=\"button-icon \"><span class=\"button-text\">An\u00fancios de emprego<\/span>\n\t\t\t\t\t\t\t\t\t\t\t\t<\/a>\n\t\t\t\t\t\t\t\t\t\t\t<\/div>\n\t\t\t\t\t\t\t\t\t\t<\/div>\n\t\t\t\t\t\t\t\t\t<\/div>\n\t\t\t\t\t\t\t\t<\/div>\n\t\t\t\t\t\t\t\n\t\t\t\t\t\t\t\t\t\t\t\t\t<\/div>\n\t\t<\/div>\n\t<\/div>\n\n\n<\/div><\/div><\/main><!-- close content main element --><\/div><\/div><div id='av_section_2' class='avia-section main_color pt-default pb-default avia-no-border-styling avia-bg-style-scroll  avia-builder-el-4  el_after_av_section  avia-builder-el-last   container_wrap fullsize' style=' '  ><div class='container' ><div class='template-page content  av-content-full alpha units'><div class='post-entry post-entry-type-page post-entry-39172'><div class='entry-content-wrapper clearfix'><\/p>\n","protected":false},"excerpt":{"rendered":"","protected":false},"author":1,"featured_media":0,"parent":30205,"menu_order":4,"comment_status":"closed","ping_status":"closed","template":"","meta":{"_acf_changed":false,"content-type":"","footnotes":""},"class_list":["post-39172","page","type-page","status-publish","hentry"],"acf":[],"yoast_head":"<!-- This site is optimized with the Yoast SEO plugin v26.1.1 - https:\/\/yoast.com\/wordpress\/plugins\/seo\/ -->\n<title>A nossa equipa | SHA Scheffler Helbich Architekten GmbH<\/title>\n<meta name=\"description\" content=\"A nossa equipa de gestores de projeto, arquitectos, gestores de obra e planeadores aguarda com expetativa o seu pedido de informa\u00e7\u00e3o e ter\u00e1 todo o prazer em responder a quaisquer quest\u00f5es que possa ter.\" \/>\n<meta name=\"robots\" content=\"index, follow, max-snippet:-1, max-image-preview:large, max-video-preview:-1\" \/>\n<link rel=\"canonical\" href=\"https:\/\/sha-luzern.ch\/pt-pt\/o-nosso-escritorio\/a-nossa-equipa\" \/>\n<meta property=\"og:locale\" content=\"pt_PT\" \/>\n<meta property=\"og:type\" content=\"article\" \/>\n<meta property=\"og:title\" content=\"A nossa equipa | SHA Scheffler Helbich Architekten GmbH\" \/>\n<meta property=\"og:description\" content=\"A nossa equipa de gestores de projeto, arquitectos, gestores de obra e planeadores aguarda com expetativa o seu pedido de informa\u00e7\u00e3o e ter\u00e1 todo o prazer em responder a quaisquer quest\u00f5es que possa ter.\" \/>\n<meta property=\"og:url\" content=\"https:\/\/sha-luzern.ch\/pt-pt\/o-nosso-escritorio\/a-nossa-equipa\" \/>\n<meta property=\"og:site_name\" content=\"SHA Scheffler Helbich Architekten GmbH\" \/>\n<meta property=\"article:modified_time\" content=\"2024-08-29T11:15:07+00:00\" \/>\n<meta name=\"twitter:card\" content=\"summary_large_image\" \/>\n<meta name=\"twitter:label1\" content=\"Tempo estimado de leitura\" \/>\n\t<meta name=\"twitter:data1\" content=\"2 minutos\" \/>\n<script type=\"application\/ld+json\" class=\"yoast-schema-graph\">{\"@context\":\"https:\/\/schema.org\",\"@graph\":[{\"@type\":\"WebPage\",\"@id\":\"https:\/\/sha-luzern.ch\/pt-pt\/o-nosso-escritorio\/a-nossa-equipa\",\"url\":\"https:\/\/sha-luzern.ch\/pt-pt\/o-nosso-escritorio\/a-nossa-equipa\",\"name\":\"A nossa equipa | SHA Scheffler Helbich Architekten GmbH\",\"isPartOf\":{\"@id\":\"https:\/\/sha-luzern.ch\/pt-pt#website\"},\"datePublished\":\"2019-12-17T12:24:44+00:00\",\"dateModified\":\"2024-08-29T11:15:07+00:00\",\"description\":\"A nossa equipa de gestores de projeto, arquitectos, gestores de obra e planeadores aguarda com expetativa o seu pedido de informa\u00e7\u00e3o e ter\u00e1 todo o prazer em responder a quaisquer quest\u00f5es que possa ter.\",\"breadcrumb\":{\"@id\":\"https:\/\/sha-luzern.ch\/pt-pt\/o-nosso-escritorio\/a-nossa-equipa#breadcrumb\"},\"inLanguage\":\"pt-PT\",\"potentialAction\":[{\"@type\":\"ReadAction\",\"target\":[\"https:\/\/sha-luzern.ch\/pt-pt\/o-nosso-escritorio\/a-nossa-equipa\"]}]},{\"@type\":\"BreadcrumbList\",\"@id\":\"https:\/\/sha-luzern.ch\/pt-pt\/o-nosso-escritorio\/a-nossa-equipa#breadcrumb\",\"itemListElement\":[{\"@type\":\"ListItem\",\"position\":1,\"name\":\"Startseite\",\"item\":\"https:\/\/sha-luzern.ch\/pt-pt\/inicio\"},{\"@type\":\"ListItem\",\"position\":2,\"name\":\"O nosso escrit\u00f3rio\",\"item\":\"https:\/\/sha-luzern.ch\/pt-pt\/o-nosso-escritorio\"},{\"@type\":\"ListItem\",\"position\":3,\"name\":\"A nossa equipa\"}]},{\"@type\":\"WebSite\",\"@id\":\"https:\/\/sha-luzern.ch\/pt-pt#website\",\"url\":\"https:\/\/sha-luzern.ch\/pt-pt\",\"name\":\"SHA Scheffler Helbich Architekten GmbH\",\"description\":\"\",\"potentialAction\":[{\"@type\":\"SearchAction\",\"target\":{\"@type\":\"EntryPoint\",\"urlTemplate\":\"https:\/\/sha-luzern.ch\/pt-pt?s={search_term_string}\"},\"query-input\":{\"@type\":\"PropertyValueSpecification\",\"valueRequired\":true,\"valueName\":\"search_term_string\"}}],\"inLanguage\":\"pt-PT\"}]}<\/script>\n<!-- \/ Yoast SEO plugin. -->","yoast_head_json":{"title":"A nossa equipa | SHA Scheffler Helbich Architekten GmbH","description":"A nossa equipa de gestores de projeto, arquitectos, gestores de obra e planeadores aguarda com expetativa o seu pedido de informa\u00e7\u00e3o e ter\u00e1 todo o prazer em responder a quaisquer quest\u00f5es que possa ter.","robots":{"index":"index","follow":"follow","max-snippet":"max-snippet:-1","max-image-preview":"max-image-preview:large","max-video-preview":"max-video-preview:-1"},"canonical":"https:\/\/sha-luzern.ch\/pt-pt\/o-nosso-escritorio\/a-nossa-equipa","og_locale":"pt_PT","og_type":"article","og_title":"A nossa equipa | SHA Scheffler Helbich Architekten GmbH","og_description":"A nossa equipa de gestores de projeto, arquitectos, gestores de obra e planeadores aguarda com expetativa o seu pedido de informa\u00e7\u00e3o e ter\u00e1 todo o prazer em responder a quaisquer quest\u00f5es que possa ter.","og_url":"https:\/\/sha-luzern.ch\/pt-pt\/o-nosso-escritorio\/a-nossa-equipa","og_site_name":"SHA Scheffler Helbich Architekten GmbH","article_modified_time":"2024-08-29T11:15:07+00:00","twitter_card":"summary_large_image","twitter_misc":{"Tempo estimado de leitura":"2 minutos"},"schema":{"@context":"https:\/\/schema.org","@graph":[{"@type":"WebPage","@id":"https:\/\/sha-luzern.ch\/pt-pt\/o-nosso-escritorio\/a-nossa-equipa","url":"https:\/\/sha-luzern.ch\/pt-pt\/o-nosso-escritorio\/a-nossa-equipa","name":"A nossa equipa | SHA Scheffler Helbich Architekten GmbH","isPartOf":{"@id":"https:\/\/sha-luzern.ch\/pt-pt#website"},"datePublished":"2019-12-17T12:24:44+00:00","dateModified":"2024-08-29T11:15:07+00:00","description":"A nossa equipa de gestores de projeto, arquitectos, gestores de obra e planeadores aguarda com expetativa o seu pedido de informa\u00e7\u00e3o e ter\u00e1 todo o prazer em responder a quaisquer quest\u00f5es que possa ter.","breadcrumb":{"@id":"https:\/\/sha-luzern.ch\/pt-pt\/o-nosso-escritorio\/a-nossa-equipa#breadcrumb"},"inLanguage":"pt-PT","potentialAction":[{"@type":"ReadAction","target":["https:\/\/sha-luzern.ch\/pt-pt\/o-nosso-escritorio\/a-nossa-equipa"]}]},{"@type":"BreadcrumbList","@id":"https:\/\/sha-luzern.ch\/pt-pt\/o-nosso-escritorio\/a-nossa-equipa#breadcrumb","itemListElement":[{"@type":"ListItem","position":1,"name":"Startseite","item":"https:\/\/sha-luzern.ch\/pt-pt\/inicio"},{"@type":"ListItem","position":2,"name":"O nosso escrit\u00f3rio","item":"https:\/\/sha-luzern.ch\/pt-pt\/o-nosso-escritorio"},{"@type":"ListItem","position":3,"name":"A nossa equipa"}]},{"@type":"WebSite","@id":"https:\/\/sha-luzern.ch\/pt-pt#website","url":"https:\/\/sha-luzern.ch\/pt-pt","name":"SHA Scheffler Helbich Architekten GmbH","description":"","potentialAction":[{"@type":"SearchAction","target":{"@type":"EntryPoint","urlTemplate":"https:\/\/sha-luzern.ch\/pt-pt?s={search_term_string}"},"query-input":{"@type":"PropertyValueSpecification","valueRequired":true,"valueName":"search_term_string"}}],"inLanguage":"pt-PT"}]}},"_links":{"self":[{"href":"https:\/\/sha-luzern.ch\/pt-pt\/wp-json\/wp\/v2\/pages\/39172","targetHints":{"allow":["GET"]}}],"collection":[{"href":"https:\/\/sha-luzern.ch\/pt-pt\/wp-json\/wp\/v2\/pages"}],"about":[{"href":"https:\/\/sha-luzern.ch\/pt-pt\/wp-json\/wp\/v2\/types\/page"}],"author":[{"embeddable":true,"href":"https:\/\/sha-luzern.ch\/pt-pt\/wp-json\/wp\/v2\/users\/1"}],"replies":[{"embeddable":true,"href":"https:\/\/sha-luzern.ch\/pt-pt\/wp-json\/wp\/v2\/comments?post=39172"}],"version-history":[{"count":18,"href":"https:\/\/sha-luzern.ch\/pt-pt\/wp-json\/wp\/v2\/pages\/39172\/revisions"}],"predecessor-version":[{"id":42866,"href":"https:\/\/sha-luzern.ch\/pt-pt\/wp-json\/wp\/v2\/pages\/39172\/revisions\/42866"}],"up":[{"embeddable":true,"href":"https:\/\/sha-luzern.ch\/pt-pt\/wp-json\/wp\/v2\/pages\/30205"}],"wp:attachment":[{"href":"https:\/\/sha-luzern.ch\/pt-pt\/wp-json\/wp\/v2\/media?parent=39172"}],"curies":[{"name":"wp","href":"https:\/\/api.w.org\/{rel}","templated":true}]}}